{"id":9035,"date":"2024-09-22T17:38:03","date_gmt":"2024-09-22T15:38:03","guid":{"rendered":"https:\/\/charente.catholique.fr\/sud-charente\/?post_type=paroisse&#038;p=9035"},"modified":"2025-11-11T18:31:22","modified_gmt":"2025-11-11T17:31:22","slug":"cate","status":"publish","type":"paroisse","link":"https:\/\/charente.catholique.fr\/sud-charente\/paroisses\/aubeterre-chalais-brossac\/cate\/","title":{"rendered":"Cat\u00e9"},"content":{"rendered":"\n<p>Des rencontres de cat\u00e9chismes pour les enfants de maternelle (\u00e9veil \u00e0 la foi) et de primaire sont propos\u00e9es \u00e0 l&#8217;\u00e9cole Castel-Marie. <\/p>\n\n\n\n<p>Ces rencontres sont ouvertes \u00e0 tous les enfants de la paroisse, de Brossac \u00e0 Aubeterre et Saint S\u00e9verin, scolaris\u00e9s dans les \u00e9tablissements publics et priv\u00e9s.<\/p>\n\n\n\n<p>Ces rencontres ont lieu le vendredi en fin d&#8217;apr\u00e8s-midi, permettant \u00e0 tous les enfants qui le souhaitent de participer.<\/p>\n\n\n\n<p>Renseignement : Isabelle Quiviger, <a href=\"https:\/\/www.google.com\/search?client=firefox-b-d&amp;q=ecole+castel+marie+chalais#\">09 65 24 24 69<\/a><\/p>\n\n\n\n<p>Messe de rentr\u00e9e dimanche 28 septembre.<\/p>\n\n\n\n<figure class=\"wp-block-table\"><table class=\"has-fixed-layout\"><tbody><tr><td><strong>Date de la s\u00e9ance<\/strong><\/td><td><strong>Date de la messe des familles<\/strong><\/td><\/tr><tr><td>Vendredi 10 octobre<\/td><td>Dimanche 12 octobre<\/td><\/tr><tr><td>Vendredi 17 octobre<\/td><td>&nbsp;<\/td><\/tr><tr><td>Vendredi 7 novembre<\/td><td>Dimanche 9 novembre<\/td><\/tr><tr><td>Vendredi 21 novembre<\/td><td>&nbsp;<\/td><\/tr><tr><td>Jeudi 4 d\u00e9cembre<\/td><td>&nbsp;<\/td><\/tr><tr><td>Vendredi 12 d\u00e9cembre<\/td><td>Dimanche 14 d\u00e9cembre<\/td><\/tr><tr><td>Vendredi 9 janvier<\/td><td>Dimanche 11 janvier<\/td><\/tr><tr><td>Vendredi 30 janvier<\/td><td>&nbsp;<\/td><\/tr><tr><td>Vendredi 6 f\u00e9vrier<\/td><td>Dimanche 8 f\u00e9vrier<\/td><\/tr><tr><td>Vendredi 27 f\u00e9vrier<\/td><td>&nbsp;<\/td><\/tr><tr><td>Vendredi 6 mars<\/td><td>Dimanche 8 mars<\/td><\/tr><tr><td>Vendredi 27 mars<\/td><td>&nbsp;<\/td><\/tr><tr><td>Vendredi 3 avril<\/td><td>Dimanche 12 avril<\/td><\/tr><tr><td>Vendredi 24 avril<\/td><td>&nbsp;<\/td><\/tr><tr><td>Jeudi 7 mai<\/td><td>Dimanche 10 mai<\/td><\/tr><tr><td>Vendredi 22 mai<\/td><td>&nbsp;<\/td><\/tr><tr><td>Vendredi 5 juin<\/td><td>&nbsp;<\/td><\/tr><tr><td>Vendredi 12 juin<\/td><td>Dimanche 14 juin<\/td><\/tr><\/tbody><\/table><\/figure>\n\n\n\n<p>Journ\u00e9e en paroisse&nbsp;:<\/p>\n\n\n\n<p>-samedi 7 mars&nbsp;: journ\u00e9e du pardon<\/p>\n\n\n\n<p>-samedi 25 avril&nbsp;: journ\u00e9e de pr\u00e9paration des premi\u00e8res communions<\/p>\n\n\n\n<p>Les premi\u00e8res communions auront lieu le dimanche 7 juin 2026.<\/p>\n","protected":false},"author":4,"featured_media":4301,"parent":8,"menu_order":9,"template":"","meta":{"_acf_changed":false,"paroisse":["16"],"service":[],"footnotes":""},"class_list":["post-9035","paroisse","type-paroisse","status-publish","has-post-thumbnail","hentry"],"acf":[],"yoast_head":"<!-- This site is optimized with the Yoast SEO plugin v27.1.1 - https:\/\/yoast.com\/product\/yoast-seo-wordpress\/ -->\n<title>Cat\u00e9 - Doyenn\u00e9 Sud Charente<\/title>\n<meta name=\"robots\" content=\"index, follow, max-snippet:-1, max-image-preview:large, max-video-preview:-1\" \/>\n<link rel=\"canonical\" href=\"https:\/\/charente.catholique.fr\/sud-charente\/paroisses\/aubeterre-chalais-brossac\/cate\/\" \/>\n<meta property=\"og:locale\" content=\"fr_FR\" \/>\n<meta property=\"og:type\" content=\"article\" \/>\n<meta property=\"og:title\" content=\"Cat\u00e9 - Doyenn\u00e9 Sud Charente\" \/>\n<meta property=\"og:description\" content=\"Des rencontres de cat\u00e9chismes pour les enfants de maternelle (\u00e9veil \u00e0 la foi) et de primaire sont propos\u00e9es \u00e0 l&#8217;\u00e9cole Castel-Marie. Ces rencontres sont ouvertes \u00e0 tous les enfants de la paroisse, de Brossac \u00e0 Aubeterre et Saint S\u00e9verin, scolaris\u00e9s dans les \u00e9tablissements publics et priv\u00e9s. Ces rencontres ont lieu le vendredi en fin d&#8217;apr\u00e8s-midi, [&hellip;]\" \/>\n<meta property=\"og:url\" content=\"https:\/\/charente.catholique.fr\/sud-charente\/paroisses\/aubeterre-chalais-brossac\/cate\/\" \/>\n<meta property=\"og:site_name\" content=\"Doyenn\u00e9 Sud Charente\" \/>\n<meta property=\"article:publisher\" content=\"https:\/\/www.facebook.com\/EgliseCatholiqueCharente\" \/>\n<meta property=\"article:modified_time\" content=\"2025-11-11T17:31:22+00:00\" \/>\n<meta property=\"og:image\" content=\"https:\/\/charente.catholique.fr\/sud-charente\/wp-content\/uploads\/sites\/5\/2022\/09\/hands-2847508_1920.jpg\" \/>\n\t<meta property=\"og:image:width\" content=\"1920\" \/>\n\t<meta property=\"og:image:height\" content=\"1280\" \/>\n\t<meta property=\"og:image:type\" content=\"image\/jpeg\" \/>\n<meta name=\"twitter:card\" content=\"summary_large_image\" \/>\n<meta name=\"twitter:site\" content=\"@diocesecharente\" \/>\n<meta name=\"twitter:label1\" content=\"Dur\u00e9e de lecture estim\u00e9e\" \/>\n\t<meta name=\"twitter:data1\" content=\"2 minutes\" \/>\n<script type=\"application\/ld+json\" class=\"yoast-schema-graph\">{\"@context\":\"https:\/\/schema.org\",\"@graph\":[{\"@type\":\"WebPage\",\"@id\":\"https:\/\/charente.catholique.fr\/sud-charente\/paroisses\/aubeterre-chalais-brossac\/cate\/\",\"url\":\"https:\/\/charente.catholique.fr\/sud-charente\/paroisses\/aubeterre-chalais-brossac\/cate\/\",\"name\":\"Cat\u00e9 - Doyenn\u00e9 Sud Charente\",\"isPartOf\":{\"@id\":\"https:\/\/charente.catholique.fr\/sud-charente\/#website\"},\"primaryImageOfPage\":{\"@id\":\"https:\/\/charente.catholique.fr\/sud-charente\/paroisses\/aubeterre-chalais-brossac\/cate\/#primaryimage\"},\"image\":{\"@id\":\"https:\/\/charente.catholique.fr\/sud-charente\/paroisses\/aubeterre-chalais-brossac\/cate\/#primaryimage\"},\"thumbnailUrl\":\"https:\/\/charente.catholique.fr\/sud-charente\/wp-content\/uploads\/sites\/5\/2022\/09\/hands-2847508_1920.jpg\",\"datePublished\":\"2024-09-22T15:38:03+00:00\",\"dateModified\":\"2025-11-11T17:31:22+00:00\",\"breadcrumb\":{\"@id\":\"https:\/\/charente.catholique.fr\/sud-charente\/paroisses\/aubeterre-chalais-brossac\/cate\/#breadcrumb\"},\"inLanguage\":\"fr-FR\",\"potentialAction\":[{\"@type\":\"ReadAction\",\"target\":[\"https:\/\/charente.catholique.fr\/sud-charente\/paroisses\/aubeterre-chalais-brossac\/cate\/\"]}]},{\"@type\":\"ImageObject\",\"inLanguage\":\"fr-FR\",\"@id\":\"https:\/\/charente.catholique.fr\/sud-charente\/paroisses\/aubeterre-chalais-brossac\/cate\/#primaryimage\",\"url\":\"https:\/\/charente.catholique.fr\/sud-charente\/wp-content\/uploads\/sites\/5\/2022\/09\/hands-2847508_1920.jpg\",\"contentUrl\":\"https:\/\/charente.catholique.fr\/sud-charente\/wp-content\/uploads\/sites\/5\/2022\/09\/hands-2847508_1920.jpg\",\"width\":1920,\"height\":1280},{\"@type\":\"BreadcrumbList\",\"@id\":\"https:\/\/charente.catholique.fr\/sud-charente\/paroisses\/aubeterre-chalais-brossac\/cate\/#breadcrumb\",\"itemListElement\":[{\"@type\":\"ListItem\",\"position\":1,\"name\":\"Accueil\",\"item\":\"https:\/\/charente.catholique.fr\/sud-charente\/\"},{\"@type\":\"ListItem\",\"position\":2,\"name\":\"Aubeterre &#8211; Chalais &#8211; Brossac\",\"item\":\"https:\/\/charente.catholique.fr\/sud-charente\/paroisses\/aubeterre-chalais-brossac\/\"},{\"@type\":\"ListItem\",\"position\":3,\"name\":\"Cat\u00e9\"}]},{\"@type\":\"WebSite\",\"@id\":\"https:\/\/charente.catholique.fr\/sud-charente\/#website\",\"url\":\"https:\/\/charente.catholique.fr\/sud-charente\/\",\"name\":\"Doyenn\u00e9 Sud Charente - Dioc\u00e8se d'Angoul\u00eame\",\"description\":\"Dioc\u00e8se d&#039;Angoul\u00eame\",\"publisher\":{\"@id\":\"https:\/\/charente.catholique.fr\/sud-charente\/#organization\"},\"potentialAction\":[{\"@type\":\"SearchAction\",\"target\":{\"@type\":\"EntryPoint\",\"urlTemplate\":\"https:\/\/charente.catholique.fr\/sud-charente\/?s={search_term_string}\"},\"query-input\":{\"@type\":\"PropertyValueSpecification\",\"valueRequired\":true,\"valueName\":\"search_term_string\"}}],\"inLanguage\":\"fr-FR\"},{\"@type\":\"Organization\",\"@id\":\"https:\/\/charente.catholique.fr\/sud-charente\/#organization\",\"name\":\"Association dioc\u00e9saine d'Angoul\u00eame\",\"url\":\"https:\/\/charente.catholique.fr\/sud-charente\/\",\"logo\":{\"@type\":\"ImageObject\",\"inLanguage\":\"fr-FR\",\"@id\":\"https:\/\/charente.catholique.fr\/sud-charente\/#\/schema\/logo\/image\/\",\"url\":\"https:\/\/charente.catholique.fr\/sud-charente\/wp-content\/uploads\/sites\/5\/2020\/10\/logos.png\",\"contentUrl\":\"https:\/\/charente.catholique.fr\/sud-charente\/wp-content\/uploads\/sites\/5\/2020\/10\/logos.png\",\"width\":600,\"height\":257,\"caption\":\"Association dioc\u00e9saine d'Angoul\u00eame\"},\"image\":{\"@id\":\"https:\/\/charente.catholique.fr\/sud-charente\/#\/schema\/logo\/image\/\"},\"sameAs\":[\"https:\/\/www.facebook.com\/EgliseCatholiqueCharente\",\"https:\/\/x.com\/diocesecharente\",\"https:\/\/www.instagram.com\/eglisecharente\",\"https:\/\/www.youtube.com\/channel\/UCByyFWApZbw3gDTiADoiAaQ\"]}]}<\/script>\n<!-- \/ Yoast SEO plugin. -->","yoast_head_json":{"title":"Cat\u00e9 - Doyenn\u00e9 Sud Charente","robots":{"index":"index","follow":"follow","max-snippet":"max-snippet:-1","max-image-preview":"max-image-preview:large","max-video-preview":"max-video-preview:-1"},"canonical":"https:\/\/charente.catholique.fr\/sud-charente\/paroisses\/aubeterre-chalais-brossac\/cate\/","og_locale":"fr_FR","og_type":"article","og_title":"Cat\u00e9 - Doyenn\u00e9 Sud Charente","og_description":"Des rencontres de cat\u00e9chismes pour les enfants de maternelle (\u00e9veil \u00e0 la foi) et de primaire sont propos\u00e9es \u00e0 l&#8217;\u00e9cole Castel-Marie. Ces rencontres sont ouvertes \u00e0 tous les enfants de la paroisse, de Brossac \u00e0 Aubeterre et Saint S\u00e9verin, scolaris\u00e9s dans les \u00e9tablissements publics et priv\u00e9s. Ces rencontres ont lieu le vendredi en fin d&#8217;apr\u00e8s-midi, [&hellip;]","og_url":"https:\/\/charente.catholique.fr\/sud-charente\/paroisses\/aubeterre-chalais-brossac\/cate\/","og_site_name":"Doyenn\u00e9 Sud Charente","article_publisher":"https:\/\/www.facebook.com\/EgliseCatholiqueCharente","article_modified_time":"2025-11-11T17:31:22+00:00","og_image":[{"width":1920,"height":1280,"url":"https:\/\/charente.catholique.fr\/sud-charente\/wp-content\/uploads\/sites\/5\/2022\/09\/hands-2847508_1920.jpg","type":"image\/jpeg"}],"twitter_card":"summary_large_image","twitter_site":"@diocesecharente","twitter_misc":{"Dur\u00e9e de lecture estim\u00e9e":"2 minutes"},"schema":{"@context":"https:\/\/schema.org","@graph":[{"@type":"WebPage","@id":"https:\/\/charente.catholique.fr\/sud-charente\/paroisses\/aubeterre-chalais-brossac\/cate\/","url":"https:\/\/charente.catholique.fr\/sud-charente\/paroisses\/aubeterre-chalais-brossac\/cate\/","name":"Cat\u00e9 - Doyenn\u00e9 Sud Charente","isPartOf":{"@id":"https:\/\/charente.catholique.fr\/sud-charente\/#website"},"primaryImageOfPage":{"@id":"https:\/\/charente.catholique.fr\/sud-charente\/paroisses\/aubeterre-chalais-brossac\/cate\/#primaryimage"},"image":{"@id":"https:\/\/charente.catholique.fr\/sud-charente\/paroisses\/aubeterre-chalais-brossac\/cate\/#primaryimage"},"thumbnailUrl":"https:\/\/charente.catholique.fr\/sud-charente\/wp-content\/uploads\/sites\/5\/2022\/09\/hands-2847508_1920.jpg","datePublished":"2024-09-22T15:38:03+00:00","dateModified":"2025-11-11T17:31:22+00:00","breadcrumb":{"@id":"https:\/\/charente.catholique.fr\/sud-charente\/paroisses\/aubeterre-chalais-brossac\/cate\/#breadcrumb"},"inLanguage":"fr-FR","potentialAction":[{"@type":"ReadAction","target":["https:\/\/charente.catholique.fr\/sud-charente\/paroisses\/aubeterre-chalais-brossac\/cate\/"]}]},{"@type":"ImageObject","inLanguage":"fr-FR","@id":"https:\/\/charente.catholique.fr\/sud-charente\/paroisses\/aubeterre-chalais-brossac\/cate\/#primaryimage","url":"https:\/\/charente.catholique.fr\/sud-charente\/wp-content\/uploads\/sites\/5\/2022\/09\/hands-2847508_1920.jpg","contentUrl":"https:\/\/charente.catholique.fr\/sud-charente\/wp-content\/uploads\/sites\/5\/2022\/09\/hands-2847508_1920.jpg","width":1920,"height":1280},{"@type":"BreadcrumbList","@id":"https:\/\/charente.catholique.fr\/sud-charente\/paroisses\/aubeterre-chalais-brossac\/cate\/#breadcrumb","itemListElement":[{"@type":"ListItem","position":1,"name":"Accueil","item":"https:\/\/charente.catholique.fr\/sud-charente\/"},{"@type":"ListItem","position":2,"name":"Aubeterre &#8211; Chalais &#8211; Brossac","item":"https:\/\/charente.catholique.fr\/sud-charente\/paroisses\/aubeterre-chalais-brossac\/"},{"@type":"ListItem","position":3,"name":"Cat\u00e9"}]},{"@type":"WebSite","@id":"https:\/\/charente.catholique.fr\/sud-charente\/#website","url":"https:\/\/charente.catholique.fr\/sud-charente\/","name":"Doyenn\u00e9 Sud Charente - Dioc\u00e8se d'Angoul\u00eame","description":"Dioc\u00e8se d&#039;Angoul\u00eame","publisher":{"@id":"https:\/\/charente.catholique.fr\/sud-charente\/#organization"},"potentialAction":[{"@type":"SearchAction","target":{"@type":"EntryPoint","urlTemplate":"https:\/\/charente.catholique.fr\/sud-charente\/?s={search_term_string}"},"query-input":{"@type":"PropertyValueSpecification","valueRequired":true,"valueName":"search_term_string"}}],"inLanguage":"fr-FR"},{"@type":"Organization","@id":"https:\/\/charente.catholique.fr\/sud-charente\/#organization","name":"Association dioc\u00e9saine d'Angoul\u00eame","url":"https:\/\/charente.catholique.fr\/sud-charente\/","logo":{"@type":"ImageObject","inLanguage":"fr-FR","@id":"https:\/\/charente.catholique.fr\/sud-charente\/#\/schema\/logo\/image\/","url":"https:\/\/charente.catholique.fr\/sud-charente\/wp-content\/uploads\/sites\/5\/2020\/10\/logos.png","contentUrl":"https:\/\/charente.catholique.fr\/sud-charente\/wp-content\/uploads\/sites\/5\/2020\/10\/logos.png","width":600,"height":257,"caption":"Association dioc\u00e9saine d'Angoul\u00eame"},"image":{"@id":"https:\/\/charente.catholique.fr\/sud-charente\/#\/schema\/logo\/image\/"},"sameAs":["https:\/\/www.facebook.com\/EgliseCatholiqueCharente","https:\/\/x.com\/diocesecharente","https:\/\/www.instagram.com\/eglisecharente","https:\/\/www.youtube.com\/channel\/UCByyFWApZbw3gDTiADoiAaQ"]}]}},"_links":{"self":[{"href":"https:\/\/charente.catholique.fr\/sud-charente\/wp-json\/wp\/v2\/paroisse\/9035","targetHints":{"allow":["GET"]}}],"collection":[{"href":"https:\/\/charente.catholique.fr\/sud-charente\/wp-json\/wp\/v2\/paroisse"}],"about":[{"href":"https:\/\/charente.catholique.fr\/sud-charente\/wp-json\/wp\/v2\/types\/paroisse"}],"author":[{"embeddable":true,"href":"https:\/\/charente.catholique.fr\/sud-charente\/wp-json\/wp\/v2\/users\/4"}],"version-history":[{"count":4,"href":"https:\/\/charente.catholique.fr\/sud-charente\/wp-json\/wp\/v2\/paroisse\/9035\/revisions"}],"predecessor-version":[{"id":12032,"href":"https:\/\/charente.catholique.fr\/sud-charente\/wp-json\/wp\/v2\/paroisse\/9035\/revisions\/12032"}],"up":[{"embeddable":true,"href":"https:\/\/charente.catholique.fr\/sud-charente\/wp-json\/wp\/v2\/paroisse\/8"}],"wp:featuredmedia":[{"embeddable":true,"href":"https:\/\/charente.catholique.fr\/sud-charente\/wp-json\/wp\/v2\/media\/4301"}],"wp:attachment":[{"href":"https:\/\/charente.catholique.fr\/sud-charente\/wp-json\/wp\/v2\/media?parent=9035"}],"curies":[{"name":"wp","href":"https:\/\/api.w.org\/{rel}","templated":true}]}}