{"id":337,"date":"2020-10-15T11:20:04","date_gmt":"2020-10-15T09:20:04","guid":{"rendered":"https:\/\/charente.catholique.fr\/sud-charente\/?post_type=paroisse&#038;p=337"},"modified":"2024-09-16T22:19:14","modified_gmt":"2024-09-16T20:19:14","slug":"equipe-danimation-de-la-paroisse","status":"publish","type":"paroisse","link":"https:\/\/charente.catholique.fr\/sud-charente\/paroisses\/barbezieux-baignes-barret\/equipe-danimation-de-la-paroisse\/","title":{"rendered":"Equipe d&#8217;Animation de la Paroisse"},"content":{"rendered":"\n<p>L&#8217;Equipe d&#8217;Animation de la Paroisse compte 6 la\u00efcs envoy\u00e9s pour 3 ans en mission par l&#8217;\u00e9v\u00eaque, charg\u00e9s de participer \u00e0 la charge curial avec les pr\u00eatres de la paroisse. Elle se r\u00e9unie environ une fois par mois et porte le souci de la communion entre tous, et du d\u00e9ploiement de la vie chr\u00e9tienne par et pour chacun.<\/p>\n\n\n\n<p>Elle est compos\u00e9e de Evelyne Kouassi, Marie-France Jaulin, Anne Chemaly, Pascal Dussauld, Mathieu Friou, Marie-Odile Rouanet, P. Beno\u00eet Lecomte, P. Jean-No\u00ebl Zoungrana, P. Maxime Petit.<\/p>\n","protected":false},"author":4,"featured_media":273,"parent":5,"menu_order":15,"template":"","meta":{"_acf_changed":false,"paroisse":["15"],"service":[],"footnotes":""},"class_list":["post-337","paroisse","type-paroisse","status-publish","has-post-thumbnail","hentry"],"acf":[],"yoast_head":"<!-- This site is optimized with the Yoast SEO plugin v27.1.1 - https:\/\/yoast.com\/product\/yoast-seo-wordpress\/ -->\n<title>Equipe d&#039;Animation de la Paroisse - Doyenn\u00e9 Sud Charente<\/title>\n<meta name=\"robots\" content=\"index, follow, max-snippet:-1, max-image-preview:large, max-video-preview:-1\" \/>\n<link rel=\"canonical\" href=\"https:\/\/charente.catholique.fr\/sud-charente\/paroisses\/barbezieux-baignes-barret\/equipe-danimation-de-la-paroisse\/\" \/>\n<meta property=\"og:locale\" content=\"fr_FR\" \/>\n<meta property=\"og:type\" content=\"article\" \/>\n<meta property=\"og:title\" content=\"Equipe d&#039;Animation de la Paroisse - Doyenn\u00e9 Sud Charente\" \/>\n<meta property=\"og:description\" content=\"L&#8217;Equipe d&#8217;Animation de la Paroisse compte 6 la\u00efcs envoy\u00e9s pour 3 ans en mission par l&#8217;\u00e9v\u00eaque, charg\u00e9s de participer \u00e0 la charge curial avec les pr\u00eatres de la paroisse. Elle se r\u00e9unie environ une fois par mois et porte le souci de la communion entre tous, et du d\u00e9ploiement de la vie chr\u00e9tienne par et [&hellip;]\" \/>\n<meta property=\"og:url\" content=\"https:\/\/charente.catholique.fr\/sud-charente\/paroisses\/barbezieux-baignes-barret\/equipe-danimation-de-la-paroisse\/\" \/>\n<meta property=\"og:site_name\" content=\"Doyenn\u00e9 Sud Charente\" \/>\n<meta property=\"article:publisher\" content=\"https:\/\/www.facebook.com\/EgliseCatholiqueCharente\" \/>\n<meta property=\"article:modified_time\" content=\"2024-09-16T20:19:14+00:00\" \/>\n<meta property=\"og:image\" content=\"https:\/\/charente.catholique.fr\/sud-charente\/wp-content\/uploads\/sites\/5\/2020\/07\/logo_paroissebbb-scaled.jpg\" \/>\n\t<meta property=\"og:image:width\" content=\"2560\" \/>\n\t<meta property=\"og:image:height\" content=\"890\" \/>\n\t<meta property=\"og:image:type\" content=\"image\/jpeg\" \/>\n<meta name=\"twitter:card\" content=\"summary_large_image\" \/>\n<meta name=\"twitter:site\" content=\"@diocesecharente\" \/>\n<meta name=\"twitter:label1\" content=\"Dur\u00e9e de lecture estim\u00e9e\" \/>\n\t<meta name=\"twitter:data1\" content=\"1 minute\" \/>\n<script type=\"application\/ld+json\" class=\"yoast-schema-graph\">{\"@context\":\"https:\/\/schema.org\",\"@graph\":[{\"@type\":\"WebPage\",\"@id\":\"https:\/\/charente.catholique.fr\/sud-charente\/paroisses\/barbezieux-baignes-barret\/equipe-danimation-de-la-paroisse\/\",\"url\":\"https:\/\/charente.catholique.fr\/sud-charente\/paroisses\/barbezieux-baignes-barret\/equipe-danimation-de-la-paroisse\/\",\"name\":\"Equipe d'Animation de la Paroisse - Doyenn\u00e9 Sud Charente\",\"isPartOf\":{\"@id\":\"https:\/\/charente.catholique.fr\/sud-charente\/#website\"},\"primaryImageOfPage\":{\"@id\":\"https:\/\/charente.catholique.fr\/sud-charente\/paroisses\/barbezieux-baignes-barret\/equipe-danimation-de-la-paroisse\/#primaryimage\"},\"image\":{\"@id\":\"https:\/\/charente.catholique.fr\/sud-charente\/paroisses\/barbezieux-baignes-barret\/equipe-danimation-de-la-paroisse\/#primaryimage\"},\"thumbnailUrl\":\"https:\/\/charente.catholique.fr\/sud-charente\/wp-content\/uploads\/sites\/5\/2020\/07\/logo_paroissebbb-scaled.jpg\",\"datePublished\":\"2020-10-15T09:20:04+00:00\",\"dateModified\":\"2024-09-16T20:19:14+00:00\",\"breadcrumb\":{\"@id\":\"https:\/\/charente.catholique.fr\/sud-charente\/paroisses\/barbezieux-baignes-barret\/equipe-danimation-de-la-paroisse\/#breadcrumb\"},\"inLanguage\":\"fr-FR\",\"potentialAction\":[{\"@type\":\"ReadAction\",\"target\":[\"https:\/\/charente.catholique.fr\/sud-charente\/paroisses\/barbezieux-baignes-barret\/equipe-danimation-de-la-paroisse\/\"]}]},{\"@type\":\"ImageObject\",\"inLanguage\":\"fr-FR\",\"@id\":\"https:\/\/charente.catholique.fr\/sud-charente\/paroisses\/barbezieux-baignes-barret\/equipe-danimation-de-la-paroisse\/#primaryimage\",\"url\":\"https:\/\/charente.catholique.fr\/sud-charente\/wp-content\/uploads\/sites\/5\/2020\/07\/logo_paroissebbb-scaled.jpg\",\"contentUrl\":\"https:\/\/charente.catholique.fr\/sud-charente\/wp-content\/uploads\/sites\/5\/2020\/07\/logo_paroissebbb-scaled.jpg\",\"width\":2560,\"height\":890},{\"@type\":\"BreadcrumbList\",\"@id\":\"https:\/\/charente.catholique.fr\/sud-charente\/paroisses\/barbezieux-baignes-barret\/equipe-danimation-de-la-paroisse\/#breadcrumb\",\"itemListElement\":[{\"@type\":\"ListItem\",\"position\":1,\"name\":\"Accueil\",\"item\":\"https:\/\/charente.catholique.fr\/sud-charente\/\"},{\"@type\":\"ListItem\",\"position\":2,\"name\":\"Barbezieux &#8211; Baignes &#8211; Barret\",\"item\":\"https:\/\/charente.catholique.fr\/sud-charente\/paroisses\/barbezieux-baignes-barret\/\"},{\"@type\":\"ListItem\",\"position\":3,\"name\":\"Equipe d&#8217;Animation de la Paroisse\"}]},{\"@type\":\"WebSite\",\"@id\":\"https:\/\/charente.catholique.fr\/sud-charente\/#website\",\"url\":\"https:\/\/charente.catholique.fr\/sud-charente\/\",\"name\":\"Doyenn\u00e9 Sud Charente - Dioc\u00e8se d'Angoul\u00eame\",\"description\":\"Dioc\u00e8se d&#039;Angoul\u00eame\",\"publisher\":{\"@id\":\"https:\/\/charente.catholique.fr\/sud-charente\/#organization\"},\"potentialAction\":[{\"@type\":\"SearchAction\",\"target\":{\"@type\":\"EntryPoint\",\"urlTemplate\":\"https:\/\/charente.catholique.fr\/sud-charente\/?s={search_term_string}\"},\"query-input\":{\"@type\":\"PropertyValueSpecification\",\"valueRequired\":true,\"valueName\":\"search_term_string\"}}],\"inLanguage\":\"fr-FR\"},{\"@type\":\"Organization\",\"@id\":\"https:\/\/charente.catholique.fr\/sud-charente\/#organization\",\"name\":\"Association dioc\u00e9saine d'Angoul\u00eame\",\"url\":\"https:\/\/charente.catholique.fr\/sud-charente\/\",\"logo\":{\"@type\":\"ImageObject\",\"inLanguage\":\"fr-FR\",\"@id\":\"https:\/\/charente.catholique.fr\/sud-charente\/#\/schema\/logo\/image\/\",\"url\":\"https:\/\/charente.catholique.fr\/sud-charente\/wp-content\/uploads\/sites\/5\/2020\/10\/logos.png\",\"contentUrl\":\"https:\/\/charente.catholique.fr\/sud-charente\/wp-content\/uploads\/sites\/5\/2020\/10\/logos.png\",\"width\":600,\"height\":257,\"caption\":\"Association dioc\u00e9saine d'Angoul\u00eame\"},\"image\":{\"@id\":\"https:\/\/charente.catholique.fr\/sud-charente\/#\/schema\/logo\/image\/\"},\"sameAs\":[\"https:\/\/www.facebook.com\/EgliseCatholiqueCharente\",\"https:\/\/x.com\/diocesecharente\",\"https:\/\/www.instagram.com\/eglisecharente\",\"https:\/\/www.youtube.com\/channel\/UCByyFWApZbw3gDTiADoiAaQ\"]}]}<\/script>\n<!-- \/ Yoast SEO plugin. -->","yoast_head_json":{"title":"Equipe d'Animation de la Paroisse - Doyenn\u00e9 Sud Charente","robots":{"index":"index","follow":"follow","max-snippet":"max-snippet:-1","max-image-preview":"max-image-preview:large","max-video-preview":"max-video-preview:-1"},"canonical":"https:\/\/charente.catholique.fr\/sud-charente\/paroisses\/barbezieux-baignes-barret\/equipe-danimation-de-la-paroisse\/","og_locale":"fr_FR","og_type":"article","og_title":"Equipe d'Animation de la Paroisse - Doyenn\u00e9 Sud Charente","og_description":"L&#8217;Equipe d&#8217;Animation de la Paroisse compte 6 la\u00efcs envoy\u00e9s pour 3 ans en mission par l&#8217;\u00e9v\u00eaque, charg\u00e9s de participer \u00e0 la charge curial avec les pr\u00eatres de la paroisse. Elle se r\u00e9unie environ une fois par mois et porte le souci de la communion entre tous, et du d\u00e9ploiement de la vie chr\u00e9tienne par et [&hellip;]","og_url":"https:\/\/charente.catholique.fr\/sud-charente\/paroisses\/barbezieux-baignes-barret\/equipe-danimation-de-la-paroisse\/","og_site_name":"Doyenn\u00e9 Sud Charente","article_publisher":"https:\/\/www.facebook.com\/EgliseCatholiqueCharente","article_modified_time":"2024-09-16T20:19:14+00:00","og_image":[{"width":2560,"height":890,"url":"https:\/\/charente.catholique.fr\/sud-charente\/wp-content\/uploads\/sites\/5\/2020\/07\/logo_paroissebbb-scaled.jpg","type":"image\/jpeg"}],"twitter_card":"summary_large_image","twitter_site":"@diocesecharente","twitter_misc":{"Dur\u00e9e de lecture estim\u00e9e":"1 minute"},"schema":{"@context":"https:\/\/schema.org","@graph":[{"@type":"WebPage","@id":"https:\/\/charente.catholique.fr\/sud-charente\/paroisses\/barbezieux-baignes-barret\/equipe-danimation-de-la-paroisse\/","url":"https:\/\/charente.catholique.fr\/sud-charente\/paroisses\/barbezieux-baignes-barret\/equipe-danimation-de-la-paroisse\/","name":"Equipe d'Animation de la Paroisse - Doyenn\u00e9 Sud Charente","isPartOf":{"@id":"https:\/\/charente.catholique.fr\/sud-charente\/#website"},"primaryImageOfPage":{"@id":"https:\/\/charente.catholique.fr\/sud-charente\/paroisses\/barbezieux-baignes-barret\/equipe-danimation-de-la-paroisse\/#primaryimage"},"image":{"@id":"https:\/\/charente.catholique.fr\/sud-charente\/paroisses\/barbezieux-baignes-barret\/equipe-danimation-de-la-paroisse\/#primaryimage"},"thumbnailUrl":"https:\/\/charente.catholique.fr\/sud-charente\/wp-content\/uploads\/sites\/5\/2020\/07\/logo_paroissebbb-scaled.jpg","datePublished":"2020-10-15T09:20:04+00:00","dateModified":"2024-09-16T20:19:14+00:00","breadcrumb":{"@id":"https:\/\/charente.catholique.fr\/sud-charente\/paroisses\/barbezieux-baignes-barret\/equipe-danimation-de-la-paroisse\/#breadcrumb"},"inLanguage":"fr-FR","potentialAction":[{"@type":"ReadAction","target":["https:\/\/charente.catholique.fr\/sud-charente\/paroisses\/barbezieux-baignes-barret\/equipe-danimation-de-la-paroisse\/"]}]},{"@type":"ImageObject","inLanguage":"fr-FR","@id":"https:\/\/charente.catholique.fr\/sud-charente\/paroisses\/barbezieux-baignes-barret\/equipe-danimation-de-la-paroisse\/#primaryimage","url":"https:\/\/charente.catholique.fr\/sud-charente\/wp-content\/uploads\/sites\/5\/2020\/07\/logo_paroissebbb-scaled.jpg","contentUrl":"https:\/\/charente.catholique.fr\/sud-charente\/wp-content\/uploads\/sites\/5\/2020\/07\/logo_paroissebbb-scaled.jpg","width":2560,"height":890},{"@type":"BreadcrumbList","@id":"https:\/\/charente.catholique.fr\/sud-charente\/paroisses\/barbezieux-baignes-barret\/equipe-danimation-de-la-paroisse\/#breadcrumb","itemListElement":[{"@type":"ListItem","position":1,"name":"Accueil","item":"https:\/\/charente.catholique.fr\/sud-charente\/"},{"@type":"ListItem","position":2,"name":"Barbezieux &#8211; Baignes &#8211; Barret","item":"https:\/\/charente.catholique.fr\/sud-charente\/paroisses\/barbezieux-baignes-barret\/"},{"@type":"ListItem","position":3,"name":"Equipe d&#8217;Animation de la Paroisse"}]},{"@type":"WebSite","@id":"https:\/\/charente.catholique.fr\/sud-charente\/#website","url":"https:\/\/charente.catholique.fr\/sud-charente\/","name":"Doyenn\u00e9 Sud Charente - Dioc\u00e8se d'Angoul\u00eame","description":"Dioc\u00e8se d&#039;Angoul\u00eame","publisher":{"@id":"https:\/\/charente.catholique.fr\/sud-charente\/#organization"},"potentialAction":[{"@type":"SearchAction","target":{"@type":"EntryPoint","urlTemplate":"https:\/\/charente.catholique.fr\/sud-charente\/?s={search_term_string}"},"query-input":{"@type":"PropertyValueSpecification","valueRequired":true,"valueName":"search_term_string"}}],"inLanguage":"fr-FR"},{"@type":"Organization","@id":"https:\/\/charente.catholique.fr\/sud-charente\/#organization","name":"Association dioc\u00e9saine d'Angoul\u00eame","url":"https:\/\/charente.catholique.fr\/sud-charente\/","logo":{"@type":"ImageObject","inLanguage":"fr-FR","@id":"https:\/\/charente.catholique.fr\/sud-charente\/#\/schema\/logo\/image\/","url":"https:\/\/charente.catholique.fr\/sud-charente\/wp-content\/uploads\/sites\/5\/2020\/10\/logos.png","contentUrl":"https:\/\/charente.catholique.fr\/sud-charente\/wp-content\/uploads\/sites\/5\/2020\/10\/logos.png","width":600,"height":257,"caption":"Association dioc\u00e9saine d'Angoul\u00eame"},"image":{"@id":"https:\/\/charente.catholique.fr\/sud-charente\/#\/schema\/logo\/image\/"},"sameAs":["https:\/\/www.facebook.com\/EgliseCatholiqueCharente","https:\/\/x.com\/diocesecharente","https:\/\/www.instagram.com\/eglisecharente","https:\/\/www.youtube.com\/channel\/UCByyFWApZbw3gDTiADoiAaQ"]}]}},"_links":{"self":[{"href":"https:\/\/charente.catholique.fr\/sud-charente\/wp-json\/wp\/v2\/paroisse\/337","targetHints":{"allow":["GET"]}}],"collection":[{"href":"https:\/\/charente.catholique.fr\/sud-charente\/wp-json\/wp\/v2\/paroisse"}],"about":[{"href":"https:\/\/charente.catholique.fr\/sud-charente\/wp-json\/wp\/v2\/types\/paroisse"}],"author":[{"embeddable":true,"href":"https:\/\/charente.catholique.fr\/sud-charente\/wp-json\/wp\/v2\/users\/4"}],"version-history":[{"count":3,"href":"https:\/\/charente.catholique.fr\/sud-charente\/wp-json\/wp\/v2\/paroisse\/337\/revisions"}],"predecessor-version":[{"id":9004,"href":"https:\/\/charente.catholique.fr\/sud-charente\/wp-json\/wp\/v2\/paroisse\/337\/revisions\/9004"}],"up":[{"embeddable":true,"href":"https:\/\/charente.catholique.fr\/sud-charente\/wp-json\/wp\/v2\/paroisse\/5"}],"wp:featuredmedia":[{"embeddable":true,"href":"https:\/\/charente.catholique.fr\/sud-charente\/wp-json\/wp\/v2\/media\/273"}],"wp:attachment":[{"href":"https:\/\/charente.catholique.fr\/sud-charente\/wp-json\/wp\/v2\/media?parent=337"}],"curies":[{"name":"wp","href":"https:\/\/api.w.org\/{rel}","templated":true}]}}