{"id":173,"date":"2020-09-21T16:55:36","date_gmt":"2020-09-21T14:55:36","guid":{"rendered":"https:\/\/charente.catholique.fr\/sud-charente\/?page_id=173"},"modified":"2020-09-21T16:55:41","modified_gmt":"2020-09-21T14:55:41","slug":"appel-a-la-solidarite","status":"publish","type":"page","link":"https:\/\/charente.catholique.fr\/sud-charente\/cooperation-missionnaire\/appel-a-la-solidarite\/","title":{"rendered":"Appel \u00e0 la solidarit\u00e9"},"content":{"rendered":"\n<div class=\"wp-block-image\"><figure class=\"alignleft size-large\"><img loading=\"lazy\" decoding=\"async\" width=\"227\" height=\"247\" src=\"https:\/\/charente.catholique.fr\/sud-charente\/wp-content\/uploads\/sites\/5\/2020\/09\/arton10739-8c07d.jpg\" alt=\"\" class=\"wp-image-174\"\/><\/figure><\/div>\n\n\n\n<p><strong>Appel \u00e0 la solidarit\u00e9 de Monseigneur Joachim OUEDRAOGO, Eveque de Koudougou, face \u00e0 la situation tragique que vit actuellement le Burkina Faso.<\/strong><\/p>\n\n\n\n<p>Vous pouvez lire l\u2019appel de l\u2019\u00e9v\u00eaque de Koudougou en cliquant sur la pi\u00e8ce jointe ci-dessous.<\/p>\n\n\n\n<div style=\"height:100px\" aria-hidden=\"true\" class=\"wp-block-spacer\"><\/div>\n\n\n\n<p>Vous trouverez \u00e9galement un article de Vatican News \u00e0 ce sujet\u00a0:<br><a href=\"https:\/\/www.vaticannews.va\/fr\/afrique\/news\/2019-12\/burkina-faso-le-cri-de-c-ur-du-cardinal-ouedraogo-face-au-terr.html\"><strong>Burkina Faso\u00a0: Le cri de c\u0153ur du Cardinal Ou\u00e9draogo face au terrorisme.<\/strong><\/a><\/p>\n\n\n\n<div class=\"wp-block-file\"><a href=\"https:\/\/charente.catholique.fr\/sud-charente\/wp-content\/uploads\/sites\/5\/2020\/09\/message_mgr_joachim_ouedraogo.pdf\">message_mgr_joachim_ouedraogo<\/a><a href=\"https:\/\/charente.catholique.fr\/sud-charente\/wp-content\/uploads\/sites\/5\/2020\/09\/message_mgr_joachim_ouedraogo.pdf\" class=\"wp-block-file__button\" download>T\u00e9l\u00e9charger<\/a><\/div>\n","protected":false},"excerpt":{"rendered":"<p>Appel \u00e0 la solidarit\u00e9 de Monseigneur Joachim OUEDRAOGO, Eveque de Koudougou, face \u00e0 la situation tragique que vit actuellement le Burkina Faso. Vous pouvez lire l\u2019appel de l\u2019\u00e9v\u00eaque de Koudougou en cliquant sur la pi\u00e8ce jointe ci-dessous. Vous trouverez \u00e9galement un article de Vatican News \u00e0 ce sujet\u00a0:Burkina Faso\u00a0: Le cri de c\u0153ur du Cardinal [&hellip;]<\/p>\n","protected":false},"author":1,"featured_media":0,"parent":170,"menu_order":25,"comment_status":"closed","ping_status":"closed","template":"","meta":{"_acf_changed":false,"paroisse":[],"service":[],"footnotes":""},"class_list":["post-173","page","type-page","status-publish","hentry"],"acf":[],"yoast_head":"<!-- This site is optimized with the Yoast SEO plugin v27.1.1 - https:\/\/yoast.com\/product\/yoast-seo-wordpress\/ -->\n<title>Appel \u00e0 la solidarit\u00e9 - Doyenn\u00e9 Sud Charente<\/title>\n<meta name=\"robots\" content=\"index, follow, max-snippet:-1, max-image-preview:large, max-video-preview:-1\" \/>\n<link rel=\"canonical\" href=\"https:\/\/charente.catholique.fr\/sud-charente\/cooperation-missionnaire\/appel-a-la-solidarite\/\" \/>\n<meta property=\"og:locale\" content=\"fr_FR\" \/>\n<meta property=\"og:type\" content=\"article\" \/>\n<meta property=\"og:title\" content=\"Appel \u00e0 la solidarit\u00e9 - Doyenn\u00e9 Sud Charente\" \/>\n<meta property=\"og:description\" content=\"Appel \u00e0 la solidarit\u00e9 de Monseigneur Joachim OUEDRAOGO, Eveque de Koudougou, face \u00e0 la situation tragique que vit actuellement le Burkina Faso. Vous pouvez lire l\u2019appel de l\u2019\u00e9v\u00eaque de Koudougou en cliquant sur la pi\u00e8ce jointe ci-dessous. Vous trouverez \u00e9galement un article de Vatican News \u00e0 ce sujet\u00a0:Burkina Faso\u00a0: Le cri de c\u0153ur du Cardinal [&hellip;]\" \/>\n<meta property=\"og:url\" content=\"https:\/\/charente.catholique.fr\/sud-charente\/cooperation-missionnaire\/appel-a-la-solidarite\/\" \/>\n<meta property=\"og:site_name\" content=\"Doyenn\u00e9 Sud Charente\" \/>\n<meta property=\"article:publisher\" content=\"https:\/\/www.facebook.com\/EgliseCatholiqueCharente\" \/>\n<meta property=\"article:modified_time\" content=\"2020-09-21T14:55:41+00:00\" \/>\n<meta property=\"og:image\" content=\"https:\/\/charente.catholique.fr\/sud-charente\/wp-content\/uploads\/sites\/5\/2020\/09\/arton10739-8c07d.jpg\" \/>\n<meta name=\"twitter:card\" content=\"summary_large_image\" \/>\n<meta name=\"twitter:site\" content=\"@diocesecharente\" \/>\n<script type=\"application\/ld+json\" class=\"yoast-schema-graph\">{\"@context\":\"https:\/\/schema.org\",\"@graph\":[{\"@type\":\"WebPage\",\"@id\":\"https:\/\/charente.catholique.fr\/sud-charente\/cooperation-missionnaire\/appel-a-la-solidarite\/\",\"url\":\"https:\/\/charente.catholique.fr\/sud-charente\/cooperation-missionnaire\/appel-a-la-solidarite\/\",\"name\":\"Appel \u00e0 la solidarit\u00e9 - Doyenn\u00e9 Sud Charente\",\"isPartOf\":{\"@id\":\"https:\/\/charente.catholique.fr\/sud-charente\/#website\"},\"primaryImageOfPage\":{\"@id\":\"https:\/\/charente.catholique.fr\/sud-charente\/cooperation-missionnaire\/appel-a-la-solidarite\/#primaryimage\"},\"image\":{\"@id\":\"https:\/\/charente.catholique.fr\/sud-charente\/cooperation-missionnaire\/appel-a-la-solidarite\/#primaryimage\"},\"thumbnailUrl\":\"https:\/\/charente.catholique.fr\/sud-charente\/wp-content\/uploads\/sites\/5\/2020\/09\/arton10739-8c07d.jpg\",\"datePublished\":\"2020-09-21T14:55:36+00:00\",\"dateModified\":\"2020-09-21T14:55:41+00:00\",\"breadcrumb\":{\"@id\":\"https:\/\/charente.catholique.fr\/sud-charente\/cooperation-missionnaire\/appel-a-la-solidarite\/#breadcrumb\"},\"inLanguage\":\"fr-FR\",\"potentialAction\":[{\"@type\":\"ReadAction\",\"target\":[\"https:\/\/charente.catholique.fr\/sud-charente\/cooperation-missionnaire\/appel-a-la-solidarite\/\"]}]},{\"@type\":\"ImageObject\",\"inLanguage\":\"fr-FR\",\"@id\":\"https:\/\/charente.catholique.fr\/sud-charente\/cooperation-missionnaire\/appel-a-la-solidarite\/#primaryimage\",\"url\":\"https:\/\/charente.catholique.fr\/sud-charente\/wp-content\/uploads\/sites\/5\/2020\/09\/arton10739-8c07d.jpg\",\"contentUrl\":\"https:\/\/charente.catholique.fr\/sud-charente\/wp-content\/uploads\/sites\/5\/2020\/09\/arton10739-8c07d.jpg\",\"width\":227,\"height\":247},{\"@type\":\"BreadcrumbList\",\"@id\":\"https:\/\/charente.catholique.fr\/sud-charente\/cooperation-missionnaire\/appel-a-la-solidarite\/#breadcrumb\",\"itemListElement\":[{\"@type\":\"ListItem\",\"position\":1,\"name\":\"Accueil\",\"item\":\"https:\/\/charente.catholique.fr\/sud-charente\/\"},{\"@type\":\"ListItem\",\"position\":2,\"name\":\"Coop\u00e9ration missionnaire\",\"item\":\"https:\/\/charente.catholique.fr\/sud-charente\/cooperation-missionnaire\/\"},{\"@type\":\"ListItem\",\"position\":3,\"name\":\"Appel \u00e0 la solidarit\u00e9\"}]},{\"@type\":\"WebSite\",\"@id\":\"https:\/\/charente.catholique.fr\/sud-charente\/#website\",\"url\":\"https:\/\/charente.catholique.fr\/sud-charente\/\",\"name\":\"Doyenn\u00e9 Sud Charente - Dioc\u00e8se d'Angoul\u00eame\",\"description\":\"Dioc\u00e8se d&#039;Angoul\u00eame\",\"publisher\":{\"@id\":\"https:\/\/charente.catholique.fr\/sud-charente\/#organization\"},\"potentialAction\":[{\"@type\":\"SearchAction\",\"target\":{\"@type\":\"EntryPoint\",\"urlTemplate\":\"https:\/\/charente.catholique.fr\/sud-charente\/?s={search_term_string}\"},\"query-input\":{\"@type\":\"PropertyValueSpecification\",\"valueRequired\":true,\"valueName\":\"search_term_string\"}}],\"inLanguage\":\"fr-FR\"},{\"@type\":\"Organization\",\"@id\":\"https:\/\/charente.catholique.fr\/sud-charente\/#organization\",\"name\":\"Association dioc\u00e9saine d'Angoul\u00eame\",\"url\":\"https:\/\/charente.catholique.fr\/sud-charente\/\",\"logo\":{\"@type\":\"ImageObject\",\"inLanguage\":\"fr-FR\",\"@id\":\"https:\/\/charente.catholique.fr\/sud-charente\/#\/schema\/logo\/image\/\",\"url\":\"https:\/\/charente.catholique.fr\/sud-charente\/wp-content\/uploads\/sites\/5\/2020\/10\/logos.png\",\"contentUrl\":\"https:\/\/charente.catholique.fr\/sud-charente\/wp-content\/uploads\/sites\/5\/2020\/10\/logos.png\",\"width\":600,\"height\":257,\"caption\":\"Association dioc\u00e9saine d'Angoul\u00eame\"},\"image\":{\"@id\":\"https:\/\/charente.catholique.fr\/sud-charente\/#\/schema\/logo\/image\/\"},\"sameAs\":[\"https:\/\/www.facebook.com\/EgliseCatholiqueCharente\",\"https:\/\/x.com\/diocesecharente\",\"https:\/\/www.instagram.com\/eglisecharente\",\"https:\/\/www.youtube.com\/channel\/UCByyFWApZbw3gDTiADoiAaQ\"]}]}<\/script>\n<!-- \/ Yoast SEO plugin. -->","yoast_head_json":{"title":"Appel \u00e0 la solidarit\u00e9 - Doyenn\u00e9 Sud Charente","robots":{"index":"index","follow":"follow","max-snippet":"max-snippet:-1","max-image-preview":"max-image-preview:large","max-video-preview":"max-video-preview:-1"},"canonical":"https:\/\/charente.catholique.fr\/sud-charente\/cooperation-missionnaire\/appel-a-la-solidarite\/","og_locale":"fr_FR","og_type":"article","og_title":"Appel \u00e0 la solidarit\u00e9 - Doyenn\u00e9 Sud Charente","og_description":"Appel \u00e0 la solidarit\u00e9 de Monseigneur Joachim OUEDRAOGO, Eveque de Koudougou, face \u00e0 la situation tragique que vit actuellement le Burkina Faso. Vous pouvez lire l\u2019appel de l\u2019\u00e9v\u00eaque de Koudougou en cliquant sur la pi\u00e8ce jointe ci-dessous. Vous trouverez \u00e9galement un article de Vatican News \u00e0 ce sujet\u00a0:Burkina Faso\u00a0: Le cri de c\u0153ur du Cardinal [&hellip;]","og_url":"https:\/\/charente.catholique.fr\/sud-charente\/cooperation-missionnaire\/appel-a-la-solidarite\/","og_site_name":"Doyenn\u00e9 Sud Charente","article_publisher":"https:\/\/www.facebook.com\/EgliseCatholiqueCharente","article_modified_time":"2020-09-21T14:55:41+00:00","og_image":[{"url":"https:\/\/charente.catholique.fr\/sud-charente\/wp-content\/uploads\/sites\/5\/2020\/09\/arton10739-8c07d.jpg","type":"","width":"","height":""}],"twitter_card":"summary_large_image","twitter_site":"@diocesecharente","schema":{"@context":"https:\/\/schema.org","@graph":[{"@type":"WebPage","@id":"https:\/\/charente.catholique.fr\/sud-charente\/cooperation-missionnaire\/appel-a-la-solidarite\/","url":"https:\/\/charente.catholique.fr\/sud-charente\/cooperation-missionnaire\/appel-a-la-solidarite\/","name":"Appel \u00e0 la solidarit\u00e9 - Doyenn\u00e9 Sud Charente","isPartOf":{"@id":"https:\/\/charente.catholique.fr\/sud-charente\/#website"},"primaryImageOfPage":{"@id":"https:\/\/charente.catholique.fr\/sud-charente\/cooperation-missionnaire\/appel-a-la-solidarite\/#primaryimage"},"image":{"@id":"https:\/\/charente.catholique.fr\/sud-charente\/cooperation-missionnaire\/appel-a-la-solidarite\/#primaryimage"},"thumbnailUrl":"https:\/\/charente.catholique.fr\/sud-charente\/wp-content\/uploads\/sites\/5\/2020\/09\/arton10739-8c07d.jpg","datePublished":"2020-09-21T14:55:36+00:00","dateModified":"2020-09-21T14:55:41+00:00","breadcrumb":{"@id":"https:\/\/charente.catholique.fr\/sud-charente\/cooperation-missionnaire\/appel-a-la-solidarite\/#breadcrumb"},"inLanguage":"fr-FR","potentialAction":[{"@type":"ReadAction","target":["https:\/\/charente.catholique.fr\/sud-charente\/cooperation-missionnaire\/appel-a-la-solidarite\/"]}]},{"@type":"ImageObject","inLanguage":"fr-FR","@id":"https:\/\/charente.catholique.fr\/sud-charente\/cooperation-missionnaire\/appel-a-la-solidarite\/#primaryimage","url":"https:\/\/charente.catholique.fr\/sud-charente\/wp-content\/uploads\/sites\/5\/2020\/09\/arton10739-8c07d.jpg","contentUrl":"https:\/\/charente.catholique.fr\/sud-charente\/wp-content\/uploads\/sites\/5\/2020\/09\/arton10739-8c07d.jpg","width":227,"height":247},{"@type":"BreadcrumbList","@id":"https:\/\/charente.catholique.fr\/sud-charente\/cooperation-missionnaire\/appel-a-la-solidarite\/#breadcrumb","itemListElement":[{"@type":"ListItem","position":1,"name":"Accueil","item":"https:\/\/charente.catholique.fr\/sud-charente\/"},{"@type":"ListItem","position":2,"name":"Coop\u00e9ration missionnaire","item":"https:\/\/charente.catholique.fr\/sud-charente\/cooperation-missionnaire\/"},{"@type":"ListItem","position":3,"name":"Appel \u00e0 la solidarit\u00e9"}]},{"@type":"WebSite","@id":"https:\/\/charente.catholique.fr\/sud-charente\/#website","url":"https:\/\/charente.catholique.fr\/sud-charente\/","name":"Doyenn\u00e9 Sud Charente - Dioc\u00e8se d'Angoul\u00eame","description":"Dioc\u00e8se d&#039;Angoul\u00eame","publisher":{"@id":"https:\/\/charente.catholique.fr\/sud-charente\/#organization"},"potentialAction":[{"@type":"SearchAction","target":{"@type":"EntryPoint","urlTemplate":"https:\/\/charente.catholique.fr\/sud-charente\/?s={search_term_string}"},"query-input":{"@type":"PropertyValueSpecification","valueRequired":true,"valueName":"search_term_string"}}],"inLanguage":"fr-FR"},{"@type":"Organization","@id":"https:\/\/charente.catholique.fr\/sud-charente\/#organization","name":"Association dioc\u00e9saine d'Angoul\u00eame","url":"https:\/\/charente.catholique.fr\/sud-charente\/","logo":{"@type":"ImageObject","inLanguage":"fr-FR","@id":"https:\/\/charente.catholique.fr\/sud-charente\/#\/schema\/logo\/image\/","url":"https:\/\/charente.catholique.fr\/sud-charente\/wp-content\/uploads\/sites\/5\/2020\/10\/logos.png","contentUrl":"https:\/\/charente.catholique.fr\/sud-charente\/wp-content\/uploads\/sites\/5\/2020\/10\/logos.png","width":600,"height":257,"caption":"Association dioc\u00e9saine d'Angoul\u00eame"},"image":{"@id":"https:\/\/charente.catholique.fr\/sud-charente\/#\/schema\/logo\/image\/"},"sameAs":["https:\/\/www.facebook.com\/EgliseCatholiqueCharente","https:\/\/x.com\/diocesecharente","https:\/\/www.instagram.com\/eglisecharente","https:\/\/www.youtube.com\/channel\/UCByyFWApZbw3gDTiADoiAaQ"]}]}},"_links":{"self":[{"href":"https:\/\/charente.catholique.fr\/sud-charente\/wp-json\/wp\/v2\/pages\/173","targetHints":{"allow":["GET"]}}],"collection":[{"href":"https:\/\/charente.catholique.fr\/sud-charente\/wp-json\/wp\/v2\/pages"}],"about":[{"href":"https:\/\/charente.catholique.fr\/sud-charente\/wp-json\/wp\/v2\/types\/page"}],"author":[{"embeddable":true,"href":"https:\/\/charente.catholique.fr\/sud-charente\/wp-json\/wp\/v2\/users\/1"}],"replies":[{"embeddable":true,"href":"https:\/\/charente.catholique.fr\/sud-charente\/wp-json\/wp\/v2\/comments?post=173"}],"version-history":[{"count":1,"href":"https:\/\/charente.catholique.fr\/sud-charente\/wp-json\/wp\/v2\/pages\/173\/revisions"}],"predecessor-version":[{"id":176,"href":"https:\/\/charente.catholique.fr\/sud-charente\/wp-json\/wp\/v2\/pages\/173\/revisions\/176"}],"up":[{"embeddable":true,"href":"https:\/\/charente.catholique.fr\/sud-charente\/wp-json\/wp\/v2\/pages\/170"}],"wp:attachment":[{"href":"https:\/\/charente.catholique.fr\/sud-charente\/wp-json\/wp\/v2\/media?parent=173"}],"curies":[{"name":"wp","href":"https:\/\/api.w.org\/{rel}","templated":true}]}}