{"id":8830,"date":"2024-08-08T13:01:32","date_gmt":"2024-08-08T11:01:32","guid":{"rendered":"https:\/\/charente.catholique.fr\/sud-charente\/?post_type=evenement&#038;p=8830"},"modified":"2024-08-25T20:41:12","modified_gmt":"2024-08-25T18:41:12","slug":"concert-la-poesie-du-vent","status":"publish","type":"evenement","link":"https:\/\/charente.catholique.fr\/sud-charente\/agenda\/concert-la-poesie-du-vent\/","title":{"rendered":"Concert : La po\u00e9sie du vent &#8211; le samedi 12 octobre 2024"},"content":{"rendered":"\n<p><\/p>\n\n\n\n<p>Etienne Lecomte, \u00e0 la fl\u00fbte, et R\u00e9mi Fox, au saxophone alto, proposent un nouveau duo. De passage \u00e0 Barbezieux, ils partageront leur musique en l&#8217;\u00e9glise de Barbezieux, suivi d&#8217;une rencontre au bar Le Fraternel.<\/p>\n\n\n<div class=\"wp-block-image\">\n<figure class=\"aligncenter size-large\"><img loading=\"lazy\" decoding=\"async\" width=\"764\" height=\"1080\" src=\"https:\/\/charente.catholique.fr\/sud-charente\/wp-content\/uploads\/sites\/5\/2024\/08\/Concert-2024-10-12-764x1080.png\" alt=\"\" class=\"wp-image-8831\" srcset=\"https:\/\/charente.catholique.fr\/sud-charente\/wp-content\/uploads\/sites\/5\/2024\/08\/Concert-2024-10-12-764x1080.png 764w, https:\/\/charente.catholique.fr\/sud-charente\/wp-content\/uploads\/sites\/5\/2024\/08\/Concert-2024-10-12-212x300.png 212w, https:\/\/charente.catholique.fr\/sud-charente\/wp-content\/uploads\/sites\/5\/2024\/08\/Concert-2024-10-12-768x1086.png 768w, https:\/\/charente.catholique.fr\/sud-charente\/wp-content\/uploads\/sites\/5\/2024\/08\/Concert-2024-10-12-1086x1536.png 1086w, https:\/\/charente.catholique.fr\/sud-charente\/wp-content\/uploads\/sites\/5\/2024\/08\/Concert-2024-10-12-1320x1867.png 1320w, https:\/\/charente.catholique.fr\/sud-charente\/wp-content\/uploads\/sites\/5\/2024\/08\/Concert-2024-10-12.png 1414w\" sizes=\"auto, (max-width: 764px) 100vw, 764px\" \/><\/figure>\n<\/div>\n\n\n<p>En savoir plus : <a href=\"http:\/\/labelmanivelle.com\/fr\/groupes\/poesieduvent\">Site de La po\u00e9sie du vent<\/a><\/p>\n","protected":false},"author":4,"featured_media":8833,"template":"","meta":{"_acf_changed":false,"paroisse":["15"],"service":["0"],"footnotes":""},"categories":[1,4,19],"tags":[],"class_list":["post-8830","evenement","type-evenement","status-publish","has-post-thumbnail","hentry","category-actualites","category-barbezieux","category-le-fraternel","validated"],"acf":{"start_date":"2024-10-12 20:30:00","end_date":"","location":"\u00e9glise Saint Mathias de Barbezieux et bar Le Fraternel","address":null},"yoast_head":"<!-- This site is optimized with the Yoast SEO plugin v27.1.1 - https:\/\/yoast.com\/product\/yoast-seo-wordpress\/ -->\n<title>Concert : La po\u00e9sie du vent - le samedi 12 octobre 2024 - Doyenn\u00e9 Sud Charente<\/title>\n<meta name=\"robots\" content=\"index, follow, max-snippet:-1, max-image-preview:large, max-video-preview:-1\" \/>\n<link rel=\"canonical\" href=\"https:\/\/charente.catholique.fr\/sud-charente\/agenda\/concert-la-poesie-du-vent\/\" \/>\n<meta property=\"og:locale\" content=\"fr_FR\" \/>\n<meta property=\"og:type\" content=\"article\" \/>\n<meta property=\"og:title\" content=\"Concert : La po\u00e9sie du vent - le samedi 12 octobre 2024 - Doyenn\u00e9 Sud Charente\" \/>\n<meta property=\"og:description\" content=\"Etienne Lecomte, \u00e0 la fl\u00fbte, et R\u00e9mi Fox, au saxophone alto, proposent un nouveau duo. De passage \u00e0 Barbezieux, ils partageront leur musique en l&#8217;\u00e9glise de Barbezieux, suivi d&#8217;une rencontre au bar Le Fraternel. En savoir plus : Site de La po\u00e9sie du vent\" \/>\n<meta property=\"og:url\" content=\"https:\/\/charente.catholique.fr\/sud-charente\/agenda\/concert-la-poesie-du-vent\/\" \/>\n<meta property=\"og:site_name\" content=\"Doyenn\u00e9 Sud Charente\" \/>\n<meta property=\"article:publisher\" content=\"https:\/\/www.facebook.com\/EgliseCatholiqueCharente\" \/>\n<meta property=\"article:modified_time\" content=\"2024-08-25T18:41:12+00:00\" \/>\n<meta property=\"og:image\" content=\"https:\/\/charente.catholique.fr\/sud-charente\/wp-content\/uploads\/sites\/5\/2024\/08\/lapoesieduvent-credits-stephanie-becheanu_et_christophe-charpenel-hd.jpg\" \/>\n\t<meta property=\"og:image:width\" content=\"1346\" \/>\n\t<meta property=\"og:image:height\" content=\"504\" \/>\n\t<meta property=\"og:image:type\" content=\"image\/jpeg\" \/>\n<meta name=\"twitter:card\" content=\"summary_large_image\" \/>\n<meta name=\"twitter:site\" content=\"@diocesecharente\" \/>\n<meta name=\"twitter:label1\" content=\"Dur\u00e9e de lecture estim\u00e9e\" \/>\n\t<meta name=\"twitter:data1\" content=\"1 minute\" \/>\n<script type=\"application\/ld+json\" class=\"yoast-schema-graph\">{\"@context\":\"https:\/\/schema.org\",\"@graph\":[{\"@type\":\"WebPage\",\"@id\":\"https:\/\/charente.catholique.fr\/sud-charente\/agenda\/concert-la-poesie-du-vent\/\",\"url\":\"https:\/\/charente.catholique.fr\/sud-charente\/agenda\/concert-la-poesie-du-vent\/\",\"name\":\"Concert : La po\u00e9sie du vent - le samedi 12 octobre 2024 - Doyenn\u00e9 Sud Charente\",\"isPartOf\":{\"@id\":\"https:\/\/charente.catholique.fr\/sud-charente\/#website\"},\"primaryImageOfPage\":{\"@id\":\"https:\/\/charente.catholique.fr\/sud-charente\/agenda\/concert-la-poesie-du-vent\/#primaryimage\"},\"image\":{\"@id\":\"https:\/\/charente.catholique.fr\/sud-charente\/agenda\/concert-la-poesie-du-vent\/#primaryimage\"},\"thumbnailUrl\":\"https:\/\/charente.catholique.fr\/sud-charente\/wp-content\/uploads\/sites\/5\/2024\/08\/lapoesieduvent-credits-stephanie-becheanu_et_christophe-charpenel-hd.jpg\",\"datePublished\":\"2024-08-08T11:01:32+00:00\",\"dateModified\":\"2024-08-25T18:41:12+00:00\",\"breadcrumb\":{\"@id\":\"https:\/\/charente.catholique.fr\/sud-charente\/agenda\/concert-la-poesie-du-vent\/#breadcrumb\"},\"inLanguage\":\"fr-FR\",\"potentialAction\":[{\"@type\":\"ReadAction\",\"target\":[\"https:\/\/charente.catholique.fr\/sud-charente\/agenda\/concert-la-poesie-du-vent\/\"]}]},{\"@type\":\"ImageObject\",\"inLanguage\":\"fr-FR\",\"@id\":\"https:\/\/charente.catholique.fr\/sud-charente\/agenda\/concert-la-poesie-du-vent\/#primaryimage\",\"url\":\"https:\/\/charente.catholique.fr\/sud-charente\/wp-content\/uploads\/sites\/5\/2024\/08\/lapoesieduvent-credits-stephanie-becheanu_et_christophe-charpenel-hd.jpg\",\"contentUrl\":\"https:\/\/charente.catholique.fr\/sud-charente\/wp-content\/uploads\/sites\/5\/2024\/08\/lapoesieduvent-credits-stephanie-becheanu_et_christophe-charpenel-hd.jpg\",\"width\":1346,\"height\":504},{\"@type\":\"BreadcrumbList\",\"@id\":\"https:\/\/charente.catholique.fr\/sud-charente\/agenda\/concert-la-poesie-du-vent\/#breadcrumb\",\"itemListElement\":[{\"@type\":\"ListItem\",\"position\":1,\"name\":\"Accueil\",\"item\":\"https:\/\/charente.catholique.fr\/sud-charente\/\"},{\"@type\":\"ListItem\",\"position\":2,\"name\":\"Concert : La po\u00e9sie du vent &#8211; le samedi 12 octobre 2024\"}]},{\"@type\":\"WebSite\",\"@id\":\"https:\/\/charente.catholique.fr\/sud-charente\/#website\",\"url\":\"https:\/\/charente.catholique.fr\/sud-charente\/\",\"name\":\"Doyenn\u00e9 Sud Charente - Dioc\u00e8se d'Angoul\u00eame\",\"description\":\"Dioc\u00e8se d&#039;Angoul\u00eame\",\"publisher\":{\"@id\":\"https:\/\/charente.catholique.fr\/sud-charente\/#organization\"},\"potentialAction\":[{\"@type\":\"SearchAction\",\"target\":{\"@type\":\"EntryPoint\",\"urlTemplate\":\"https:\/\/charente.catholique.fr\/sud-charente\/?s={search_term_string}\"},\"query-input\":{\"@type\":\"PropertyValueSpecification\",\"valueRequired\":true,\"valueName\":\"search_term_string\"}}],\"inLanguage\":\"fr-FR\"},{\"@type\":\"Organization\",\"@id\":\"https:\/\/charente.catholique.fr\/sud-charente\/#organization\",\"name\":\"Association dioc\u00e9saine d'Angoul\u00eame\",\"url\":\"https:\/\/charente.catholique.fr\/sud-charente\/\",\"logo\":{\"@type\":\"ImageObject\",\"inLanguage\":\"fr-FR\",\"@id\":\"https:\/\/charente.catholique.fr\/sud-charente\/#\/schema\/logo\/image\/\",\"url\":\"https:\/\/charente.catholique.fr\/sud-charente\/wp-content\/uploads\/sites\/5\/2020\/10\/logos.png\",\"contentUrl\":\"https:\/\/charente.catholique.fr\/sud-charente\/wp-content\/uploads\/sites\/5\/2020\/10\/logos.png\",\"width\":600,\"height\":257,\"caption\":\"Association dioc\u00e9saine d'Angoul\u00eame\"},\"image\":{\"@id\":\"https:\/\/charente.catholique.fr\/sud-charente\/#\/schema\/logo\/image\/\"},\"sameAs\":[\"https:\/\/www.facebook.com\/EgliseCatholiqueCharente\",\"https:\/\/x.com\/diocesecharente\",\"https:\/\/www.instagram.com\/eglisecharente\",\"https:\/\/www.youtube.com\/channel\/UCByyFWApZbw3gDTiADoiAaQ\"]}]}<\/script>\n<!-- \/ Yoast SEO plugin. -->","yoast_head_json":{"title":"Concert : La po\u00e9sie du vent - le samedi 12 octobre 2024 - Doyenn\u00e9 Sud Charente","robots":{"index":"index","follow":"follow","max-snippet":"max-snippet:-1","max-image-preview":"max-image-preview:large","max-video-preview":"max-video-preview:-1"},"canonical":"https:\/\/charente.catholique.fr\/sud-charente\/agenda\/concert-la-poesie-du-vent\/","og_locale":"fr_FR","og_type":"article","og_title":"Concert : La po\u00e9sie du vent - le samedi 12 octobre 2024 - Doyenn\u00e9 Sud Charente","og_description":"Etienne Lecomte, \u00e0 la fl\u00fbte, et R\u00e9mi Fox, au saxophone alto, proposent un nouveau duo. De passage \u00e0 Barbezieux, ils partageront leur musique en l&#8217;\u00e9glise de Barbezieux, suivi d&#8217;une rencontre au bar Le Fraternel. En savoir plus : Site de La po\u00e9sie du vent","og_url":"https:\/\/charente.catholique.fr\/sud-charente\/agenda\/concert-la-poesie-du-vent\/","og_site_name":"Doyenn\u00e9 Sud Charente","article_publisher":"https:\/\/www.facebook.com\/EgliseCatholiqueCharente","article_modified_time":"2024-08-25T18:41:12+00:00","og_image":[{"width":1346,"height":504,"url":"https:\/\/charente.catholique.fr\/sud-charente\/wp-content\/uploads\/sites\/5\/2024\/08\/lapoesieduvent-credits-stephanie-becheanu_et_christophe-charpenel-hd.jpg","type":"image\/jpeg"}],"twitter_card":"summary_large_image","twitter_site":"@diocesecharente","twitter_misc":{"Dur\u00e9e de lecture estim\u00e9e":"1 minute"},"schema":{"@context":"https:\/\/schema.org","@graph":[{"@type":"WebPage","@id":"https:\/\/charente.catholique.fr\/sud-charente\/agenda\/concert-la-poesie-du-vent\/","url":"https:\/\/charente.catholique.fr\/sud-charente\/agenda\/concert-la-poesie-du-vent\/","name":"Concert : La po\u00e9sie du vent - le samedi 12 octobre 2024 - Doyenn\u00e9 Sud Charente","isPartOf":{"@id":"https:\/\/charente.catholique.fr\/sud-charente\/#website"},"primaryImageOfPage":{"@id":"https:\/\/charente.catholique.fr\/sud-charente\/agenda\/concert-la-poesie-du-vent\/#primaryimage"},"image":{"@id":"https:\/\/charente.catholique.fr\/sud-charente\/agenda\/concert-la-poesie-du-vent\/#primaryimage"},"thumbnailUrl":"https:\/\/charente.catholique.fr\/sud-charente\/wp-content\/uploads\/sites\/5\/2024\/08\/lapoesieduvent-credits-stephanie-becheanu_et_christophe-charpenel-hd.jpg","datePublished":"2024-08-08T11:01:32+00:00","dateModified":"2024-08-25T18:41:12+00:00","breadcrumb":{"@id":"https:\/\/charente.catholique.fr\/sud-charente\/agenda\/concert-la-poesie-du-vent\/#breadcrumb"},"inLanguage":"fr-FR","potentialAction":[{"@type":"ReadAction","target":["https:\/\/charente.catholique.fr\/sud-charente\/agenda\/concert-la-poesie-du-vent\/"]}]},{"@type":"ImageObject","inLanguage":"fr-FR","@id":"https:\/\/charente.catholique.fr\/sud-charente\/agenda\/concert-la-poesie-du-vent\/#primaryimage","url":"https:\/\/charente.catholique.fr\/sud-charente\/wp-content\/uploads\/sites\/5\/2024\/08\/lapoesieduvent-credits-stephanie-becheanu_et_christophe-charpenel-hd.jpg","contentUrl":"https:\/\/charente.catholique.fr\/sud-charente\/wp-content\/uploads\/sites\/5\/2024\/08\/lapoesieduvent-credits-stephanie-becheanu_et_christophe-charpenel-hd.jpg","width":1346,"height":504},{"@type":"BreadcrumbList","@id":"https:\/\/charente.catholique.fr\/sud-charente\/agenda\/concert-la-poesie-du-vent\/#breadcrumb","itemListElement":[{"@type":"ListItem","position":1,"name":"Accueil","item":"https:\/\/charente.catholique.fr\/sud-charente\/"},{"@type":"ListItem","position":2,"name":"Concert : La po\u00e9sie du vent &#8211; le samedi 12 octobre 2024"}]},{"@type":"WebSite","@id":"https:\/\/charente.catholique.fr\/sud-charente\/#website","url":"https:\/\/charente.catholique.fr\/sud-charente\/","name":"Doyenn\u00e9 Sud Charente - Dioc\u00e8se d'Angoul\u00eame","description":"Dioc\u00e8se d&#039;Angoul\u00eame","publisher":{"@id":"https:\/\/charente.catholique.fr\/sud-charente\/#organization"},"potentialAction":[{"@type":"SearchAction","target":{"@type":"EntryPoint","urlTemplate":"https:\/\/charente.catholique.fr\/sud-charente\/?s={search_term_string}"},"query-input":{"@type":"PropertyValueSpecification","valueRequired":true,"valueName":"search_term_string"}}],"inLanguage":"fr-FR"},{"@type":"Organization","@id":"https:\/\/charente.catholique.fr\/sud-charente\/#organization","name":"Association dioc\u00e9saine d'Angoul\u00eame","url":"https:\/\/charente.catholique.fr\/sud-charente\/","logo":{"@type":"ImageObject","inLanguage":"fr-FR","@id":"https:\/\/charente.catholique.fr\/sud-charente\/#\/schema\/logo\/image\/","url":"https:\/\/charente.catholique.fr\/sud-charente\/wp-content\/uploads\/sites\/5\/2020\/10\/logos.png","contentUrl":"https:\/\/charente.catholique.fr\/sud-charente\/wp-content\/uploads\/sites\/5\/2020\/10\/logos.png","width":600,"height":257,"caption":"Association dioc\u00e9saine d'Angoul\u00eame"},"image":{"@id":"https:\/\/charente.catholique.fr\/sud-charente\/#\/schema\/logo\/image\/"},"sameAs":["https:\/\/www.facebook.com\/EgliseCatholiqueCharente","https:\/\/x.com\/diocesecharente","https:\/\/www.instagram.com\/eglisecharente","https:\/\/www.youtube.com\/channel\/UCByyFWApZbw3gDTiADoiAaQ"]}]}},"_links":{"self":[{"href":"https:\/\/charente.catholique.fr\/sud-charente\/wp-json\/wp\/v2\/evenement\/8830","targetHints":{"allow":["GET"]}}],"collection":[{"href":"https:\/\/charente.catholique.fr\/sud-charente\/wp-json\/wp\/v2\/evenement"}],"about":[{"href":"https:\/\/charente.catholique.fr\/sud-charente\/wp-json\/wp\/v2\/types\/evenement"}],"author":[{"embeddable":true,"href":"https:\/\/charente.catholique.fr\/sud-charente\/wp-json\/wp\/v2\/users\/4"}],"version-history":[{"count":2,"href":"https:\/\/charente.catholique.fr\/sud-charente\/wp-json\/wp\/v2\/evenement\/8830\/revisions"}],"predecessor-version":[{"id":8922,"href":"https:\/\/charente.catholique.fr\/sud-charente\/wp-json\/wp\/v2\/evenement\/8830\/revisions\/8922"}],"wp:featuredmedia":[{"embeddable":true,"href":"https:\/\/charente.catholique.fr\/sud-charente\/wp-json\/wp\/v2\/media\/8833"}],"wp:attachment":[{"href":"https:\/\/charente.catholique.fr\/sud-charente\/wp-json\/wp\/v2\/media?parent=8830"}],"wp:term":[{"taxonomy":"category","embeddable":true,"href":"https:\/\/charente.catholique.fr\/sud-charente\/wp-json\/wp\/v2\/categories?post=8830"},{"taxonomy":"post_tag","embeddable":true,"href":"https:\/\/charente.catholique.fr\/sud-charente\/wp-json\/wp\/v2\/tags?post=8830"}],"curies":[{"name":"wp","href":"https:\/\/api.w.org\/{rel}","templated":true}]}}