{"id":7259,"date":"2023-12-01T21:13:10","date_gmt":"2023-12-01T20:13:10","guid":{"rendered":"https:\/\/charente.catholique.fr\/sud-charente\/?post_type=evenement&#038;p=7259"},"modified":"2023-12-01T21:13:11","modified_gmt":"2023-12-01T20:13:11","slug":"assemblee-de-la-communaute-de-brossac","status":"publish","type":"evenement","link":"https:\/\/charente.catholique.fr\/sud-charente\/agenda\/assemblee-de-la-communaute-de-brossac\/","title":{"rendered":"Assembl\u00e9e de la communaut\u00e9 de Brossac"},"content":{"rendered":"\n<p>La communaut\u00e9 locale de Brossac se r\u00e9unira le mardi 12 d\u00e9cembre \u00e0 14h dans la salle paroissiale. Pour \u00e9changer sur la vie de la paroisse, le fonctionnement, la mission. Une rencontre ouverte \u00e0 tous !<\/p>\n\n\n<div class=\"wp-block-image\">\n<figure class=\"aligncenter size-large\"><img loading=\"lazy\" decoding=\"async\" width=\"764\" height=\"1080\" src=\"https:\/\/charente.catholique.fr\/sud-charente\/wp-content\/uploads\/sites\/5\/2023\/12\/2023-12-2024-02-Affiche-Assemblee-Paroissiale-ABC-764x1080.jpg\" alt=\"\" class=\"wp-image-7256\" srcset=\"https:\/\/charente.catholique.fr\/sud-charente\/wp-content\/uploads\/sites\/5\/2023\/12\/2023-12-2024-02-Affiche-Assemblee-Paroissiale-ABC-764x1080.jpg 764w, https:\/\/charente.catholique.fr\/sud-charente\/wp-content\/uploads\/sites\/5\/2023\/12\/2023-12-2024-02-Affiche-Assemblee-Paroissiale-ABC-212x300.jpg 212w, https:\/\/charente.catholique.fr\/sud-charente\/wp-content\/uploads\/sites\/5\/2023\/12\/2023-12-2024-02-Affiche-Assemblee-Paroissiale-ABC-768x1086.jpg 768w, https:\/\/charente.catholique.fr\/sud-charente\/wp-content\/uploads\/sites\/5\/2023\/12\/2023-12-2024-02-Affiche-Assemblee-Paroissiale-ABC.jpg 842w\" sizes=\"auto, (max-width: 764px) 100vw, 764px\" \/><\/figure>\n<\/div>","protected":false},"author":4,"featured_media":7256,"template":"","meta":{"_acf_changed":false,"paroisse":["16"],"service":["0"],"footnotes":""},"categories":[1,12,14],"tags":[],"class_list":["post-7259","evenement","type-evenement","status-publish","has-post-thumbnail","hentry","category-actualites","category-chalais","category-infos-paroissiales","validated"],"acf":{"start_date":"2023-12-12 14:00:00","end_date":"","location":"Salle paroissiale \u00e0 Brossac","address":null},"yoast_head":"<!-- This site is optimized with the Yoast SEO plugin v27.1.1 - https:\/\/yoast.com\/product\/yoast-seo-wordpress\/ -->\n<title>Assembl\u00e9e de la communaut\u00e9 de Brossac - Doyenn\u00e9 Sud Charente<\/title>\n<meta name=\"robots\" content=\"index, follow, max-snippet:-1, max-image-preview:large, max-video-preview:-1\" \/>\n<link rel=\"canonical\" href=\"https:\/\/charente.catholique.fr\/sud-charente\/agenda\/assemblee-de-la-communaute-de-brossac\/\" \/>\n<meta property=\"og:locale\" content=\"fr_FR\" \/>\n<meta property=\"og:type\" content=\"article\" \/>\n<meta property=\"og:title\" content=\"Assembl\u00e9e de la communaut\u00e9 de Brossac - Doyenn\u00e9 Sud Charente\" \/>\n<meta property=\"og:description\" content=\"La communaut\u00e9 locale de Brossac se r\u00e9unira le mardi 12 d\u00e9cembre \u00e0 14h dans la salle paroissiale. Pour \u00e9changer sur la vie de la paroisse, le fonctionnement, la mission. Une rencontre ouverte \u00e0 tous !\" \/>\n<meta property=\"og:url\" content=\"https:\/\/charente.catholique.fr\/sud-charente\/agenda\/assemblee-de-la-communaute-de-brossac\/\" \/>\n<meta property=\"og:site_name\" content=\"Doyenn\u00e9 Sud Charente\" \/>\n<meta property=\"article:publisher\" content=\"https:\/\/www.facebook.com\/EgliseCatholiqueCharente\" \/>\n<meta property=\"article:modified_time\" content=\"2023-12-01T20:13:11+00:00\" \/>\n<meta property=\"og:image\" content=\"https:\/\/charente.catholique.fr\/sud-charente\/wp-content\/uploads\/sites\/5\/2023\/12\/2023-12-2024-02-Affiche-Assemblee-Paroissiale-ABC.jpg\" \/>\n\t<meta property=\"og:image:width\" content=\"842\" \/>\n\t<meta property=\"og:image:height\" content=\"1191\" \/>\n\t<meta property=\"og:image:type\" content=\"image\/jpeg\" \/>\n<meta name=\"twitter:card\" content=\"summary_large_image\" \/>\n<meta name=\"twitter:site\" content=\"@diocesecharente\" \/>\n<meta name=\"twitter:label1\" content=\"Dur\u00e9e de lecture estim\u00e9e\" \/>\n\t<meta name=\"twitter:data1\" content=\"1 minute\" \/>\n<script type=\"application\/ld+json\" class=\"yoast-schema-graph\">{\"@context\":\"https:\/\/schema.org\",\"@graph\":[{\"@type\":\"WebPage\",\"@id\":\"https:\/\/charente.catholique.fr\/sud-charente\/agenda\/assemblee-de-la-communaute-de-brossac\/\",\"url\":\"https:\/\/charente.catholique.fr\/sud-charente\/agenda\/assemblee-de-la-communaute-de-brossac\/\",\"name\":\"Assembl\u00e9e de la communaut\u00e9 de Brossac - Doyenn\u00e9 Sud Charente\",\"isPartOf\":{\"@id\":\"https:\/\/charente.catholique.fr\/sud-charente\/#website\"},\"primaryImageOfPage\":{\"@id\":\"https:\/\/charente.catholique.fr\/sud-charente\/agenda\/assemblee-de-la-communaute-de-brossac\/#primaryimage\"},\"image\":{\"@id\":\"https:\/\/charente.catholique.fr\/sud-charente\/agenda\/assemblee-de-la-communaute-de-brossac\/#primaryimage\"},\"thumbnailUrl\":\"https:\/\/charente.catholique.fr\/sud-charente\/wp-content\/uploads\/sites\/5\/2023\/12\/2023-12-2024-02-Affiche-Assemblee-Paroissiale-ABC.jpg\",\"datePublished\":\"2023-12-01T20:13:10+00:00\",\"dateModified\":\"2023-12-01T20:13:11+00:00\",\"breadcrumb\":{\"@id\":\"https:\/\/charente.catholique.fr\/sud-charente\/agenda\/assemblee-de-la-communaute-de-brossac\/#breadcrumb\"},\"inLanguage\":\"fr-FR\",\"potentialAction\":[{\"@type\":\"ReadAction\",\"target\":[\"https:\/\/charente.catholique.fr\/sud-charente\/agenda\/assemblee-de-la-communaute-de-brossac\/\"]}]},{\"@type\":\"ImageObject\",\"inLanguage\":\"fr-FR\",\"@id\":\"https:\/\/charente.catholique.fr\/sud-charente\/agenda\/assemblee-de-la-communaute-de-brossac\/#primaryimage\",\"url\":\"https:\/\/charente.catholique.fr\/sud-charente\/wp-content\/uploads\/sites\/5\/2023\/12\/2023-12-2024-02-Affiche-Assemblee-Paroissiale-ABC.jpg\",\"contentUrl\":\"https:\/\/charente.catholique.fr\/sud-charente\/wp-content\/uploads\/sites\/5\/2023\/12\/2023-12-2024-02-Affiche-Assemblee-Paroissiale-ABC.jpg\",\"width\":842,\"height\":1191},{\"@type\":\"BreadcrumbList\",\"@id\":\"https:\/\/charente.catholique.fr\/sud-charente\/agenda\/assemblee-de-la-communaute-de-brossac\/#breadcrumb\",\"itemListElement\":[{\"@type\":\"ListItem\",\"position\":1,\"name\":\"Accueil\",\"item\":\"https:\/\/charente.catholique.fr\/sud-charente\/\"},{\"@type\":\"ListItem\",\"position\":2,\"name\":\"Assembl\u00e9e de la communaut\u00e9 de Brossac\"}]},{\"@type\":\"WebSite\",\"@id\":\"https:\/\/charente.catholique.fr\/sud-charente\/#website\",\"url\":\"https:\/\/charente.catholique.fr\/sud-charente\/\",\"name\":\"Doyenn\u00e9 Sud Charente - Dioc\u00e8se d'Angoul\u00eame\",\"description\":\"Dioc\u00e8se d&#039;Angoul\u00eame\",\"publisher\":{\"@id\":\"https:\/\/charente.catholique.fr\/sud-charente\/#organization\"},\"potentialAction\":[{\"@type\":\"SearchAction\",\"target\":{\"@type\":\"EntryPoint\",\"urlTemplate\":\"https:\/\/charente.catholique.fr\/sud-charente\/?s={search_term_string}\"},\"query-input\":{\"@type\":\"PropertyValueSpecification\",\"valueRequired\":true,\"valueName\":\"search_term_string\"}}],\"inLanguage\":\"fr-FR\"},{\"@type\":\"Organization\",\"@id\":\"https:\/\/charente.catholique.fr\/sud-charente\/#organization\",\"name\":\"Association dioc\u00e9saine d'Angoul\u00eame\",\"url\":\"https:\/\/charente.catholique.fr\/sud-charente\/\",\"logo\":{\"@type\":\"ImageObject\",\"inLanguage\":\"fr-FR\",\"@id\":\"https:\/\/charente.catholique.fr\/sud-charente\/#\/schema\/logo\/image\/\",\"url\":\"https:\/\/charente.catholique.fr\/sud-charente\/wp-content\/uploads\/sites\/5\/2020\/10\/logos.png\",\"contentUrl\":\"https:\/\/charente.catholique.fr\/sud-charente\/wp-content\/uploads\/sites\/5\/2020\/10\/logos.png\",\"width\":600,\"height\":257,\"caption\":\"Association dioc\u00e9saine d'Angoul\u00eame\"},\"image\":{\"@id\":\"https:\/\/charente.catholique.fr\/sud-charente\/#\/schema\/logo\/image\/\"},\"sameAs\":[\"https:\/\/www.facebook.com\/EgliseCatholiqueCharente\",\"https:\/\/x.com\/diocesecharente\",\"https:\/\/www.instagram.com\/eglisecharente\",\"https:\/\/www.youtube.com\/channel\/UCByyFWApZbw3gDTiADoiAaQ\"]}]}<\/script>\n<!-- \/ Yoast SEO plugin. -->","yoast_head_json":{"title":"Assembl\u00e9e de la communaut\u00e9 de Brossac - Doyenn\u00e9 Sud Charente","robots":{"index":"index","follow":"follow","max-snippet":"max-snippet:-1","max-image-preview":"max-image-preview:large","max-video-preview":"max-video-preview:-1"},"canonical":"https:\/\/charente.catholique.fr\/sud-charente\/agenda\/assemblee-de-la-communaute-de-brossac\/","og_locale":"fr_FR","og_type":"article","og_title":"Assembl\u00e9e de la communaut\u00e9 de Brossac - Doyenn\u00e9 Sud Charente","og_description":"La communaut\u00e9 locale de Brossac se r\u00e9unira le mardi 12 d\u00e9cembre \u00e0 14h dans la salle paroissiale. Pour \u00e9changer sur la vie de la paroisse, le fonctionnement, la mission. Une rencontre ouverte \u00e0 tous !","og_url":"https:\/\/charente.catholique.fr\/sud-charente\/agenda\/assemblee-de-la-communaute-de-brossac\/","og_site_name":"Doyenn\u00e9 Sud Charente","article_publisher":"https:\/\/www.facebook.com\/EgliseCatholiqueCharente","article_modified_time":"2023-12-01T20:13:11+00:00","og_image":[{"width":842,"height":1191,"url":"https:\/\/charente.catholique.fr\/sud-charente\/wp-content\/uploads\/sites\/5\/2023\/12\/2023-12-2024-02-Affiche-Assemblee-Paroissiale-ABC.jpg","type":"image\/jpeg"}],"twitter_card":"summary_large_image","twitter_site":"@diocesecharente","twitter_misc":{"Dur\u00e9e de lecture estim\u00e9e":"1 minute"},"schema":{"@context":"https:\/\/schema.org","@graph":[{"@type":"WebPage","@id":"https:\/\/charente.catholique.fr\/sud-charente\/agenda\/assemblee-de-la-communaute-de-brossac\/","url":"https:\/\/charente.catholique.fr\/sud-charente\/agenda\/assemblee-de-la-communaute-de-brossac\/","name":"Assembl\u00e9e de la communaut\u00e9 de Brossac - Doyenn\u00e9 Sud Charente","isPartOf":{"@id":"https:\/\/charente.catholique.fr\/sud-charente\/#website"},"primaryImageOfPage":{"@id":"https:\/\/charente.catholique.fr\/sud-charente\/agenda\/assemblee-de-la-communaute-de-brossac\/#primaryimage"},"image":{"@id":"https:\/\/charente.catholique.fr\/sud-charente\/agenda\/assemblee-de-la-communaute-de-brossac\/#primaryimage"},"thumbnailUrl":"https:\/\/charente.catholique.fr\/sud-charente\/wp-content\/uploads\/sites\/5\/2023\/12\/2023-12-2024-02-Affiche-Assemblee-Paroissiale-ABC.jpg","datePublished":"2023-12-01T20:13:10+00:00","dateModified":"2023-12-01T20:13:11+00:00","breadcrumb":{"@id":"https:\/\/charente.catholique.fr\/sud-charente\/agenda\/assemblee-de-la-communaute-de-brossac\/#breadcrumb"},"inLanguage":"fr-FR","potentialAction":[{"@type":"ReadAction","target":["https:\/\/charente.catholique.fr\/sud-charente\/agenda\/assemblee-de-la-communaute-de-brossac\/"]}]},{"@type":"ImageObject","inLanguage":"fr-FR","@id":"https:\/\/charente.catholique.fr\/sud-charente\/agenda\/assemblee-de-la-communaute-de-brossac\/#primaryimage","url":"https:\/\/charente.catholique.fr\/sud-charente\/wp-content\/uploads\/sites\/5\/2023\/12\/2023-12-2024-02-Affiche-Assemblee-Paroissiale-ABC.jpg","contentUrl":"https:\/\/charente.catholique.fr\/sud-charente\/wp-content\/uploads\/sites\/5\/2023\/12\/2023-12-2024-02-Affiche-Assemblee-Paroissiale-ABC.jpg","width":842,"height":1191},{"@type":"BreadcrumbList","@id":"https:\/\/charente.catholique.fr\/sud-charente\/agenda\/assemblee-de-la-communaute-de-brossac\/#breadcrumb","itemListElement":[{"@type":"ListItem","position":1,"name":"Accueil","item":"https:\/\/charente.catholique.fr\/sud-charente\/"},{"@type":"ListItem","position":2,"name":"Assembl\u00e9e de la communaut\u00e9 de Brossac"}]},{"@type":"WebSite","@id":"https:\/\/charente.catholique.fr\/sud-charente\/#website","url":"https:\/\/charente.catholique.fr\/sud-charente\/","name":"Doyenn\u00e9 Sud Charente - Dioc\u00e8se d'Angoul\u00eame","description":"Dioc\u00e8se d&#039;Angoul\u00eame","publisher":{"@id":"https:\/\/charente.catholique.fr\/sud-charente\/#organization"},"potentialAction":[{"@type":"SearchAction","target":{"@type":"EntryPoint","urlTemplate":"https:\/\/charente.catholique.fr\/sud-charente\/?s={search_term_string}"},"query-input":{"@type":"PropertyValueSpecification","valueRequired":true,"valueName":"search_term_string"}}],"inLanguage":"fr-FR"},{"@type":"Organization","@id":"https:\/\/charente.catholique.fr\/sud-charente\/#organization","name":"Association dioc\u00e9saine d'Angoul\u00eame","url":"https:\/\/charente.catholique.fr\/sud-charente\/","logo":{"@type":"ImageObject","inLanguage":"fr-FR","@id":"https:\/\/charente.catholique.fr\/sud-charente\/#\/schema\/logo\/image\/","url":"https:\/\/charente.catholique.fr\/sud-charente\/wp-content\/uploads\/sites\/5\/2020\/10\/logos.png","contentUrl":"https:\/\/charente.catholique.fr\/sud-charente\/wp-content\/uploads\/sites\/5\/2020\/10\/logos.png","width":600,"height":257,"caption":"Association dioc\u00e9saine d'Angoul\u00eame"},"image":{"@id":"https:\/\/charente.catholique.fr\/sud-charente\/#\/schema\/logo\/image\/"},"sameAs":["https:\/\/www.facebook.com\/EgliseCatholiqueCharente","https:\/\/x.com\/diocesecharente","https:\/\/www.instagram.com\/eglisecharente","https:\/\/www.youtube.com\/channel\/UCByyFWApZbw3gDTiADoiAaQ"]}]}},"_links":{"self":[{"href":"https:\/\/charente.catholique.fr\/sud-charente\/wp-json\/wp\/v2\/evenement\/7259","targetHints":{"allow":["GET"]}}],"collection":[{"href":"https:\/\/charente.catholique.fr\/sud-charente\/wp-json\/wp\/v2\/evenement"}],"about":[{"href":"https:\/\/charente.catholique.fr\/sud-charente\/wp-json\/wp\/v2\/types\/evenement"}],"author":[{"embeddable":true,"href":"https:\/\/charente.catholique.fr\/sud-charente\/wp-json\/wp\/v2\/users\/4"}],"version-history":[{"count":2,"href":"https:\/\/charente.catholique.fr\/sud-charente\/wp-json\/wp\/v2\/evenement\/7259\/revisions"}],"predecessor-version":[{"id":7261,"href":"https:\/\/charente.catholique.fr\/sud-charente\/wp-json\/wp\/v2\/evenement\/7259\/revisions\/7261"}],"wp:featuredmedia":[{"embeddable":true,"href":"https:\/\/charente.catholique.fr\/sud-charente\/wp-json\/wp\/v2\/media\/7256"}],"wp:attachment":[{"href":"https:\/\/charente.catholique.fr\/sud-charente\/wp-json\/wp\/v2\/media?parent=7259"}],"wp:term":[{"taxonomy":"category","embeddable":true,"href":"https:\/\/charente.catholique.fr\/sud-charente\/wp-json\/wp\/v2\/categories?post=7259"},{"taxonomy":"post_tag","embeddable":true,"href":"https:\/\/charente.catholique.fr\/sud-charente\/wp-json\/wp\/v2\/tags?post=7259"}],"curies":[{"name":"wp","href":"https:\/\/api.w.org\/{rel}","templated":true}]}}