{"id":6804,"date":"2023-10-06T09:42:03","date_gmt":"2023-10-06T07:42:03","guid":{"rendered":"https:\/\/charente.catholique.fr\/sud-charente\/?post_type=evenement&#038;p=6804"},"modified":"2024-03-09T12:47:41","modified_gmt":"2024-03-09T11:47:41","slug":"visite-pastorale","status":"publish","type":"evenement","link":"https:\/\/charente.catholique.fr\/sud-charente\/agenda\/visite-pastorale\/","title":{"rendered":"Visite Pastorale &#8211; REPORTEE"},"content":{"rendered":"\n<p><strong>La visite pastorale pr\u00e9vue du 7 au 10 mars 2024 est report\u00e9e<\/strong><\/p>\n\n\n\n<p>Ch\u00e8res s\u0153urs et chers fr\u00e8res de notre paroisse de St Benoit et St Gilles,<\/p>\n\n\n\n<p>Monseigneur Gosselin a rencontr\u00e9 le 4 mars le P\u00e8re Eric qui connait actuellement des soucis de sant\u00e9. Suite \u00e0 cela, Monseigneur a pris la d\u00e9cision de reporter &#8220;sine die&#8221; la visite pastorale.<\/p>\n\n\n\n<p>De tout le programme, nous ne conservons que la rencontre avec l&#8217;EAP et la messe de dimanche 10 mars exceptionnellement <strong>\u00e0 10h00<\/strong> au cours de laquelle\u00a0il y aura un deuxi\u00e8me scrutin pour les cat\u00e9chum\u00e8nes.<\/p>\n\n\n\n<p>N\u00e9anmoins nous serons \u00e0 Beaucanton jeudi soir pour accueillir ceux qui n&#8217;auraient pas eu connaissance&nbsp;de ce message.<\/p>\n\n\n\n<p>En vous souhaitant une belle journ\u00e9e, et en union de pri\u00e8re avec notre cur\u00e9, le p\u00e8re Eric.<\/p>\n\n\n\n<p>L&#8217;Equipe d&#8217;Animation Pastorale<\/p>\n\n\n\n<p><\/p>\n\n\n\n<p><strong>Voici le programme envisag\u00e9 pour ces 4 jours<\/strong> <\/p>\n\n\n\n<div data-wp-interactive=\"core\/file\" class=\"wp-block-file\"><object data-wp-bind--hidden=\"!state.hasPdfPreview\" hidden class=\"wp-block-file__embed\" data=\"https:\/\/charente.catholique.fr\/sud-charente\/wp-content\/uploads\/sites\/5\/2024\/02\/Programme-de-la-Visite-Pastorale-de-notre-Eveque.-1.pdf\" type=\"application\/pdf\" style=\"width:100%;height:600px\" aria-label=\"Contenu embarqu\u00e9 Programme-de-la-Visite-Pastorale-de-notre-Eveque.-1.\"><\/object><a id=\"wp-block-file--media-a9aecfdd-2810-402e-bfad-9742b3513598\" href=\"https:\/\/charente.catholique.fr\/sud-charente\/wp-content\/uploads\/sites\/5\/2024\/02\/Programme-de-la-Visite-Pastorale-de-notre-Eveque.-1.pdf\">Programme-de-la-Visite-Pastorale-de-notre-Eveque.-1<\/a><a href=\"https:\/\/charente.catholique.fr\/sud-charente\/wp-content\/uploads\/sites\/5\/2024\/02\/Programme-de-la-Visite-Pastorale-de-notre-Eveque.-1.pdf\" class=\"wp-block-file__button wp-element-button\" download aria-describedby=\"wp-block-file--media-a9aecfdd-2810-402e-bfad-9742b3513598\">T\u00e9l\u00e9charger<\/a><\/div>\n","protected":false},"author":3,"featured_media":6805,"template":"","meta":{"_acf_changed":false,"paroisse":["17"],"service":["0"],"footnotes":""},"categories":[],"tags":[],"class_list":["post-6804","evenement","type-evenement","status-publish","has-post-thumbnail","hentry","validated"],"acf":{"start_date":"2024-03-07 00:00:00","end_date":"2024-03-10 00:00:00","location":"Montmoreau - Blanzac - Villebois Lavalette.","address":null},"yoast_head":"<!-- This site is optimized with the Yoast SEO plugin v27.1.1 - https:\/\/yoast.com\/product\/yoast-seo-wordpress\/ -->\n<title>Visite Pastorale - REPORTEE - Doyenn\u00e9 Sud Charente<\/title>\n<meta name=\"robots\" content=\"index, follow, max-snippet:-1, max-image-preview:large, max-video-preview:-1\" \/>\n<link rel=\"canonical\" href=\"https:\/\/charente.catholique.fr\/sud-charente\/agenda\/visite-pastorale\/\" \/>\n<meta property=\"og:locale\" content=\"fr_FR\" \/>\n<meta property=\"og:type\" content=\"article\" \/>\n<meta property=\"og:title\" content=\"Visite Pastorale - REPORTEE - Doyenn\u00e9 Sud Charente\" \/>\n<meta property=\"og:description\" content=\"La visite pastorale pr\u00e9vue du 7 au 10 mars 2024 est report\u00e9e Ch\u00e8res s\u0153urs et chers fr\u00e8res de notre paroisse de St Benoit et St Gilles, Monseigneur Gosselin a rencontr\u00e9 le 4 mars le P\u00e8re Eric qui connait actuellement des soucis de sant\u00e9. Suite \u00e0 cela, Monseigneur a pris la d\u00e9cision de reporter &#8220;sine die&#8221; [&hellip;]\" \/>\n<meta property=\"og:url\" content=\"https:\/\/charente.catholique.fr\/sud-charente\/agenda\/visite-pastorale\/\" \/>\n<meta property=\"og:site_name\" content=\"Doyenn\u00e9 Sud Charente\" \/>\n<meta property=\"article:publisher\" content=\"https:\/\/www.facebook.com\/EgliseCatholiqueCharente\" \/>\n<meta property=\"article:modified_time\" content=\"2024-03-09T11:47:41+00:00\" \/>\n<meta property=\"og:image\" content=\"https:\/\/charente.catholique.fr\/sud-charente\/wp-content\/uploads\/sites\/5\/2023\/10\/mgrgosselin-messechrismale2023-scaled-e1696578115189.jpg\" \/>\n\t<meta property=\"og:image:width\" content=\"2560\" \/>\n\t<meta property=\"og:image:height\" content=\"878\" \/>\n\t<meta property=\"og:image:type\" content=\"image\/jpeg\" \/>\n<meta name=\"twitter:card\" content=\"summary_large_image\" \/>\n<meta name=\"twitter:site\" content=\"@diocesecharente\" \/>\n<meta name=\"twitter:label1\" content=\"Dur\u00e9e de lecture estim\u00e9e\" \/>\n\t<meta name=\"twitter:data1\" content=\"1 minute\" \/>\n<script type=\"application\/ld+json\" class=\"yoast-schema-graph\">{\"@context\":\"https:\/\/schema.org\",\"@graph\":[{\"@type\":\"WebPage\",\"@id\":\"https:\/\/charente.catholique.fr\/sud-charente\/agenda\/visite-pastorale\/\",\"url\":\"https:\/\/charente.catholique.fr\/sud-charente\/agenda\/visite-pastorale\/\",\"name\":\"Visite Pastorale - REPORTEE - Doyenn\u00e9 Sud Charente\",\"isPartOf\":{\"@id\":\"https:\/\/charente.catholique.fr\/sud-charente\/#website\"},\"primaryImageOfPage\":{\"@id\":\"https:\/\/charente.catholique.fr\/sud-charente\/agenda\/visite-pastorale\/#primaryimage\"},\"image\":{\"@id\":\"https:\/\/charente.catholique.fr\/sud-charente\/agenda\/visite-pastorale\/#primaryimage\"},\"thumbnailUrl\":\"https:\/\/charente.catholique.fr\/sud-charente\/wp-content\/uploads\/sites\/5\/2023\/10\/mgrgosselin-messechrismale2023-scaled-e1696578115189.jpg\",\"datePublished\":\"2023-10-06T07:42:03+00:00\",\"dateModified\":\"2024-03-09T11:47:41+00:00\",\"breadcrumb\":{\"@id\":\"https:\/\/charente.catholique.fr\/sud-charente\/agenda\/visite-pastorale\/#breadcrumb\"},\"inLanguage\":\"fr-FR\",\"potentialAction\":[{\"@type\":\"ReadAction\",\"target\":[\"https:\/\/charente.catholique.fr\/sud-charente\/agenda\/visite-pastorale\/\"]}]},{\"@type\":\"ImageObject\",\"inLanguage\":\"fr-FR\",\"@id\":\"https:\/\/charente.catholique.fr\/sud-charente\/agenda\/visite-pastorale\/#primaryimage\",\"url\":\"https:\/\/charente.catholique.fr\/sud-charente\/wp-content\/uploads\/sites\/5\/2023\/10\/mgrgosselin-messechrismale2023-scaled-e1696578115189.jpg\",\"contentUrl\":\"https:\/\/charente.catholique.fr\/sud-charente\/wp-content\/uploads\/sites\/5\/2023\/10\/mgrgosselin-messechrismale2023-scaled-e1696578115189.jpg\",\"width\":2560,\"height\":878},{\"@type\":\"BreadcrumbList\",\"@id\":\"https:\/\/charente.catholique.fr\/sud-charente\/agenda\/visite-pastorale\/#breadcrumb\",\"itemListElement\":[{\"@type\":\"ListItem\",\"position\":1,\"name\":\"Accueil\",\"item\":\"https:\/\/charente.catholique.fr\/sud-charente\/\"},{\"@type\":\"ListItem\",\"position\":2,\"name\":\"Visite Pastorale &#8211; REPORTEE\"}]},{\"@type\":\"WebSite\",\"@id\":\"https:\/\/charente.catholique.fr\/sud-charente\/#website\",\"url\":\"https:\/\/charente.catholique.fr\/sud-charente\/\",\"name\":\"Doyenn\u00e9 Sud Charente - Dioc\u00e8se d'Angoul\u00eame\",\"description\":\"Dioc\u00e8se d&#039;Angoul\u00eame\",\"publisher\":{\"@id\":\"https:\/\/charente.catholique.fr\/sud-charente\/#organization\"},\"potentialAction\":[{\"@type\":\"SearchAction\",\"target\":{\"@type\":\"EntryPoint\",\"urlTemplate\":\"https:\/\/charente.catholique.fr\/sud-charente\/?s={search_term_string}\"},\"query-input\":{\"@type\":\"PropertyValueSpecification\",\"valueRequired\":true,\"valueName\":\"search_term_string\"}}],\"inLanguage\":\"fr-FR\"},{\"@type\":\"Organization\",\"@id\":\"https:\/\/charente.catholique.fr\/sud-charente\/#organization\",\"name\":\"Association dioc\u00e9saine d'Angoul\u00eame\",\"url\":\"https:\/\/charente.catholique.fr\/sud-charente\/\",\"logo\":{\"@type\":\"ImageObject\",\"inLanguage\":\"fr-FR\",\"@id\":\"https:\/\/charente.catholique.fr\/sud-charente\/#\/schema\/logo\/image\/\",\"url\":\"https:\/\/charente.catholique.fr\/sud-charente\/wp-content\/uploads\/sites\/5\/2020\/10\/logos.png\",\"contentUrl\":\"https:\/\/charente.catholique.fr\/sud-charente\/wp-content\/uploads\/sites\/5\/2020\/10\/logos.png\",\"width\":600,\"height\":257,\"caption\":\"Association dioc\u00e9saine d'Angoul\u00eame\"},\"image\":{\"@id\":\"https:\/\/charente.catholique.fr\/sud-charente\/#\/schema\/logo\/image\/\"},\"sameAs\":[\"https:\/\/www.facebook.com\/EgliseCatholiqueCharente\",\"https:\/\/x.com\/diocesecharente\",\"https:\/\/www.instagram.com\/eglisecharente\",\"https:\/\/www.youtube.com\/channel\/UCByyFWApZbw3gDTiADoiAaQ\"]}]}<\/script>\n<!-- \/ Yoast SEO plugin. -->","yoast_head_json":{"title":"Visite Pastorale - REPORTEE - Doyenn\u00e9 Sud Charente","robots":{"index":"index","follow":"follow","max-snippet":"max-snippet:-1","max-image-preview":"max-image-preview:large","max-video-preview":"max-video-preview:-1"},"canonical":"https:\/\/charente.catholique.fr\/sud-charente\/agenda\/visite-pastorale\/","og_locale":"fr_FR","og_type":"article","og_title":"Visite Pastorale - REPORTEE - Doyenn\u00e9 Sud Charente","og_description":"La visite pastorale pr\u00e9vue du 7 au 10 mars 2024 est report\u00e9e Ch\u00e8res s\u0153urs et chers fr\u00e8res de notre paroisse de St Benoit et St Gilles, Monseigneur Gosselin a rencontr\u00e9 le 4 mars le P\u00e8re Eric qui connait actuellement des soucis de sant\u00e9. Suite \u00e0 cela, Monseigneur a pris la d\u00e9cision de reporter &#8220;sine die&#8221; [&hellip;]","og_url":"https:\/\/charente.catholique.fr\/sud-charente\/agenda\/visite-pastorale\/","og_site_name":"Doyenn\u00e9 Sud Charente","article_publisher":"https:\/\/www.facebook.com\/EgliseCatholiqueCharente","article_modified_time":"2024-03-09T11:47:41+00:00","og_image":[{"width":2560,"height":878,"url":"https:\/\/charente.catholique.fr\/sud-charente\/wp-content\/uploads\/sites\/5\/2023\/10\/mgrgosselin-messechrismale2023-scaled-e1696578115189.jpg","type":"image\/jpeg"}],"twitter_card":"summary_large_image","twitter_site":"@diocesecharente","twitter_misc":{"Dur\u00e9e de lecture estim\u00e9e":"1 minute"},"schema":{"@context":"https:\/\/schema.org","@graph":[{"@type":"WebPage","@id":"https:\/\/charente.catholique.fr\/sud-charente\/agenda\/visite-pastorale\/","url":"https:\/\/charente.catholique.fr\/sud-charente\/agenda\/visite-pastorale\/","name":"Visite Pastorale - REPORTEE - Doyenn\u00e9 Sud Charente","isPartOf":{"@id":"https:\/\/charente.catholique.fr\/sud-charente\/#website"},"primaryImageOfPage":{"@id":"https:\/\/charente.catholique.fr\/sud-charente\/agenda\/visite-pastorale\/#primaryimage"},"image":{"@id":"https:\/\/charente.catholique.fr\/sud-charente\/agenda\/visite-pastorale\/#primaryimage"},"thumbnailUrl":"https:\/\/charente.catholique.fr\/sud-charente\/wp-content\/uploads\/sites\/5\/2023\/10\/mgrgosselin-messechrismale2023-scaled-e1696578115189.jpg","datePublished":"2023-10-06T07:42:03+00:00","dateModified":"2024-03-09T11:47:41+00:00","breadcrumb":{"@id":"https:\/\/charente.catholique.fr\/sud-charente\/agenda\/visite-pastorale\/#breadcrumb"},"inLanguage":"fr-FR","potentialAction":[{"@type":"ReadAction","target":["https:\/\/charente.catholique.fr\/sud-charente\/agenda\/visite-pastorale\/"]}]},{"@type":"ImageObject","inLanguage":"fr-FR","@id":"https:\/\/charente.catholique.fr\/sud-charente\/agenda\/visite-pastorale\/#primaryimage","url":"https:\/\/charente.catholique.fr\/sud-charente\/wp-content\/uploads\/sites\/5\/2023\/10\/mgrgosselin-messechrismale2023-scaled-e1696578115189.jpg","contentUrl":"https:\/\/charente.catholique.fr\/sud-charente\/wp-content\/uploads\/sites\/5\/2023\/10\/mgrgosselin-messechrismale2023-scaled-e1696578115189.jpg","width":2560,"height":878},{"@type":"BreadcrumbList","@id":"https:\/\/charente.catholique.fr\/sud-charente\/agenda\/visite-pastorale\/#breadcrumb","itemListElement":[{"@type":"ListItem","position":1,"name":"Accueil","item":"https:\/\/charente.catholique.fr\/sud-charente\/"},{"@type":"ListItem","position":2,"name":"Visite Pastorale &#8211; REPORTEE"}]},{"@type":"WebSite","@id":"https:\/\/charente.catholique.fr\/sud-charente\/#website","url":"https:\/\/charente.catholique.fr\/sud-charente\/","name":"Doyenn\u00e9 Sud Charente - Dioc\u00e8se d'Angoul\u00eame","description":"Dioc\u00e8se d&#039;Angoul\u00eame","publisher":{"@id":"https:\/\/charente.catholique.fr\/sud-charente\/#organization"},"potentialAction":[{"@type":"SearchAction","target":{"@type":"EntryPoint","urlTemplate":"https:\/\/charente.catholique.fr\/sud-charente\/?s={search_term_string}"},"query-input":{"@type":"PropertyValueSpecification","valueRequired":true,"valueName":"search_term_string"}}],"inLanguage":"fr-FR"},{"@type":"Organization","@id":"https:\/\/charente.catholique.fr\/sud-charente\/#organization","name":"Association dioc\u00e9saine d'Angoul\u00eame","url":"https:\/\/charente.catholique.fr\/sud-charente\/","logo":{"@type":"ImageObject","inLanguage":"fr-FR","@id":"https:\/\/charente.catholique.fr\/sud-charente\/#\/schema\/logo\/image\/","url":"https:\/\/charente.catholique.fr\/sud-charente\/wp-content\/uploads\/sites\/5\/2020\/10\/logos.png","contentUrl":"https:\/\/charente.catholique.fr\/sud-charente\/wp-content\/uploads\/sites\/5\/2020\/10\/logos.png","width":600,"height":257,"caption":"Association dioc\u00e9saine d'Angoul\u00eame"},"image":{"@id":"https:\/\/charente.catholique.fr\/sud-charente\/#\/schema\/logo\/image\/"},"sameAs":["https:\/\/www.facebook.com\/EgliseCatholiqueCharente","https:\/\/x.com\/diocesecharente","https:\/\/www.instagram.com\/eglisecharente","https:\/\/www.youtube.com\/channel\/UCByyFWApZbw3gDTiADoiAaQ"]}]}},"_links":{"self":[{"href":"https:\/\/charente.catholique.fr\/sud-charente\/wp-json\/wp\/v2\/evenement\/6804","targetHints":{"allow":["GET"]}}],"collection":[{"href":"https:\/\/charente.catholique.fr\/sud-charente\/wp-json\/wp\/v2\/evenement"}],"about":[{"href":"https:\/\/charente.catholique.fr\/sud-charente\/wp-json\/wp\/v2\/types\/evenement"}],"author":[{"embeddable":true,"href":"https:\/\/charente.catholique.fr\/sud-charente\/wp-json\/wp\/v2\/users\/3"}],"version-history":[{"count":10,"href":"https:\/\/charente.catholique.fr\/sud-charente\/wp-json\/wp\/v2\/evenement\/6804\/revisions"}],"predecessor-version":[{"id":7939,"href":"https:\/\/charente.catholique.fr\/sud-charente\/wp-json\/wp\/v2\/evenement\/6804\/revisions\/7939"}],"wp:featuredmedia":[{"embeddable":true,"href":"https:\/\/charente.catholique.fr\/sud-charente\/wp-json\/wp\/v2\/media\/6805"}],"wp:attachment":[{"href":"https:\/\/charente.catholique.fr\/sud-charente\/wp-json\/wp\/v2\/media?parent=6804"}],"wp:term":[{"taxonomy":"category","embeddable":true,"href":"https:\/\/charente.catholique.fr\/sud-charente\/wp-json\/wp\/v2\/categories?post=6804"},{"taxonomy":"post_tag","embeddable":true,"href":"https:\/\/charente.catholique.fr\/sud-charente\/wp-json\/wp\/v2\/tags?post=6804"}],"curies":[{"name":"wp","href":"https:\/\/api.w.org\/{rel}","templated":true}]}}