{"id":6751,"date":"2023-09-28T15:59:08","date_gmt":"2023-09-28T13:59:08","guid":{"rendered":"https:\/\/charente.catholique.fr\/sud-charente\/?post_type=evenement&#038;p=6751"},"modified":"2023-12-11T08:36:48","modified_gmt":"2023-12-11T07:36:48","slug":"session-bibilique","status":"publish","type":"evenement","link":"https:\/\/charente.catholique.fr\/sud-charente\/agenda\/session-bibilique\/","title":{"rendered":"Session biblique"},"content":{"rendered":"\n<p><\/p>\n\n\n\n<p>Etudes de trois textes \u00e9vang\u00e9liques :&nbsp;<strong>Confession de C\u00e9sar\u00e9e, Transfiguration , enfant \u00e9pileptique<\/strong><br>(apporter des crayons de couleur).<\/p>\n\n\n\n<p>&nbsp;Anim\u00e9e&nbsp;par&nbsp;S\u0153ur Marie-Madeleine<\/p>\n\n\n\n<p><\/p>\n\n\n\n<p><strong>5-6-7 F\u00e9vrier 2024<br><\/strong>Lundi&nbsp; et mardi : 11h-12h15<br>&nbsp;&nbsp;&nbsp; &nbsp;&nbsp;&nbsp; &nbsp;&nbsp;&nbsp; &nbsp;&nbsp;&nbsp; &nbsp;&nbsp;&nbsp; &nbsp;&nbsp;&nbsp; &nbsp;&nbsp;&nbsp; &nbsp;&nbsp;&nbsp; 15h-17h<br>Mercredi matin : 11h -12h15<\/p>\n\n\n\n<p>Besoin d&#8217;infos ?<\/p>\n\n\n\n<p>S\u0153ur Rapha\u00ebl<br>&nbsp;et&nbsp;S\u0153ur Th\u00e9r\u00e8se<\/p>\n\n\n\n<p><a href=\"mailto:accueil@maumont.com\">accueil@maumont.com<\/a><br>05 45 60 34 38<br><a href=\"https:\/\/www.maumont.com\/\">www.maumont.com<\/a><\/p>\n","protected":false},"author":81,"featured_media":6756,"template":"","meta":{"_acf_changed":false,"paroisse":["17"],"service":["0"],"footnotes":""},"categories":[1,13],"tags":[],"class_list":["post-6751","evenement","type-evenement","status-publish","has-post-thumbnail","hentry","category-actualites","category-maumont","validated"],"acf":{"start_date":"2024-02-05 11:00:00","end_date":"2024-02-07 12:15:00","location":"Abbaye de Maumont","address":{"address":"Juignac, France","lat":45.37770099999999,"lng":0.16335,"zoom":14,"place_id":"ChIJHXLfkFDD_0cRcLfuYJLTBQQ","name":"Juignac","city":"Juignac","state":"Nouvelle-Aquitaine","post_code":16190,"country":"France","country_short":"FR"}},"yoast_head":"<!-- This site is optimized with the Yoast SEO plugin v27.1.1 - https:\/\/yoast.com\/product\/yoast-seo-wordpress\/ -->\n<title>Session biblique - Doyenn\u00e9 Sud Charente<\/title>\n<meta name=\"robots\" content=\"index, follow, max-snippet:-1, max-image-preview:large, max-video-preview:-1\" \/>\n<link rel=\"canonical\" href=\"https:\/\/charente.catholique.fr\/sud-charente\/agenda\/session-bibilique\/\" \/>\n<meta property=\"og:locale\" content=\"fr_FR\" \/>\n<meta property=\"og:type\" content=\"article\" \/>\n<meta property=\"og:title\" content=\"Session biblique - Doyenn\u00e9 Sud Charente\" \/>\n<meta property=\"og:description\" content=\"Etudes de trois textes \u00e9vang\u00e9liques :&nbsp;Confession de C\u00e9sar\u00e9e, Transfiguration , enfant \u00e9pileptique(apporter des crayons de couleur). &nbsp;Anim\u00e9e&nbsp;par&nbsp;S\u0153ur Marie-Madeleine 5-6-7 F\u00e9vrier 2024Lundi&nbsp; et mardi : 11h-12h15&nbsp;&nbsp;&nbsp; &nbsp;&nbsp;&nbsp; &nbsp;&nbsp;&nbsp; &nbsp;&nbsp;&nbsp; &nbsp;&nbsp;&nbsp; &nbsp;&nbsp;&nbsp; &nbsp;&nbsp;&nbsp; &nbsp;&nbsp;&nbsp; 15h-17hMercredi matin : 11h -12h15 Besoin d&#8217;infos ? S\u0153ur Rapha\u00ebl&nbsp;et&nbsp;S\u0153ur Th\u00e9r\u00e8se accueil@maumont.com05 45 60 34 38www.maumont.com\" \/>\n<meta property=\"og:url\" content=\"https:\/\/charente.catholique.fr\/sud-charente\/agenda\/session-bibilique\/\" \/>\n<meta property=\"og:site_name\" content=\"Doyenn\u00e9 Sud Charente\" \/>\n<meta property=\"article:publisher\" content=\"https:\/\/www.facebook.com\/EgliseCatholiqueCharente\" \/>\n<meta property=\"article:modified_time\" content=\"2023-12-11T07:36:48+00:00\" \/>\n<meta property=\"og:image\" content=\"https:\/\/charente.catholique.fr\/sud-charente\/wp-content\/uploads\/sites\/5\/2023\/09\/mau.jpg\" \/>\n\t<meta property=\"og:image:width\" content=\"1000\" \/>\n\t<meta property=\"og:image:height\" content=\"750\" \/>\n\t<meta property=\"og:image:type\" content=\"image\/jpeg\" \/>\n<meta name=\"twitter:card\" content=\"summary_large_image\" \/>\n<meta name=\"twitter:site\" content=\"@diocesecharente\" \/>\n<meta name=\"twitter:label1\" content=\"Dur\u00e9e de lecture estim\u00e9e\" \/>\n\t<meta name=\"twitter:data1\" content=\"1 minute\" \/>\n<script type=\"application\/ld+json\" class=\"yoast-schema-graph\">{\"@context\":\"https:\/\/schema.org\",\"@graph\":[{\"@type\":\"WebPage\",\"@id\":\"https:\/\/charente.catholique.fr\/sud-charente\/agenda\/session-bibilique\/\",\"url\":\"https:\/\/charente.catholique.fr\/sud-charente\/agenda\/session-bibilique\/\",\"name\":\"Session biblique - Doyenn\u00e9 Sud Charente\",\"isPartOf\":{\"@id\":\"https:\/\/charente.catholique.fr\/sud-charente\/#website\"},\"primaryImageOfPage\":{\"@id\":\"https:\/\/charente.catholique.fr\/sud-charente\/agenda\/session-bibilique\/#primaryimage\"},\"image\":{\"@id\":\"https:\/\/charente.catholique.fr\/sud-charente\/agenda\/session-bibilique\/#primaryimage\"},\"thumbnailUrl\":\"https:\/\/charente.catholique.fr\/sud-charente\/wp-content\/uploads\/sites\/5\/2023\/09\/mau.jpg\",\"datePublished\":\"2023-09-28T13:59:08+00:00\",\"dateModified\":\"2023-12-11T07:36:48+00:00\",\"breadcrumb\":{\"@id\":\"https:\/\/charente.catholique.fr\/sud-charente\/agenda\/session-bibilique\/#breadcrumb\"},\"inLanguage\":\"fr-FR\",\"potentialAction\":[{\"@type\":\"ReadAction\",\"target\":[\"https:\/\/charente.catholique.fr\/sud-charente\/agenda\/session-bibilique\/\"]}]},{\"@type\":\"ImageObject\",\"inLanguage\":\"fr-FR\",\"@id\":\"https:\/\/charente.catholique.fr\/sud-charente\/agenda\/session-bibilique\/#primaryimage\",\"url\":\"https:\/\/charente.catholique.fr\/sud-charente\/wp-content\/uploads\/sites\/5\/2023\/09\/mau.jpg\",\"contentUrl\":\"https:\/\/charente.catholique.fr\/sud-charente\/wp-content\/uploads\/sites\/5\/2023\/09\/mau.jpg\",\"width\":1000,\"height\":750},{\"@type\":\"BreadcrumbList\",\"@id\":\"https:\/\/charente.catholique.fr\/sud-charente\/agenda\/session-bibilique\/#breadcrumb\",\"itemListElement\":[{\"@type\":\"ListItem\",\"position\":1,\"name\":\"Accueil\",\"item\":\"https:\/\/charente.catholique.fr\/sud-charente\/\"},{\"@type\":\"ListItem\",\"position\":2,\"name\":\"Session biblique\"}]},{\"@type\":\"WebSite\",\"@id\":\"https:\/\/charente.catholique.fr\/sud-charente\/#website\",\"url\":\"https:\/\/charente.catholique.fr\/sud-charente\/\",\"name\":\"Doyenn\u00e9 Sud Charente - Dioc\u00e8se d'Angoul\u00eame\",\"description\":\"Dioc\u00e8se d&#039;Angoul\u00eame\",\"publisher\":{\"@id\":\"https:\/\/charente.catholique.fr\/sud-charente\/#organization\"},\"potentialAction\":[{\"@type\":\"SearchAction\",\"target\":{\"@type\":\"EntryPoint\",\"urlTemplate\":\"https:\/\/charente.catholique.fr\/sud-charente\/?s={search_term_string}\"},\"query-input\":{\"@type\":\"PropertyValueSpecification\",\"valueRequired\":true,\"valueName\":\"search_term_string\"}}],\"inLanguage\":\"fr-FR\"},{\"@type\":\"Organization\",\"@id\":\"https:\/\/charente.catholique.fr\/sud-charente\/#organization\",\"name\":\"Association dioc\u00e9saine d'Angoul\u00eame\",\"url\":\"https:\/\/charente.catholique.fr\/sud-charente\/\",\"logo\":{\"@type\":\"ImageObject\",\"inLanguage\":\"fr-FR\",\"@id\":\"https:\/\/charente.catholique.fr\/sud-charente\/#\/schema\/logo\/image\/\",\"url\":\"https:\/\/charente.catholique.fr\/sud-charente\/wp-content\/uploads\/sites\/5\/2020\/10\/logos.png\",\"contentUrl\":\"https:\/\/charente.catholique.fr\/sud-charente\/wp-content\/uploads\/sites\/5\/2020\/10\/logos.png\",\"width\":600,\"height\":257,\"caption\":\"Association dioc\u00e9saine d'Angoul\u00eame\"},\"image\":{\"@id\":\"https:\/\/charente.catholique.fr\/sud-charente\/#\/schema\/logo\/image\/\"},\"sameAs\":[\"https:\/\/www.facebook.com\/EgliseCatholiqueCharente\",\"https:\/\/x.com\/diocesecharente\",\"https:\/\/www.instagram.com\/eglisecharente\",\"https:\/\/www.youtube.com\/channel\/UCByyFWApZbw3gDTiADoiAaQ\"]}]}<\/script>\n<!-- \/ Yoast SEO plugin. -->","yoast_head_json":{"title":"Session biblique - Doyenn\u00e9 Sud Charente","robots":{"index":"index","follow":"follow","max-snippet":"max-snippet:-1","max-image-preview":"max-image-preview:large","max-video-preview":"max-video-preview:-1"},"canonical":"https:\/\/charente.catholique.fr\/sud-charente\/agenda\/session-bibilique\/","og_locale":"fr_FR","og_type":"article","og_title":"Session biblique - Doyenn\u00e9 Sud Charente","og_description":"Etudes de trois textes \u00e9vang\u00e9liques :&nbsp;Confession de C\u00e9sar\u00e9e, Transfiguration , enfant \u00e9pileptique(apporter des crayons de couleur). &nbsp;Anim\u00e9e&nbsp;par&nbsp;S\u0153ur Marie-Madeleine 5-6-7 F\u00e9vrier 2024Lundi&nbsp; et mardi : 11h-12h15&nbsp;&nbsp;&nbsp; &nbsp;&nbsp;&nbsp; &nbsp;&nbsp;&nbsp; &nbsp;&nbsp;&nbsp; &nbsp;&nbsp;&nbsp; &nbsp;&nbsp;&nbsp; &nbsp;&nbsp;&nbsp; &nbsp;&nbsp;&nbsp; 15h-17hMercredi matin : 11h -12h15 Besoin d&#8217;infos ? S\u0153ur Rapha\u00ebl&nbsp;et&nbsp;S\u0153ur Th\u00e9r\u00e8se accueil@maumont.com05 45 60 34 38www.maumont.com","og_url":"https:\/\/charente.catholique.fr\/sud-charente\/agenda\/session-bibilique\/","og_site_name":"Doyenn\u00e9 Sud Charente","article_publisher":"https:\/\/www.facebook.com\/EgliseCatholiqueCharente","article_modified_time":"2023-12-11T07:36:48+00:00","og_image":[{"width":1000,"height":750,"url":"https:\/\/charente.catholique.fr\/sud-charente\/wp-content\/uploads\/sites\/5\/2023\/09\/mau.jpg","type":"image\/jpeg"}],"twitter_card":"summary_large_image","twitter_site":"@diocesecharente","twitter_misc":{"Dur\u00e9e de lecture estim\u00e9e":"1 minute"},"schema":{"@context":"https:\/\/schema.org","@graph":[{"@type":"WebPage","@id":"https:\/\/charente.catholique.fr\/sud-charente\/agenda\/session-bibilique\/","url":"https:\/\/charente.catholique.fr\/sud-charente\/agenda\/session-bibilique\/","name":"Session biblique - Doyenn\u00e9 Sud Charente","isPartOf":{"@id":"https:\/\/charente.catholique.fr\/sud-charente\/#website"},"primaryImageOfPage":{"@id":"https:\/\/charente.catholique.fr\/sud-charente\/agenda\/session-bibilique\/#primaryimage"},"image":{"@id":"https:\/\/charente.catholique.fr\/sud-charente\/agenda\/session-bibilique\/#primaryimage"},"thumbnailUrl":"https:\/\/charente.catholique.fr\/sud-charente\/wp-content\/uploads\/sites\/5\/2023\/09\/mau.jpg","datePublished":"2023-09-28T13:59:08+00:00","dateModified":"2023-12-11T07:36:48+00:00","breadcrumb":{"@id":"https:\/\/charente.catholique.fr\/sud-charente\/agenda\/session-bibilique\/#breadcrumb"},"inLanguage":"fr-FR","potentialAction":[{"@type":"ReadAction","target":["https:\/\/charente.catholique.fr\/sud-charente\/agenda\/session-bibilique\/"]}]},{"@type":"ImageObject","inLanguage":"fr-FR","@id":"https:\/\/charente.catholique.fr\/sud-charente\/agenda\/session-bibilique\/#primaryimage","url":"https:\/\/charente.catholique.fr\/sud-charente\/wp-content\/uploads\/sites\/5\/2023\/09\/mau.jpg","contentUrl":"https:\/\/charente.catholique.fr\/sud-charente\/wp-content\/uploads\/sites\/5\/2023\/09\/mau.jpg","width":1000,"height":750},{"@type":"BreadcrumbList","@id":"https:\/\/charente.catholique.fr\/sud-charente\/agenda\/session-bibilique\/#breadcrumb","itemListElement":[{"@type":"ListItem","position":1,"name":"Accueil","item":"https:\/\/charente.catholique.fr\/sud-charente\/"},{"@type":"ListItem","position":2,"name":"Session biblique"}]},{"@type":"WebSite","@id":"https:\/\/charente.catholique.fr\/sud-charente\/#website","url":"https:\/\/charente.catholique.fr\/sud-charente\/","name":"Doyenn\u00e9 Sud Charente - Dioc\u00e8se d'Angoul\u00eame","description":"Dioc\u00e8se d&#039;Angoul\u00eame","publisher":{"@id":"https:\/\/charente.catholique.fr\/sud-charente\/#organization"},"potentialAction":[{"@type":"SearchAction","target":{"@type":"EntryPoint","urlTemplate":"https:\/\/charente.catholique.fr\/sud-charente\/?s={search_term_string}"},"query-input":{"@type":"PropertyValueSpecification","valueRequired":true,"valueName":"search_term_string"}}],"inLanguage":"fr-FR"},{"@type":"Organization","@id":"https:\/\/charente.catholique.fr\/sud-charente\/#organization","name":"Association dioc\u00e9saine d'Angoul\u00eame","url":"https:\/\/charente.catholique.fr\/sud-charente\/","logo":{"@type":"ImageObject","inLanguage":"fr-FR","@id":"https:\/\/charente.catholique.fr\/sud-charente\/#\/schema\/logo\/image\/","url":"https:\/\/charente.catholique.fr\/sud-charente\/wp-content\/uploads\/sites\/5\/2020\/10\/logos.png","contentUrl":"https:\/\/charente.catholique.fr\/sud-charente\/wp-content\/uploads\/sites\/5\/2020\/10\/logos.png","width":600,"height":257,"caption":"Association dioc\u00e9saine d'Angoul\u00eame"},"image":{"@id":"https:\/\/charente.catholique.fr\/sud-charente\/#\/schema\/logo\/image\/"},"sameAs":["https:\/\/www.facebook.com\/EgliseCatholiqueCharente","https:\/\/x.com\/diocesecharente","https:\/\/www.instagram.com\/eglisecharente","https:\/\/www.youtube.com\/channel\/UCByyFWApZbw3gDTiADoiAaQ"]}]}},"_links":{"self":[{"href":"https:\/\/charente.catholique.fr\/sud-charente\/wp-json\/wp\/v2\/evenement\/6751","targetHints":{"allow":["GET"]}}],"collection":[{"href":"https:\/\/charente.catholique.fr\/sud-charente\/wp-json\/wp\/v2\/evenement"}],"about":[{"href":"https:\/\/charente.catholique.fr\/sud-charente\/wp-json\/wp\/v2\/types\/evenement"}],"author":[{"embeddable":true,"href":"https:\/\/charente.catholique.fr\/sud-charente\/wp-json\/wp\/v2\/users\/81"}],"version-history":[{"count":6,"href":"https:\/\/charente.catholique.fr\/sud-charente\/wp-json\/wp\/v2\/evenement\/6751\/revisions"}],"predecessor-version":[{"id":7343,"href":"https:\/\/charente.catholique.fr\/sud-charente\/wp-json\/wp\/v2\/evenement\/6751\/revisions\/7343"}],"wp:featuredmedia":[{"embeddable":true,"href":"https:\/\/charente.catholique.fr\/sud-charente\/wp-json\/wp\/v2\/media\/6756"}],"wp:attachment":[{"href":"https:\/\/charente.catholique.fr\/sud-charente\/wp-json\/wp\/v2\/media?parent=6751"}],"wp:term":[{"taxonomy":"category","embeddable":true,"href":"https:\/\/charente.catholique.fr\/sud-charente\/wp-json\/wp\/v2\/categories?post=6751"},{"taxonomy":"post_tag","embeddable":true,"href":"https:\/\/charente.catholique.fr\/sud-charente\/wp-json\/wp\/v2\/tags?post=6751"}],"curies":[{"name":"wp","href":"https:\/\/api.w.org\/{rel}","templated":true}]}}