{"id":6736,"date":"2023-09-28T15:46:18","date_gmt":"2023-09-28T13:46:18","guid":{"rendered":"https:\/\/charente.catholique.fr\/sud-charente\/?post_type=evenement&#038;p=6736"},"modified":"2023-09-28T15:49:03","modified_gmt":"2023-09-28T13:49:03","slug":"avec-humanite","status":"publish","type":"evenement","link":"https:\/\/charente.catholique.fr\/sud-charente\/agenda\/avec-humanite\/","title":{"rendered":"Avec Humanit\u00e9"},"content":{"rendered":"\n<p>Qui que nous soyons, tous nous d\u00e9sirons humaniser notre monde. D\u00e9couvrir comment, pour chacun, la R\u00e8gle de Saint Beno\u00eet peut \u00eatre un guide sur ce chemin<\/p>\n\n\n\n<p>\u00a0Anim\u00e9e par\u00a0S\u0153ur Rapha\u00ebl<\/p>\n\n\n\n<p><\/p>\n\n\n\n<p>+ d&#8217;infos ?<\/p>\n\n\n\n<p>S\u0153ur Rapha\u00ebl<br>&nbsp;et&nbsp;S\u0153ur Th\u00e9r\u00e8se<\/p>\n\n\n\n<p><a href=\"mailto:accueil@maumont.com\">accueil@maumont.com<\/a><br>05 45 60 34 38<br><a href=\"https:\/\/www.maumont.com\/\">www.maumont.com<\/a><\/p>\n\n\n\n<figure class=\"wp-block-image\"><img decoding=\"async\" src=\"https:\/\/www.maumont.com\/images\/maumont\/chronique-maumont\/jubile-soeur-beatrice-abbaye-maumont.JPG\" alt=\"                               \"\/><\/figure>\n\n\n\n<p><\/p>\n","protected":false},"author":81,"featured_media":6739,"template":"","meta":{"_acf_changed":false,"paroisse":["17"],"service":["0"],"footnotes":""},"categories":[1,13],"tags":[],"class_list":["post-6736","evenement","type-evenement","status-publish","has-post-thumbnail","hentry","category-actualites","category-maumont","validated"],"acf":{"start_date":"2024-03-02 14:30:00","end_date":"2024-03-03 12:15:00","location":"Abbaye de Maumont","address":{"address":"Juignac, France","lat":45.37770099999999,"lng":0.16335,"zoom":13,"place_id":"ChIJHXLfkFDD_0cRcLfuYJLTBQQ","name":"Juignac","city":"Juignac","state":"Nouvelle-Aquitaine","post_code":16190,"country":"France","country_short":"FR"}},"yoast_head":"<!-- This site is optimized with the Yoast SEO plugin v27.1.1 - https:\/\/yoast.com\/product\/yoast-seo-wordpress\/ -->\n<title>Avec Humanit\u00e9 - Doyenn\u00e9 Sud Charente<\/title>\n<meta name=\"robots\" content=\"index, follow, max-snippet:-1, max-image-preview:large, max-video-preview:-1\" \/>\n<link rel=\"canonical\" href=\"https:\/\/charente.catholique.fr\/sud-charente\/agenda\/avec-humanite\/\" \/>\n<meta property=\"og:locale\" content=\"fr_FR\" \/>\n<meta property=\"og:type\" content=\"article\" \/>\n<meta property=\"og:title\" content=\"Avec Humanit\u00e9 - Doyenn\u00e9 Sud Charente\" \/>\n<meta property=\"og:description\" content=\"Qui que nous soyons, tous nous d\u00e9sirons humaniser notre monde. D\u00e9couvrir comment, pour chacun, la R\u00e8gle de Saint Beno\u00eet peut \u00eatre un guide sur ce chemin \u00a0Anim\u00e9e par\u00a0S\u0153ur Rapha\u00ebl + d&#8217;infos ? S\u0153ur Rapha\u00ebl&nbsp;et&nbsp;S\u0153ur Th\u00e9r\u00e8se accueil@maumont.com05 45 60 34 38www.maumont.com\" \/>\n<meta property=\"og:url\" content=\"https:\/\/charente.catholique.fr\/sud-charente\/agenda\/avec-humanite\/\" \/>\n<meta property=\"og:site_name\" content=\"Doyenn\u00e9 Sud Charente\" \/>\n<meta property=\"article:publisher\" content=\"https:\/\/www.facebook.com\/EgliseCatholiqueCharente\" \/>\n<meta property=\"article:modified_time\" content=\"2023-09-28T13:49:03+00:00\" \/>\n<meta property=\"og:image\" content=\"https:\/\/charente.catholique.fr\/sud-charente\/wp-content\/uploads\/sites\/5\/2023\/09\/1920.jpg\" \/>\n\t<meta property=\"og:image:width\" content=\"1000\" \/>\n\t<meta property=\"og:image:height\" content=\"750\" \/>\n\t<meta property=\"og:image:type\" content=\"image\/jpeg\" \/>\n<meta name=\"twitter:card\" content=\"summary_large_image\" \/>\n<meta name=\"twitter:site\" content=\"@diocesecharente\" \/>\n<meta name=\"twitter:label1\" content=\"Dur\u00e9e de lecture estim\u00e9e\" \/>\n\t<meta name=\"twitter:data1\" content=\"1 minute\" \/>\n<script type=\"application\/ld+json\" class=\"yoast-schema-graph\">{\"@context\":\"https:\/\/schema.org\",\"@graph\":[{\"@type\":\"WebPage\",\"@id\":\"https:\/\/charente.catholique.fr\/sud-charente\/agenda\/avec-humanite\/\",\"url\":\"https:\/\/charente.catholique.fr\/sud-charente\/agenda\/avec-humanite\/\",\"name\":\"Avec Humanit\u00e9 - Doyenn\u00e9 Sud Charente\",\"isPartOf\":{\"@id\":\"https:\/\/charente.catholique.fr\/sud-charente\/#website\"},\"primaryImageOfPage\":{\"@id\":\"https:\/\/charente.catholique.fr\/sud-charente\/agenda\/avec-humanite\/#primaryimage\"},\"image\":{\"@id\":\"https:\/\/charente.catholique.fr\/sud-charente\/agenda\/avec-humanite\/#primaryimage\"},\"thumbnailUrl\":\"https:\/\/charente.catholique.fr\/sud-charente\/wp-content\/uploads\/sites\/5\/2023\/09\/1920.jpg\",\"datePublished\":\"2023-09-28T13:46:18+00:00\",\"dateModified\":\"2023-09-28T13:49:03+00:00\",\"breadcrumb\":{\"@id\":\"https:\/\/charente.catholique.fr\/sud-charente\/agenda\/avec-humanite\/#breadcrumb\"},\"inLanguage\":\"fr-FR\",\"potentialAction\":[{\"@type\":\"ReadAction\",\"target\":[\"https:\/\/charente.catholique.fr\/sud-charente\/agenda\/avec-humanite\/\"]}]},{\"@type\":\"ImageObject\",\"inLanguage\":\"fr-FR\",\"@id\":\"https:\/\/charente.catholique.fr\/sud-charente\/agenda\/avec-humanite\/#primaryimage\",\"url\":\"https:\/\/charente.catholique.fr\/sud-charente\/wp-content\/uploads\/sites\/5\/2023\/09\/1920.jpg\",\"contentUrl\":\"https:\/\/charente.catholique.fr\/sud-charente\/wp-content\/uploads\/sites\/5\/2023\/09\/1920.jpg\",\"width\":1000,\"height\":750},{\"@type\":\"BreadcrumbList\",\"@id\":\"https:\/\/charente.catholique.fr\/sud-charente\/agenda\/avec-humanite\/#breadcrumb\",\"itemListElement\":[{\"@type\":\"ListItem\",\"position\":1,\"name\":\"Accueil\",\"item\":\"https:\/\/charente.catholique.fr\/sud-charente\/\"},{\"@type\":\"ListItem\",\"position\":2,\"name\":\"Avec Humanit\u00e9\"}]},{\"@type\":\"WebSite\",\"@id\":\"https:\/\/charente.catholique.fr\/sud-charente\/#website\",\"url\":\"https:\/\/charente.catholique.fr\/sud-charente\/\",\"name\":\"Doyenn\u00e9 Sud Charente - Dioc\u00e8se d'Angoul\u00eame\",\"description\":\"Dioc\u00e8se d&#039;Angoul\u00eame\",\"publisher\":{\"@id\":\"https:\/\/charente.catholique.fr\/sud-charente\/#organization\"},\"potentialAction\":[{\"@type\":\"SearchAction\",\"target\":{\"@type\":\"EntryPoint\",\"urlTemplate\":\"https:\/\/charente.catholique.fr\/sud-charente\/?s={search_term_string}\"},\"query-input\":{\"@type\":\"PropertyValueSpecification\",\"valueRequired\":true,\"valueName\":\"search_term_string\"}}],\"inLanguage\":\"fr-FR\"},{\"@type\":\"Organization\",\"@id\":\"https:\/\/charente.catholique.fr\/sud-charente\/#organization\",\"name\":\"Association dioc\u00e9saine d'Angoul\u00eame\",\"url\":\"https:\/\/charente.catholique.fr\/sud-charente\/\",\"logo\":{\"@type\":\"ImageObject\",\"inLanguage\":\"fr-FR\",\"@id\":\"https:\/\/charente.catholique.fr\/sud-charente\/#\/schema\/logo\/image\/\",\"url\":\"https:\/\/charente.catholique.fr\/sud-charente\/wp-content\/uploads\/sites\/5\/2020\/10\/logos.png\",\"contentUrl\":\"https:\/\/charente.catholique.fr\/sud-charente\/wp-content\/uploads\/sites\/5\/2020\/10\/logos.png\",\"width\":600,\"height\":257,\"caption\":\"Association dioc\u00e9saine d'Angoul\u00eame\"},\"image\":{\"@id\":\"https:\/\/charente.catholique.fr\/sud-charente\/#\/schema\/logo\/image\/\"},\"sameAs\":[\"https:\/\/www.facebook.com\/EgliseCatholiqueCharente\",\"https:\/\/x.com\/diocesecharente\",\"https:\/\/www.instagram.com\/eglisecharente\",\"https:\/\/www.youtube.com\/channel\/UCByyFWApZbw3gDTiADoiAaQ\"]}]}<\/script>\n<!-- \/ Yoast SEO plugin. -->","yoast_head_json":{"title":"Avec Humanit\u00e9 - Doyenn\u00e9 Sud Charente","robots":{"index":"index","follow":"follow","max-snippet":"max-snippet:-1","max-image-preview":"max-image-preview:large","max-video-preview":"max-video-preview:-1"},"canonical":"https:\/\/charente.catholique.fr\/sud-charente\/agenda\/avec-humanite\/","og_locale":"fr_FR","og_type":"article","og_title":"Avec Humanit\u00e9 - Doyenn\u00e9 Sud Charente","og_description":"Qui que nous soyons, tous nous d\u00e9sirons humaniser notre monde. D\u00e9couvrir comment, pour chacun, la R\u00e8gle de Saint Beno\u00eet peut \u00eatre un guide sur ce chemin \u00a0Anim\u00e9e par\u00a0S\u0153ur Rapha\u00ebl + d&#8217;infos ? S\u0153ur Rapha\u00ebl&nbsp;et&nbsp;S\u0153ur Th\u00e9r\u00e8se accueil@maumont.com05 45 60 34 38www.maumont.com","og_url":"https:\/\/charente.catholique.fr\/sud-charente\/agenda\/avec-humanite\/","og_site_name":"Doyenn\u00e9 Sud Charente","article_publisher":"https:\/\/www.facebook.com\/EgliseCatholiqueCharente","article_modified_time":"2023-09-28T13:49:03+00:00","og_image":[{"width":1000,"height":750,"url":"https:\/\/charente.catholique.fr\/sud-charente\/wp-content\/uploads\/sites\/5\/2023\/09\/1920.jpg","type":"image\/jpeg"}],"twitter_card":"summary_large_image","twitter_site":"@diocesecharente","twitter_misc":{"Dur\u00e9e de lecture estim\u00e9e":"1 minute"},"schema":{"@context":"https:\/\/schema.org","@graph":[{"@type":"WebPage","@id":"https:\/\/charente.catholique.fr\/sud-charente\/agenda\/avec-humanite\/","url":"https:\/\/charente.catholique.fr\/sud-charente\/agenda\/avec-humanite\/","name":"Avec Humanit\u00e9 - Doyenn\u00e9 Sud Charente","isPartOf":{"@id":"https:\/\/charente.catholique.fr\/sud-charente\/#website"},"primaryImageOfPage":{"@id":"https:\/\/charente.catholique.fr\/sud-charente\/agenda\/avec-humanite\/#primaryimage"},"image":{"@id":"https:\/\/charente.catholique.fr\/sud-charente\/agenda\/avec-humanite\/#primaryimage"},"thumbnailUrl":"https:\/\/charente.catholique.fr\/sud-charente\/wp-content\/uploads\/sites\/5\/2023\/09\/1920.jpg","datePublished":"2023-09-28T13:46:18+00:00","dateModified":"2023-09-28T13:49:03+00:00","breadcrumb":{"@id":"https:\/\/charente.catholique.fr\/sud-charente\/agenda\/avec-humanite\/#breadcrumb"},"inLanguage":"fr-FR","potentialAction":[{"@type":"ReadAction","target":["https:\/\/charente.catholique.fr\/sud-charente\/agenda\/avec-humanite\/"]}]},{"@type":"ImageObject","inLanguage":"fr-FR","@id":"https:\/\/charente.catholique.fr\/sud-charente\/agenda\/avec-humanite\/#primaryimage","url":"https:\/\/charente.catholique.fr\/sud-charente\/wp-content\/uploads\/sites\/5\/2023\/09\/1920.jpg","contentUrl":"https:\/\/charente.catholique.fr\/sud-charente\/wp-content\/uploads\/sites\/5\/2023\/09\/1920.jpg","width":1000,"height":750},{"@type":"BreadcrumbList","@id":"https:\/\/charente.catholique.fr\/sud-charente\/agenda\/avec-humanite\/#breadcrumb","itemListElement":[{"@type":"ListItem","position":1,"name":"Accueil","item":"https:\/\/charente.catholique.fr\/sud-charente\/"},{"@type":"ListItem","position":2,"name":"Avec Humanit\u00e9"}]},{"@type":"WebSite","@id":"https:\/\/charente.catholique.fr\/sud-charente\/#website","url":"https:\/\/charente.catholique.fr\/sud-charente\/","name":"Doyenn\u00e9 Sud Charente - Dioc\u00e8se d'Angoul\u00eame","description":"Dioc\u00e8se d&#039;Angoul\u00eame","publisher":{"@id":"https:\/\/charente.catholique.fr\/sud-charente\/#organization"},"potentialAction":[{"@type":"SearchAction","target":{"@type":"EntryPoint","urlTemplate":"https:\/\/charente.catholique.fr\/sud-charente\/?s={search_term_string}"},"query-input":{"@type":"PropertyValueSpecification","valueRequired":true,"valueName":"search_term_string"}}],"inLanguage":"fr-FR"},{"@type":"Organization","@id":"https:\/\/charente.catholique.fr\/sud-charente\/#organization","name":"Association dioc\u00e9saine d'Angoul\u00eame","url":"https:\/\/charente.catholique.fr\/sud-charente\/","logo":{"@type":"ImageObject","inLanguage":"fr-FR","@id":"https:\/\/charente.catholique.fr\/sud-charente\/#\/schema\/logo\/image\/","url":"https:\/\/charente.catholique.fr\/sud-charente\/wp-content\/uploads\/sites\/5\/2020\/10\/logos.png","contentUrl":"https:\/\/charente.catholique.fr\/sud-charente\/wp-content\/uploads\/sites\/5\/2020\/10\/logos.png","width":600,"height":257,"caption":"Association dioc\u00e9saine d'Angoul\u00eame"},"image":{"@id":"https:\/\/charente.catholique.fr\/sud-charente\/#\/schema\/logo\/image\/"},"sameAs":["https:\/\/www.facebook.com\/EgliseCatholiqueCharente","https:\/\/x.com\/diocesecharente","https:\/\/www.instagram.com\/eglisecharente","https:\/\/www.youtube.com\/channel\/UCByyFWApZbw3gDTiADoiAaQ"]}]}},"_links":{"self":[{"href":"https:\/\/charente.catholique.fr\/sud-charente\/wp-json\/wp\/v2\/evenement\/6736","targetHints":{"allow":["GET"]}}],"collection":[{"href":"https:\/\/charente.catholique.fr\/sud-charente\/wp-json\/wp\/v2\/evenement"}],"about":[{"href":"https:\/\/charente.catholique.fr\/sud-charente\/wp-json\/wp\/v2\/types\/evenement"}],"author":[{"embeddable":true,"href":"https:\/\/charente.catholique.fr\/sud-charente\/wp-json\/wp\/v2\/users\/81"}],"version-history":[{"count":7,"href":"https:\/\/charente.catholique.fr\/sud-charente\/wp-json\/wp\/v2\/evenement\/6736\/revisions"}],"predecessor-version":[{"id":6744,"href":"https:\/\/charente.catholique.fr\/sud-charente\/wp-json\/wp\/v2\/evenement\/6736\/revisions\/6744"}],"wp:featuredmedia":[{"embeddable":true,"href":"https:\/\/charente.catholique.fr\/sud-charente\/wp-json\/wp\/v2\/media\/6739"}],"wp:attachment":[{"href":"https:\/\/charente.catholique.fr\/sud-charente\/wp-json\/wp\/v2\/media?parent=6736"}],"wp:term":[{"taxonomy":"category","embeddable":true,"href":"https:\/\/charente.catholique.fr\/sud-charente\/wp-json\/wp\/v2\/categories?post=6736"},{"taxonomy":"post_tag","embeddable":true,"href":"https:\/\/charente.catholique.fr\/sud-charente\/wp-json\/wp\/v2\/tags?post=6736"}],"curies":[{"name":"wp","href":"https:\/\/api.w.org\/{rel}","templated":true}]}}