{"id":6726,"date":"2023-09-28T15:23:07","date_gmt":"2023-09-28T13:23:07","guid":{"rendered":"https:\/\/charente.catholique.fr\/sud-charente\/?post_type=evenement&#038;p=6726"},"modified":"2024-01-31T11:36:56","modified_gmt":"2024-01-31T10:36:56","slug":"we-biblique-sur-la-fraternite","status":"publish","type":"evenement","link":"https:\/\/charente.catholique.fr\/sud-charente\/agenda\/we-biblique-sur-la-fraternite\/","title":{"rendered":"WE biblique sur la fraternit\u00e9"},"content":{"rendered":"\n<h2 class=\"wp-block-heading\">&#8220;Faudra-t-il toujours des coupables et des boucs \u00e9missaires pour rassurer les justes que nous croyons \u00eatre ? J\u00e9sus est venu nous d\u00e9livrer de cela, d\u00e9pla\u00e7ant nos rep\u00e8res : &#8220;Vous \u00eates tous fr\u00e8res&#8221;.<\/h2>\n\n\n\n<p>&nbsp;Anim\u00e9e par&nbsp;S\u0153ur Dominique<\/p>\n\n\n\n<p><\/p>\n\n\n\n<p>+ d&#8217;infos  : E-mail :&nbsp;<a href=\"mailto:accueil@maumont.com\">accueil@maumont.com<\/a><\/p>\n\n\n\n<p>T\u00e9l\u00e9phone : 05 45 60 34 38<\/p>\n\n\n\n<p><strong>Adresse postale<\/strong>&nbsp;:<br>Abbaye Sainte Marie de Maumont<br>16190 Juignac<\/p>\n","protected":false},"author":81,"featured_media":6727,"template":"","meta":{"_acf_changed":false,"paroisse":["17"],"service":["0"],"footnotes":""},"categories":[1,13],"tags":[],"class_list":["post-6726","evenement","type-evenement","status-publish","has-post-thumbnail","hentry","category-actualites","category-maumont","validated"],"acf":{"start_date":"2024-02-03 14:30:00","end_date":"2024-02-04 12:15:00","location":"Abbaye de Maumont","address":{"address":"Juignac, France","lat":45.37770099999999,"lng":0.16335,"zoom":14,"place_id":"ChIJHXLfkFDD_0cRcLfuYJLTBQQ","name":"Juignac","city":"Juignac","state":"Nouvelle-Aquitaine","post_code":16190,"country":"France","country_short":"FR"}},"yoast_head":"<!-- This site is optimized with the Yoast SEO plugin v27.1.1 - https:\/\/yoast.com\/product\/yoast-seo-wordpress\/ -->\n<title>WE biblique sur la fraternit\u00e9 - Doyenn\u00e9 Sud Charente<\/title>\n<meta name=\"robots\" content=\"index, follow, max-snippet:-1, max-image-preview:large, max-video-preview:-1\" \/>\n<link rel=\"canonical\" href=\"https:\/\/charente.catholique.fr\/sud-charente\/agenda\/we-biblique-sur-la-fraternite\/\" \/>\n<meta property=\"og:locale\" content=\"fr_FR\" \/>\n<meta property=\"og:type\" content=\"article\" \/>\n<meta property=\"og:title\" content=\"WE biblique sur la fraternit\u00e9 - Doyenn\u00e9 Sud Charente\" \/>\n<meta property=\"og:description\" content=\"&#8220;Faudra-t-il toujours des coupables et des boucs \u00e9missaires pour rassurer les justes que nous croyons \u00eatre ? J\u00e9sus est venu nous d\u00e9livrer de cela, d\u00e9pla\u00e7ant nos rep\u00e8res : &#8220;Vous \u00eates tous fr\u00e8res&#8221;. &nbsp;Anim\u00e9e par&nbsp;S\u0153ur Dominique + d&#8217;infos : E-mail :&nbsp;accueil@maumont.com T\u00e9l\u00e9phone : 05 45 60 34 38 Adresse postale&nbsp;:Abbaye Sainte Marie de Maumont16190 Juignac\" \/>\n<meta property=\"og:url\" content=\"https:\/\/charente.catholique.fr\/sud-charente\/agenda\/we-biblique-sur-la-fraternite\/\" \/>\n<meta property=\"og:site_name\" content=\"Doyenn\u00e9 Sud Charente\" \/>\n<meta property=\"article:publisher\" content=\"https:\/\/www.facebook.com\/EgliseCatholiqueCharente\" \/>\n<meta property=\"article:modified_time\" content=\"2024-01-31T10:36:56+00:00\" \/>\n<meta property=\"og:image\" content=\"https:\/\/charente.catholique.fr\/sud-charente\/wp-content\/uploads\/sites\/5\/2023\/09\/arc-en-ciel-maumont.jpg\" \/>\n\t<meta property=\"og:image:width\" content=\"1920\" \/>\n\t<meta property=\"og:image:height\" content=\"1440\" \/>\n\t<meta property=\"og:image:type\" content=\"image\/jpeg\" \/>\n<meta name=\"twitter:card\" content=\"summary_large_image\" \/>\n<meta name=\"twitter:site\" content=\"@diocesecharente\" \/>\n<meta name=\"twitter:label1\" content=\"Dur\u00e9e de lecture estim\u00e9e\" \/>\n\t<meta name=\"twitter:data1\" content=\"1 minute\" \/>\n<script type=\"application\/ld+json\" class=\"yoast-schema-graph\">{\"@context\":\"https:\/\/schema.org\",\"@graph\":[{\"@type\":\"WebPage\",\"@id\":\"https:\/\/charente.catholique.fr\/sud-charente\/agenda\/we-biblique-sur-la-fraternite\/\",\"url\":\"https:\/\/charente.catholique.fr\/sud-charente\/agenda\/we-biblique-sur-la-fraternite\/\",\"name\":\"WE biblique sur la fraternit\u00e9 - Doyenn\u00e9 Sud Charente\",\"isPartOf\":{\"@id\":\"https:\/\/charente.catholique.fr\/sud-charente\/#website\"},\"primaryImageOfPage\":{\"@id\":\"https:\/\/charente.catholique.fr\/sud-charente\/agenda\/we-biblique-sur-la-fraternite\/#primaryimage\"},\"image\":{\"@id\":\"https:\/\/charente.catholique.fr\/sud-charente\/agenda\/we-biblique-sur-la-fraternite\/#primaryimage\"},\"thumbnailUrl\":\"https:\/\/charente.catholique.fr\/sud-charente\/wp-content\/uploads\/sites\/5\/2023\/09\/arc-en-ciel-maumont.jpg\",\"datePublished\":\"2023-09-28T13:23:07+00:00\",\"dateModified\":\"2024-01-31T10:36:56+00:00\",\"breadcrumb\":{\"@id\":\"https:\/\/charente.catholique.fr\/sud-charente\/agenda\/we-biblique-sur-la-fraternite\/#breadcrumb\"},\"inLanguage\":\"fr-FR\",\"potentialAction\":[{\"@type\":\"ReadAction\",\"target\":[\"https:\/\/charente.catholique.fr\/sud-charente\/agenda\/we-biblique-sur-la-fraternite\/\"]}]},{\"@type\":\"ImageObject\",\"inLanguage\":\"fr-FR\",\"@id\":\"https:\/\/charente.catholique.fr\/sud-charente\/agenda\/we-biblique-sur-la-fraternite\/#primaryimage\",\"url\":\"https:\/\/charente.catholique.fr\/sud-charente\/wp-content\/uploads\/sites\/5\/2023\/09\/arc-en-ciel-maumont.jpg\",\"contentUrl\":\"https:\/\/charente.catholique.fr\/sud-charente\/wp-content\/uploads\/sites\/5\/2023\/09\/arc-en-ciel-maumont.jpg\",\"width\":1920,\"height\":1440},{\"@type\":\"BreadcrumbList\",\"@id\":\"https:\/\/charente.catholique.fr\/sud-charente\/agenda\/we-biblique-sur-la-fraternite\/#breadcrumb\",\"itemListElement\":[{\"@type\":\"ListItem\",\"position\":1,\"name\":\"Accueil\",\"item\":\"https:\/\/charente.catholique.fr\/sud-charente\/\"},{\"@type\":\"ListItem\",\"position\":2,\"name\":\"WE biblique sur la fraternit\u00e9\"}]},{\"@type\":\"WebSite\",\"@id\":\"https:\/\/charente.catholique.fr\/sud-charente\/#website\",\"url\":\"https:\/\/charente.catholique.fr\/sud-charente\/\",\"name\":\"Doyenn\u00e9 Sud Charente - Dioc\u00e8se d'Angoul\u00eame\",\"description\":\"Dioc\u00e8se d&#039;Angoul\u00eame\",\"publisher\":{\"@id\":\"https:\/\/charente.catholique.fr\/sud-charente\/#organization\"},\"potentialAction\":[{\"@type\":\"SearchAction\",\"target\":{\"@type\":\"EntryPoint\",\"urlTemplate\":\"https:\/\/charente.catholique.fr\/sud-charente\/?s={search_term_string}\"},\"query-input\":{\"@type\":\"PropertyValueSpecification\",\"valueRequired\":true,\"valueName\":\"search_term_string\"}}],\"inLanguage\":\"fr-FR\"},{\"@type\":\"Organization\",\"@id\":\"https:\/\/charente.catholique.fr\/sud-charente\/#organization\",\"name\":\"Association dioc\u00e9saine d'Angoul\u00eame\",\"url\":\"https:\/\/charente.catholique.fr\/sud-charente\/\",\"logo\":{\"@type\":\"ImageObject\",\"inLanguage\":\"fr-FR\",\"@id\":\"https:\/\/charente.catholique.fr\/sud-charente\/#\/schema\/logo\/image\/\",\"url\":\"https:\/\/charente.catholique.fr\/sud-charente\/wp-content\/uploads\/sites\/5\/2020\/10\/logos.png\",\"contentUrl\":\"https:\/\/charente.catholique.fr\/sud-charente\/wp-content\/uploads\/sites\/5\/2020\/10\/logos.png\",\"width\":600,\"height\":257,\"caption\":\"Association dioc\u00e9saine d'Angoul\u00eame\"},\"image\":{\"@id\":\"https:\/\/charente.catholique.fr\/sud-charente\/#\/schema\/logo\/image\/\"},\"sameAs\":[\"https:\/\/www.facebook.com\/EgliseCatholiqueCharente\",\"https:\/\/x.com\/diocesecharente\",\"https:\/\/www.instagram.com\/eglisecharente\",\"https:\/\/www.youtube.com\/channel\/UCByyFWApZbw3gDTiADoiAaQ\"]}]}<\/script>\n<!-- \/ Yoast SEO plugin. -->","yoast_head_json":{"title":"WE biblique sur la fraternit\u00e9 - Doyenn\u00e9 Sud Charente","robots":{"index":"index","follow":"follow","max-snippet":"max-snippet:-1","max-image-preview":"max-image-preview:large","max-video-preview":"max-video-preview:-1"},"canonical":"https:\/\/charente.catholique.fr\/sud-charente\/agenda\/we-biblique-sur-la-fraternite\/","og_locale":"fr_FR","og_type":"article","og_title":"WE biblique sur la fraternit\u00e9 - Doyenn\u00e9 Sud Charente","og_description":"&#8220;Faudra-t-il toujours des coupables et des boucs \u00e9missaires pour rassurer les justes que nous croyons \u00eatre ? J\u00e9sus est venu nous d\u00e9livrer de cela, d\u00e9pla\u00e7ant nos rep\u00e8res : &#8220;Vous \u00eates tous fr\u00e8res&#8221;. &nbsp;Anim\u00e9e par&nbsp;S\u0153ur Dominique + d&#8217;infos : E-mail :&nbsp;accueil@maumont.com T\u00e9l\u00e9phone : 05 45 60 34 38 Adresse postale&nbsp;:Abbaye Sainte Marie de Maumont16190 Juignac","og_url":"https:\/\/charente.catholique.fr\/sud-charente\/agenda\/we-biblique-sur-la-fraternite\/","og_site_name":"Doyenn\u00e9 Sud Charente","article_publisher":"https:\/\/www.facebook.com\/EgliseCatholiqueCharente","article_modified_time":"2024-01-31T10:36:56+00:00","og_image":[{"width":1920,"height":1440,"url":"https:\/\/charente.catholique.fr\/sud-charente\/wp-content\/uploads\/sites\/5\/2023\/09\/arc-en-ciel-maumont.jpg","type":"image\/jpeg"}],"twitter_card":"summary_large_image","twitter_site":"@diocesecharente","twitter_misc":{"Dur\u00e9e de lecture estim\u00e9e":"1 minute"},"schema":{"@context":"https:\/\/schema.org","@graph":[{"@type":"WebPage","@id":"https:\/\/charente.catholique.fr\/sud-charente\/agenda\/we-biblique-sur-la-fraternite\/","url":"https:\/\/charente.catholique.fr\/sud-charente\/agenda\/we-biblique-sur-la-fraternite\/","name":"WE biblique sur la fraternit\u00e9 - Doyenn\u00e9 Sud Charente","isPartOf":{"@id":"https:\/\/charente.catholique.fr\/sud-charente\/#website"},"primaryImageOfPage":{"@id":"https:\/\/charente.catholique.fr\/sud-charente\/agenda\/we-biblique-sur-la-fraternite\/#primaryimage"},"image":{"@id":"https:\/\/charente.catholique.fr\/sud-charente\/agenda\/we-biblique-sur-la-fraternite\/#primaryimage"},"thumbnailUrl":"https:\/\/charente.catholique.fr\/sud-charente\/wp-content\/uploads\/sites\/5\/2023\/09\/arc-en-ciel-maumont.jpg","datePublished":"2023-09-28T13:23:07+00:00","dateModified":"2024-01-31T10:36:56+00:00","breadcrumb":{"@id":"https:\/\/charente.catholique.fr\/sud-charente\/agenda\/we-biblique-sur-la-fraternite\/#breadcrumb"},"inLanguage":"fr-FR","potentialAction":[{"@type":"ReadAction","target":["https:\/\/charente.catholique.fr\/sud-charente\/agenda\/we-biblique-sur-la-fraternite\/"]}]},{"@type":"ImageObject","inLanguage":"fr-FR","@id":"https:\/\/charente.catholique.fr\/sud-charente\/agenda\/we-biblique-sur-la-fraternite\/#primaryimage","url":"https:\/\/charente.catholique.fr\/sud-charente\/wp-content\/uploads\/sites\/5\/2023\/09\/arc-en-ciel-maumont.jpg","contentUrl":"https:\/\/charente.catholique.fr\/sud-charente\/wp-content\/uploads\/sites\/5\/2023\/09\/arc-en-ciel-maumont.jpg","width":1920,"height":1440},{"@type":"BreadcrumbList","@id":"https:\/\/charente.catholique.fr\/sud-charente\/agenda\/we-biblique-sur-la-fraternite\/#breadcrumb","itemListElement":[{"@type":"ListItem","position":1,"name":"Accueil","item":"https:\/\/charente.catholique.fr\/sud-charente\/"},{"@type":"ListItem","position":2,"name":"WE biblique sur la fraternit\u00e9"}]},{"@type":"WebSite","@id":"https:\/\/charente.catholique.fr\/sud-charente\/#website","url":"https:\/\/charente.catholique.fr\/sud-charente\/","name":"Doyenn\u00e9 Sud Charente - Dioc\u00e8se d'Angoul\u00eame","description":"Dioc\u00e8se d&#039;Angoul\u00eame","publisher":{"@id":"https:\/\/charente.catholique.fr\/sud-charente\/#organization"},"potentialAction":[{"@type":"SearchAction","target":{"@type":"EntryPoint","urlTemplate":"https:\/\/charente.catholique.fr\/sud-charente\/?s={search_term_string}"},"query-input":{"@type":"PropertyValueSpecification","valueRequired":true,"valueName":"search_term_string"}}],"inLanguage":"fr-FR"},{"@type":"Organization","@id":"https:\/\/charente.catholique.fr\/sud-charente\/#organization","name":"Association dioc\u00e9saine d'Angoul\u00eame","url":"https:\/\/charente.catholique.fr\/sud-charente\/","logo":{"@type":"ImageObject","inLanguage":"fr-FR","@id":"https:\/\/charente.catholique.fr\/sud-charente\/#\/schema\/logo\/image\/","url":"https:\/\/charente.catholique.fr\/sud-charente\/wp-content\/uploads\/sites\/5\/2020\/10\/logos.png","contentUrl":"https:\/\/charente.catholique.fr\/sud-charente\/wp-content\/uploads\/sites\/5\/2020\/10\/logos.png","width":600,"height":257,"caption":"Association dioc\u00e9saine d'Angoul\u00eame"},"image":{"@id":"https:\/\/charente.catholique.fr\/sud-charente\/#\/schema\/logo\/image\/"},"sameAs":["https:\/\/www.facebook.com\/EgliseCatholiqueCharente","https:\/\/x.com\/diocesecharente","https:\/\/www.instagram.com\/eglisecharente","https:\/\/www.youtube.com\/channel\/UCByyFWApZbw3gDTiADoiAaQ"]}]}},"_links":{"self":[{"href":"https:\/\/charente.catholique.fr\/sud-charente\/wp-json\/wp\/v2\/evenement\/6726","targetHints":{"allow":["GET"]}}],"collection":[{"href":"https:\/\/charente.catholique.fr\/sud-charente\/wp-json\/wp\/v2\/evenement"}],"about":[{"href":"https:\/\/charente.catholique.fr\/sud-charente\/wp-json\/wp\/v2\/types\/evenement"}],"author":[{"embeddable":true,"href":"https:\/\/charente.catholique.fr\/sud-charente\/wp-json\/wp\/v2\/users\/81"}],"version-history":[{"count":10,"href":"https:\/\/charente.catholique.fr\/sud-charente\/wp-json\/wp\/v2\/evenement\/6726\/revisions"}],"predecessor-version":[{"id":7611,"href":"https:\/\/charente.catholique.fr\/sud-charente\/wp-json\/wp\/v2\/evenement\/6726\/revisions\/7611"}],"wp:featuredmedia":[{"embeddable":true,"href":"https:\/\/charente.catholique.fr\/sud-charente\/wp-json\/wp\/v2\/media\/6727"}],"wp:attachment":[{"href":"https:\/\/charente.catholique.fr\/sud-charente\/wp-json\/wp\/v2\/media?parent=6726"}],"wp:term":[{"taxonomy":"category","embeddable":true,"href":"https:\/\/charente.catholique.fr\/sud-charente\/wp-json\/wp\/v2\/categories?post=6726"},{"taxonomy":"post_tag","embeddable":true,"href":"https:\/\/charente.catholique.fr\/sud-charente\/wp-json\/wp\/v2\/tags?post=6726"}],"curies":[{"name":"wp","href":"https:\/\/api.w.org\/{rel}","templated":true}]}}