{"id":5799,"date":"2023-03-27T10:47:06","date_gmt":"2023-03-27T08:47:06","guid":{"rendered":"https:\/\/charente.catholique.fr\/sud-charente\/?post_type=evenement&#038;p=5799"},"modified":"2023-06-22T22:15:52","modified_gmt":"2023-06-22T20:15:52","slug":"la-nuit-des-eglises","status":"publish","type":"evenement","link":"https:\/\/charente.catholique.fr\/sud-charente\/agenda\/la-nuit-des-eglises\/","title":{"rendered":"La nuit des Eglises 2023 en Sud Charente :"},"content":{"rendered":"\n<p>Le vendredi 30 juin de 18h00 \u00e0 minuit, nos \u00e9glises du Sud-Charente vont sortir de l\u2019ombre et reprendre de la couleur&nbsp;!&nbsp; Soyez tous les bienvenus \u00e0 la Nuit des Eglises, \u00e9v\u00e8nement gratuit qui m\u00eale profane et sacr\u00e9, culturel et cultuel, \u00e9motion esth\u00e9tique et spirituelle.<\/p>\n\n\n\n<p>Cette ann\u00e9e, nous parcourrons trois chefs d\u2019\u0153uvre de l\u2019art roman&nbsp;(possibilit\u00e9 de nous rejoindre en cours de route).<\/p>\n\n\n\n<p><strong>Programme :<\/strong><strong><\/strong><\/p>\n\n\n\n<p><strong>BERNEUIL&nbsp;:<\/strong><\/p>\n\n\n\n<p><strong>Visite guid\u00e9e de l\u2019\u00e9glise&nbsp;: 18h00-18h40&nbsp;:<\/strong>&nbsp;&nbsp; Visite de l\u2019\u00e9glise par Jean-Marie Arsicaud de l\u2019Association Berneuil Patrimoine.<\/p>\n\n\n\n<p><strong>Exposition d\u2019habits liturgiques&nbsp;: <\/strong>Exposition d\u2019habits sacerdotaux de l\u2019\u00e9glise de Berneuil par David Richard, responsable dioc\u00e9sain des Arts sacr\u00e9s.<\/p>\n\n\n\n<p><strong>Concert Chorale BROCHOLI&nbsp;: 18h50-19h20<\/strong>&nbsp;: sous la Dir. de Michel Jaillet, avec danse claquettes.<\/p>\n\n\n\n<p>Restauration sal\u00e9e<\/p>\n\n\n\n<p><\/p>\n\n\n\n<p><strong>POULLIGNAC&nbsp;:<\/strong><\/p>\n\n\n\n<p><\/p>\n\n\n\n<p><strong>Visite guid\u00e9e de l\u2019\u00e9glise&nbsp;: 20h00-20h30 <\/strong>par Pierre Bonneau&nbsp;, de la fresque par Pierre Menanteau),  po\u00e8me en patois par H\u00e9l\u00e8ne Favroul, \u00e9clairage sur le chemin de croix contemporain de l&#8217;\u00e9glise par Mme Boutemy.<\/p>\n\n\n\n<p><strong>Conte biblique <\/strong>surl\u2019aveugle Bartim\u00e9e\u00a0: \u00a020h30-20h45 par Florence Bureau-Lagarde.<\/p>\n\n\n\n<p><\/p>\n\n\n\n<p><strong>NONAC&nbsp;: &nbsp;<\/strong><\/p>\n\n\n\n<p>Restauration sucr\u00e9e&nbsp;: 21:00-21h30&nbsp;:<\/p>\n\n\n\n<p><strong>Visite guid\u00e9e de l\u2019\u00e9glise et crypte\u00a0: 21h30-21h50 <\/strong>par Isabelle Courderc et David Richard<\/p>\n\n\n\n<p><strong>Concert par ch\u0153ur Saint Matthias<\/strong> de Barbezieux&nbsp;: 21:50-22:15<\/p>\n\n\n\n<p><strong>Messe \u00e0 22h15<\/strong><\/p>\n\n\n\n<p>Verre de l\u2019amiti\u00e9 (offert par la paroisse\/Ass. Le Fraternel) apr\u00e8s la messe<\/p>\n\n\n\n<p><\/p>\n\n\n\n<figure class=\"wp-block-image size-full\"><img loading=\"lazy\" decoding=\"async\" width=\"528\" height=\"481\" src=\"https:\/\/charente.catholique.fr\/sud-charente\/wp-content\/uploads\/sites\/5\/2023\/03\/image-1.png\" alt=\"\" class=\"wp-image-5805\" srcset=\"https:\/\/charente.catholique.fr\/sud-charente\/wp-content\/uploads\/sites\/5\/2023\/03\/image-1.png 528w, https:\/\/charente.catholique.fr\/sud-charente\/wp-content\/uploads\/sites\/5\/2023\/03\/image-1-300x273.png 300w\" sizes=\"auto, (max-width: 528px) 100vw, 528px\" \/><figcaption class=\"wp-element-caption\">Eglise de Berneuil<\/figcaption><\/figure>\n\n\n\n<figure class=\"wp-block-image size-full\"><img loading=\"lazy\" decoding=\"async\" width=\"528\" height=\"481\" src=\"https:\/\/charente.catholique.fr\/sud-charente\/wp-content\/uploads\/sites\/5\/2023\/03\/poullignac.jpg\" alt=\"\" class=\"wp-image-5812\" srcset=\"https:\/\/charente.catholique.fr\/sud-charente\/wp-content\/uploads\/sites\/5\/2023\/03\/poullignac.jpg 528w, https:\/\/charente.catholique.fr\/sud-charente\/wp-content\/uploads\/sites\/5\/2023\/03\/poullignac-300x273.jpg 300w\" sizes=\"auto, (max-width: 528px) 100vw, 528px\" \/><\/figure>\n\n\n\n<p>Eglise de Poullignac<\/p>\n\n\n\n<figure class=\"wp-block-image size-full\"><img loading=\"lazy\" decoding=\"async\" width=\"528\" height=\"481\" src=\"https:\/\/charente.catholique.fr\/sud-charente\/wp-content\/uploads\/sites\/5\/2023\/03\/nonac.jpg\" alt=\"\" class=\"wp-image-5813\" srcset=\"https:\/\/charente.catholique.fr\/sud-charente\/wp-content\/uploads\/sites\/5\/2023\/03\/nonac.jpg 528w, https:\/\/charente.catholique.fr\/sud-charente\/wp-content\/uploads\/sites\/5\/2023\/03\/nonac-300x273.jpg 300w\" sizes=\"auto, (max-width: 528px) 100vw, 528px\" \/><figcaption class=\"wp-element-caption\">Eglise de Nonac<\/figcaption><\/figure>\n\n\n\n<p><\/p>\n","protected":false},"author":81,"featured_media":5800,"template":"","meta":{"_acf_changed":false,"paroisse":["15"],"service":["0"],"footnotes":""},"categories":[1,4,12,11],"tags":[],"class_list":["post-5799","evenement","type-evenement","status-publish","has-post-thumbnail","hentry","category-actualites","category-barbezieux","category-chalais","category-montmoreau","validated"],"acf":{"start_date":"2023-06-30 18:00:00","end_date":"2023-06-30 23:30:00","location":"Berneuil - Poullignac - Nonac ","address":{"address":"16480 Berneuil, France","lat":45.3557231,"lng":-0.0566935,"zoom":10,"place_id":"ChIJ5ci-roV0AEgR4FWFqpXTBRw","name":16480,"city":"Saint-Laurent-des-Combes","state":"Nouvelle-Aquitaine","post_code":16480,"country":"France","country_short":"FR"}},"yoast_head":"<!-- This site is optimized with the Yoast SEO plugin v27.1.1 - https:\/\/yoast.com\/product\/yoast-seo-wordpress\/ -->\n<title>La nuit des Eglises 2023 en Sud Charente : - Doyenn\u00e9 Sud Charente<\/title>\n<meta name=\"robots\" content=\"index, follow, max-snippet:-1, max-image-preview:large, max-video-preview:-1\" \/>\n<link rel=\"canonical\" href=\"https:\/\/charente.catholique.fr\/sud-charente\/agenda\/la-nuit-des-eglises\/\" \/>\n<meta property=\"og:locale\" content=\"fr_FR\" \/>\n<meta property=\"og:type\" content=\"article\" \/>\n<meta property=\"og:title\" content=\"La nuit des Eglises 2023 en Sud Charente : - Doyenn\u00e9 Sud Charente\" \/>\n<meta property=\"og:description\" content=\"Le vendredi 30 juin de 18h00 \u00e0 minuit, nos \u00e9glises du Sud-Charente vont sortir de l\u2019ombre et reprendre de la couleur&nbsp;!&nbsp; Soyez tous les bienvenus \u00e0 la Nuit des Eglises, \u00e9v\u00e8nement gratuit qui m\u00eale profane et sacr\u00e9, culturel et cultuel, \u00e9motion esth\u00e9tique et spirituelle. Cette ann\u00e9e, nous parcourrons trois chefs d\u2019\u0153uvre de l\u2019art roman&nbsp;(possibilit\u00e9 de [&hellip;]\" \/>\n<meta property=\"og:url\" content=\"https:\/\/charente.catholique.fr\/sud-charente\/agenda\/la-nuit-des-eglises\/\" \/>\n<meta property=\"og:site_name\" content=\"Doyenn\u00e9 Sud Charente\" \/>\n<meta property=\"article:publisher\" content=\"https:\/\/www.facebook.com\/EgliseCatholiqueCharente\" \/>\n<meta property=\"article:modified_time\" content=\"2023-06-22T20:15:52+00:00\" \/>\n<meta property=\"og:image\" content=\"https:\/\/charente.catholique.fr\/sud-charente\/wp-content\/uploads\/sites\/5\/2023\/03\/image_2023-03-27_104642680.png\" \/>\n\t<meta property=\"og:image:width\" content=\"800\" \/>\n\t<meta property=\"og:image:height\" content=\"578\" \/>\n\t<meta property=\"og:image:type\" content=\"image\/png\" \/>\n<meta name=\"twitter:card\" content=\"summary_large_image\" \/>\n<meta name=\"twitter:site\" content=\"@diocesecharente\" \/>\n<meta name=\"twitter:label1\" content=\"Dur\u00e9e de lecture estim\u00e9e\" \/>\n\t<meta name=\"twitter:data1\" content=\"2 minutes\" \/>\n<script type=\"application\/ld+json\" class=\"yoast-schema-graph\">{\"@context\":\"https:\/\/schema.org\",\"@graph\":[{\"@type\":\"WebPage\",\"@id\":\"https:\/\/charente.catholique.fr\/sud-charente\/agenda\/la-nuit-des-eglises\/\",\"url\":\"https:\/\/charente.catholique.fr\/sud-charente\/agenda\/la-nuit-des-eglises\/\",\"name\":\"La nuit des Eglises 2023 en Sud Charente : - Doyenn\u00e9 Sud Charente\",\"isPartOf\":{\"@id\":\"https:\/\/charente.catholique.fr\/sud-charente\/#website\"},\"primaryImageOfPage\":{\"@id\":\"https:\/\/charente.catholique.fr\/sud-charente\/agenda\/la-nuit-des-eglises\/#primaryimage\"},\"image\":{\"@id\":\"https:\/\/charente.catholique.fr\/sud-charente\/agenda\/la-nuit-des-eglises\/#primaryimage\"},\"thumbnailUrl\":\"https:\/\/charente.catholique.fr\/sud-charente\/wp-content\/uploads\/sites\/5\/2023\/03\/image_2023-03-27_104642680.png\",\"datePublished\":\"2023-03-27T08:47:06+00:00\",\"dateModified\":\"2023-06-22T20:15:52+00:00\",\"breadcrumb\":{\"@id\":\"https:\/\/charente.catholique.fr\/sud-charente\/agenda\/la-nuit-des-eglises\/#breadcrumb\"},\"inLanguage\":\"fr-FR\",\"potentialAction\":[{\"@type\":\"ReadAction\",\"target\":[\"https:\/\/charente.catholique.fr\/sud-charente\/agenda\/la-nuit-des-eglises\/\"]}]},{\"@type\":\"ImageObject\",\"inLanguage\":\"fr-FR\",\"@id\":\"https:\/\/charente.catholique.fr\/sud-charente\/agenda\/la-nuit-des-eglises\/#primaryimage\",\"url\":\"https:\/\/charente.catholique.fr\/sud-charente\/wp-content\/uploads\/sites\/5\/2023\/03\/image_2023-03-27_104642680.png\",\"contentUrl\":\"https:\/\/charente.catholique.fr\/sud-charente\/wp-content\/uploads\/sites\/5\/2023\/03\/image_2023-03-27_104642680.png\",\"width\":800,\"height\":578},{\"@type\":\"BreadcrumbList\",\"@id\":\"https:\/\/charente.catholique.fr\/sud-charente\/agenda\/la-nuit-des-eglises\/#breadcrumb\",\"itemListElement\":[{\"@type\":\"ListItem\",\"position\":1,\"name\":\"Accueil\",\"item\":\"https:\/\/charente.catholique.fr\/sud-charente\/\"},{\"@type\":\"ListItem\",\"position\":2,\"name\":\"La nuit des Eglises 2023 en Sud Charente :\"}]},{\"@type\":\"WebSite\",\"@id\":\"https:\/\/charente.catholique.fr\/sud-charente\/#website\",\"url\":\"https:\/\/charente.catholique.fr\/sud-charente\/\",\"name\":\"Doyenn\u00e9 Sud Charente - Dioc\u00e8se d'Angoul\u00eame\",\"description\":\"Dioc\u00e8se d&#039;Angoul\u00eame\",\"publisher\":{\"@id\":\"https:\/\/charente.catholique.fr\/sud-charente\/#organization\"},\"potentialAction\":[{\"@type\":\"SearchAction\",\"target\":{\"@type\":\"EntryPoint\",\"urlTemplate\":\"https:\/\/charente.catholique.fr\/sud-charente\/?s={search_term_string}\"},\"query-input\":{\"@type\":\"PropertyValueSpecification\",\"valueRequired\":true,\"valueName\":\"search_term_string\"}}],\"inLanguage\":\"fr-FR\"},{\"@type\":\"Organization\",\"@id\":\"https:\/\/charente.catholique.fr\/sud-charente\/#organization\",\"name\":\"Association dioc\u00e9saine d'Angoul\u00eame\",\"url\":\"https:\/\/charente.catholique.fr\/sud-charente\/\",\"logo\":{\"@type\":\"ImageObject\",\"inLanguage\":\"fr-FR\",\"@id\":\"https:\/\/charente.catholique.fr\/sud-charente\/#\/schema\/logo\/image\/\",\"url\":\"https:\/\/charente.catholique.fr\/sud-charente\/wp-content\/uploads\/sites\/5\/2020\/10\/logos.png\",\"contentUrl\":\"https:\/\/charente.catholique.fr\/sud-charente\/wp-content\/uploads\/sites\/5\/2020\/10\/logos.png\",\"width\":600,\"height\":257,\"caption\":\"Association dioc\u00e9saine d'Angoul\u00eame\"},\"image\":{\"@id\":\"https:\/\/charente.catholique.fr\/sud-charente\/#\/schema\/logo\/image\/\"},\"sameAs\":[\"https:\/\/www.facebook.com\/EgliseCatholiqueCharente\",\"https:\/\/x.com\/diocesecharente\",\"https:\/\/www.instagram.com\/eglisecharente\",\"https:\/\/www.youtube.com\/channel\/UCByyFWApZbw3gDTiADoiAaQ\"]}]}<\/script>\n<!-- \/ Yoast SEO plugin. -->","yoast_head_json":{"title":"La nuit des Eglises 2023 en Sud Charente : - Doyenn\u00e9 Sud Charente","robots":{"index":"index","follow":"follow","max-snippet":"max-snippet:-1","max-image-preview":"max-image-preview:large","max-video-preview":"max-video-preview:-1"},"canonical":"https:\/\/charente.catholique.fr\/sud-charente\/agenda\/la-nuit-des-eglises\/","og_locale":"fr_FR","og_type":"article","og_title":"La nuit des Eglises 2023 en Sud Charente : - Doyenn\u00e9 Sud Charente","og_description":"Le vendredi 30 juin de 18h00 \u00e0 minuit, nos \u00e9glises du Sud-Charente vont sortir de l\u2019ombre et reprendre de la couleur&nbsp;!&nbsp; Soyez tous les bienvenus \u00e0 la Nuit des Eglises, \u00e9v\u00e8nement gratuit qui m\u00eale profane et sacr\u00e9, culturel et cultuel, \u00e9motion esth\u00e9tique et spirituelle. Cette ann\u00e9e, nous parcourrons trois chefs d\u2019\u0153uvre de l\u2019art roman&nbsp;(possibilit\u00e9 de [&hellip;]","og_url":"https:\/\/charente.catholique.fr\/sud-charente\/agenda\/la-nuit-des-eglises\/","og_site_name":"Doyenn\u00e9 Sud Charente","article_publisher":"https:\/\/www.facebook.com\/EgliseCatholiqueCharente","article_modified_time":"2023-06-22T20:15:52+00:00","og_image":[{"width":800,"height":578,"url":"https:\/\/charente.catholique.fr\/sud-charente\/wp-content\/uploads\/sites\/5\/2023\/03\/image_2023-03-27_104642680.png","type":"image\/png"}],"twitter_card":"summary_large_image","twitter_site":"@diocesecharente","twitter_misc":{"Dur\u00e9e de lecture estim\u00e9e":"2 minutes"},"schema":{"@context":"https:\/\/schema.org","@graph":[{"@type":"WebPage","@id":"https:\/\/charente.catholique.fr\/sud-charente\/agenda\/la-nuit-des-eglises\/","url":"https:\/\/charente.catholique.fr\/sud-charente\/agenda\/la-nuit-des-eglises\/","name":"La nuit des Eglises 2023 en Sud Charente : - Doyenn\u00e9 Sud Charente","isPartOf":{"@id":"https:\/\/charente.catholique.fr\/sud-charente\/#website"},"primaryImageOfPage":{"@id":"https:\/\/charente.catholique.fr\/sud-charente\/agenda\/la-nuit-des-eglises\/#primaryimage"},"image":{"@id":"https:\/\/charente.catholique.fr\/sud-charente\/agenda\/la-nuit-des-eglises\/#primaryimage"},"thumbnailUrl":"https:\/\/charente.catholique.fr\/sud-charente\/wp-content\/uploads\/sites\/5\/2023\/03\/image_2023-03-27_104642680.png","datePublished":"2023-03-27T08:47:06+00:00","dateModified":"2023-06-22T20:15:52+00:00","breadcrumb":{"@id":"https:\/\/charente.catholique.fr\/sud-charente\/agenda\/la-nuit-des-eglises\/#breadcrumb"},"inLanguage":"fr-FR","potentialAction":[{"@type":"ReadAction","target":["https:\/\/charente.catholique.fr\/sud-charente\/agenda\/la-nuit-des-eglises\/"]}]},{"@type":"ImageObject","inLanguage":"fr-FR","@id":"https:\/\/charente.catholique.fr\/sud-charente\/agenda\/la-nuit-des-eglises\/#primaryimage","url":"https:\/\/charente.catholique.fr\/sud-charente\/wp-content\/uploads\/sites\/5\/2023\/03\/image_2023-03-27_104642680.png","contentUrl":"https:\/\/charente.catholique.fr\/sud-charente\/wp-content\/uploads\/sites\/5\/2023\/03\/image_2023-03-27_104642680.png","width":800,"height":578},{"@type":"BreadcrumbList","@id":"https:\/\/charente.catholique.fr\/sud-charente\/agenda\/la-nuit-des-eglises\/#breadcrumb","itemListElement":[{"@type":"ListItem","position":1,"name":"Accueil","item":"https:\/\/charente.catholique.fr\/sud-charente\/"},{"@type":"ListItem","position":2,"name":"La nuit des Eglises 2023 en Sud Charente :"}]},{"@type":"WebSite","@id":"https:\/\/charente.catholique.fr\/sud-charente\/#website","url":"https:\/\/charente.catholique.fr\/sud-charente\/","name":"Doyenn\u00e9 Sud Charente - Dioc\u00e8se d'Angoul\u00eame","description":"Dioc\u00e8se d&#039;Angoul\u00eame","publisher":{"@id":"https:\/\/charente.catholique.fr\/sud-charente\/#organization"},"potentialAction":[{"@type":"SearchAction","target":{"@type":"EntryPoint","urlTemplate":"https:\/\/charente.catholique.fr\/sud-charente\/?s={search_term_string}"},"query-input":{"@type":"PropertyValueSpecification","valueRequired":true,"valueName":"search_term_string"}}],"inLanguage":"fr-FR"},{"@type":"Organization","@id":"https:\/\/charente.catholique.fr\/sud-charente\/#organization","name":"Association dioc\u00e9saine d'Angoul\u00eame","url":"https:\/\/charente.catholique.fr\/sud-charente\/","logo":{"@type":"ImageObject","inLanguage":"fr-FR","@id":"https:\/\/charente.catholique.fr\/sud-charente\/#\/schema\/logo\/image\/","url":"https:\/\/charente.catholique.fr\/sud-charente\/wp-content\/uploads\/sites\/5\/2020\/10\/logos.png","contentUrl":"https:\/\/charente.catholique.fr\/sud-charente\/wp-content\/uploads\/sites\/5\/2020\/10\/logos.png","width":600,"height":257,"caption":"Association dioc\u00e9saine d'Angoul\u00eame"},"image":{"@id":"https:\/\/charente.catholique.fr\/sud-charente\/#\/schema\/logo\/image\/"},"sameAs":["https:\/\/www.facebook.com\/EgliseCatholiqueCharente","https:\/\/x.com\/diocesecharente","https:\/\/www.instagram.com\/eglisecharente","https:\/\/www.youtube.com\/channel\/UCByyFWApZbw3gDTiADoiAaQ"]}]}},"_links":{"self":[{"href":"https:\/\/charente.catholique.fr\/sud-charente\/wp-json\/wp\/v2\/evenement\/5799","targetHints":{"allow":["GET"]}}],"collection":[{"href":"https:\/\/charente.catholique.fr\/sud-charente\/wp-json\/wp\/v2\/evenement"}],"about":[{"href":"https:\/\/charente.catholique.fr\/sud-charente\/wp-json\/wp\/v2\/types\/evenement"}],"author":[{"embeddable":true,"href":"https:\/\/charente.catholique.fr\/sud-charente\/wp-json\/wp\/v2\/users\/81"}],"version-history":[{"count":10,"href":"https:\/\/charente.catholique.fr\/sud-charente\/wp-json\/wp\/v2\/evenement\/5799\/revisions"}],"predecessor-version":[{"id":6433,"href":"https:\/\/charente.catholique.fr\/sud-charente\/wp-json\/wp\/v2\/evenement\/5799\/revisions\/6433"}],"wp:featuredmedia":[{"embeddable":true,"href":"https:\/\/charente.catholique.fr\/sud-charente\/wp-json\/wp\/v2\/media\/5800"}],"wp:attachment":[{"href":"https:\/\/charente.catholique.fr\/sud-charente\/wp-json\/wp\/v2\/media?parent=5799"}],"wp:term":[{"taxonomy":"category","embeddable":true,"href":"https:\/\/charente.catholique.fr\/sud-charente\/wp-json\/wp\/v2\/categories?post=5799"},{"taxonomy":"post_tag","embeddable":true,"href":"https:\/\/charente.catholique.fr\/sud-charente\/wp-json\/wp\/v2\/tags?post=5799"}],"curies":[{"name":"wp","href":"https:\/\/api.w.org\/{rel}","templated":true}]}}