{"id":5007,"date":"2022-12-19T11:22:50","date_gmt":"2022-12-19T10:22:50","guid":{"rendered":"https:\/\/charente.catholique.fr\/sud-charente\/?post_type=evenement&#038;p=5007"},"modified":"2023-02-12T21:01:18","modified_gmt":"2023-02-12T20:01:18","slug":"priere-pour-la-semaine-de-lunite-des-chretiens","status":"publish","type":"evenement","link":"https:\/\/charente.catholique.fr\/sud-charente\/agenda\/priere-pour-la-semaine-de-lunite-des-chretiens\/","title":{"rendered":"Report\u00e9 au 16 f\u00e9vrier : Pri\u00e8re pour la semaine de l&#8217;unit\u00e9 des chr\u00e9tiens"},"content":{"rendered":"\n<p>Pour la Semaine de Pri\u00e8re pour l&#8217;Unit\u00e9 des Chr\u00e9tiens, \u00e0 Barbezieux, le temps de pri\u00e8re commun propos\u00e9 le jeudi 19 janvier a \u00e9t\u00e9 report\u00e9 au jeudi 16 f\u00e9vrier  \u00e0 18h30 au Temple (20, rue Trarieux)<\/p>\n\n\n\n<p>La chronique dioc\u00e9saine du 6 f\u00e9vrier sur RCF Charente \u00e9tait consacr\u00e9e \u00e0 cette rencontre :<\/p>\n\n\n<p><iframe allowfullscreen width=100% height=140px src=\"https:\/\/www.rcf.fr\/vie-spirituelle\/chronique-diocesaine\/embed?episodeId=337864\"><\/iframe><\/p>\n\n\n<div class=\"wp-block-image\">\n<figure class=\"aligncenter size-large\"><img loading=\"lazy\" decoding=\"async\" width=\"764\" height=\"1080\" src=\"https:\/\/charente.catholique.fr\/sud-charente\/wp-content\/uploads\/sites\/5\/2022\/12\/SPPUC-2022-Affiche-A3-764x1080.jpg\" alt=\"\" class=\"wp-image-5008\" srcset=\"https:\/\/charente.catholique.fr\/sud-charente\/wp-content\/uploads\/sites\/5\/2022\/12\/SPPUC-2022-Affiche-A3-764x1080.jpg 764w, https:\/\/charente.catholique.fr\/sud-charente\/wp-content\/uploads\/sites\/5\/2022\/12\/SPPUC-2022-Affiche-A3-212x300.jpg 212w, https:\/\/charente.catholique.fr\/sud-charente\/wp-content\/uploads\/sites\/5\/2022\/12\/SPPUC-2022-Affiche-A3-768x1086.jpg 768w, https:\/\/charente.catholique.fr\/sud-charente\/wp-content\/uploads\/sites\/5\/2022\/12\/SPPUC-2022-Affiche-A3.jpg 842w\" sizes=\"auto, (max-width: 764px) 100vw, 764px\" \/><\/figure>\n<\/div>\n\n\n<h1 class=\"wp-block-heading\"><strong>Apprenez \u00e0 faire le bien, recherchez la justice<\/strong> <strong>(\u00c9sa\u00efe 1,17)<\/strong><\/h1>\n\n\n\n<p><strong>Ce sont les chr\u00e9tiens du Minnesota (\u00c9tats-Unis) qui ont choisi le th\u00e8me de la Semaine de pri\u00e8re pour l\u2019unit\u00e9 des chr\u00e9tiens 2023 .<\/strong><\/p>\n\n\n\n<p>\u00c9sa\u00efe exhorte le peuple de Dieu de son temps \u00e0 apprendre \u00e0 faire ensemble le bien, \u00e0 rechercher ensemble la justice, \u00e0 secourir ensemble les opprim\u00e9s, \u00e0 faire droit \u00e0 l\u2019orphelin et \u00e0 prendre la d\u00e9fense de la veuve ensemble. Le d\u00e9fi lanc\u00e9 par le proph\u00e8te nous concerne \u00e9galement aujourd\u2019hui.<\/p>\n\n\n\n<p>Comment pouvons-nous vivre notre unit\u00e9 en tant que chr\u00e9tiens afin d\u2019apporter une r\u00e9ponse aux maux et injustices de notre temps ? Comment pouvons-nous engager le dialogue, accro\u00eetre la sensibilisation, la compr\u00e9hension et notre intuition par rapport aux exp\u00e9riences v\u00e9cues par les uns et les autres ?<\/p>\n\n\n\n<p>Ces pri\u00e8res et ces rencontres du c\u0153ur ont le pouvoir de nous transformer \u2013 individuellement et collectivement. Soyons ouverts \u00e0 la pr\u00e9sence de Dieu dans toutes nos rencontres, alors que nous cherchons \u00e0 nous transformer, \u00e0 d\u00e9manteler les structures sources d\u2019oppression et \u00e0 gu\u00e9rir les p\u00e9ch\u00e9s du racisme. Ensemble, engageons-nous dans la lutte pour la justice dans notre soci\u00e9t\u00e9. Nous appartenons tous au Christ.<\/p>\n\n\n\n<p><a href=\"https:\/\/unitedeschretiens.fr\/semaine-de-priere-pour-unite-chretiens\/\" target=\"_blank\" rel=\"noreferrer noopener\">Site de l&#8217;Unit\u00e9 des Chr\u00e9tiens, pour en savoir plus<\/a><\/p>\n","protected":false},"author":4,"featured_media":5009,"template":"","meta":{"_acf_changed":false,"paroisse":["15"],"service":["0"],"footnotes":""},"categories":[1,4,14],"tags":[],"class_list":["post-5007","evenement","type-evenement","status-publish","has-post-thumbnail","hentry","category-actualites","category-barbezieux","category-infos-paroissiales","validated"],"acf":{"start_date":"2023-02-16 18:30:00","end_date":"2023-02-16 20:00:00","location":"Temple protestant de Barbezieux","address":{"address":"20 Rue Trarieux, Barbezieux-Saint-Hilaire, France","lat":45.4715246,"lng":-0.150828,"zoom":14,"place_id":"ChIJSaaAPct6AEgRq8TDUS-7Pn8","name":"20 Rue Trarieux","street_number":20,"street_name":"Rue Trarieux","city":"Barbezieux-Saint-Hilaire","state":"Nouvelle-Aquitaine","post_code":16300,"country":"France","country_short":"FR"}},"yoast_head":"<!-- This site is optimized with the Yoast SEO plugin v27.1.1 - https:\/\/yoast.com\/product\/yoast-seo-wordpress\/ -->\n<title>Report\u00e9 au 16 f\u00e9vrier : Pri\u00e8re pour la semaine de l&#039;unit\u00e9 des chr\u00e9tiens - Doyenn\u00e9 Sud Charente<\/title>\n<meta name=\"robots\" content=\"index, follow, max-snippet:-1, max-image-preview:large, max-video-preview:-1\" \/>\n<link rel=\"canonical\" href=\"https:\/\/charente.catholique.fr\/sud-charente\/agenda\/priere-pour-la-semaine-de-lunite-des-chretiens\/\" \/>\n<meta property=\"og:locale\" content=\"fr_FR\" \/>\n<meta property=\"og:type\" content=\"article\" \/>\n<meta property=\"og:title\" content=\"Report\u00e9 au 16 f\u00e9vrier : Pri\u00e8re pour la semaine de l&#039;unit\u00e9 des chr\u00e9tiens - Doyenn\u00e9 Sud Charente\" \/>\n<meta property=\"og:description\" content=\"Pour la Semaine de Pri\u00e8re pour l&#8217;Unit\u00e9 des Chr\u00e9tiens, \u00e0 Barbezieux, le temps de pri\u00e8re commun propos\u00e9 le jeudi 19 janvier a \u00e9t\u00e9 report\u00e9 au jeudi 16 f\u00e9vrier \u00e0 18h30 au Temple (20, rue Trarieux) La chronique dioc\u00e9saine du 6 f\u00e9vrier sur RCF Charente \u00e9tait consacr\u00e9e \u00e0 cette rencontre : Apprenez \u00e0 faire le bien, [&hellip;]\" \/>\n<meta property=\"og:url\" content=\"https:\/\/charente.catholique.fr\/sud-charente\/agenda\/priere-pour-la-semaine-de-lunite-des-chretiens\/\" \/>\n<meta property=\"og:site_name\" content=\"Doyenn\u00e9 Sud Charente\" \/>\n<meta property=\"article:publisher\" content=\"https:\/\/www.facebook.com\/EgliseCatholiqueCharente\" \/>\n<meta property=\"article:modified_time\" content=\"2023-02-12T20:01:18+00:00\" \/>\n<meta property=\"og:image\" content=\"https:\/\/charente.catholique.fr\/sud-charente\/wp-content\/uploads\/sites\/5\/2022\/12\/banniere-web-h-800x300-1.jpg\" \/>\n\t<meta property=\"og:image:width\" content=\"800\" \/>\n\t<meta property=\"og:image:height\" content=\"300\" \/>\n\t<meta property=\"og:image:type\" content=\"image\/jpeg\" \/>\n<meta name=\"twitter:card\" content=\"summary_large_image\" \/>\n<meta name=\"twitter:site\" content=\"@diocesecharente\" \/>\n<meta name=\"twitter:label1\" content=\"Dur\u00e9e de lecture estim\u00e9e\" \/>\n\t<meta name=\"twitter:data1\" content=\"2 minutes\" \/>\n<script type=\"application\/ld+json\" class=\"yoast-schema-graph\">{\"@context\":\"https:\/\/schema.org\",\"@graph\":[{\"@type\":\"WebPage\",\"@id\":\"https:\/\/charente.catholique.fr\/sud-charente\/agenda\/priere-pour-la-semaine-de-lunite-des-chretiens\/\",\"url\":\"https:\/\/charente.catholique.fr\/sud-charente\/agenda\/priere-pour-la-semaine-de-lunite-des-chretiens\/\",\"name\":\"Report\u00e9 au 16 f\u00e9vrier : Pri\u00e8re pour la semaine de l'unit\u00e9 des chr\u00e9tiens - Doyenn\u00e9 Sud Charente\",\"isPartOf\":{\"@id\":\"https:\/\/charente.catholique.fr\/sud-charente\/#website\"},\"primaryImageOfPage\":{\"@id\":\"https:\/\/charente.catholique.fr\/sud-charente\/agenda\/priere-pour-la-semaine-de-lunite-des-chretiens\/#primaryimage\"},\"image\":{\"@id\":\"https:\/\/charente.catholique.fr\/sud-charente\/agenda\/priere-pour-la-semaine-de-lunite-des-chretiens\/#primaryimage\"},\"thumbnailUrl\":\"https:\/\/charente.catholique.fr\/sud-charente\/wp-content\/uploads\/sites\/5\/2022\/12\/banniere-web-h-800x300-1.jpg\",\"datePublished\":\"2022-12-19T10:22:50+00:00\",\"dateModified\":\"2023-02-12T20:01:18+00:00\",\"breadcrumb\":{\"@id\":\"https:\/\/charente.catholique.fr\/sud-charente\/agenda\/priere-pour-la-semaine-de-lunite-des-chretiens\/#breadcrumb\"},\"inLanguage\":\"fr-FR\",\"potentialAction\":[{\"@type\":\"ReadAction\",\"target\":[\"https:\/\/charente.catholique.fr\/sud-charente\/agenda\/priere-pour-la-semaine-de-lunite-des-chretiens\/\"]}]},{\"@type\":\"ImageObject\",\"inLanguage\":\"fr-FR\",\"@id\":\"https:\/\/charente.catholique.fr\/sud-charente\/agenda\/priere-pour-la-semaine-de-lunite-des-chretiens\/#primaryimage\",\"url\":\"https:\/\/charente.catholique.fr\/sud-charente\/wp-content\/uploads\/sites\/5\/2022\/12\/banniere-web-h-800x300-1.jpg\",\"contentUrl\":\"https:\/\/charente.catholique.fr\/sud-charente\/wp-content\/uploads\/sites\/5\/2022\/12\/banniere-web-h-800x300-1.jpg\",\"width\":800,\"height\":300},{\"@type\":\"BreadcrumbList\",\"@id\":\"https:\/\/charente.catholique.fr\/sud-charente\/agenda\/priere-pour-la-semaine-de-lunite-des-chretiens\/#breadcrumb\",\"itemListElement\":[{\"@type\":\"ListItem\",\"position\":1,\"name\":\"Accueil\",\"item\":\"https:\/\/charente.catholique.fr\/sud-charente\/\"},{\"@type\":\"ListItem\",\"position\":2,\"name\":\"Report\u00e9 au 16 f\u00e9vrier : Pri\u00e8re pour la semaine de l&#8217;unit\u00e9 des chr\u00e9tiens\"}]},{\"@type\":\"WebSite\",\"@id\":\"https:\/\/charente.catholique.fr\/sud-charente\/#website\",\"url\":\"https:\/\/charente.catholique.fr\/sud-charente\/\",\"name\":\"Doyenn\u00e9 Sud Charente - Dioc\u00e8se d'Angoul\u00eame\",\"description\":\"Dioc\u00e8se d&#039;Angoul\u00eame\",\"publisher\":{\"@id\":\"https:\/\/charente.catholique.fr\/sud-charente\/#organization\"},\"potentialAction\":[{\"@type\":\"SearchAction\",\"target\":{\"@type\":\"EntryPoint\",\"urlTemplate\":\"https:\/\/charente.catholique.fr\/sud-charente\/?s={search_term_string}\"},\"query-input\":{\"@type\":\"PropertyValueSpecification\",\"valueRequired\":true,\"valueName\":\"search_term_string\"}}],\"inLanguage\":\"fr-FR\"},{\"@type\":\"Organization\",\"@id\":\"https:\/\/charente.catholique.fr\/sud-charente\/#organization\",\"name\":\"Association dioc\u00e9saine d'Angoul\u00eame\",\"url\":\"https:\/\/charente.catholique.fr\/sud-charente\/\",\"logo\":{\"@type\":\"ImageObject\",\"inLanguage\":\"fr-FR\",\"@id\":\"https:\/\/charente.catholique.fr\/sud-charente\/#\/schema\/logo\/image\/\",\"url\":\"https:\/\/charente.catholique.fr\/sud-charente\/wp-content\/uploads\/sites\/5\/2020\/10\/logos.png\",\"contentUrl\":\"https:\/\/charente.catholique.fr\/sud-charente\/wp-content\/uploads\/sites\/5\/2020\/10\/logos.png\",\"width\":600,\"height\":257,\"caption\":\"Association dioc\u00e9saine d'Angoul\u00eame\"},\"image\":{\"@id\":\"https:\/\/charente.catholique.fr\/sud-charente\/#\/schema\/logo\/image\/\"},\"sameAs\":[\"https:\/\/www.facebook.com\/EgliseCatholiqueCharente\",\"https:\/\/x.com\/diocesecharente\",\"https:\/\/www.instagram.com\/eglisecharente\",\"https:\/\/www.youtube.com\/channel\/UCByyFWApZbw3gDTiADoiAaQ\"]}]}<\/script>\n<!-- \/ Yoast SEO plugin. -->","yoast_head_json":{"title":"Report\u00e9 au 16 f\u00e9vrier : Pri\u00e8re pour la semaine de l'unit\u00e9 des chr\u00e9tiens - Doyenn\u00e9 Sud Charente","robots":{"index":"index","follow":"follow","max-snippet":"max-snippet:-1","max-image-preview":"max-image-preview:large","max-video-preview":"max-video-preview:-1"},"canonical":"https:\/\/charente.catholique.fr\/sud-charente\/agenda\/priere-pour-la-semaine-de-lunite-des-chretiens\/","og_locale":"fr_FR","og_type":"article","og_title":"Report\u00e9 au 16 f\u00e9vrier : Pri\u00e8re pour la semaine de l'unit\u00e9 des chr\u00e9tiens - Doyenn\u00e9 Sud Charente","og_description":"Pour la Semaine de Pri\u00e8re pour l&#8217;Unit\u00e9 des Chr\u00e9tiens, \u00e0 Barbezieux, le temps de pri\u00e8re commun propos\u00e9 le jeudi 19 janvier a \u00e9t\u00e9 report\u00e9 au jeudi 16 f\u00e9vrier \u00e0 18h30 au Temple (20, rue Trarieux) La chronique dioc\u00e9saine du 6 f\u00e9vrier sur RCF Charente \u00e9tait consacr\u00e9e \u00e0 cette rencontre : Apprenez \u00e0 faire le bien, [&hellip;]","og_url":"https:\/\/charente.catholique.fr\/sud-charente\/agenda\/priere-pour-la-semaine-de-lunite-des-chretiens\/","og_site_name":"Doyenn\u00e9 Sud Charente","article_publisher":"https:\/\/www.facebook.com\/EgliseCatholiqueCharente","article_modified_time":"2023-02-12T20:01:18+00:00","og_image":[{"width":800,"height":300,"url":"https:\/\/charente.catholique.fr\/sud-charente\/wp-content\/uploads\/sites\/5\/2022\/12\/banniere-web-h-800x300-1.jpg","type":"image\/jpeg"}],"twitter_card":"summary_large_image","twitter_site":"@diocesecharente","twitter_misc":{"Dur\u00e9e de lecture estim\u00e9e":"2 minutes"},"schema":{"@context":"https:\/\/schema.org","@graph":[{"@type":"WebPage","@id":"https:\/\/charente.catholique.fr\/sud-charente\/agenda\/priere-pour-la-semaine-de-lunite-des-chretiens\/","url":"https:\/\/charente.catholique.fr\/sud-charente\/agenda\/priere-pour-la-semaine-de-lunite-des-chretiens\/","name":"Report\u00e9 au 16 f\u00e9vrier : Pri\u00e8re pour la semaine de l'unit\u00e9 des chr\u00e9tiens - Doyenn\u00e9 Sud Charente","isPartOf":{"@id":"https:\/\/charente.catholique.fr\/sud-charente\/#website"},"primaryImageOfPage":{"@id":"https:\/\/charente.catholique.fr\/sud-charente\/agenda\/priere-pour-la-semaine-de-lunite-des-chretiens\/#primaryimage"},"image":{"@id":"https:\/\/charente.catholique.fr\/sud-charente\/agenda\/priere-pour-la-semaine-de-lunite-des-chretiens\/#primaryimage"},"thumbnailUrl":"https:\/\/charente.catholique.fr\/sud-charente\/wp-content\/uploads\/sites\/5\/2022\/12\/banniere-web-h-800x300-1.jpg","datePublished":"2022-12-19T10:22:50+00:00","dateModified":"2023-02-12T20:01:18+00:00","breadcrumb":{"@id":"https:\/\/charente.catholique.fr\/sud-charente\/agenda\/priere-pour-la-semaine-de-lunite-des-chretiens\/#breadcrumb"},"inLanguage":"fr-FR","potentialAction":[{"@type":"ReadAction","target":["https:\/\/charente.catholique.fr\/sud-charente\/agenda\/priere-pour-la-semaine-de-lunite-des-chretiens\/"]}]},{"@type":"ImageObject","inLanguage":"fr-FR","@id":"https:\/\/charente.catholique.fr\/sud-charente\/agenda\/priere-pour-la-semaine-de-lunite-des-chretiens\/#primaryimage","url":"https:\/\/charente.catholique.fr\/sud-charente\/wp-content\/uploads\/sites\/5\/2022\/12\/banniere-web-h-800x300-1.jpg","contentUrl":"https:\/\/charente.catholique.fr\/sud-charente\/wp-content\/uploads\/sites\/5\/2022\/12\/banniere-web-h-800x300-1.jpg","width":800,"height":300},{"@type":"BreadcrumbList","@id":"https:\/\/charente.catholique.fr\/sud-charente\/agenda\/priere-pour-la-semaine-de-lunite-des-chretiens\/#breadcrumb","itemListElement":[{"@type":"ListItem","position":1,"name":"Accueil","item":"https:\/\/charente.catholique.fr\/sud-charente\/"},{"@type":"ListItem","position":2,"name":"Report\u00e9 au 16 f\u00e9vrier : Pri\u00e8re pour la semaine de l&#8217;unit\u00e9 des chr\u00e9tiens"}]},{"@type":"WebSite","@id":"https:\/\/charente.catholique.fr\/sud-charente\/#website","url":"https:\/\/charente.catholique.fr\/sud-charente\/","name":"Doyenn\u00e9 Sud Charente - Dioc\u00e8se d'Angoul\u00eame","description":"Dioc\u00e8se d&#039;Angoul\u00eame","publisher":{"@id":"https:\/\/charente.catholique.fr\/sud-charente\/#organization"},"potentialAction":[{"@type":"SearchAction","target":{"@type":"EntryPoint","urlTemplate":"https:\/\/charente.catholique.fr\/sud-charente\/?s={search_term_string}"},"query-input":{"@type":"PropertyValueSpecification","valueRequired":true,"valueName":"search_term_string"}}],"inLanguage":"fr-FR"},{"@type":"Organization","@id":"https:\/\/charente.catholique.fr\/sud-charente\/#organization","name":"Association dioc\u00e9saine d'Angoul\u00eame","url":"https:\/\/charente.catholique.fr\/sud-charente\/","logo":{"@type":"ImageObject","inLanguage":"fr-FR","@id":"https:\/\/charente.catholique.fr\/sud-charente\/#\/schema\/logo\/image\/","url":"https:\/\/charente.catholique.fr\/sud-charente\/wp-content\/uploads\/sites\/5\/2020\/10\/logos.png","contentUrl":"https:\/\/charente.catholique.fr\/sud-charente\/wp-content\/uploads\/sites\/5\/2020\/10\/logos.png","width":600,"height":257,"caption":"Association dioc\u00e9saine d'Angoul\u00eame"},"image":{"@id":"https:\/\/charente.catholique.fr\/sud-charente\/#\/schema\/logo\/image\/"},"sameAs":["https:\/\/www.facebook.com\/EgliseCatholiqueCharente","https:\/\/x.com\/diocesecharente","https:\/\/www.instagram.com\/eglisecharente","https:\/\/www.youtube.com\/channel\/UCByyFWApZbw3gDTiADoiAaQ"]}]}},"_links":{"self":[{"href":"https:\/\/charente.catholique.fr\/sud-charente\/wp-json\/wp\/v2\/evenement\/5007","targetHints":{"allow":["GET"]}}],"collection":[{"href":"https:\/\/charente.catholique.fr\/sud-charente\/wp-json\/wp\/v2\/evenement"}],"about":[{"href":"https:\/\/charente.catholique.fr\/sud-charente\/wp-json\/wp\/v2\/types\/evenement"}],"author":[{"embeddable":true,"href":"https:\/\/charente.catholique.fr\/sud-charente\/wp-json\/wp\/v2\/users\/4"}],"version-history":[{"count":10,"href":"https:\/\/charente.catholique.fr\/sud-charente\/wp-json\/wp\/v2\/evenement\/5007\/revisions"}],"predecessor-version":[{"id":5408,"href":"https:\/\/charente.catholique.fr\/sud-charente\/wp-json\/wp\/v2\/evenement\/5007\/revisions\/5408"}],"wp:featuredmedia":[{"embeddable":true,"href":"https:\/\/charente.catholique.fr\/sud-charente\/wp-json\/wp\/v2\/media\/5009"}],"wp:attachment":[{"href":"https:\/\/charente.catholique.fr\/sud-charente\/wp-json\/wp\/v2\/media?parent=5007"}],"wp:term":[{"taxonomy":"category","embeddable":true,"href":"https:\/\/charente.catholique.fr\/sud-charente\/wp-json\/wp\/v2\/categories?post=5007"},{"taxonomy":"post_tag","embeddable":true,"href":"https:\/\/charente.catholique.fr\/sud-charente\/wp-json\/wp\/v2\/tags?post=5007"}],"curies":[{"name":"wp","href":"https:\/\/api.w.org\/{rel}","templated":true}]}}