{"id":44,"date":"2020-08-12T15:55:03","date_gmt":"2020-08-12T13:55:03","guid":{"rendered":"https:\/\/charente.catholique.fr\/sud-charente\/?post_type=evenement&#038;p=44"},"modified":"2020-08-19T23:18:20","modified_gmt":"2020-08-19T21:18:20","slug":"messe-daction-de-grace-du-pere-michel-granger","status":"publish","type":"evenement","link":"https:\/\/charente.catholique.fr\/sud-charente\/agenda\/messe-daction-de-grace-du-pere-michel-granger\/","title":{"rendered":"Messe d&#8217;action de gr\u00e2ce du P\u00e8re Michel Granger"},"content":{"rendered":"\n<p>Le P\u00e8re Michel Granger, doyen du Sud Charente et cur\u00e9 de Barbezieux &#8211; Baignes &#8211; Barret, a \u00e9t\u00e9 nomm\u00e9 vicaire g\u00e9n\u00e9ral par Mgr Gosselin. Le P\u00e8re Michel Granger c\u00e9l\u00e8brera une messe d&#8217;action de gr\u00e2ce pour le minist\u00e8re exerc\u00e9 dans le doyenn\u00e9 le dimanche 6 septembre \u00e0 10h30 \u00e0 Barbezieux.<\/p>\n\n\n\n<figure class=\"wp-block-image size-large\"><img loading=\"lazy\" decoding=\"async\" width=\"1620\" height=\"1080\" src=\"https:\/\/charente.catholique.fr\/sud-charente\/wp-content\/uploads\/sites\/5\/2020\/08\/Michel-Granger-2020-1620x1080.jpg\" alt=\"\" class=\"wp-image-36\" srcset=\"https:\/\/charente.catholique.fr\/sud-charente\/wp-content\/uploads\/sites\/5\/2020\/08\/Michel-Granger-2020-1620x1080.jpg 1620w, https:\/\/charente.catholique.fr\/sud-charente\/wp-content\/uploads\/sites\/5\/2020\/08\/Michel-Granger-2020-300x200.jpg 300w, https:\/\/charente.catholique.fr\/sud-charente\/wp-content\/uploads\/sites\/5\/2020\/08\/Michel-Granger-2020-768x512.jpg 768w, https:\/\/charente.catholique.fr\/sud-charente\/wp-content\/uploads\/sites\/5\/2020\/08\/Michel-Granger-2020-1536x1024.jpg 1536w, https:\/\/charente.catholique.fr\/sud-charente\/wp-content\/uploads\/sites\/5\/2020\/08\/Michel-Granger-2020-2048x1365.jpg 2048w\" sizes=\"auto, (max-width: 1620px) 100vw, 1620px\" \/><figcaption>Le P\u00e8re Michel Granger<\/figcaption><\/figure>\n","protected":false},"author":4,"featured_media":0,"template":"","meta":{"_acf_changed":false,"paroisse":["0"],"service":["0"],"footnotes":""},"categories":[1],"tags":[],"class_list":["post-44","evenement","type-evenement","status-publish","hentry","category-actualites","validated"],"acf":{"start_date":"2020-09-06 10:30:00","end_date":"","location":"Eglise Saint Matthias de Barbezieux","address":null},"yoast_head":"<!-- This site is optimized with the Yoast SEO plugin v27.1.1 - https:\/\/yoast.com\/product\/yoast-seo-wordpress\/ -->\n<title>Messe d&#039;action de gr\u00e2ce du P\u00e8re Michel Granger - Doyenn\u00e9 Sud Charente<\/title>\n<meta name=\"robots\" content=\"index, follow, max-snippet:-1, max-image-preview:large, max-video-preview:-1\" \/>\n<link rel=\"canonical\" href=\"https:\/\/charente.catholique.fr\/sud-charente\/agenda\/messe-daction-de-grace-du-pere-michel-granger\/\" \/>\n<meta property=\"og:locale\" content=\"fr_FR\" \/>\n<meta property=\"og:type\" content=\"article\" \/>\n<meta property=\"og:title\" content=\"Messe d&#039;action de gr\u00e2ce du P\u00e8re Michel Granger - Doyenn\u00e9 Sud Charente\" \/>\n<meta property=\"og:description\" content=\"Le P\u00e8re Michel Granger, doyen du Sud Charente et cur\u00e9 de Barbezieux &#8211; Baignes &#8211; Barret, a \u00e9t\u00e9 nomm\u00e9 vicaire g\u00e9n\u00e9ral par Mgr Gosselin. Le P\u00e8re Michel Granger c\u00e9l\u00e8brera une messe d&#8217;action de gr\u00e2ce pour le minist\u00e8re exerc\u00e9 dans le doyenn\u00e9 le dimanche 6 septembre \u00e0 10h30 \u00e0 Barbezieux.\" \/>\n<meta property=\"og:url\" content=\"https:\/\/charente.catholique.fr\/sud-charente\/agenda\/messe-daction-de-grace-du-pere-michel-granger\/\" \/>\n<meta property=\"og:site_name\" content=\"Doyenn\u00e9 Sud Charente\" \/>\n<meta property=\"article:publisher\" content=\"https:\/\/www.facebook.com\/EgliseCatholiqueCharente\" \/>\n<meta property=\"article:modified_time\" content=\"2020-08-19T21:18:20+00:00\" \/>\n<meta property=\"og:image\" content=\"https:\/\/charente.catholique.fr\/sud-charente\/wp-content\/uploads\/sites\/5\/2020\/08\/Michel-Granger-2020-1620x1080.jpg\" \/>\n<meta name=\"twitter:card\" content=\"summary_large_image\" \/>\n<meta name=\"twitter:site\" content=\"@diocesecharente\" \/>\n<script type=\"application\/ld+json\" class=\"yoast-schema-graph\">{\"@context\":\"https:\/\/schema.org\",\"@graph\":[{\"@type\":\"WebPage\",\"@id\":\"https:\/\/charente.catholique.fr\/sud-charente\/agenda\/messe-daction-de-grace-du-pere-michel-granger\/\",\"url\":\"https:\/\/charente.catholique.fr\/sud-charente\/agenda\/messe-daction-de-grace-du-pere-michel-granger\/\",\"name\":\"Messe d'action de gr\u00e2ce du P\u00e8re Michel Granger - Doyenn\u00e9 Sud Charente\",\"isPartOf\":{\"@id\":\"https:\/\/charente.catholique.fr\/sud-charente\/#website\"},\"primaryImageOfPage\":{\"@id\":\"https:\/\/charente.catholique.fr\/sud-charente\/agenda\/messe-daction-de-grace-du-pere-michel-granger\/#primaryimage\"},\"image\":{\"@id\":\"https:\/\/charente.catholique.fr\/sud-charente\/agenda\/messe-daction-de-grace-du-pere-michel-granger\/#primaryimage\"},\"thumbnailUrl\":\"https:\/\/charente.catholique.fr\/sud-charente\/wp-content\/uploads\/sites\/5\/2020\/08\/Michel-Granger-2020-1620x1080.jpg\",\"datePublished\":\"2020-08-12T13:55:03+00:00\",\"dateModified\":\"2020-08-19T21:18:20+00:00\",\"breadcrumb\":{\"@id\":\"https:\/\/charente.catholique.fr\/sud-charente\/agenda\/messe-daction-de-grace-du-pere-michel-granger\/#breadcrumb\"},\"inLanguage\":\"fr-FR\",\"potentialAction\":[{\"@type\":\"ReadAction\",\"target\":[\"https:\/\/charente.catholique.fr\/sud-charente\/agenda\/messe-daction-de-grace-du-pere-michel-granger\/\"]}]},{\"@type\":\"ImageObject\",\"inLanguage\":\"fr-FR\",\"@id\":\"https:\/\/charente.catholique.fr\/sud-charente\/agenda\/messe-daction-de-grace-du-pere-michel-granger\/#primaryimage\",\"url\":\"https:\/\/charente.catholique.fr\/sud-charente\/wp-content\/uploads\/sites\/5\/2020\/08\/Michel-Granger-2020-1620x1080.jpg\",\"contentUrl\":\"https:\/\/charente.catholique.fr\/sud-charente\/wp-content\/uploads\/sites\/5\/2020\/08\/Michel-Granger-2020-1620x1080.jpg\"},{\"@type\":\"BreadcrumbList\",\"@id\":\"https:\/\/charente.catholique.fr\/sud-charente\/agenda\/messe-daction-de-grace-du-pere-michel-granger\/#breadcrumb\",\"itemListElement\":[{\"@type\":\"ListItem\",\"position\":1,\"name\":\"Accueil\",\"item\":\"https:\/\/charente.catholique.fr\/sud-charente\/\"},{\"@type\":\"ListItem\",\"position\":2,\"name\":\"Messe d&#8217;action de gr\u00e2ce du P\u00e8re Michel Granger\"}]},{\"@type\":\"WebSite\",\"@id\":\"https:\/\/charente.catholique.fr\/sud-charente\/#website\",\"url\":\"https:\/\/charente.catholique.fr\/sud-charente\/\",\"name\":\"Doyenn\u00e9 Sud Charente - Dioc\u00e8se d'Angoul\u00eame\",\"description\":\"Dioc\u00e8se d&#039;Angoul\u00eame\",\"publisher\":{\"@id\":\"https:\/\/charente.catholique.fr\/sud-charente\/#organization\"},\"potentialAction\":[{\"@type\":\"SearchAction\",\"target\":{\"@type\":\"EntryPoint\",\"urlTemplate\":\"https:\/\/charente.catholique.fr\/sud-charente\/?s={search_term_string}\"},\"query-input\":{\"@type\":\"PropertyValueSpecification\",\"valueRequired\":true,\"valueName\":\"search_term_string\"}}],\"inLanguage\":\"fr-FR\"},{\"@type\":\"Organization\",\"@id\":\"https:\/\/charente.catholique.fr\/sud-charente\/#organization\",\"name\":\"Association dioc\u00e9saine d'Angoul\u00eame\",\"url\":\"https:\/\/charente.catholique.fr\/sud-charente\/\",\"logo\":{\"@type\":\"ImageObject\",\"inLanguage\":\"fr-FR\",\"@id\":\"https:\/\/charente.catholique.fr\/sud-charente\/#\/schema\/logo\/image\/\",\"url\":\"https:\/\/charente.catholique.fr\/sud-charente\/wp-content\/uploads\/sites\/5\/2020\/10\/logos.png\",\"contentUrl\":\"https:\/\/charente.catholique.fr\/sud-charente\/wp-content\/uploads\/sites\/5\/2020\/10\/logos.png\",\"width\":600,\"height\":257,\"caption\":\"Association dioc\u00e9saine d'Angoul\u00eame\"},\"image\":{\"@id\":\"https:\/\/charente.catholique.fr\/sud-charente\/#\/schema\/logo\/image\/\"},\"sameAs\":[\"https:\/\/www.facebook.com\/EgliseCatholiqueCharente\",\"https:\/\/x.com\/diocesecharente\",\"https:\/\/www.instagram.com\/eglisecharente\",\"https:\/\/www.youtube.com\/channel\/UCByyFWApZbw3gDTiADoiAaQ\"]}]}<\/script>\n<!-- \/ Yoast SEO plugin. -->","yoast_head_json":{"title":"Messe d'action de gr\u00e2ce du P\u00e8re Michel Granger - Doyenn\u00e9 Sud Charente","robots":{"index":"index","follow":"follow","max-snippet":"max-snippet:-1","max-image-preview":"max-image-preview:large","max-video-preview":"max-video-preview:-1"},"canonical":"https:\/\/charente.catholique.fr\/sud-charente\/agenda\/messe-daction-de-grace-du-pere-michel-granger\/","og_locale":"fr_FR","og_type":"article","og_title":"Messe d'action de gr\u00e2ce du P\u00e8re Michel Granger - Doyenn\u00e9 Sud Charente","og_description":"Le P\u00e8re Michel Granger, doyen du Sud Charente et cur\u00e9 de Barbezieux &#8211; Baignes &#8211; Barret, a \u00e9t\u00e9 nomm\u00e9 vicaire g\u00e9n\u00e9ral par Mgr Gosselin. Le P\u00e8re Michel Granger c\u00e9l\u00e8brera une messe d&#8217;action de gr\u00e2ce pour le minist\u00e8re exerc\u00e9 dans le doyenn\u00e9 le dimanche 6 septembre \u00e0 10h30 \u00e0 Barbezieux.","og_url":"https:\/\/charente.catholique.fr\/sud-charente\/agenda\/messe-daction-de-grace-du-pere-michel-granger\/","og_site_name":"Doyenn\u00e9 Sud Charente","article_publisher":"https:\/\/www.facebook.com\/EgliseCatholiqueCharente","article_modified_time":"2020-08-19T21:18:20+00:00","og_image":[{"url":"https:\/\/charente.catholique.fr\/sud-charente\/wp-content\/uploads\/sites\/5\/2020\/08\/Michel-Granger-2020-1620x1080.jpg","type":"","width":"","height":""}],"twitter_card":"summary_large_image","twitter_site":"@diocesecharente","schema":{"@context":"https:\/\/schema.org","@graph":[{"@type":"WebPage","@id":"https:\/\/charente.catholique.fr\/sud-charente\/agenda\/messe-daction-de-grace-du-pere-michel-granger\/","url":"https:\/\/charente.catholique.fr\/sud-charente\/agenda\/messe-daction-de-grace-du-pere-michel-granger\/","name":"Messe d'action de gr\u00e2ce du P\u00e8re Michel Granger - Doyenn\u00e9 Sud Charente","isPartOf":{"@id":"https:\/\/charente.catholique.fr\/sud-charente\/#website"},"primaryImageOfPage":{"@id":"https:\/\/charente.catholique.fr\/sud-charente\/agenda\/messe-daction-de-grace-du-pere-michel-granger\/#primaryimage"},"image":{"@id":"https:\/\/charente.catholique.fr\/sud-charente\/agenda\/messe-daction-de-grace-du-pere-michel-granger\/#primaryimage"},"thumbnailUrl":"https:\/\/charente.catholique.fr\/sud-charente\/wp-content\/uploads\/sites\/5\/2020\/08\/Michel-Granger-2020-1620x1080.jpg","datePublished":"2020-08-12T13:55:03+00:00","dateModified":"2020-08-19T21:18:20+00:00","breadcrumb":{"@id":"https:\/\/charente.catholique.fr\/sud-charente\/agenda\/messe-daction-de-grace-du-pere-michel-granger\/#breadcrumb"},"inLanguage":"fr-FR","potentialAction":[{"@type":"ReadAction","target":["https:\/\/charente.catholique.fr\/sud-charente\/agenda\/messe-daction-de-grace-du-pere-michel-granger\/"]}]},{"@type":"ImageObject","inLanguage":"fr-FR","@id":"https:\/\/charente.catholique.fr\/sud-charente\/agenda\/messe-daction-de-grace-du-pere-michel-granger\/#primaryimage","url":"https:\/\/charente.catholique.fr\/sud-charente\/wp-content\/uploads\/sites\/5\/2020\/08\/Michel-Granger-2020-1620x1080.jpg","contentUrl":"https:\/\/charente.catholique.fr\/sud-charente\/wp-content\/uploads\/sites\/5\/2020\/08\/Michel-Granger-2020-1620x1080.jpg"},{"@type":"BreadcrumbList","@id":"https:\/\/charente.catholique.fr\/sud-charente\/agenda\/messe-daction-de-grace-du-pere-michel-granger\/#breadcrumb","itemListElement":[{"@type":"ListItem","position":1,"name":"Accueil","item":"https:\/\/charente.catholique.fr\/sud-charente\/"},{"@type":"ListItem","position":2,"name":"Messe d&#8217;action de gr\u00e2ce du P\u00e8re Michel Granger"}]},{"@type":"WebSite","@id":"https:\/\/charente.catholique.fr\/sud-charente\/#website","url":"https:\/\/charente.catholique.fr\/sud-charente\/","name":"Doyenn\u00e9 Sud Charente - Dioc\u00e8se d'Angoul\u00eame","description":"Dioc\u00e8se d&#039;Angoul\u00eame","publisher":{"@id":"https:\/\/charente.catholique.fr\/sud-charente\/#organization"},"potentialAction":[{"@type":"SearchAction","target":{"@type":"EntryPoint","urlTemplate":"https:\/\/charente.catholique.fr\/sud-charente\/?s={search_term_string}"},"query-input":{"@type":"PropertyValueSpecification","valueRequired":true,"valueName":"search_term_string"}}],"inLanguage":"fr-FR"},{"@type":"Organization","@id":"https:\/\/charente.catholique.fr\/sud-charente\/#organization","name":"Association dioc\u00e9saine d'Angoul\u00eame","url":"https:\/\/charente.catholique.fr\/sud-charente\/","logo":{"@type":"ImageObject","inLanguage":"fr-FR","@id":"https:\/\/charente.catholique.fr\/sud-charente\/#\/schema\/logo\/image\/","url":"https:\/\/charente.catholique.fr\/sud-charente\/wp-content\/uploads\/sites\/5\/2020\/10\/logos.png","contentUrl":"https:\/\/charente.catholique.fr\/sud-charente\/wp-content\/uploads\/sites\/5\/2020\/10\/logos.png","width":600,"height":257,"caption":"Association dioc\u00e9saine d'Angoul\u00eame"},"image":{"@id":"https:\/\/charente.catholique.fr\/sud-charente\/#\/schema\/logo\/image\/"},"sameAs":["https:\/\/www.facebook.com\/EgliseCatholiqueCharente","https:\/\/x.com\/diocesecharente","https:\/\/www.instagram.com\/eglisecharente","https:\/\/www.youtube.com\/channel\/UCByyFWApZbw3gDTiADoiAaQ"]}]}},"_links":{"self":[{"href":"https:\/\/charente.catholique.fr\/sud-charente\/wp-json\/wp\/v2\/evenement\/44","targetHints":{"allow":["GET"]}}],"collection":[{"href":"https:\/\/charente.catholique.fr\/sud-charente\/wp-json\/wp\/v2\/evenement"}],"about":[{"href":"https:\/\/charente.catholique.fr\/sud-charente\/wp-json\/wp\/v2\/types\/evenement"}],"author":[{"embeddable":true,"href":"https:\/\/charente.catholique.fr\/sud-charente\/wp-json\/wp\/v2\/users\/4"}],"version-history":[{"count":0,"href":"https:\/\/charente.catholique.fr\/sud-charente\/wp-json\/wp\/v2\/evenement\/44\/revisions"}],"wp:attachment":[{"href":"https:\/\/charente.catholique.fr\/sud-charente\/wp-json\/wp\/v2\/media?parent=44"}],"wp:term":[{"taxonomy":"category","embeddable":true,"href":"https:\/\/charente.catholique.fr\/sud-charente\/wp-json\/wp\/v2\/categories?post=44"},{"taxonomy":"post_tag","embeddable":true,"href":"https:\/\/charente.catholique.fr\/sud-charente\/wp-json\/wp\/v2\/tags?post=44"}],"curies":[{"name":"wp","href":"https:\/\/api.w.org\/{rel}","templated":true}]}}