{"id":3914,"date":"2022-05-24T10:43:56","date_gmt":"2022-05-24T08:43:56","guid":{"rendered":"https:\/\/charente.catholique.fr\/sud-charente\/?post_type=evenement&#038;p=3914"},"modified":"2022-05-24T10:54:06","modified_gmt":"2022-05-24T08:54:06","slug":"nuit-des-eglises-a-conzac","status":"publish","type":"evenement","link":"https:\/\/charente.catholique.fr\/sud-charente\/agenda\/nuit-des-eglises-a-conzac\/","title":{"rendered":"Nuit des \u00e9glises \u00e0 Conzac"},"content":{"rendered":"\n<p class=\"has-medium-font-size\">La Nuit des \u00e9glises est un \u00e9v\u00e9nement annuel organis\u00e9 par l&#8217;Eglise catholique de France ouvert \u00e0 toutes et \u00e0 tous.<\/p>\n\n\n\n<p class=\"has-medium-font-size\">Cette manifestation culturelle et artistique permet de mettre en valeur le riche patrimoine religieux. <\/p>\n\n\n\n<figure class=\"wp-block-image size-large is-resized\"><img loading=\"lazy\" decoding=\"async\" src=\"https:\/\/charente.catholique.fr\/sud-charente\/wp-content\/uploads\/sites\/5\/2022\/05\/20220509_143938-1440x1080.jpg\" alt=\"\" class=\"wp-image-3915\" width=\"969\" height=\"727\" srcset=\"https:\/\/charente.catholique.fr\/sud-charente\/wp-content\/uploads\/sites\/5\/2022\/05\/20220509_143938-1440x1080.jpg 1440w, https:\/\/charente.catholique.fr\/sud-charente\/wp-content\/uploads\/sites\/5\/2022\/05\/20220509_143938-300x225.jpg 300w, https:\/\/charente.catholique.fr\/sud-charente\/wp-content\/uploads\/sites\/5\/2022\/05\/20220509_143938-768x576.jpg 768w, https:\/\/charente.catholique.fr\/sud-charente\/wp-content\/uploads\/sites\/5\/2022\/05\/20220509_143938-1536x1152.jpg 1536w, https:\/\/charente.catholique.fr\/sud-charente\/wp-content\/uploads\/sites\/5\/2022\/05\/20220509_143938-2048x1536.jpg 2048w\" sizes=\"auto, (max-width: 969px) 100vw, 969px\" \/><\/figure>\n\n\n\n<p class=\"has-medium-font-size\"><strong>Programme : <\/strong><\/p>\n\n\n\n<p>19h00 \u00e0 20h00&nbsp;:&nbsp; Pot d\u2019accueil par la Municipalit\u00e9 et discours du Maire Mr Patrick HUNEAU.<\/p>\n\n\n\n<p>20h00 \u00e0 20h45&nbsp;:&nbsp; Explication (histoire &amp; architecture) de l\u2019\u00e9glise &nbsp;en commen\u00e7ant par l\u2019ext\u00e9rieur puis visite de l\u2019int\u00e9rieur (chapiteaux).&nbsp; <\/p>\n\n\n\n<p>20h45&nbsp;\u00e0 21h45 : Lectures (Baudelaire, P\u00e9guy)   &amp; Concerts (musique classique)<\/p>\n\n\n\n<p>22h00-23h00&nbsp;: Messe<\/p>\n\n\n\n<p>23h00&nbsp;: Pot de cl\u00f4ture<\/p>\n\n\n\n<p><\/p>\n\n\n\n<p>+ d&#8217;infos sur : <a href=\"https:\/\/openagenda.com\/la-nuit-des-eglises-2022\" target=\"_blank\" rel=\"noreferrer noopener\">La Nuit des \u00e9glises 2022 (openagenda.com)<\/a><\/p>\n","protected":false},"author":81,"featured_media":3926,"template":"","meta":{"_acf_changed":false,"paroisse":["15"],"service":["0"],"footnotes":""},"categories":[],"tags":[],"class_list":["post-3914","evenement","type-evenement","status-publish","has-post-thumbnail","hentry","validated"],"acf":{"start_date":"2022-07-08 19:00:00","end_date":"2022-07-08 23:00:00","location":"Eglise de Conzac","address":{"address":"Conzac, Saint-Aulais-la-Chapelle, France","lat":45.45023,"lng":-0.031238,"zoom":14,"place_id":"ChIJZb0B0Sl4AEgR-cj70BlLK3Y","name":"Conzac","city":"Saint-Aulais-la-Chapelle","state":"Nouvelle-Aquitaine","post_code":16300,"country":"France","country_short":"FR"}},"yoast_head":"<!-- This site is optimized with the Yoast SEO plugin v27.1.1 - https:\/\/yoast.com\/product\/yoast-seo-wordpress\/ -->\n<title>Nuit des \u00e9glises \u00e0 Conzac - Doyenn\u00e9 Sud Charente<\/title>\n<meta name=\"robots\" content=\"index, follow, max-snippet:-1, max-image-preview:large, max-video-preview:-1\" \/>\n<link rel=\"canonical\" href=\"https:\/\/charente.catholique.fr\/sud-charente\/agenda\/nuit-des-eglises-a-conzac\/\" \/>\n<meta property=\"og:locale\" content=\"fr_FR\" \/>\n<meta property=\"og:type\" content=\"article\" \/>\n<meta property=\"og:title\" content=\"Nuit des \u00e9glises \u00e0 Conzac - Doyenn\u00e9 Sud Charente\" \/>\n<meta property=\"og:description\" content=\"La Nuit des \u00e9glises est un \u00e9v\u00e9nement annuel organis\u00e9 par l&#8217;Eglise catholique de France ouvert \u00e0 toutes et \u00e0 tous. Cette manifestation culturelle et artistique permet de mettre en valeur le riche patrimoine religieux. Programme : 19h00 \u00e0 20h00&nbsp;:&nbsp; Pot d\u2019accueil par la Municipalit\u00e9 et discours du Maire Mr Patrick HUNEAU. 20h00 \u00e0 20h45&nbsp;:&nbsp; Explication [&hellip;]\" \/>\n<meta property=\"og:url\" content=\"https:\/\/charente.catholique.fr\/sud-charente\/agenda\/nuit-des-eglises-a-conzac\/\" \/>\n<meta property=\"og:site_name\" content=\"Doyenn\u00e9 Sud Charente\" \/>\n<meta property=\"article:publisher\" content=\"https:\/\/www.facebook.com\/EgliseCatholiqueCharente\" \/>\n<meta property=\"article:modified_time\" content=\"2022-05-24T08:54:06+00:00\" \/>\n<meta property=\"og:image\" content=\"https:\/\/charente.catholique.fr\/sud-charente\/wp-content\/uploads\/sites\/5\/2022\/05\/20220509_143747-scaled.jpg\" \/>\n\t<meta property=\"og:image:width\" content=\"2560\" \/>\n\t<meta property=\"og:image:height\" content=\"1920\" \/>\n\t<meta property=\"og:image:type\" content=\"image\/jpeg\" \/>\n<meta name=\"twitter:card\" content=\"summary_large_image\" \/>\n<meta name=\"twitter:site\" content=\"@diocesecharente\" \/>\n<meta name=\"twitter:label1\" content=\"Dur\u00e9e de lecture estim\u00e9e\" \/>\n\t<meta name=\"twitter:data1\" content=\"1 minute\" \/>\n<script type=\"application\/ld+json\" class=\"yoast-schema-graph\">{\"@context\":\"https:\/\/schema.org\",\"@graph\":[{\"@type\":\"WebPage\",\"@id\":\"https:\/\/charente.catholique.fr\/sud-charente\/agenda\/nuit-des-eglises-a-conzac\/\",\"url\":\"https:\/\/charente.catholique.fr\/sud-charente\/agenda\/nuit-des-eglises-a-conzac\/\",\"name\":\"Nuit des \u00e9glises \u00e0 Conzac - Doyenn\u00e9 Sud Charente\",\"isPartOf\":{\"@id\":\"https:\/\/charente.catholique.fr\/sud-charente\/#website\"},\"primaryImageOfPage\":{\"@id\":\"https:\/\/charente.catholique.fr\/sud-charente\/agenda\/nuit-des-eglises-a-conzac\/#primaryimage\"},\"image\":{\"@id\":\"https:\/\/charente.catholique.fr\/sud-charente\/agenda\/nuit-des-eglises-a-conzac\/#primaryimage\"},\"thumbnailUrl\":\"https:\/\/charente.catholique.fr\/sud-charente\/wp-content\/uploads\/sites\/5\/2022\/05\/20220509_143747-scaled.jpg\",\"datePublished\":\"2022-05-24T08:43:56+00:00\",\"dateModified\":\"2022-05-24T08:54:06+00:00\",\"breadcrumb\":{\"@id\":\"https:\/\/charente.catholique.fr\/sud-charente\/agenda\/nuit-des-eglises-a-conzac\/#breadcrumb\"},\"inLanguage\":\"fr-FR\",\"potentialAction\":[{\"@type\":\"ReadAction\",\"target\":[\"https:\/\/charente.catholique.fr\/sud-charente\/agenda\/nuit-des-eglises-a-conzac\/\"]}]},{\"@type\":\"ImageObject\",\"inLanguage\":\"fr-FR\",\"@id\":\"https:\/\/charente.catholique.fr\/sud-charente\/agenda\/nuit-des-eglises-a-conzac\/#primaryimage\",\"url\":\"https:\/\/charente.catholique.fr\/sud-charente\/wp-content\/uploads\/sites\/5\/2022\/05\/20220509_143747-scaled.jpg\",\"contentUrl\":\"https:\/\/charente.catholique.fr\/sud-charente\/wp-content\/uploads\/sites\/5\/2022\/05\/20220509_143747-scaled.jpg\",\"width\":2560,\"height\":1920,\"caption\":\"Eglise de Conzac\"},{\"@type\":\"BreadcrumbList\",\"@id\":\"https:\/\/charente.catholique.fr\/sud-charente\/agenda\/nuit-des-eglises-a-conzac\/#breadcrumb\",\"itemListElement\":[{\"@type\":\"ListItem\",\"position\":1,\"name\":\"Accueil\",\"item\":\"https:\/\/charente.catholique.fr\/sud-charente\/\"},{\"@type\":\"ListItem\",\"position\":2,\"name\":\"Nuit des \u00e9glises \u00e0 Conzac\"}]},{\"@type\":\"WebSite\",\"@id\":\"https:\/\/charente.catholique.fr\/sud-charente\/#website\",\"url\":\"https:\/\/charente.catholique.fr\/sud-charente\/\",\"name\":\"Doyenn\u00e9 Sud Charente - Dioc\u00e8se d'Angoul\u00eame\",\"description\":\"Dioc\u00e8se d&#039;Angoul\u00eame\",\"publisher\":{\"@id\":\"https:\/\/charente.catholique.fr\/sud-charente\/#organization\"},\"potentialAction\":[{\"@type\":\"SearchAction\",\"target\":{\"@type\":\"EntryPoint\",\"urlTemplate\":\"https:\/\/charente.catholique.fr\/sud-charente\/?s={search_term_string}\"},\"query-input\":{\"@type\":\"PropertyValueSpecification\",\"valueRequired\":true,\"valueName\":\"search_term_string\"}}],\"inLanguage\":\"fr-FR\"},{\"@type\":\"Organization\",\"@id\":\"https:\/\/charente.catholique.fr\/sud-charente\/#organization\",\"name\":\"Association dioc\u00e9saine d'Angoul\u00eame\",\"url\":\"https:\/\/charente.catholique.fr\/sud-charente\/\",\"logo\":{\"@type\":\"ImageObject\",\"inLanguage\":\"fr-FR\",\"@id\":\"https:\/\/charente.catholique.fr\/sud-charente\/#\/schema\/logo\/image\/\",\"url\":\"https:\/\/charente.catholique.fr\/sud-charente\/wp-content\/uploads\/sites\/5\/2020\/10\/logos.png\",\"contentUrl\":\"https:\/\/charente.catholique.fr\/sud-charente\/wp-content\/uploads\/sites\/5\/2020\/10\/logos.png\",\"width\":600,\"height\":257,\"caption\":\"Association dioc\u00e9saine d'Angoul\u00eame\"},\"image\":{\"@id\":\"https:\/\/charente.catholique.fr\/sud-charente\/#\/schema\/logo\/image\/\"},\"sameAs\":[\"https:\/\/www.facebook.com\/EgliseCatholiqueCharente\",\"https:\/\/x.com\/diocesecharente\",\"https:\/\/www.instagram.com\/eglisecharente\",\"https:\/\/www.youtube.com\/channel\/UCByyFWApZbw3gDTiADoiAaQ\"]}]}<\/script>\n<!-- \/ Yoast SEO plugin. -->","yoast_head_json":{"title":"Nuit des \u00e9glises \u00e0 Conzac - Doyenn\u00e9 Sud Charente","robots":{"index":"index","follow":"follow","max-snippet":"max-snippet:-1","max-image-preview":"max-image-preview:large","max-video-preview":"max-video-preview:-1"},"canonical":"https:\/\/charente.catholique.fr\/sud-charente\/agenda\/nuit-des-eglises-a-conzac\/","og_locale":"fr_FR","og_type":"article","og_title":"Nuit des \u00e9glises \u00e0 Conzac - Doyenn\u00e9 Sud Charente","og_description":"La Nuit des \u00e9glises est un \u00e9v\u00e9nement annuel organis\u00e9 par l&#8217;Eglise catholique de France ouvert \u00e0 toutes et \u00e0 tous. Cette manifestation culturelle et artistique permet de mettre en valeur le riche patrimoine religieux. Programme : 19h00 \u00e0 20h00&nbsp;:&nbsp; Pot d\u2019accueil par la Municipalit\u00e9 et discours du Maire Mr Patrick HUNEAU. 20h00 \u00e0 20h45&nbsp;:&nbsp; Explication [&hellip;]","og_url":"https:\/\/charente.catholique.fr\/sud-charente\/agenda\/nuit-des-eglises-a-conzac\/","og_site_name":"Doyenn\u00e9 Sud Charente","article_publisher":"https:\/\/www.facebook.com\/EgliseCatholiqueCharente","article_modified_time":"2022-05-24T08:54:06+00:00","og_image":[{"width":2560,"height":1920,"url":"https:\/\/charente.catholique.fr\/sud-charente\/wp-content\/uploads\/sites\/5\/2022\/05\/20220509_143747-scaled.jpg","type":"image\/jpeg"}],"twitter_card":"summary_large_image","twitter_site":"@diocesecharente","twitter_misc":{"Dur\u00e9e de lecture estim\u00e9e":"1 minute"},"schema":{"@context":"https:\/\/schema.org","@graph":[{"@type":"WebPage","@id":"https:\/\/charente.catholique.fr\/sud-charente\/agenda\/nuit-des-eglises-a-conzac\/","url":"https:\/\/charente.catholique.fr\/sud-charente\/agenda\/nuit-des-eglises-a-conzac\/","name":"Nuit des \u00e9glises \u00e0 Conzac - Doyenn\u00e9 Sud Charente","isPartOf":{"@id":"https:\/\/charente.catholique.fr\/sud-charente\/#website"},"primaryImageOfPage":{"@id":"https:\/\/charente.catholique.fr\/sud-charente\/agenda\/nuit-des-eglises-a-conzac\/#primaryimage"},"image":{"@id":"https:\/\/charente.catholique.fr\/sud-charente\/agenda\/nuit-des-eglises-a-conzac\/#primaryimage"},"thumbnailUrl":"https:\/\/charente.catholique.fr\/sud-charente\/wp-content\/uploads\/sites\/5\/2022\/05\/20220509_143747-scaled.jpg","datePublished":"2022-05-24T08:43:56+00:00","dateModified":"2022-05-24T08:54:06+00:00","breadcrumb":{"@id":"https:\/\/charente.catholique.fr\/sud-charente\/agenda\/nuit-des-eglises-a-conzac\/#breadcrumb"},"inLanguage":"fr-FR","potentialAction":[{"@type":"ReadAction","target":["https:\/\/charente.catholique.fr\/sud-charente\/agenda\/nuit-des-eglises-a-conzac\/"]}]},{"@type":"ImageObject","inLanguage":"fr-FR","@id":"https:\/\/charente.catholique.fr\/sud-charente\/agenda\/nuit-des-eglises-a-conzac\/#primaryimage","url":"https:\/\/charente.catholique.fr\/sud-charente\/wp-content\/uploads\/sites\/5\/2022\/05\/20220509_143747-scaled.jpg","contentUrl":"https:\/\/charente.catholique.fr\/sud-charente\/wp-content\/uploads\/sites\/5\/2022\/05\/20220509_143747-scaled.jpg","width":2560,"height":1920,"caption":"Eglise de Conzac"},{"@type":"BreadcrumbList","@id":"https:\/\/charente.catholique.fr\/sud-charente\/agenda\/nuit-des-eglises-a-conzac\/#breadcrumb","itemListElement":[{"@type":"ListItem","position":1,"name":"Accueil","item":"https:\/\/charente.catholique.fr\/sud-charente\/"},{"@type":"ListItem","position":2,"name":"Nuit des \u00e9glises \u00e0 Conzac"}]},{"@type":"WebSite","@id":"https:\/\/charente.catholique.fr\/sud-charente\/#website","url":"https:\/\/charente.catholique.fr\/sud-charente\/","name":"Doyenn\u00e9 Sud Charente - Dioc\u00e8se d'Angoul\u00eame","description":"Dioc\u00e8se d&#039;Angoul\u00eame","publisher":{"@id":"https:\/\/charente.catholique.fr\/sud-charente\/#organization"},"potentialAction":[{"@type":"SearchAction","target":{"@type":"EntryPoint","urlTemplate":"https:\/\/charente.catholique.fr\/sud-charente\/?s={search_term_string}"},"query-input":{"@type":"PropertyValueSpecification","valueRequired":true,"valueName":"search_term_string"}}],"inLanguage":"fr-FR"},{"@type":"Organization","@id":"https:\/\/charente.catholique.fr\/sud-charente\/#organization","name":"Association dioc\u00e9saine d'Angoul\u00eame","url":"https:\/\/charente.catholique.fr\/sud-charente\/","logo":{"@type":"ImageObject","inLanguage":"fr-FR","@id":"https:\/\/charente.catholique.fr\/sud-charente\/#\/schema\/logo\/image\/","url":"https:\/\/charente.catholique.fr\/sud-charente\/wp-content\/uploads\/sites\/5\/2020\/10\/logos.png","contentUrl":"https:\/\/charente.catholique.fr\/sud-charente\/wp-content\/uploads\/sites\/5\/2020\/10\/logos.png","width":600,"height":257,"caption":"Association dioc\u00e9saine d'Angoul\u00eame"},"image":{"@id":"https:\/\/charente.catholique.fr\/sud-charente\/#\/schema\/logo\/image\/"},"sameAs":["https:\/\/www.facebook.com\/EgliseCatholiqueCharente","https:\/\/x.com\/diocesecharente","https:\/\/www.instagram.com\/eglisecharente","https:\/\/www.youtube.com\/channel\/UCByyFWApZbw3gDTiADoiAaQ"]}]}},"_links":{"self":[{"href":"https:\/\/charente.catholique.fr\/sud-charente\/wp-json\/wp\/v2\/evenement\/3914","targetHints":{"allow":["GET"]}}],"collection":[{"href":"https:\/\/charente.catholique.fr\/sud-charente\/wp-json\/wp\/v2\/evenement"}],"about":[{"href":"https:\/\/charente.catholique.fr\/sud-charente\/wp-json\/wp\/v2\/types\/evenement"}],"author":[{"embeddable":true,"href":"https:\/\/charente.catholique.fr\/sud-charente\/wp-json\/wp\/v2\/users\/81"}],"version-history":[{"count":10,"href":"https:\/\/charente.catholique.fr\/sud-charente\/wp-json\/wp\/v2\/evenement\/3914\/revisions"}],"predecessor-version":[{"id":3932,"href":"https:\/\/charente.catholique.fr\/sud-charente\/wp-json\/wp\/v2\/evenement\/3914\/revisions\/3932"}],"wp:featuredmedia":[{"embeddable":true,"href":"https:\/\/charente.catholique.fr\/sud-charente\/wp-json\/wp\/v2\/media\/3926"}],"wp:attachment":[{"href":"https:\/\/charente.catholique.fr\/sud-charente\/wp-json\/wp\/v2\/media?parent=3914"}],"wp:term":[{"taxonomy":"category","embeddable":true,"href":"https:\/\/charente.catholique.fr\/sud-charente\/wp-json\/wp\/v2\/categories?post=3914"},{"taxonomy":"post_tag","embeddable":true,"href":"https:\/\/charente.catholique.fr\/sud-charente\/wp-json\/wp\/v2\/tags?post=3914"}],"curies":[{"name":"wp","href":"https:\/\/api.w.org\/{rel}","templated":true}]}}