{"id":3367,"date":"2022-01-23T18:51:27","date_gmt":"2022-01-23T17:51:27","guid":{"rendered":"https:\/\/charente.catholique.fr\/sud-charente\/?post_type=evenement&#038;p=3367"},"modified":"2022-02-06T15:45:38","modified_gmt":"2022-02-06T14:45:38","slug":"recollection-de-doyenne","status":"publish","type":"evenement","link":"https:\/\/charente.catholique.fr\/sud-charente\/agenda\/recollection-de-doyenne\/","title":{"rendered":"R\u00e9collection de doyenn\u00e9 : &#8221; O\u00f9 es-tu ? &#8220;"},"content":{"rendered":"\n<p>Comme chaque ann\u00e9e au d\u00e9but du car\u00eame ou juste avant, tous les paroissiens du doyenn\u00e9 Sud Charente sont invit\u00e9s \u00e0 prendre un temps de r\u00e9collection et de pardon. Cette r\u00e9collection aura lieu le samedi 12 f\u00e9vrier 2022, \u00e0 Maumont.<\/p>\n\n\n\n<p>A 10h, enfants et adultes se retrouveront dans l&#8217;\u00e9glise pour un temps de rassemblement et de m\u00e9ditation de la Parole avec les soeurs de Maumont<\/p>\n\n\n\n<p>Puis pendant que les enfants seront invit\u00e9s \u00e0 vivre le sacrement du pardon, les adultes pourront partager en petits groupes sur les textes choisis.<\/p>\n\n\n\n<p>A 12h30, tous se retrouveront dans l&#8217;\u00e9glise pour l&#8217;office de sexte.<\/p>\n\n\n\n<p>Pique-nique<\/p>\n\n\n\n<p>La c\u00e9l\u00e9bration du pardon pour les adultes commencera \u00e0 14h dans l&#8217;\u00e9glise.<\/p>\n\n\n\n<p><\/p>\n\n\n\n<p>Evidemment, des adultes qui ne seraient pr\u00e9sents que le matin pourront \u00e9galement recevoir le sacrement du pardon.<\/p>\n\n\n\n<p><strong>Information importante : chacun des participants est invit\u00e9 \u00e0 venir avec une poign\u00e9e de terre de chez lui.<\/strong><\/p>\n\n\n\n<div class=\"wp-block-image\"><figure class=\"aligncenter size-full is-resized\"><img loading=\"lazy\" decoding=\"async\" src=\"https:\/\/charente.catholique.fr\/sud-charente\/wp-content\/uploads\/sites\/5\/2022\/01\/Affiche-demarche-careme-paques-2022-v2.jpg\" alt=\"\" class=\"wp-image-3368\" width=\"608\" height=\"861\" srcset=\"https:\/\/charente.catholique.fr\/sud-charente\/wp-content\/uploads\/sites\/5\/2022\/01\/Affiche-demarche-careme-paques-2022-v2.jpg 420w, https:\/\/charente.catholique.fr\/sud-charente\/wp-content\/uploads\/sites\/5\/2022\/01\/Affiche-demarche-careme-paques-2022-v2-212x300.jpg 212w\" sizes=\"auto, (max-width: 608px) 100vw, 608px\" \/><\/figure><\/div>\n\n\n\n<figure class=\"wp-block-embed aligncenter is-type-video is-provider-youtube wp-block-embed-youtube wp-embed-aspect-16-9 wp-has-aspect-ratio\"><div class=\"wp-block-embed__wrapper\">\n<iframe loading=\"lazy\" title=\"Pr\u00e9sentation du th\u00e8me de car\u00eame et P\u00e2ques 2022 en Sud Charente\" width=\"500\" height=\"281\" src=\"https:\/\/www.youtube.com\/embed\/9nU871AkOxU?feature=oembed\" frameborder=\"0\" allow=\"accelerometer; autoplay; clipboard-write; encrypted-media; gyroscope; picture-in-picture; web-share\" referrerpolicy=\"strict-origin-when-cross-origin\" allowfullscreen><\/iframe>\n<\/div><\/figure>\n","protected":false},"author":4,"featured_media":3370,"template":"","meta":{"_acf_changed":false,"paroisse":[""],"service":["0"],"footnotes":""},"categories":[1,4,12,13,11],"tags":[],"class_list":["post-3367","evenement","type-evenement","status-publish","has-post-thumbnail","hentry","category-actualites","category-barbezieux","category-chalais","category-maumont","category-montmoreau","validated"],"acf":{"start_date":"2022-02-12 10:00:00","end_date":"2022-02-12 16:30:00","location":"Abbaye de Maumont","address":{"address":"Abbaye de Maumont, Juignac, France","lat":45.38497599999999,"lng":0.170472,"zoom":14,"place_id":"ChIJ4eb8X73E_0cRMULrLxAN0Qs","name":"Abbaye de Maumont","city":"Juignac","state":"Nouvelle-Aquitaine","post_code":16190,"country":"France","country_short":"FR"}},"yoast_head":"<!-- This site is optimized with the Yoast SEO plugin v27.1.1 - https:\/\/yoast.com\/product\/yoast-seo-wordpress\/ -->\n<title>R\u00e9collection de doyenn\u00e9 : &quot; O\u00f9 es-tu ? &quot; - Doyenn\u00e9 Sud Charente<\/title>\n<meta name=\"robots\" content=\"index, follow, max-snippet:-1, max-image-preview:large, max-video-preview:-1\" \/>\n<link rel=\"canonical\" href=\"https:\/\/charente.catholique.fr\/sud-charente\/agenda\/recollection-de-doyenne\/\" \/>\n<meta property=\"og:locale\" content=\"fr_FR\" \/>\n<meta property=\"og:type\" content=\"article\" \/>\n<meta property=\"og:title\" content=\"R\u00e9collection de doyenn\u00e9 : &quot; O\u00f9 es-tu ? &quot; - Doyenn\u00e9 Sud Charente\" \/>\n<meta property=\"og:description\" content=\"Comme chaque ann\u00e9e au d\u00e9but du car\u00eame ou juste avant, tous les paroissiens du doyenn\u00e9 Sud Charente sont invit\u00e9s \u00e0 prendre un temps de r\u00e9collection et de pardon. Cette r\u00e9collection aura lieu le samedi 12 f\u00e9vrier 2022, \u00e0 Maumont. A 10h, enfants et adultes se retrouveront dans l&#8217;\u00e9glise pour un temps de rassemblement et de [&hellip;]\" \/>\n<meta property=\"og:url\" content=\"https:\/\/charente.catholique.fr\/sud-charente\/agenda\/recollection-de-doyenne\/\" \/>\n<meta property=\"og:site_name\" content=\"Doyenn\u00e9 Sud Charente\" \/>\n<meta property=\"article:publisher\" content=\"https:\/\/www.facebook.com\/EgliseCatholiqueCharente\" \/>\n<meta property=\"article:modified_time\" content=\"2022-02-06T14:45:38+00:00\" \/>\n<meta property=\"og:image\" content=\"https:\/\/charente.catholique.fr\/sud-charente\/wp-content\/uploads\/sites\/5\/2022\/01\/tree-g96b3da3f8_1920.jpg\" \/>\n\t<meta property=\"og:image:width\" content=\"1920\" \/>\n\t<meta property=\"og:image:height\" content=\"1221\" \/>\n\t<meta property=\"og:image:type\" content=\"image\/jpeg\" \/>\n<meta name=\"twitter:card\" content=\"summary_large_image\" \/>\n<meta name=\"twitter:site\" content=\"@diocesecharente\" \/>\n<meta name=\"twitter:label1\" content=\"Dur\u00e9e de lecture estim\u00e9e\" \/>\n\t<meta name=\"twitter:data1\" content=\"1 minute\" \/>\n<script type=\"application\/ld+json\" class=\"yoast-schema-graph\">{\"@context\":\"https:\/\/schema.org\",\"@graph\":[{\"@type\":\"WebPage\",\"@id\":\"https:\/\/charente.catholique.fr\/sud-charente\/agenda\/recollection-de-doyenne\/\",\"url\":\"https:\/\/charente.catholique.fr\/sud-charente\/agenda\/recollection-de-doyenne\/\",\"name\":\"R\u00e9collection de doyenn\u00e9 : \\\" O\u00f9 es-tu ? \\\" - Doyenn\u00e9 Sud Charente\",\"isPartOf\":{\"@id\":\"https:\/\/charente.catholique.fr\/sud-charente\/#website\"},\"primaryImageOfPage\":{\"@id\":\"https:\/\/charente.catholique.fr\/sud-charente\/agenda\/recollection-de-doyenne\/#primaryimage\"},\"image\":{\"@id\":\"https:\/\/charente.catholique.fr\/sud-charente\/agenda\/recollection-de-doyenne\/#primaryimage\"},\"thumbnailUrl\":\"https:\/\/charente.catholique.fr\/sud-charente\/wp-content\/uploads\/sites\/5\/2022\/01\/tree-g96b3da3f8_1920.jpg\",\"datePublished\":\"2022-01-23T17:51:27+00:00\",\"dateModified\":\"2022-02-06T14:45:38+00:00\",\"breadcrumb\":{\"@id\":\"https:\/\/charente.catholique.fr\/sud-charente\/agenda\/recollection-de-doyenne\/#breadcrumb\"},\"inLanguage\":\"fr-FR\",\"potentialAction\":[{\"@type\":\"ReadAction\",\"target\":[\"https:\/\/charente.catholique.fr\/sud-charente\/agenda\/recollection-de-doyenne\/\"]}]},{\"@type\":\"ImageObject\",\"inLanguage\":\"fr-FR\",\"@id\":\"https:\/\/charente.catholique.fr\/sud-charente\/agenda\/recollection-de-doyenne\/#primaryimage\",\"url\":\"https:\/\/charente.catholique.fr\/sud-charente\/wp-content\/uploads\/sites\/5\/2022\/01\/tree-g96b3da3f8_1920.jpg\",\"contentUrl\":\"https:\/\/charente.catholique.fr\/sud-charente\/wp-content\/uploads\/sites\/5\/2022\/01\/tree-g96b3da3f8_1920.jpg\",\"width\":1920,\"height\":1221},{\"@type\":\"BreadcrumbList\",\"@id\":\"https:\/\/charente.catholique.fr\/sud-charente\/agenda\/recollection-de-doyenne\/#breadcrumb\",\"itemListElement\":[{\"@type\":\"ListItem\",\"position\":1,\"name\":\"Accueil\",\"item\":\"https:\/\/charente.catholique.fr\/sud-charente\/\"},{\"@type\":\"ListItem\",\"position\":2,\"name\":\"R\u00e9collection de doyenn\u00e9 : &#8221; O\u00f9 es-tu ? &#8220;\"}]},{\"@type\":\"WebSite\",\"@id\":\"https:\/\/charente.catholique.fr\/sud-charente\/#website\",\"url\":\"https:\/\/charente.catholique.fr\/sud-charente\/\",\"name\":\"Doyenn\u00e9 Sud Charente - Dioc\u00e8se d'Angoul\u00eame\",\"description\":\"Dioc\u00e8se d&#039;Angoul\u00eame\",\"publisher\":{\"@id\":\"https:\/\/charente.catholique.fr\/sud-charente\/#organization\"},\"potentialAction\":[{\"@type\":\"SearchAction\",\"target\":{\"@type\":\"EntryPoint\",\"urlTemplate\":\"https:\/\/charente.catholique.fr\/sud-charente\/?s={search_term_string}\"},\"query-input\":{\"@type\":\"PropertyValueSpecification\",\"valueRequired\":true,\"valueName\":\"search_term_string\"}}],\"inLanguage\":\"fr-FR\"},{\"@type\":\"Organization\",\"@id\":\"https:\/\/charente.catholique.fr\/sud-charente\/#organization\",\"name\":\"Association dioc\u00e9saine d'Angoul\u00eame\",\"url\":\"https:\/\/charente.catholique.fr\/sud-charente\/\",\"logo\":{\"@type\":\"ImageObject\",\"inLanguage\":\"fr-FR\",\"@id\":\"https:\/\/charente.catholique.fr\/sud-charente\/#\/schema\/logo\/image\/\",\"url\":\"https:\/\/charente.catholique.fr\/sud-charente\/wp-content\/uploads\/sites\/5\/2020\/10\/logos.png\",\"contentUrl\":\"https:\/\/charente.catholique.fr\/sud-charente\/wp-content\/uploads\/sites\/5\/2020\/10\/logos.png\",\"width\":600,\"height\":257,\"caption\":\"Association dioc\u00e9saine d'Angoul\u00eame\"},\"image\":{\"@id\":\"https:\/\/charente.catholique.fr\/sud-charente\/#\/schema\/logo\/image\/\"},\"sameAs\":[\"https:\/\/www.facebook.com\/EgliseCatholiqueCharente\",\"https:\/\/x.com\/diocesecharente\",\"https:\/\/www.instagram.com\/eglisecharente\",\"https:\/\/www.youtube.com\/channel\/UCByyFWApZbw3gDTiADoiAaQ\"]}]}<\/script>\n<!-- \/ Yoast SEO plugin. -->","yoast_head_json":{"title":"R\u00e9collection de doyenn\u00e9 : \" O\u00f9 es-tu ? \" - Doyenn\u00e9 Sud Charente","robots":{"index":"index","follow":"follow","max-snippet":"max-snippet:-1","max-image-preview":"max-image-preview:large","max-video-preview":"max-video-preview:-1"},"canonical":"https:\/\/charente.catholique.fr\/sud-charente\/agenda\/recollection-de-doyenne\/","og_locale":"fr_FR","og_type":"article","og_title":"R\u00e9collection de doyenn\u00e9 : \" O\u00f9 es-tu ? \" - Doyenn\u00e9 Sud Charente","og_description":"Comme chaque ann\u00e9e au d\u00e9but du car\u00eame ou juste avant, tous les paroissiens du doyenn\u00e9 Sud Charente sont invit\u00e9s \u00e0 prendre un temps de r\u00e9collection et de pardon. Cette r\u00e9collection aura lieu le samedi 12 f\u00e9vrier 2022, \u00e0 Maumont. A 10h, enfants et adultes se retrouveront dans l&#8217;\u00e9glise pour un temps de rassemblement et de [&hellip;]","og_url":"https:\/\/charente.catholique.fr\/sud-charente\/agenda\/recollection-de-doyenne\/","og_site_name":"Doyenn\u00e9 Sud Charente","article_publisher":"https:\/\/www.facebook.com\/EgliseCatholiqueCharente","article_modified_time":"2022-02-06T14:45:38+00:00","og_image":[{"width":1920,"height":1221,"url":"https:\/\/charente.catholique.fr\/sud-charente\/wp-content\/uploads\/sites\/5\/2022\/01\/tree-g96b3da3f8_1920.jpg","type":"image\/jpeg"}],"twitter_card":"summary_large_image","twitter_site":"@diocesecharente","twitter_misc":{"Dur\u00e9e de lecture estim\u00e9e":"1 minute"},"schema":{"@context":"https:\/\/schema.org","@graph":[{"@type":"WebPage","@id":"https:\/\/charente.catholique.fr\/sud-charente\/agenda\/recollection-de-doyenne\/","url":"https:\/\/charente.catholique.fr\/sud-charente\/agenda\/recollection-de-doyenne\/","name":"R\u00e9collection de doyenn\u00e9 : \" O\u00f9 es-tu ? \" - Doyenn\u00e9 Sud Charente","isPartOf":{"@id":"https:\/\/charente.catholique.fr\/sud-charente\/#website"},"primaryImageOfPage":{"@id":"https:\/\/charente.catholique.fr\/sud-charente\/agenda\/recollection-de-doyenne\/#primaryimage"},"image":{"@id":"https:\/\/charente.catholique.fr\/sud-charente\/agenda\/recollection-de-doyenne\/#primaryimage"},"thumbnailUrl":"https:\/\/charente.catholique.fr\/sud-charente\/wp-content\/uploads\/sites\/5\/2022\/01\/tree-g96b3da3f8_1920.jpg","datePublished":"2022-01-23T17:51:27+00:00","dateModified":"2022-02-06T14:45:38+00:00","breadcrumb":{"@id":"https:\/\/charente.catholique.fr\/sud-charente\/agenda\/recollection-de-doyenne\/#breadcrumb"},"inLanguage":"fr-FR","potentialAction":[{"@type":"ReadAction","target":["https:\/\/charente.catholique.fr\/sud-charente\/agenda\/recollection-de-doyenne\/"]}]},{"@type":"ImageObject","inLanguage":"fr-FR","@id":"https:\/\/charente.catholique.fr\/sud-charente\/agenda\/recollection-de-doyenne\/#primaryimage","url":"https:\/\/charente.catholique.fr\/sud-charente\/wp-content\/uploads\/sites\/5\/2022\/01\/tree-g96b3da3f8_1920.jpg","contentUrl":"https:\/\/charente.catholique.fr\/sud-charente\/wp-content\/uploads\/sites\/5\/2022\/01\/tree-g96b3da3f8_1920.jpg","width":1920,"height":1221},{"@type":"BreadcrumbList","@id":"https:\/\/charente.catholique.fr\/sud-charente\/agenda\/recollection-de-doyenne\/#breadcrumb","itemListElement":[{"@type":"ListItem","position":1,"name":"Accueil","item":"https:\/\/charente.catholique.fr\/sud-charente\/"},{"@type":"ListItem","position":2,"name":"R\u00e9collection de doyenn\u00e9 : &#8221; O\u00f9 es-tu ? &#8220;"}]},{"@type":"WebSite","@id":"https:\/\/charente.catholique.fr\/sud-charente\/#website","url":"https:\/\/charente.catholique.fr\/sud-charente\/","name":"Doyenn\u00e9 Sud Charente - Dioc\u00e8se d'Angoul\u00eame","description":"Dioc\u00e8se d&#039;Angoul\u00eame","publisher":{"@id":"https:\/\/charente.catholique.fr\/sud-charente\/#organization"},"potentialAction":[{"@type":"SearchAction","target":{"@type":"EntryPoint","urlTemplate":"https:\/\/charente.catholique.fr\/sud-charente\/?s={search_term_string}"},"query-input":{"@type":"PropertyValueSpecification","valueRequired":true,"valueName":"search_term_string"}}],"inLanguage":"fr-FR"},{"@type":"Organization","@id":"https:\/\/charente.catholique.fr\/sud-charente\/#organization","name":"Association dioc\u00e9saine d'Angoul\u00eame","url":"https:\/\/charente.catholique.fr\/sud-charente\/","logo":{"@type":"ImageObject","inLanguage":"fr-FR","@id":"https:\/\/charente.catholique.fr\/sud-charente\/#\/schema\/logo\/image\/","url":"https:\/\/charente.catholique.fr\/sud-charente\/wp-content\/uploads\/sites\/5\/2020\/10\/logos.png","contentUrl":"https:\/\/charente.catholique.fr\/sud-charente\/wp-content\/uploads\/sites\/5\/2020\/10\/logos.png","width":600,"height":257,"caption":"Association dioc\u00e9saine d'Angoul\u00eame"},"image":{"@id":"https:\/\/charente.catholique.fr\/sud-charente\/#\/schema\/logo\/image\/"},"sameAs":["https:\/\/www.facebook.com\/EgliseCatholiqueCharente","https:\/\/x.com\/diocesecharente","https:\/\/www.instagram.com\/eglisecharente","https:\/\/www.youtube.com\/channel\/UCByyFWApZbw3gDTiADoiAaQ"]}]}},"_links":{"self":[{"href":"https:\/\/charente.catholique.fr\/sud-charente\/wp-json\/wp\/v2\/evenement\/3367","targetHints":{"allow":["GET"]}}],"collection":[{"href":"https:\/\/charente.catholique.fr\/sud-charente\/wp-json\/wp\/v2\/evenement"}],"about":[{"href":"https:\/\/charente.catholique.fr\/sud-charente\/wp-json\/wp\/v2\/types\/evenement"}],"author":[{"embeddable":true,"href":"https:\/\/charente.catholique.fr\/sud-charente\/wp-json\/wp\/v2\/users\/4"}],"version-history":[{"count":5,"href":"https:\/\/charente.catholique.fr\/sud-charente\/wp-json\/wp\/v2\/evenement\/3367\/revisions"}],"predecessor-version":[{"id":3484,"href":"https:\/\/charente.catholique.fr\/sud-charente\/wp-json\/wp\/v2\/evenement\/3367\/revisions\/3484"}],"wp:featuredmedia":[{"embeddable":true,"href":"https:\/\/charente.catholique.fr\/sud-charente\/wp-json\/wp\/v2\/media\/3370"}],"wp:attachment":[{"href":"https:\/\/charente.catholique.fr\/sud-charente\/wp-json\/wp\/v2\/media?parent=3367"}],"wp:term":[{"taxonomy":"category","embeddable":true,"href":"https:\/\/charente.catholique.fr\/sud-charente\/wp-json\/wp\/v2\/categories?post=3367"},{"taxonomy":"post_tag","embeddable":true,"href":"https:\/\/charente.catholique.fr\/sud-charente\/wp-json\/wp\/v2\/tags?post=3367"}],"curies":[{"name":"wp","href":"https:\/\/api.w.org\/{rel}","templated":true}]}}