{"id":329,"date":"2020-10-21T10:21:00","date_gmt":"2020-10-21T08:21:00","guid":{"rendered":"https:\/\/charente.catholique.fr\/sud-charente\/?post_type=evenement&#038;p=329"},"modified":"2020-10-21T17:34:05","modified_gmt":"2020-10-21T15:34:05","slug":"cent-ans-du-pere-lucien-boilard","status":"publish","type":"evenement","link":"https:\/\/charente.catholique.fr\/sud-charente\/agenda\/cent-ans-du-pere-lucien-boilard\/","title":{"rendered":"Cent ans du P\u00e8re Lucien Boilard"},"content":{"rendered":"\n<p>N\u00e9 le 21 octobre 1920,  le P\u00e8re Lucien Boilard f\u00eate ses 100 ans mercredi 21 octobre 2020 !<\/p>\n\n\n\n<p>La situation sanitaire ne permet pas de se retrouver \u00e0 plus de 2 personnes avec le P\u00e8re Boilard dans sa chambre de la maison de retraite \u00e0 Blanzac. Mgr Goselin et le P\u00e8re Beno\u00eet Lecomte, doyen du Sud Charente, ont c\u00e9l\u00e8br\u00e9 la messe avec le P\u00e8re Boilard ce mercredi 21 octobre \u00e0 11h depuis sa chambre. Retrouvez cette messe retransmise en direct sur le site sudcharente. catholique.fr<\/p>\n\n\n\n<figure class=\"wp-block-embed-youtube wp-block-embed is-type-video is-provider-youtube wp-embed-aspect-16-9 wp-has-aspect-ratio\"><div class=\"wp-block-embed__wrapper\">\n<script>jQuery(function() {(tarteaucitron.job = tarteaucitron.job || []).push('youtube');});<\/script><div class=\"youtube_player\" videoID=\"hIKEwXIYQRk\" theme=\"light\" rel=\"0\" controls=\"1\" showinfo=\"1\" autoplay=\"0\"><\/div>\n<\/div><\/figure>\n","protected":false},"author":4,"featured_media":375,"template":"","meta":{"_acf_changed":false,"paroisse":["0"],"service":["0"],"footnotes":""},"categories":[],"tags":[],"class_list":["post-329","evenement","type-evenement","status-publish","has-post-thumbnail","hentry","validated"],"acf":{"start_date":"2020-10-21 11:00:00","end_date":"","location":"sudcharente.catholique.fr ","address":null},"yoast_head":"<!-- This site is optimized with the Yoast SEO plugin v27.1.1 - https:\/\/yoast.com\/product\/yoast-seo-wordpress\/ -->\n<title>Cent ans du P\u00e8re Lucien Boilard - Doyenn\u00e9 Sud Charente<\/title>\n<meta name=\"robots\" content=\"index, follow, max-snippet:-1, max-image-preview:large, max-video-preview:-1\" \/>\n<link rel=\"canonical\" href=\"https:\/\/charente.catholique.fr\/sud-charente\/agenda\/cent-ans-du-pere-lucien-boilard\/\" \/>\n<meta property=\"og:locale\" content=\"fr_FR\" \/>\n<meta property=\"og:type\" content=\"article\" \/>\n<meta property=\"og:title\" content=\"Cent ans du P\u00e8re Lucien Boilard - Doyenn\u00e9 Sud Charente\" \/>\n<meta property=\"og:description\" content=\"N\u00e9 le 21 octobre 1920, le P\u00e8re Lucien Boilard f\u00eate ses 100 ans mercredi 21 octobre 2020 ! La situation sanitaire ne permet pas de se retrouver \u00e0 plus de 2 personnes avec le P\u00e8re Boilard dans sa chambre de la maison de retraite \u00e0 Blanzac. Mgr Goselin et le P\u00e8re Beno\u00eet Lecomte, doyen du [&hellip;]\" \/>\n<meta property=\"og:url\" content=\"https:\/\/charente.catholique.fr\/sud-charente\/agenda\/cent-ans-du-pere-lucien-boilard\/\" \/>\n<meta property=\"og:site_name\" content=\"Doyenn\u00e9 Sud Charente\" \/>\n<meta property=\"article:publisher\" content=\"https:\/\/www.facebook.com\/EgliseCatholiqueCharente\" \/>\n<meta property=\"article:modified_time\" content=\"2020-10-21T15:34:05+00:00\" \/>\n<meta property=\"og:image\" content=\"https:\/\/charente.catholique.fr\/sud-charente\/wp-content\/uploads\/sites\/5\/2020\/10\/capturelb.png\" \/>\n\t<meta property=\"og:image:width\" content=\"1184\" \/>\n\t<meta property=\"og:image:height\" content=\"597\" \/>\n\t<meta property=\"og:image:type\" content=\"image\/png\" \/>\n<meta name=\"twitter:card\" content=\"summary_large_image\" \/>\n<meta name=\"twitter:site\" content=\"@diocesecharente\" \/>\n<script type=\"application\/ld+json\" class=\"yoast-schema-graph\">{\"@context\":\"https:\/\/schema.org\",\"@graph\":[{\"@type\":\"WebPage\",\"@id\":\"https:\/\/charente.catholique.fr\/sud-charente\/agenda\/cent-ans-du-pere-lucien-boilard\/\",\"url\":\"https:\/\/charente.catholique.fr\/sud-charente\/agenda\/cent-ans-du-pere-lucien-boilard\/\",\"name\":\"Cent ans du P\u00e8re Lucien Boilard - Doyenn\u00e9 Sud Charente\",\"isPartOf\":{\"@id\":\"https:\/\/charente.catholique.fr\/sud-charente\/#website\"},\"primaryImageOfPage\":{\"@id\":\"https:\/\/charente.catholique.fr\/sud-charente\/agenda\/cent-ans-du-pere-lucien-boilard\/#primaryimage\"},\"image\":{\"@id\":\"https:\/\/charente.catholique.fr\/sud-charente\/agenda\/cent-ans-du-pere-lucien-boilard\/#primaryimage\"},\"thumbnailUrl\":\"https:\/\/charente.catholique.fr\/sud-charente\/wp-content\/uploads\/sites\/5\/2020\/10\/capturelb.png\",\"datePublished\":\"2020-10-21T08:21:00+00:00\",\"dateModified\":\"2020-10-21T15:34:05+00:00\",\"breadcrumb\":{\"@id\":\"https:\/\/charente.catholique.fr\/sud-charente\/agenda\/cent-ans-du-pere-lucien-boilard\/#breadcrumb\"},\"inLanguage\":\"fr-FR\",\"potentialAction\":[{\"@type\":\"ReadAction\",\"target\":[\"https:\/\/charente.catholique.fr\/sud-charente\/agenda\/cent-ans-du-pere-lucien-boilard\/\"]}]},{\"@type\":\"ImageObject\",\"inLanguage\":\"fr-FR\",\"@id\":\"https:\/\/charente.catholique.fr\/sud-charente\/agenda\/cent-ans-du-pere-lucien-boilard\/#primaryimage\",\"url\":\"https:\/\/charente.catholique.fr\/sud-charente\/wp-content\/uploads\/sites\/5\/2020\/10\/capturelb.png\",\"contentUrl\":\"https:\/\/charente.catholique.fr\/sud-charente\/wp-content\/uploads\/sites\/5\/2020\/10\/capturelb.png\",\"width\":1184,\"height\":597},{\"@type\":\"BreadcrumbList\",\"@id\":\"https:\/\/charente.catholique.fr\/sud-charente\/agenda\/cent-ans-du-pere-lucien-boilard\/#breadcrumb\",\"itemListElement\":[{\"@type\":\"ListItem\",\"position\":1,\"name\":\"Accueil\",\"item\":\"https:\/\/charente.catholique.fr\/sud-charente\/\"},{\"@type\":\"ListItem\",\"position\":2,\"name\":\"Cent ans du P\u00e8re Lucien Boilard\"}]},{\"@type\":\"WebSite\",\"@id\":\"https:\/\/charente.catholique.fr\/sud-charente\/#website\",\"url\":\"https:\/\/charente.catholique.fr\/sud-charente\/\",\"name\":\"Doyenn\u00e9 Sud Charente - Dioc\u00e8se d'Angoul\u00eame\",\"description\":\"Dioc\u00e8se d&#039;Angoul\u00eame\",\"publisher\":{\"@id\":\"https:\/\/charente.catholique.fr\/sud-charente\/#organization\"},\"potentialAction\":[{\"@type\":\"SearchAction\",\"target\":{\"@type\":\"EntryPoint\",\"urlTemplate\":\"https:\/\/charente.catholique.fr\/sud-charente\/?s={search_term_string}\"},\"query-input\":{\"@type\":\"PropertyValueSpecification\",\"valueRequired\":true,\"valueName\":\"search_term_string\"}}],\"inLanguage\":\"fr-FR\"},{\"@type\":\"Organization\",\"@id\":\"https:\/\/charente.catholique.fr\/sud-charente\/#organization\",\"name\":\"Association dioc\u00e9saine d'Angoul\u00eame\",\"url\":\"https:\/\/charente.catholique.fr\/sud-charente\/\",\"logo\":{\"@type\":\"ImageObject\",\"inLanguage\":\"fr-FR\",\"@id\":\"https:\/\/charente.catholique.fr\/sud-charente\/#\/schema\/logo\/image\/\",\"url\":\"https:\/\/charente.catholique.fr\/sud-charente\/wp-content\/uploads\/sites\/5\/2020\/10\/logos.png\",\"contentUrl\":\"https:\/\/charente.catholique.fr\/sud-charente\/wp-content\/uploads\/sites\/5\/2020\/10\/logos.png\",\"width\":600,\"height\":257,\"caption\":\"Association dioc\u00e9saine d'Angoul\u00eame\"},\"image\":{\"@id\":\"https:\/\/charente.catholique.fr\/sud-charente\/#\/schema\/logo\/image\/\"},\"sameAs\":[\"https:\/\/www.facebook.com\/EgliseCatholiqueCharente\",\"https:\/\/x.com\/diocesecharente\",\"https:\/\/www.instagram.com\/eglisecharente\",\"https:\/\/www.youtube.com\/channel\/UCByyFWApZbw3gDTiADoiAaQ\"]}]}<\/script>\n<!-- \/ Yoast SEO plugin. -->","yoast_head_json":{"title":"Cent ans du P\u00e8re Lucien Boilard - Doyenn\u00e9 Sud Charente","robots":{"index":"index","follow":"follow","max-snippet":"max-snippet:-1","max-image-preview":"max-image-preview:large","max-video-preview":"max-video-preview:-1"},"canonical":"https:\/\/charente.catholique.fr\/sud-charente\/agenda\/cent-ans-du-pere-lucien-boilard\/","og_locale":"fr_FR","og_type":"article","og_title":"Cent ans du P\u00e8re Lucien Boilard - Doyenn\u00e9 Sud Charente","og_description":"N\u00e9 le 21 octobre 1920, le P\u00e8re Lucien Boilard f\u00eate ses 100 ans mercredi 21 octobre 2020 ! La situation sanitaire ne permet pas de se retrouver \u00e0 plus de 2 personnes avec le P\u00e8re Boilard dans sa chambre de la maison de retraite \u00e0 Blanzac. Mgr Goselin et le P\u00e8re Beno\u00eet Lecomte, doyen du [&hellip;]","og_url":"https:\/\/charente.catholique.fr\/sud-charente\/agenda\/cent-ans-du-pere-lucien-boilard\/","og_site_name":"Doyenn\u00e9 Sud Charente","article_publisher":"https:\/\/www.facebook.com\/EgliseCatholiqueCharente","article_modified_time":"2020-10-21T15:34:05+00:00","og_image":[{"width":1184,"height":597,"url":"https:\/\/charente.catholique.fr\/sud-charente\/wp-content\/uploads\/sites\/5\/2020\/10\/capturelb.png","type":"image\/png"}],"twitter_card":"summary_large_image","twitter_site":"@diocesecharente","schema":{"@context":"https:\/\/schema.org","@graph":[{"@type":"WebPage","@id":"https:\/\/charente.catholique.fr\/sud-charente\/agenda\/cent-ans-du-pere-lucien-boilard\/","url":"https:\/\/charente.catholique.fr\/sud-charente\/agenda\/cent-ans-du-pere-lucien-boilard\/","name":"Cent ans du P\u00e8re Lucien Boilard - Doyenn\u00e9 Sud Charente","isPartOf":{"@id":"https:\/\/charente.catholique.fr\/sud-charente\/#website"},"primaryImageOfPage":{"@id":"https:\/\/charente.catholique.fr\/sud-charente\/agenda\/cent-ans-du-pere-lucien-boilard\/#primaryimage"},"image":{"@id":"https:\/\/charente.catholique.fr\/sud-charente\/agenda\/cent-ans-du-pere-lucien-boilard\/#primaryimage"},"thumbnailUrl":"https:\/\/charente.catholique.fr\/sud-charente\/wp-content\/uploads\/sites\/5\/2020\/10\/capturelb.png","datePublished":"2020-10-21T08:21:00+00:00","dateModified":"2020-10-21T15:34:05+00:00","breadcrumb":{"@id":"https:\/\/charente.catholique.fr\/sud-charente\/agenda\/cent-ans-du-pere-lucien-boilard\/#breadcrumb"},"inLanguage":"fr-FR","potentialAction":[{"@type":"ReadAction","target":["https:\/\/charente.catholique.fr\/sud-charente\/agenda\/cent-ans-du-pere-lucien-boilard\/"]}]},{"@type":"ImageObject","inLanguage":"fr-FR","@id":"https:\/\/charente.catholique.fr\/sud-charente\/agenda\/cent-ans-du-pere-lucien-boilard\/#primaryimage","url":"https:\/\/charente.catholique.fr\/sud-charente\/wp-content\/uploads\/sites\/5\/2020\/10\/capturelb.png","contentUrl":"https:\/\/charente.catholique.fr\/sud-charente\/wp-content\/uploads\/sites\/5\/2020\/10\/capturelb.png","width":1184,"height":597},{"@type":"BreadcrumbList","@id":"https:\/\/charente.catholique.fr\/sud-charente\/agenda\/cent-ans-du-pere-lucien-boilard\/#breadcrumb","itemListElement":[{"@type":"ListItem","position":1,"name":"Accueil","item":"https:\/\/charente.catholique.fr\/sud-charente\/"},{"@type":"ListItem","position":2,"name":"Cent ans du P\u00e8re Lucien Boilard"}]},{"@type":"WebSite","@id":"https:\/\/charente.catholique.fr\/sud-charente\/#website","url":"https:\/\/charente.catholique.fr\/sud-charente\/","name":"Doyenn\u00e9 Sud Charente - Dioc\u00e8se d'Angoul\u00eame","description":"Dioc\u00e8se d&#039;Angoul\u00eame","publisher":{"@id":"https:\/\/charente.catholique.fr\/sud-charente\/#organization"},"potentialAction":[{"@type":"SearchAction","target":{"@type":"EntryPoint","urlTemplate":"https:\/\/charente.catholique.fr\/sud-charente\/?s={search_term_string}"},"query-input":{"@type":"PropertyValueSpecification","valueRequired":true,"valueName":"search_term_string"}}],"inLanguage":"fr-FR"},{"@type":"Organization","@id":"https:\/\/charente.catholique.fr\/sud-charente\/#organization","name":"Association dioc\u00e9saine d'Angoul\u00eame","url":"https:\/\/charente.catholique.fr\/sud-charente\/","logo":{"@type":"ImageObject","inLanguage":"fr-FR","@id":"https:\/\/charente.catholique.fr\/sud-charente\/#\/schema\/logo\/image\/","url":"https:\/\/charente.catholique.fr\/sud-charente\/wp-content\/uploads\/sites\/5\/2020\/10\/logos.png","contentUrl":"https:\/\/charente.catholique.fr\/sud-charente\/wp-content\/uploads\/sites\/5\/2020\/10\/logos.png","width":600,"height":257,"caption":"Association dioc\u00e9saine d'Angoul\u00eame"},"image":{"@id":"https:\/\/charente.catholique.fr\/sud-charente\/#\/schema\/logo\/image\/"},"sameAs":["https:\/\/www.facebook.com\/EgliseCatholiqueCharente","https:\/\/x.com\/diocesecharente","https:\/\/www.instagram.com\/eglisecharente","https:\/\/www.youtube.com\/channel\/UCByyFWApZbw3gDTiADoiAaQ"]}]}},"_links":{"self":[{"href":"https:\/\/charente.catholique.fr\/sud-charente\/wp-json\/wp\/v2\/evenement\/329","targetHints":{"allow":["GET"]}}],"collection":[{"href":"https:\/\/charente.catholique.fr\/sud-charente\/wp-json\/wp\/v2\/evenement"}],"about":[{"href":"https:\/\/charente.catholique.fr\/sud-charente\/wp-json\/wp\/v2\/types\/evenement"}],"author":[{"embeddable":true,"href":"https:\/\/charente.catholique.fr\/sud-charente\/wp-json\/wp\/v2\/users\/4"}],"version-history":[{"count":0,"href":"https:\/\/charente.catholique.fr\/sud-charente\/wp-json\/wp\/v2\/evenement\/329\/revisions"}],"wp:featuredmedia":[{"embeddable":true,"href":"https:\/\/charente.catholique.fr\/sud-charente\/wp-json\/wp\/v2\/media\/375"}],"wp:attachment":[{"href":"https:\/\/charente.catholique.fr\/sud-charente\/wp-json\/wp\/v2\/media?parent=329"}],"wp:term":[{"taxonomy":"category","embeddable":true,"href":"https:\/\/charente.catholique.fr\/sud-charente\/wp-json\/wp\/v2\/categories?post=329"},{"taxonomy":"post_tag","embeddable":true,"href":"https:\/\/charente.catholique.fr\/sud-charente\/wp-json\/wp\/v2\/tags?post=329"}],"curies":[{"name":"wp","href":"https:\/\/api.w.org\/{rel}","templated":true}]}}