{"id":219,"date":"2020-09-27T22:21:37","date_gmt":"2020-09-27T20:21:37","guid":{"rendered":"https:\/\/charente.catholique.fr\/sud-charente\/?post_type=evenement&#038;p=219"},"modified":"2020-10-31T23:09:58","modified_gmt":"2020-10-31T22:09:58","slug":"creation-des-paroisses-du-doyenne-installation-du-p-benoit-lecomte-envoi-des-eap","status":"publish","type":"evenement","link":"https:\/\/charente.catholique.fr\/sud-charente\/agenda\/creation-des-paroisses-du-doyenne-installation-du-p-benoit-lecomte-envoi-des-eap\/","title":{"rendered":"Cr\u00e9ation des paroisses du doyenn\u00e9, installation du P. Beno\u00eet Lecomte, envoi des EAP"},"content":{"rendered":"\n<p>Le 1er novembre sera une grande f\u00eate pour tout le doyenn\u00e9 du Sud Charente. Non seulement tous les saints seront c\u00e9l\u00e9br\u00e9s, mais un triple \u00e9v\u00e9nement r\u00e9unira tous les chr\u00e9tiens pour une messe pr\u00e9sid\u00e9e par Mgr Gosselin : <\/p>\n\n\n\n<ul class=\"wp-block-list\"><li>La cr\u00e9ation officielle des trois nouvelles paroisses du doyenn\u00e9 : Blanzac &#8211; Montmoreau &#8211; Villebois, Aubeterre &#8211; Brossac &#8211; Chalais et Barbezieux &#8211; Baignes &#8211; Barret<\/li><li>L&#8217;installation du P\u00e8re Beno\u00eet Lecomte comme nouveau cur\u00e9 doyen de Barbezieux et du Sud Charente<\/li><li>L&#8217;envoi des Equipes d&#8217;Animation des Paroisses<\/li><\/ul>\n\n\n\n<p>Une seule messe sera c\u00e9l\u00e9br\u00e9e ce dimanche matin pour l&#8217;ensemble du doyenn\u00e9. Tous les pr\u00eatres et diacres seront r\u00e9unis \u00e0 Barbezieux, avec tous les chr\u00e9tiens qui pourront et voudront se d\u00e9placer. <\/p>\n\n\n\n<p><\/p>\n\n\n\n<figure class=\"wp-block-embed-youtube wp-block-embed is-type-video is-provider-youtube wp-embed-aspect-4-3 wp-has-aspect-ratio\"><div class=\"wp-block-embed__wrapper\">\n<iframe loading=\"lazy\" title=\"Messe de la Toussaint 2020\" width=\"500\" height=\"281\" src=\"https:\/\/www.youtube.com\/embed\/a_svBAP5qgs?feature=oembed\" frameborder=\"0\" allow=\"accelerometer; autoplay; clipboard-write; encrypted-media; gyroscope; picture-in-picture; web-share\" referrerpolicy=\"strict-origin-when-cross-origin\" allowfullscreen><\/iframe>\n<\/div><\/figure>\n\n\n\n<figure class=\"wp-block-image size-large\"><img loading=\"lazy\" decoding=\"async\" width=\"764\" height=\"1080\" src=\"https:\/\/charente.catholique.fr\/sud-charente\/wp-content\/uploads\/sites\/5\/2020\/10\/2020-11-01-Affiche-1er-novembre-2020-764x1080.jpg\" alt=\"\" class=\"wp-image-293\" srcset=\"https:\/\/charente.catholique.fr\/sud-charente\/wp-content\/uploads\/sites\/5\/2020\/10\/2020-11-01-Affiche-1er-novembre-2020-764x1080.jpg 764w, https:\/\/charente.catholique.fr\/sud-charente\/wp-content\/uploads\/sites\/5\/2020\/10\/2020-11-01-Affiche-1er-novembre-2020-212x300.jpg 212w, https:\/\/charente.catholique.fr\/sud-charente\/wp-content\/uploads\/sites\/5\/2020\/10\/2020-11-01-Affiche-1er-novembre-2020-768x1086.jpg 768w, https:\/\/charente.catholique.fr\/sud-charente\/wp-content\/uploads\/sites\/5\/2020\/10\/2020-11-01-Affiche-1er-novembre-2020-1086x1536.jpg 1086w, https:\/\/charente.catholique.fr\/sud-charente\/wp-content\/uploads\/sites\/5\/2020\/10\/2020-11-01-Affiche-1er-novembre-2020-1448x2048.jpg 1448w, https:\/\/charente.catholique.fr\/sud-charente\/wp-content\/uploads\/sites\/5\/2020\/10\/2020-11-01-Affiche-1er-novembre-2020-scaled.jpg 1810w\" sizes=\"auto, (max-width: 764px) 100vw, 764px\" \/><\/figure>\n","protected":false},"author":4,"featured_media":371,"template":"","meta":{"_acf_changed":false,"paroisse":["0"],"service":["0"],"footnotes":""},"categories":[1,4],"tags":[],"class_list":["post-219","evenement","type-evenement","status-publish","has-post-thumbnail","hentry","category-actualites","category-barbezieux","validated"],"acf":{"start_date":"2020-11-01 10:30:00","end_date":"","location":"Eglise de Barbezieux","address":{"address":"\u00c9glise Saint-Mathias de Barbezieux-Saint-Hilaire, Rue Thomas Veillon, Barbezieux-Saint-Hilaire, France","lat":45.47229180000001,"lng":-0.1535223,"zoom":14,"place_id":"ChIJc3LKizRlAEgRvFY1fB9ZYXI","name":"\u00c9glise Saint-Mathias de Barbezieux-Saint-Hilaire","street_number":20,"street_name":"Rue Thomas Veillon","city":"Barbezieux-Saint-Hilaire","state":"Nouvelle-Aquitaine","post_code":16300,"country":"France","country_short":"FR"}},"yoast_head":"<!-- This site is optimized with the Yoast SEO plugin v27.1.1 - https:\/\/yoast.com\/product\/yoast-seo-wordpress\/ -->\n<title>Cr\u00e9ation des paroisses du doyenn\u00e9, installation du P. Beno\u00eet Lecomte, envoi des EAP - Doyenn\u00e9 Sud Charente<\/title>\n<meta name=\"robots\" content=\"index, follow, max-snippet:-1, max-image-preview:large, max-video-preview:-1\" \/>\n<link rel=\"canonical\" href=\"https:\/\/charente.catholique.fr\/sud-charente\/agenda\/creation-des-paroisses-du-doyenne-installation-du-p-benoit-lecomte-envoi-des-eap\/\" \/>\n<meta property=\"og:locale\" content=\"fr_FR\" \/>\n<meta property=\"og:type\" content=\"article\" \/>\n<meta property=\"og:title\" content=\"Cr\u00e9ation des paroisses du doyenn\u00e9, installation du P. Beno\u00eet Lecomte, envoi des EAP - Doyenn\u00e9 Sud Charente\" \/>\n<meta property=\"og:description\" content=\"Le 1er novembre sera une grande f\u00eate pour tout le doyenn\u00e9 du Sud Charente. Non seulement tous les saints seront c\u00e9l\u00e9br\u00e9s, mais un triple \u00e9v\u00e9nement r\u00e9unira tous les chr\u00e9tiens pour une messe pr\u00e9sid\u00e9e par Mgr Gosselin : La cr\u00e9ation officielle des trois nouvelles paroisses du doyenn\u00e9 : Blanzac &#8211; Montmoreau &#8211; Villebois, Aubeterre &#8211; Brossac [&hellip;]\" \/>\n<meta property=\"og:url\" content=\"https:\/\/charente.catholique.fr\/sud-charente\/agenda\/creation-des-paroisses-du-doyenne-installation-du-p-benoit-lecomte-envoi-des-eap\/\" \/>\n<meta property=\"og:site_name\" content=\"Doyenn\u00e9 Sud Charente\" \/>\n<meta property=\"article:publisher\" content=\"https:\/\/www.facebook.com\/EgliseCatholiqueCharente\" \/>\n<meta property=\"article:modified_time\" content=\"2020-10-31T22:09:58+00:00\" \/>\n<meta property=\"og:image\" content=\"https:\/\/charente.catholique.fr\/sud-charente\/wp-content\/uploads\/sites\/5\/2020\/10\/img_3442-scaled.jpg\" \/>\n\t<meta property=\"og:image:width\" content=\"2560\" \/>\n\t<meta property=\"og:image:height\" content=\"1920\" \/>\n\t<meta property=\"og:image:type\" content=\"image\/jpeg\" \/>\n<meta name=\"twitter:card\" content=\"summary_large_image\" \/>\n<meta name=\"twitter:site\" content=\"@diocesecharente\" \/>\n<meta name=\"twitter:label1\" content=\"Dur\u00e9e de lecture estim\u00e9e\" \/>\n\t<meta name=\"twitter:data1\" content=\"1 minute\" \/>\n<script type=\"application\/ld+json\" class=\"yoast-schema-graph\">{\"@context\":\"https:\/\/schema.org\",\"@graph\":[{\"@type\":\"WebPage\",\"@id\":\"https:\/\/charente.catholique.fr\/sud-charente\/agenda\/creation-des-paroisses-du-doyenne-installation-du-p-benoit-lecomte-envoi-des-eap\/\",\"url\":\"https:\/\/charente.catholique.fr\/sud-charente\/agenda\/creation-des-paroisses-du-doyenne-installation-du-p-benoit-lecomte-envoi-des-eap\/\",\"name\":\"Cr\u00e9ation des paroisses du doyenn\u00e9, installation du P. Beno\u00eet Lecomte, envoi des EAP - Doyenn\u00e9 Sud Charente\",\"isPartOf\":{\"@id\":\"https:\/\/charente.catholique.fr\/sud-charente\/#website\"},\"primaryImageOfPage\":{\"@id\":\"https:\/\/charente.catholique.fr\/sud-charente\/agenda\/creation-des-paroisses-du-doyenne-installation-du-p-benoit-lecomte-envoi-des-eap\/#primaryimage\"},\"image\":{\"@id\":\"https:\/\/charente.catholique.fr\/sud-charente\/agenda\/creation-des-paroisses-du-doyenne-installation-du-p-benoit-lecomte-envoi-des-eap\/#primaryimage\"},\"thumbnailUrl\":\"https:\/\/charente.catholique.fr\/sud-charente\/wp-content\/uploads\/sites\/5\/2020\/10\/img_3442-scaled.jpg\",\"datePublished\":\"2020-09-27T20:21:37+00:00\",\"dateModified\":\"2020-10-31T22:09:58+00:00\",\"breadcrumb\":{\"@id\":\"https:\/\/charente.catholique.fr\/sud-charente\/agenda\/creation-des-paroisses-du-doyenne-installation-du-p-benoit-lecomte-envoi-des-eap\/#breadcrumb\"},\"inLanguage\":\"fr-FR\",\"potentialAction\":[{\"@type\":\"ReadAction\",\"target\":[\"https:\/\/charente.catholique.fr\/sud-charente\/agenda\/creation-des-paroisses-du-doyenne-installation-du-p-benoit-lecomte-envoi-des-eap\/\"]}]},{\"@type\":\"ImageObject\",\"inLanguage\":\"fr-FR\",\"@id\":\"https:\/\/charente.catholique.fr\/sud-charente\/agenda\/creation-des-paroisses-du-doyenne-installation-du-p-benoit-lecomte-envoi-des-eap\/#primaryimage\",\"url\":\"https:\/\/charente.catholique.fr\/sud-charente\/wp-content\/uploads\/sites\/5\/2020\/10\/img_3442-scaled.jpg\",\"contentUrl\":\"https:\/\/charente.catholique.fr\/sud-charente\/wp-content\/uploads\/sites\/5\/2020\/10\/img_3442-scaled.jpg\",\"width\":2560,\"height\":1920},{\"@type\":\"BreadcrumbList\",\"@id\":\"https:\/\/charente.catholique.fr\/sud-charente\/agenda\/creation-des-paroisses-du-doyenne-installation-du-p-benoit-lecomte-envoi-des-eap\/#breadcrumb\",\"itemListElement\":[{\"@type\":\"ListItem\",\"position\":1,\"name\":\"Accueil\",\"item\":\"https:\/\/charente.catholique.fr\/sud-charente\/\"},{\"@type\":\"ListItem\",\"position\":2,\"name\":\"Cr\u00e9ation des paroisses du doyenn\u00e9, installation du P. Beno\u00eet Lecomte, envoi des EAP\"}]},{\"@type\":\"WebSite\",\"@id\":\"https:\/\/charente.catholique.fr\/sud-charente\/#website\",\"url\":\"https:\/\/charente.catholique.fr\/sud-charente\/\",\"name\":\"Doyenn\u00e9 Sud Charente - Dioc\u00e8se d'Angoul\u00eame\",\"description\":\"Dioc\u00e8se d&#039;Angoul\u00eame\",\"publisher\":{\"@id\":\"https:\/\/charente.catholique.fr\/sud-charente\/#organization\"},\"potentialAction\":[{\"@type\":\"SearchAction\",\"target\":{\"@type\":\"EntryPoint\",\"urlTemplate\":\"https:\/\/charente.catholique.fr\/sud-charente\/?s={search_term_string}\"},\"query-input\":{\"@type\":\"PropertyValueSpecification\",\"valueRequired\":true,\"valueName\":\"search_term_string\"}}],\"inLanguage\":\"fr-FR\"},{\"@type\":\"Organization\",\"@id\":\"https:\/\/charente.catholique.fr\/sud-charente\/#organization\",\"name\":\"Association dioc\u00e9saine d'Angoul\u00eame\",\"url\":\"https:\/\/charente.catholique.fr\/sud-charente\/\",\"logo\":{\"@type\":\"ImageObject\",\"inLanguage\":\"fr-FR\",\"@id\":\"https:\/\/charente.catholique.fr\/sud-charente\/#\/schema\/logo\/image\/\",\"url\":\"https:\/\/charente.catholique.fr\/sud-charente\/wp-content\/uploads\/sites\/5\/2020\/10\/logos.png\",\"contentUrl\":\"https:\/\/charente.catholique.fr\/sud-charente\/wp-content\/uploads\/sites\/5\/2020\/10\/logos.png\",\"width\":600,\"height\":257,\"caption\":\"Association dioc\u00e9saine d'Angoul\u00eame\"},\"image\":{\"@id\":\"https:\/\/charente.catholique.fr\/sud-charente\/#\/schema\/logo\/image\/\"},\"sameAs\":[\"https:\/\/www.facebook.com\/EgliseCatholiqueCharente\",\"https:\/\/x.com\/diocesecharente\",\"https:\/\/www.instagram.com\/eglisecharente\",\"https:\/\/www.youtube.com\/channel\/UCByyFWApZbw3gDTiADoiAaQ\"]}]}<\/script>\n<!-- \/ Yoast SEO plugin. -->","yoast_head_json":{"title":"Cr\u00e9ation des paroisses du doyenn\u00e9, installation du P. Beno\u00eet Lecomte, envoi des EAP - Doyenn\u00e9 Sud Charente","robots":{"index":"index","follow":"follow","max-snippet":"max-snippet:-1","max-image-preview":"max-image-preview:large","max-video-preview":"max-video-preview:-1"},"canonical":"https:\/\/charente.catholique.fr\/sud-charente\/agenda\/creation-des-paroisses-du-doyenne-installation-du-p-benoit-lecomte-envoi-des-eap\/","og_locale":"fr_FR","og_type":"article","og_title":"Cr\u00e9ation des paroisses du doyenn\u00e9, installation du P. Beno\u00eet Lecomte, envoi des EAP - Doyenn\u00e9 Sud Charente","og_description":"Le 1er novembre sera une grande f\u00eate pour tout le doyenn\u00e9 du Sud Charente. Non seulement tous les saints seront c\u00e9l\u00e9br\u00e9s, mais un triple \u00e9v\u00e9nement r\u00e9unira tous les chr\u00e9tiens pour une messe pr\u00e9sid\u00e9e par Mgr Gosselin : La cr\u00e9ation officielle des trois nouvelles paroisses du doyenn\u00e9 : Blanzac &#8211; Montmoreau &#8211; Villebois, Aubeterre &#8211; Brossac [&hellip;]","og_url":"https:\/\/charente.catholique.fr\/sud-charente\/agenda\/creation-des-paroisses-du-doyenne-installation-du-p-benoit-lecomte-envoi-des-eap\/","og_site_name":"Doyenn\u00e9 Sud Charente","article_publisher":"https:\/\/www.facebook.com\/EgliseCatholiqueCharente","article_modified_time":"2020-10-31T22:09:58+00:00","og_image":[{"width":2560,"height":1920,"url":"https:\/\/charente.catholique.fr\/sud-charente\/wp-content\/uploads\/sites\/5\/2020\/10\/img_3442-scaled.jpg","type":"image\/jpeg"}],"twitter_card":"summary_large_image","twitter_site":"@diocesecharente","twitter_misc":{"Dur\u00e9e de lecture estim\u00e9e":"1 minute"},"schema":{"@context":"https:\/\/schema.org","@graph":[{"@type":"WebPage","@id":"https:\/\/charente.catholique.fr\/sud-charente\/agenda\/creation-des-paroisses-du-doyenne-installation-du-p-benoit-lecomte-envoi-des-eap\/","url":"https:\/\/charente.catholique.fr\/sud-charente\/agenda\/creation-des-paroisses-du-doyenne-installation-du-p-benoit-lecomte-envoi-des-eap\/","name":"Cr\u00e9ation des paroisses du doyenn\u00e9, installation du P. Beno\u00eet Lecomte, envoi des EAP - Doyenn\u00e9 Sud Charente","isPartOf":{"@id":"https:\/\/charente.catholique.fr\/sud-charente\/#website"},"primaryImageOfPage":{"@id":"https:\/\/charente.catholique.fr\/sud-charente\/agenda\/creation-des-paroisses-du-doyenne-installation-du-p-benoit-lecomte-envoi-des-eap\/#primaryimage"},"image":{"@id":"https:\/\/charente.catholique.fr\/sud-charente\/agenda\/creation-des-paroisses-du-doyenne-installation-du-p-benoit-lecomte-envoi-des-eap\/#primaryimage"},"thumbnailUrl":"https:\/\/charente.catholique.fr\/sud-charente\/wp-content\/uploads\/sites\/5\/2020\/10\/img_3442-scaled.jpg","datePublished":"2020-09-27T20:21:37+00:00","dateModified":"2020-10-31T22:09:58+00:00","breadcrumb":{"@id":"https:\/\/charente.catholique.fr\/sud-charente\/agenda\/creation-des-paroisses-du-doyenne-installation-du-p-benoit-lecomte-envoi-des-eap\/#breadcrumb"},"inLanguage":"fr-FR","potentialAction":[{"@type":"ReadAction","target":["https:\/\/charente.catholique.fr\/sud-charente\/agenda\/creation-des-paroisses-du-doyenne-installation-du-p-benoit-lecomte-envoi-des-eap\/"]}]},{"@type":"ImageObject","inLanguage":"fr-FR","@id":"https:\/\/charente.catholique.fr\/sud-charente\/agenda\/creation-des-paroisses-du-doyenne-installation-du-p-benoit-lecomte-envoi-des-eap\/#primaryimage","url":"https:\/\/charente.catholique.fr\/sud-charente\/wp-content\/uploads\/sites\/5\/2020\/10\/img_3442-scaled.jpg","contentUrl":"https:\/\/charente.catholique.fr\/sud-charente\/wp-content\/uploads\/sites\/5\/2020\/10\/img_3442-scaled.jpg","width":2560,"height":1920},{"@type":"BreadcrumbList","@id":"https:\/\/charente.catholique.fr\/sud-charente\/agenda\/creation-des-paroisses-du-doyenne-installation-du-p-benoit-lecomte-envoi-des-eap\/#breadcrumb","itemListElement":[{"@type":"ListItem","position":1,"name":"Accueil","item":"https:\/\/charente.catholique.fr\/sud-charente\/"},{"@type":"ListItem","position":2,"name":"Cr\u00e9ation des paroisses du doyenn\u00e9, installation du P. Beno\u00eet Lecomte, envoi des EAP"}]},{"@type":"WebSite","@id":"https:\/\/charente.catholique.fr\/sud-charente\/#website","url":"https:\/\/charente.catholique.fr\/sud-charente\/","name":"Doyenn\u00e9 Sud Charente - Dioc\u00e8se d'Angoul\u00eame","description":"Dioc\u00e8se d&#039;Angoul\u00eame","publisher":{"@id":"https:\/\/charente.catholique.fr\/sud-charente\/#organization"},"potentialAction":[{"@type":"SearchAction","target":{"@type":"EntryPoint","urlTemplate":"https:\/\/charente.catholique.fr\/sud-charente\/?s={search_term_string}"},"query-input":{"@type":"PropertyValueSpecification","valueRequired":true,"valueName":"search_term_string"}}],"inLanguage":"fr-FR"},{"@type":"Organization","@id":"https:\/\/charente.catholique.fr\/sud-charente\/#organization","name":"Association dioc\u00e9saine d'Angoul\u00eame","url":"https:\/\/charente.catholique.fr\/sud-charente\/","logo":{"@type":"ImageObject","inLanguage":"fr-FR","@id":"https:\/\/charente.catholique.fr\/sud-charente\/#\/schema\/logo\/image\/","url":"https:\/\/charente.catholique.fr\/sud-charente\/wp-content\/uploads\/sites\/5\/2020\/10\/logos.png","contentUrl":"https:\/\/charente.catholique.fr\/sud-charente\/wp-content\/uploads\/sites\/5\/2020\/10\/logos.png","width":600,"height":257,"caption":"Association dioc\u00e9saine d'Angoul\u00eame"},"image":{"@id":"https:\/\/charente.catholique.fr\/sud-charente\/#\/schema\/logo\/image\/"},"sameAs":["https:\/\/www.facebook.com\/EgliseCatholiqueCharente","https:\/\/x.com\/diocesecharente","https:\/\/www.instagram.com\/eglisecharente","https:\/\/www.youtube.com\/channel\/UCByyFWApZbw3gDTiADoiAaQ"]}]}},"_links":{"self":[{"href":"https:\/\/charente.catholique.fr\/sud-charente\/wp-json\/wp\/v2\/evenement\/219","targetHints":{"allow":["GET"]}}],"collection":[{"href":"https:\/\/charente.catholique.fr\/sud-charente\/wp-json\/wp\/v2\/evenement"}],"about":[{"href":"https:\/\/charente.catholique.fr\/sud-charente\/wp-json\/wp\/v2\/types\/evenement"}],"author":[{"embeddable":true,"href":"https:\/\/charente.catholique.fr\/sud-charente\/wp-json\/wp\/v2\/users\/4"}],"version-history":[{"count":0,"href":"https:\/\/charente.catholique.fr\/sud-charente\/wp-json\/wp\/v2\/evenement\/219\/revisions"}],"wp:featuredmedia":[{"embeddable":true,"href":"https:\/\/charente.catholique.fr\/sud-charente\/wp-json\/wp\/v2\/media\/371"}],"wp:attachment":[{"href":"https:\/\/charente.catholique.fr\/sud-charente\/wp-json\/wp\/v2\/media?parent=219"}],"wp:term":[{"taxonomy":"category","embeddable":true,"href":"https:\/\/charente.catholique.fr\/sud-charente\/wp-json\/wp\/v2\/categories?post=219"},{"taxonomy":"post_tag","embeddable":true,"href":"https:\/\/charente.catholique.fr\/sud-charente\/wp-json\/wp\/v2\/tags?post=219"}],"curies":[{"name":"wp","href":"https:\/\/api.w.org\/{rel}","templated":true}]}}