{"id":1566,"date":"2021-03-03T22:49:14","date_gmt":"2021-03-03T21:49:14","guid":{"rendered":"https:\/\/charente.catholique.fr\/sud-charente\/?post_type=evenement&#038;p=1566"},"modified":"2021-03-03T22:49:15","modified_gmt":"2021-03-03T21:49:15","slug":"journee-mondiale-de-priere-a-barbezieux","status":"publish","type":"evenement","link":"https:\/\/charente.catholique.fr\/sud-charente\/agenda\/journee-mondiale-de-priere-a-barbezieux\/","title":{"rendered":"Journ\u00e9e mondiale de pri\u00e8re \u00e0 Barbezieux"},"content":{"rendered":"\n<p>La Journ\u00e9e Mondiale de Pri\u00e8re<br>\u2026nous la c\u00e9l\u00e9brons depuis plus de 100 ans \u00e0 travers le monde. Comment la vivre en 2021 ?<\/p>\n\n\n\n<p><br>\u2022 Dans certaines villes, la liturgie est propos\u00e9e \u00ab comme d&#8217;habitude \u00bb, avec un horaire am\u00e9nag\u00e9. A Barbezieux, nous profiterons cette ann\u00e9e de la pr\u00e9paration internationale.<br>\u2022 Les personnes qui souhaitent participer, tout en restant \u00ab chez elles \u00bb, peuvent le faire :<br><strong>D\u00e8s aujourd&#8217;hui<\/strong>, vous trouverez <a href=\"https:\/\/www.youtube.com\/watch?v=edQMgNFdRdo\" target=\"_blank\" rel=\"noreferrer noopener\">une c\u00e9l\u00e9bration propos\u00e9e par le Comit\u00e9 International de la JMP et les femmes du Vanuatu<\/a>. Certes, elle est en anglais, mais elle nous met bien \u00ab dans le bain \u00bb de l&#8217;archipel. <a href=\"https:\/\/www.youtube.com\/watch?v=edQMgNFdRdo\" target=\"_blank\" rel=\"noreferrer noopener\">Il suffit de cliquer ici.<\/a><br><strong>D\u00e8s le 1er mars<\/strong>, il vous suffira <a href=\"https:\/\/www.youtube.com\/watch?v=LXHDOIVPw5E&amp;feature=youtu.be\" target=\"_blank\" rel=\"noreferrer noopener\">de cliquer ici<\/a> <\/p>\n\n\n\n<p>A partir du 5 mars, <a href=\"https:\/\/www.youtube.com\/watch?v=QzdljmawXv4&amp;list=PLnNz9NhIHsJ-JPwKmhTgsxogqyGR9m8nw\" target=\"_blank\" rel=\"noreferrer noopener\">un autre lien internet permettra de vous joindre \u00e0 une c\u00e9l\u00e9bration v\u00e9cue au temple d&#8217;Illkirch<\/a>.<br><\/p>\n\n\n\n<p> <strong>Vous pouvez \u00e9galement venir \u00e0 Barbezieux<\/strong> o\u00f9 nous allons prier ensemble et projeter des extraits des c\u00e9l\u00e9brations propos\u00e9es.<br><strong>Vendredi 5 mars 2021 \u00e0 15h30 Temple &#8211; Barbezieux &#8211; 20 rue Trarieux<\/strong><br>Les femmes des nombreuses \u00e9glises du Vanuatu ont construit une belle liturgie sur le th\u00e8me \u00ab B\u00e2tir sur le roc \u00bb. J\u00e9sus nous propose cette parabole en conclusion du Sermon sur la Montagne : elle r\u00e9sonne de mani\u00e8re particuli\u00e8re sur ce vaste archipel. Ses populations vivent tendues entre tradition et monde contemporain, dans un univers volcanique marqu\u00e9 par l&#8217;eau.<br>Au Vanuatu, tresser est une r\u00e9alit\u00e9 omnipr\u00e9sente. Car les feuilles des palmiers se laissent plier et servent pour de nombreuses r\u00e9alisations de la vie courante. A notre tour, nous pouvons faire du tressage\/pliage, utile ou d\u00e9coratif. Les id\u00e9es ne manquent pas (p.ex. sur le site de la JMP avec des mod\u00e8les de marque-page etc.)<br>Comme tous les ans, les femmes du Vanuatu proposent de nous informer, de prier ensemble et d&#8217;agir. L&#8217;ann\u00e9e derni\u00e8re, nous l&#8217;avions fait avec les femmes de Zimbabwe qui envoient leurs remerciements. Tous les objectifs de la collecte ont \u00e9t\u00e9 atteints.<br><\/p>\n\n\n\n<p>Si vous souhaitez participer \u00e0 l&#8217;offrande de cette ann\u00e9e, vous pouvez l&#8217;adresser au presbyt\u00e8re, 20 rue Trarieux \u00e0 Barbezieux ou envoyer un ch\u00e8que \u00e0 la tr\u00e9sori\u00e8re de la JMP (par ch\u00e8que libell\u00e9 \u00e0 l\u2019ordre de JMP-France et \u00e0 adresser en lettre suivie (pas de recommand\u00e9, merci) \u00e0 la tr\u00e9sori\u00e8re V\u00e9ronique HAMANN, 2 rue du Ch\u00e2teau, 67112 Breuschwickersheim)<\/p>\n\n\n\n<p><br><\/p>\n","protected":false},"author":4,"featured_media":1567,"template":"","meta":{"_acf_changed":false,"paroisse":["0"],"service":["0"],"footnotes":""},"categories":[4,7],"tags":[],"class_list":["post-1566","evenement","type-evenement","status-publish","has-post-thumbnail","hentry","category-barbezieux","category-priere","validated"],"acf":{"start_date":"2021-03-05 15:30:00","end_date":"","location":"Temple de Barbezieux","address":{"address":"20 Rue Trarieux, Barbezieux-Saint-Hilaire, France","lat":45.4715246,"lng":-0.150828,"zoom":14,"place_id":"ChIJSaaAPct6AEgRq8TDUS-7Pn8","name":"20 Rue Trarieux","street_number":20,"street_name":"Rue Trarieux","city":"Barbezieux-Saint-Hilaire","state":"Nouvelle-Aquitaine","post_code":16300,"country":"France","country_short":"FR"}},"yoast_head":"<!-- This site is optimized with the Yoast SEO plugin v27.1.1 - https:\/\/yoast.com\/product\/yoast-seo-wordpress\/ -->\n<title>Journ\u00e9e mondiale de pri\u00e8re \u00e0 Barbezieux - Doyenn\u00e9 Sud Charente<\/title>\n<meta name=\"robots\" content=\"index, follow, max-snippet:-1, max-image-preview:large, max-video-preview:-1\" \/>\n<link rel=\"canonical\" href=\"https:\/\/charente.catholique.fr\/sud-charente\/agenda\/journee-mondiale-de-priere-a-barbezieux\/\" \/>\n<meta property=\"og:locale\" content=\"fr_FR\" \/>\n<meta property=\"og:type\" content=\"article\" \/>\n<meta property=\"og:title\" content=\"Journ\u00e9e mondiale de pri\u00e8re \u00e0 Barbezieux - Doyenn\u00e9 Sud Charente\" \/>\n<meta property=\"og:description\" content=\"La Journ\u00e9e Mondiale de Pri\u00e8re\u2026nous la c\u00e9l\u00e9brons depuis plus de 100 ans \u00e0 travers le monde. Comment la vivre en 2021 ? \u2022 Dans certaines villes, la liturgie est propos\u00e9e \u00ab comme d&#8217;habitude \u00bb, avec un horaire am\u00e9nag\u00e9. A Barbezieux, nous profiterons cette ann\u00e9e de la pr\u00e9paration internationale.\u2022 Les personnes qui souhaitent participer, tout en [&hellip;]\" \/>\n<meta property=\"og:url\" content=\"https:\/\/charente.catholique.fr\/sud-charente\/agenda\/journee-mondiale-de-priere-a-barbezieux\/\" \/>\n<meta property=\"og:site_name\" content=\"Doyenn\u00e9 Sud Charente\" \/>\n<meta property=\"article:publisher\" content=\"https:\/\/www.facebook.com\/EgliseCatholiqueCharente\" \/>\n<meta property=\"article:modified_time\" content=\"2021-03-03T21:49:15+00:00\" \/>\n<meta property=\"og:image\" content=\"https:\/\/charente.catholique.fr\/sud-charente\/wp-content\/uploads\/sites\/5\/2021\/03\/world_day_of_prayer_logo.svg_.png\" \/>\n\t<meta property=\"og:image:width\" content=\"1200\" \/>\n\t<meta property=\"og:image:height\" content=\"1200\" \/>\n\t<meta property=\"og:image:type\" content=\"image\/png\" \/>\n<meta name=\"twitter:card\" content=\"summary_large_image\" \/>\n<meta name=\"twitter:site\" content=\"@diocesecharente\" \/>\n<meta name=\"twitter:label1\" content=\"Dur\u00e9e de lecture estim\u00e9e\" \/>\n\t<meta name=\"twitter:data1\" content=\"2 minutes\" \/>\n<script type=\"application\/ld+json\" class=\"yoast-schema-graph\">{\"@context\":\"https:\/\/schema.org\",\"@graph\":[{\"@type\":\"WebPage\",\"@id\":\"https:\/\/charente.catholique.fr\/sud-charente\/agenda\/journee-mondiale-de-priere-a-barbezieux\/\",\"url\":\"https:\/\/charente.catholique.fr\/sud-charente\/agenda\/journee-mondiale-de-priere-a-barbezieux\/\",\"name\":\"Journ\u00e9e mondiale de pri\u00e8re \u00e0 Barbezieux - Doyenn\u00e9 Sud Charente\",\"isPartOf\":{\"@id\":\"https:\/\/charente.catholique.fr\/sud-charente\/#website\"},\"primaryImageOfPage\":{\"@id\":\"https:\/\/charente.catholique.fr\/sud-charente\/agenda\/journee-mondiale-de-priere-a-barbezieux\/#primaryimage\"},\"image\":{\"@id\":\"https:\/\/charente.catholique.fr\/sud-charente\/agenda\/journee-mondiale-de-priere-a-barbezieux\/#primaryimage\"},\"thumbnailUrl\":\"https:\/\/charente.catholique.fr\/sud-charente\/wp-content\/uploads\/sites\/5\/2021\/03\/world_day_of_prayer_logo.svg_.png\",\"datePublished\":\"2021-03-03T21:49:14+00:00\",\"dateModified\":\"2021-03-03T21:49:15+00:00\",\"breadcrumb\":{\"@id\":\"https:\/\/charente.catholique.fr\/sud-charente\/agenda\/journee-mondiale-de-priere-a-barbezieux\/#breadcrumb\"},\"inLanguage\":\"fr-FR\",\"potentialAction\":[{\"@type\":\"ReadAction\",\"target\":[\"https:\/\/charente.catholique.fr\/sud-charente\/agenda\/journee-mondiale-de-priere-a-barbezieux\/\"]}]},{\"@type\":\"ImageObject\",\"inLanguage\":\"fr-FR\",\"@id\":\"https:\/\/charente.catholique.fr\/sud-charente\/agenda\/journee-mondiale-de-priere-a-barbezieux\/#primaryimage\",\"url\":\"https:\/\/charente.catholique.fr\/sud-charente\/wp-content\/uploads\/sites\/5\/2021\/03\/world_day_of_prayer_logo.svg_.png\",\"contentUrl\":\"https:\/\/charente.catholique.fr\/sud-charente\/wp-content\/uploads\/sites\/5\/2021\/03\/world_day_of_prayer_logo.svg_.png\",\"width\":1200,\"height\":1200},{\"@type\":\"BreadcrumbList\",\"@id\":\"https:\/\/charente.catholique.fr\/sud-charente\/agenda\/journee-mondiale-de-priere-a-barbezieux\/#breadcrumb\",\"itemListElement\":[{\"@type\":\"ListItem\",\"position\":1,\"name\":\"Accueil\",\"item\":\"https:\/\/charente.catholique.fr\/sud-charente\/\"},{\"@type\":\"ListItem\",\"position\":2,\"name\":\"Journ\u00e9e mondiale de pri\u00e8re \u00e0 Barbezieux\"}]},{\"@type\":\"WebSite\",\"@id\":\"https:\/\/charente.catholique.fr\/sud-charente\/#website\",\"url\":\"https:\/\/charente.catholique.fr\/sud-charente\/\",\"name\":\"Doyenn\u00e9 Sud Charente - Dioc\u00e8se d'Angoul\u00eame\",\"description\":\"Dioc\u00e8se d&#039;Angoul\u00eame\",\"publisher\":{\"@id\":\"https:\/\/charente.catholique.fr\/sud-charente\/#organization\"},\"potentialAction\":[{\"@type\":\"SearchAction\",\"target\":{\"@type\":\"EntryPoint\",\"urlTemplate\":\"https:\/\/charente.catholique.fr\/sud-charente\/?s={search_term_string}\"},\"query-input\":{\"@type\":\"PropertyValueSpecification\",\"valueRequired\":true,\"valueName\":\"search_term_string\"}}],\"inLanguage\":\"fr-FR\"},{\"@type\":\"Organization\",\"@id\":\"https:\/\/charente.catholique.fr\/sud-charente\/#organization\",\"name\":\"Association dioc\u00e9saine d'Angoul\u00eame\",\"url\":\"https:\/\/charente.catholique.fr\/sud-charente\/\",\"logo\":{\"@type\":\"ImageObject\",\"inLanguage\":\"fr-FR\",\"@id\":\"https:\/\/charente.catholique.fr\/sud-charente\/#\/schema\/logo\/image\/\",\"url\":\"https:\/\/charente.catholique.fr\/sud-charente\/wp-content\/uploads\/sites\/5\/2020\/10\/logos.png\",\"contentUrl\":\"https:\/\/charente.catholique.fr\/sud-charente\/wp-content\/uploads\/sites\/5\/2020\/10\/logos.png\",\"width\":600,\"height\":257,\"caption\":\"Association dioc\u00e9saine d'Angoul\u00eame\"},\"image\":{\"@id\":\"https:\/\/charente.catholique.fr\/sud-charente\/#\/schema\/logo\/image\/\"},\"sameAs\":[\"https:\/\/www.facebook.com\/EgliseCatholiqueCharente\",\"https:\/\/x.com\/diocesecharente\",\"https:\/\/www.instagram.com\/eglisecharente\",\"https:\/\/www.youtube.com\/channel\/UCByyFWApZbw3gDTiADoiAaQ\"]}]}<\/script>\n<!-- \/ Yoast SEO plugin. -->","yoast_head_json":{"title":"Journ\u00e9e mondiale de pri\u00e8re \u00e0 Barbezieux - Doyenn\u00e9 Sud Charente","robots":{"index":"index","follow":"follow","max-snippet":"max-snippet:-1","max-image-preview":"max-image-preview:large","max-video-preview":"max-video-preview:-1"},"canonical":"https:\/\/charente.catholique.fr\/sud-charente\/agenda\/journee-mondiale-de-priere-a-barbezieux\/","og_locale":"fr_FR","og_type":"article","og_title":"Journ\u00e9e mondiale de pri\u00e8re \u00e0 Barbezieux - Doyenn\u00e9 Sud Charente","og_description":"La Journ\u00e9e Mondiale de Pri\u00e8re\u2026nous la c\u00e9l\u00e9brons depuis plus de 100 ans \u00e0 travers le monde. Comment la vivre en 2021 ? \u2022 Dans certaines villes, la liturgie est propos\u00e9e \u00ab comme d&#8217;habitude \u00bb, avec un horaire am\u00e9nag\u00e9. A Barbezieux, nous profiterons cette ann\u00e9e de la pr\u00e9paration internationale.\u2022 Les personnes qui souhaitent participer, tout en [&hellip;]","og_url":"https:\/\/charente.catholique.fr\/sud-charente\/agenda\/journee-mondiale-de-priere-a-barbezieux\/","og_site_name":"Doyenn\u00e9 Sud Charente","article_publisher":"https:\/\/www.facebook.com\/EgliseCatholiqueCharente","article_modified_time":"2021-03-03T21:49:15+00:00","og_image":[{"width":1200,"height":1200,"url":"https:\/\/charente.catholique.fr\/sud-charente\/wp-content\/uploads\/sites\/5\/2021\/03\/world_day_of_prayer_logo.svg_.png","type":"image\/png"}],"twitter_card":"summary_large_image","twitter_site":"@diocesecharente","twitter_misc":{"Dur\u00e9e de lecture estim\u00e9e":"2 minutes"},"schema":{"@context":"https:\/\/schema.org","@graph":[{"@type":"WebPage","@id":"https:\/\/charente.catholique.fr\/sud-charente\/agenda\/journee-mondiale-de-priere-a-barbezieux\/","url":"https:\/\/charente.catholique.fr\/sud-charente\/agenda\/journee-mondiale-de-priere-a-barbezieux\/","name":"Journ\u00e9e mondiale de pri\u00e8re \u00e0 Barbezieux - Doyenn\u00e9 Sud Charente","isPartOf":{"@id":"https:\/\/charente.catholique.fr\/sud-charente\/#website"},"primaryImageOfPage":{"@id":"https:\/\/charente.catholique.fr\/sud-charente\/agenda\/journee-mondiale-de-priere-a-barbezieux\/#primaryimage"},"image":{"@id":"https:\/\/charente.catholique.fr\/sud-charente\/agenda\/journee-mondiale-de-priere-a-barbezieux\/#primaryimage"},"thumbnailUrl":"https:\/\/charente.catholique.fr\/sud-charente\/wp-content\/uploads\/sites\/5\/2021\/03\/world_day_of_prayer_logo.svg_.png","datePublished":"2021-03-03T21:49:14+00:00","dateModified":"2021-03-03T21:49:15+00:00","breadcrumb":{"@id":"https:\/\/charente.catholique.fr\/sud-charente\/agenda\/journee-mondiale-de-priere-a-barbezieux\/#breadcrumb"},"inLanguage":"fr-FR","potentialAction":[{"@type":"ReadAction","target":["https:\/\/charente.catholique.fr\/sud-charente\/agenda\/journee-mondiale-de-priere-a-barbezieux\/"]}]},{"@type":"ImageObject","inLanguage":"fr-FR","@id":"https:\/\/charente.catholique.fr\/sud-charente\/agenda\/journee-mondiale-de-priere-a-barbezieux\/#primaryimage","url":"https:\/\/charente.catholique.fr\/sud-charente\/wp-content\/uploads\/sites\/5\/2021\/03\/world_day_of_prayer_logo.svg_.png","contentUrl":"https:\/\/charente.catholique.fr\/sud-charente\/wp-content\/uploads\/sites\/5\/2021\/03\/world_day_of_prayer_logo.svg_.png","width":1200,"height":1200},{"@type":"BreadcrumbList","@id":"https:\/\/charente.catholique.fr\/sud-charente\/agenda\/journee-mondiale-de-priere-a-barbezieux\/#breadcrumb","itemListElement":[{"@type":"ListItem","position":1,"name":"Accueil","item":"https:\/\/charente.catholique.fr\/sud-charente\/"},{"@type":"ListItem","position":2,"name":"Journ\u00e9e mondiale de pri\u00e8re \u00e0 Barbezieux"}]},{"@type":"WebSite","@id":"https:\/\/charente.catholique.fr\/sud-charente\/#website","url":"https:\/\/charente.catholique.fr\/sud-charente\/","name":"Doyenn\u00e9 Sud Charente - Dioc\u00e8se d'Angoul\u00eame","description":"Dioc\u00e8se d&#039;Angoul\u00eame","publisher":{"@id":"https:\/\/charente.catholique.fr\/sud-charente\/#organization"},"potentialAction":[{"@type":"SearchAction","target":{"@type":"EntryPoint","urlTemplate":"https:\/\/charente.catholique.fr\/sud-charente\/?s={search_term_string}"},"query-input":{"@type":"PropertyValueSpecification","valueRequired":true,"valueName":"search_term_string"}}],"inLanguage":"fr-FR"},{"@type":"Organization","@id":"https:\/\/charente.catholique.fr\/sud-charente\/#organization","name":"Association dioc\u00e9saine d'Angoul\u00eame","url":"https:\/\/charente.catholique.fr\/sud-charente\/","logo":{"@type":"ImageObject","inLanguage":"fr-FR","@id":"https:\/\/charente.catholique.fr\/sud-charente\/#\/schema\/logo\/image\/","url":"https:\/\/charente.catholique.fr\/sud-charente\/wp-content\/uploads\/sites\/5\/2020\/10\/logos.png","contentUrl":"https:\/\/charente.catholique.fr\/sud-charente\/wp-content\/uploads\/sites\/5\/2020\/10\/logos.png","width":600,"height":257,"caption":"Association dioc\u00e9saine d'Angoul\u00eame"},"image":{"@id":"https:\/\/charente.catholique.fr\/sud-charente\/#\/schema\/logo\/image\/"},"sameAs":["https:\/\/www.facebook.com\/EgliseCatholiqueCharente","https:\/\/x.com\/diocesecharente","https:\/\/www.instagram.com\/eglisecharente","https:\/\/www.youtube.com\/channel\/UCByyFWApZbw3gDTiADoiAaQ"]}]}},"_links":{"self":[{"href":"https:\/\/charente.catholique.fr\/sud-charente\/wp-json\/wp\/v2\/evenement\/1566","targetHints":{"allow":["GET"]}}],"collection":[{"href":"https:\/\/charente.catholique.fr\/sud-charente\/wp-json\/wp\/v2\/evenement"}],"about":[{"href":"https:\/\/charente.catholique.fr\/sud-charente\/wp-json\/wp\/v2\/types\/evenement"}],"author":[{"embeddable":true,"href":"https:\/\/charente.catholique.fr\/sud-charente\/wp-json\/wp\/v2\/users\/4"}],"version-history":[{"count":0,"href":"https:\/\/charente.catholique.fr\/sud-charente\/wp-json\/wp\/v2\/evenement\/1566\/revisions"}],"wp:featuredmedia":[{"embeddable":true,"href":"https:\/\/charente.catholique.fr\/sud-charente\/wp-json\/wp\/v2\/media\/1567"}],"wp:attachment":[{"href":"https:\/\/charente.catholique.fr\/sud-charente\/wp-json\/wp\/v2\/media?parent=1566"}],"wp:term":[{"taxonomy":"category","embeddable":true,"href":"https:\/\/charente.catholique.fr\/sud-charente\/wp-json\/wp\/v2\/categories?post=1566"},{"taxonomy":"post_tag","embeddable":true,"href":"https:\/\/charente.catholique.fr\/sud-charente\/wp-json\/wp\/v2\/tags?post=1566"}],"curies":[{"name":"wp","href":"https:\/\/api.w.org\/{rel}","templated":true}]}}