{"id":1541,"date":"2021-02-27T21:33:02","date_gmt":"2021-02-27T20:33:02","guid":{"rendered":"https:\/\/charente.catholique.fr\/sud-charente\/?post_type=evenement&#038;p=1541"},"modified":"2021-03-20T16:48:27","modified_gmt":"2021-03-20T15:48:27","slug":"pauvretes-et-solidarites-en-sud-charente","status":"publish","type":"evenement","link":"https:\/\/charente.catholique.fr\/sud-charente\/agenda\/pauvretes-et-solidarites-en-sud-charente\/","title":{"rendered":"Pauvret\u00e9s et solidarit\u00e9s en Sud Charente"},"content":{"rendered":"\n<p>Le conseil pastoral de doyenn\u00e9 prend une nouvelle forme. Ouvert \u00e0 tous, les rencontres veulent donner l&#8217;occasion de travailler une th\u00e9matique particuli\u00e8re \u00e0 l&#8217;\u00e9chelle de tout le doyenn\u00e9. Diagnostiquer ensemble, rep\u00e9rer ce qui existe et les manques, puis proposer des initiatives dans les paroisses. <\/p>\n\n\n\n<p><strong>Une premi\u00e8re rencontre de ce type aura lieu le samedi 20 mars, de 10h \u00e0 15h \u00e0 Plaisance \u00e0 Barbezieux sur le th\u00e8me : &#8221; Pauvret\u00e9s et solidarit\u00e9s en Sud Charente&#8221;.<\/strong><\/p>\n\n\n\n<figure class=\"wp-block-embed is-type-video is-provider-youtube wp-block-embed-youtube wp-embed-aspect-16-9 wp-has-aspect-ratio\"><div class=\"wp-block-embed__wrapper\">\n<iframe loading=\"lazy\" title=\"Pauvret\u00e9s et solidarit\u00e9s en Sud Charente - Conseil Pastorale de doyenn\u00e9 du 20 mars 2021\" width=\"500\" height=\"281\" src=\"https:\/\/www.youtube.com\/embed\/v5D-tP0tIyU?feature=oembed\" frameborder=\"0\" allow=\"accelerometer; autoplay; clipboard-write; encrypted-media; gyroscope; picture-in-picture; web-share\" referrerpolicy=\"strict-origin-when-cross-origin\" allowfullscreen><\/iframe>\n<\/div><\/figure>\n\n\n\n<p>Quelles sont les pauvret\u00e9s existantes ? Comment la crise sanitaire fait-elle \u00e9voluer ces pauvret\u00e9s ? Quelles solidarit\u00e9s sont d\u00e9j\u00e0 mises en place ? Quels sont les obstacles ? Comment les chr\u00e9tiens peuvent se faire \u00e9chos des besoins et quelles initiatives peuvent-ils prendre pour r\u00e9pondre aux besoins ? <\/p>\n\n\n\n<p>En cette ann\u00e9e dioc\u00e9saine de la solidarit\u00e9, ce sera l&#8217;occasion de r\u00e9fl\u00e9chir \u00e0 cette dimension avec des intervenants qualifi\u00e9s et engag\u00e9s sur le territoire : <\/p>\n\n\n\n<ul class=\"wp-block-list\"><li>Mme Isabelle Lagarde, maire d&#8217;Oriolles et Vice-Pr\u00e9sidente du Conseil D\u00e9partemental en charge des solidarit\u00e9s, Pr\u00e9sidente de la MDPH<\/li><li>Mr Georges Bray, d\u00e9l\u00e9gu\u00e9 de la F\u00e9d\u00e9ration des Centres Sociaux et Socioculturels de Charente<\/li><li>Claudine et Bernard Deboissy, membre de la Croix Rouge \u00e0 Villebois-Lavalette<\/li><li>Lyson Jaillet, membre de l&#8217;\u00e9quipe du Secours Catholique du Sud Charente<\/li><li>Jacqueline Chadeleaud, de l&#8217;ADMR <\/li><\/ul>\n","protected":false},"author":4,"featured_media":1542,"template":"","meta":{"_acf_changed":false,"paroisse":["0"],"service":["0"],"footnotes":""},"categories":[],"tags":[],"class_list":["post-1541","evenement","type-evenement","status-publish","has-post-thumbnail","hentry","validated"],"acf":{"start_date":"2021-03-20 10:00:00","end_date":"2021-03-20 15:00:00","location":"Salle des Spectacles, Plaisance, Barbezieux","address":{"address":"Plaisance, Barbezieux-Saint-Hilaire, France","lat":45.464973,"lng":-0.147178,"zoom":14,"place_id":"ChIJK_cIoLZ6AEgR81lLDJnts30","name":"Plaisance","city":"Barbezieux-Saint-Hilaire","state":"Nouvelle-Aquitaine","post_code":16300,"country":"France","country_short":"FR"}},"yoast_head":"<!-- This site is optimized with the Yoast SEO plugin v27.1.1 - https:\/\/yoast.com\/product\/yoast-seo-wordpress\/ -->\n<title>Pauvret\u00e9s et solidarit\u00e9s en Sud Charente - Doyenn\u00e9 Sud Charente<\/title>\n<meta name=\"robots\" content=\"index, follow, max-snippet:-1, max-image-preview:large, max-video-preview:-1\" \/>\n<link rel=\"canonical\" href=\"https:\/\/charente.catholique.fr\/sud-charente\/agenda\/pauvretes-et-solidarites-en-sud-charente\/\" \/>\n<meta property=\"og:locale\" content=\"fr_FR\" \/>\n<meta property=\"og:type\" content=\"article\" \/>\n<meta property=\"og:title\" content=\"Pauvret\u00e9s et solidarit\u00e9s en Sud Charente - Doyenn\u00e9 Sud Charente\" \/>\n<meta property=\"og:description\" content=\"Le conseil pastoral de doyenn\u00e9 prend une nouvelle forme. Ouvert \u00e0 tous, les rencontres veulent donner l&#8217;occasion de travailler une th\u00e9matique particuli\u00e8re \u00e0 l&#8217;\u00e9chelle de tout le doyenn\u00e9. Diagnostiquer ensemble, rep\u00e9rer ce qui existe et les manques, puis proposer des initiatives dans les paroisses. Une premi\u00e8re rencontre de ce type aura lieu le samedi 20 [&hellip;]\" \/>\n<meta property=\"og:url\" content=\"https:\/\/charente.catholique.fr\/sud-charente\/agenda\/pauvretes-et-solidarites-en-sud-charente\/\" \/>\n<meta property=\"og:site_name\" content=\"Doyenn\u00e9 Sud Charente\" \/>\n<meta property=\"article:publisher\" content=\"https:\/\/www.facebook.com\/EgliseCatholiqueCharente\" \/>\n<meta property=\"article:modified_time\" content=\"2021-03-20T15:48:27+00:00\" \/>\n<meta property=\"og:image\" content=\"https:\/\/charente.catholique.fr\/sud-charente\/wp-content\/uploads\/sites\/5\/2021\/02\/handshake-2009183_1920.png\" \/>\n\t<meta property=\"og:image:width\" content=\"1920\" \/>\n\t<meta property=\"og:image:height\" content=\"961\" \/>\n\t<meta property=\"og:image:type\" content=\"image\/png\" \/>\n<meta name=\"twitter:card\" content=\"summary_large_image\" \/>\n<meta name=\"twitter:site\" content=\"@diocesecharente\" \/>\n<meta name=\"twitter:label1\" content=\"Dur\u00e9e de lecture estim\u00e9e\" \/>\n\t<meta name=\"twitter:data1\" content=\"1 minute\" \/>\n<script type=\"application\/ld+json\" class=\"yoast-schema-graph\">{\"@context\":\"https:\/\/schema.org\",\"@graph\":[{\"@type\":\"WebPage\",\"@id\":\"https:\/\/charente.catholique.fr\/sud-charente\/agenda\/pauvretes-et-solidarites-en-sud-charente\/\",\"url\":\"https:\/\/charente.catholique.fr\/sud-charente\/agenda\/pauvretes-et-solidarites-en-sud-charente\/\",\"name\":\"Pauvret\u00e9s et solidarit\u00e9s en Sud Charente - Doyenn\u00e9 Sud Charente\",\"isPartOf\":{\"@id\":\"https:\/\/charente.catholique.fr\/sud-charente\/#website\"},\"primaryImageOfPage\":{\"@id\":\"https:\/\/charente.catholique.fr\/sud-charente\/agenda\/pauvretes-et-solidarites-en-sud-charente\/#primaryimage\"},\"image\":{\"@id\":\"https:\/\/charente.catholique.fr\/sud-charente\/agenda\/pauvretes-et-solidarites-en-sud-charente\/#primaryimage\"},\"thumbnailUrl\":\"https:\/\/charente.catholique.fr\/sud-charente\/wp-content\/uploads\/sites\/5\/2021\/02\/handshake-2009183_1920.png\",\"datePublished\":\"2021-02-27T20:33:02+00:00\",\"dateModified\":\"2021-03-20T15:48:27+00:00\",\"breadcrumb\":{\"@id\":\"https:\/\/charente.catholique.fr\/sud-charente\/agenda\/pauvretes-et-solidarites-en-sud-charente\/#breadcrumb\"},\"inLanguage\":\"fr-FR\",\"potentialAction\":[{\"@type\":\"ReadAction\",\"target\":[\"https:\/\/charente.catholique.fr\/sud-charente\/agenda\/pauvretes-et-solidarites-en-sud-charente\/\"]}]},{\"@type\":\"ImageObject\",\"inLanguage\":\"fr-FR\",\"@id\":\"https:\/\/charente.catholique.fr\/sud-charente\/agenda\/pauvretes-et-solidarites-en-sud-charente\/#primaryimage\",\"url\":\"https:\/\/charente.catholique.fr\/sud-charente\/wp-content\/uploads\/sites\/5\/2021\/02\/handshake-2009183_1920.png\",\"contentUrl\":\"https:\/\/charente.catholique.fr\/sud-charente\/wp-content\/uploads\/sites\/5\/2021\/02\/handshake-2009183_1920.png\",\"width\":1920,\"height\":961},{\"@type\":\"BreadcrumbList\",\"@id\":\"https:\/\/charente.catholique.fr\/sud-charente\/agenda\/pauvretes-et-solidarites-en-sud-charente\/#breadcrumb\",\"itemListElement\":[{\"@type\":\"ListItem\",\"position\":1,\"name\":\"Accueil\",\"item\":\"https:\/\/charente.catholique.fr\/sud-charente\/\"},{\"@type\":\"ListItem\",\"position\":2,\"name\":\"Pauvret\u00e9s et solidarit\u00e9s en Sud Charente\"}]},{\"@type\":\"WebSite\",\"@id\":\"https:\/\/charente.catholique.fr\/sud-charente\/#website\",\"url\":\"https:\/\/charente.catholique.fr\/sud-charente\/\",\"name\":\"Doyenn\u00e9 Sud Charente - Dioc\u00e8se d'Angoul\u00eame\",\"description\":\"Dioc\u00e8se d&#039;Angoul\u00eame\",\"publisher\":{\"@id\":\"https:\/\/charente.catholique.fr\/sud-charente\/#organization\"},\"potentialAction\":[{\"@type\":\"SearchAction\",\"target\":{\"@type\":\"EntryPoint\",\"urlTemplate\":\"https:\/\/charente.catholique.fr\/sud-charente\/?s={search_term_string}\"},\"query-input\":{\"@type\":\"PropertyValueSpecification\",\"valueRequired\":true,\"valueName\":\"search_term_string\"}}],\"inLanguage\":\"fr-FR\"},{\"@type\":\"Organization\",\"@id\":\"https:\/\/charente.catholique.fr\/sud-charente\/#organization\",\"name\":\"Association dioc\u00e9saine d'Angoul\u00eame\",\"url\":\"https:\/\/charente.catholique.fr\/sud-charente\/\",\"logo\":{\"@type\":\"ImageObject\",\"inLanguage\":\"fr-FR\",\"@id\":\"https:\/\/charente.catholique.fr\/sud-charente\/#\/schema\/logo\/image\/\",\"url\":\"https:\/\/charente.catholique.fr\/sud-charente\/wp-content\/uploads\/sites\/5\/2020\/10\/logos.png\",\"contentUrl\":\"https:\/\/charente.catholique.fr\/sud-charente\/wp-content\/uploads\/sites\/5\/2020\/10\/logos.png\",\"width\":600,\"height\":257,\"caption\":\"Association dioc\u00e9saine d'Angoul\u00eame\"},\"image\":{\"@id\":\"https:\/\/charente.catholique.fr\/sud-charente\/#\/schema\/logo\/image\/\"},\"sameAs\":[\"https:\/\/www.facebook.com\/EgliseCatholiqueCharente\",\"https:\/\/x.com\/diocesecharente\",\"https:\/\/www.instagram.com\/eglisecharente\",\"https:\/\/www.youtube.com\/channel\/UCByyFWApZbw3gDTiADoiAaQ\"]}]}<\/script>\n<!-- \/ Yoast SEO plugin. -->","yoast_head_json":{"title":"Pauvret\u00e9s et solidarit\u00e9s en Sud Charente - Doyenn\u00e9 Sud Charente","robots":{"index":"index","follow":"follow","max-snippet":"max-snippet:-1","max-image-preview":"max-image-preview:large","max-video-preview":"max-video-preview:-1"},"canonical":"https:\/\/charente.catholique.fr\/sud-charente\/agenda\/pauvretes-et-solidarites-en-sud-charente\/","og_locale":"fr_FR","og_type":"article","og_title":"Pauvret\u00e9s et solidarit\u00e9s en Sud Charente - Doyenn\u00e9 Sud Charente","og_description":"Le conseil pastoral de doyenn\u00e9 prend une nouvelle forme. Ouvert \u00e0 tous, les rencontres veulent donner l&#8217;occasion de travailler une th\u00e9matique particuli\u00e8re \u00e0 l&#8217;\u00e9chelle de tout le doyenn\u00e9. Diagnostiquer ensemble, rep\u00e9rer ce qui existe et les manques, puis proposer des initiatives dans les paroisses. Une premi\u00e8re rencontre de ce type aura lieu le samedi 20 [&hellip;]","og_url":"https:\/\/charente.catholique.fr\/sud-charente\/agenda\/pauvretes-et-solidarites-en-sud-charente\/","og_site_name":"Doyenn\u00e9 Sud Charente","article_publisher":"https:\/\/www.facebook.com\/EgliseCatholiqueCharente","article_modified_time":"2021-03-20T15:48:27+00:00","og_image":[{"width":1920,"height":961,"url":"https:\/\/charente.catholique.fr\/sud-charente\/wp-content\/uploads\/sites\/5\/2021\/02\/handshake-2009183_1920.png","type":"image\/png"}],"twitter_card":"summary_large_image","twitter_site":"@diocesecharente","twitter_misc":{"Dur\u00e9e de lecture estim\u00e9e":"1 minute"},"schema":{"@context":"https:\/\/schema.org","@graph":[{"@type":"WebPage","@id":"https:\/\/charente.catholique.fr\/sud-charente\/agenda\/pauvretes-et-solidarites-en-sud-charente\/","url":"https:\/\/charente.catholique.fr\/sud-charente\/agenda\/pauvretes-et-solidarites-en-sud-charente\/","name":"Pauvret\u00e9s et solidarit\u00e9s en Sud Charente - Doyenn\u00e9 Sud Charente","isPartOf":{"@id":"https:\/\/charente.catholique.fr\/sud-charente\/#website"},"primaryImageOfPage":{"@id":"https:\/\/charente.catholique.fr\/sud-charente\/agenda\/pauvretes-et-solidarites-en-sud-charente\/#primaryimage"},"image":{"@id":"https:\/\/charente.catholique.fr\/sud-charente\/agenda\/pauvretes-et-solidarites-en-sud-charente\/#primaryimage"},"thumbnailUrl":"https:\/\/charente.catholique.fr\/sud-charente\/wp-content\/uploads\/sites\/5\/2021\/02\/handshake-2009183_1920.png","datePublished":"2021-02-27T20:33:02+00:00","dateModified":"2021-03-20T15:48:27+00:00","breadcrumb":{"@id":"https:\/\/charente.catholique.fr\/sud-charente\/agenda\/pauvretes-et-solidarites-en-sud-charente\/#breadcrumb"},"inLanguage":"fr-FR","potentialAction":[{"@type":"ReadAction","target":["https:\/\/charente.catholique.fr\/sud-charente\/agenda\/pauvretes-et-solidarites-en-sud-charente\/"]}]},{"@type":"ImageObject","inLanguage":"fr-FR","@id":"https:\/\/charente.catholique.fr\/sud-charente\/agenda\/pauvretes-et-solidarites-en-sud-charente\/#primaryimage","url":"https:\/\/charente.catholique.fr\/sud-charente\/wp-content\/uploads\/sites\/5\/2021\/02\/handshake-2009183_1920.png","contentUrl":"https:\/\/charente.catholique.fr\/sud-charente\/wp-content\/uploads\/sites\/5\/2021\/02\/handshake-2009183_1920.png","width":1920,"height":961},{"@type":"BreadcrumbList","@id":"https:\/\/charente.catholique.fr\/sud-charente\/agenda\/pauvretes-et-solidarites-en-sud-charente\/#breadcrumb","itemListElement":[{"@type":"ListItem","position":1,"name":"Accueil","item":"https:\/\/charente.catholique.fr\/sud-charente\/"},{"@type":"ListItem","position":2,"name":"Pauvret\u00e9s et solidarit\u00e9s en Sud Charente"}]},{"@type":"WebSite","@id":"https:\/\/charente.catholique.fr\/sud-charente\/#website","url":"https:\/\/charente.catholique.fr\/sud-charente\/","name":"Doyenn\u00e9 Sud Charente - Dioc\u00e8se d'Angoul\u00eame","description":"Dioc\u00e8se d&#039;Angoul\u00eame","publisher":{"@id":"https:\/\/charente.catholique.fr\/sud-charente\/#organization"},"potentialAction":[{"@type":"SearchAction","target":{"@type":"EntryPoint","urlTemplate":"https:\/\/charente.catholique.fr\/sud-charente\/?s={search_term_string}"},"query-input":{"@type":"PropertyValueSpecification","valueRequired":true,"valueName":"search_term_string"}}],"inLanguage":"fr-FR"},{"@type":"Organization","@id":"https:\/\/charente.catholique.fr\/sud-charente\/#organization","name":"Association dioc\u00e9saine d'Angoul\u00eame","url":"https:\/\/charente.catholique.fr\/sud-charente\/","logo":{"@type":"ImageObject","inLanguage":"fr-FR","@id":"https:\/\/charente.catholique.fr\/sud-charente\/#\/schema\/logo\/image\/","url":"https:\/\/charente.catholique.fr\/sud-charente\/wp-content\/uploads\/sites\/5\/2020\/10\/logos.png","contentUrl":"https:\/\/charente.catholique.fr\/sud-charente\/wp-content\/uploads\/sites\/5\/2020\/10\/logos.png","width":600,"height":257,"caption":"Association dioc\u00e9saine d'Angoul\u00eame"},"image":{"@id":"https:\/\/charente.catholique.fr\/sud-charente\/#\/schema\/logo\/image\/"},"sameAs":["https:\/\/www.facebook.com\/EgliseCatholiqueCharente","https:\/\/x.com\/diocesecharente","https:\/\/www.instagram.com\/eglisecharente","https:\/\/www.youtube.com\/channel\/UCByyFWApZbw3gDTiADoiAaQ"]}]}},"_links":{"self":[{"href":"https:\/\/charente.catholique.fr\/sud-charente\/wp-json\/wp\/v2\/evenement\/1541","targetHints":{"allow":["GET"]}}],"collection":[{"href":"https:\/\/charente.catholique.fr\/sud-charente\/wp-json\/wp\/v2\/evenement"}],"about":[{"href":"https:\/\/charente.catholique.fr\/sud-charente\/wp-json\/wp\/v2\/types\/evenement"}],"author":[{"embeddable":true,"href":"https:\/\/charente.catholique.fr\/sud-charente\/wp-json\/wp\/v2\/users\/4"}],"version-history":[{"count":0,"href":"https:\/\/charente.catholique.fr\/sud-charente\/wp-json\/wp\/v2\/evenement\/1541\/revisions"}],"wp:featuredmedia":[{"embeddable":true,"href":"https:\/\/charente.catholique.fr\/sud-charente\/wp-json\/wp\/v2\/media\/1542"}],"wp:attachment":[{"href":"https:\/\/charente.catholique.fr\/sud-charente\/wp-json\/wp\/v2\/media?parent=1541"}],"wp:term":[{"taxonomy":"category","embeddable":true,"href":"https:\/\/charente.catholique.fr\/sud-charente\/wp-json\/wp\/v2\/categories?post=1541"},{"taxonomy":"post_tag","embeddable":true,"href":"https:\/\/charente.catholique.fr\/sud-charente\/wp-json\/wp\/v2\/tags?post=1541"}],"curies":[{"name":"wp","href":"https:\/\/api.w.org\/{rel}","templated":true}]}}