{"id":12885,"date":"2026-03-31T15:05:56","date_gmt":"2026-03-31T13:05:56","guid":{"rendered":"https:\/\/charente.catholique.fr\/sud-charente\/?post_type=evenement&#038;p=12885"},"modified":"2026-04-14T12:25:38","modified_gmt":"2026-04-14T10:25:38","slug":"inauguration-de-leglise-du-prieure-du-ronsenac","status":"publish","type":"evenement","link":"https:\/\/charente.catholique.fr\/sud-charente\/agenda\/inauguration-de-leglise-du-prieure-du-ronsenac\/","title":{"rendered":"Inauguration de l&#8217;\u00e9glise du prieur\u00e9 du Ronsenac"},"content":{"rendered":"\n<p>Apr\u00e8s un an et demi de travaux de restauration, l&#8217;\u00e9glise du prieur\u00e9 de Ronsenac sera inaugur\u00e9e le 24 avril.<\/p>\n\n\n\n<p>A sa cr\u00e9ation, il y a mille ans, cette abbaye b\u00e9n\u00e9dictine d\u00e9pendait de l&#8217;\u00e9v\u00each\u00e9 de P\u00e9rigueux. Elle f\u00fbt ensuite rattach\u00e9e \u00e0 l&#8217;abbaye de Cluny. Elle a subi les impacts des guerres de Cent Ans, de religion et enfin de la R\u00e9volution. L&#8217;\u00e9glise mais aussi l&#8217;ensemble des b\u00e2timents conventuels ont subi d&#8217;importantes d\u00e9gradations, elle se trouve notamment amput\u00e9e du ch\u0153ur.<\/p>\n\n\n\n<p>Les diff\u00e9rents travaux r\u00e9alis\u00e9s de 2024 \u00e0 2026 ont consist\u00e9 \u00e0 l&#8217;installation de tirants dans les murs et sur la vo\u00fbte pour consolider les murs, le nettoyage de la cloche et sa r\u00e9installation sur un nouveau chevalet, la r\u00e9fection compl\u00e8te de la toiture, le nettoyage des vitraux et enfin le ravalement de la fa\u00e7ade de l&#8217;\u00e9glise qui remet en valeur ses beaux chapiteaux.<\/p>\n\n\n\n<p>Une deuxi\u00e8me tranche de travaux reste \u00e0 pr\u00e9voir afin de mettre en valeur la d\u00e9coration int\u00e9rieure de l&#8217;\u00e9glise.<\/p>\n\n\n\n<figure class=\"wp-block-image size-large\"><img loading=\"lazy\" decoding=\"async\" width=\"608\" height=\"1080\" src=\"https:\/\/charente.catholique.fr\/sud-charente\/wp-content\/uploads\/sites\/5\/2026\/03\/Ronsenac-608x1080.jpg\" alt=\"\" class=\"wp-image-12888\" srcset=\"https:\/\/charente.catholique.fr\/sud-charente\/wp-content\/uploads\/sites\/5\/2026\/03\/Ronsenac-608x1080.jpg 608w, https:\/\/charente.catholique.fr\/sud-charente\/wp-content\/uploads\/sites\/5\/2026\/03\/Ronsenac-169x300.jpg 169w, https:\/\/charente.catholique.fr\/sud-charente\/wp-content\/uploads\/sites\/5\/2026\/03\/Ronsenac-768x1364.jpg 768w, https:\/\/charente.catholique.fr\/sud-charente\/wp-content\/uploads\/sites\/5\/2026\/03\/Ronsenac-865x1536.jpg 865w, https:\/\/charente.catholique.fr\/sud-charente\/wp-content\/uploads\/sites\/5\/2026\/03\/Ronsenac.jpg 1126w\" sizes=\"auto, (max-width: 608px) 100vw, 608px\" \/><\/figure>\n","protected":false},"author":101,"featured_media":12888,"template":"","meta":{"_acf_changed":false,"paroisse":["17"],"service":["0"],"footnotes":""},"categories":[],"tags":[],"class_list":["post-12885","evenement","type-evenement","status-publish","has-post-thumbnail","hentry","validated"],"acf":{"start_date":"2026-04-24 18:00:00","end_date":"","location":"\u00e9glise saint Jean-Baptiste de Ronsenac","address":{"address":"2 Rte de la Laiterie, 16320 Ronsenac, France","lat":45.47631210771505,"lng":0.25070677539313024,"zoom":14,"place_id":"ChIJjZtq6ejI_0cRWbwgII3Yfus","street_number":2,"street_name":"Route de la Laiterie","street_name_short":"Rte de la Laiterie","city":"Ronsenac","state":"Nouvelle-Aquitaine","post_code":16320,"country":"France","country_short":"FR"}},"yoast_head":"<!-- This site is optimized with the Yoast SEO plugin v27.1.1 - https:\/\/yoast.com\/product\/yoast-seo-wordpress\/ -->\n<title>Inauguration de l&#039;\u00e9glise du prieur\u00e9 du Ronsenac - Doyenn\u00e9 Sud Charente<\/title>\n<meta name=\"description\" content=\"Apr\u00e8s un an et demi de travaux de restauration, l&#039;\u00e9glise du prieur\u00e9 de Ronsenac a \u00e9t\u00e9 inaugur\u00e9e le 25 avril.A sa cr\u00e9ation, il y a mille ans, cette abbaye b\u00e9n\u00e9dictine d\u00e9pendait de l&#039;\u00e9v\u00each\u00e9 de P\u00e9rigueux. Elle f\u00fbt ensuite rattach\u00e9e \u00e0 l&#039;abbaye de Cluny. Elle a subi les impacts des guerres de Cent Ans, de religion et enfin de la R\u00e9volution. L&#039;\u00e9glise mais aussi l&#039;ensemble des b\u00e2timents conventuels ont subi d&#039;importantes d\u00e9gradations, elle se trouve notamment amput\u00e9e du ch\u0153ur.Les diff\u00e9rents travaux r\u00e9alis\u00e9s de 2024 \u00e0 2026 ont consist\u00e9 \u00e0 l&#039;installation de tirants dans les murs et sur la vo\u00fbte pour consolider les murs, le nettoyage de la cloche et sa r\u00e9installation sur un nouveau chevalet, la r\u00e9fection compl\u00e8te de la toiture, le nettoyage des vitraux et enfin le ravalement de la fa\u00e7ade de l&#039;\u00e9glise qui remet en valeur ses beaux chapiteaux.Une deuxi\u00e8me tranche de travaux reste \u00e0 pr\u00e9voir afin de mettre en valeur la d\u00e9coration int\u00e9rieure de l&#039;\u00e9glise.\" \/>\n<meta name=\"robots\" content=\"index, follow, max-snippet:-1, max-image-preview:large, max-video-preview:-1\" \/>\n<link rel=\"canonical\" href=\"https:\/\/charente.catholique.fr\/sud-charente\/agenda\/inauguration-de-leglise-du-prieure-du-ronsenac\/\" \/>\n<meta property=\"og:locale\" content=\"fr_FR\" \/>\n<meta property=\"og:type\" content=\"article\" \/>\n<meta property=\"og:title\" content=\"Inauguration de l&#039;\u00e9glise du prieur\u00e9 du Ronsenac - Doyenn\u00e9 Sud Charente\" \/>\n<meta property=\"og:description\" content=\"Apr\u00e8s un an et demi de travaux de restauration, l&#039;\u00e9glise du prieur\u00e9 de Ronsenac a \u00e9t\u00e9 inaugur\u00e9e le 25 avril.A sa cr\u00e9ation, il y a mille ans, cette abbaye b\u00e9n\u00e9dictine d\u00e9pendait de l&#039;\u00e9v\u00each\u00e9 de P\u00e9rigueux. Elle f\u00fbt ensuite rattach\u00e9e \u00e0 l&#039;abbaye de Cluny. Elle a subi les impacts des guerres de Cent Ans, de religion et enfin de la R\u00e9volution. L&#039;\u00e9glise mais aussi l&#039;ensemble des b\u00e2timents conventuels ont subi d&#039;importantes d\u00e9gradations, elle se trouve notamment amput\u00e9e du ch\u0153ur.Les diff\u00e9rents travaux r\u00e9alis\u00e9s de 2024 \u00e0 2026 ont consist\u00e9 \u00e0 l&#039;installation de tirants dans les murs et sur la vo\u00fbte pour consolider les murs, le nettoyage de la cloche et sa r\u00e9installation sur un nouveau chevalet, la r\u00e9fection compl\u00e8te de la toiture, le nettoyage des vitraux et enfin le ravalement de la fa\u00e7ade de l&#039;\u00e9glise qui remet en valeur ses beaux chapiteaux.Une deuxi\u00e8me tranche de travaux reste \u00e0 pr\u00e9voir afin de mettre en valeur la d\u00e9coration int\u00e9rieure de l&#039;\u00e9glise.\" \/>\n<meta property=\"og:url\" content=\"https:\/\/charente.catholique.fr\/sud-charente\/agenda\/inauguration-de-leglise-du-prieure-du-ronsenac\/\" \/>\n<meta property=\"og:site_name\" content=\"Doyenn\u00e9 Sud Charente\" \/>\n<meta property=\"article:publisher\" content=\"https:\/\/www.facebook.com\/EgliseCatholiqueCharente\" \/>\n<meta property=\"article:modified_time\" content=\"2026-04-14T10:25:38+00:00\" \/>\n<meta property=\"og:image\" content=\"https:\/\/charente.catholique.fr\/sud-charente\/wp-content\/uploads\/sites\/5\/2026\/03\/Ronsenac.jpg\" \/>\n\t<meta property=\"og:image:width\" content=\"1126\" \/>\n\t<meta property=\"og:image:height\" content=\"2000\" \/>\n\t<meta property=\"og:image:type\" content=\"image\/jpeg\" \/>\n<meta name=\"twitter:card\" content=\"summary_large_image\" \/>\n<meta name=\"twitter:site\" content=\"@diocesecharente\" \/>\n<meta name=\"twitter:label1\" content=\"Dur\u00e9e de lecture estim\u00e9e\" \/>\n\t<meta name=\"twitter:data1\" content=\"2 minutes\" \/>\n<script type=\"application\/ld+json\" class=\"yoast-schema-graph\">{\"@context\":\"https:\/\/schema.org\",\"@graph\":[{\"@type\":\"WebPage\",\"@id\":\"https:\/\/charente.catholique.fr\/sud-charente\/agenda\/inauguration-de-leglise-du-prieure-du-ronsenac\/\",\"url\":\"https:\/\/charente.catholique.fr\/sud-charente\/agenda\/inauguration-de-leglise-du-prieure-du-ronsenac\/\",\"name\":\"Inauguration de l'\u00e9glise du prieur\u00e9 du Ronsenac - Doyenn\u00e9 Sud Charente\",\"isPartOf\":{\"@id\":\"https:\/\/charente.catholique.fr\/sud-charente\/#website\"},\"primaryImageOfPage\":{\"@id\":\"https:\/\/charente.catholique.fr\/sud-charente\/agenda\/inauguration-de-leglise-du-prieure-du-ronsenac\/#primaryimage\"},\"image\":{\"@id\":\"https:\/\/charente.catholique.fr\/sud-charente\/agenda\/inauguration-de-leglise-du-prieure-du-ronsenac\/#primaryimage\"},\"thumbnailUrl\":\"https:\/\/charente.catholique.fr\/sud-charente\/wp-content\/uploads\/sites\/5\/2026\/03\/Ronsenac.jpg\",\"datePublished\":\"2026-03-31T13:05:56+00:00\",\"dateModified\":\"2026-04-14T10:25:38+00:00\",\"description\":\"Apr\u00e8s un an et demi de travaux de restauration, l'\u00e9glise du prieur\u00e9 de Ronsenac a \u00e9t\u00e9 inaugur\u00e9e le 25 avril.A sa cr\u00e9ation, il y a mille ans, cette abbaye b\u00e9n\u00e9dictine d\u00e9pendait de l'\u00e9v\u00each\u00e9 de P\u00e9rigueux. Elle f\u00fbt ensuite rattach\u00e9e \u00e0 l'abbaye de Cluny. Elle a subi les impacts des guerres de Cent Ans, de religion et enfin de la R\u00e9volution. L'\u00e9glise mais aussi l'ensemble des b\u00e2timents conventuels ont subi d'importantes d\u00e9gradations, elle se trouve notamment amput\u00e9e du ch\u0153ur.Les diff\u00e9rents travaux r\u00e9alis\u00e9s de 2024 \u00e0 2026 ont consist\u00e9 \u00e0 l'installation de tirants dans les murs et sur la vo\u00fbte pour consolider les murs, le nettoyage de la cloche et sa r\u00e9installation sur un nouveau chevalet, la r\u00e9fection compl\u00e8te de la toiture, le nettoyage des vitraux et enfin le ravalement de la fa\u00e7ade de l'\u00e9glise qui remet en valeur ses beaux chapiteaux.Une deuxi\u00e8me tranche de travaux reste \u00e0 pr\u00e9voir afin de mettre en valeur la d\u00e9coration int\u00e9rieure de l'\u00e9glise.\",\"breadcrumb\":{\"@id\":\"https:\/\/charente.catholique.fr\/sud-charente\/agenda\/inauguration-de-leglise-du-prieure-du-ronsenac\/#breadcrumb\"},\"inLanguage\":\"fr-FR\",\"potentialAction\":[{\"@type\":\"ReadAction\",\"target\":[\"https:\/\/charente.catholique.fr\/sud-charente\/agenda\/inauguration-de-leglise-du-prieure-du-ronsenac\/\"]}]},{\"@type\":\"ImageObject\",\"inLanguage\":\"fr-FR\",\"@id\":\"https:\/\/charente.catholique.fr\/sud-charente\/agenda\/inauguration-de-leglise-du-prieure-du-ronsenac\/#primaryimage\",\"url\":\"https:\/\/charente.catholique.fr\/sud-charente\/wp-content\/uploads\/sites\/5\/2026\/03\/Ronsenac.jpg\",\"contentUrl\":\"https:\/\/charente.catholique.fr\/sud-charente\/wp-content\/uploads\/sites\/5\/2026\/03\/Ronsenac.jpg\",\"width\":1126,\"height\":2000},{\"@type\":\"BreadcrumbList\",\"@id\":\"https:\/\/charente.catholique.fr\/sud-charente\/agenda\/inauguration-de-leglise-du-prieure-du-ronsenac\/#breadcrumb\",\"itemListElement\":[{\"@type\":\"ListItem\",\"position\":1,\"name\":\"Accueil\",\"item\":\"https:\/\/charente.catholique.fr\/sud-charente\/\"},{\"@type\":\"ListItem\",\"position\":2,\"name\":\"Inauguration de l&#8217;\u00e9glise du prieur\u00e9 du Ronsenac\"}]},{\"@type\":\"WebSite\",\"@id\":\"https:\/\/charente.catholique.fr\/sud-charente\/#website\",\"url\":\"https:\/\/charente.catholique.fr\/sud-charente\/\",\"name\":\"Doyenn\u00e9 Sud Charente - Dioc\u00e8se d'Angoul\u00eame\",\"description\":\"Dioc\u00e8se d&#039;Angoul\u00eame\",\"publisher\":{\"@id\":\"https:\/\/charente.catholique.fr\/sud-charente\/#organization\"},\"potentialAction\":[{\"@type\":\"SearchAction\",\"target\":{\"@type\":\"EntryPoint\",\"urlTemplate\":\"https:\/\/charente.catholique.fr\/sud-charente\/?s={search_term_string}\"},\"query-input\":{\"@type\":\"PropertyValueSpecification\",\"valueRequired\":true,\"valueName\":\"search_term_string\"}}],\"inLanguage\":\"fr-FR\"},{\"@type\":\"Organization\",\"@id\":\"https:\/\/charente.catholique.fr\/sud-charente\/#organization\",\"name\":\"Association dioc\u00e9saine d'Angoul\u00eame\",\"url\":\"https:\/\/charente.catholique.fr\/sud-charente\/\",\"logo\":{\"@type\":\"ImageObject\",\"inLanguage\":\"fr-FR\",\"@id\":\"https:\/\/charente.catholique.fr\/sud-charente\/#\/schema\/logo\/image\/\",\"url\":\"https:\/\/charente.catholique.fr\/sud-charente\/wp-content\/uploads\/sites\/5\/2020\/10\/logos.png\",\"contentUrl\":\"https:\/\/charente.catholique.fr\/sud-charente\/wp-content\/uploads\/sites\/5\/2020\/10\/logos.png\",\"width\":600,\"height\":257,\"caption\":\"Association dioc\u00e9saine d'Angoul\u00eame\"},\"image\":{\"@id\":\"https:\/\/charente.catholique.fr\/sud-charente\/#\/schema\/logo\/image\/\"},\"sameAs\":[\"https:\/\/www.facebook.com\/EgliseCatholiqueCharente\",\"https:\/\/x.com\/diocesecharente\",\"https:\/\/www.instagram.com\/eglisecharente\",\"https:\/\/www.youtube.com\/channel\/UCByyFWApZbw3gDTiADoiAaQ\"]}]}<\/script>\n<!-- \/ Yoast SEO plugin. -->","yoast_head_json":{"title":"Inauguration de l'\u00e9glise du prieur\u00e9 du Ronsenac - Doyenn\u00e9 Sud Charente","description":"Apr\u00e8s un an et demi de travaux de restauration, l'\u00e9glise du prieur\u00e9 de Ronsenac a \u00e9t\u00e9 inaugur\u00e9e le 25 avril.A sa cr\u00e9ation, il y a mille ans, cette abbaye b\u00e9n\u00e9dictine d\u00e9pendait de l'\u00e9v\u00each\u00e9 de P\u00e9rigueux. Elle f\u00fbt ensuite rattach\u00e9e \u00e0 l'abbaye de Cluny. Elle a subi les impacts des guerres de Cent Ans, de religion et enfin de la R\u00e9volution. L'\u00e9glise mais aussi l'ensemble des b\u00e2timents conventuels ont subi d'importantes d\u00e9gradations, elle se trouve notamment amput\u00e9e du ch\u0153ur.Les diff\u00e9rents travaux r\u00e9alis\u00e9s de 2024 \u00e0 2026 ont consist\u00e9 \u00e0 l'installation de tirants dans les murs et sur la vo\u00fbte pour consolider les murs, le nettoyage de la cloche et sa r\u00e9installation sur un nouveau chevalet, la r\u00e9fection compl\u00e8te de la toiture, le nettoyage des vitraux et enfin le ravalement de la fa\u00e7ade de l'\u00e9glise qui remet en valeur ses beaux chapiteaux.Une deuxi\u00e8me tranche de travaux reste \u00e0 pr\u00e9voir afin de mettre en valeur la d\u00e9coration int\u00e9rieure de l'\u00e9glise.","robots":{"index":"index","follow":"follow","max-snippet":"max-snippet:-1","max-image-preview":"max-image-preview:large","max-video-preview":"max-video-preview:-1"},"canonical":"https:\/\/charente.catholique.fr\/sud-charente\/agenda\/inauguration-de-leglise-du-prieure-du-ronsenac\/","og_locale":"fr_FR","og_type":"article","og_title":"Inauguration de l'\u00e9glise du prieur\u00e9 du Ronsenac - Doyenn\u00e9 Sud Charente","og_description":"Apr\u00e8s un an et demi de travaux de restauration, l'\u00e9glise du prieur\u00e9 de Ronsenac a \u00e9t\u00e9 inaugur\u00e9e le 25 avril.A sa cr\u00e9ation, il y a mille ans, cette abbaye b\u00e9n\u00e9dictine d\u00e9pendait de l'\u00e9v\u00each\u00e9 de P\u00e9rigueux. Elle f\u00fbt ensuite rattach\u00e9e \u00e0 l'abbaye de Cluny. Elle a subi les impacts des guerres de Cent Ans, de religion et enfin de la R\u00e9volution. L'\u00e9glise mais aussi l'ensemble des b\u00e2timents conventuels ont subi d'importantes d\u00e9gradations, elle se trouve notamment amput\u00e9e du ch\u0153ur.Les diff\u00e9rents travaux r\u00e9alis\u00e9s de 2024 \u00e0 2026 ont consist\u00e9 \u00e0 l'installation de tirants dans les murs et sur la vo\u00fbte pour consolider les murs, le nettoyage de la cloche et sa r\u00e9installation sur un nouveau chevalet, la r\u00e9fection compl\u00e8te de la toiture, le nettoyage des vitraux et enfin le ravalement de la fa\u00e7ade de l'\u00e9glise qui remet en valeur ses beaux chapiteaux.Une deuxi\u00e8me tranche de travaux reste \u00e0 pr\u00e9voir afin de mettre en valeur la d\u00e9coration int\u00e9rieure de l'\u00e9glise.","og_url":"https:\/\/charente.catholique.fr\/sud-charente\/agenda\/inauguration-de-leglise-du-prieure-du-ronsenac\/","og_site_name":"Doyenn\u00e9 Sud Charente","article_publisher":"https:\/\/www.facebook.com\/EgliseCatholiqueCharente","article_modified_time":"2026-04-14T10:25:38+00:00","og_image":[{"width":1126,"height":2000,"url":"https:\/\/charente.catholique.fr\/sud-charente\/wp-content\/uploads\/sites\/5\/2026\/03\/Ronsenac.jpg","type":"image\/jpeg"}],"twitter_card":"summary_large_image","twitter_site":"@diocesecharente","twitter_misc":{"Dur\u00e9e de lecture estim\u00e9e":"2 minutes"},"schema":{"@context":"https:\/\/schema.org","@graph":[{"@type":"WebPage","@id":"https:\/\/charente.catholique.fr\/sud-charente\/agenda\/inauguration-de-leglise-du-prieure-du-ronsenac\/","url":"https:\/\/charente.catholique.fr\/sud-charente\/agenda\/inauguration-de-leglise-du-prieure-du-ronsenac\/","name":"Inauguration de l'\u00e9glise du prieur\u00e9 du Ronsenac - Doyenn\u00e9 Sud Charente","isPartOf":{"@id":"https:\/\/charente.catholique.fr\/sud-charente\/#website"},"primaryImageOfPage":{"@id":"https:\/\/charente.catholique.fr\/sud-charente\/agenda\/inauguration-de-leglise-du-prieure-du-ronsenac\/#primaryimage"},"image":{"@id":"https:\/\/charente.catholique.fr\/sud-charente\/agenda\/inauguration-de-leglise-du-prieure-du-ronsenac\/#primaryimage"},"thumbnailUrl":"https:\/\/charente.catholique.fr\/sud-charente\/wp-content\/uploads\/sites\/5\/2026\/03\/Ronsenac.jpg","datePublished":"2026-03-31T13:05:56+00:00","dateModified":"2026-04-14T10:25:38+00:00","description":"Apr\u00e8s un an et demi de travaux de restauration, l'\u00e9glise du prieur\u00e9 de Ronsenac a \u00e9t\u00e9 inaugur\u00e9e le 25 avril.A sa cr\u00e9ation, il y a mille ans, cette abbaye b\u00e9n\u00e9dictine d\u00e9pendait de l'\u00e9v\u00each\u00e9 de P\u00e9rigueux. Elle f\u00fbt ensuite rattach\u00e9e \u00e0 l'abbaye de Cluny. Elle a subi les impacts des guerres de Cent Ans, de religion et enfin de la R\u00e9volution. L'\u00e9glise mais aussi l'ensemble des b\u00e2timents conventuels ont subi d'importantes d\u00e9gradations, elle se trouve notamment amput\u00e9e du ch\u0153ur.Les diff\u00e9rents travaux r\u00e9alis\u00e9s de 2024 \u00e0 2026 ont consist\u00e9 \u00e0 l'installation de tirants dans les murs et sur la vo\u00fbte pour consolider les murs, le nettoyage de la cloche et sa r\u00e9installation sur un nouveau chevalet, la r\u00e9fection compl\u00e8te de la toiture, le nettoyage des vitraux et enfin le ravalement de la fa\u00e7ade de l'\u00e9glise qui remet en valeur ses beaux chapiteaux.Une deuxi\u00e8me tranche de travaux reste \u00e0 pr\u00e9voir afin de mettre en valeur la d\u00e9coration int\u00e9rieure de l'\u00e9glise.","breadcrumb":{"@id":"https:\/\/charente.catholique.fr\/sud-charente\/agenda\/inauguration-de-leglise-du-prieure-du-ronsenac\/#breadcrumb"},"inLanguage":"fr-FR","potentialAction":[{"@type":"ReadAction","target":["https:\/\/charente.catholique.fr\/sud-charente\/agenda\/inauguration-de-leglise-du-prieure-du-ronsenac\/"]}]},{"@type":"ImageObject","inLanguage":"fr-FR","@id":"https:\/\/charente.catholique.fr\/sud-charente\/agenda\/inauguration-de-leglise-du-prieure-du-ronsenac\/#primaryimage","url":"https:\/\/charente.catholique.fr\/sud-charente\/wp-content\/uploads\/sites\/5\/2026\/03\/Ronsenac.jpg","contentUrl":"https:\/\/charente.catholique.fr\/sud-charente\/wp-content\/uploads\/sites\/5\/2026\/03\/Ronsenac.jpg","width":1126,"height":2000},{"@type":"BreadcrumbList","@id":"https:\/\/charente.catholique.fr\/sud-charente\/agenda\/inauguration-de-leglise-du-prieure-du-ronsenac\/#breadcrumb","itemListElement":[{"@type":"ListItem","position":1,"name":"Accueil","item":"https:\/\/charente.catholique.fr\/sud-charente\/"},{"@type":"ListItem","position":2,"name":"Inauguration de l&#8217;\u00e9glise du prieur\u00e9 du Ronsenac"}]},{"@type":"WebSite","@id":"https:\/\/charente.catholique.fr\/sud-charente\/#website","url":"https:\/\/charente.catholique.fr\/sud-charente\/","name":"Doyenn\u00e9 Sud Charente - Dioc\u00e8se d'Angoul\u00eame","description":"Dioc\u00e8se d&#039;Angoul\u00eame","publisher":{"@id":"https:\/\/charente.catholique.fr\/sud-charente\/#organization"},"potentialAction":[{"@type":"SearchAction","target":{"@type":"EntryPoint","urlTemplate":"https:\/\/charente.catholique.fr\/sud-charente\/?s={search_term_string}"},"query-input":{"@type":"PropertyValueSpecification","valueRequired":true,"valueName":"search_term_string"}}],"inLanguage":"fr-FR"},{"@type":"Organization","@id":"https:\/\/charente.catholique.fr\/sud-charente\/#organization","name":"Association dioc\u00e9saine d'Angoul\u00eame","url":"https:\/\/charente.catholique.fr\/sud-charente\/","logo":{"@type":"ImageObject","inLanguage":"fr-FR","@id":"https:\/\/charente.catholique.fr\/sud-charente\/#\/schema\/logo\/image\/","url":"https:\/\/charente.catholique.fr\/sud-charente\/wp-content\/uploads\/sites\/5\/2020\/10\/logos.png","contentUrl":"https:\/\/charente.catholique.fr\/sud-charente\/wp-content\/uploads\/sites\/5\/2020\/10\/logos.png","width":600,"height":257,"caption":"Association dioc\u00e9saine d'Angoul\u00eame"},"image":{"@id":"https:\/\/charente.catholique.fr\/sud-charente\/#\/schema\/logo\/image\/"},"sameAs":["https:\/\/www.facebook.com\/EgliseCatholiqueCharente","https:\/\/x.com\/diocesecharente","https:\/\/www.instagram.com\/eglisecharente","https:\/\/www.youtube.com\/channel\/UCByyFWApZbw3gDTiADoiAaQ"]}]}},"_links":{"self":[{"href":"https:\/\/charente.catholique.fr\/sud-charente\/wp-json\/wp\/v2\/evenement\/12885","targetHints":{"allow":["GET"]}}],"collection":[{"href":"https:\/\/charente.catholique.fr\/sud-charente\/wp-json\/wp\/v2\/evenement"}],"about":[{"href":"https:\/\/charente.catholique.fr\/sud-charente\/wp-json\/wp\/v2\/types\/evenement"}],"author":[{"embeddable":true,"href":"https:\/\/charente.catholique.fr\/sud-charente\/wp-json\/wp\/v2\/users\/101"}],"version-history":[{"count":5,"href":"https:\/\/charente.catholique.fr\/sud-charente\/wp-json\/wp\/v2\/evenement\/12885\/revisions"}],"predecessor-version":[{"id":12960,"href":"https:\/\/charente.catholique.fr\/sud-charente\/wp-json\/wp\/v2\/evenement\/12885\/revisions\/12960"}],"wp:featuredmedia":[{"embeddable":true,"href":"https:\/\/charente.catholique.fr\/sud-charente\/wp-json\/wp\/v2\/media\/12888"}],"wp:attachment":[{"href":"https:\/\/charente.catholique.fr\/sud-charente\/wp-json\/wp\/v2\/media?parent=12885"}],"wp:term":[{"taxonomy":"category","embeddable":true,"href":"https:\/\/charente.catholique.fr\/sud-charente\/wp-json\/wp\/v2\/categories?post=12885"},{"taxonomy":"post_tag","embeddable":true,"href":"https:\/\/charente.catholique.fr\/sud-charente\/wp-json\/wp\/v2\/tags?post=12885"}],"curies":[{"name":"wp","href":"https:\/\/api.w.org\/{rel}","templated":true}]}}