{"id":11443,"date":"2025-09-16T16:13:02","date_gmt":"2025-09-16T14:13:02","guid":{"rendered":"https:\/\/charente.catholique.fr\/sud-charente\/?post_type=evenement&#038;p=11443"},"modified":"2026-01-19T14:48:36","modified_gmt":"2026-01-19T13:48:36","slug":"apero-entre-femmes-29-janvier-2025","status":"publish","type":"evenement","link":"https:\/\/charente.catholique.fr\/sud-charente\/agenda\/apero-entre-femmes-29-janvier-2025\/","title":{"rendered":"Ap\u00e9ro entre femmes &#8211; 29 janvier 2026"},"content":{"rendered":"\n<p>Le 29 janvier 2026, les femmes \u201cactives\u201d sont invit\u00e9es \u00e0 un temps de d\u00e9tente au caf\u00e9 Le Fraternel \u00e0 Barbezieux !<\/p>\n\n\n\n<div data-wp-interactive=\"core\/file\" class=\"wp-block-file\"><object data-wp-bind--hidden=\"!state.hasPdfPreview\" hidden class=\"wp-block-file__embed\" data=\"https:\/\/charente.catholique.fr\/sud-charente\/wp-content\/uploads\/sites\/5\/2025\/09\/Aperos-femmes.pdf\" type=\"application\/pdf\" style=\"width:100%;height:600px\" aria-label=\"Contenu embarqu\u00e9 Ap\u00e9ros femmes.\"><\/object><a id=\"wp-block-file--media-ae9bdd80-4277-4f0d-b7f8-b170be0826a3\" href=\"https:\/\/charente.catholique.fr\/sud-charente\/wp-content\/uploads\/sites\/5\/2025\/09\/Aperos-femmes.pdf\">Ap\u00e9ros femmes<\/a><a href=\"https:\/\/charente.catholique.fr\/sud-charente\/wp-content\/uploads\/sites\/5\/2025\/09\/Aperos-femmes.pdf\" class=\"wp-block-file__button wp-element-button\" download aria-describedby=\"wp-block-file--media-ae9bdd80-4277-4f0d-b7f8-b170be0826a3\">T\u00e9l\u00e9charger<\/a><\/div>\n\n\n\n<p><\/p>\n","protected":false},"author":101,"featured_media":11447,"template":"","meta":{"_acf_changed":false,"paroisse":["15","15","15"],"service":["0"],"footnotes":""},"categories":[1,4,19],"tags":[],"class_list":["post-11443","evenement","type-evenement","status-publish","has-post-thumbnail","hentry","category-actualites","category-barbezieux","category-le-fraternel","validated"],"acf":{"start_date":"2026-01-29 19:30:00","end_date":"2026-01-29 22:30:00","location":"Le Fraternel Caf\u00e9","address":{"address":"Le Fraternel, Rue \u00c9lie Vinet, Barbezieux-Saint-Hilaire, France","lat":45.4723125,"lng":-0.1523652,"zoom":14,"place_id":"ChIJkQaAH2VlAEgRsB7C9umKkjw","name":"Le Fraternel","street_number":1,"street_name":"Rue \u00c9lie Vinet","city":"Barbezieux-Saint-Hilaire","state":"Nouvelle-Aquitaine","post_code":16300,"country":"France","country_short":"FR"}},"yoast_head":"<!-- This site is optimized with the Yoast SEO plugin v27.1.1 - https:\/\/yoast.com\/product\/yoast-seo-wordpress\/ -->\n<title>Ap\u00e9ro entre femmes - 29 janvier 2026 - Doyenn\u00e9 Sud Charente<\/title>\n<meta name=\"description\" content=\"Le 29 janvier 2026, les femmes \u201cactives\u201d sont invit\u00e9es \u00e0 un temps de d\u00e9tente au caf\u00e9 Le Fraternel \u00e0 Barbezieux !\" \/>\n<meta name=\"robots\" content=\"index, follow, max-snippet:-1, max-image-preview:large, max-video-preview:-1\" \/>\n<link rel=\"canonical\" href=\"https:\/\/charente.catholique.fr\/sud-charente\/agenda\/apero-entre-femmes-29-janvier-2025\/\" \/>\n<meta property=\"og:locale\" content=\"fr_FR\" \/>\n<meta property=\"og:type\" content=\"article\" \/>\n<meta property=\"og:title\" content=\"Ap\u00e9ro entre femmes - 29 janvier 2026 - Doyenn\u00e9 Sud Charente\" \/>\n<meta property=\"og:description\" content=\"Le 29 janvier 2026, les femmes \u201cactives\u201d sont invit\u00e9es \u00e0 un temps de d\u00e9tente au caf\u00e9 Le Fraternel \u00e0 Barbezieux !\" \/>\n<meta property=\"og:url\" content=\"https:\/\/charente.catholique.fr\/sud-charente\/agenda\/apero-entre-femmes-29-janvier-2025\/\" \/>\n<meta property=\"og:site_name\" content=\"Doyenn\u00e9 Sud Charente\" \/>\n<meta property=\"article:publisher\" content=\"https:\/\/www.facebook.com\/EgliseCatholiqueCharente\" \/>\n<meta property=\"article:modified_time\" content=\"2026-01-19T13:48:36+00:00\" \/>\n<meta property=\"og:image\" content=\"https:\/\/charente.catholique.fr\/sud-charente\/wp-content\/uploads\/sites\/5\/2025\/09\/Aperos-femmes2.png\" \/>\n\t<meta property=\"og:image:width\" content=\"1587\" \/>\n\t<meta property=\"og:image:height\" content=\"2245\" \/>\n\t<meta property=\"og:image:type\" content=\"image\/png\" \/>\n<meta name=\"twitter:card\" content=\"summary_large_image\" \/>\n<meta name=\"twitter:site\" content=\"@diocesecharente\" \/>\n<meta name=\"twitter:label1\" content=\"Dur\u00e9e de lecture estim\u00e9e\" \/>\n\t<meta name=\"twitter:data1\" content=\"1 minute\" \/>\n<script type=\"application\/ld+json\" class=\"yoast-schema-graph\">{\"@context\":\"https:\/\/schema.org\",\"@graph\":[{\"@type\":\"WebPage\",\"@id\":\"https:\/\/charente.catholique.fr\/sud-charente\/agenda\/apero-entre-femmes-29-janvier-2025\/\",\"url\":\"https:\/\/charente.catholique.fr\/sud-charente\/agenda\/apero-entre-femmes-29-janvier-2025\/\",\"name\":\"Ap\u00e9ro entre femmes - 29 janvier 2026 - Doyenn\u00e9 Sud Charente\",\"isPartOf\":{\"@id\":\"https:\/\/charente.catholique.fr\/sud-charente\/#website\"},\"primaryImageOfPage\":{\"@id\":\"https:\/\/charente.catholique.fr\/sud-charente\/agenda\/apero-entre-femmes-29-janvier-2025\/#primaryimage\"},\"image\":{\"@id\":\"https:\/\/charente.catholique.fr\/sud-charente\/agenda\/apero-entre-femmes-29-janvier-2025\/#primaryimage\"},\"thumbnailUrl\":\"https:\/\/charente.catholique.fr\/sud-charente\/wp-content\/uploads\/sites\/5\/2025\/09\/Aperos-femmes2.png\",\"datePublished\":\"2025-09-16T14:13:02+00:00\",\"dateModified\":\"2026-01-19T13:48:36+00:00\",\"description\":\"Le 29 janvier 2026, les femmes \u201cactives\u201d sont invit\u00e9es \u00e0 un temps de d\u00e9tente au caf\u00e9 Le Fraternel \u00e0 Barbezieux !\",\"breadcrumb\":{\"@id\":\"https:\/\/charente.catholique.fr\/sud-charente\/agenda\/apero-entre-femmes-29-janvier-2025\/#breadcrumb\"},\"inLanguage\":\"fr-FR\",\"potentialAction\":[{\"@type\":\"ReadAction\",\"target\":[\"https:\/\/charente.catholique.fr\/sud-charente\/agenda\/apero-entre-femmes-29-janvier-2025\/\"]}]},{\"@type\":\"ImageObject\",\"inLanguage\":\"fr-FR\",\"@id\":\"https:\/\/charente.catholique.fr\/sud-charente\/agenda\/apero-entre-femmes-29-janvier-2025\/#primaryimage\",\"url\":\"https:\/\/charente.catholique.fr\/sud-charente\/wp-content\/uploads\/sites\/5\/2025\/09\/Aperos-femmes2.png\",\"contentUrl\":\"https:\/\/charente.catholique.fr\/sud-charente\/wp-content\/uploads\/sites\/5\/2025\/09\/Aperos-femmes2.png\",\"width\":1587,\"height\":2245},{\"@type\":\"BreadcrumbList\",\"@id\":\"https:\/\/charente.catholique.fr\/sud-charente\/agenda\/apero-entre-femmes-29-janvier-2025\/#breadcrumb\",\"itemListElement\":[{\"@type\":\"ListItem\",\"position\":1,\"name\":\"Accueil\",\"item\":\"https:\/\/charente.catholique.fr\/sud-charente\/\"},{\"@type\":\"ListItem\",\"position\":2,\"name\":\"Ap\u00e9ro entre femmes &#8211; 29 janvier 2026\"}]},{\"@type\":\"WebSite\",\"@id\":\"https:\/\/charente.catholique.fr\/sud-charente\/#website\",\"url\":\"https:\/\/charente.catholique.fr\/sud-charente\/\",\"name\":\"Doyenn\u00e9 Sud Charente - Dioc\u00e8se d'Angoul\u00eame\",\"description\":\"Dioc\u00e8se d&#039;Angoul\u00eame\",\"publisher\":{\"@id\":\"https:\/\/charente.catholique.fr\/sud-charente\/#organization\"},\"potentialAction\":[{\"@type\":\"SearchAction\",\"target\":{\"@type\":\"EntryPoint\",\"urlTemplate\":\"https:\/\/charente.catholique.fr\/sud-charente\/?s={search_term_string}\"},\"query-input\":{\"@type\":\"PropertyValueSpecification\",\"valueRequired\":true,\"valueName\":\"search_term_string\"}}],\"inLanguage\":\"fr-FR\"},{\"@type\":\"Organization\",\"@id\":\"https:\/\/charente.catholique.fr\/sud-charente\/#organization\",\"name\":\"Association dioc\u00e9saine d'Angoul\u00eame\",\"url\":\"https:\/\/charente.catholique.fr\/sud-charente\/\",\"logo\":{\"@type\":\"ImageObject\",\"inLanguage\":\"fr-FR\",\"@id\":\"https:\/\/charente.catholique.fr\/sud-charente\/#\/schema\/logo\/image\/\",\"url\":\"https:\/\/charente.catholique.fr\/sud-charente\/wp-content\/uploads\/sites\/5\/2020\/10\/logos.png\",\"contentUrl\":\"https:\/\/charente.catholique.fr\/sud-charente\/wp-content\/uploads\/sites\/5\/2020\/10\/logos.png\",\"width\":600,\"height\":257,\"caption\":\"Association dioc\u00e9saine d'Angoul\u00eame\"},\"image\":{\"@id\":\"https:\/\/charente.catholique.fr\/sud-charente\/#\/schema\/logo\/image\/\"},\"sameAs\":[\"https:\/\/www.facebook.com\/EgliseCatholiqueCharente\",\"https:\/\/x.com\/diocesecharente\",\"https:\/\/www.instagram.com\/eglisecharente\",\"https:\/\/www.youtube.com\/channel\/UCByyFWApZbw3gDTiADoiAaQ\"]}]}<\/script>\n<!-- \/ Yoast SEO plugin. -->","yoast_head_json":{"title":"Ap\u00e9ro entre femmes - 29 janvier 2026 - Doyenn\u00e9 Sud Charente","description":"Le 29 janvier 2026, les femmes \u201cactives\u201d sont invit\u00e9es \u00e0 un temps de d\u00e9tente au caf\u00e9 Le Fraternel \u00e0 Barbezieux !","robots":{"index":"index","follow":"follow","max-snippet":"max-snippet:-1","max-image-preview":"max-image-preview:large","max-video-preview":"max-video-preview:-1"},"canonical":"https:\/\/charente.catholique.fr\/sud-charente\/agenda\/apero-entre-femmes-29-janvier-2025\/","og_locale":"fr_FR","og_type":"article","og_title":"Ap\u00e9ro entre femmes - 29 janvier 2026 - Doyenn\u00e9 Sud Charente","og_description":"Le 29 janvier 2026, les femmes \u201cactives\u201d sont invit\u00e9es \u00e0 un temps de d\u00e9tente au caf\u00e9 Le Fraternel \u00e0 Barbezieux !","og_url":"https:\/\/charente.catholique.fr\/sud-charente\/agenda\/apero-entre-femmes-29-janvier-2025\/","og_site_name":"Doyenn\u00e9 Sud Charente","article_publisher":"https:\/\/www.facebook.com\/EgliseCatholiqueCharente","article_modified_time":"2026-01-19T13:48:36+00:00","og_image":[{"width":1587,"height":2245,"url":"https:\/\/charente.catholique.fr\/sud-charente\/wp-content\/uploads\/sites\/5\/2025\/09\/Aperos-femmes2.png","type":"image\/png"}],"twitter_card":"summary_large_image","twitter_site":"@diocesecharente","twitter_misc":{"Dur\u00e9e de lecture estim\u00e9e":"1 minute"},"schema":{"@context":"https:\/\/schema.org","@graph":[{"@type":"WebPage","@id":"https:\/\/charente.catholique.fr\/sud-charente\/agenda\/apero-entre-femmes-29-janvier-2025\/","url":"https:\/\/charente.catholique.fr\/sud-charente\/agenda\/apero-entre-femmes-29-janvier-2025\/","name":"Ap\u00e9ro entre femmes - 29 janvier 2026 - Doyenn\u00e9 Sud Charente","isPartOf":{"@id":"https:\/\/charente.catholique.fr\/sud-charente\/#website"},"primaryImageOfPage":{"@id":"https:\/\/charente.catholique.fr\/sud-charente\/agenda\/apero-entre-femmes-29-janvier-2025\/#primaryimage"},"image":{"@id":"https:\/\/charente.catholique.fr\/sud-charente\/agenda\/apero-entre-femmes-29-janvier-2025\/#primaryimage"},"thumbnailUrl":"https:\/\/charente.catholique.fr\/sud-charente\/wp-content\/uploads\/sites\/5\/2025\/09\/Aperos-femmes2.png","datePublished":"2025-09-16T14:13:02+00:00","dateModified":"2026-01-19T13:48:36+00:00","description":"Le 29 janvier 2026, les femmes \u201cactives\u201d sont invit\u00e9es \u00e0 un temps de d\u00e9tente au caf\u00e9 Le Fraternel \u00e0 Barbezieux !","breadcrumb":{"@id":"https:\/\/charente.catholique.fr\/sud-charente\/agenda\/apero-entre-femmes-29-janvier-2025\/#breadcrumb"},"inLanguage":"fr-FR","potentialAction":[{"@type":"ReadAction","target":["https:\/\/charente.catholique.fr\/sud-charente\/agenda\/apero-entre-femmes-29-janvier-2025\/"]}]},{"@type":"ImageObject","inLanguage":"fr-FR","@id":"https:\/\/charente.catholique.fr\/sud-charente\/agenda\/apero-entre-femmes-29-janvier-2025\/#primaryimage","url":"https:\/\/charente.catholique.fr\/sud-charente\/wp-content\/uploads\/sites\/5\/2025\/09\/Aperos-femmes2.png","contentUrl":"https:\/\/charente.catholique.fr\/sud-charente\/wp-content\/uploads\/sites\/5\/2025\/09\/Aperos-femmes2.png","width":1587,"height":2245},{"@type":"BreadcrumbList","@id":"https:\/\/charente.catholique.fr\/sud-charente\/agenda\/apero-entre-femmes-29-janvier-2025\/#breadcrumb","itemListElement":[{"@type":"ListItem","position":1,"name":"Accueil","item":"https:\/\/charente.catholique.fr\/sud-charente\/"},{"@type":"ListItem","position":2,"name":"Ap\u00e9ro entre femmes &#8211; 29 janvier 2026"}]},{"@type":"WebSite","@id":"https:\/\/charente.catholique.fr\/sud-charente\/#website","url":"https:\/\/charente.catholique.fr\/sud-charente\/","name":"Doyenn\u00e9 Sud Charente - Dioc\u00e8se d'Angoul\u00eame","description":"Dioc\u00e8se d&#039;Angoul\u00eame","publisher":{"@id":"https:\/\/charente.catholique.fr\/sud-charente\/#organization"},"potentialAction":[{"@type":"SearchAction","target":{"@type":"EntryPoint","urlTemplate":"https:\/\/charente.catholique.fr\/sud-charente\/?s={search_term_string}"},"query-input":{"@type":"PropertyValueSpecification","valueRequired":true,"valueName":"search_term_string"}}],"inLanguage":"fr-FR"},{"@type":"Organization","@id":"https:\/\/charente.catholique.fr\/sud-charente\/#organization","name":"Association dioc\u00e9saine d'Angoul\u00eame","url":"https:\/\/charente.catholique.fr\/sud-charente\/","logo":{"@type":"ImageObject","inLanguage":"fr-FR","@id":"https:\/\/charente.catholique.fr\/sud-charente\/#\/schema\/logo\/image\/","url":"https:\/\/charente.catholique.fr\/sud-charente\/wp-content\/uploads\/sites\/5\/2020\/10\/logos.png","contentUrl":"https:\/\/charente.catholique.fr\/sud-charente\/wp-content\/uploads\/sites\/5\/2020\/10\/logos.png","width":600,"height":257,"caption":"Association dioc\u00e9saine d'Angoul\u00eame"},"image":{"@id":"https:\/\/charente.catholique.fr\/sud-charente\/#\/schema\/logo\/image\/"},"sameAs":["https:\/\/www.facebook.com\/EgliseCatholiqueCharente","https:\/\/x.com\/diocesecharente","https:\/\/www.instagram.com\/eglisecharente","https:\/\/www.youtube.com\/channel\/UCByyFWApZbw3gDTiADoiAaQ"]}]}},"_links":{"self":[{"href":"https:\/\/charente.catholique.fr\/sud-charente\/wp-json\/wp\/v2\/evenement\/11443","targetHints":{"allow":["GET"]}}],"collection":[{"href":"https:\/\/charente.catholique.fr\/sud-charente\/wp-json\/wp\/v2\/evenement"}],"about":[{"href":"https:\/\/charente.catholique.fr\/sud-charente\/wp-json\/wp\/v2\/types\/evenement"}],"author":[{"embeddable":true,"href":"https:\/\/charente.catholique.fr\/sud-charente\/wp-json\/wp\/v2\/users\/101"}],"version-history":[{"count":4,"href":"https:\/\/charente.catholique.fr\/sud-charente\/wp-json\/wp\/v2\/evenement\/11443\/revisions"}],"predecessor-version":[{"id":12399,"href":"https:\/\/charente.catholique.fr\/sud-charente\/wp-json\/wp\/v2\/evenement\/11443\/revisions\/12399"}],"wp:featuredmedia":[{"embeddable":true,"href":"https:\/\/charente.catholique.fr\/sud-charente\/wp-json\/wp\/v2\/media\/11447"}],"wp:attachment":[{"href":"https:\/\/charente.catholique.fr\/sud-charente\/wp-json\/wp\/v2\/media?parent=11443"}],"wp:term":[{"taxonomy":"category","embeddable":true,"href":"https:\/\/charente.catholique.fr\/sud-charente\/wp-json\/wp\/v2\/categories?post=11443"},{"taxonomy":"post_tag","embeddable":true,"href":"https:\/\/charente.catholique.fr\/sud-charente\/wp-json\/wp\/v2\/tags?post=11443"}],"curies":[{"name":"wp","href":"https:\/\/api.w.org\/{rel}","templated":true}]}}