{"id":10283,"date":"2026-03-28T14:54:00","date_gmt":"2026-03-28T13:54:00","guid":{"rendered":"https:\/\/charente.catholique.fr\/sud-charente\/?post_type=evenement&#038;p=10283"},"modified":"2026-03-29T17:58:56","modified_gmt":"2026-03-29T15:58:56","slug":"aube-pascale-oecumenique-2","status":"publish","type":"evenement","link":"https:\/\/charente.catholique.fr\/sud-charente\/agenda\/aube-pascale-oecumenique-2\/","title":{"rendered":"Aube Pascale \u0152cum\u00e9nique"},"content":{"rendered":"\n<p>Le matin du dimanche 5 avril, venez prendre un temps d&#8217;acclamation de P\u00e2ques avec nos fr\u00e8res protestants !<br>L&#8217;occasion de vivre la fraternit\u00e9 chr\u00e9tienne en ce jour de f\u00eate !<\/p>\n\n\n\n<p>Rendez-vous \u00e0 9h \u00e0 l&#8217;\u00e9glise de Barbezieux pour environ une demi-heure, avant de c\u00e9l\u00e9brer la messe du jour de P\u00e2ques \u00e0 10h30 \u00e0 l&#8217;\u00e9glise Saint Matthias !<\/p>\n\n\n<div class=\"wp-block-image\">\n<figure class=\"aligncenter size-large\"><img loading=\"lazy\" decoding=\"async\" width=\"764\" height=\"1080\" src=\"https:\/\/charente.catholique.fr\/sud-charente\/wp-content\/uploads\/sites\/5\/2025\/04\/Aube-pascale-2026-764x1080.png\" alt=\"\" class=\"wp-image-12866\" srcset=\"https:\/\/charente.catholique.fr\/sud-charente\/wp-content\/uploads\/sites\/5\/2025\/04\/Aube-pascale-2026-764x1080.png 764w, https:\/\/charente.catholique.fr\/sud-charente\/wp-content\/uploads\/sites\/5\/2025\/04\/Aube-pascale-2026-212x300.png 212w, https:\/\/charente.catholique.fr\/sud-charente\/wp-content\/uploads\/sites\/5\/2025\/04\/Aube-pascale-2026-768x1086.png 768w, https:\/\/charente.catholique.fr\/sud-charente\/wp-content\/uploads\/sites\/5\/2025\/04\/Aube-pascale-2026-1086x1536.png 1086w, https:\/\/charente.catholique.fr\/sud-charente\/wp-content\/uploads\/sites\/5\/2025\/04\/Aube-pascale-2026-1320x1867.png 1320w, https:\/\/charente.catholique.fr\/sud-charente\/wp-content\/uploads\/sites\/5\/2025\/04\/Aube-pascale-2026.png 1414w\" sizes=\"auto, (max-width: 764px) 100vw, 764px\" \/><\/figure>\n<\/div>","protected":false},"author":101,"featured_media":12866,"template":"","meta":{"_acf_changed":false,"paroisse":["15"],"service":["0"],"footnotes":""},"categories":[4,14,7],"tags":[],"class_list":["post-10283","evenement","type-evenement","status-publish","has-post-thumbnail","hentry","category-barbezieux","category-infos-paroissiales","category-priere","validated"],"acf":{"start_date":"2026-04-05 09:00:00","end_date":"2026-04-05 09:30:00","location":"Eglise Saint Mathias","address":{"address":"20 Rue Thomas Veillon, Barbezieux-Saint-Hilaire, France","lat":45.4722015,"lng":-0.1534809,"zoom":14,"place_id":"ChIJb_wZkzRlAEgR-TdkpQYFHcc","name":"20 Rue Thomas Veillon","street_number":20,"street_name":"Rue Thomas Veillon","city":"Barbezieux-Saint-Hilaire","state":"Nouvelle-Aquitaine","post_code":16300,"country":"France","country_short":"FR"}},"yoast_head":"<!-- This site is optimized with the Yoast SEO plugin v27.1.1 - https:\/\/yoast.com\/product\/yoast-seo-wordpress\/ -->\n<title>Aube Pascale \u0152cum\u00e9nique - Doyenn\u00e9 Sud Charente<\/title>\n<meta name=\"description\" content=\"e 20 avril, venez prendre un temps d&#039;acclamation de P\u00e2ques avec nos fr\u00e8res protestants !L&#039;occasion de vivre la fraternit\u00e9 chr\u00e9tienne en ce jour de f\u00eate ! Rendez-vous \u00e0 9h au Temple protestant de Barbezieux !\" \/>\n<meta name=\"robots\" content=\"index, follow, max-snippet:-1, max-image-preview:large, max-video-preview:-1\" \/>\n<link rel=\"canonical\" href=\"https:\/\/charente.catholique.fr\/sud-charente\/agenda\/aube-pascale-oecumenique-2\/\" \/>\n<meta property=\"og:locale\" content=\"fr_FR\" \/>\n<meta property=\"og:type\" content=\"article\" \/>\n<meta property=\"og:title\" content=\"Aube Pascale \u0152cum\u00e9nique - Doyenn\u00e9 Sud Charente\" \/>\n<meta property=\"og:description\" content=\"e 20 avril, venez prendre un temps d&#039;acclamation de P\u00e2ques avec nos fr\u00e8res protestants !L&#039;occasion de vivre la fraternit\u00e9 chr\u00e9tienne en ce jour de f\u00eate ! Rendez-vous \u00e0 9h au Temple protestant de Barbezieux !\" \/>\n<meta property=\"og:url\" content=\"https:\/\/charente.catholique.fr\/sud-charente\/agenda\/aube-pascale-oecumenique-2\/\" \/>\n<meta property=\"og:site_name\" content=\"Doyenn\u00e9 Sud Charente\" \/>\n<meta property=\"article:publisher\" content=\"https:\/\/www.facebook.com\/EgliseCatholiqueCharente\" \/>\n<meta property=\"article:modified_time\" content=\"2026-03-29T15:58:56+00:00\" \/>\n<meta property=\"og:image\" content=\"https:\/\/charente.catholique.fr\/sud-charente\/wp-content\/uploads\/sites\/5\/2025\/04\/Aube-pascale-2026-764x1080.png\" \/>\n\t<meta property=\"og:image:width\" content=\"764\" \/>\n\t<meta property=\"og:image:height\" content=\"1080\" \/>\n\t<meta property=\"og:image:type\" content=\"image\/png\" \/>\n<meta name=\"twitter:card\" content=\"summary_large_image\" \/>\n<meta name=\"twitter:site\" content=\"@diocesecharente\" \/>\n<meta name=\"twitter:label1\" content=\"Dur\u00e9e de lecture estim\u00e9e\" \/>\n\t<meta name=\"twitter:data1\" content=\"1 minute\" \/>\n<script type=\"application\/ld+json\" class=\"yoast-schema-graph\">{\"@context\":\"https:\/\/schema.org\",\"@graph\":[{\"@type\":\"WebPage\",\"@id\":\"https:\/\/charente.catholique.fr\/sud-charente\/agenda\/aube-pascale-oecumenique-2\/\",\"url\":\"https:\/\/charente.catholique.fr\/sud-charente\/agenda\/aube-pascale-oecumenique-2\/\",\"name\":\"Aube Pascale \u0152cum\u00e9nique - Doyenn\u00e9 Sud Charente\",\"isPartOf\":{\"@id\":\"https:\/\/charente.catholique.fr\/sud-charente\/#website\"},\"primaryImageOfPage\":{\"@id\":\"https:\/\/charente.catholique.fr\/sud-charente\/agenda\/aube-pascale-oecumenique-2\/#primaryimage\"},\"image\":{\"@id\":\"https:\/\/charente.catholique.fr\/sud-charente\/agenda\/aube-pascale-oecumenique-2\/#primaryimage\"},\"thumbnailUrl\":\"https:\/\/charente.catholique.fr\/sud-charente\/wp-content\/uploads\/sites\/5\/2025\/04\/Aube-pascale-2026.png\",\"datePublished\":\"2026-03-28T13:54:00+00:00\",\"dateModified\":\"2026-03-29T15:58:56+00:00\",\"description\":\"e 20 avril, venez prendre un temps d'acclamation de P\u00e2ques avec nos fr\u00e8res protestants !L'occasion de vivre la fraternit\u00e9 chr\u00e9tienne en ce jour de f\u00eate ! Rendez-vous \u00e0 9h au Temple protestant de Barbezieux !\",\"breadcrumb\":{\"@id\":\"https:\/\/charente.catholique.fr\/sud-charente\/agenda\/aube-pascale-oecumenique-2\/#breadcrumb\"},\"inLanguage\":\"fr-FR\",\"potentialAction\":[{\"@type\":\"ReadAction\",\"target\":[\"https:\/\/charente.catholique.fr\/sud-charente\/agenda\/aube-pascale-oecumenique-2\/\"]}]},{\"@type\":\"ImageObject\",\"inLanguage\":\"fr-FR\",\"@id\":\"https:\/\/charente.catholique.fr\/sud-charente\/agenda\/aube-pascale-oecumenique-2\/#primaryimage\",\"url\":\"https:\/\/charente.catholique.fr\/sud-charente\/wp-content\/uploads\/sites\/5\/2025\/04\/Aube-pascale-2026.png\",\"contentUrl\":\"https:\/\/charente.catholique.fr\/sud-charente\/wp-content\/uploads\/sites\/5\/2025\/04\/Aube-pascale-2026.png\",\"width\":1414,\"height\":2000},{\"@type\":\"BreadcrumbList\",\"@id\":\"https:\/\/charente.catholique.fr\/sud-charente\/agenda\/aube-pascale-oecumenique-2\/#breadcrumb\",\"itemListElement\":[{\"@type\":\"ListItem\",\"position\":1,\"name\":\"Accueil\",\"item\":\"https:\/\/charente.catholique.fr\/sud-charente\/\"},{\"@type\":\"ListItem\",\"position\":2,\"name\":\"Aube Pascale \u0152cum\u00e9nique\"}]},{\"@type\":\"WebSite\",\"@id\":\"https:\/\/charente.catholique.fr\/sud-charente\/#website\",\"url\":\"https:\/\/charente.catholique.fr\/sud-charente\/\",\"name\":\"Doyenn\u00e9 Sud Charente - Dioc\u00e8se d'Angoul\u00eame\",\"description\":\"Dioc\u00e8se d&#039;Angoul\u00eame\",\"publisher\":{\"@id\":\"https:\/\/charente.catholique.fr\/sud-charente\/#organization\"},\"potentialAction\":[{\"@type\":\"SearchAction\",\"target\":{\"@type\":\"EntryPoint\",\"urlTemplate\":\"https:\/\/charente.catholique.fr\/sud-charente\/?s={search_term_string}\"},\"query-input\":{\"@type\":\"PropertyValueSpecification\",\"valueRequired\":true,\"valueName\":\"search_term_string\"}}],\"inLanguage\":\"fr-FR\"},{\"@type\":\"Organization\",\"@id\":\"https:\/\/charente.catholique.fr\/sud-charente\/#organization\",\"name\":\"Association dioc\u00e9saine d'Angoul\u00eame\",\"url\":\"https:\/\/charente.catholique.fr\/sud-charente\/\",\"logo\":{\"@type\":\"ImageObject\",\"inLanguage\":\"fr-FR\",\"@id\":\"https:\/\/charente.catholique.fr\/sud-charente\/#\/schema\/logo\/image\/\",\"url\":\"https:\/\/charente.catholique.fr\/sud-charente\/wp-content\/uploads\/sites\/5\/2020\/10\/logos.png\",\"contentUrl\":\"https:\/\/charente.catholique.fr\/sud-charente\/wp-content\/uploads\/sites\/5\/2020\/10\/logos.png\",\"width\":600,\"height\":257,\"caption\":\"Association dioc\u00e9saine d'Angoul\u00eame\"},\"image\":{\"@id\":\"https:\/\/charente.catholique.fr\/sud-charente\/#\/schema\/logo\/image\/\"},\"sameAs\":[\"https:\/\/www.facebook.com\/EgliseCatholiqueCharente\",\"https:\/\/x.com\/diocesecharente\",\"https:\/\/www.instagram.com\/eglisecharente\",\"https:\/\/www.youtube.com\/channel\/UCByyFWApZbw3gDTiADoiAaQ\"]}]}<\/script>\n<!-- \/ Yoast SEO plugin. -->","yoast_head_json":{"title":"Aube Pascale \u0152cum\u00e9nique - Doyenn\u00e9 Sud Charente","description":"e 20 avril, venez prendre un temps d'acclamation de P\u00e2ques avec nos fr\u00e8res protestants !L'occasion de vivre la fraternit\u00e9 chr\u00e9tienne en ce jour de f\u00eate ! Rendez-vous \u00e0 9h au Temple protestant de Barbezieux !","robots":{"index":"index","follow":"follow","max-snippet":"max-snippet:-1","max-image-preview":"max-image-preview:large","max-video-preview":"max-video-preview:-1"},"canonical":"https:\/\/charente.catholique.fr\/sud-charente\/agenda\/aube-pascale-oecumenique-2\/","og_locale":"fr_FR","og_type":"article","og_title":"Aube Pascale \u0152cum\u00e9nique - Doyenn\u00e9 Sud Charente","og_description":"e 20 avril, venez prendre un temps d'acclamation de P\u00e2ques avec nos fr\u00e8res protestants !L'occasion de vivre la fraternit\u00e9 chr\u00e9tienne en ce jour de f\u00eate ! Rendez-vous \u00e0 9h au Temple protestant de Barbezieux !","og_url":"https:\/\/charente.catholique.fr\/sud-charente\/agenda\/aube-pascale-oecumenique-2\/","og_site_name":"Doyenn\u00e9 Sud Charente","article_publisher":"https:\/\/www.facebook.com\/EgliseCatholiqueCharente","article_modified_time":"2026-03-29T15:58:56+00:00","og_image":[{"width":764,"height":1080,"url":"https:\/\/charente.catholique.fr\/sud-charente\/wp-content\/uploads\/sites\/5\/2025\/04\/Aube-pascale-2026-764x1080.png","type":"image\/png"}],"twitter_card":"summary_large_image","twitter_site":"@diocesecharente","twitter_misc":{"Dur\u00e9e de lecture estim\u00e9e":"1 minute"},"schema":{"@context":"https:\/\/schema.org","@graph":[{"@type":"WebPage","@id":"https:\/\/charente.catholique.fr\/sud-charente\/agenda\/aube-pascale-oecumenique-2\/","url":"https:\/\/charente.catholique.fr\/sud-charente\/agenda\/aube-pascale-oecumenique-2\/","name":"Aube Pascale \u0152cum\u00e9nique - Doyenn\u00e9 Sud Charente","isPartOf":{"@id":"https:\/\/charente.catholique.fr\/sud-charente\/#website"},"primaryImageOfPage":{"@id":"https:\/\/charente.catholique.fr\/sud-charente\/agenda\/aube-pascale-oecumenique-2\/#primaryimage"},"image":{"@id":"https:\/\/charente.catholique.fr\/sud-charente\/agenda\/aube-pascale-oecumenique-2\/#primaryimage"},"thumbnailUrl":"https:\/\/charente.catholique.fr\/sud-charente\/wp-content\/uploads\/sites\/5\/2025\/04\/Aube-pascale-2026.png","datePublished":"2026-03-28T13:54:00+00:00","dateModified":"2026-03-29T15:58:56+00:00","description":"e 20 avril, venez prendre un temps d'acclamation de P\u00e2ques avec nos fr\u00e8res protestants !L'occasion de vivre la fraternit\u00e9 chr\u00e9tienne en ce jour de f\u00eate ! Rendez-vous \u00e0 9h au Temple protestant de Barbezieux !","breadcrumb":{"@id":"https:\/\/charente.catholique.fr\/sud-charente\/agenda\/aube-pascale-oecumenique-2\/#breadcrumb"},"inLanguage":"fr-FR","potentialAction":[{"@type":"ReadAction","target":["https:\/\/charente.catholique.fr\/sud-charente\/agenda\/aube-pascale-oecumenique-2\/"]}]},{"@type":"ImageObject","inLanguage":"fr-FR","@id":"https:\/\/charente.catholique.fr\/sud-charente\/agenda\/aube-pascale-oecumenique-2\/#primaryimage","url":"https:\/\/charente.catholique.fr\/sud-charente\/wp-content\/uploads\/sites\/5\/2025\/04\/Aube-pascale-2026.png","contentUrl":"https:\/\/charente.catholique.fr\/sud-charente\/wp-content\/uploads\/sites\/5\/2025\/04\/Aube-pascale-2026.png","width":1414,"height":2000},{"@type":"BreadcrumbList","@id":"https:\/\/charente.catholique.fr\/sud-charente\/agenda\/aube-pascale-oecumenique-2\/#breadcrumb","itemListElement":[{"@type":"ListItem","position":1,"name":"Accueil","item":"https:\/\/charente.catholique.fr\/sud-charente\/"},{"@type":"ListItem","position":2,"name":"Aube Pascale \u0152cum\u00e9nique"}]},{"@type":"WebSite","@id":"https:\/\/charente.catholique.fr\/sud-charente\/#website","url":"https:\/\/charente.catholique.fr\/sud-charente\/","name":"Doyenn\u00e9 Sud Charente - Dioc\u00e8se d'Angoul\u00eame","description":"Dioc\u00e8se d&#039;Angoul\u00eame","publisher":{"@id":"https:\/\/charente.catholique.fr\/sud-charente\/#organization"},"potentialAction":[{"@type":"SearchAction","target":{"@type":"EntryPoint","urlTemplate":"https:\/\/charente.catholique.fr\/sud-charente\/?s={search_term_string}"},"query-input":{"@type":"PropertyValueSpecification","valueRequired":true,"valueName":"search_term_string"}}],"inLanguage":"fr-FR"},{"@type":"Organization","@id":"https:\/\/charente.catholique.fr\/sud-charente\/#organization","name":"Association dioc\u00e9saine d'Angoul\u00eame","url":"https:\/\/charente.catholique.fr\/sud-charente\/","logo":{"@type":"ImageObject","inLanguage":"fr-FR","@id":"https:\/\/charente.catholique.fr\/sud-charente\/#\/schema\/logo\/image\/","url":"https:\/\/charente.catholique.fr\/sud-charente\/wp-content\/uploads\/sites\/5\/2020\/10\/logos.png","contentUrl":"https:\/\/charente.catholique.fr\/sud-charente\/wp-content\/uploads\/sites\/5\/2020\/10\/logos.png","width":600,"height":257,"caption":"Association dioc\u00e9saine d'Angoul\u00eame"},"image":{"@id":"https:\/\/charente.catholique.fr\/sud-charente\/#\/schema\/logo\/image\/"},"sameAs":["https:\/\/www.facebook.com\/EgliseCatholiqueCharente","https:\/\/x.com\/diocesecharente","https:\/\/www.instagram.com\/eglisecharente","https:\/\/www.youtube.com\/channel\/UCByyFWApZbw3gDTiADoiAaQ"]}]}},"_links":{"self":[{"href":"https:\/\/charente.catholique.fr\/sud-charente\/wp-json\/wp\/v2\/evenement\/10283","targetHints":{"allow":["GET"]}}],"collection":[{"href":"https:\/\/charente.catholique.fr\/sud-charente\/wp-json\/wp\/v2\/evenement"}],"about":[{"href":"https:\/\/charente.catholique.fr\/sud-charente\/wp-json\/wp\/v2\/types\/evenement"}],"author":[{"embeddable":true,"href":"https:\/\/charente.catholique.fr\/sud-charente\/wp-json\/wp\/v2\/users\/101"}],"version-history":[{"count":5,"href":"https:\/\/charente.catholique.fr\/sud-charente\/wp-json\/wp\/v2\/evenement\/10283\/revisions"}],"predecessor-version":[{"id":12868,"href":"https:\/\/charente.catholique.fr\/sud-charente\/wp-json\/wp\/v2\/evenement\/10283\/revisions\/12868"}],"wp:featuredmedia":[{"embeddable":true,"href":"https:\/\/charente.catholique.fr\/sud-charente\/wp-json\/wp\/v2\/media\/12866"}],"wp:attachment":[{"href":"https:\/\/charente.catholique.fr\/sud-charente\/wp-json\/wp\/v2\/media?parent=10283"}],"wp:term":[{"taxonomy":"category","embeddable":true,"href":"https:\/\/charente.catholique.fr\/sud-charente\/wp-json\/wp\/v2\/categories?post=10283"},{"taxonomy":"post_tag","embeddable":true,"href":"https:\/\/charente.catholique.fr\/sud-charente\/wp-json\/wp\/v2\/tags?post=10283"}],"curies":[{"name":"wp","href":"https:\/\/api.w.org\/{rel}","templated":true}]}}