{"version":"1.0","provider_name":"Doyenn\u00e9 Sud Charente","provider_url":"https:\/\/charente.catholique.fr\/sud-charente","author_name":"Beno\u00eet","author_url":"https:\/\/charente.catholique.fr\/sud-charente\/author\/benoitlecomte\/","title":"R\u00e9collection de doyenn\u00e9 : \" O\u00f9 es-tu ? \" - Doyenn\u00e9 Sud Charente","type":"rich","width":600,"height":338,"html":"<blockquote class=\"wp-embedded-content\" data-secret=\"yZfV3T4iJE\"><a href=\"https:\/\/charente.catholique.fr\/sud-charente\/agenda\/recollection-de-doyenne\/\">R\u00e9collection de doyenn\u00e9 : &#8221; O\u00f9 es-tu ? &#8220;<\/a><\/blockquote><iframe sandbox=\"allow-scripts\" security=\"restricted\" src=\"https:\/\/charente.catholique.fr\/sud-charente\/agenda\/recollection-de-doyenne\/embed\/#?secret=yZfV3T4iJE\" width=\"600\" height=\"338\" title=\"\u00ab\u00a0R\u00e9collection de doyenn\u00e9 : &#8221; O\u00f9 es-tu ? &#8220;\u00a0\u00bb &#8212; Doyenn\u00e9 Sud Charente\" data-secret=\"yZfV3T4iJE\" frameborder=\"0\" marginwidth=\"0\" marginheight=\"0\" scrolling=\"no\" class=\"wp-embedded-content\"><\/iframe><script type=\"text\/javascript\">\n\/* <![CDATA[ *\/\n\/*! This file is auto-generated *\/\n!function(d,l){\"use strict\";l.querySelector&&d.addEventListener&&\"undefined\"!=typeof URL&&(d.wp=d.wp||{},d.wp.receiveEmbedMessage||(d.wp.receiveEmbedMessage=function(e){var t=e.data;if((t||t.secret||t.message||t.value)&&!\/[^a-zA-Z0-9]\/.test(t.secret)){for(var s,r,n,a=l.querySelectorAll('iframe[data-secret=\"'+t.secret+'\"]'),o=l.querySelectorAll('blockquote[data-secret=\"'+t.secret+'\"]'),c=new RegExp(\"^https?:$\",\"i\"),i=0;i<o.length;i++)o[i].style.display=\"none\";for(i=0;i<a.length;i++)s=a[i],e.source===s.contentWindow&&(s.removeAttribute(\"style\"),\"height\"===t.message?(1e3<(r=parseInt(t.value,10))?r=1e3:~~r<200&&(r=200),s.height=r):\"link\"===t.message&&(r=new URL(s.getAttribute(\"src\")),n=new URL(t.value),c.test(n.protocol))&&n.host===r.host&&l.activeElement===s&&(d.top.location.href=t.value))}},d.addEventListener(\"message\",d.wp.receiveEmbedMessage,!1),l.addEventListener(\"DOMContentLoaded\",function(){for(var e,t,s=l.querySelectorAll(\"iframe.wp-embedded-content\"),r=0;r<s.length;r++)(t=(e=s[r]).getAttribute(\"data-secret\"))||(t=Math.random().toString(36).substring(2,12),e.src+=\"#?secret=\"+t,e.setAttribute(\"data-secret\",t)),e.contentWindow.postMessage({message:\"ready\",secret:t},\"*\")},!1)))}(window,document);\n\/\/# sourceURL=https:\/\/charente.catholique.fr\/sud-charente\/wp-includes\/js\/wp-embed.min.js\n\/* ]]> *\/\n<\/script>\n","thumbnail_url":"https:\/\/charente.catholique.fr\/sud-charente\/wp-content\/uploads\/sites\/5\/2022\/01\/tree-g96b3da3f8_1920.jpg","thumbnail_width":1920,"thumbnail_height":1221,"description":"Comme chaque ann\u00e9e au d\u00e9but du car\u00eame ou juste avant, tous les paroissiens du doyenn\u00e9 Sud Charente sont invit\u00e9s \u00e0 prendre un temps de r\u00e9collection et de pardon. Cette r\u00e9collection aura lieu le samedi 12 f\u00e9vrier 2022, \u00e0 Maumont. A 10h, enfants et adultes se retrouveront dans l&#8217;\u00e9glise pour un temps de rassemblement et de [&hellip;]"}