{"version":"1.0","provider_name":"Doyenn\u00e9 Sud Charente","provider_url":"https:\/\/charente.catholique.fr\/sud-charente","author_name":"Beno\u00eet","author_url":"https:\/\/charente.catholique.fr\/sud-charente\/author\/benoitlecomte\/","title":"Passage de la flamme olympique \u00e0 Barbezieux - Doyenn\u00e9 Sud Charente","type":"rich","width":600,"height":338,"html":"<blockquote class=\"wp-embedded-content\" data-secret=\"zzi4q10hp5\"><a href=\"https:\/\/charente.catholique.fr\/sud-charente\/agenda\/passage-de-la-flamme-olympique-a-barbezieux\/\">Passage de la flamme olympique \u00e0 Barbezieux<\/a><\/blockquote><iframe sandbox=\"allow-scripts\" security=\"restricted\" src=\"https:\/\/charente.catholique.fr\/sud-charente\/agenda\/passage-de-la-flamme-olympique-a-barbezieux\/embed\/#?secret=zzi4q10hp5\" width=\"600\" height=\"338\" title=\"\u00ab\u00a0Passage de la flamme olympique \u00e0 Barbezieux\u00a0\u00bb &#8212; Doyenn\u00e9 Sud Charente\" data-secret=\"zzi4q10hp5\" frameborder=\"0\" marginwidth=\"0\" marginheight=\"0\" scrolling=\"no\" class=\"wp-embedded-content\"><\/iframe><script type=\"text\/javascript\">\n\/* <![CDATA[ *\/\n\/*! This file is auto-generated *\/\n!function(d,l){\"use strict\";l.querySelector&&d.addEventListener&&\"undefined\"!=typeof URL&&(d.wp=d.wp||{},d.wp.receiveEmbedMessage||(d.wp.receiveEmbedMessage=function(e){var t=e.data;if((t||t.secret||t.message||t.value)&&!\/[^a-zA-Z0-9]\/.test(t.secret)){for(var s,r,n,a=l.querySelectorAll('iframe[data-secret=\"'+t.secret+'\"]'),o=l.querySelectorAll('blockquote[data-secret=\"'+t.secret+'\"]'),c=new RegExp(\"^https?:$\",\"i\"),i=0;i<o.length;i++)o[i].style.display=\"none\";for(i=0;i<a.length;i++)s=a[i],e.source===s.contentWindow&&(s.removeAttribute(\"style\"),\"height\"===t.message?(1e3<(r=parseInt(t.value,10))?r=1e3:~~r<200&&(r=200),s.height=r):\"link\"===t.message&&(r=new URL(s.getAttribute(\"src\")),n=new URL(t.value),c.test(n.protocol))&&n.host===r.host&&l.activeElement===s&&(d.top.location.href=t.value))}},d.addEventListener(\"message\",d.wp.receiveEmbedMessage,!1),l.addEventListener(\"DOMContentLoaded\",function(){for(var e,t,s=l.querySelectorAll(\"iframe.wp-embedded-content\"),r=0;r<s.length;r++)(t=(e=s[r]).getAttribute(\"data-secret\"))||(t=Math.random().toString(36).substring(2,12),e.src+=\"#?secret=\"+t,e.setAttribute(\"data-secret\",t)),e.contentWindow.postMessage({message:\"ready\",secret:t},\"*\")},!1)))}(window,document);\n\/\/# sourceURL=https:\/\/charente.catholique.fr\/sud-charente\/wp-includes\/js\/wp-embed.min.js\n\/* ]]> *\/\n<\/script>\n","thumbnail_url":"https:\/\/charente.catholique.fr\/sud-charente\/wp-content\/uploads\/sites\/5\/2024\/05\/Passage-Flamme-Olympique-a-Barbezieux.png","thumbnail_width":1414,"thumbnail_height":2000,"description":"La paroisse de Barbezieux &#8211; Baignes &#8211; Barret et le bar Le Fraternel s&#8217;associent au passage de la flamme olympique \u00e0 Barbezieux le 24 mai 2024. Animations, expositions, pri\u00e8res, rencontres au programme de cette journ\u00e9e exceptionnelle. Voici les horaires et propositions de ce vendredi 24 mai : 7h10 &#8211; 8h10 Ouverture du&nbsp; Fraternel, caf\u00e9, petit [&hellip;]"}