{"version":"1.0","provider_name":"Doyenn\u00e9 Sud Charente","provider_url":"https:\/\/charente.catholique.fr\/sud-charente","author_name":"Beno\u00eet","author_url":"https:\/\/charente.catholique.fr\/sud-charente\/author\/benoitlecomte\/","title":"Cin\u00e9-Rencontre : A Golden Life - Doyenn\u00e9 Sud Charente","type":"rich","width":600,"height":338,"html":"<blockquote class=\"wp-embedded-content\" data-secret=\"tsS6sO8htJ\"><a href=\"https:\/\/charente.catholique.fr\/sud-charente\/agenda\/cine-rencontre-a-golden-life\/\">Cin\u00e9-Rencontre : A Golden Life<\/a><\/blockquote><iframe sandbox=\"allow-scripts\" security=\"restricted\" src=\"https:\/\/charente.catholique.fr\/sud-charente\/agenda\/cine-rencontre-a-golden-life\/embed\/#?secret=tsS6sO8htJ\" width=\"600\" height=\"338\" title=\"\u00ab\u00a0Cin\u00e9-Rencontre : A Golden Life\u00a0\u00bb &#8212; Doyenn\u00e9 Sud Charente\" data-secret=\"tsS6sO8htJ\" frameborder=\"0\" marginwidth=\"0\" marginheight=\"0\" scrolling=\"no\" class=\"wp-embedded-content\"><\/iframe><script type=\"text\/javascript\">\n\/* <![CDATA[ *\/\n\/*! This file is auto-generated *\/\n!function(d,l){\"use strict\";l.querySelector&&d.addEventListener&&\"undefined\"!=typeof URL&&(d.wp=d.wp||{},d.wp.receiveEmbedMessage||(d.wp.receiveEmbedMessage=function(e){var t=e.data;if((t||t.secret||t.message||t.value)&&!\/[^a-zA-Z0-9]\/.test(t.secret)){for(var s,r,n,a=l.querySelectorAll('iframe[data-secret=\"'+t.secret+'\"]'),o=l.querySelectorAll('blockquote[data-secret=\"'+t.secret+'\"]'),c=new RegExp(\"^https?:$\",\"i\"),i=0;i<o.length;i++)o[i].style.display=\"none\";for(i=0;i<a.length;i++)s=a[i],e.source===s.contentWindow&&(s.removeAttribute(\"style\"),\"height\"===t.message?(1e3<(r=parseInt(t.value,10))?r=1e3:~~r<200&&(r=200),s.height=r):\"link\"===t.message&&(r=new URL(s.getAttribute(\"src\")),n=new URL(t.value),c.test(n.protocol))&&n.host===r.host&&l.activeElement===s&&(d.top.location.href=t.value))}},d.addEventListener(\"message\",d.wp.receiveEmbedMessage,!1),l.addEventListener(\"DOMContentLoaded\",function(){for(var e,t,s=l.querySelectorAll(\"iframe.wp-embedded-content\"),r=0;r<s.length;r++)(t=(e=s[r]).getAttribute(\"data-secret\"))||(t=Math.random().toString(36).substring(2,12),e.src+=\"#?secret=\"+t,e.setAttribute(\"data-secret\",t)),e.contentWindow.postMessage({message:\"ready\",secret:t},\"*\")},!1)))}(window,document);\n\/\/# sourceURL=https:\/\/charente.catholique.fr\/sud-charente\/wp-includes\/js\/wp-embed.min.js\n\/* ]]> *\/\n<\/script>\n","thumbnail_url":"https:\/\/charente.catholique.fr\/sud-charente\/wp-content\/uploads\/sites\/5\/2023\/11\/a-golden-life.jpg","thumbnail_width":310,"thumbnail_height":420,"description":"Soir\u00e9e au cin\u00e9ma Le Club de Barbezieux organis\u00e9e par la fraternit\u00e9 Kokologho-Bingo Au Burkina Faso, dans le site d\u2019orpaillage de Kalgouli, Rasman\u00e9, 16 ans, descend \u00e0 plus de 100 m\u00e8tres de profondeur dans des mines artisanales pour extraire de l\u2019or. Angoiss\u00e9 par les accidents, tiraill\u00e9 par les doutes de ses parents, Rasman\u00e9 trace son chemin [&hellip;]"}