{"version":"1.0","provider_name":"Doyenn\u00e9 Sud Charente","provider_url":"https:\/\/charente.catholique.fr\/sud-charente","author_name":"Beno\u00eet","author_url":"https:\/\/charente.catholique.fr\/sud-charente\/author\/benoitlecomte\/","title":"Week-end de Pentec\u00f4te en doyenn\u00e9 - Doyenn\u00e9 Sud Charente","type":"rich","width":600,"height":338,"html":"<blockquote class=\"wp-embedded-content\" data-secret=\"EuqZIL2Jfm\"><a href=\"https:\/\/charente.catholique.fr\/sud-charente\/actualites\/week-end-de-pentecote-en-doyenne\/\">Week-end de Pentec\u00f4te en doyenn\u00e9<\/a><\/blockquote><iframe sandbox=\"allow-scripts\" security=\"restricted\" src=\"https:\/\/charente.catholique.fr\/sud-charente\/actualites\/week-end-de-pentecote-en-doyenne\/embed\/#?secret=EuqZIL2Jfm\" width=\"600\" height=\"338\" title=\"\u00ab\u00a0Week-end de Pentec\u00f4te en doyenn\u00e9\u00a0\u00bb &#8212; Doyenn\u00e9 Sud Charente\" data-secret=\"EuqZIL2Jfm\" frameborder=\"0\" marginwidth=\"0\" marginheight=\"0\" scrolling=\"no\" class=\"wp-embedded-content\"><\/iframe><script type=\"text\/javascript\">\n\/* <![CDATA[ *\/\n\/*! This file is auto-generated *\/\n!function(d,l){\"use strict\";l.querySelector&&d.addEventListener&&\"undefined\"!=typeof URL&&(d.wp=d.wp||{},d.wp.receiveEmbedMessage||(d.wp.receiveEmbedMessage=function(e){var t=e.data;if((t||t.secret||t.message||t.value)&&!\/[^a-zA-Z0-9]\/.test(t.secret)){for(var s,r,n,a=l.querySelectorAll('iframe[data-secret=\"'+t.secret+'\"]'),o=l.querySelectorAll('blockquote[data-secret=\"'+t.secret+'\"]'),c=new RegExp(\"^https?:$\",\"i\"),i=0;i<o.length;i++)o[i].style.display=\"none\";for(i=0;i<a.length;i++)s=a[i],e.source===s.contentWindow&&(s.removeAttribute(\"style\"),\"height\"===t.message?(1e3<(r=parseInt(t.value,10))?r=1e3:~~r<200&&(r=200),s.height=r):\"link\"===t.message&&(r=new URL(s.getAttribute(\"src\")),n=new URL(t.value),c.test(n.protocol))&&n.host===r.host&&l.activeElement===s&&(d.top.location.href=t.value))}},d.addEventListener(\"message\",d.wp.receiveEmbedMessage,!1),l.addEventListener(\"DOMContentLoaded\",function(){for(var e,t,s=l.querySelectorAll(\"iframe.wp-embedded-content\"),r=0;r<s.length;r++)(t=(e=s[r]).getAttribute(\"data-secret\"))||(t=Math.random().toString(36).substring(2,12),e.src+=\"#?secret=\"+t,e.setAttribute(\"data-secret\",t)),e.contentWindow.postMessage({message:\"ready\",secret:t},\"*\")},!1)))}(window,document);\n\/\/# sourceURL=https:\/\/charente.catholique.fr\/sud-charente\/wp-includes\/js\/wp-embed.min.js\n\/* ]]> *\/\n<\/script>\n","thumbnail_url":"https:\/\/charente.catholique.fr\/sud-charente\/wp-content\/uploads\/sites\/5\/2024\/03\/week-end-de-pentecote-2024-sud-16-1-764x1080.png","thumbnail_width":764,"thumbnail_height":1080,"description":"La Pentec\u00f4te 2024, les 18 et 19 mai prochains, sera v\u00e9cue et c\u00e9l\u00e9br\u00e9e en doyenn\u00e9, avec les s\u0153urs de l\u2019abbaye de Maumont. Les pr\u00e9paratifs se poursuivent. Petit point d\u2019\u00e9tape, \u00e0 l\u2019heure de boucler ce num\u00e9ro du Lien. Toutes les activit\u00e9s seront v\u00e9cues avec les s\u0153urs de l\u2019Abbaye, qui participent activement \u00e0 l\u2019\u00e9laboration de ce grand [&hellip;]"}