{"version":"1.0","provider_name":"Doyenn\u00e9 Sud Charente","provider_url":"https:\/\/charente.catholique.fr\/sud-charente","author_name":"Beno\u00eet","author_url":"https:\/\/charente.catholique.fr\/sud-charente\/author\/benoitlecomte\/","title":"V\u0153ux du P. Beno\u00eet Lecomte, doyen - Doyenn\u00e9 Sud Charente","type":"rich","width":600,"height":338,"html":"<blockquote class=\"wp-embedded-content\" data-secret=\"a9rQjchY7l\"><a href=\"https:\/\/charente.catholique.fr\/sud-charente\/actualites\/voeux-du-p-benoit-lecomte-doyen\/\">V\u0153ux du P. Beno\u00eet Lecomte, doyen<\/a><\/blockquote><iframe sandbox=\"allow-scripts\" security=\"restricted\" src=\"https:\/\/charente.catholique.fr\/sud-charente\/actualites\/voeux-du-p-benoit-lecomte-doyen\/embed\/#?secret=a9rQjchY7l\" width=\"600\" height=\"338\" title=\"\u00ab\u00a0V\u0153ux du P. Beno\u00eet Lecomte, doyen\u00a0\u00bb &#8212; Doyenn\u00e9 Sud Charente\" data-secret=\"a9rQjchY7l\" frameborder=\"0\" marginwidth=\"0\" marginheight=\"0\" scrolling=\"no\" class=\"wp-embedded-content\"><\/iframe><script type=\"text\/javascript\">\n\/* <![CDATA[ *\/\n\/*! This file is auto-generated *\/\n!function(d,l){\"use strict\";l.querySelector&&d.addEventListener&&\"undefined\"!=typeof URL&&(d.wp=d.wp||{},d.wp.receiveEmbedMessage||(d.wp.receiveEmbedMessage=function(e){var t=e.data;if((t||t.secret||t.message||t.value)&&!\/[^a-zA-Z0-9]\/.test(t.secret)){for(var s,r,n,a=l.querySelectorAll('iframe[data-secret=\"'+t.secret+'\"]'),o=l.querySelectorAll('blockquote[data-secret=\"'+t.secret+'\"]'),c=new RegExp(\"^https?:$\",\"i\"),i=0;i<o.length;i++)o[i].style.display=\"none\";for(i=0;i<a.length;i++)s=a[i],e.source===s.contentWindow&&(s.removeAttribute(\"style\"),\"height\"===t.message?(1e3<(r=parseInt(t.value,10))?r=1e3:~~r<200&&(r=200),s.height=r):\"link\"===t.message&&(r=new URL(s.getAttribute(\"src\")),n=new URL(t.value),c.test(n.protocol))&&n.host===r.host&&l.activeElement===s&&(d.top.location.href=t.value))}},d.addEventListener(\"message\",d.wp.receiveEmbedMessage,!1),l.addEventListener(\"DOMContentLoaded\",function(){for(var e,t,s=l.querySelectorAll(\"iframe.wp-embedded-content\"),r=0;r<s.length;r++)(t=(e=s[r]).getAttribute(\"data-secret\"))||(t=Math.random().toString(36).substring(2,12),e.src+=\"#?secret=\"+t,e.setAttribute(\"data-secret\",t)),e.contentWindow.postMessage({message:\"ready\",secret:t},\"*\")},!1)))}(window,document);\n\/\/# sourceURL=https:\/\/charente.catholique.fr\/sud-charente\/wp-includes\/js\/wp-embed.min.js\n\/* ]]> *\/\n<\/script>\n","thumbnail_url":"https:\/\/charente.catholique.fr\/sud-charente\/wp-content\/uploads\/sites\/5\/2026\/01\/en-tete-demail-bonne-annee-2026-classique-photo-blanc-beige-bleu.png","thumbnail_width":600,"thumbnail_height":200,"description":"A l\u2019aube de la nouvelle ann\u00e9e, il est de tradition d\u2019\u00e9changer nos v\u0153ux. Nous le savons tous, un changement d\u2019ann\u00e9e n\u2019est pas magique&nbsp;: 2026 sera la continuit\u00e9 de 2025. Mais ce 1er mois de l\u2019ann\u00e9e nous invite \u00e0 faire le point sur l\u2019ann\u00e9e \u00e9coul\u00e9e et \u00e0 regarder celle qui s\u2019ouvre devant nous. En Sud Charente, [&hellip;]"}