{"version":"1.0","provider_name":"Doyenn\u00e9 Sud Charente","provider_url":"https:\/\/charente.catholique.fr\/sud-charente","author_name":"Beno\u00eet","author_url":"https:\/\/charente.catholique.fr\/sud-charente\/author\/benoitlecomte\/","title":"Informations paroissiales du 4 janvier 2026 - Doyenn\u00e9 Sud Charente","type":"rich","width":600,"height":338,"html":"<blockquote class=\"wp-embedded-content\" data-secret=\"Wb8nK5iI6s\"><a href=\"https:\/\/charente.catholique.fr\/sud-charente\/actualites\/informations-paroissiales-du-4-janvier-2026\/\">Informations paroissiales du 4 janvier 2026<\/a><\/blockquote><iframe sandbox=\"allow-scripts\" security=\"restricted\" src=\"https:\/\/charente.catholique.fr\/sud-charente\/actualites\/informations-paroissiales-du-4-janvier-2026\/embed\/#?secret=Wb8nK5iI6s\" width=\"600\" height=\"338\" title=\"\u00ab\u00a0Informations paroissiales du 4 janvier 2026\u00a0\u00bb &#8212; Doyenn\u00e9 Sud Charente\" data-secret=\"Wb8nK5iI6s\" frameborder=\"0\" marginwidth=\"0\" marginheight=\"0\" scrolling=\"no\" class=\"wp-embedded-content\"><\/iframe><script type=\"text\/javascript\">\n\/* <![CDATA[ *\/\n\/*! This file is auto-generated *\/\n!function(d,l){\"use strict\";l.querySelector&&d.addEventListener&&\"undefined\"!=typeof URL&&(d.wp=d.wp||{},d.wp.receiveEmbedMessage||(d.wp.receiveEmbedMessage=function(e){var t=e.data;if((t||t.secret||t.message||t.value)&&!\/[^a-zA-Z0-9]\/.test(t.secret)){for(var s,r,n,a=l.querySelectorAll('iframe[data-secret=\"'+t.secret+'\"]'),o=l.querySelectorAll('blockquote[data-secret=\"'+t.secret+'\"]'),c=new RegExp(\"^https?:$\",\"i\"),i=0;i<o.length;i++)o[i].style.display=\"none\";for(i=0;i<a.length;i++)s=a[i],e.source===s.contentWindow&&(s.removeAttribute(\"style\"),\"height\"===t.message?(1e3<(r=parseInt(t.value,10))?r=1e3:~~r<200&&(r=200),s.height=r):\"link\"===t.message&&(r=new URL(s.getAttribute(\"src\")),n=new URL(t.value),c.test(n.protocol))&&n.host===r.host&&l.activeElement===s&&(d.top.location.href=t.value))}},d.addEventListener(\"message\",d.wp.receiveEmbedMessage,!1),l.addEventListener(\"DOMContentLoaded\",function(){for(var e,t,s=l.querySelectorAll(\"iframe.wp-embedded-content\"),r=0;r<s.length;r++)(t=(e=s[r]).getAttribute(\"data-secret\"))||(t=Math.random().toString(36).substring(2,12),e.src+=\"#?secret=\"+t,e.setAttribute(\"data-secret\",t)),e.contentWindow.postMessage({message:\"ready\",secret:t},\"*\")},!1)))}(window,document);\n\/\/# sourceURL=https:\/\/charente.catholique.fr\/sud-charente\/wp-includes\/js\/wp-embed.min.js\n\/* ]]> *\/\n<\/script>\n","thumbnail_url":"https:\/\/charente.catholique.fr\/sud-charente\/wp-content\/uploads\/sites\/5\/2026\/01\/en-tete-demail-bonne-annee-2026-classique-photo-blanc-beige-bleu.png","thumbnail_width":600,"thumbnail_height":200,"description":"Bonsoir, Et tout d&#8217;abord, une excellente ann\u00e9e 2026 \u00e0 chacune et chacun ! En guise de v\u0153ux un peu d\u00e9velopp\u00e9s, vous trouverez ici ceux du P\u00e8re Beno\u00eet, adress\u00e9s \u00e0 tout le doyenn\u00e9 du Sud Charente. Hom\u00e9lies Pour vous ressourcer et replonger dans le Myst\u00e8re que nous avons c\u00e9l\u00e9br\u00e9 ces derniers jours, voici les derni\u00e8res hom\u00e9lies [&hellip;]"}