{"version":"1.0","provider_name":"Doyenn\u00e9 Sud Charente","provider_url":"https:\/\/charente.catholique.fr\/sud-charente","author_name":"Beno\u00eet","author_url":"https:\/\/charente.catholique.fr\/sud-charente\/author\/benoitlecomte\/","title":"Hom\u00e9lie du 28 mai 2023 - Doyenn\u00e9 Sud Charente","type":"rich","width":600,"height":338,"html":"<blockquote class=\"wp-embedded-content\" data-secret=\"lBMQsI7KwI\"><a href=\"https:\/\/charente.catholique.fr\/sud-charente\/actualites\/homelie-du-28-mai-2023\/\">Hom\u00e9lie du 28 mai 2023<\/a><\/blockquote><iframe sandbox=\"allow-scripts\" security=\"restricted\" src=\"https:\/\/charente.catholique.fr\/sud-charente\/actualites\/homelie-du-28-mai-2023\/embed\/#?secret=lBMQsI7KwI\" width=\"600\" height=\"338\" title=\"\u00ab\u00a0Hom\u00e9lie du 28 mai 2023\u00a0\u00bb &#8212; Doyenn\u00e9 Sud Charente\" data-secret=\"lBMQsI7KwI\" frameborder=\"0\" marginwidth=\"0\" marginheight=\"0\" scrolling=\"no\" class=\"wp-embedded-content\"><\/iframe><script type=\"text\/javascript\">\n\/* <![CDATA[ *\/\n\/*! This file is auto-generated *\/\n!function(d,l){\"use strict\";l.querySelector&&d.addEventListener&&\"undefined\"!=typeof URL&&(d.wp=d.wp||{},d.wp.receiveEmbedMessage||(d.wp.receiveEmbedMessage=function(e){var t=e.data;if((t||t.secret||t.message||t.value)&&!\/[^a-zA-Z0-9]\/.test(t.secret)){for(var s,r,n,a=l.querySelectorAll('iframe[data-secret=\"'+t.secret+'\"]'),o=l.querySelectorAll('blockquote[data-secret=\"'+t.secret+'\"]'),c=new RegExp(\"^https?:$\",\"i\"),i=0;i<o.length;i++)o[i].style.display=\"none\";for(i=0;i<a.length;i++)s=a[i],e.source===s.contentWindow&&(s.removeAttribute(\"style\"),\"height\"===t.message?(1e3<(r=parseInt(t.value,10))?r=1e3:~~r<200&&(r=200),s.height=r):\"link\"===t.message&&(r=new URL(s.getAttribute(\"src\")),n=new URL(t.value),c.test(n.protocol))&&n.host===r.host&&l.activeElement===s&&(d.top.location.href=t.value))}},d.addEventListener(\"message\",d.wp.receiveEmbedMessage,!1),l.addEventListener(\"DOMContentLoaded\",function(){for(var e,t,s=l.querySelectorAll(\"iframe.wp-embedded-content\"),r=0;r<s.length;r++)(t=(e=s[r]).getAttribute(\"data-secret\"))||(t=Math.random().toString(36).substring(2,12),e.src+=\"#?secret=\"+t,e.setAttribute(\"data-secret\",t)),e.contentWindow.postMessage({message:\"ready\",secret:t},\"*\")},!1)))}(window,document);\n\/\/# sourceURL=https:\/\/charente.catholique.fr\/sud-charente\/wp-includes\/js\/wp-embed.min.js\n\/* ]]> *\/\n<\/script>\n","thumbnail_url":"https:\/\/charente.catholique.fr\/sud-charente\/wp-content\/uploads\/sites\/5\/2023\/05\/fireworks-g7923744f1_1280.jpg","thumbnail_width":1280,"thumbnail_height":802,"description":"Quelle magnifique f\u00eate que cette f\u00eate de Pentec\u00f4te&nbsp;! Elle est comme l\u2019accomplissement, l\u2019aboutissement de la f\u00eate de P\u00e2ques, au terme des 50 jours de ce temps Pascal. Nous avions commenc\u00e9 le car\u00eame avec les cendres, nous sommes pass\u00e9s par le feu de la vigile pascale, avons travers\u00e9 avec le Christ la mort pour ressusciter avec [&hellip;]"}