{"version":"1.0","provider_name":"Doyenn\u00e9 Sud Charente","provider_url":"https:\/\/charente.catholique.fr\/sud-charente","author_name":"Laurent Levasseur","author_url":"https:\/\/charente.catholique.fr\/sud-charente\/author\/laurentleva\/","title":"Hom\u00e9lie dimanche 26 Avril 2020 - Doyenn\u00e9 Sud Charente","type":"rich","width":600,"height":338,"html":"<blockquote class=\"wp-embedded-content\" data-secret=\"jMRoaGCKtX\"><a href=\"https:\/\/charente.catholique.fr\/sud-charente\/actualites\/homelie-dimanche-26-avril-2020\/\">Hom\u00e9lie dimanche 26 Avril 2020<\/a><\/blockquote><iframe sandbox=\"allow-scripts\" security=\"restricted\" src=\"https:\/\/charente.catholique.fr\/sud-charente\/actualites\/homelie-dimanche-26-avril-2020\/embed\/#?secret=jMRoaGCKtX\" width=\"600\" height=\"338\" title=\"\u00ab\u00a0Hom\u00e9lie dimanche 26 Avril 2020\u00a0\u00bb &#8212; Doyenn\u00e9 Sud Charente\" data-secret=\"jMRoaGCKtX\" frameborder=\"0\" marginwidth=\"0\" marginheight=\"0\" scrolling=\"no\" class=\"wp-embedded-content\"><\/iframe><script type=\"text\/javascript\">\n\/* <![CDATA[ *\/\n\/*! This file is auto-generated *\/\n!function(d,l){\"use strict\";l.querySelector&&d.addEventListener&&\"undefined\"!=typeof URL&&(d.wp=d.wp||{},d.wp.receiveEmbedMessage||(d.wp.receiveEmbedMessage=function(e){var t=e.data;if((t||t.secret||t.message||t.value)&&!\/[^a-zA-Z0-9]\/.test(t.secret)){for(var s,r,n,a=l.querySelectorAll('iframe[data-secret=\"'+t.secret+'\"]'),o=l.querySelectorAll('blockquote[data-secret=\"'+t.secret+'\"]'),c=new RegExp(\"^https?:$\",\"i\"),i=0;i<o.length;i++)o[i].style.display=\"none\";for(i=0;i<a.length;i++)s=a[i],e.source===s.contentWindow&&(s.removeAttribute(\"style\"),\"height\"===t.message?(1e3<(r=parseInt(t.value,10))?r=1e3:~~r<200&&(r=200),s.height=r):\"link\"===t.message&&(r=new URL(s.getAttribute(\"src\")),n=new URL(t.value),c.test(n.protocol))&&n.host===r.host&&l.activeElement===s&&(d.top.location.href=t.value))}},d.addEventListener(\"message\",d.wp.receiveEmbedMessage,!1),l.addEventListener(\"DOMContentLoaded\",function(){for(var e,t,s=l.querySelectorAll(\"iframe.wp-embedded-content\"),r=0;r<s.length;r++)(t=(e=s[r]).getAttribute(\"data-secret\"))||(t=Math.random().toString(36).substring(2,12),e.src+=\"#?secret=\"+t,e.setAttribute(\"data-secret\",t)),e.contentWindow.postMessage({message:\"ready\",secret:t},\"*\")},!1)))}(window,document);\n\/\/# sourceURL=https:\/\/charente.catholique.fr\/sud-charente\/wp-includes\/js\/wp-embed.min.js\n\/* ]]> *\/\n<\/script>\n","thumbnail_url":"https:\/\/charente.catholique.fr\/sud-charente\/wp-content\/uploads\/sites\/5\/2020\/09\/arton11761-7f856.jpg","thumbnail_width":250,"thumbnail_height":173,"description":"A la suite des p\u00e8lerins d\u2019Emma\u00fcs, reconnaissons le christ. Les Disciples d\u2019Emma\u00fcs. Ces deux disciples ont fait l\u2019exp\u00e9rience de la croix, de la mort. Ils rentrent chez eux avec ce deuil \u00e0 faire et ils vont d\u00e9couvrir le jaillissement de la vie. La croix a mis fin \u00e0 leur esp\u00e9rance. Ils avaient mis leur foi, [&hellip;]"}