{"version":"1.0","provider_name":"Doyenn\u00e9 Sud Charente","provider_url":"https:\/\/charente.catholique.fr\/sud-charente","author_name":"Beno\u00eet","author_url":"https:\/\/charente.catholique.fr\/sud-charente\/author\/benoitlecomte\/","title":"Echos de l'EAP du 9 d\u00e9cembre 2021 - Doyenn\u00e9 Sud Charente","type":"rich","width":600,"height":338,"html":"<blockquote class=\"wp-embedded-content\" data-secret=\"IqEFEt3qTO\"><a href=\"https:\/\/charente.catholique.fr\/sud-charente\/actualites\/echos-de-leap-du-9-decembre-2021\/\">Echos de l&#8217;EAP du 9 d\u00e9cembre 2021<\/a><\/blockquote><iframe sandbox=\"allow-scripts\" security=\"restricted\" src=\"https:\/\/charente.catholique.fr\/sud-charente\/actualites\/echos-de-leap-du-9-decembre-2021\/embed\/#?secret=IqEFEt3qTO\" width=\"600\" height=\"338\" title=\"\u00ab\u00a0Echos de l&#8217;EAP du 9 d\u00e9cembre 2021\u00a0\u00bb &#8212; Doyenn\u00e9 Sud Charente\" data-secret=\"IqEFEt3qTO\" frameborder=\"0\" marginwidth=\"0\" marginheight=\"0\" scrolling=\"no\" class=\"wp-embedded-content\"><\/iframe><script type=\"text\/javascript\">\n\/* <![CDATA[ *\/\n\/*! This file is auto-generated *\/\n!function(d,l){\"use strict\";l.querySelector&&d.addEventListener&&\"undefined\"!=typeof URL&&(d.wp=d.wp||{},d.wp.receiveEmbedMessage||(d.wp.receiveEmbedMessage=function(e){var t=e.data;if((t||t.secret||t.message||t.value)&&!\/[^a-zA-Z0-9]\/.test(t.secret)){for(var s,r,n,a=l.querySelectorAll('iframe[data-secret=\"'+t.secret+'\"]'),o=l.querySelectorAll('blockquote[data-secret=\"'+t.secret+'\"]'),c=new RegExp(\"^https?:$\",\"i\"),i=0;i<o.length;i++)o[i].style.display=\"none\";for(i=0;i<a.length;i++)s=a[i],e.source===s.contentWindow&&(s.removeAttribute(\"style\"),\"height\"===t.message?(1e3<(r=parseInt(t.value,10))?r=1e3:~~r<200&&(r=200),s.height=r):\"link\"===t.message&&(r=new URL(s.getAttribute(\"src\")),n=new URL(t.value),c.test(n.protocol))&&n.host===r.host&&l.activeElement===s&&(d.top.location.href=t.value))}},d.addEventListener(\"message\",d.wp.receiveEmbedMessage,!1),l.addEventListener(\"DOMContentLoaded\",function(){for(var e,t,s=l.querySelectorAll(\"iframe.wp-embedded-content\"),r=0;r<s.length;r++)(t=(e=s[r]).getAttribute(\"data-secret\"))||(t=Math.random().toString(36).substring(2,12),e.src+=\"#?secret=\"+t,e.setAttribute(\"data-secret\",t)),e.contentWindow.postMessage({message:\"ready\",secret:t},\"*\")},!1)))}(window,document);\n\/\/# sourceURL=https:\/\/charente.catholique.fr\/sud-charente\/wp-includes\/js\/wp-embed.min.js\n\/* ]]> *\/\n<\/script>\n","thumbnail_url":"https:\/\/charente.catholique.fr\/sud-charente\/wp-content\/uploads\/sites\/5\/2020\/07\/logo_paroissebbb-scaled.jpg","thumbnail_width":2560,"thumbnail_height":890,"description":"L&#8217;Equipe d&#8217;Animation Pastorale de Barbezieux &#8211; Baignes &#8211; Barret s&#8217;est r\u00e9unie le jeudi 9 d\u00e9cembre 2021. Apr\u00e8s la pri\u00e8re l&#8217;\u00e9change a commenc\u00e9 en prenant des nouvelles des uns et des autres et en nous r\u00e9jouissant de tant de nouveaux visages rencontr\u00e9s sur la paroisse ces derniers temps. Un point sur les projets de l&#8217;Avent a [&hellip;]"}