{"id":33831,"date":"2024-03-17T15:16:50","date_gmt":"2024-03-17T14:16:50","guid":{"rendered":"https:\/\/charente.catholique.fr\/ouest-charente\/?post_type=paroisse&#038;p=33831"},"modified":"2024-03-17T15:59:23","modified_gmt":"2024-03-17T14:59:23","slug":"comment-fleurir-notre-eglise","status":"publish","type":"paroisse","link":"https:\/\/charente.catholique.fr\/ouest-charente\/paroisses\/notre-dame-des-borderies\/vivre-la-messse\/comment-fleurir-notre-eglise\/","title":{"rendered":"Comment fleurir notre \u00e9glise"},"content":{"rendered":"\n<p class=\"has-text-align-center has-ouest-charente-color has-text-color has-link-color has-large-font-size wp-elements-0e57352ca3aa416784eede9638c993ea\"><strong>COMMENT FLEURIR NOS \u00c9GLISES SELON LES TEMPS LITURGIQUES&nbsp;:<\/strong><\/p>\n\n\n\n<div class=\"wp-block-group is-nowrap is-layout-flex wp-container-core-group-is-layout-6c531013 wp-block-group-is-layout-flex\">\n<p class=\"has-medium-font-size\"><strong>Le <em>dimanche des Rameaux <\/em>f\u00eate deux \u00e9v\u00e8nements. D&#8217;une part, on c\u00e9l\u00e8bre l&#8217;entr\u00e9e solennelle de J\u00e9sus \u00e0 J\u00e9rusalem o\u00f9 il fut acclam\u00e9 par une foule agitant des palmes et d&#8217;autre part, on comm\u00e9more la Passion du Christ et sa mort sur la croix. La composition florale est centr\u00e9e sur la Croix. Les fleurs rouges sont choisies pour \u00e9voquer le sang vers\u00e9 par amour pour l&#8217;humanit\u00e9. Feuillages et des fleurs rouges autour de la Croix.<\/strong><\/p>\n\n\n\n<figure class=\"wp-block-image size-large\"><img loading=\"lazy\" decoding=\"async\" width=\"810\" height=\"1080\" src=\"https:\/\/charente.catholique.fr\/ouest-charente\/wp-content\/uploads\/sites\/6\/2024\/03\/image-3-810x1080.png\" alt=\"\" class=\"wp-image-33844\" srcset=\"https:\/\/charente.catholique.fr\/ouest-charente\/wp-content\/uploads\/sites\/6\/2024\/03\/image-3-810x1080.png 810w, https:\/\/charente.catholique.fr\/ouest-charente\/wp-content\/uploads\/sites\/6\/2024\/03\/image-3-225x300.png 225w, https:\/\/charente.catholique.fr\/ouest-charente\/wp-content\/uploads\/sites\/6\/2024\/03\/image-3-768x1024.png 768w, https:\/\/charente.catholique.fr\/ouest-charente\/wp-content\/uploads\/sites\/6\/2024\/03\/image-3.png 900w\" sizes=\"auto, (max-width: 810px) 100vw, 810px\" \/><\/figure>\n<\/div>\n\n\n\n<div style=\"height:32px\" aria-hidden=\"true\" class=\"wp-block-spacer\"><\/div>\n\n\n\n<div class=\"wp-block-group is-nowrap is-layout-flex wp-container-core-group-is-layout-6c531013 wp-block-group-is-layout-flex\">\n<figure class=\"wp-block-image size-full is-resized\"><img decoding=\"async\" src=\"https:\/\/charente.catholique.fr\/ouest-charente\/wp-content\/uploads\/sites\/6\/2024\/03\/image-1.png\" alt=\"\" class=\"wp-image-33835\" style=\"width:164px;height:auto\" \/><\/figure>\n\n\n\n<p class=\"has-medium-font-size\"><strong><em><u>Dimanche de P\u00e2ques<\/u>&nbsp;:<\/em><\/strong> <strong> \u00c0 la suite d\u2019un temps de Car\u00eame d\u00e9pouill\u00e9, pour la f\u00eate de P\u00e2ques, la lumi\u00e8re jaillit du tombeau gr\u00e2ce aux couleurs blanches ou jaunes des fleurs de printemps (tulipes, renoncules, etc. \u2026).<\/strong><\/p>\n<\/div>\n\n\n\n<div style=\"height:32px\" aria-hidden=\"true\" class=\"wp-block-spacer\"><\/div>\n\n\n\n<p class=\"has-text-align-left has-large-font-size\"><strong><em>Couleurs, formes, feuillages, branches sont de v\u00e9ritables symboles<\/em>\u00a0:<\/strong><\/p>\n\n\n\n<ul class=\"wp-block-list\">\n<li class=\"has-medium-font-size\">le <strong>blanc<\/strong> utilis\u00e9 pour les grandes f\u00eates (No\u00ebl, P\u00e2ques) symbolise la joie, la lumi\u00e8re, la puret\u00e9&nbsp;;<\/li>\n\n\n\n<li class=\"has-medium-font-size\">le <strong>rouge<\/strong>, pour les Rameaux et la Pentec\u00f4te, est signe de feu et de sang&nbsp;;<\/li>\n\n\n\n<li class=\"has-medium-font-size\">le <strong>violet<\/strong>, couleur de p\u00e9nitence et de tristesse, s\u2019emploie pour les p\u00e9riodes de l\u2019Avent et de Car\u00eame&nbsp;;<\/li>\n\n\n\n<li class=\"has-medium-font-size\">le <strong>vert<\/strong>, couleur de l\u2019esp\u00e9rance et tous les autres coloris flamboyants agr\u00e9mentent nos messes du temps ordinaire&nbsp;;<\/li>\n\n\n\n<li class=\"has-medium-font-size\">le <strong>rose<\/strong> est utilis\u00e9 deux fois par an&nbsp;: le 3<sup>\u00e8me<\/sup> dimanche de l\u2019Avent (Gaudete) et le 4<sup>\u00e8me<\/sup> dimanche de Car\u00eame (laetare).<\/li>\n<\/ul>\n","protected":false},"author":64,"featured_media":0,"parent":31628,"menu_order":21,"template":"","meta":{"_acf_changed":false,"paroisse":["23"],"service":[],"footnotes":""},"class_list":["post-33831","paroisse","type-paroisse","status-publish","hentry"],"acf":[],"yoast_head":"<!-- This site is optimized with the Yoast SEO plugin v27.1.1 - https:\/\/yoast.com\/product\/yoast-seo-wordpress\/ -->\n<title>Comment fleurir notre \u00e9glise - Doyenn\u00e9 Ouest Charente<\/title>\n<meta name=\"robots\" content=\"index, follow, max-snippet:-1, max-image-preview:large, max-video-preview:-1\" \/>\n<link rel=\"canonical\" href=\"https:\/\/charente.catholique.fr\/ouest-charente\/paroisses\/notre-dame-des-borderies\/vivre-la-messse\/comment-fleurir-notre-eglise\/\" \/>\n<meta property=\"og:locale\" content=\"fr_FR\" \/>\n<meta property=\"og:type\" content=\"article\" \/>\n<meta property=\"og:title\" content=\"Comment fleurir notre \u00e9glise - Doyenn\u00e9 Ouest Charente\" \/>\n<meta property=\"og:description\" content=\"COMMENT FLEURIR NOS \u00c9GLISES SELON LES TEMPS LITURGIQUES&nbsp;: Le dimanche des Rameaux f\u00eate deux \u00e9v\u00e8nements. D&#8217;une part, on c\u00e9l\u00e8bre l&#8217;entr\u00e9e solennelle de J\u00e9sus \u00e0 J\u00e9rusalem o\u00f9 il fut acclam\u00e9 par une foule agitant des palmes et d&#8217;autre part, on comm\u00e9more la Passion du Christ et sa mort sur la croix. La composition florale est centr\u00e9e [&hellip;]\" \/>\n<meta property=\"og:url\" content=\"https:\/\/charente.catholique.fr\/ouest-charente\/paroisses\/notre-dame-des-borderies\/vivre-la-messse\/comment-fleurir-notre-eglise\/\" \/>\n<meta property=\"og:site_name\" content=\"Doyenn\u00e9 Ouest Charente\" \/>\n<meta property=\"article:publisher\" content=\"https:\/\/www.facebook.com\/EgliseCatholiqueCharente\" \/>\n<meta property=\"article:modified_time\" content=\"2024-03-17T14:59:23+00:00\" \/>\n<meta property=\"og:image\" content=\"https:\/\/charente.catholique.fr\/ouest-charente\/wp-content\/uploads\/sites\/6\/2024\/02\/img_4067-1-scaled-e1710685776791.jpg\" \/>\n\t<meta property=\"og:image:width\" content=\"1915\" \/>\n\t<meta property=\"og:image:height\" content=\"1408\" \/>\n\t<meta property=\"og:image:type\" content=\"image\/jpeg\" \/>\n<meta name=\"twitter:card\" content=\"summary_large_image\" \/>\n<meta name=\"twitter:site\" content=\"@diocesecharente\" \/>\n<meta name=\"twitter:label1\" content=\"Dur\u00e9e de lecture estim\u00e9e\" \/>\n\t<meta name=\"twitter:data1\" content=\"2 minutes\" \/>\n<script type=\"application\/ld+json\" class=\"yoast-schema-graph\">{\"@context\":\"https:\/\/schema.org\",\"@graph\":[{\"@type\":\"WebPage\",\"@id\":\"https:\/\/charente.catholique.fr\/ouest-charente\/paroisses\/notre-dame-des-borderies\/vivre-la-messse\/comment-fleurir-notre-eglise\/\",\"url\":\"https:\/\/charente.catholique.fr\/ouest-charente\/paroisses\/notre-dame-des-borderies\/vivre-la-messse\/comment-fleurir-notre-eglise\/\",\"name\":\"Comment fleurir notre \u00e9glise - Doyenn\u00e9 Ouest Charente\",\"isPartOf\":{\"@id\":\"https:\/\/charente.catholique.fr\/ouest-charente\/#website\"},\"primaryImageOfPage\":{\"@id\":\"https:\/\/charente.catholique.fr\/ouest-charente\/paroisses\/notre-dame-des-borderies\/vivre-la-messse\/comment-fleurir-notre-eglise\/#primaryimage\"},\"image\":{\"@id\":\"https:\/\/charente.catholique.fr\/ouest-charente\/paroisses\/notre-dame-des-borderies\/vivre-la-messse\/comment-fleurir-notre-eglise\/#primaryimage\"},\"thumbnailUrl\":\"https:\/\/charente.catholique.fr\/ouest-charente\/wp-content\/uploads\/sites\/6\/2024\/03\/image-3-810x1080.png\",\"datePublished\":\"2024-03-17T14:16:50+00:00\",\"dateModified\":\"2024-03-17T14:59:23+00:00\",\"breadcrumb\":{\"@id\":\"https:\/\/charente.catholique.fr\/ouest-charente\/paroisses\/notre-dame-des-borderies\/vivre-la-messse\/comment-fleurir-notre-eglise\/#breadcrumb\"},\"inLanguage\":\"fr-FR\",\"potentialAction\":[{\"@type\":\"ReadAction\",\"target\":[\"https:\/\/charente.catholique.fr\/ouest-charente\/paroisses\/notre-dame-des-borderies\/vivre-la-messse\/comment-fleurir-notre-eglise\/\"]}]},{\"@type\":\"ImageObject\",\"inLanguage\":\"fr-FR\",\"@id\":\"https:\/\/charente.catholique.fr\/ouest-charente\/paroisses\/notre-dame-des-borderies\/vivre-la-messse\/comment-fleurir-notre-eglise\/#primaryimage\",\"url\":\"https:\/\/charente.catholique.fr\/ouest-charente\/wp-content\/uploads\/sites\/6\/2024\/03\/image-3.png\",\"contentUrl\":\"https:\/\/charente.catholique.fr\/ouest-charente\/wp-content\/uploads\/sites\/6\/2024\/03\/image-3.png\",\"width\":900,\"height\":1200},{\"@type\":\"BreadcrumbList\",\"@id\":\"https:\/\/charente.catholique.fr\/ouest-charente\/paroisses\/notre-dame-des-borderies\/vivre-la-messse\/comment-fleurir-notre-eglise\/#breadcrumb\",\"itemListElement\":[{\"@type\":\"ListItem\",\"position\":1,\"name\":\"Accueil\",\"item\":\"https:\/\/charente.catholique.fr\/ouest-charente\/\"},{\"@type\":\"ListItem\",\"position\":2,\"name\":\"Notre Dame des Borderies\",\"item\":\"https:\/\/charente.catholique.fr\/ouest-charente\/paroisses\/notre-dame-des-borderies\/\"},{\"@type\":\"ListItem\",\"position\":3,\"name\":\"La messe\",\"item\":\"https:\/\/charente.catholique.fr\/ouest-charente\/paroisses\/notre-dame-des-borderies\/vivre-la-messse\/\"},{\"@type\":\"ListItem\",\"position\":4,\"name\":\"Comment fleurir notre \u00e9glise\"}]},{\"@type\":\"WebSite\",\"@id\":\"https:\/\/charente.catholique.fr\/ouest-charente\/#website\",\"url\":\"https:\/\/charente.catholique.fr\/ouest-charente\/\",\"name\":\"Doyenn\u00e9 Ouest Charente - Dioc\u00e8se d'Angoul\u00eame\",\"description\":\"Dioc\u00e8se d&#039;Angoul\u00eame\",\"publisher\":{\"@id\":\"https:\/\/charente.catholique.fr\/ouest-charente\/#organization\"},\"potentialAction\":[{\"@type\":\"SearchAction\",\"target\":{\"@type\":\"EntryPoint\",\"urlTemplate\":\"https:\/\/charente.catholique.fr\/ouest-charente\/?s={search_term_string}\"},\"query-input\":{\"@type\":\"PropertyValueSpecification\",\"valueRequired\":true,\"valueName\":\"search_term_string\"}}],\"inLanguage\":\"fr-FR\"},{\"@type\":\"Organization\",\"@id\":\"https:\/\/charente.catholique.fr\/ouest-charente\/#organization\",\"name\":\"Association dioc\u00e9saine d'Angoul\u00eame\",\"url\":\"https:\/\/charente.catholique.fr\/ouest-charente\/\",\"logo\":{\"@type\":\"ImageObject\",\"inLanguage\":\"fr-FR\",\"@id\":\"https:\/\/charente.catholique.fr\/ouest-charente\/#\/schema\/logo\/image\/\",\"url\":\"https:\/\/charente.catholique.fr\/ouest-charente\/wp-content\/uploads\/sites\/6\/2020\/10\/logos.png\",\"contentUrl\":\"https:\/\/charente.catholique.fr\/ouest-charente\/wp-content\/uploads\/sites\/6\/2020\/10\/logos.png\",\"width\":600,\"height\":257,\"caption\":\"Association dioc\u00e9saine d'Angoul\u00eame\"},\"image\":{\"@id\":\"https:\/\/charente.catholique.fr\/ouest-charente\/#\/schema\/logo\/image\/\"},\"sameAs\":[\"https:\/\/www.facebook.com\/EgliseCatholiqueCharente\",\"https:\/\/x.com\/diocesecharente\",\"https:\/\/www.instagram.com\/eglisecharente\",\"https:\/\/www.youtube.com\/channel\/UCByyFWApZbw3gDTiADoiAaQ\"]}]}<\/script>\n<!-- \/ Yoast SEO plugin. -->","yoast_head_json":{"title":"Comment fleurir notre \u00e9glise - Doyenn\u00e9 Ouest Charente","robots":{"index":"index","follow":"follow","max-snippet":"max-snippet:-1","max-image-preview":"max-image-preview:large","max-video-preview":"max-video-preview:-1"},"canonical":"https:\/\/charente.catholique.fr\/ouest-charente\/paroisses\/notre-dame-des-borderies\/vivre-la-messse\/comment-fleurir-notre-eglise\/","og_locale":"fr_FR","og_type":"article","og_title":"Comment fleurir notre \u00e9glise - Doyenn\u00e9 Ouest Charente","og_description":"COMMENT FLEURIR NOS \u00c9GLISES SELON LES TEMPS LITURGIQUES&nbsp;: Le dimanche des Rameaux f\u00eate deux \u00e9v\u00e8nements. D&#8217;une part, on c\u00e9l\u00e8bre l&#8217;entr\u00e9e solennelle de J\u00e9sus \u00e0 J\u00e9rusalem o\u00f9 il fut acclam\u00e9 par une foule agitant des palmes et d&#8217;autre part, on comm\u00e9more la Passion du Christ et sa mort sur la croix. La composition florale est centr\u00e9e [&hellip;]","og_url":"https:\/\/charente.catholique.fr\/ouest-charente\/paroisses\/notre-dame-des-borderies\/vivre-la-messse\/comment-fleurir-notre-eglise\/","og_site_name":"Doyenn\u00e9 Ouest Charente","article_publisher":"https:\/\/www.facebook.com\/EgliseCatholiqueCharente","article_modified_time":"2024-03-17T14:59:23+00:00","og_image":[{"width":1915,"height":1408,"url":"https:\/\/charente.catholique.fr\/ouest-charente\/wp-content\/uploads\/sites\/6\/2024\/02\/img_4067-1-scaled-e1710685776791.jpg","type":"image\/jpeg"}],"twitter_card":"summary_large_image","twitter_site":"@diocesecharente","twitter_misc":{"Dur\u00e9e de lecture estim\u00e9e":"2 minutes"},"schema":{"@context":"https:\/\/schema.org","@graph":[{"@type":"WebPage","@id":"https:\/\/charente.catholique.fr\/ouest-charente\/paroisses\/notre-dame-des-borderies\/vivre-la-messse\/comment-fleurir-notre-eglise\/","url":"https:\/\/charente.catholique.fr\/ouest-charente\/paroisses\/notre-dame-des-borderies\/vivre-la-messse\/comment-fleurir-notre-eglise\/","name":"Comment fleurir notre \u00e9glise - Doyenn\u00e9 Ouest Charente","isPartOf":{"@id":"https:\/\/charente.catholique.fr\/ouest-charente\/#website"},"primaryImageOfPage":{"@id":"https:\/\/charente.catholique.fr\/ouest-charente\/paroisses\/notre-dame-des-borderies\/vivre-la-messse\/comment-fleurir-notre-eglise\/#primaryimage"},"image":{"@id":"https:\/\/charente.catholique.fr\/ouest-charente\/paroisses\/notre-dame-des-borderies\/vivre-la-messse\/comment-fleurir-notre-eglise\/#primaryimage"},"thumbnailUrl":"https:\/\/charente.catholique.fr\/ouest-charente\/wp-content\/uploads\/sites\/6\/2024\/03\/image-3-810x1080.png","datePublished":"2024-03-17T14:16:50+00:00","dateModified":"2024-03-17T14:59:23+00:00","breadcrumb":{"@id":"https:\/\/charente.catholique.fr\/ouest-charente\/paroisses\/notre-dame-des-borderies\/vivre-la-messse\/comment-fleurir-notre-eglise\/#breadcrumb"},"inLanguage":"fr-FR","potentialAction":[{"@type":"ReadAction","target":["https:\/\/charente.catholique.fr\/ouest-charente\/paroisses\/notre-dame-des-borderies\/vivre-la-messse\/comment-fleurir-notre-eglise\/"]}]},{"@type":"ImageObject","inLanguage":"fr-FR","@id":"https:\/\/charente.catholique.fr\/ouest-charente\/paroisses\/notre-dame-des-borderies\/vivre-la-messse\/comment-fleurir-notre-eglise\/#primaryimage","url":"https:\/\/charente.catholique.fr\/ouest-charente\/wp-content\/uploads\/sites\/6\/2024\/03\/image-3.png","contentUrl":"https:\/\/charente.catholique.fr\/ouest-charente\/wp-content\/uploads\/sites\/6\/2024\/03\/image-3.png","width":900,"height":1200},{"@type":"BreadcrumbList","@id":"https:\/\/charente.catholique.fr\/ouest-charente\/paroisses\/notre-dame-des-borderies\/vivre-la-messse\/comment-fleurir-notre-eglise\/#breadcrumb","itemListElement":[{"@type":"ListItem","position":1,"name":"Accueil","item":"https:\/\/charente.catholique.fr\/ouest-charente\/"},{"@type":"ListItem","position":2,"name":"Notre Dame des Borderies","item":"https:\/\/charente.catholique.fr\/ouest-charente\/paroisses\/notre-dame-des-borderies\/"},{"@type":"ListItem","position":3,"name":"La messe","item":"https:\/\/charente.catholique.fr\/ouest-charente\/paroisses\/notre-dame-des-borderies\/vivre-la-messse\/"},{"@type":"ListItem","position":4,"name":"Comment fleurir notre \u00e9glise"}]},{"@type":"WebSite","@id":"https:\/\/charente.catholique.fr\/ouest-charente\/#website","url":"https:\/\/charente.catholique.fr\/ouest-charente\/","name":"Doyenn\u00e9 Ouest Charente - Dioc\u00e8se d'Angoul\u00eame","description":"Dioc\u00e8se d&#039;Angoul\u00eame","publisher":{"@id":"https:\/\/charente.catholique.fr\/ouest-charente\/#organization"},"potentialAction":[{"@type":"SearchAction","target":{"@type":"EntryPoint","urlTemplate":"https:\/\/charente.catholique.fr\/ouest-charente\/?s={search_term_string}"},"query-input":{"@type":"PropertyValueSpecification","valueRequired":true,"valueName":"search_term_string"}}],"inLanguage":"fr-FR"},{"@type":"Organization","@id":"https:\/\/charente.catholique.fr\/ouest-charente\/#organization","name":"Association dioc\u00e9saine d'Angoul\u00eame","url":"https:\/\/charente.catholique.fr\/ouest-charente\/","logo":{"@type":"ImageObject","inLanguage":"fr-FR","@id":"https:\/\/charente.catholique.fr\/ouest-charente\/#\/schema\/logo\/image\/","url":"https:\/\/charente.catholique.fr\/ouest-charente\/wp-content\/uploads\/sites\/6\/2020\/10\/logos.png","contentUrl":"https:\/\/charente.catholique.fr\/ouest-charente\/wp-content\/uploads\/sites\/6\/2020\/10\/logos.png","width":600,"height":257,"caption":"Association dioc\u00e9saine d'Angoul\u00eame"},"image":{"@id":"https:\/\/charente.catholique.fr\/ouest-charente\/#\/schema\/logo\/image\/"},"sameAs":["https:\/\/www.facebook.com\/EgliseCatholiqueCharente","https:\/\/x.com\/diocesecharente","https:\/\/www.instagram.com\/eglisecharente","https:\/\/www.youtube.com\/channel\/UCByyFWApZbw3gDTiADoiAaQ"]}]}},"_links":{"self":[{"href":"https:\/\/charente.catholique.fr\/ouest-charente\/wp-json\/wp\/v2\/paroisse\/33831","targetHints":{"allow":["GET"]}}],"collection":[{"href":"https:\/\/charente.catholique.fr\/ouest-charente\/wp-json\/wp\/v2\/paroisse"}],"about":[{"href":"https:\/\/charente.catholique.fr\/ouest-charente\/wp-json\/wp\/v2\/types\/paroisse"}],"author":[{"embeddable":true,"href":"https:\/\/charente.catholique.fr\/ouest-charente\/wp-json\/wp\/v2\/users\/64"}],"version-history":[{"count":7,"href":"https:\/\/charente.catholique.fr\/ouest-charente\/wp-json\/wp\/v2\/paroisse\/33831\/revisions"}],"predecessor-version":[{"id":39554,"href":"https:\/\/charente.catholique.fr\/ouest-charente\/wp-json\/wp\/v2\/paroisse\/33831\/revisions\/39554"}],"up":[{"embeddable":true,"href":"https:\/\/charente.catholique.fr\/ouest-charente\/wp-json\/wp\/v2\/paroisse\/31628"}],"wp:attachment":[{"href":"https:\/\/charente.catholique.fr\/ouest-charente\/wp-json\/wp\/v2\/media?parent=33831"}],"curies":[{"name":"wp","href":"https:\/\/api.w.org\/{rel}","templated":true}]}}