{"id":33427,"date":"2024-02-04T21:47:25","date_gmt":"2024-02-04T20:47:25","guid":{"rendered":"https:\/\/charente.catholique.fr\/ouest-charente\/?post_type=paroisse&#038;p=33427"},"modified":"2024-02-04T22:16:13","modified_gmt":"2024-02-04T21:16:13","slug":"comment-prier-le-chapelet","status":"publish","type":"paroisse","link":"https:\/\/charente.catholique.fr\/ouest-charente\/paroisses\/notre-dame-des-borderies\/vie-de-la-paroisse\/comment-prier-le-chapelet\/","title":{"rendered":"Comment prier le chapelet ?"},"content":{"rendered":"\n<h2 class=\"wp-block-heading has-ouest-charente-color has-text-color has-link-color has-medium-font-size wp-elements-2be6339abd566d45b6cc32b548d1d060\"><em>On commence par le Signe de Croix&nbsp;:<\/em><\/h2>\n\n\n\n<p>\u00ab&nbsp;Au nom du P\u00e8re, du Fils et du Saint Esprit. Amen.&nbsp;\u00bb<\/p>\n\n\n\n<p>Puis, on redit notre foi avec la pri\u00e8re du <em><a href=\"https:\/\/dioceseparis.fr\/je-crois-en-dieu-ou-credo.html\">Je Crois en Dieu<\/a><\/em>.<\/p>\n\n\n\n<p>Sur le Premier grain, on dit le <em><a href=\"https:\/\/dioceseparis.fr\/la-priere-du-seigneur-notre-pere.html\">Notre P\u00e8re<\/a><\/em> puis sur les trois grains suivants&nbsp;: trois <em><a href=\"https:\/\/dioceseparis.fr\/je-vous-salue-marie.html\">Je vous salue Marie<\/a><\/em> et le <em>Gloire au P\u00e8re<\/em>, hommage d\u2019amour et d\u2019adoration \u00e0 la Trinit\u00e9.<\/p>\n\n\n\n<p>\u00ab&nbsp;Gloire au P\u00e8re, au Fils et au Saint Esprit, comme il \u00e9tait au commencement, maintenant et toujours dans les si\u00e8cles des si\u00e8cles. Amen.&nbsp;\u00bb<\/p>\n\n\n\n<p>Puis on m\u00e9dite avec Marie un \u00e9v\u00e9nement de la vie du Christ (appel\u00e9s myst\u00e8res, ils \u00e9voquent des moments de grande joie, de souffrance ou de gloire de la vie du Christ), \u00e9ventuellement \u00e0 l\u2019aide d\u2019un extrait de l\u2019\u00c9criture Sainte, en r\u00e9citant&nbsp;:<br>&nbsp;&#8211; un <em><a href=\"https:\/\/dioceseparis.fr\/la-priere-du-seigneur-notre-pere.html\">Notre P\u00e8re<\/a><\/em>,<br>&nbsp;&#8211; dix <em><a href=\"https:\/\/dioceseparis.fr\/je-vous-salue-marie.html\">Je vous salue Marie<\/a><\/em> suivi du<br>&nbsp;&#8211; <em>Gloire au P\u00e8re<\/em> qui termine chaque dizaine.<\/p>\n\n\n\n<p>On r\u00e9p\u00e8te cette s\u00e9rie 5 fois en suivant les grains sur le chapelet.<\/p>\n\n\n\n<p>\u00c0 l\u2019int\u00e9rieur de chaque myst\u00e8re, on peut ajouter au nom de J\u00e9sus une br\u00e8ve m\u00e9ditation (ou clausule) en rapport avec le myst\u00e8re m\u00e9dit\u00e9. Par exemple, \u00ab&nbsp;J\u00e9sus pr\u00e9sent\u00e9 au Temple&nbsp;\u00bb ou \u00ab&nbsp;J\u00e9sus flagell\u00e9&nbsp;\u00bb ou encore \u00ab&nbsp;J\u00e9sus ressuscit\u00e9&nbsp;\u00bb. On peut aussi porter toutes les intentions de pri\u00e8re qui nous ont \u00e9t\u00e9 confi\u00e9es.<\/p>\n\n\n\n<p class=\"has-ouest-charente-color has-text-color has-link-color has-medium-font-size wp-elements-32a09eab3e827e55f373e20f682a8ba2\"><strong>Les myst\u00e8res joyeux<\/strong> &#8211; <em>m\u00e9dit\u00e9s le lundi et le samedi<\/em><\/p>\n\n\n\n<p>Le premier cycle du Rosaire, celui des \u201cmyst\u00e8res joyeux\u201d, est caract\u00e9ris\u00e9 par la joie qui rayonne de l\u2019\u00e9v\u00e9nement de l\u2019Incarnation. Cela est \u00e9vident d\u00e8s l\u2019Annonciation o\u00f9 le salut de l\u2019Ange Gabriel \u00e0 la Vierge de Nazareth rappelle l\u2019invitation \u00e0 la joie messianique&nbsp;: \u00ab&nbsp;R\u00e9jouis-toi, Marie&nbsp;\u00bb. Marie nous conduit \u00e0 la connaissance du secret de la joie chr\u00e9tienne, en nous rappelant que le christianisme est avant tout <em>\u201ceuangelion\u201d<\/em>, \u201cbonne nouvelle\u201d, dont le centre r\u00e9side dans la personne du Christ, le Verbe fait chair, l\u2019unique Sauveur du monde.<\/p>\n\n\n\n<div class=\"wp-block-group\"><div class=\"wp-block-group__inner-container is-layout-constrained wp-block-group-is-layout-constrained\">\n<div class=\"wp-block-group is-vertical is-layout-flex wp-container-core-group-is-layout-fe9cc265 wp-block-group-is-layout-flex\">\n<div class=\"wp-block-group is-vertical is-layout-flex wp-container-core-group-is-layout-fe9cc265 wp-block-group-is-layout-flex\">\n<div class=\"wp-block-group is-vertical is-layout-flex wp-container-core-group-is-layout-fe9cc265 wp-block-group-is-layout-flex\">\n<p><strong>L\u2019Annonciation<\/strong>  &#8211; Fruit du myst\u00e8re\u00a0: se rendre disponible. <\/p>\n\n\n\n<p><em>\u00ab\u00a0Le sixi\u00e8me mois, l\u2019ange Gabriel fut envoy\u00e9 par Dieu dans une ville de Galil\u00e9e, appel\u00e9e Nazareth, \u00e0 une vierge, accord\u00e9e en mariage \u00e0 un homme de la maison de David, appel\u00e9 Joseph\u00a0; et le nom de la vierge \u00e9tait Marie.\u00a0\u00bb Lc 1, 26-2<\/em>7<\/p>\n<\/div>\n\n\n\n<p><strong>La Visitation<\/strong> &#8211; Fruit du myst\u00e8re\u00a0: aller vers son prochain. <\/p>\n\n\n\n<p><em>\u00ab\u00a0En ces jours-l\u00e0, Marie se mit en route rapidement vers une ville de la montagne de Jud\u00e9e. Elle entra dans la maison de Zacharie et salua \u00c9lisabeth. Or, quand \u00c9lisabeth entendit la salutation de Marie, l\u2019enfant tressaillit en elle. Alors, \u00c9lisabeth fut remplie de l\u2019Esprit Saint, et s\u2019\u00e9cria d\u2019une voie forte\u00a0: \u201cTu es b\u00e9nie entre toutes les femmes, et le fruit de tes entrailles est b\u00e9ni\u00a0!\u201d\u00a0\u00bb<\/em> Lc 1, 39-42<\/p>\n\n\n\n<p><strong>La Nativit\u00e9<\/strong> &#8211; Fruit du myst\u00e8re\u00a0: se laisser habiter par le Christ. <\/p>\n\n\n\n<p><em>En ces jours-l\u00e0, parut un \u00e9dit de l\u2019empereur, ordonnant de recenser toute la terre &#8211; ce premier recensement eut lieu lorsque Quirinius \u00e9tait gouverneur de Syrie. Et chacun allait se faire inscrire dans sa ville d\u2019origine. Joseph, lui aussi, quitta la ville de Nazareth en Galil\u00e9e, pour monter en Jud\u00e9e, \u00e0 la ville de David appel\u00e9e Bethl\u00e9em, car il \u00e9tait de la maison et de la descendance de David. Il venait se faire inscrire avec Marie, son \u00e9pouse, qui \u00e9tait enceinte. Or, pendant qu\u2019ils \u00e9taient l\u00e0, arriv\u00e8rent les jours o\u00f9 elle devait enfanter. Et elle mit au monde son fils premier-n\u00e9\u00a0; elle l\u2019emmaillota et le coucha dans une mangeoire, car il n\u2019y avait pas de place pour eux dans la salle commune.\u00a0\u00bb<\/em> Lc 2, 1-7<\/p>\n\n\n\n<p><strong>La Pr\u00e9sentation<\/strong> &#8211; Fruit du myst\u00e8re\u00a0: donner le meilleur de soi. <\/p>\n\n\n\n<p><em>\u00ab\u00a0Quand arriva le huiti\u00e8me jour, celui de la circoncision, l\u2019enfant re\u00e7ut le nom de J\u00e9sus, le nom que l\u2019ange lui avait donn\u00e9 avant sa conception. Quand arriva le jour fix\u00e9 par la loi de Mo\u00efse pour la purification, les parents de J\u00e9sus le port\u00e8rent \u00e0 J\u00e9rusalem pour le pr\u00e9senter au Seigneur, selon ce qui est \u00e9crit dans la Loi\u00a0: Tout premier-n\u00e9 de sexe masculin sera consacr\u00e9 au Seigneur.\u00a0\u00bb<\/em> Lc 2, 21-24 <\/p>\n\n\n\n<p><strong>Le recouvrement de J\u00e9sus au temple<\/strong> &#8211; Fruit du myst\u00e8re\u00a0: rechercher J\u00e9sus en toute chose. <\/p>\n\n\n\n<p><em>\u00ab\u00a0Chaque ann\u00e9e, les parents de J\u00e9sus allaient \u00e0 J\u00e9rusalem pour la f\u00eate de la P\u00e2que. Quand il eut douze ans, ils firent le p\u00e8lerinage suivant la coutume. Comme ils s\u2019en retournaient \u00e0 la fin de la semaine, le jeune J\u00e9sus resta \u00e0 J\u00e9rusalem sans que ses parents s\u2019en aper\u00e7oivent. Pensant qu\u2019il \u00e9tait avec leurs compagnons de route, ils firent une journ\u00e9e de chemin avant de le chercher parmi leurs parents et connaissances. Ne le trouvant pas, ils revinrent \u00e0 J\u00e9rusalem en continuant \u00e0 le chercher. C\u2019est au bout de trois jours qu\u2019ils le retrouv\u00e8rent dans le Temple, assis au milieu des docteurs de la Loi\u00a0: il les \u00e9coutait et leur posait des questions, et tous ceux qui l\u2019entendaient s\u2019extasiaient sur son intelligence et sur ses r\u00e9ponses.\u00a0\u00bb<\/em> Lc 2, 41-47<\/p>\n<\/div>\n<\/div>\n<\/div><\/div>\n\n\n\n<hr class=\"wp-block-separator has-alpha-channel-opacity\" \/>\n\n\n\n<p class=\"has-ouest-charente-color has-text-color has-link-color has-medium-font-size wp-elements-de872a78442cf6e3fd8e8784ce89db0b\"><strong>Les myst\u00e8res douloureux<\/strong> &#8211; <em>m\u00e9dit\u00e9s le mardi et le vendredi<\/em><\/p>\n\n\n\n<p>Ce cycle choisit certains moments de la Passion et incite la personne qui prie \u00e0 les fixer avec le regard du c\u0153ur et \u00e0 les revivre. Depuis toujours la pi\u00e9t\u00e9 chr\u00e9tienne, sp\u00e9cialement pendant le Car\u00eame \u00e0 travers la pratique du chemin de Croix, s\u2019est arr\u00eat\u00e9e sur chaque moment de la Passion, comprenant que l\u00e0 se trouve le point culminant de la r\u00e9v\u00e9lation de l\u2019amour et que l\u00e0 aussi se trouve la source de notre salut.<\/p>\n\n\n\n<div class=\"wp-block-group is-vertical is-layout-flex wp-container-core-group-is-layout-fe9cc265 wp-block-group-is-layout-flex\">\n<p><strong>L\u2019agonie au Jardin des Oliviers<\/strong> &#8211; Fruit du myst\u00e8re\u00a0: redire son Fiat au P\u00e8re. <\/p>\n\n\n\n<p>&#8220;<em>\u00a0Alors J\u00e9sus parvient avec eux \u00e0 un domaine appel\u00e9 Geths\u00e9mani et leur dit\u00a0: \u201cAsseyez-vous ici, pendant que je vais l\u00e0-bas pour prier.\u201d Il emmena Pierre, ainsi que Jacques et Jean, les deux fils de Z\u00e9b\u00e9d\u00e9e, et il commen\u00e7a \u00e0 ressentir tristesse et angoisse. Il leur dit alors\u00a0: \u201cMon \u00e2me est triste \u00e0 en mourir. Restez ici et veillez avec moi.\u201d Allant un peu plus loin, il tomba face contre terre en priant, et il disait\u00a0: \u201cMon P\u00e8re, s\u2019il est possible, que cette coupe passe loin de moi\u00a0! Cependant, non pas comme moi, je veux, mais comme toi, tu veux.\u201d\u00a0\u00bb<\/em> Mt 26, 36-39<\/p>\n\n\n\n<p><strong>La flagellation<\/strong> &#8211; Fruit du myst\u00e8re\u00a0: avoir confiance en Dieu. <\/p>\n\n\n\n<p><em>\u00ab\u00a0Alors Pilate fit saisir J\u00e9sus pour qu\u2019il soit flagell\u00e9. Les soldats tress\u00e8rent avec des \u00e9pines une couronne qu\u2019ils lui pos\u00e8rent sur la t\u00eate\u00a0; puis ils le rev\u00eatirent d\u2019un manteau pourpre. Ils s\u2019avan\u00e7aient vers lui et ils disaient\u00a0: \u201cSalut \u00e0 toi, roi des Juifs\u00a0!\u201d Et ils le giflaient.\u00a0\u00bb<\/em> Jn 19,1-3<\/p>\n\n\n\n<p><strong>Le couronnement d\u2019\u00e9pines<\/strong> &#8211; Fruit du myst\u00e8re\u00a0: rester humble. <\/p>\n\n\n\n<p><em>\u00ab\u00a0Alors les soldats du gouverneur emmen\u00e8rent J\u00e9sus dans la salle du Pr\u00e9toire et rassembl\u00e8rent autour de lui toute la garde. Ils lui enlev\u00e8rent ses v\u00eatements et le couvrirent d\u2019un manteau rouge. Puis, avec des \u00e9pines, ils tress\u00e8rent une couronne, et la pos\u00e8rent sur sa t\u00eate\u00a0; ils lui mirent un roseau dans la main droite et, pour se moquer de lui, ils s\u2019agenouillaient devant lui en disant\u00a0: \u201cSalut, roi des Juifs\u00a0!\u201d\u00a0\u00bb<\/em> Mt 27, 27-29<\/p>\n\n\n\n<p><strong>Le portement de croix<\/strong> &#8211; Fruit du myst\u00e8re\u00a0: prendre sa croix de tous les jours. <em>\u00ab\u00a0Et ils r\u00e9quisitionnent, pour porter sa croix, un passant, Simon de Cyr\u00e8ne, le p\u00e8re d\u2019Alexandre et de Rufus, qui revenait des champs. Et ils am\u00e8nent J\u00e9sus au lieu dit Golgotha, ce qui se traduit\u00a0: Lieu-du-Cr\u00e2ne (ou Calvaire).\u00a0\u00bb<\/em> Mc 15, 21-22<\/p>\n\n\n\n<p><strong>La crucifixion et la mort de J\u00e9sus sur la croix<\/strong> &#8211; Fruit du myst\u00e8re\u00a0: br\u00fbler d\u2019amour pour Dieu. <\/p>\n\n\n\n<p><em>\u00ab\u00a0Lorsqu\u2019ils furent arriv\u00e9s au lieu dit\u00a0: Le Cr\u00e2ne (ou Calvaire), l\u00e0 ils crucifi\u00e8rent J\u00e9sus, avec les deux malfaiteurs, l\u2019un \u00e0 droite et l\u2019autre \u00e0 gauche. J\u00e9sus disait\u00a0: \u201cP\u00e8re, pardonne-leur\u00a0: ils ne savent pas ce qu\u2019ils font.\u201d (\u2026) C\u2019\u00e9tait d\u00e9j\u00e0 environ la sixi\u00e8me heure (c\u2019est-\u00e0-dire\u00a0: midi)\u00a0; l\u2019obscurit\u00e9 se fit sur toute la terre jusqu\u2019\u00e0 la neuvi\u00e8me heure, car le soleil s\u2019\u00e9tait cach\u00e9. Le rideau du Sanctuaire se d\u00e9chira par le milieu. Alors, J\u00e9sus poussa un grand cri\u00a0: \u201cP\u00e8re, entre tes mains je remets mon esprit.\u201d Et apr\u00e8s avoir dit cela, il expira.\u00a0\u00bb<\/em> Lc 23, 32-33, 44-46<\/p>\n<\/div>\n\n\n\n<hr class=\"wp-block-separator has-alpha-channel-opacity\" \/>\n\n\n\n<p class=\"has-ouest-charente-color has-text-color has-link-color has-medium-font-size wp-elements-a7c23d84819df85bef15c88b5d0db882\"><strong>Les myst\u00e8res lumineux<\/strong> : Ils sont m\u00e9dit\u00e9s le jeudi.<\/p>\n\n\n\n<p>Cette s\u00e9rie de Myst\u00e8res du Rosaire a \u00e9t\u00e9 propos\u00e9e par saint Jean-Paul II en 2002. Ils permettent \u00ab&nbsp;de prendre en compte les myst\u00e8res de la vie publique du Christ entre le Bapt\u00eame et la Passion.&nbsp;\u00bb Passant de l\u2019enfance de J\u00e9sus et de la vie \u00e0 Nazareth \u00e0 sa vie publique, ils am\u00e8nent \u00e0 contempler ces myst\u00e8res que l\u2019on peut appeler, \u00e0 un titre sp\u00e9cial, \u201cmyst\u00e8res de lumi\u00e8re\u201d. Chacun de ces myst\u00e8res est une r\u00e9v\u00e9lation du Royaume d\u00e9sormais pr\u00e9sent dans la personne de J\u00e9sus.<\/p>\n\n\n\n<div class=\"wp-block-group is-vertical is-layout-flex wp-container-core-group-is-layout-fe9cc265 wp-block-group-is-layout-flex\">\n<p><strong>Le Bapt\u00eame du Christ dans le Jourdain<\/strong> &#8211; Fruit du myst\u00e8re&nbsp;: raviver en nous la gr\u00e2ce de notre bapt\u00eame.<br><em>\u00ab&nbsp;D\u00e8s que J\u00e9sus fut baptis\u00e9, il remonta de l\u2019eau, et voici que les cieux s\u2019ouvrirent&nbsp;: il vit l\u2019Esprit de Dieu descendre comme une colombe et venir sur lui. Et des cieux, une voix disait&nbsp;: \u201cCelui-ci est mon Fils bien-aim\u00e9, en qui je trouve ma joie.\u201d&nbsp;\u00bb<\/em> Mt 3,16-17<\/p>\n\n\n\n<p><strong>Le miracle de Cana<\/strong> &#8211; Fruit du myst\u00e8re&nbsp;: l\u2019amour de l\u2019\u00c9glise<br><em>\u00ab&nbsp;Le troisi\u00e8me jour, il y eut un mariage \u00e0 Cana de Galil\u00e9e. La m\u00e8re de J\u00e9sus \u00e9tait l\u00e0. J\u00e9sus aussi avait \u00e9t\u00e9 invit\u00e9 au mariage avec ses disciples. Or, on manqua de vin. La m\u00e8re de J\u00e9sus lui dit&nbsp;: \u201cIls n\u2019ont pas de vin.\u201d J\u00e9sus lui r\u00e9pond&nbsp;: \u201cFemme, que me veux-tu&nbsp;? Mon heure n\u2019est pas encore venue.\u201d Sa m\u00e8re dit \u00e0 ceux qui servaient&nbsp;: \u201cTout ce qu\u2019il vous dira, faites-le.\u201d&nbsp;\u00bb<\/em> Jn 2, 1-5<\/p>\n\n\n\n<p><strong>L\u2019annonce du Royaume<\/strong> &#8211; Fruit du myst\u00e8re&nbsp;: la conversion<br><em>\u00ab&nbsp;Les temps sont accomplis&nbsp;: le r\u00e8gne de Dieu est tout proche. Convertissez-vous et croyez \u00e0 l\u2019\u00c9vangile.&nbsp;\u00bb<\/em> Mc 1, 15<\/p>\n\n\n\n<p><strong>La Transfiguration<\/strong> &#8211; Fruit du myst\u00e8re&nbsp;: la gr\u00e2ce d\u2019une vie int\u00e9rieure<br><em>\u00ab&nbsp;Six jours apr\u00e8s, J\u00e9sus prend avec lui Pierre, Jacques et Jean son fr\u00e8re, et il les emm\u00e8ne \u00e0 l\u2019\u00e9cart, sur une haute montagne. Il fut transfigur\u00e9 devant eux&nbsp;; son visage devint brillant comme le soleil, et ses v\u00eatements, blancs comme la lumi\u00e8re.&nbsp;\u00bb<\/em> Mt 17, 1-2<\/p>\n\n\n\n<p><strong>L\u2019Institution de l\u2019Eucharistie<\/strong> &#8211; Fruit du myst\u00e8re&nbsp;: la foi en la pr\u00e9sence r\u00e9elle<br><em>\u00ab&nbsp;Pendant le repas, J\u00e9sus, ayant pris du pain et prononc\u00e9 la b\u00e9n\u00e9diction, le rompit et, le donnant aux disciples, il dit&nbsp;: \u201cPrenez, mangez&nbsp;: ceci est mon corps.\u201d&nbsp;\u00bb<\/em> Mt 26, 26<\/p>\n<\/div>\n\n\n\n<hr class=\"wp-block-separator has-alpha-channel-opacity\" \/>\n\n\n\n<p class=\"has-ouest-charente-color has-text-color has-link-color has-medium-font-size wp-elements-999146e70cadc20d25f912475a804eb9\"><strong>Les myst\u00e8res glorieux<\/strong>  :  Ils sont m\u00e9dit\u00e9s le mercredi et le dimanche<\/p>\n\n\n\n<p>En contemplant le Ressuscit\u00e9, le chr\u00e9tien red\u00e9couvre les raisons de sa propre foi (cf. 1 Co 15,14), et il revit la joie non seulement de ceux \u00e0 qui le Christ s\u2019est manifest\u00e9 \u2013 les Ap\u00f4tres, Marie-Madeleine, les disciples d\u2019Emma\u00fcs \u2013, mais aussi la joie de Marie, qui a d\u00fb faire une exp\u00e9rience non moins intense de la vie nouvelle de son Fils glorifi\u00e9.<\/p>\n\n\n\n<div class=\"wp-block-group is-vertical is-layout-flex wp-container-core-group-is-layout-fe9cc265 wp-block-group-is-layout-flex\">\n<p><strong>La R\u00e9surrection<\/strong> &#8211; Fruit du myst\u00e8re&nbsp;: vivre en homme nouveau.<br><em>\u00ab&nbsp;Le premier jour de la semaine, de grand matin, les femmes se rendirent au s\u00e9pulcre, portant des aromates qu\u2019elles avaient pr\u00e9par\u00e9s. Elles trouv\u00e8rent la pierre roul\u00e9e sur le c\u00f4t\u00e9 du tombeau. Elles entr\u00e8rent, mais ne trouv\u00e8rent pas le corps du Seigneur J\u00e9sus. Elles ne savaient que penser, lorsque deux hommes se pr\u00e9sent\u00e8rent \u00e0 elles, avec un v\u00eatement \u00e9blouissant. Saisies de crainte, elles baissaient le visage vers le sol. Ils leur dirent&nbsp;: \u201cPourquoi cherchez-vous le Vivant parmi les morts&nbsp;? Il n\u2019est pas ici, il est ressuscit\u00e9.\u201d<\/em> Lc 24, 1-6<\/p>\n\n\n\n<p><strong>L\u2019Ascension<\/strong> &#8211; Fruit du myst\u00e8re&nbsp;: aspirer aux choses d\u2019en haut.<br><em>\u00ab&nbsp;Le Seigneur J\u00e9sus, apr\u00e8s leur avoir parl\u00e9, fut enlev\u00e9 au ciel et s\u2019assit \u00e0 la droite de Dieu.&nbsp;\u00bb<\/em> Mc 16, 19<\/p>\n\n\n\n<p><strong>La Pentec\u00f4te<\/strong> &#8211; Fruit du myst\u00e8re&nbsp;: se laisser guider par l\u2019Esprit.<br><em>\u00ab&nbsp;Quand arriva le jour de la Pentec\u00f4te, au terme des cinquante jours, ils se trouvaient r\u00e9unis tous ensemble. Soudain un bruit survint du ciel comme un violent coup de vent&nbsp;: la maison o\u00f9 ils \u00e9taient assis en fut remplie tout enti\u00e8re. Alors leur apparurent des langues qu\u2019on aurait dites de feu, qui se partageaient, et il s\u2019en posa une sur chacun d\u2019eux. Tous furent remplis d\u2019Esprit Saint&nbsp;: ils se mirent \u00e0 parler en d\u2019autres langues, et chacun s\u2019exprimait selon le don de l\u2019Esprit.&nbsp;\u00bb<\/em> Ac 2, 1-4<\/p>\n\n\n\n<p><strong>L\u2019Assomption<\/strong> &#8211; Fruit du myst\u00e8re&nbsp;: demander la gr\u00e2ce d\u2019une bonne mort.<br><em>\u00ab&nbsp;Il s\u2019est pench\u00e9 sur son humble servante&nbsp;; d\u00e9sormais tous les \u00e2ges me diront bienheureuse. Le Puissant fit pour moi des merveilles&nbsp;; Saint est son nom&nbsp;!&nbsp;\u00bb<\/em> Lc 1, 48-49<\/p>\n\n\n\n<p><strong>Le Couronnement de la Vierge Marie <\/strong>&#8211; Fruit du myst\u00e8re&nbsp;: se confier \u00e0 la Vierge Marie.<br><em>\u00ab&nbsp;Un signe grandiose apparut dans le ciel&nbsp;: une Femme, ayant le soleil pour manteau, la lune sous les pieds, et sur la t\u00eate une couronne de douze \u00e9toiles.&nbsp;\u00bb<\/em> Ap 12, 1<\/p>\n<\/div>\n","protected":false},"author":64,"featured_media":0,"parent":31626,"menu_order":14,"template":"","meta":{"_acf_changed":false,"paroisse":["23"],"service":[],"footnotes":""},"class_list":["post-33427","paroisse","type-paroisse","status-publish","hentry"],"acf":[],"yoast_head":"<!-- This site is optimized with the Yoast SEO plugin v27.1.1 - https:\/\/yoast.com\/product\/yoast-seo-wordpress\/ -->\n<title>Comment prier le chapelet ? - Doyenn\u00e9 Ouest Charente<\/title>\n<meta name=\"robots\" content=\"index, follow, max-snippet:-1, max-image-preview:large, max-video-preview:-1\" \/>\n<link rel=\"canonical\" href=\"https:\/\/charente.catholique.fr\/ouest-charente\/paroisses\/notre-dame-des-borderies\/vie-de-la-paroisse\/comment-prier-le-chapelet\/\" \/>\n<meta property=\"og:locale\" content=\"fr_FR\" \/>\n<meta property=\"og:type\" content=\"article\" \/>\n<meta property=\"og:title\" content=\"Comment prier le chapelet ? - Doyenn\u00e9 Ouest Charente\" \/>\n<meta property=\"og:description\" content=\"On commence par le Signe de Croix&nbsp;: \u00ab&nbsp;Au nom du P\u00e8re, du Fils et du Saint Esprit. Amen.&nbsp;\u00bb Puis, on redit notre foi avec la pri\u00e8re du Je Crois en Dieu. Sur le Premier grain, on dit le Notre P\u00e8re puis sur les trois grains suivants&nbsp;: trois Je vous salue Marie et le Gloire au [&hellip;]\" \/>\n<meta property=\"og:url\" content=\"https:\/\/charente.catholique.fr\/ouest-charente\/paroisses\/notre-dame-des-borderies\/vie-de-la-paroisse\/comment-prier-le-chapelet\/\" \/>\n<meta property=\"og:site_name\" content=\"Doyenn\u00e9 Ouest Charente\" \/>\n<meta property=\"article:publisher\" content=\"https:\/\/www.facebook.com\/EgliseCatholiqueCharente\" \/>\n<meta property=\"article:modified_time\" content=\"2024-02-04T21:16:13+00:00\" \/>\n<meta name=\"twitter:card\" content=\"summary_large_image\" \/>\n<meta name=\"twitter:site\" content=\"@diocesecharente\" \/>\n<meta name=\"twitter:label1\" content=\"Dur\u00e9e de lecture estim\u00e9e\" \/>\n\t<meta name=\"twitter:data1\" content=\"11 minutes\" \/>\n<script type=\"application\/ld+json\" class=\"yoast-schema-graph\">{\"@context\":\"https:\/\/schema.org\",\"@graph\":[{\"@type\":\"WebPage\",\"@id\":\"https:\/\/charente.catholique.fr\/ouest-charente\/paroisses\/notre-dame-des-borderies\/vie-de-la-paroisse\/comment-prier-le-chapelet\/\",\"url\":\"https:\/\/charente.catholique.fr\/ouest-charente\/paroisses\/notre-dame-des-borderies\/vie-de-la-paroisse\/comment-prier-le-chapelet\/\",\"name\":\"Comment prier le chapelet ? - Doyenn\u00e9 Ouest Charente\",\"isPartOf\":{\"@id\":\"https:\/\/charente.catholique.fr\/ouest-charente\/#website\"},\"datePublished\":\"2024-02-04T20:47:25+00:00\",\"dateModified\":\"2024-02-04T21:16:13+00:00\",\"breadcrumb\":{\"@id\":\"https:\/\/charente.catholique.fr\/ouest-charente\/paroisses\/notre-dame-des-borderies\/vie-de-la-paroisse\/comment-prier-le-chapelet\/#breadcrumb\"},\"inLanguage\":\"fr-FR\",\"potentialAction\":[{\"@type\":\"ReadAction\",\"target\":[\"https:\/\/charente.catholique.fr\/ouest-charente\/paroisses\/notre-dame-des-borderies\/vie-de-la-paroisse\/comment-prier-le-chapelet\/\"]}]},{\"@type\":\"BreadcrumbList\",\"@id\":\"https:\/\/charente.catholique.fr\/ouest-charente\/paroisses\/notre-dame-des-borderies\/vie-de-la-paroisse\/comment-prier-le-chapelet\/#breadcrumb\",\"itemListElement\":[{\"@type\":\"ListItem\",\"position\":1,\"name\":\"Accueil\",\"item\":\"https:\/\/charente.catholique.fr\/ouest-charente\/\"},{\"@type\":\"ListItem\",\"position\":2,\"name\":\"Notre Dame des Borderies\",\"item\":\"https:\/\/charente.catholique.fr\/ouest-charente\/paroisses\/notre-dame-des-borderies\/\"},{\"@type\":\"ListItem\",\"position\":3,\"name\":\"Vie de la paroisse, du doyenn\u00e9 et du dioc\u00e8se\",\"item\":\"https:\/\/charente.catholique.fr\/ouest-charente\/paroisses\/notre-dame-des-borderies\/vie-de-la-paroisse\/\"},{\"@type\":\"ListItem\",\"position\":4,\"name\":\"Comment prier le chapelet ?\"}]},{\"@type\":\"WebSite\",\"@id\":\"https:\/\/charente.catholique.fr\/ouest-charente\/#website\",\"url\":\"https:\/\/charente.catholique.fr\/ouest-charente\/\",\"name\":\"Doyenn\u00e9 Ouest Charente - Dioc\u00e8se d'Angoul\u00eame\",\"description\":\"Dioc\u00e8se d&#039;Angoul\u00eame\",\"publisher\":{\"@id\":\"https:\/\/charente.catholique.fr\/ouest-charente\/#organization\"},\"potentialAction\":[{\"@type\":\"SearchAction\",\"target\":{\"@type\":\"EntryPoint\",\"urlTemplate\":\"https:\/\/charente.catholique.fr\/ouest-charente\/?s={search_term_string}\"},\"query-input\":{\"@type\":\"PropertyValueSpecification\",\"valueRequired\":true,\"valueName\":\"search_term_string\"}}],\"inLanguage\":\"fr-FR\"},{\"@type\":\"Organization\",\"@id\":\"https:\/\/charente.catholique.fr\/ouest-charente\/#organization\",\"name\":\"Association dioc\u00e9saine d'Angoul\u00eame\",\"url\":\"https:\/\/charente.catholique.fr\/ouest-charente\/\",\"logo\":{\"@type\":\"ImageObject\",\"inLanguage\":\"fr-FR\",\"@id\":\"https:\/\/charente.catholique.fr\/ouest-charente\/#\/schema\/logo\/image\/\",\"url\":\"https:\/\/charente.catholique.fr\/ouest-charente\/wp-content\/uploads\/sites\/6\/2020\/10\/logos.png\",\"contentUrl\":\"https:\/\/charente.catholique.fr\/ouest-charente\/wp-content\/uploads\/sites\/6\/2020\/10\/logos.png\",\"width\":600,\"height\":257,\"caption\":\"Association dioc\u00e9saine d'Angoul\u00eame\"},\"image\":{\"@id\":\"https:\/\/charente.catholique.fr\/ouest-charente\/#\/schema\/logo\/image\/\"},\"sameAs\":[\"https:\/\/www.facebook.com\/EgliseCatholiqueCharente\",\"https:\/\/x.com\/diocesecharente\",\"https:\/\/www.instagram.com\/eglisecharente\",\"https:\/\/www.youtube.com\/channel\/UCByyFWApZbw3gDTiADoiAaQ\"]}]}<\/script>\n<!-- \/ Yoast SEO plugin. -->","yoast_head_json":{"title":"Comment prier le chapelet ? - Doyenn\u00e9 Ouest Charente","robots":{"index":"index","follow":"follow","max-snippet":"max-snippet:-1","max-image-preview":"max-image-preview:large","max-video-preview":"max-video-preview:-1"},"canonical":"https:\/\/charente.catholique.fr\/ouest-charente\/paroisses\/notre-dame-des-borderies\/vie-de-la-paroisse\/comment-prier-le-chapelet\/","og_locale":"fr_FR","og_type":"article","og_title":"Comment prier le chapelet ? - Doyenn\u00e9 Ouest Charente","og_description":"On commence par le Signe de Croix&nbsp;: \u00ab&nbsp;Au nom du P\u00e8re, du Fils et du Saint Esprit. Amen.&nbsp;\u00bb Puis, on redit notre foi avec la pri\u00e8re du Je Crois en Dieu. Sur le Premier grain, on dit le Notre P\u00e8re puis sur les trois grains suivants&nbsp;: trois Je vous salue Marie et le Gloire au [&hellip;]","og_url":"https:\/\/charente.catholique.fr\/ouest-charente\/paroisses\/notre-dame-des-borderies\/vie-de-la-paroisse\/comment-prier-le-chapelet\/","og_site_name":"Doyenn\u00e9 Ouest Charente","article_publisher":"https:\/\/www.facebook.com\/EgliseCatholiqueCharente","article_modified_time":"2024-02-04T21:16:13+00:00","twitter_card":"summary_large_image","twitter_site":"@diocesecharente","twitter_misc":{"Dur\u00e9e de lecture estim\u00e9e":"11 minutes"},"schema":{"@context":"https:\/\/schema.org","@graph":[{"@type":"WebPage","@id":"https:\/\/charente.catholique.fr\/ouest-charente\/paroisses\/notre-dame-des-borderies\/vie-de-la-paroisse\/comment-prier-le-chapelet\/","url":"https:\/\/charente.catholique.fr\/ouest-charente\/paroisses\/notre-dame-des-borderies\/vie-de-la-paroisse\/comment-prier-le-chapelet\/","name":"Comment prier le chapelet ? - Doyenn\u00e9 Ouest Charente","isPartOf":{"@id":"https:\/\/charente.catholique.fr\/ouest-charente\/#website"},"datePublished":"2024-02-04T20:47:25+00:00","dateModified":"2024-02-04T21:16:13+00:00","breadcrumb":{"@id":"https:\/\/charente.catholique.fr\/ouest-charente\/paroisses\/notre-dame-des-borderies\/vie-de-la-paroisse\/comment-prier-le-chapelet\/#breadcrumb"},"inLanguage":"fr-FR","potentialAction":[{"@type":"ReadAction","target":["https:\/\/charente.catholique.fr\/ouest-charente\/paroisses\/notre-dame-des-borderies\/vie-de-la-paroisse\/comment-prier-le-chapelet\/"]}]},{"@type":"BreadcrumbList","@id":"https:\/\/charente.catholique.fr\/ouest-charente\/paroisses\/notre-dame-des-borderies\/vie-de-la-paroisse\/comment-prier-le-chapelet\/#breadcrumb","itemListElement":[{"@type":"ListItem","position":1,"name":"Accueil","item":"https:\/\/charente.catholique.fr\/ouest-charente\/"},{"@type":"ListItem","position":2,"name":"Notre Dame des Borderies","item":"https:\/\/charente.catholique.fr\/ouest-charente\/paroisses\/notre-dame-des-borderies\/"},{"@type":"ListItem","position":3,"name":"Vie de la paroisse, du doyenn\u00e9 et du dioc\u00e8se","item":"https:\/\/charente.catholique.fr\/ouest-charente\/paroisses\/notre-dame-des-borderies\/vie-de-la-paroisse\/"},{"@type":"ListItem","position":4,"name":"Comment prier le chapelet ?"}]},{"@type":"WebSite","@id":"https:\/\/charente.catholique.fr\/ouest-charente\/#website","url":"https:\/\/charente.catholique.fr\/ouest-charente\/","name":"Doyenn\u00e9 Ouest Charente - Dioc\u00e8se d'Angoul\u00eame","description":"Dioc\u00e8se d&#039;Angoul\u00eame","publisher":{"@id":"https:\/\/charente.catholique.fr\/ouest-charente\/#organization"},"potentialAction":[{"@type":"SearchAction","target":{"@type":"EntryPoint","urlTemplate":"https:\/\/charente.catholique.fr\/ouest-charente\/?s={search_term_string}"},"query-input":{"@type":"PropertyValueSpecification","valueRequired":true,"valueName":"search_term_string"}}],"inLanguage":"fr-FR"},{"@type":"Organization","@id":"https:\/\/charente.catholique.fr\/ouest-charente\/#organization","name":"Association dioc\u00e9saine d'Angoul\u00eame","url":"https:\/\/charente.catholique.fr\/ouest-charente\/","logo":{"@type":"ImageObject","inLanguage":"fr-FR","@id":"https:\/\/charente.catholique.fr\/ouest-charente\/#\/schema\/logo\/image\/","url":"https:\/\/charente.catholique.fr\/ouest-charente\/wp-content\/uploads\/sites\/6\/2020\/10\/logos.png","contentUrl":"https:\/\/charente.catholique.fr\/ouest-charente\/wp-content\/uploads\/sites\/6\/2020\/10\/logos.png","width":600,"height":257,"caption":"Association dioc\u00e9saine d'Angoul\u00eame"},"image":{"@id":"https:\/\/charente.catholique.fr\/ouest-charente\/#\/schema\/logo\/image\/"},"sameAs":["https:\/\/www.facebook.com\/EgliseCatholiqueCharente","https:\/\/x.com\/diocesecharente","https:\/\/www.instagram.com\/eglisecharente","https:\/\/www.youtube.com\/channel\/UCByyFWApZbw3gDTiADoiAaQ"]}]}},"_links":{"self":[{"href":"https:\/\/charente.catholique.fr\/ouest-charente\/wp-json\/wp\/v2\/paroisse\/33427","targetHints":{"allow":["GET"]}}],"collection":[{"href":"https:\/\/charente.catholique.fr\/ouest-charente\/wp-json\/wp\/v2\/paroisse"}],"about":[{"href":"https:\/\/charente.catholique.fr\/ouest-charente\/wp-json\/wp\/v2\/types\/paroisse"}],"author":[{"embeddable":true,"href":"https:\/\/charente.catholique.fr\/ouest-charente\/wp-json\/wp\/v2\/users\/64"}],"version-history":[{"count":2,"href":"https:\/\/charente.catholique.fr\/ouest-charente\/wp-json\/wp\/v2\/paroisse\/33427\/revisions"}],"predecessor-version":[{"id":33438,"href":"https:\/\/charente.catholique.fr\/ouest-charente\/wp-json\/wp\/v2\/paroisse\/33427\/revisions\/33438"}],"up":[{"embeddable":true,"href":"https:\/\/charente.catholique.fr\/ouest-charente\/wp-json\/wp\/v2\/paroisse\/31626"}],"wp:attachment":[{"href":"https:\/\/charente.catholique.fr\/ouest-charente\/wp-json\/wp\/v2\/media?parent=33427"}],"curies":[{"name":"wp","href":"https:\/\/api.w.org\/{rel}","templated":true}]}}