{"id":33425,"date":"2024-02-04T21:04:50","date_gmt":"2024-02-04T20:04:50","guid":{"rendered":"https:\/\/charente.catholique.fr\/ouest-charente\/?post_type=paroisse&#038;p=33425"},"modified":"2024-02-27T17:20:07","modified_gmt":"2024-02-27T16:20:07","slug":"la-messe-pas-a-pas","status":"publish","type":"paroisse","link":"https:\/\/charente.catholique.fr\/ouest-charente\/paroisses\/notre-dame-des-borderies\/vivre-la-messse\/la-messe-pas-a-pas\/","title":{"rendered":"La Messe pas \u00e0 pas&#8230;"},"content":{"rendered":"<div class=\"wp-block-image\">\n<figure class=\"alignleft is-resized\"><a href=\"https:\/\/liturgie.catholique.fr\/wp-content\/uploads\/sites\/11\/2019\/11\/Taille-image-article-SNCC-12.png\"><img decoding=\"async\" src=\"https:\/\/liturgie.catholique.fr\/wp-content\/uploads\/sites\/11\/2019\/11\/Taille-image-article-SNCC-12-300x231.png\" alt=\"\" class=\"wp-image-307513\" style=\"width:338px;height:auto\" \/><\/a><\/figure>\n<\/div>\n\n\n<p><\/p>\n\n\n\n<h2 class=\"wp-block-heading has-text-align-left has-medium-font-size\" style=\"text-transform:none\">La mise en \u0153uvre de la nouvelle traduction du Missel romain pour faire grandir notre \u00ab go\u00fbt \u00bb de la <a href=\"https:\/\/liturgie.catholique.fr\/lexique\/messe\">messe<\/a> ?<br>En 16 \u00e9tapes, une \u00e9quipe de la paroisse du Sacr\u00e9 C\u0153ur dans le dioc\u00e8se d\u2019Orl\u00e9ans a fait le pari de proposer aux autres paroissiens une page \u00e0 m\u00e9diter pour red\u00e9couvrir comment, au cours de chaque <a href=\"https:\/\/liturgie.catholique.fr\/lexique\/messe\">messe<\/a>, le Christ appelle pas \u00e0 pas \u00e0 marcher avec lui.<br>Comment se d\u00e9roule chaque \u00e9tape ? Que s\u2019y passe t-il ? Pour y vivre quoi, personnellement et communautairement ?<\/h2>\n\n\n\n<div style=\"height:41px\" aria-hidden=\"true\" class=\"wp-block-spacer\"><\/div>\n\n\n\n<p class=\"has-medium-font-size\"><strong><em>D\u00e9couvrez les 16 modules : cliquer sur les liens pour aller sur les pages \u00e9dit\u00e9es par le Service National de la Pastorale Liturgique et Sacramentelle.<\/em><\/strong><\/p>\n\n\n\n<p class=\"has-medium-font-size\"><a href=\"https:\/\/liturgie.catholique.fr\/wp-content\/uploads\/sites\/11\/2022\/04\/La-Messe...-pas-a-pas-1-16.pdf\"><strong>De l&#8217;entr\u00e9e au mot d&#8217;accueil<\/strong><\/a><\/p>\n\n\n\n<p class=\"has-medium-font-size\"><a href=\"https:\/\/liturgie.catholique.fr\/wp-content\/uploads\/sites\/11\/2022\/04\/La-Messe...-pas-a-pas-2-16.pdf\"><strong>La pr\u00e9paration p\u00e9nitentielle et le kyrie<\/strong><\/a><\/p>\n\n\n\n<p class=\"has-medium-font-size\"><a href=\"https:\/\/liturgie.catholique.fr\/wp-content\/uploads\/sites\/11\/2022\/04\/La-Messe...-pas-a-pas-3-16.pdf\"><strong>Le Gloire \u00e0 Dieu (Gloria)<\/strong><\/a><\/p>\n\n\n\n<p class=\"has-medium-font-size\"><a href=\"https:\/\/liturgie.catholique.fr\/wp-content\/uploads\/sites\/11\/2022\/04\/La-Messe...-pas-a-pas-4-16.pdf\"><strong>La liturgie de la Parole : la premi\u00e8re lecture, la deuxi\u00e8me\u2026<\/strong><\/a><\/p>\n\n\n\n<p class=\"has-medium-font-size\"><a href=\"https:\/\/liturgie.catholique.fr\/wp-content\/uploads\/sites\/11\/2022\/04\/La-Messe...-pas-a-pas-5-16.pdf\"><strong>La liturgie de la Parole : entre deux lectures, un psaume.<\/strong><\/a><\/p>\n\n\n\n<p class=\"has-medium-font-size\"><a href=\"https:\/\/liturgie.catholique.fr\/wp-content\/uploads\/sites\/11\/2022\/04\/La-Messe...-pas-a-pas-6-16.pdf\"><strong>La liturgie de la Parole : l\u2019All\u00e9luia avant l\u2019\u00c9vangile<\/strong><\/a><\/p>\n\n\n\n<p class=\"has-medium-font-size\"><a href=\"https:\/\/liturgie.catholique.fr\/wp-content\/uploads\/sites\/11\/2022\/04\/La-Messe...-pas-a-pas-7-16.pdf\"><strong>La profession de foi et la pri\u00e8re universelle<\/strong><\/a><\/p>\n\n\n\n<p class=\"has-medium-font-size\"><a href=\"https:\/\/liturgie.catholique.fr\/wp-content\/uploads\/sites\/11\/2022\/04\/La-Messe...-pas-a-pas-8-16.pdf\"><strong>C\u00e9l\u00e9brer la m\u00e9moire du Christ : la qu\u00eate, la pr\u00e9paration des dons\u2026<\/strong><\/a><\/p>\n\n\n\n<p class=\"has-medium-font-size\"><a href=\"https:\/\/liturgie.catholique.fr\/wp-content\/uploads\/sites\/11\/2022\/04\/La-Messe...-pas-a-pas-9-12.pdf\"><strong>C\u00e9l\u00e9brer la m\u00e9moire du Christ : la pri\u00e8re sur les offrandes, la pr\u00e9face, le sanctus\u2026<\/strong><\/a><\/p>\n\n\n\n<p class=\"has-medium-font-size\"><a href=\"https:\/\/liturgie.catholique.fr\/wp-content\/uploads\/sites\/11\/2022\/04\/La-Messe-pas-a-pas-10.pdf\"><strong>C\u00e9l\u00e9brer la m\u00e9moire du Christ : la premi\u00e8re \u00e9picl\u00e8se, le r\u00e9cit de l\u2019Institution, l\u2019anamn\u00e8se\u2026<\/strong><\/a><\/p>\n\n\n\n<p class=\"has-medium-font-size\"><a href=\"https:\/\/liturgie.catholique.fr\/wp-content\/uploads\/sites\/11\/2022\/04\/La-Messe-pas-a-pas-11.pdf\"><strong>C\u00e9l\u00e9brer la m\u00e9moire du Christ : la seconde \u00e9picl\u00e8se, les intercessions , la doxologie\u2026<\/strong><\/a><\/p>\n\n\n\n<p class=\"has-medium-font-size\"><a href=\"https:\/\/liturgie.catholique.fr\/wp-content\/uploads\/sites\/11\/2022\/05\/La-Messe-pas-a-pas-12.pdf\"><strong>Les rites de communion : Le Notre P\u00e8re, l\u2019embolisme et la doxologie<\/strong><\/a><\/p>\n\n\n\n<p class=\"has-medium-font-size\"><a href=\"https:\/\/liturgie.catholique.fr\/wp-content\/uploads\/sites\/11\/2022\/05\/La-Messe...-pas-a-pas-13-16.pdf\"><strong>Les rites de communion : le geste de paix, la fraction du pain, le chant de l\u2019Agnus Dei \u2026<\/strong><\/a><\/p>\n\n\n\n<p class=\"has-medium-font-size\"><a href=\"https:\/\/liturgie.catholique.fr\/wp-content\/uploads\/sites\/11\/2022\/05\/La-Messe...-pas-a-pas-14-16.pdf\"><strong>C\u00e9l\u00e9brer la m\u00e9moire du Christ : Les pri\u00e8res avant la communion, le rite de communion <\/strong><\/a><\/p>\n\n\n\n<p class=\"has-medium-font-size\"><a href=\"https:\/\/liturgie.catholique.fr\/wp-content\/uploads\/sites\/11\/2022\/06\/La-Messe...-pas-a-pas-15-16.pdf\"><strong>Les rites de conclusion : les annonces, la b\u00e9n\u00e9diction, l\u2019envoi<\/strong><\/a><\/p>\n\n\n\n<p class=\"has-medium-font-size\"><a href=\"https:\/\/liturgie.catholique.fr\/wp-content\/uploads\/sites\/11\/2022\/06\/La-Messe...-pas-a-pas-16-16.pdf\"><strong>La messe, une action conjointe du Christ et du peuple de Dieu\u2026<\/strong><\/a><\/p>\n","protected":false},"author":64,"featured_media":33394,"parent":31628,"menu_order":19,"template":"","meta":{"_acf_changed":false,"paroisse":["23"],"service":[],"footnotes":""},"class_list":["post-33425","paroisse","type-paroisse","status-publish","has-post-thumbnail","hentry"],"acf":[],"yoast_head":"<!-- This site is optimized with the Yoast SEO plugin v27.1.1 - https:\/\/yoast.com\/product\/yoast-seo-wordpress\/ -->\n<title>La Messe pas \u00e0 pas... - Doyenn\u00e9 Ouest Charente<\/title>\n<meta name=\"robots\" content=\"index, follow, max-snippet:-1, max-image-preview:large, max-video-preview:-1\" \/>\n<link rel=\"canonical\" href=\"https:\/\/charente.catholique.fr\/ouest-charente\/paroisses\/notre-dame-des-borderies\/vivre-la-messse\/la-messe-pas-a-pas\/\" \/>\n<meta property=\"og:locale\" content=\"fr_FR\" \/>\n<meta property=\"og:type\" content=\"article\" \/>\n<meta property=\"og:title\" content=\"La Messe pas \u00e0 pas... - Doyenn\u00e9 Ouest Charente\" \/>\n<meta property=\"og:description\" content=\"La mise en \u0153uvre de la nouvelle traduction du Missel romain pour faire grandir notre \u00ab go\u00fbt \u00bb de la messe ?En 16 \u00e9tapes, une \u00e9quipe de la paroisse du Sacr\u00e9 C\u0153ur dans le dioc\u00e8se d\u2019Orl\u00e9ans a fait le pari de proposer aux autres paroissiens une page \u00e0 m\u00e9diter pour red\u00e9couvrir comment, au cours de [&hellip;]\" \/>\n<meta property=\"og:url\" content=\"https:\/\/charente.catholique.fr\/ouest-charente\/paroisses\/notre-dame-des-borderies\/vivre-la-messse\/la-messe-pas-a-pas\/\" \/>\n<meta property=\"og:site_name\" content=\"Doyenn\u00e9 Ouest Charente\" \/>\n<meta property=\"article:publisher\" content=\"https:\/\/www.facebook.com\/EgliseCatholiqueCharente\" \/>\n<meta property=\"article:modified_time\" content=\"2024-02-27T16:20:07+00:00\" \/>\n<meta property=\"og:image\" content=\"https:\/\/charente.catholique.fr\/ouest-charente\/wp-content\/uploads\/sites\/6\/2024\/01\/image-6.png\" \/>\n\t<meta property=\"og:image:width\" content=\"600\" \/>\n\t<meta property=\"og:image:height\" content=\"500\" \/>\n\t<meta property=\"og:image:type\" content=\"image\/png\" \/>\n<meta name=\"twitter:card\" content=\"summary_large_image\" \/>\n<meta name=\"twitter:site\" content=\"@diocesecharente\" \/>\n<meta name=\"twitter:label1\" content=\"Dur\u00e9e de lecture estim\u00e9e\" \/>\n\t<meta name=\"twitter:data1\" content=\"2 minutes\" \/>\n<script type=\"application\/ld+json\" class=\"yoast-schema-graph\">{\"@context\":\"https:\/\/schema.org\",\"@graph\":[{\"@type\":\"WebPage\",\"@id\":\"https:\/\/charente.catholique.fr\/ouest-charente\/paroisses\/notre-dame-des-borderies\/vivre-la-messse\/la-messe-pas-a-pas\/\",\"url\":\"https:\/\/charente.catholique.fr\/ouest-charente\/paroisses\/notre-dame-des-borderies\/vivre-la-messse\/la-messe-pas-a-pas\/\",\"name\":\"La Messe pas \u00e0 pas... - Doyenn\u00e9 Ouest Charente\",\"isPartOf\":{\"@id\":\"https:\/\/charente.catholique.fr\/ouest-charente\/#website\"},\"primaryImageOfPage\":{\"@id\":\"https:\/\/charente.catholique.fr\/ouest-charente\/paroisses\/notre-dame-des-borderies\/vivre-la-messse\/la-messe-pas-a-pas\/#primaryimage\"},\"image\":{\"@id\":\"https:\/\/charente.catholique.fr\/ouest-charente\/paroisses\/notre-dame-des-borderies\/vivre-la-messse\/la-messe-pas-a-pas\/#primaryimage\"},\"thumbnailUrl\":\"https:\/\/charente.catholique.fr\/ouest-charente\/wp-content\/uploads\/sites\/6\/2024\/01\/image-6.png\",\"datePublished\":\"2024-02-04T20:04:50+00:00\",\"dateModified\":\"2024-02-27T16:20:07+00:00\",\"breadcrumb\":{\"@id\":\"https:\/\/charente.catholique.fr\/ouest-charente\/paroisses\/notre-dame-des-borderies\/vivre-la-messse\/la-messe-pas-a-pas\/#breadcrumb\"},\"inLanguage\":\"fr-FR\",\"potentialAction\":[{\"@type\":\"ReadAction\",\"target\":[\"https:\/\/charente.catholique.fr\/ouest-charente\/paroisses\/notre-dame-des-borderies\/vivre-la-messse\/la-messe-pas-a-pas\/\"]}]},{\"@type\":\"ImageObject\",\"inLanguage\":\"fr-FR\",\"@id\":\"https:\/\/charente.catholique.fr\/ouest-charente\/paroisses\/notre-dame-des-borderies\/vivre-la-messse\/la-messe-pas-a-pas\/#primaryimage\",\"url\":\"https:\/\/charente.catholique.fr\/ouest-charente\/wp-content\/uploads\/sites\/6\/2024\/01\/image-6.png\",\"contentUrl\":\"https:\/\/charente.catholique.fr\/ouest-charente\/wp-content\/uploads\/sites\/6\/2024\/01\/image-6.png\",\"width\":600,\"height\":500},{\"@type\":\"BreadcrumbList\",\"@id\":\"https:\/\/charente.catholique.fr\/ouest-charente\/paroisses\/notre-dame-des-borderies\/vivre-la-messse\/la-messe-pas-a-pas\/#breadcrumb\",\"itemListElement\":[{\"@type\":\"ListItem\",\"position\":1,\"name\":\"Accueil\",\"item\":\"https:\/\/charente.catholique.fr\/ouest-charente\/\"},{\"@type\":\"ListItem\",\"position\":2,\"name\":\"Notre Dame des Borderies\",\"item\":\"https:\/\/charente.catholique.fr\/ouest-charente\/paroisses\/notre-dame-des-borderies\/\"},{\"@type\":\"ListItem\",\"position\":3,\"name\":\"La messe\",\"item\":\"https:\/\/charente.catholique.fr\/ouest-charente\/paroisses\/notre-dame-des-borderies\/vivre-la-messse\/\"},{\"@type\":\"ListItem\",\"position\":4,\"name\":\"La Messe pas \u00e0 pas&#8230;\"}]},{\"@type\":\"WebSite\",\"@id\":\"https:\/\/charente.catholique.fr\/ouest-charente\/#website\",\"url\":\"https:\/\/charente.catholique.fr\/ouest-charente\/\",\"name\":\"Doyenn\u00e9 Ouest Charente - Dioc\u00e8se d'Angoul\u00eame\",\"description\":\"Dioc\u00e8se d&#039;Angoul\u00eame\",\"publisher\":{\"@id\":\"https:\/\/charente.catholique.fr\/ouest-charente\/#organization\"},\"potentialAction\":[{\"@type\":\"SearchAction\",\"target\":{\"@type\":\"EntryPoint\",\"urlTemplate\":\"https:\/\/charente.catholique.fr\/ouest-charente\/?s={search_term_string}\"},\"query-input\":{\"@type\":\"PropertyValueSpecification\",\"valueRequired\":true,\"valueName\":\"search_term_string\"}}],\"inLanguage\":\"fr-FR\"},{\"@type\":\"Organization\",\"@id\":\"https:\/\/charente.catholique.fr\/ouest-charente\/#organization\",\"name\":\"Association dioc\u00e9saine d'Angoul\u00eame\",\"url\":\"https:\/\/charente.catholique.fr\/ouest-charente\/\",\"logo\":{\"@type\":\"ImageObject\",\"inLanguage\":\"fr-FR\",\"@id\":\"https:\/\/charente.catholique.fr\/ouest-charente\/#\/schema\/logo\/image\/\",\"url\":\"https:\/\/charente.catholique.fr\/ouest-charente\/wp-content\/uploads\/sites\/6\/2020\/10\/logos.png\",\"contentUrl\":\"https:\/\/charente.catholique.fr\/ouest-charente\/wp-content\/uploads\/sites\/6\/2020\/10\/logos.png\",\"width\":600,\"height\":257,\"caption\":\"Association dioc\u00e9saine d'Angoul\u00eame\"},\"image\":{\"@id\":\"https:\/\/charente.catholique.fr\/ouest-charente\/#\/schema\/logo\/image\/\"},\"sameAs\":[\"https:\/\/www.facebook.com\/EgliseCatholiqueCharente\",\"https:\/\/x.com\/diocesecharente\",\"https:\/\/www.instagram.com\/eglisecharente\",\"https:\/\/www.youtube.com\/channel\/UCByyFWApZbw3gDTiADoiAaQ\"]}]}<\/script>\n<!-- \/ Yoast SEO plugin. -->","yoast_head_json":{"title":"La Messe pas \u00e0 pas... - Doyenn\u00e9 Ouest Charente","robots":{"index":"index","follow":"follow","max-snippet":"max-snippet:-1","max-image-preview":"max-image-preview:large","max-video-preview":"max-video-preview:-1"},"canonical":"https:\/\/charente.catholique.fr\/ouest-charente\/paroisses\/notre-dame-des-borderies\/vivre-la-messse\/la-messe-pas-a-pas\/","og_locale":"fr_FR","og_type":"article","og_title":"La Messe pas \u00e0 pas... - Doyenn\u00e9 Ouest Charente","og_description":"La mise en \u0153uvre de la nouvelle traduction du Missel romain pour faire grandir notre \u00ab go\u00fbt \u00bb de la messe ?En 16 \u00e9tapes, une \u00e9quipe de la paroisse du Sacr\u00e9 C\u0153ur dans le dioc\u00e8se d\u2019Orl\u00e9ans a fait le pari de proposer aux autres paroissiens une page \u00e0 m\u00e9diter pour red\u00e9couvrir comment, au cours de [&hellip;]","og_url":"https:\/\/charente.catholique.fr\/ouest-charente\/paroisses\/notre-dame-des-borderies\/vivre-la-messse\/la-messe-pas-a-pas\/","og_site_name":"Doyenn\u00e9 Ouest Charente","article_publisher":"https:\/\/www.facebook.com\/EgliseCatholiqueCharente","article_modified_time":"2024-02-27T16:20:07+00:00","og_image":[{"width":600,"height":500,"url":"https:\/\/charente.catholique.fr\/ouest-charente\/wp-content\/uploads\/sites\/6\/2024\/01\/image-6.png","type":"image\/png"}],"twitter_card":"summary_large_image","twitter_site":"@diocesecharente","twitter_misc":{"Dur\u00e9e de lecture estim\u00e9e":"2 minutes"},"schema":{"@context":"https:\/\/schema.org","@graph":[{"@type":"WebPage","@id":"https:\/\/charente.catholique.fr\/ouest-charente\/paroisses\/notre-dame-des-borderies\/vivre-la-messse\/la-messe-pas-a-pas\/","url":"https:\/\/charente.catholique.fr\/ouest-charente\/paroisses\/notre-dame-des-borderies\/vivre-la-messse\/la-messe-pas-a-pas\/","name":"La Messe pas \u00e0 pas... - Doyenn\u00e9 Ouest Charente","isPartOf":{"@id":"https:\/\/charente.catholique.fr\/ouest-charente\/#website"},"primaryImageOfPage":{"@id":"https:\/\/charente.catholique.fr\/ouest-charente\/paroisses\/notre-dame-des-borderies\/vivre-la-messse\/la-messe-pas-a-pas\/#primaryimage"},"image":{"@id":"https:\/\/charente.catholique.fr\/ouest-charente\/paroisses\/notre-dame-des-borderies\/vivre-la-messse\/la-messe-pas-a-pas\/#primaryimage"},"thumbnailUrl":"https:\/\/charente.catholique.fr\/ouest-charente\/wp-content\/uploads\/sites\/6\/2024\/01\/image-6.png","datePublished":"2024-02-04T20:04:50+00:00","dateModified":"2024-02-27T16:20:07+00:00","breadcrumb":{"@id":"https:\/\/charente.catholique.fr\/ouest-charente\/paroisses\/notre-dame-des-borderies\/vivre-la-messse\/la-messe-pas-a-pas\/#breadcrumb"},"inLanguage":"fr-FR","potentialAction":[{"@type":"ReadAction","target":["https:\/\/charente.catholique.fr\/ouest-charente\/paroisses\/notre-dame-des-borderies\/vivre-la-messse\/la-messe-pas-a-pas\/"]}]},{"@type":"ImageObject","inLanguage":"fr-FR","@id":"https:\/\/charente.catholique.fr\/ouest-charente\/paroisses\/notre-dame-des-borderies\/vivre-la-messse\/la-messe-pas-a-pas\/#primaryimage","url":"https:\/\/charente.catholique.fr\/ouest-charente\/wp-content\/uploads\/sites\/6\/2024\/01\/image-6.png","contentUrl":"https:\/\/charente.catholique.fr\/ouest-charente\/wp-content\/uploads\/sites\/6\/2024\/01\/image-6.png","width":600,"height":500},{"@type":"BreadcrumbList","@id":"https:\/\/charente.catholique.fr\/ouest-charente\/paroisses\/notre-dame-des-borderies\/vivre-la-messse\/la-messe-pas-a-pas\/#breadcrumb","itemListElement":[{"@type":"ListItem","position":1,"name":"Accueil","item":"https:\/\/charente.catholique.fr\/ouest-charente\/"},{"@type":"ListItem","position":2,"name":"Notre Dame des Borderies","item":"https:\/\/charente.catholique.fr\/ouest-charente\/paroisses\/notre-dame-des-borderies\/"},{"@type":"ListItem","position":3,"name":"La messe","item":"https:\/\/charente.catholique.fr\/ouest-charente\/paroisses\/notre-dame-des-borderies\/vivre-la-messse\/"},{"@type":"ListItem","position":4,"name":"La Messe pas \u00e0 pas&#8230;"}]},{"@type":"WebSite","@id":"https:\/\/charente.catholique.fr\/ouest-charente\/#website","url":"https:\/\/charente.catholique.fr\/ouest-charente\/","name":"Doyenn\u00e9 Ouest Charente - Dioc\u00e8se d'Angoul\u00eame","description":"Dioc\u00e8se d&#039;Angoul\u00eame","publisher":{"@id":"https:\/\/charente.catholique.fr\/ouest-charente\/#organization"},"potentialAction":[{"@type":"SearchAction","target":{"@type":"EntryPoint","urlTemplate":"https:\/\/charente.catholique.fr\/ouest-charente\/?s={search_term_string}"},"query-input":{"@type":"PropertyValueSpecification","valueRequired":true,"valueName":"search_term_string"}}],"inLanguage":"fr-FR"},{"@type":"Organization","@id":"https:\/\/charente.catholique.fr\/ouest-charente\/#organization","name":"Association dioc\u00e9saine d'Angoul\u00eame","url":"https:\/\/charente.catholique.fr\/ouest-charente\/","logo":{"@type":"ImageObject","inLanguage":"fr-FR","@id":"https:\/\/charente.catholique.fr\/ouest-charente\/#\/schema\/logo\/image\/","url":"https:\/\/charente.catholique.fr\/ouest-charente\/wp-content\/uploads\/sites\/6\/2020\/10\/logos.png","contentUrl":"https:\/\/charente.catholique.fr\/ouest-charente\/wp-content\/uploads\/sites\/6\/2020\/10\/logos.png","width":600,"height":257,"caption":"Association dioc\u00e9saine d'Angoul\u00eame"},"image":{"@id":"https:\/\/charente.catholique.fr\/ouest-charente\/#\/schema\/logo\/image\/"},"sameAs":["https:\/\/www.facebook.com\/EgliseCatholiqueCharente","https:\/\/x.com\/diocesecharente","https:\/\/www.instagram.com\/eglisecharente","https:\/\/www.youtube.com\/channel\/UCByyFWApZbw3gDTiADoiAaQ"]}]}},"_links":{"self":[{"href":"https:\/\/charente.catholique.fr\/ouest-charente\/wp-json\/wp\/v2\/paroisse\/33425","targetHints":{"allow":["GET"]}}],"collection":[{"href":"https:\/\/charente.catholique.fr\/ouest-charente\/wp-json\/wp\/v2\/paroisse"}],"about":[{"href":"https:\/\/charente.catholique.fr\/ouest-charente\/wp-json\/wp\/v2\/types\/paroisse"}],"author":[{"embeddable":true,"href":"https:\/\/charente.catholique.fr\/ouest-charente\/wp-json\/wp\/v2\/users\/64"}],"version-history":[{"count":7,"href":"https:\/\/charente.catholique.fr\/ouest-charente\/wp-json\/wp\/v2\/paroisse\/33425\/revisions"}],"predecessor-version":[{"id":33714,"href":"https:\/\/charente.catholique.fr\/ouest-charente\/wp-json\/wp\/v2\/paroisse\/33425\/revisions\/33714"}],"up":[{"embeddable":true,"href":"https:\/\/charente.catholique.fr\/ouest-charente\/wp-json\/wp\/v2\/paroisse\/31628"}],"wp:featuredmedia":[{"embeddable":true,"href":"https:\/\/charente.catholique.fr\/ouest-charente\/wp-json\/wp\/v2\/media\/33394"}],"wp:attachment":[{"href":"https:\/\/charente.catholique.fr\/ouest-charente\/wp-json\/wp\/v2\/media?parent=33425"}],"curies":[{"name":"wp","href":"https:\/\/api.w.org\/{rel}","templated":true}]}}