{"id":329,"date":"2020-09-21T11:34:54","date_gmt":"2020-09-21T09:34:54","guid":{"rendered":"https:\/\/charente.catholique.fr\/ouest-charente\/?post_type=paroisse&#038;p=329"},"modified":"2022-06-24T11:37:02","modified_gmt":"2022-06-24T09:37:02","slug":"eglise-saint-leger","status":"publish","type":"paroisse","link":"https:\/\/charente.catholique.fr\/ouest-charente\/paroisses\/cognac\/nos-eglises\/eglise-saint-leger\/","title":{"rendered":"M &#8211; \u00c9glise Saint-L\u00e9ger"},"content":{"rendered":"\n<p class=\"has-text-align-center\"><strong><br>\u00c9glise Saint-L\u00e9ger<\/strong> \/ <strong>Paroisse Saint-Martin en val de Cognac<\/strong><br>Rue Aristide Briand<br>16100 Cognac<\/p>\n\n\n\n<div class=\"wp-block-image\"><figure class=\"aligncenter size-full\"><img loading=\"lazy\" decoding=\"async\" width=\"499\" height=\"420\" src=\"https:\/\/charente.catholique.fr\/ouest-charente\/wp-content\/uploads\/sites\/6\/2022\/06\/St-Le\u0301ger-3-1.jpg\" alt=\"\" class=\"wp-image-23269\" srcset=\"https:\/\/charente.catholique.fr\/ouest-charente\/wp-content\/uploads\/sites\/6\/2022\/06\/St-Le\u0301ger-3-1.jpg 499w, https:\/\/charente.catholique.fr\/ouest-charente\/wp-content\/uploads\/sites\/6\/2022\/06\/St-Le\u0301ger-3-1-300x253.jpg 300w\" sizes=\"auto, (max-width: 499px) 100vw, 499px\" \/><\/figure><\/div>\n\n\n\n<div class=\"wp-block-image\"><figure class=\"aligncenter size-large is-resized\"><img decoding=\"async\" src=\"https:\/\/charente.catholique.fr\/ouest-charente\/wp-content\/uploads\/sites\/6\/2020\/09\/e12ec30fe1cd44e7-68e83.png\" alt=\"\" class=\"wp-image-333\" width=\"500\" srcset=\"https:\/\/charente.catholique.fr\/ouest-charente\/wp-content\/uploads\/sites\/6\/2020\/09\/e12ec30fe1cd44e7-68e83.png 459w, https:\/\/charente.catholique.fr\/ouest-charente\/wp-content\/uploads\/sites\/6\/2020\/09\/e12ec30fe1cd44e7-68e83-225x300.png 225w\" sizes=\"(max-width: 459px) 100vw, 459px\" \/><figcaption>Au XIV<sup>\u00e8me<\/sup> si\u00e8cle, nous avons reconstruisit le chevet tandis qu&#8217;au XVe si\u00e8cle, nous avons perc\u00e9 la fa\u00e7ade d&#8217;une belle rosace, afin d&#8217;\u00e9clairer la nef. Le XIX<sup>\u00e8me<\/sup> si\u00e8cle imposa \u00e0 son tour sa marque : le ch\u0153ur fut embelli d&#8217;une double paroi sculpt\u00e9e en gothique flamboyant ; en 1853, nous avons install\u00e9 une chaire en bois sculpt\u00e9 de style Louis XV ; en 1861, l&#8217;orgue fut install\u00e9 contre l&#8217;abside. Enfin la restauration de 1860 refit les galeries du vestibule et de la nef ainsi que les modillons qui ornent la coursive.<br><\/figcaption><\/figure><\/div>\n\n\n\n<div class=\"wp-block-image\"><figure class=\"aligncenter size-large is-resized\"><img decoding=\"async\" src=\"https:\/\/charente.catholique.fr\/ouest-charente\/wp-content\/uploads\/sites\/6\/2020\/09\/04b850b3eeb45e7d-d4b4e.png\" alt=\"\" class=\"wp-image-332\" width=\"500\" srcset=\"https:\/\/charente.catholique.fr\/ouest-charente\/wp-content\/uploads\/sites\/6\/2020\/09\/04b850b3eeb45e7d-d4b4e.png 459w, https:\/\/charente.catholique.fr\/ouest-charente\/wp-content\/uploads\/sites\/6\/2020\/09\/04b850b3eeb45e7d-d4b4e-225x300.png 225w\" sizes=\"(max-width: 459px) 100vw, 459px\" \/><figcaption>Saint-L\u00e9ger vaut aussi une visite pour ses deux chapelles absidiales : la chapelle de la Vierge et son superbe retable en marbre blanc \u00e9clair\u00e9 par de beaux vitraux du XIX<sup>\u00e8me<\/sup> ; la chapelle du Sacr\u00e9-C\u0153ur avec son retable \u00e0 colonnes torses et ses deux petites chapelles votives des XIV<sup>\u00e8me<\/sup> et XV<sup>\u00e8me<\/sup> si\u00e8cles.<\/figcaption><\/figure><\/div>\n\n\n\n<div class=\"wp-block-image\"><figure class=\"aligncenter size-large\"><img loading=\"lazy\" decoding=\"async\" width=\"500\" height=\"375\" src=\"https:\/\/charente.catholique.fr\/ouest-charente\/wp-content\/uploads\/sites\/6\/2020\/09\/9712f45815c9f95e-defbd.png\" alt=\"\" class=\"wp-image-331\" srcset=\"https:\/\/charente.catholique.fr\/ouest-charente\/wp-content\/uploads\/sites\/6\/2020\/09\/9712f45815c9f95e-defbd.png 500w, https:\/\/charente.catholique.fr\/ouest-charente\/wp-content\/uploads\/sites\/6\/2020\/09\/9712f45815c9f95e-defbd-300x225.png 300w\" sizes=\"auto, (max-width: 500px) 100vw, 500px\" \/><\/figure><\/div>\n\n\n\n<div class=\"wp-block-image\"><figure class=\"aligncenter size-full is-resized\"><img decoding=\"async\" src=\"https:\/\/charente.catholique.fr\/ouest-charente\/wp-content\/uploads\/sites\/6\/2022\/06\/St-Le\u0301ger-2.jpg\" alt=\"\" class=\"wp-image-23270\" width=\"500\" srcset=\"https:\/\/charente.catholique.fr\/ouest-charente\/wp-content\/uploads\/sites\/6\/2022\/06\/St-Le\u0301ger-2.jpg 616w, https:\/\/charente.catholique.fr\/ouest-charente\/wp-content\/uploads\/sites\/6\/2022\/06\/St-Le\u0301ger-2-300x271.jpg 300w\" sizes=\"(max-width: 616px) 100vw, 616px\" \/><\/figure><\/div>\n\n\n\n<p><\/p>\n","protected":false},"author":80,"featured_media":23269,"parent":280,"menu_order":181,"template":"","meta":{"_acf_changed":false,"paroisse":["20"],"service":[],"footnotes":""},"class_list":["post-329","paroisse","type-paroisse","status-publish","has-post-thumbnail","hentry"],"acf":[],"yoast_head":"<!-- This site is optimized with the Yoast SEO plugin v27.1.1 - https:\/\/yoast.com\/product\/yoast-seo-wordpress\/ -->\n<title>M - \u00c9glise Saint-L\u00e9ger - Doyenn\u00e9 Ouest Charente<\/title>\n<meta name=\"description\" content=\"\u00c9glise Saint-L\u00e9ger \/ Paroisse Saint-Martin en val de CognacRue Aristide Briand16100 Cognac\" \/>\n<meta name=\"robots\" content=\"index, follow, max-snippet:-1, max-image-preview:large, max-video-preview:-1\" \/>\n<link rel=\"canonical\" href=\"https:\/\/charente.catholique.fr\/ouest-charente\/paroisses\/cognac\/nos-eglises\/eglise-saint-leger\/\" \/>\n<meta property=\"og:locale\" content=\"fr_FR\" \/>\n<meta property=\"og:type\" content=\"article\" \/>\n<meta property=\"og:title\" content=\"M - \u00c9glise Saint-L\u00e9ger - Doyenn\u00e9 Ouest Charente\" \/>\n<meta property=\"og:description\" content=\"\u00c9glise Saint-L\u00e9ger \/ Paroisse Saint-Martin en val de CognacRue Aristide Briand16100 Cognac\" \/>\n<meta property=\"og:url\" content=\"https:\/\/charente.catholique.fr\/ouest-charente\/paroisses\/cognac\/nos-eglises\/eglise-saint-leger\/\" \/>\n<meta property=\"og:site_name\" content=\"Doyenn\u00e9 Ouest Charente\" \/>\n<meta property=\"article:publisher\" content=\"https:\/\/www.facebook.com\/EgliseCatholiqueCharente\" \/>\n<meta property=\"article:modified_time\" content=\"2022-06-24T09:37:02+00:00\" \/>\n<meta property=\"og:image\" content=\"https:\/\/charente.catholique.fr\/ouest-charente\/wp-content\/uploads\/sites\/6\/2022\/06\/St-Le\u0301ger-3-1.jpg\" \/>\n\t<meta property=\"og:image:width\" content=\"499\" \/>\n\t<meta property=\"og:image:height\" content=\"420\" \/>\n\t<meta property=\"og:image:type\" content=\"image\/jpeg\" \/>\n<meta name=\"twitter:card\" content=\"summary_large_image\" \/>\n<meta name=\"twitter:site\" content=\"@diocesecharente\" \/>\n<meta name=\"twitter:label1\" content=\"Dur\u00e9e de lecture estim\u00e9e\" \/>\n\t<meta name=\"twitter:data1\" content=\"2 minutes\" \/>\n<script type=\"application\/ld+json\" class=\"yoast-schema-graph\">{\"@context\":\"https:\/\/schema.org\",\"@graph\":[{\"@type\":\"WebPage\",\"@id\":\"https:\/\/charente.catholique.fr\/ouest-charente\/paroisses\/cognac\/nos-eglises\/eglise-saint-leger\/\",\"url\":\"https:\/\/charente.catholique.fr\/ouest-charente\/paroisses\/cognac\/nos-eglises\/eglise-saint-leger\/\",\"name\":\"M - \u00c9glise Saint-L\u00e9ger - Doyenn\u00e9 Ouest Charente\",\"isPartOf\":{\"@id\":\"https:\/\/charente.catholique.fr\/ouest-charente\/#website\"},\"primaryImageOfPage\":{\"@id\":\"https:\/\/charente.catholique.fr\/ouest-charente\/paroisses\/cognac\/nos-eglises\/eglise-saint-leger\/#primaryimage\"},\"image\":{\"@id\":\"https:\/\/charente.catholique.fr\/ouest-charente\/paroisses\/cognac\/nos-eglises\/eglise-saint-leger\/#primaryimage\"},\"thumbnailUrl\":\"https:\/\/charente.catholique.fr\/ouest-charente\/wp-content\/uploads\/sites\/6\/2022\/06\/St-Le\u0301ger-3-1.jpg\",\"datePublished\":\"2020-09-21T09:34:54+00:00\",\"dateModified\":\"2022-06-24T09:37:02+00:00\",\"description\":\"\u00c9glise Saint-L\u00e9ger \/ Paroisse Saint-Martin en val de CognacRue Aristide Briand16100 Cognac\",\"breadcrumb\":{\"@id\":\"https:\/\/charente.catholique.fr\/ouest-charente\/paroisses\/cognac\/nos-eglises\/eglise-saint-leger\/#breadcrumb\"},\"inLanguage\":\"fr-FR\",\"potentialAction\":[{\"@type\":\"ReadAction\",\"target\":[\"https:\/\/charente.catholique.fr\/ouest-charente\/paroisses\/cognac\/nos-eglises\/eglise-saint-leger\/\"]}]},{\"@type\":\"ImageObject\",\"inLanguage\":\"fr-FR\",\"@id\":\"https:\/\/charente.catholique.fr\/ouest-charente\/paroisses\/cognac\/nos-eglises\/eglise-saint-leger\/#primaryimage\",\"url\":\"https:\/\/charente.catholique.fr\/ouest-charente\/wp-content\/uploads\/sites\/6\/2022\/06\/St-Le\u0301ger-3-1.jpg\",\"contentUrl\":\"https:\/\/charente.catholique.fr\/ouest-charente\/wp-content\/uploads\/sites\/6\/2022\/06\/St-Le\u0301ger-3-1.jpg\",\"width\":499,\"height\":420,\"caption\":\"Prieurale Saint-L\u00e9ger\"},{\"@type\":\"BreadcrumbList\",\"@id\":\"https:\/\/charente.catholique.fr\/ouest-charente\/paroisses\/cognac\/nos-eglises\/eglise-saint-leger\/#breadcrumb\",\"itemListElement\":[{\"@type\":\"ListItem\",\"position\":1,\"name\":\"Accueil\",\"item\":\"https:\/\/charente.catholique.fr\/ouest-charente\/\"},{\"@type\":\"ListItem\",\"position\":2,\"name\":\"St-Martin en val de cognac\",\"item\":\"https:\/\/charente.catholique.fr\/ouest-charente\/paroisses\/cognac\/\"},{\"@type\":\"ListItem\",\"position\":3,\"name\":\"Pr\u00e9sentation\",\"item\":\"https:\/\/charente.catholique.fr\/ouest-charente\/paroisses\/cognac\/nos-eglises\/\"},{\"@type\":\"ListItem\",\"position\":4,\"name\":\"M &#8211; \u00c9glise Saint-L\u00e9ger\"}]},{\"@type\":\"WebSite\",\"@id\":\"https:\/\/charente.catholique.fr\/ouest-charente\/#website\",\"url\":\"https:\/\/charente.catholique.fr\/ouest-charente\/\",\"name\":\"Doyenn\u00e9 Ouest Charente - Dioc\u00e8se d'Angoul\u00eame\",\"description\":\"Dioc\u00e8se d&#039;Angoul\u00eame\",\"publisher\":{\"@id\":\"https:\/\/charente.catholique.fr\/ouest-charente\/#organization\"},\"potentialAction\":[{\"@type\":\"SearchAction\",\"target\":{\"@type\":\"EntryPoint\",\"urlTemplate\":\"https:\/\/charente.catholique.fr\/ouest-charente\/?s={search_term_string}\"},\"query-input\":{\"@type\":\"PropertyValueSpecification\",\"valueRequired\":true,\"valueName\":\"search_term_string\"}}],\"inLanguage\":\"fr-FR\"},{\"@type\":\"Organization\",\"@id\":\"https:\/\/charente.catholique.fr\/ouest-charente\/#organization\",\"name\":\"Association dioc\u00e9saine d'Angoul\u00eame\",\"url\":\"https:\/\/charente.catholique.fr\/ouest-charente\/\",\"logo\":{\"@type\":\"ImageObject\",\"inLanguage\":\"fr-FR\",\"@id\":\"https:\/\/charente.catholique.fr\/ouest-charente\/#\/schema\/logo\/image\/\",\"url\":\"https:\/\/charente.catholique.fr\/ouest-charente\/wp-content\/uploads\/sites\/6\/2020\/10\/logos.png\",\"contentUrl\":\"https:\/\/charente.catholique.fr\/ouest-charente\/wp-content\/uploads\/sites\/6\/2020\/10\/logos.png\",\"width\":600,\"height\":257,\"caption\":\"Association dioc\u00e9saine d'Angoul\u00eame\"},\"image\":{\"@id\":\"https:\/\/charente.catholique.fr\/ouest-charente\/#\/schema\/logo\/image\/\"},\"sameAs\":[\"https:\/\/www.facebook.com\/EgliseCatholiqueCharente\",\"https:\/\/x.com\/diocesecharente\",\"https:\/\/www.instagram.com\/eglisecharente\",\"https:\/\/www.youtube.com\/channel\/UCByyFWApZbw3gDTiADoiAaQ\"]}]}<\/script>\n<!-- \/ Yoast SEO plugin. -->","yoast_head_json":{"title":"M - \u00c9glise Saint-L\u00e9ger - Doyenn\u00e9 Ouest Charente","description":"\u00c9glise Saint-L\u00e9ger \/ Paroisse Saint-Martin en val de CognacRue Aristide Briand16100 Cognac","robots":{"index":"index","follow":"follow","max-snippet":"max-snippet:-1","max-image-preview":"max-image-preview:large","max-video-preview":"max-video-preview:-1"},"canonical":"https:\/\/charente.catholique.fr\/ouest-charente\/paroisses\/cognac\/nos-eglises\/eglise-saint-leger\/","og_locale":"fr_FR","og_type":"article","og_title":"M - \u00c9glise Saint-L\u00e9ger - Doyenn\u00e9 Ouest Charente","og_description":"\u00c9glise Saint-L\u00e9ger \/ Paroisse Saint-Martin en val de CognacRue Aristide Briand16100 Cognac","og_url":"https:\/\/charente.catholique.fr\/ouest-charente\/paroisses\/cognac\/nos-eglises\/eglise-saint-leger\/","og_site_name":"Doyenn\u00e9 Ouest Charente","article_publisher":"https:\/\/www.facebook.com\/EgliseCatholiqueCharente","article_modified_time":"2022-06-24T09:37:02+00:00","og_image":[{"width":499,"height":420,"url":"https:\/\/charente.catholique.fr\/ouest-charente\/wp-content\/uploads\/sites\/6\/2022\/06\/St-Le\u0301ger-3-1.jpg","type":"image\/jpeg"}],"twitter_card":"summary_large_image","twitter_site":"@diocesecharente","twitter_misc":{"Dur\u00e9e de lecture estim\u00e9e":"2 minutes"},"schema":{"@context":"https:\/\/schema.org","@graph":[{"@type":"WebPage","@id":"https:\/\/charente.catholique.fr\/ouest-charente\/paroisses\/cognac\/nos-eglises\/eglise-saint-leger\/","url":"https:\/\/charente.catholique.fr\/ouest-charente\/paroisses\/cognac\/nos-eglises\/eglise-saint-leger\/","name":"M - \u00c9glise Saint-L\u00e9ger - Doyenn\u00e9 Ouest Charente","isPartOf":{"@id":"https:\/\/charente.catholique.fr\/ouest-charente\/#website"},"primaryImageOfPage":{"@id":"https:\/\/charente.catholique.fr\/ouest-charente\/paroisses\/cognac\/nos-eglises\/eglise-saint-leger\/#primaryimage"},"image":{"@id":"https:\/\/charente.catholique.fr\/ouest-charente\/paroisses\/cognac\/nos-eglises\/eglise-saint-leger\/#primaryimage"},"thumbnailUrl":"https:\/\/charente.catholique.fr\/ouest-charente\/wp-content\/uploads\/sites\/6\/2022\/06\/St-Le\u0301ger-3-1.jpg","datePublished":"2020-09-21T09:34:54+00:00","dateModified":"2022-06-24T09:37:02+00:00","description":"\u00c9glise Saint-L\u00e9ger \/ Paroisse Saint-Martin en val de CognacRue Aristide Briand16100 Cognac","breadcrumb":{"@id":"https:\/\/charente.catholique.fr\/ouest-charente\/paroisses\/cognac\/nos-eglises\/eglise-saint-leger\/#breadcrumb"},"inLanguage":"fr-FR","potentialAction":[{"@type":"ReadAction","target":["https:\/\/charente.catholique.fr\/ouest-charente\/paroisses\/cognac\/nos-eglises\/eglise-saint-leger\/"]}]},{"@type":"ImageObject","inLanguage":"fr-FR","@id":"https:\/\/charente.catholique.fr\/ouest-charente\/paroisses\/cognac\/nos-eglises\/eglise-saint-leger\/#primaryimage","url":"https:\/\/charente.catholique.fr\/ouest-charente\/wp-content\/uploads\/sites\/6\/2022\/06\/St-Le\u0301ger-3-1.jpg","contentUrl":"https:\/\/charente.catholique.fr\/ouest-charente\/wp-content\/uploads\/sites\/6\/2022\/06\/St-Le\u0301ger-3-1.jpg","width":499,"height":420,"caption":"Prieurale Saint-L\u00e9ger"},{"@type":"BreadcrumbList","@id":"https:\/\/charente.catholique.fr\/ouest-charente\/paroisses\/cognac\/nos-eglises\/eglise-saint-leger\/#breadcrumb","itemListElement":[{"@type":"ListItem","position":1,"name":"Accueil","item":"https:\/\/charente.catholique.fr\/ouest-charente\/"},{"@type":"ListItem","position":2,"name":"St-Martin en val de cognac","item":"https:\/\/charente.catholique.fr\/ouest-charente\/paroisses\/cognac\/"},{"@type":"ListItem","position":3,"name":"Pr\u00e9sentation","item":"https:\/\/charente.catholique.fr\/ouest-charente\/paroisses\/cognac\/nos-eglises\/"},{"@type":"ListItem","position":4,"name":"M &#8211; \u00c9glise Saint-L\u00e9ger"}]},{"@type":"WebSite","@id":"https:\/\/charente.catholique.fr\/ouest-charente\/#website","url":"https:\/\/charente.catholique.fr\/ouest-charente\/","name":"Doyenn\u00e9 Ouest Charente - Dioc\u00e8se d'Angoul\u00eame","description":"Dioc\u00e8se d&#039;Angoul\u00eame","publisher":{"@id":"https:\/\/charente.catholique.fr\/ouest-charente\/#organization"},"potentialAction":[{"@type":"SearchAction","target":{"@type":"EntryPoint","urlTemplate":"https:\/\/charente.catholique.fr\/ouest-charente\/?s={search_term_string}"},"query-input":{"@type":"PropertyValueSpecification","valueRequired":true,"valueName":"search_term_string"}}],"inLanguage":"fr-FR"},{"@type":"Organization","@id":"https:\/\/charente.catholique.fr\/ouest-charente\/#organization","name":"Association dioc\u00e9saine d'Angoul\u00eame","url":"https:\/\/charente.catholique.fr\/ouest-charente\/","logo":{"@type":"ImageObject","inLanguage":"fr-FR","@id":"https:\/\/charente.catholique.fr\/ouest-charente\/#\/schema\/logo\/image\/","url":"https:\/\/charente.catholique.fr\/ouest-charente\/wp-content\/uploads\/sites\/6\/2020\/10\/logos.png","contentUrl":"https:\/\/charente.catholique.fr\/ouest-charente\/wp-content\/uploads\/sites\/6\/2020\/10\/logos.png","width":600,"height":257,"caption":"Association dioc\u00e9saine d'Angoul\u00eame"},"image":{"@id":"https:\/\/charente.catholique.fr\/ouest-charente\/#\/schema\/logo\/image\/"},"sameAs":["https:\/\/www.facebook.com\/EgliseCatholiqueCharente","https:\/\/x.com\/diocesecharente","https:\/\/www.instagram.com\/eglisecharente","https:\/\/www.youtube.com\/channel\/UCByyFWApZbw3gDTiADoiAaQ"]}]}},"_links":{"self":[{"href":"https:\/\/charente.catholique.fr\/ouest-charente\/wp-json\/wp\/v2\/paroisse\/329","targetHints":{"allow":["GET"]}}],"collection":[{"href":"https:\/\/charente.catholique.fr\/ouest-charente\/wp-json\/wp\/v2\/paroisse"}],"about":[{"href":"https:\/\/charente.catholique.fr\/ouest-charente\/wp-json\/wp\/v2\/types\/paroisse"}],"author":[{"embeddable":true,"href":"https:\/\/charente.catholique.fr\/ouest-charente\/wp-json\/wp\/v2\/users\/80"}],"version-history":[{"count":1,"href":"https:\/\/charente.catholique.fr\/ouest-charente\/wp-json\/wp\/v2\/paroisse\/329\/revisions"}],"predecessor-version":[{"id":23271,"href":"https:\/\/charente.catholique.fr\/ouest-charente\/wp-json\/wp\/v2\/paroisse\/329\/revisions\/23271"}],"up":[{"embeddable":true,"href":"https:\/\/charente.catholique.fr\/ouest-charente\/wp-json\/wp\/v2\/paroisse\/280"}],"wp:featuredmedia":[{"embeddable":true,"href":"https:\/\/charente.catholique.fr\/ouest-charente\/wp-json\/wp\/v2\/media\/23269"}],"wp:attachment":[{"href":"https:\/\/charente.catholique.fr\/ouest-charente\/wp-json\/wp\/v2\/media?parent=329"}],"curies":[{"name":"wp","href":"https:\/\/api.w.org\/{rel}","templated":true}]}}