{"id":31628,"date":"2023-10-19T10:15:47","date_gmt":"2023-10-19T08:15:47","guid":{"rendered":"https:\/\/charente.catholique.fr\/ouest-charente\/?post_type=paroisse&#038;p=31628"},"modified":"2025-10-17T23:03:02","modified_gmt":"2025-10-17T21:03:02","slug":"vivre-la-messse","status":"publish","type":"paroisse","link":"https:\/\/charente.catholique.fr\/ouest-charente\/paroisses\/notre-dame-des-borderies\/vivre-la-messse\/","title":{"rendered":"La messe"},"content":{"rendered":"\n<p class=\"has-text-align-center\"><strong>Vous souhaitez rejoindre les \u00e9quipes liturgiques : contacter la paroisse (coordonn\u00e9es sur la page d&#8217;accueil)<\/strong><\/p>\n\n\n\n<p class=\"has-text-align-center has-ouest-charente-color has-blanc-background-color has-text-color has-background has-medium-font-size\"><strong>&#8220;La Messe est la c\u00e9l\u00e9bration au cours de laquelle les fid\u00e8les participent \u00e0 la liturgie de la Parole et \u00e0 la liturgie eucharistique o\u00f9 est perp\u00e9tu\u00e9 le sacrifice du corps et du sang du Christ. Le sacrement de l&#8217;Eucharistie est \u00ab&nbsp;source et sommet de toute la vie chr\u00e9tienne&nbsp;\u00bb. &#8221; \u2013&nbsp;<em>Sacrosanctum Concilium<\/em>, 47<\/strong><\/p>\n\n\n\n<p><a href=\"https:\/\/charente.catholique.fr\/dons-quete\/\"><strong><em>Offrande de messe<\/em><\/strong> : <strong>Vous n&#8217;avez pas d&#8217;argent sur vous pour la qu\u00eate \u00e0 la messe&#8230; il suffit de scanner le QR Code de votre feuille d&#8217;annonces et de faire votre offrande de messe par simple virement avec votre carte bancaire. Inscrivez-vous auparavant pour plus de facilit\u00e9 !<\/strong><\/a><\/p>\n\n\n\n<p><a href=\"https:\/\/charente.catholique.fr\/denier\/\"><strong><em>Campagne du denier du culte<\/em><\/strong> : <strong>La campagne du Denier du Culte 2025 d\u00e9marre : L\u2019\u00c9glise ne vit que de la g\u00e9n\u00e9rosit\u00e9 des fid\u00e8les. Chaque ann\u00e9e, la collecte du Denier permet d\u2019assurer la mission de l\u2019\u00c9glise en finan\u00e7ant la r\u00e9mun\u00e9ration des pr\u00eatres et des la\u00efcs engag\u00e9s, la formation des s\u00e9minaristes et l\u2019accompagnement des pr\u00eatres \u00e0 la retraite.<\/strong><\/a><\/p>\n\n\n\n<p><\/p>\n","protected":false},"author":64,"featured_media":0,"parent":5099,"menu_order":18,"template":"","meta":{"_acf_changed":false,"paroisse":["23"],"service":[],"footnotes":""},"class_list":["post-31628","paroisse","type-paroisse","status-publish","hentry"],"acf":[],"yoast_head":"<!-- This site is optimized with the Yoast SEO plugin v27.1.1 - https:\/\/yoast.com\/product\/yoast-seo-wordpress\/ -->\n<title>La messe - Doyenn\u00e9 Ouest Charente<\/title>\n<meta name=\"robots\" content=\"index, follow, max-snippet:-1, max-image-preview:large, max-video-preview:-1\" \/>\n<link rel=\"canonical\" href=\"https:\/\/charente.catholique.fr\/ouest-charente\/paroisses\/notre-dame-des-borderies\/vivre-la-messse\/\" \/>\n<meta property=\"og:locale\" content=\"fr_FR\" \/>\n<meta property=\"og:type\" content=\"article\" \/>\n<meta property=\"og:title\" content=\"La messe - Doyenn\u00e9 Ouest Charente\" \/>\n<meta property=\"og:description\" content=\"Vous souhaitez rejoindre les \u00e9quipes liturgiques : contacter la paroisse (coordonn\u00e9es sur la page d&#8217;accueil) &#8220;La Messe est la c\u00e9l\u00e9bration au cours de laquelle les fid\u00e8les participent \u00e0 la liturgie de la Parole et \u00e0 la liturgie eucharistique o\u00f9 est perp\u00e9tu\u00e9 le sacrifice du corps et du sang du Christ. Le sacrement de l&#8217;Eucharistie est [&hellip;]\" \/>\n<meta property=\"og:url\" content=\"https:\/\/charente.catholique.fr\/ouest-charente\/paroisses\/notre-dame-des-borderies\/vivre-la-messse\/\" \/>\n<meta property=\"og:site_name\" content=\"Doyenn\u00e9 Ouest Charente\" \/>\n<meta property=\"article:publisher\" content=\"https:\/\/www.facebook.com\/EgliseCatholiqueCharente\" \/>\n<meta property=\"article:modified_time\" content=\"2025-10-17T21:03:02+00:00\" \/>\n<meta name=\"twitter:card\" content=\"summary_large_image\" \/>\n<meta name=\"twitter:site\" content=\"@diocesecharente\" \/>\n<meta name=\"twitter:label1\" content=\"Dur\u00e9e de lecture estim\u00e9e\" \/>\n\t<meta name=\"twitter:data1\" content=\"1 minute\" \/>\n<script type=\"application\/ld+json\" class=\"yoast-schema-graph\">{\"@context\":\"https:\/\/schema.org\",\"@graph\":[{\"@type\":\"WebPage\",\"@id\":\"https:\/\/charente.catholique.fr\/ouest-charente\/paroisses\/notre-dame-des-borderies\/vivre-la-messse\/\",\"url\":\"https:\/\/charente.catholique.fr\/ouest-charente\/paroisses\/notre-dame-des-borderies\/vivre-la-messse\/\",\"name\":\"La messe - Doyenn\u00e9 Ouest Charente\",\"isPartOf\":{\"@id\":\"https:\/\/charente.catholique.fr\/ouest-charente\/#website\"},\"datePublished\":\"2023-10-19T08:15:47+00:00\",\"dateModified\":\"2025-10-17T21:03:02+00:00\",\"breadcrumb\":{\"@id\":\"https:\/\/charente.catholique.fr\/ouest-charente\/paroisses\/notre-dame-des-borderies\/vivre-la-messse\/#breadcrumb\"},\"inLanguage\":\"fr-FR\",\"potentialAction\":[{\"@type\":\"ReadAction\",\"target\":[\"https:\/\/charente.catholique.fr\/ouest-charente\/paroisses\/notre-dame-des-borderies\/vivre-la-messse\/\"]}]},{\"@type\":\"BreadcrumbList\",\"@id\":\"https:\/\/charente.catholique.fr\/ouest-charente\/paroisses\/notre-dame-des-borderies\/vivre-la-messse\/#breadcrumb\",\"itemListElement\":[{\"@type\":\"ListItem\",\"position\":1,\"name\":\"Accueil\",\"item\":\"https:\/\/charente.catholique.fr\/ouest-charente\/\"},{\"@type\":\"ListItem\",\"position\":2,\"name\":\"Notre Dame des Borderies\",\"item\":\"https:\/\/charente.catholique.fr\/ouest-charente\/paroisses\/notre-dame-des-borderies\/\"},{\"@type\":\"ListItem\",\"position\":3,\"name\":\"La messe\"}]},{\"@type\":\"WebSite\",\"@id\":\"https:\/\/charente.catholique.fr\/ouest-charente\/#website\",\"url\":\"https:\/\/charente.catholique.fr\/ouest-charente\/\",\"name\":\"Doyenn\u00e9 Ouest Charente - Dioc\u00e8se d'Angoul\u00eame\",\"description\":\"Dioc\u00e8se d&#039;Angoul\u00eame\",\"publisher\":{\"@id\":\"https:\/\/charente.catholique.fr\/ouest-charente\/#organization\"},\"potentialAction\":[{\"@type\":\"SearchAction\",\"target\":{\"@type\":\"EntryPoint\",\"urlTemplate\":\"https:\/\/charente.catholique.fr\/ouest-charente\/?s={search_term_string}\"},\"query-input\":{\"@type\":\"PropertyValueSpecification\",\"valueRequired\":true,\"valueName\":\"search_term_string\"}}],\"inLanguage\":\"fr-FR\"},{\"@type\":\"Organization\",\"@id\":\"https:\/\/charente.catholique.fr\/ouest-charente\/#organization\",\"name\":\"Association dioc\u00e9saine d'Angoul\u00eame\",\"url\":\"https:\/\/charente.catholique.fr\/ouest-charente\/\",\"logo\":{\"@type\":\"ImageObject\",\"inLanguage\":\"fr-FR\",\"@id\":\"https:\/\/charente.catholique.fr\/ouest-charente\/#\/schema\/logo\/image\/\",\"url\":\"https:\/\/charente.catholique.fr\/ouest-charente\/wp-content\/uploads\/sites\/6\/2020\/10\/logos.png\",\"contentUrl\":\"https:\/\/charente.catholique.fr\/ouest-charente\/wp-content\/uploads\/sites\/6\/2020\/10\/logos.png\",\"width\":600,\"height\":257,\"caption\":\"Association dioc\u00e9saine d'Angoul\u00eame\"},\"image\":{\"@id\":\"https:\/\/charente.catholique.fr\/ouest-charente\/#\/schema\/logo\/image\/\"},\"sameAs\":[\"https:\/\/www.facebook.com\/EgliseCatholiqueCharente\",\"https:\/\/x.com\/diocesecharente\",\"https:\/\/www.instagram.com\/eglisecharente\",\"https:\/\/www.youtube.com\/channel\/UCByyFWApZbw3gDTiADoiAaQ\"]}]}<\/script>\n<!-- \/ Yoast SEO plugin. -->","yoast_head_json":{"title":"La messe - Doyenn\u00e9 Ouest Charente","robots":{"index":"index","follow":"follow","max-snippet":"max-snippet:-1","max-image-preview":"max-image-preview:large","max-video-preview":"max-video-preview:-1"},"canonical":"https:\/\/charente.catholique.fr\/ouest-charente\/paroisses\/notre-dame-des-borderies\/vivre-la-messse\/","og_locale":"fr_FR","og_type":"article","og_title":"La messe - Doyenn\u00e9 Ouest Charente","og_description":"Vous souhaitez rejoindre les \u00e9quipes liturgiques : contacter la paroisse (coordonn\u00e9es sur la page d&#8217;accueil) &#8220;La Messe est la c\u00e9l\u00e9bration au cours de laquelle les fid\u00e8les participent \u00e0 la liturgie de la Parole et \u00e0 la liturgie eucharistique o\u00f9 est perp\u00e9tu\u00e9 le sacrifice du corps et du sang du Christ. Le sacrement de l&#8217;Eucharistie est [&hellip;]","og_url":"https:\/\/charente.catholique.fr\/ouest-charente\/paroisses\/notre-dame-des-borderies\/vivre-la-messse\/","og_site_name":"Doyenn\u00e9 Ouest Charente","article_publisher":"https:\/\/www.facebook.com\/EgliseCatholiqueCharente","article_modified_time":"2025-10-17T21:03:02+00:00","twitter_card":"summary_large_image","twitter_site":"@diocesecharente","twitter_misc":{"Dur\u00e9e de lecture estim\u00e9e":"1 minute"},"schema":{"@context":"https:\/\/schema.org","@graph":[{"@type":"WebPage","@id":"https:\/\/charente.catholique.fr\/ouest-charente\/paroisses\/notre-dame-des-borderies\/vivre-la-messse\/","url":"https:\/\/charente.catholique.fr\/ouest-charente\/paroisses\/notre-dame-des-borderies\/vivre-la-messse\/","name":"La messe - Doyenn\u00e9 Ouest Charente","isPartOf":{"@id":"https:\/\/charente.catholique.fr\/ouest-charente\/#website"},"datePublished":"2023-10-19T08:15:47+00:00","dateModified":"2025-10-17T21:03:02+00:00","breadcrumb":{"@id":"https:\/\/charente.catholique.fr\/ouest-charente\/paroisses\/notre-dame-des-borderies\/vivre-la-messse\/#breadcrumb"},"inLanguage":"fr-FR","potentialAction":[{"@type":"ReadAction","target":["https:\/\/charente.catholique.fr\/ouest-charente\/paroisses\/notre-dame-des-borderies\/vivre-la-messse\/"]}]},{"@type":"BreadcrumbList","@id":"https:\/\/charente.catholique.fr\/ouest-charente\/paroisses\/notre-dame-des-borderies\/vivre-la-messse\/#breadcrumb","itemListElement":[{"@type":"ListItem","position":1,"name":"Accueil","item":"https:\/\/charente.catholique.fr\/ouest-charente\/"},{"@type":"ListItem","position":2,"name":"Notre Dame des Borderies","item":"https:\/\/charente.catholique.fr\/ouest-charente\/paroisses\/notre-dame-des-borderies\/"},{"@type":"ListItem","position":3,"name":"La messe"}]},{"@type":"WebSite","@id":"https:\/\/charente.catholique.fr\/ouest-charente\/#website","url":"https:\/\/charente.catholique.fr\/ouest-charente\/","name":"Doyenn\u00e9 Ouest Charente - Dioc\u00e8se d'Angoul\u00eame","description":"Dioc\u00e8se d&#039;Angoul\u00eame","publisher":{"@id":"https:\/\/charente.catholique.fr\/ouest-charente\/#organization"},"potentialAction":[{"@type":"SearchAction","target":{"@type":"EntryPoint","urlTemplate":"https:\/\/charente.catholique.fr\/ouest-charente\/?s={search_term_string}"},"query-input":{"@type":"PropertyValueSpecification","valueRequired":true,"valueName":"search_term_string"}}],"inLanguage":"fr-FR"},{"@type":"Organization","@id":"https:\/\/charente.catholique.fr\/ouest-charente\/#organization","name":"Association dioc\u00e9saine d'Angoul\u00eame","url":"https:\/\/charente.catholique.fr\/ouest-charente\/","logo":{"@type":"ImageObject","inLanguage":"fr-FR","@id":"https:\/\/charente.catholique.fr\/ouest-charente\/#\/schema\/logo\/image\/","url":"https:\/\/charente.catholique.fr\/ouest-charente\/wp-content\/uploads\/sites\/6\/2020\/10\/logos.png","contentUrl":"https:\/\/charente.catholique.fr\/ouest-charente\/wp-content\/uploads\/sites\/6\/2020\/10\/logos.png","width":600,"height":257,"caption":"Association dioc\u00e9saine d'Angoul\u00eame"},"image":{"@id":"https:\/\/charente.catholique.fr\/ouest-charente\/#\/schema\/logo\/image\/"},"sameAs":["https:\/\/www.facebook.com\/EgliseCatholiqueCharente","https:\/\/x.com\/diocesecharente","https:\/\/www.instagram.com\/eglisecharente","https:\/\/www.youtube.com\/channel\/UCByyFWApZbw3gDTiADoiAaQ"]}]}},"_links":{"self":[{"href":"https:\/\/charente.catholique.fr\/ouest-charente\/wp-json\/wp\/v2\/paroisse\/31628","targetHints":{"allow":["GET"]}}],"collection":[{"href":"https:\/\/charente.catholique.fr\/ouest-charente\/wp-json\/wp\/v2\/paroisse"}],"about":[{"href":"https:\/\/charente.catholique.fr\/ouest-charente\/wp-json\/wp\/v2\/types\/paroisse"}],"author":[{"embeddable":true,"href":"https:\/\/charente.catholique.fr\/ouest-charente\/wp-json\/wp\/v2\/users\/64"}],"version-history":[{"count":9,"href":"https:\/\/charente.catholique.fr\/ouest-charente\/wp-json\/wp\/v2\/paroisse\/31628\/revisions"}],"predecessor-version":[{"id":38178,"href":"https:\/\/charente.catholique.fr\/ouest-charente\/wp-json\/wp\/v2\/paroisse\/31628\/revisions\/38178"}],"up":[{"embeddable":true,"href":"https:\/\/charente.catholique.fr\/ouest-charente\/wp-json\/wp\/v2\/paroisse\/5099"}],"wp:attachment":[{"href":"https:\/\/charente.catholique.fr\/ouest-charente\/wp-json\/wp\/v2\/media?parent=31628"}],"curies":[{"name":"wp","href":"https:\/\/api.w.org\/{rel}","templated":true}]}}