{"id":31626,"date":"2023-10-19T10:10:02","date_gmt":"2023-10-19T08:10:02","guid":{"rendered":"https:\/\/charente.catholique.fr\/ouest-charente\/?post_type=paroisse&#038;p=31626"},"modified":"2026-03-22T15:01:33","modified_gmt":"2026-03-22T14:01:33","slug":"vie-de-la-paroisse","status":"publish","type":"paroisse","link":"https:\/\/charente.catholique.fr\/ouest-charente\/paroisses\/notre-dame-des-borderies\/vie-de-la-paroisse\/","title":{"rendered":"Vie de la paroisse, du doyenn\u00e9 et du dioc\u00e8se"},"content":{"rendered":"\n<div class=\"wp-block-columns is-layout-flex wp-container-core-columns-is-layout-28f84493 wp-block-columns-is-layout-flex\">\n<div class=\"wp-block-column is-layout-flow wp-block-column-is-layout-flow\" style=\"flex-basis:100%\">\n<p class=\"has-ouest-charente-color has-text-color has-link-color has-medium-font-size wp-elements-e484a46a38dfc4f1e1d4321d3495902a\"><strong><em>Mardi 10 mars 2026 :<\/em><\/strong> <\/p>\n\n\n\n<div class=\"wp-block-group\"><div class=\"wp-block-group__inner-container is-layout-constrained wp-block-group-is-layout-constrained\">\n<figure class=\"wp-block-image size-full is-resized\"><img loading=\"lazy\" decoding=\"async\" width=\"605\" height=\"856\" src=\"https:\/\/charente.catholique.fr\/ouest-charente\/wp-content\/uploads\/sites\/6\/2023\/10\/Louange-mardi-10-mars-2026.png\" alt=\"\" class=\"wp-image-39871\" style=\"aspect-ratio:0.7067794713003661;width:300px;height:auto\" srcset=\"https:\/\/charente.catholique.fr\/ouest-charente\/wp-content\/uploads\/sites\/6\/2023\/10\/Louange-mardi-10-mars-2026.png 605w, https:\/\/charente.catholique.fr\/ouest-charente\/wp-content\/uploads\/sites\/6\/2023\/10\/Louange-mardi-10-mars-2026-212x300.png 212w\" sizes=\"auto, (max-width: 605px) 100vw, 605px\" \/><\/figure>\n<\/div><\/div>\n\n\n\n<p class=\"has-gris-fonce-color has-text-color has-link-color has-medium-font-size wp-elements-449e64aa00bab4768cf56b0f6f3da2bf\"><strong>La soir\u00e9e de Louange et d&#8217;adoration a r\u00e9uni env. une quarantaine de personnes. Des chants et louanges pour l&#8217;Esprit Saint !    <\/strong><\/p>\n<\/div>\n<\/div>\n\n\n\n<hr class=\"wp-block-separator has-alpha-channel-opacity\"\/>\n\n\n\n<div class=\"wp-block-columns is-layout-flex wp-container-core-columns-is-layout-28f84493 wp-block-columns-is-layout-flex\">\n<div class=\"wp-block-column is-layout-flow wp-block-column-is-layout-flow\">\n<div class=\"wp-block-columns is-layout-flex wp-container-core-columns-is-layout-28f84493 wp-block-columns-is-layout-flex\">\n<div class=\"wp-block-column is-layout-flow wp-block-column-is-layout-flow\">\n<p class=\"has-ouest-charente-color has-text-color has-link-color has-medium-font-size wp-elements-47f7435667547963a2db4b4f6d429bbf\"><strong><em>Dimanche 30 novembre&nbsp;: <\/em><\/strong><\/p>\n<\/div>\n\n\n\n<div class=\"wp-block-column is-layout-flow wp-block-column-is-layout-flow\">\n<p class=\"has-medium-font-size\"><strong>Messe en famille, interg\u00e9n\u00e9rationnelle, pour c\u00e9l\u00e9brer le 1<sup>er<\/sup> dimanche de l\u2019Avent \u00e0 Saint-Vivien de Cherves \u00e0 10h30 <\/strong><\/p>\n<\/div>\n<\/div>\n<\/div>\n\n\n\n<div class=\"wp-block-column is-layout-flow wp-block-column-is-layout-flow\">\n<figure class=\"wp-block-image size-large is-resized\"><img loading=\"lazy\" decoding=\"async\" width=\"810\" height=\"1080\" src=\"https:\/\/charente.catholique.fr\/ouest-charente\/wp-content\/uploads\/sites\/6\/2023\/10\/thumbnail_IMG_9242-3-810x1080.jpg\" alt=\"\" class=\"wp-image-39637\" style=\"aspect-ratio:0.7500000208074402;width:102px;height:auto\" srcset=\"https:\/\/charente.catholique.fr\/ouest-charente\/wp-content\/uploads\/sites\/6\/2023\/10\/thumbnail_IMG_9242-3-810x1080.jpg 810w, https:\/\/charente.catholique.fr\/ouest-charente\/wp-content\/uploads\/sites\/6\/2023\/10\/thumbnail_IMG_9242-3-225x300.jpg 225w, https:\/\/charente.catholique.fr\/ouest-charente\/wp-content\/uploads\/sites\/6\/2023\/10\/thumbnail_IMG_9242-3-768x1024.jpg 768w, https:\/\/charente.catholique.fr\/ouest-charente\/wp-content\/uploads\/sites\/6\/2023\/10\/thumbnail_IMG_9242-3-1152x1536.jpg 1152w, https:\/\/charente.catholique.fr\/ouest-charente\/wp-content\/uploads\/sites\/6\/2023\/10\/thumbnail_IMG_9242-3-1320x1760.jpg 1320w, https:\/\/charente.catholique.fr\/ouest-charente\/wp-content\/uploads\/sites\/6\/2023\/10\/thumbnail_IMG_9242-3.jpg 1440w\" sizes=\"auto, (max-width: 810px) 100vw, 810px\" \/><\/figure>\n<\/div>\n<\/div>\n\n\n\n<div class=\"wp-block-group is-nowrap is-layout-flex wp-container-core-group-is-layout-6c531013 wp-block-group-is-layout-flex\">\n<div class=\"wp-block-group is-nowrap is-layout-flex wp-container-core-group-is-layout-6c531013 wp-block-group-is-layout-flex\">\n<p><\/p>\n<\/div>\n<\/div>\n\n\n\n<hr class=\"wp-block-separator has-alpha-channel-opacity\"\/>\n\n\n\n<div class=\"wp-block-group is-nowrap is-layout-flex wp-container-core-group-is-layout-6c531013 wp-block-group-is-layout-flex\">\n<p class=\"has-ouest-charente-color has-text-color has-link-color has-medium-font-size wp-elements-c8c034178916424f69bce89d43e80684\"><strong>Vendredi 15 ao\u00fbt 2025 : <\/strong><\/p>\n\n\n\n<p class=\"has-medium-font-size\"><strong>Procession \u00e0 la Vierge Marie dans les rues de Cherves Richemont avant la messe de l&#8217;Assomption <\/strong><\/p>\n\n\n\n<figure class=\"wp-block-image size-large is-resized\"><img loading=\"lazy\" decoding=\"async\" width=\"678\" height=\"1080\" src=\"https:\/\/charente.catholique.fr\/ouest-charente\/wp-content\/uploads\/sites\/6\/2023\/10\/IMG_8835-678x1080.jpg\" alt=\"\" class=\"wp-image-37896\" style=\"width:132px;height:auto\" srcset=\"https:\/\/charente.catholique.fr\/ouest-charente\/wp-content\/uploads\/sites\/6\/2023\/10\/IMG_8835-678x1080.jpg 678w, https:\/\/charente.catholique.fr\/ouest-charente\/wp-content\/uploads\/sites\/6\/2023\/10\/IMG_8835-188x300.jpg 188w, https:\/\/charente.catholique.fr\/ouest-charente\/wp-content\/uploads\/sites\/6\/2023\/10\/IMG_8835-768x1223.jpg 768w, https:\/\/charente.catholique.fr\/ouest-charente\/wp-content\/uploads\/sites\/6\/2023\/10\/IMG_8835-965x1536.jpg 965w, https:\/\/charente.catholique.fr\/ouest-charente\/wp-content\/uploads\/sites\/6\/2023\/10\/IMG_8835-1286x2048.jpg 1286w, https:\/\/charente.catholique.fr\/ouest-charente\/wp-content\/uploads\/sites\/6\/2023\/10\/IMG_8835-1320x2101.jpg 1320w, https:\/\/charente.catholique.fr\/ouest-charente\/wp-content\/uploads\/sites\/6\/2023\/10\/IMG_8835-scaled.jpg 1608w\" sizes=\"auto, (max-width: 678px) 100vw, 678px\" \/><\/figure>\n\n\n\n<p><\/p>\n\n\n\n<p><\/p>\n\n\n\n<hr class=\"wp-block-separator has-alpha-channel-opacity\"\/>\n<\/div>\n\n\n\n<hr class=\"wp-block-separator has-alpha-channel-opacity\"\/>\n\n\n\n<div class=\"wp-block-group alignwide is-nowrap is-layout-flex wp-container-core-group-is-layout-6c531013 wp-block-group-is-layout-flex\">\n<p class=\"has-ouest-charente-color has-text-color has-link-color has-medium-font-size wp-elements-93b0e18b02a5cbd2b65736325fdee235\"><strong>Dimanche 8 juin<\/strong> <strong>2025<\/strong> <strong>:<\/strong><\/p>\n\n\n\n<p class=\"has-medium-font-size\"><strong>Premi\u00e8res communions et bapt\u00eame lors de la messe de Pentec\u00f4te \u00e0 Saint-Vivien de Cherves \u00e0 10h30<\/strong><\/p>\n\n\n\n<figure class=\"wp-block-image size-large is-resized\"><img loading=\"lazy\" decoding=\"async\" width=\"1440\" height=\"1080\" src=\"https:\/\/charente.catholique.fr\/ouest-charente\/wp-content\/uploads\/sites\/6\/2023\/10\/WhatsApp-Image-2025-06-09-at-11.18.53-1-1440x1080.jpeg\" alt=\"\" class=\"wp-image-37907\" style=\"width:203px;height:auto\" srcset=\"https:\/\/charente.catholique.fr\/ouest-charente\/wp-content\/uploads\/sites\/6\/2023\/10\/WhatsApp-Image-2025-06-09-at-11.18.53-1-1440x1080.jpeg 1440w, https:\/\/charente.catholique.fr\/ouest-charente\/wp-content\/uploads\/sites\/6\/2023\/10\/WhatsApp-Image-2025-06-09-at-11.18.53-1-300x225.jpeg 300w, https:\/\/charente.catholique.fr\/ouest-charente\/wp-content\/uploads\/sites\/6\/2023\/10\/WhatsApp-Image-2025-06-09-at-11.18.53-1-768x576.jpeg 768w, https:\/\/charente.catholique.fr\/ouest-charente\/wp-content\/uploads\/sites\/6\/2023\/10\/WhatsApp-Image-2025-06-09-at-11.18.53-1-1536x1152.jpeg 1536w, https:\/\/charente.catholique.fr\/ouest-charente\/wp-content\/uploads\/sites\/6\/2023\/10\/WhatsApp-Image-2025-06-09-at-11.18.53-1-1320x990.jpeg 1320w, https:\/\/charente.catholique.fr\/ouest-charente\/wp-content\/uploads\/sites\/6\/2023\/10\/WhatsApp-Image-2025-06-09-at-11.18.53-1.jpeg 2048w\" sizes=\"auto, (max-width: 1440px) 100vw, 1440px\" \/><\/figure>\n\n\n\n<hr class=\"wp-block-separator has-alpha-channel-opacity\"\/>\n<\/div>\n\n\n\n<hr class=\"wp-block-separator has-alpha-channel-opacity\"\/>\n\n\n\n<div class=\"wp-block-group is-nowrap is-layout-flex wp-container-core-group-is-layout-6c531013 wp-block-group-is-layout-flex\">\n<p class=\"has-ouest-charente-color has-text-color has-link-color has-medium-font-size wp-elements-bb0b39f35f52bf9007127544515b05d8\"><strong>Chaque premier lundi du mois <\/strong><\/p>\n\n\n\n<p class=\"has-medium-font-size wp-container-content-9cfa9a5a\"><strong>\u00e0 15h au presbyt\u00e8re de St Vivien de Cherves<\/strong> <\/p>\n\n\n\n<figure class=\"wp-block-image size-full is-resized\"><img loading=\"lazy\" decoding=\"async\" width=\"1024\" height=\"341\" src=\"https:\/\/charente.catholique.fr\/ouest-charente\/wp-content\/uploads\/sites\/6\/2023\/12\/chapelet.png\" alt=\"\" class=\"wp-image-32832\" style=\"width:324px;height:auto\" srcset=\"https:\/\/charente.catholique.fr\/ouest-charente\/wp-content\/uploads\/sites\/6\/2023\/12\/chapelet.png 1024w, https:\/\/charente.catholique.fr\/ouest-charente\/wp-content\/uploads\/sites\/6\/2023\/12\/chapelet-300x100.png 300w, https:\/\/charente.catholique.fr\/ouest-charente\/wp-content\/uploads\/sites\/6\/2023\/12\/chapelet-768x256.png 768w\" sizes=\"auto, (max-width: 1024px) 100vw, 1024px\" \/><\/figure>\n<\/div>\n\n\n\n<div class=\"wp-block-group is-content-justification-right is-nowrap is-layout-flex wp-container-core-group-is-layout-17124a9a wp-block-group-is-layout-flex\">\n<p class=\"has-gris-fonce-color has-text-color has-link-color has-medium-font-size wp-elements-be47c64e4c3a3b3bc829058b29716766\"><a href=\"https:\/\/charente.catholique.fr\/ouest-charente\/paroisses\/notre-dame-des-borderies\/vie-de-la-paroisse\/comment-prier-le-chapelet\/\"><em><strong>Comment prier le chapelet ? Cliquer ici<\/strong><\/em><\/a><\/p>\n<\/div>\n\n\n\n<hr class=\"wp-block-separator has-alpha-channel-opacity\"\/>\n\n\n\n<div class=\"wp-block-group alignwide is-nowrap is-layout-flex wp-container-core-group-is-layout-6c531013 wp-block-group-is-layout-flex\">\n<div class=\"wp-block-group\"><div class=\"wp-block-group__inner-container is-layout-constrained wp-block-group-is-layout-constrained\">\n<p class=\"has-ouest-charente-color has-text-color has-link-color has-medium-font-size wp-elements-36f9b8fda71e3c3301f7a0f585e06231\"><strong>Chaque mardi \u00e0 17h \u00e0 St Vivien de Cherves<\/strong> (sauf p\u00e9riode de vacances)<\/p>\n<\/div><\/div>\n\n\n\n<p class=\"has-noir-color has-text-color has-link-color has-medium-font-size wp-elements-e26eb7fc350f2d4c0828948002c3543a wp-container-content-9cfa9a5a\"><strong>Cat\u00e9chisme <\/strong><\/p>\n\n\n\n<figure class=\"wp-block-image size-full is-resized\"><img loading=\"lazy\" decoding=\"async\" width=\"356\" height=\"294\" src=\"https:\/\/charente.catholique.fr\/ouest-charente\/wp-content\/uploads\/sites\/6\/2023\/10\/image-cate.jpg\" alt=\"\" class=\"wp-image-37963\" style=\"width:272px;height:auto\" srcset=\"https:\/\/charente.catholique.fr\/ouest-charente\/wp-content\/uploads\/sites\/6\/2023\/10\/image-cate.jpg 356w, https:\/\/charente.catholique.fr\/ouest-charente\/wp-content\/uploads\/sites\/6\/2023\/10\/image-cate-300x248.jpg 300w\" sizes=\"auto, (max-width: 356px) 100vw, 356px\" \/><\/figure>\n<\/div>\n\n\n\n<hr class=\"wp-block-separator has-alpha-channel-opacity\"\/>\n\n\n\n<div class=\"wp-block-group is-content-justification-space-between is-nowrap is-layout-flex wp-container-core-group-is-layout-cb46ffcb wp-block-group-is-layout-flex\"><\/div>\n\n\n\n<h4 class=\"wp-block-heading has-diocese-angouleme-color has-text-color has-link-color wp-elements-10f23a38e070a99f17cbf06f8f0b1b9f\">DIOC\u00c8SE :<\/h4>\n\n\n\n<p>21\/22 mars 2026 : <a href=\"https:\/\/charente.catholique.fr\/agenda\/pelerinage-des-peres-de-famille-de-charente-2026\/\">P\u00e8lerinage des p\u00e8res de familles<\/a><\/p>\n\n\n\n<p>25\/26 avril 2026 : <a href=\"https:\/\/charente.catholique.fr\/agenda\/pelerinage-des-meres-de-famille-de-charente-2026\/\">P\u00e8lerinage des m\u00e8res de familles <\/a><\/p>\n\n\n\n<hr class=\"wp-block-separator has-alpha-channel-opacity\"\/>\n\n\n\n<div class=\"wp-block-group\"><div class=\"wp-block-group__inner-container is-layout-constrained wp-block-group-is-layout-constrained\">\n<div class=\"wp-block-group is-vertical is-nowrap is-layout-flex wp-container-core-group-is-layout-6fe931d8 wp-block-group-is-layout-flex\">\n<p class=\"has-text-align-left has-diocese-angouleme-color has-text-color has-link-color has-medium-font-size wp-elements-b0bb65ab08efc0469ab53506effc27a0\"><strong>Formation et annonce de l&#8217;\u00c9vangile<\/strong> : <\/p>\n\n\n\n<p>Tout au long de l\u2019ann\u00e9e, de nombreuses formations et outils de formation sont propos\u00e9s par le dioc\u00e8se d\u2019Angoul\u00eame, \u00e0 destination de personnes engag\u00e9es dans des missions sp\u00e9cifiques, ou tr\u00e8s largement \u00e0 tous. Une \u00e9quipe est au service de la formation dioc\u00e9saine. Elle r\u00e9fl\u00e9chit aux axes principaux de la formation dans le dioc\u00e8se, et \u00e0 la coh\u00e9rence des diff\u00e9rentes propositions. <strong>D\u00e9couvrez le livret des formations dioc\u00e9saines 2024\/2025 et inscrivez-vous en cliquant sur les formations dans l\u2019agenda ci-dessous ou \u00e0 partir du livret des formation :<\/strong><\/p>\n\n\n\n<p class=\"has-text-align-center has-diocese-angouleme-color has-text-color has-link-color has-medium-font-size wp-elements-5889a95a858a17d7703f14c2004f4f7f\"><strong><em><a href=\"https:\/\/charente.catholique.fr\/wp-content\/uploads\/2025\/07\/Livret-Diocese-dAngouleme-BD-1.pdf\">Livret de formation et dates des rencontres<\/a><\/em><\/strong><\/p>\n<\/div>\n<\/div><\/div>\n\n\n\n<p><\/p>\n","protected":false},"author":5,"featured_media":33479,"parent":5099,"menu_order":13,"template":"","meta":{"_acf_changed":false,"paroisse":["23"],"service":[],"footnotes":""},"class_list":["post-31626","paroisse","type-paroisse","status-publish","has-post-thumbnail","hentry"],"acf":[],"yoast_head":"<!-- This site is optimized with the Yoast SEO plugin v27.1.1 - https:\/\/yoast.com\/product\/yoast-seo-wordpress\/ -->\n<title>Vie de la paroisse, du doyenn\u00e9 et du dioc\u00e8se - Doyenn\u00e9 Ouest Charente<\/title>\n<meta name=\"robots\" content=\"index, follow, max-snippet:-1, max-image-preview:large, max-video-preview:-1\" \/>\n<link rel=\"canonical\" href=\"https:\/\/charente.catholique.fr\/ouest-charente\/paroisses\/notre-dame-des-borderies\/vie-de-la-paroisse\/\" \/>\n<meta property=\"og:locale\" content=\"fr_FR\" \/>\n<meta property=\"og:type\" content=\"article\" \/>\n<meta property=\"og:title\" content=\"Vie de la paroisse, du doyenn\u00e9 et du dioc\u00e8se - Doyenn\u00e9 Ouest Charente\" \/>\n<meta property=\"og:description\" content=\"Mardi 10 mars 2026 : La soir\u00e9e de Louange et d&#8217;adoration a r\u00e9uni env. une quarantaine de personnes. Des chants et louanges pour l&#8217;Esprit Saint ! Dimanche 30 novembre&nbsp;: Messe en famille, interg\u00e9n\u00e9rationnelle, pour c\u00e9l\u00e9brer le 1er dimanche de l\u2019Avent \u00e0 Saint-Vivien de Cherves \u00e0 10h30 Vendredi 15 ao\u00fbt 2025 : Procession \u00e0 la Vierge [&hellip;]\" \/>\n<meta property=\"og:url\" content=\"https:\/\/charente.catholique.fr\/ouest-charente\/paroisses\/notre-dame-des-borderies\/vie-de-la-paroisse\/\" \/>\n<meta property=\"og:site_name\" content=\"Doyenn\u00e9 Ouest Charente\" \/>\n<meta property=\"article:publisher\" content=\"https:\/\/www.facebook.com\/EgliseCatholiqueCharente\" \/>\n<meta property=\"article:modified_time\" content=\"2026-03-22T14:01:33+00:00\" \/>\n<meta property=\"og:image\" content=\"https:\/\/charente.catholique.fr\/ouest-charente\/wp-content\/uploads\/sites\/6\/2024\/02\/Criteuil_16_eglise_Saint-Macrin-Saint-Jean-Baptiste.jpg\" \/>\n\t<meta property=\"og:image:width\" content=\"1536\" \/>\n\t<meta property=\"og:image:height\" content=\"2048\" \/>\n\t<meta property=\"og:image:type\" content=\"image\/jpeg\" \/>\n<meta name=\"twitter:card\" content=\"summary_large_image\" \/>\n<meta name=\"twitter:site\" content=\"@diocesecharente\" \/>\n<meta name=\"twitter:label1\" content=\"Dur\u00e9e de lecture estim\u00e9e\" \/>\n\t<meta name=\"twitter:data1\" content=\"3 minutes\" \/>\n<script type=\"application\/ld+json\" class=\"yoast-schema-graph\">{\"@context\":\"https:\/\/schema.org\",\"@graph\":[{\"@type\":\"WebPage\",\"@id\":\"https:\/\/charente.catholique.fr\/ouest-charente\/paroisses\/notre-dame-des-borderies\/vie-de-la-paroisse\/\",\"url\":\"https:\/\/charente.catholique.fr\/ouest-charente\/paroisses\/notre-dame-des-borderies\/vie-de-la-paroisse\/\",\"name\":\"Vie de la paroisse, du doyenn\u00e9 et du dioc\u00e8se - Doyenn\u00e9 Ouest Charente\",\"isPartOf\":{\"@id\":\"https:\/\/charente.catholique.fr\/ouest-charente\/#website\"},\"primaryImageOfPage\":{\"@id\":\"https:\/\/charente.catholique.fr\/ouest-charente\/paroisses\/notre-dame-des-borderies\/vie-de-la-paroisse\/#primaryimage\"},\"image\":{\"@id\":\"https:\/\/charente.catholique.fr\/ouest-charente\/paroisses\/notre-dame-des-borderies\/vie-de-la-paroisse\/#primaryimage\"},\"thumbnailUrl\":\"https:\/\/charente.catholique.fr\/ouest-charente\/wp-content\/uploads\/sites\/6\/2024\/02\/Criteuil_16_eglise_Saint-Macrin-Saint-Jean-Baptiste.jpg\",\"datePublished\":\"2023-10-19T08:10:02+00:00\",\"dateModified\":\"2026-03-22T14:01:33+00:00\",\"breadcrumb\":{\"@id\":\"https:\/\/charente.catholique.fr\/ouest-charente\/paroisses\/notre-dame-des-borderies\/vie-de-la-paroisse\/#breadcrumb\"},\"inLanguage\":\"fr-FR\",\"potentialAction\":[{\"@type\":\"ReadAction\",\"target\":[\"https:\/\/charente.catholique.fr\/ouest-charente\/paroisses\/notre-dame-des-borderies\/vie-de-la-paroisse\/\"]}]},{\"@type\":\"ImageObject\",\"inLanguage\":\"fr-FR\",\"@id\":\"https:\/\/charente.catholique.fr\/ouest-charente\/paroisses\/notre-dame-des-borderies\/vie-de-la-paroisse\/#primaryimage\",\"url\":\"https:\/\/charente.catholique.fr\/ouest-charente\/wp-content\/uploads\/sites\/6\/2024\/02\/Criteuil_16_eglise_Saint-Macrin-Saint-Jean-Baptiste.jpg\",\"contentUrl\":\"https:\/\/charente.catholique.fr\/ouest-charente\/wp-content\/uploads\/sites\/6\/2024\/02\/Criteuil_16_eglise_Saint-Macrin-Saint-Jean-Baptiste.jpg\",\"width\":1536,\"height\":2048,\"caption\":\"OLYMPUS DIGITAL CAMERA\"},{\"@type\":\"BreadcrumbList\",\"@id\":\"https:\/\/charente.catholique.fr\/ouest-charente\/paroisses\/notre-dame-des-borderies\/vie-de-la-paroisse\/#breadcrumb\",\"itemListElement\":[{\"@type\":\"ListItem\",\"position\":1,\"name\":\"Accueil\",\"item\":\"https:\/\/charente.catholique.fr\/ouest-charente\/\"},{\"@type\":\"ListItem\",\"position\":2,\"name\":\"Notre Dame des Borderies\",\"item\":\"https:\/\/charente.catholique.fr\/ouest-charente\/paroisses\/notre-dame-des-borderies\/\"},{\"@type\":\"ListItem\",\"position\":3,\"name\":\"Vie de la paroisse, du doyenn\u00e9 et du dioc\u00e8se\"}]},{\"@type\":\"WebSite\",\"@id\":\"https:\/\/charente.catholique.fr\/ouest-charente\/#website\",\"url\":\"https:\/\/charente.catholique.fr\/ouest-charente\/\",\"name\":\"Doyenn\u00e9 Ouest Charente - Dioc\u00e8se d'Angoul\u00eame\",\"description\":\"Dioc\u00e8se d&#039;Angoul\u00eame\",\"publisher\":{\"@id\":\"https:\/\/charente.catholique.fr\/ouest-charente\/#organization\"},\"potentialAction\":[{\"@type\":\"SearchAction\",\"target\":{\"@type\":\"EntryPoint\",\"urlTemplate\":\"https:\/\/charente.catholique.fr\/ouest-charente\/?s={search_term_string}\"},\"query-input\":{\"@type\":\"PropertyValueSpecification\",\"valueRequired\":true,\"valueName\":\"search_term_string\"}}],\"inLanguage\":\"fr-FR\"},{\"@type\":\"Organization\",\"@id\":\"https:\/\/charente.catholique.fr\/ouest-charente\/#organization\",\"name\":\"Association dioc\u00e9saine d'Angoul\u00eame\",\"url\":\"https:\/\/charente.catholique.fr\/ouest-charente\/\",\"logo\":{\"@type\":\"ImageObject\",\"inLanguage\":\"fr-FR\",\"@id\":\"https:\/\/charente.catholique.fr\/ouest-charente\/#\/schema\/logo\/image\/\",\"url\":\"https:\/\/charente.catholique.fr\/ouest-charente\/wp-content\/uploads\/sites\/6\/2020\/10\/logos.png\",\"contentUrl\":\"https:\/\/charente.catholique.fr\/ouest-charente\/wp-content\/uploads\/sites\/6\/2020\/10\/logos.png\",\"width\":600,\"height\":257,\"caption\":\"Association dioc\u00e9saine d'Angoul\u00eame\"},\"image\":{\"@id\":\"https:\/\/charente.catholique.fr\/ouest-charente\/#\/schema\/logo\/image\/\"},\"sameAs\":[\"https:\/\/www.facebook.com\/EgliseCatholiqueCharente\",\"https:\/\/x.com\/diocesecharente\",\"https:\/\/www.instagram.com\/eglisecharente\",\"https:\/\/www.youtube.com\/channel\/UCByyFWApZbw3gDTiADoiAaQ\"]}]}<\/script>\n<!-- \/ Yoast SEO plugin. -->","yoast_head_json":{"title":"Vie de la paroisse, du doyenn\u00e9 et du dioc\u00e8se - Doyenn\u00e9 Ouest Charente","robots":{"index":"index","follow":"follow","max-snippet":"max-snippet:-1","max-image-preview":"max-image-preview:large","max-video-preview":"max-video-preview:-1"},"canonical":"https:\/\/charente.catholique.fr\/ouest-charente\/paroisses\/notre-dame-des-borderies\/vie-de-la-paroisse\/","og_locale":"fr_FR","og_type":"article","og_title":"Vie de la paroisse, du doyenn\u00e9 et du dioc\u00e8se - Doyenn\u00e9 Ouest Charente","og_description":"Mardi 10 mars 2026 : La soir\u00e9e de Louange et d&#8217;adoration a r\u00e9uni env. une quarantaine de personnes. Des chants et louanges pour l&#8217;Esprit Saint ! Dimanche 30 novembre&nbsp;: Messe en famille, interg\u00e9n\u00e9rationnelle, pour c\u00e9l\u00e9brer le 1er dimanche de l\u2019Avent \u00e0 Saint-Vivien de Cherves \u00e0 10h30 Vendredi 15 ao\u00fbt 2025 : Procession \u00e0 la Vierge [&hellip;]","og_url":"https:\/\/charente.catholique.fr\/ouest-charente\/paroisses\/notre-dame-des-borderies\/vie-de-la-paroisse\/","og_site_name":"Doyenn\u00e9 Ouest Charente","article_publisher":"https:\/\/www.facebook.com\/EgliseCatholiqueCharente","article_modified_time":"2026-03-22T14:01:33+00:00","og_image":[{"width":1536,"height":2048,"url":"https:\/\/charente.catholique.fr\/ouest-charente\/wp-content\/uploads\/sites\/6\/2024\/02\/Criteuil_16_eglise_Saint-Macrin-Saint-Jean-Baptiste.jpg","type":"image\/jpeg"}],"twitter_card":"summary_large_image","twitter_site":"@diocesecharente","twitter_misc":{"Dur\u00e9e de lecture estim\u00e9e":"3 minutes"},"schema":{"@context":"https:\/\/schema.org","@graph":[{"@type":"WebPage","@id":"https:\/\/charente.catholique.fr\/ouest-charente\/paroisses\/notre-dame-des-borderies\/vie-de-la-paroisse\/","url":"https:\/\/charente.catholique.fr\/ouest-charente\/paroisses\/notre-dame-des-borderies\/vie-de-la-paroisse\/","name":"Vie de la paroisse, du doyenn\u00e9 et du dioc\u00e8se - Doyenn\u00e9 Ouest Charente","isPartOf":{"@id":"https:\/\/charente.catholique.fr\/ouest-charente\/#website"},"primaryImageOfPage":{"@id":"https:\/\/charente.catholique.fr\/ouest-charente\/paroisses\/notre-dame-des-borderies\/vie-de-la-paroisse\/#primaryimage"},"image":{"@id":"https:\/\/charente.catholique.fr\/ouest-charente\/paroisses\/notre-dame-des-borderies\/vie-de-la-paroisse\/#primaryimage"},"thumbnailUrl":"https:\/\/charente.catholique.fr\/ouest-charente\/wp-content\/uploads\/sites\/6\/2024\/02\/Criteuil_16_eglise_Saint-Macrin-Saint-Jean-Baptiste.jpg","datePublished":"2023-10-19T08:10:02+00:00","dateModified":"2026-03-22T14:01:33+00:00","breadcrumb":{"@id":"https:\/\/charente.catholique.fr\/ouest-charente\/paroisses\/notre-dame-des-borderies\/vie-de-la-paroisse\/#breadcrumb"},"inLanguage":"fr-FR","potentialAction":[{"@type":"ReadAction","target":["https:\/\/charente.catholique.fr\/ouest-charente\/paroisses\/notre-dame-des-borderies\/vie-de-la-paroisse\/"]}]},{"@type":"ImageObject","inLanguage":"fr-FR","@id":"https:\/\/charente.catholique.fr\/ouest-charente\/paroisses\/notre-dame-des-borderies\/vie-de-la-paroisse\/#primaryimage","url":"https:\/\/charente.catholique.fr\/ouest-charente\/wp-content\/uploads\/sites\/6\/2024\/02\/Criteuil_16_eglise_Saint-Macrin-Saint-Jean-Baptiste.jpg","contentUrl":"https:\/\/charente.catholique.fr\/ouest-charente\/wp-content\/uploads\/sites\/6\/2024\/02\/Criteuil_16_eglise_Saint-Macrin-Saint-Jean-Baptiste.jpg","width":1536,"height":2048,"caption":"OLYMPUS DIGITAL CAMERA"},{"@type":"BreadcrumbList","@id":"https:\/\/charente.catholique.fr\/ouest-charente\/paroisses\/notre-dame-des-borderies\/vie-de-la-paroisse\/#breadcrumb","itemListElement":[{"@type":"ListItem","position":1,"name":"Accueil","item":"https:\/\/charente.catholique.fr\/ouest-charente\/"},{"@type":"ListItem","position":2,"name":"Notre Dame des Borderies","item":"https:\/\/charente.catholique.fr\/ouest-charente\/paroisses\/notre-dame-des-borderies\/"},{"@type":"ListItem","position":3,"name":"Vie de la paroisse, du doyenn\u00e9 et du dioc\u00e8se"}]},{"@type":"WebSite","@id":"https:\/\/charente.catholique.fr\/ouest-charente\/#website","url":"https:\/\/charente.catholique.fr\/ouest-charente\/","name":"Doyenn\u00e9 Ouest Charente - Dioc\u00e8se d'Angoul\u00eame","description":"Dioc\u00e8se d&#039;Angoul\u00eame","publisher":{"@id":"https:\/\/charente.catholique.fr\/ouest-charente\/#organization"},"potentialAction":[{"@type":"SearchAction","target":{"@type":"EntryPoint","urlTemplate":"https:\/\/charente.catholique.fr\/ouest-charente\/?s={search_term_string}"},"query-input":{"@type":"PropertyValueSpecification","valueRequired":true,"valueName":"search_term_string"}}],"inLanguage":"fr-FR"},{"@type":"Organization","@id":"https:\/\/charente.catholique.fr\/ouest-charente\/#organization","name":"Association dioc\u00e9saine d'Angoul\u00eame","url":"https:\/\/charente.catholique.fr\/ouest-charente\/","logo":{"@type":"ImageObject","inLanguage":"fr-FR","@id":"https:\/\/charente.catholique.fr\/ouest-charente\/#\/schema\/logo\/image\/","url":"https:\/\/charente.catholique.fr\/ouest-charente\/wp-content\/uploads\/sites\/6\/2020\/10\/logos.png","contentUrl":"https:\/\/charente.catholique.fr\/ouest-charente\/wp-content\/uploads\/sites\/6\/2020\/10\/logos.png","width":600,"height":257,"caption":"Association dioc\u00e9saine d'Angoul\u00eame"},"image":{"@id":"https:\/\/charente.catholique.fr\/ouest-charente\/#\/schema\/logo\/image\/"},"sameAs":["https:\/\/www.facebook.com\/EgliseCatholiqueCharente","https:\/\/x.com\/diocesecharente","https:\/\/www.instagram.com\/eglisecharente","https:\/\/www.youtube.com\/channel\/UCByyFWApZbw3gDTiADoiAaQ"]}]}},"_links":{"self":[{"href":"https:\/\/charente.catholique.fr\/ouest-charente\/wp-json\/wp\/v2\/paroisse\/31626","targetHints":{"allow":["GET"]}}],"collection":[{"href":"https:\/\/charente.catholique.fr\/ouest-charente\/wp-json\/wp\/v2\/paroisse"}],"about":[{"href":"https:\/\/charente.catholique.fr\/ouest-charente\/wp-json\/wp\/v2\/types\/paroisse"}],"author":[{"embeddable":true,"href":"https:\/\/charente.catholique.fr\/ouest-charente\/wp-json\/wp\/v2\/users\/5"}],"version-history":[{"count":10,"href":"https:\/\/charente.catholique.fr\/ouest-charente\/wp-json\/wp\/v2\/paroisse\/31626\/revisions"}],"predecessor-version":[{"id":39873,"href":"https:\/\/charente.catholique.fr\/ouest-charente\/wp-json\/wp\/v2\/paroisse\/31626\/revisions\/39873"}],"up":[{"embeddable":true,"href":"https:\/\/charente.catholique.fr\/ouest-charente\/wp-json\/wp\/v2\/paroisse\/5099"}],"wp:featuredmedia":[{"embeddable":true,"href":"https:\/\/charente.catholique.fr\/ouest-charente\/wp-json\/wp\/v2\/media\/33479"}],"wp:attachment":[{"href":"https:\/\/charente.catholique.fr\/ouest-charente\/wp-json\/wp\/v2\/media?parent=31626"}],"curies":[{"name":"wp","href":"https:\/\/api.w.org\/{rel}","templated":true}]}}