{"id":30596,"date":"2023-05-22T14:25:27","date_gmt":"2023-05-22T12:25:27","guid":{"rendered":"https:\/\/charente.catholique.fr\/ouest-charente\/?post_type=paroisse&#038;p=30596"},"modified":"2023-05-22T14:34:58","modified_gmt":"2023-05-22T12:34:58","slug":"catechumenat","status":"publish","type":"paroisse","link":"https:\/\/charente.catholique.fr\/ouest-charente\/paroisses\/chateauneuf-saint-pierre-de-segonzac\/enfants-ados\/catechumenat\/","title":{"rendered":"Cat\u00e9chum\u00e9nat"},"content":{"rendered":"\n<p>Qu\u2019est ce que le cat\u00e9chum\u00e9nat ? C\u2019est le temps pendant lequel sont accompagn\u00e9s vers les sacrements de l\u2019<a href=\"https:\/\/catechese.catholique.fr\/outils\/lexique\/initiation-chretienne\"><strong>initiation chr\u00e9tienne<\/strong><\/a> celles et ceux qui d\u00e9sirent devenir chr\u00e9tien. <\/p>\n\n\n\n<p>Ces sacrements sont au nombre de trois : le bapt\u00eame, la confirmation et l\u2019eucharistie. <\/p>\n\n\n\n<p>Au terme d\u2019un chemin cat\u00e9chum\u00e9nal, la c\u00e9l\u00e9bration de bapt\u00eames d\u2019adultes se fait \u00e0 P\u00e2ques, lors de la Vigile pascale.<\/p>\n\n\n\n<p>Le parcours cat\u00e9chum\u00e9nal permet de <strong>d\u00e9couvrir la foi chr\u00e9tienne<\/strong>, de <strong>faire l\u2019exp\u00e9rience d\u2019une rencontre personnelle avec J\u00e9sus<\/strong>, de <strong>prendre part \u00e0 la vie de l\u2019\u00c9glise<\/strong>.<\/p>\n\n\n\n<p><\/p>\n\n\n\n<p class=\"has-ouest-charente-color has-text-color\">N&#8217;h\u00e9sitez pas \u00e0 contacter le secr\u00e9tariat de votre paroisse pour de plus amples renseignements.<\/p>\n\n\n\n<blockquote class=\"wp-block-quote has-nord-charente-background-color has-background is-layout-flow wp-block-quote-is-layout-flow\">\n<p style=\"font-size:18px\">\u00ab \u00c0 l\u2019origine du fait d\u2019\u00eatre chr\u00e9tien, il n\u2019y a pas une d\u00e9cision \u00e9thique ou une grande id\u00e9e, mais la rencontre avec un \u00e9v\u00e9nement, avec une Personne, qui donne \u00e0 la vie un nouvel horizon et par l\u00e0 son orientation d\u00e9cisive. \u00bb<\/p>\n<cite>Beno\u00eet XVI, <em>Dieu est amour<\/em><\/cite><\/blockquote>\n\n\n\n<p><\/p>\n","protected":false},"author":82,"featured_media":30606,"parent":30557,"menu_order":160,"template":"","meta":{"_acf_changed":false,"paroisse":["19"],"service":[],"footnotes":""},"class_list":["post-30596","paroisse","type-paroisse","status-publish","has-post-thumbnail","hentry"],"acf":[],"yoast_head":"<!-- This site is optimized with the Yoast SEO plugin v27.1.1 - https:\/\/yoast.com\/product\/yoast-seo-wordpress\/ -->\n<title>Cat\u00e9chum\u00e9nat - Doyenn\u00e9 Ouest Charente<\/title>\n<meta name=\"robots\" content=\"index, follow, max-snippet:-1, max-image-preview:large, max-video-preview:-1\" \/>\n<link rel=\"canonical\" href=\"https:\/\/charente.catholique.fr\/ouest-charente\/paroisses\/chateauneuf-saint-pierre-de-segonzac\/enfants-ados\/catechumenat\/\" \/>\n<meta property=\"og:locale\" content=\"fr_FR\" \/>\n<meta property=\"og:type\" content=\"article\" \/>\n<meta property=\"og:title\" content=\"Cat\u00e9chum\u00e9nat - Doyenn\u00e9 Ouest Charente\" \/>\n<meta property=\"og:description\" content=\"Qu\u2019est ce que le cat\u00e9chum\u00e9nat ? C\u2019est le temps pendant lequel sont accompagn\u00e9s vers les sacrements de l\u2019initiation chr\u00e9tienne celles et ceux qui d\u00e9sirent devenir chr\u00e9tien. Ces sacrements sont au nombre de trois : le bapt\u00eame, la confirmation et l\u2019eucharistie. Au terme d\u2019un chemin cat\u00e9chum\u00e9nal, la c\u00e9l\u00e9bration de bapt\u00eames d\u2019adultes se fait \u00e0 P\u00e2ques, lors [&hellip;]\" \/>\n<meta property=\"og:url\" content=\"https:\/\/charente.catholique.fr\/ouest-charente\/paroisses\/chateauneuf-saint-pierre-de-segonzac\/enfants-ados\/catechumenat\/\" \/>\n<meta property=\"og:site_name\" content=\"Doyenn\u00e9 Ouest Charente\" \/>\n<meta property=\"article:publisher\" content=\"https:\/\/www.facebook.com\/EgliseCatholiqueCharente\" \/>\n<meta property=\"article:modified_time\" content=\"2023-05-22T12:34:58+00:00\" \/>\n<meta property=\"og:image\" content=\"https:\/\/charente.catholique.fr\/ouest-charente\/wp-content\/uploads\/sites\/6\/2023\/05\/catechumenat.jpg\" \/>\n\t<meta property=\"og:image:width\" content=\"250\" \/>\n\t<meta property=\"og:image:height\" content=\"397\" \/>\n\t<meta property=\"og:image:type\" content=\"image\/jpeg\" \/>\n<meta name=\"twitter:card\" content=\"summary_large_image\" \/>\n<meta name=\"twitter:site\" content=\"@diocesecharente\" \/>\n<meta name=\"twitter:label1\" content=\"Dur\u00e9e de lecture estim\u00e9e\" \/>\n\t<meta name=\"twitter:data1\" content=\"1 minute\" \/>\n<script type=\"application\/ld+json\" class=\"yoast-schema-graph\">{\"@context\":\"https:\/\/schema.org\",\"@graph\":[{\"@type\":\"WebPage\",\"@id\":\"https:\/\/charente.catholique.fr\/ouest-charente\/paroisses\/chateauneuf-saint-pierre-de-segonzac\/enfants-ados\/catechumenat\/\",\"url\":\"https:\/\/charente.catholique.fr\/ouest-charente\/paroisses\/chateauneuf-saint-pierre-de-segonzac\/enfants-ados\/catechumenat\/\",\"name\":\"Cat\u00e9chum\u00e9nat - Doyenn\u00e9 Ouest Charente\",\"isPartOf\":{\"@id\":\"https:\/\/charente.catholique.fr\/ouest-charente\/#website\"},\"primaryImageOfPage\":{\"@id\":\"https:\/\/charente.catholique.fr\/ouest-charente\/paroisses\/chateauneuf-saint-pierre-de-segonzac\/enfants-ados\/catechumenat\/#primaryimage\"},\"image\":{\"@id\":\"https:\/\/charente.catholique.fr\/ouest-charente\/paroisses\/chateauneuf-saint-pierre-de-segonzac\/enfants-ados\/catechumenat\/#primaryimage\"},\"thumbnailUrl\":\"https:\/\/charente.catholique.fr\/ouest-charente\/wp-content\/uploads\/sites\/6\/2023\/05\/catechumenat.jpg\",\"datePublished\":\"2023-05-22T12:25:27+00:00\",\"dateModified\":\"2023-05-22T12:34:58+00:00\",\"breadcrumb\":{\"@id\":\"https:\/\/charente.catholique.fr\/ouest-charente\/paroisses\/chateauneuf-saint-pierre-de-segonzac\/enfants-ados\/catechumenat\/#breadcrumb\"},\"inLanguage\":\"fr-FR\",\"potentialAction\":[{\"@type\":\"ReadAction\",\"target\":[\"https:\/\/charente.catholique.fr\/ouest-charente\/paroisses\/chateauneuf-saint-pierre-de-segonzac\/enfants-ados\/catechumenat\/\"]}]},{\"@type\":\"ImageObject\",\"inLanguage\":\"fr-FR\",\"@id\":\"https:\/\/charente.catholique.fr\/ouest-charente\/paroisses\/chateauneuf-saint-pierre-de-segonzac\/enfants-ados\/catechumenat\/#primaryimage\",\"url\":\"https:\/\/charente.catholique.fr\/ouest-charente\/wp-content\/uploads\/sites\/6\/2023\/05\/catechumenat.jpg\",\"contentUrl\":\"https:\/\/charente.catholique.fr\/ouest-charente\/wp-content\/uploads\/sites\/6\/2023\/05\/catechumenat.jpg\",\"width\":250,\"height\":397},{\"@type\":\"BreadcrumbList\",\"@id\":\"https:\/\/charente.catholique.fr\/ouest-charente\/paroisses\/chateauneuf-saint-pierre-de-segonzac\/enfants-ados\/catechumenat\/#breadcrumb\",\"itemListElement\":[{\"@type\":\"ListItem\",\"position\":1,\"name\":\"Accueil\",\"item\":\"https:\/\/charente.catholique.fr\/ouest-charente\/\"},{\"@type\":\"ListItem\",\"position\":2,\"name\":\"Ch\u00e2teauneuf \u2013 Segonzac\",\"item\":\"https:\/\/charente.catholique.fr\/ouest-charente\/paroisses\/chateauneuf-saint-pierre-de-segonzac\/\"},{\"@type\":\"ListItem\",\"position\":3,\"name\":\"Enfants &amp; ados\",\"item\":\"https:\/\/charente.catholique.fr\/ouest-charente\/paroisses\/chateauneuf-saint-pierre-de-segonzac\/enfants-ados\/\"},{\"@type\":\"ListItem\",\"position\":4,\"name\":\"Cat\u00e9chum\u00e9nat\"}]},{\"@type\":\"WebSite\",\"@id\":\"https:\/\/charente.catholique.fr\/ouest-charente\/#website\",\"url\":\"https:\/\/charente.catholique.fr\/ouest-charente\/\",\"name\":\"Doyenn\u00e9 Ouest Charente - Dioc\u00e8se d'Angoul\u00eame\",\"description\":\"Dioc\u00e8se d&#039;Angoul\u00eame\",\"publisher\":{\"@id\":\"https:\/\/charente.catholique.fr\/ouest-charente\/#organization\"},\"potentialAction\":[{\"@type\":\"SearchAction\",\"target\":{\"@type\":\"EntryPoint\",\"urlTemplate\":\"https:\/\/charente.catholique.fr\/ouest-charente\/?s={search_term_string}\"},\"query-input\":{\"@type\":\"PropertyValueSpecification\",\"valueRequired\":true,\"valueName\":\"search_term_string\"}}],\"inLanguage\":\"fr-FR\"},{\"@type\":\"Organization\",\"@id\":\"https:\/\/charente.catholique.fr\/ouest-charente\/#organization\",\"name\":\"Association dioc\u00e9saine d'Angoul\u00eame\",\"url\":\"https:\/\/charente.catholique.fr\/ouest-charente\/\",\"logo\":{\"@type\":\"ImageObject\",\"inLanguage\":\"fr-FR\",\"@id\":\"https:\/\/charente.catholique.fr\/ouest-charente\/#\/schema\/logo\/image\/\",\"url\":\"https:\/\/charente.catholique.fr\/ouest-charente\/wp-content\/uploads\/sites\/6\/2020\/10\/logos.png\",\"contentUrl\":\"https:\/\/charente.catholique.fr\/ouest-charente\/wp-content\/uploads\/sites\/6\/2020\/10\/logos.png\",\"width\":600,\"height\":257,\"caption\":\"Association dioc\u00e9saine d'Angoul\u00eame\"},\"image\":{\"@id\":\"https:\/\/charente.catholique.fr\/ouest-charente\/#\/schema\/logo\/image\/\"},\"sameAs\":[\"https:\/\/www.facebook.com\/EgliseCatholiqueCharente\",\"https:\/\/x.com\/diocesecharente\",\"https:\/\/www.instagram.com\/eglisecharente\",\"https:\/\/www.youtube.com\/channel\/UCByyFWApZbw3gDTiADoiAaQ\"]}]}<\/script>\n<!-- \/ Yoast SEO plugin. -->","yoast_head_json":{"title":"Cat\u00e9chum\u00e9nat - Doyenn\u00e9 Ouest Charente","robots":{"index":"index","follow":"follow","max-snippet":"max-snippet:-1","max-image-preview":"max-image-preview:large","max-video-preview":"max-video-preview:-1"},"canonical":"https:\/\/charente.catholique.fr\/ouest-charente\/paroisses\/chateauneuf-saint-pierre-de-segonzac\/enfants-ados\/catechumenat\/","og_locale":"fr_FR","og_type":"article","og_title":"Cat\u00e9chum\u00e9nat - Doyenn\u00e9 Ouest Charente","og_description":"Qu\u2019est ce que le cat\u00e9chum\u00e9nat ? C\u2019est le temps pendant lequel sont accompagn\u00e9s vers les sacrements de l\u2019initiation chr\u00e9tienne celles et ceux qui d\u00e9sirent devenir chr\u00e9tien. Ces sacrements sont au nombre de trois : le bapt\u00eame, la confirmation et l\u2019eucharistie. Au terme d\u2019un chemin cat\u00e9chum\u00e9nal, la c\u00e9l\u00e9bration de bapt\u00eames d\u2019adultes se fait \u00e0 P\u00e2ques, lors [&hellip;]","og_url":"https:\/\/charente.catholique.fr\/ouest-charente\/paroisses\/chateauneuf-saint-pierre-de-segonzac\/enfants-ados\/catechumenat\/","og_site_name":"Doyenn\u00e9 Ouest Charente","article_publisher":"https:\/\/www.facebook.com\/EgliseCatholiqueCharente","article_modified_time":"2023-05-22T12:34:58+00:00","og_image":[{"width":250,"height":397,"url":"https:\/\/charente.catholique.fr\/ouest-charente\/wp-content\/uploads\/sites\/6\/2023\/05\/catechumenat.jpg","type":"image\/jpeg"}],"twitter_card":"summary_large_image","twitter_site":"@diocesecharente","twitter_misc":{"Dur\u00e9e de lecture estim\u00e9e":"1 minute"},"schema":{"@context":"https:\/\/schema.org","@graph":[{"@type":"WebPage","@id":"https:\/\/charente.catholique.fr\/ouest-charente\/paroisses\/chateauneuf-saint-pierre-de-segonzac\/enfants-ados\/catechumenat\/","url":"https:\/\/charente.catholique.fr\/ouest-charente\/paroisses\/chateauneuf-saint-pierre-de-segonzac\/enfants-ados\/catechumenat\/","name":"Cat\u00e9chum\u00e9nat - Doyenn\u00e9 Ouest Charente","isPartOf":{"@id":"https:\/\/charente.catholique.fr\/ouest-charente\/#website"},"primaryImageOfPage":{"@id":"https:\/\/charente.catholique.fr\/ouest-charente\/paroisses\/chateauneuf-saint-pierre-de-segonzac\/enfants-ados\/catechumenat\/#primaryimage"},"image":{"@id":"https:\/\/charente.catholique.fr\/ouest-charente\/paroisses\/chateauneuf-saint-pierre-de-segonzac\/enfants-ados\/catechumenat\/#primaryimage"},"thumbnailUrl":"https:\/\/charente.catholique.fr\/ouest-charente\/wp-content\/uploads\/sites\/6\/2023\/05\/catechumenat.jpg","datePublished":"2023-05-22T12:25:27+00:00","dateModified":"2023-05-22T12:34:58+00:00","breadcrumb":{"@id":"https:\/\/charente.catholique.fr\/ouest-charente\/paroisses\/chateauneuf-saint-pierre-de-segonzac\/enfants-ados\/catechumenat\/#breadcrumb"},"inLanguage":"fr-FR","potentialAction":[{"@type":"ReadAction","target":["https:\/\/charente.catholique.fr\/ouest-charente\/paroisses\/chateauneuf-saint-pierre-de-segonzac\/enfants-ados\/catechumenat\/"]}]},{"@type":"ImageObject","inLanguage":"fr-FR","@id":"https:\/\/charente.catholique.fr\/ouest-charente\/paroisses\/chateauneuf-saint-pierre-de-segonzac\/enfants-ados\/catechumenat\/#primaryimage","url":"https:\/\/charente.catholique.fr\/ouest-charente\/wp-content\/uploads\/sites\/6\/2023\/05\/catechumenat.jpg","contentUrl":"https:\/\/charente.catholique.fr\/ouest-charente\/wp-content\/uploads\/sites\/6\/2023\/05\/catechumenat.jpg","width":250,"height":397},{"@type":"BreadcrumbList","@id":"https:\/\/charente.catholique.fr\/ouest-charente\/paroisses\/chateauneuf-saint-pierre-de-segonzac\/enfants-ados\/catechumenat\/#breadcrumb","itemListElement":[{"@type":"ListItem","position":1,"name":"Accueil","item":"https:\/\/charente.catholique.fr\/ouest-charente\/"},{"@type":"ListItem","position":2,"name":"Ch\u00e2teauneuf \u2013 Segonzac","item":"https:\/\/charente.catholique.fr\/ouest-charente\/paroisses\/chateauneuf-saint-pierre-de-segonzac\/"},{"@type":"ListItem","position":3,"name":"Enfants &amp; ados","item":"https:\/\/charente.catholique.fr\/ouest-charente\/paroisses\/chateauneuf-saint-pierre-de-segonzac\/enfants-ados\/"},{"@type":"ListItem","position":4,"name":"Cat\u00e9chum\u00e9nat"}]},{"@type":"WebSite","@id":"https:\/\/charente.catholique.fr\/ouest-charente\/#website","url":"https:\/\/charente.catholique.fr\/ouest-charente\/","name":"Doyenn\u00e9 Ouest Charente - Dioc\u00e8se d'Angoul\u00eame","description":"Dioc\u00e8se d&#039;Angoul\u00eame","publisher":{"@id":"https:\/\/charente.catholique.fr\/ouest-charente\/#organization"},"potentialAction":[{"@type":"SearchAction","target":{"@type":"EntryPoint","urlTemplate":"https:\/\/charente.catholique.fr\/ouest-charente\/?s={search_term_string}"},"query-input":{"@type":"PropertyValueSpecification","valueRequired":true,"valueName":"search_term_string"}}],"inLanguage":"fr-FR"},{"@type":"Organization","@id":"https:\/\/charente.catholique.fr\/ouest-charente\/#organization","name":"Association dioc\u00e9saine d'Angoul\u00eame","url":"https:\/\/charente.catholique.fr\/ouest-charente\/","logo":{"@type":"ImageObject","inLanguage":"fr-FR","@id":"https:\/\/charente.catholique.fr\/ouest-charente\/#\/schema\/logo\/image\/","url":"https:\/\/charente.catholique.fr\/ouest-charente\/wp-content\/uploads\/sites\/6\/2020\/10\/logos.png","contentUrl":"https:\/\/charente.catholique.fr\/ouest-charente\/wp-content\/uploads\/sites\/6\/2020\/10\/logos.png","width":600,"height":257,"caption":"Association dioc\u00e9saine d'Angoul\u00eame"},"image":{"@id":"https:\/\/charente.catholique.fr\/ouest-charente\/#\/schema\/logo\/image\/"},"sameAs":["https:\/\/www.facebook.com\/EgliseCatholiqueCharente","https:\/\/x.com\/diocesecharente","https:\/\/www.instagram.com\/eglisecharente","https:\/\/www.youtube.com\/channel\/UCByyFWApZbw3gDTiADoiAaQ"]}]}},"_links":{"self":[{"href":"https:\/\/charente.catholique.fr\/ouest-charente\/wp-json\/wp\/v2\/paroisse\/30596","targetHints":{"allow":["GET"]}}],"collection":[{"href":"https:\/\/charente.catholique.fr\/ouest-charente\/wp-json\/wp\/v2\/paroisse"}],"about":[{"href":"https:\/\/charente.catholique.fr\/ouest-charente\/wp-json\/wp\/v2\/types\/paroisse"}],"author":[{"embeddable":true,"href":"https:\/\/charente.catholique.fr\/ouest-charente\/wp-json\/wp\/v2\/users\/82"}],"version-history":[{"count":8,"href":"https:\/\/charente.catholique.fr\/ouest-charente\/wp-json\/wp\/v2\/paroisse\/30596\/revisions"}],"predecessor-version":[{"id":30605,"href":"https:\/\/charente.catholique.fr\/ouest-charente\/wp-json\/wp\/v2\/paroisse\/30596\/revisions\/30605"}],"up":[{"embeddable":true,"href":"https:\/\/charente.catholique.fr\/ouest-charente\/wp-json\/wp\/v2\/paroisse\/30557"}],"wp:featuredmedia":[{"embeddable":true,"href":"https:\/\/charente.catholique.fr\/ouest-charente\/wp-json\/wp\/v2\/media\/30606"}],"wp:attachment":[{"href":"https:\/\/charente.catholique.fr\/ouest-charente\/wp-json\/wp\/v2\/media?parent=30596"}],"curies":[{"name":"wp","href":"https:\/\/api.w.org\/{rel}","templated":true}]}}