{"id":30591,"date":"2023-05-22T14:11:56","date_gmt":"2023-05-22T12:11:56","guid":{"rendered":"https:\/\/charente.catholique.fr\/ouest-charente\/?post_type=paroisse&#038;p=30591"},"modified":"2024-11-15T16:01:07","modified_gmt":"2024-11-15T15:01:07","slug":"aumonerie","status":"publish","type":"paroisse","link":"https:\/\/charente.catholique.fr\/ouest-charente\/paroisses\/chateauneuf-saint-pierre-de-segonzac\/enfants-ados\/aumonerie\/","title":{"rendered":"Aum\u00f4nerie"},"content":{"rendered":"\n<p class=\"has-ouest-charente-color has-text-color\" style=\"font-size:25px\">PAROISSE DE SEGONZAC<\/p>\n\n\n\n<p><\/p>\n\n\n\n<p class=\"has-est-charente-color has-text-color\"><strong>L\u2019\u00e9quipe&nbsp;:<\/strong><\/p>\n\n\n\n<ul class=\"wp-block-list\">\n<li><strong>Laure DAVIAUD\u00a0 \u00a0\u00a0<\/strong>06 74 24 04 41<strong>\u00a0 <\/strong><\/li>\n\n\n\n<li><strong>Aur\u00e9lie<\/strong>\u00a0<strong>VALLEE<\/strong> \u00a0\u00a0\u00a0 06 88 95 19 73\u00a0\u00a0\u00a0\u00a0\u00a0\u00a0\u00a0\u00a0\u00a0\u00a0\u00a0\u00a0\u00a0\u00a0\u00a0\u00a0\u00a0\u00a0<\/li>\n<\/ul>\n\n\n\n<p class=\"has-est-charente-color has-text-color\"><strong>P\u00e9riodicit\u00e9&nbsp;:<\/strong> <\/p>\n\n\n\n<p>un vendredi soir ou 2 par mois selon l\u2019agenda scolaire <\/p>\n\n\n\n<p>En fin de 6<sup>\u00e8me<\/sup>,&nbsp; c\u00e9l\u00e9bration de Profession de Foi.<\/p>\n\n\n\n<p class=\"has-est-charente-color has-text-color\"><strong>Support&nbsp;: <\/strong><\/p>\n\n\n\n<p>Parcours&nbsp; \u00ab&nbsp; Kim et No\u00e9&nbsp;\u00bb<\/p>\n\n\n\n<div style=\"height:12px\" aria-hidden=\"true\" class=\"wp-block-spacer\"><\/div>\n\n\n\n<p class=\"has-grand-angouleme-color has-text-color has-medium-font-size\"><strong>CALENDRIER 2023\/2024&nbsp;:<\/strong><\/p>\n\n\n\n<div data-wp-interactive=\"core\/file\" class=\"wp-block-file\"><object data-wp-bind--hidden=\"!state.hasPdfPreview\" hidden class=\"wp-block-file__embed\" data=\"https:\/\/charente.catholique.fr\/ouest-charente\/wp-content\/uploads\/sites\/6\/2023\/05\/calendrier-cate-2024-2025.pdf\" type=\"application\/pdf\" style=\"width:100%;height:1248px\" aria-label=\"Contenu embarqu\u00e9 CALENDRIER CATE 2024-2025.\"><\/object><a id=\"wp-block-file--media-dfafd176-de86-4e79-9c85-c6fea4b27ecf\" href=\"https:\/\/charente.catholique.fr\/ouest-charente\/wp-content\/uploads\/sites\/6\/2023\/05\/calendrier-cate-2024-2025.pdf\">CALENDRIER CATE 2024-2025<\/a><a href=\"https:\/\/charente.catholique.fr\/ouest-charente\/wp-content\/uploads\/sites\/6\/2023\/05\/calendrier-cate-2024-2025.pdf\" class=\"wp-block-file__button wp-element-button\" download aria-describedby=\"wp-block-file--media-dfafd176-de86-4e79-9c85-c6fea4b27ecf\">T\u00e9l\u00e9charger<\/a><\/div>\n","protected":false},"author":82,"featured_media":30594,"parent":30557,"menu_order":159,"template":"","meta":{"_acf_changed":false,"paroisse":["19","19"],"service":[],"footnotes":""},"class_list":["post-30591","paroisse","type-paroisse","status-publish","has-post-thumbnail","hentry"],"acf":[],"yoast_head":"<!-- This site is optimized with the Yoast SEO plugin v27.1.1 - https:\/\/yoast.com\/product\/yoast-seo-wordpress\/ -->\n<title>Aum\u00f4nerie - Doyenn\u00e9 Ouest Charente<\/title>\n<meta name=\"robots\" content=\"index, follow, max-snippet:-1, max-image-preview:large, max-video-preview:-1\" \/>\n<link rel=\"canonical\" href=\"https:\/\/charente.catholique.fr\/ouest-charente\/paroisses\/chateauneuf-saint-pierre-de-segonzac\/enfants-ados\/aumonerie\/\" \/>\n<meta property=\"og:locale\" content=\"fr_FR\" \/>\n<meta property=\"og:type\" content=\"article\" \/>\n<meta property=\"og:title\" content=\"Aum\u00f4nerie - Doyenn\u00e9 Ouest Charente\" \/>\n<meta property=\"og:description\" content=\"PAROISSE DE SEGONZAC L\u2019\u00e9quipe&nbsp;: P\u00e9riodicit\u00e9&nbsp;: un vendredi soir ou 2 par mois selon l\u2019agenda scolaire En fin de 6\u00e8me,&nbsp; c\u00e9l\u00e9bration de Profession de Foi. Support&nbsp;: Parcours&nbsp; \u00ab&nbsp; Kim et No\u00e9&nbsp;\u00bb CALENDRIER 2023\/2024&nbsp;:\" \/>\n<meta property=\"og:url\" content=\"https:\/\/charente.catholique.fr\/ouest-charente\/paroisses\/chateauneuf-saint-pierre-de-segonzac\/enfants-ados\/aumonerie\/\" \/>\n<meta property=\"og:site_name\" content=\"Doyenn\u00e9 Ouest Charente\" \/>\n<meta property=\"article:publisher\" content=\"https:\/\/www.facebook.com\/EgliseCatholiqueCharente\" \/>\n<meta property=\"article:modified_time\" content=\"2024-11-15T15:01:07+00:00\" \/>\n<meta property=\"og:image\" content=\"https:\/\/charente.catholique.fr\/ouest-charente\/wp-content\/uploads\/sites\/6\/2023\/05\/aumonerie.jpg\" \/>\n\t<meta property=\"og:image:width\" content=\"612\" \/>\n\t<meta property=\"og:image:height\" content=\"408\" \/>\n\t<meta property=\"og:image:type\" content=\"image\/jpeg\" \/>\n<meta name=\"twitter:card\" content=\"summary_large_image\" \/>\n<meta name=\"twitter:site\" content=\"@diocesecharente\" \/>\n<meta name=\"twitter:label1\" content=\"Dur\u00e9e de lecture estim\u00e9e\" \/>\n\t<meta name=\"twitter:data1\" content=\"1 minute\" \/>\n<script type=\"application\/ld+json\" class=\"yoast-schema-graph\">{\"@context\":\"https:\/\/schema.org\",\"@graph\":[{\"@type\":\"WebPage\",\"@id\":\"https:\/\/charente.catholique.fr\/ouest-charente\/paroisses\/chateauneuf-saint-pierre-de-segonzac\/enfants-ados\/aumonerie\/\",\"url\":\"https:\/\/charente.catholique.fr\/ouest-charente\/paroisses\/chateauneuf-saint-pierre-de-segonzac\/enfants-ados\/aumonerie\/\",\"name\":\"Aum\u00f4nerie - Doyenn\u00e9 Ouest Charente\",\"isPartOf\":{\"@id\":\"https:\/\/charente.catholique.fr\/ouest-charente\/#website\"},\"primaryImageOfPage\":{\"@id\":\"https:\/\/charente.catholique.fr\/ouest-charente\/paroisses\/chateauneuf-saint-pierre-de-segonzac\/enfants-ados\/aumonerie\/#primaryimage\"},\"image\":{\"@id\":\"https:\/\/charente.catholique.fr\/ouest-charente\/paroisses\/chateauneuf-saint-pierre-de-segonzac\/enfants-ados\/aumonerie\/#primaryimage\"},\"thumbnailUrl\":\"https:\/\/charente.catholique.fr\/ouest-charente\/wp-content\/uploads\/sites\/6\/2023\/05\/aumonerie.jpg\",\"datePublished\":\"2023-05-22T12:11:56+00:00\",\"dateModified\":\"2024-11-15T15:01:07+00:00\",\"breadcrumb\":{\"@id\":\"https:\/\/charente.catholique.fr\/ouest-charente\/paroisses\/chateauneuf-saint-pierre-de-segonzac\/enfants-ados\/aumonerie\/#breadcrumb\"},\"inLanguage\":\"fr-FR\",\"potentialAction\":[{\"@type\":\"ReadAction\",\"target\":[\"https:\/\/charente.catholique.fr\/ouest-charente\/paroisses\/chateauneuf-saint-pierre-de-segonzac\/enfants-ados\/aumonerie\/\"]}]},{\"@type\":\"ImageObject\",\"inLanguage\":\"fr-FR\",\"@id\":\"https:\/\/charente.catholique.fr\/ouest-charente\/paroisses\/chateauneuf-saint-pierre-de-segonzac\/enfants-ados\/aumonerie\/#primaryimage\",\"url\":\"https:\/\/charente.catholique.fr\/ouest-charente\/wp-content\/uploads\/sites\/6\/2023\/05\/aumonerie.jpg\",\"contentUrl\":\"https:\/\/charente.catholique.fr\/ouest-charente\/wp-content\/uploads\/sites\/6\/2023\/05\/aumonerie.jpg\",\"width\":612,\"height\":408},{\"@type\":\"BreadcrumbList\",\"@id\":\"https:\/\/charente.catholique.fr\/ouest-charente\/paroisses\/chateauneuf-saint-pierre-de-segonzac\/enfants-ados\/aumonerie\/#breadcrumb\",\"itemListElement\":[{\"@type\":\"ListItem\",\"position\":1,\"name\":\"Accueil\",\"item\":\"https:\/\/charente.catholique.fr\/ouest-charente\/\"},{\"@type\":\"ListItem\",\"position\":2,\"name\":\"Ch\u00e2teauneuf \u2013 Segonzac\",\"item\":\"https:\/\/charente.catholique.fr\/ouest-charente\/paroisses\/chateauneuf-saint-pierre-de-segonzac\/\"},{\"@type\":\"ListItem\",\"position\":3,\"name\":\"Enfants &amp; ados\",\"item\":\"https:\/\/charente.catholique.fr\/ouest-charente\/paroisses\/chateauneuf-saint-pierre-de-segonzac\/enfants-ados\/\"},{\"@type\":\"ListItem\",\"position\":4,\"name\":\"Aum\u00f4nerie\"}]},{\"@type\":\"WebSite\",\"@id\":\"https:\/\/charente.catholique.fr\/ouest-charente\/#website\",\"url\":\"https:\/\/charente.catholique.fr\/ouest-charente\/\",\"name\":\"Doyenn\u00e9 Ouest Charente - Dioc\u00e8se d'Angoul\u00eame\",\"description\":\"Dioc\u00e8se d&#039;Angoul\u00eame\",\"publisher\":{\"@id\":\"https:\/\/charente.catholique.fr\/ouest-charente\/#organization\"},\"potentialAction\":[{\"@type\":\"SearchAction\",\"target\":{\"@type\":\"EntryPoint\",\"urlTemplate\":\"https:\/\/charente.catholique.fr\/ouest-charente\/?s={search_term_string}\"},\"query-input\":{\"@type\":\"PropertyValueSpecification\",\"valueRequired\":true,\"valueName\":\"search_term_string\"}}],\"inLanguage\":\"fr-FR\"},{\"@type\":\"Organization\",\"@id\":\"https:\/\/charente.catholique.fr\/ouest-charente\/#organization\",\"name\":\"Association dioc\u00e9saine d'Angoul\u00eame\",\"url\":\"https:\/\/charente.catholique.fr\/ouest-charente\/\",\"logo\":{\"@type\":\"ImageObject\",\"inLanguage\":\"fr-FR\",\"@id\":\"https:\/\/charente.catholique.fr\/ouest-charente\/#\/schema\/logo\/image\/\",\"url\":\"https:\/\/charente.catholique.fr\/ouest-charente\/wp-content\/uploads\/sites\/6\/2020\/10\/logos.png\",\"contentUrl\":\"https:\/\/charente.catholique.fr\/ouest-charente\/wp-content\/uploads\/sites\/6\/2020\/10\/logos.png\",\"width\":600,\"height\":257,\"caption\":\"Association dioc\u00e9saine d'Angoul\u00eame\"},\"image\":{\"@id\":\"https:\/\/charente.catholique.fr\/ouest-charente\/#\/schema\/logo\/image\/\"},\"sameAs\":[\"https:\/\/www.facebook.com\/EgliseCatholiqueCharente\",\"https:\/\/x.com\/diocesecharente\",\"https:\/\/www.instagram.com\/eglisecharente\",\"https:\/\/www.youtube.com\/channel\/UCByyFWApZbw3gDTiADoiAaQ\"]}]}<\/script>\n<!-- \/ Yoast SEO plugin. -->","yoast_head_json":{"title":"Aum\u00f4nerie - Doyenn\u00e9 Ouest Charente","robots":{"index":"index","follow":"follow","max-snippet":"max-snippet:-1","max-image-preview":"max-image-preview:large","max-video-preview":"max-video-preview:-1"},"canonical":"https:\/\/charente.catholique.fr\/ouest-charente\/paroisses\/chateauneuf-saint-pierre-de-segonzac\/enfants-ados\/aumonerie\/","og_locale":"fr_FR","og_type":"article","og_title":"Aum\u00f4nerie - Doyenn\u00e9 Ouest Charente","og_description":"PAROISSE DE SEGONZAC L\u2019\u00e9quipe&nbsp;: P\u00e9riodicit\u00e9&nbsp;: un vendredi soir ou 2 par mois selon l\u2019agenda scolaire En fin de 6\u00e8me,&nbsp; c\u00e9l\u00e9bration de Profession de Foi. Support&nbsp;: Parcours&nbsp; \u00ab&nbsp; Kim et No\u00e9&nbsp;\u00bb CALENDRIER 2023\/2024&nbsp;:","og_url":"https:\/\/charente.catholique.fr\/ouest-charente\/paroisses\/chateauneuf-saint-pierre-de-segonzac\/enfants-ados\/aumonerie\/","og_site_name":"Doyenn\u00e9 Ouest Charente","article_publisher":"https:\/\/www.facebook.com\/EgliseCatholiqueCharente","article_modified_time":"2024-11-15T15:01:07+00:00","og_image":[{"width":612,"height":408,"url":"https:\/\/charente.catholique.fr\/ouest-charente\/wp-content\/uploads\/sites\/6\/2023\/05\/aumonerie.jpg","type":"image\/jpeg"}],"twitter_card":"summary_large_image","twitter_site":"@diocesecharente","twitter_misc":{"Dur\u00e9e de lecture estim\u00e9e":"1 minute"},"schema":{"@context":"https:\/\/schema.org","@graph":[{"@type":"WebPage","@id":"https:\/\/charente.catholique.fr\/ouest-charente\/paroisses\/chateauneuf-saint-pierre-de-segonzac\/enfants-ados\/aumonerie\/","url":"https:\/\/charente.catholique.fr\/ouest-charente\/paroisses\/chateauneuf-saint-pierre-de-segonzac\/enfants-ados\/aumonerie\/","name":"Aum\u00f4nerie - Doyenn\u00e9 Ouest Charente","isPartOf":{"@id":"https:\/\/charente.catholique.fr\/ouest-charente\/#website"},"primaryImageOfPage":{"@id":"https:\/\/charente.catholique.fr\/ouest-charente\/paroisses\/chateauneuf-saint-pierre-de-segonzac\/enfants-ados\/aumonerie\/#primaryimage"},"image":{"@id":"https:\/\/charente.catholique.fr\/ouest-charente\/paroisses\/chateauneuf-saint-pierre-de-segonzac\/enfants-ados\/aumonerie\/#primaryimage"},"thumbnailUrl":"https:\/\/charente.catholique.fr\/ouest-charente\/wp-content\/uploads\/sites\/6\/2023\/05\/aumonerie.jpg","datePublished":"2023-05-22T12:11:56+00:00","dateModified":"2024-11-15T15:01:07+00:00","breadcrumb":{"@id":"https:\/\/charente.catholique.fr\/ouest-charente\/paroisses\/chateauneuf-saint-pierre-de-segonzac\/enfants-ados\/aumonerie\/#breadcrumb"},"inLanguage":"fr-FR","potentialAction":[{"@type":"ReadAction","target":["https:\/\/charente.catholique.fr\/ouest-charente\/paroisses\/chateauneuf-saint-pierre-de-segonzac\/enfants-ados\/aumonerie\/"]}]},{"@type":"ImageObject","inLanguage":"fr-FR","@id":"https:\/\/charente.catholique.fr\/ouest-charente\/paroisses\/chateauneuf-saint-pierre-de-segonzac\/enfants-ados\/aumonerie\/#primaryimage","url":"https:\/\/charente.catholique.fr\/ouest-charente\/wp-content\/uploads\/sites\/6\/2023\/05\/aumonerie.jpg","contentUrl":"https:\/\/charente.catholique.fr\/ouest-charente\/wp-content\/uploads\/sites\/6\/2023\/05\/aumonerie.jpg","width":612,"height":408},{"@type":"BreadcrumbList","@id":"https:\/\/charente.catholique.fr\/ouest-charente\/paroisses\/chateauneuf-saint-pierre-de-segonzac\/enfants-ados\/aumonerie\/#breadcrumb","itemListElement":[{"@type":"ListItem","position":1,"name":"Accueil","item":"https:\/\/charente.catholique.fr\/ouest-charente\/"},{"@type":"ListItem","position":2,"name":"Ch\u00e2teauneuf \u2013 Segonzac","item":"https:\/\/charente.catholique.fr\/ouest-charente\/paroisses\/chateauneuf-saint-pierre-de-segonzac\/"},{"@type":"ListItem","position":3,"name":"Enfants &amp; ados","item":"https:\/\/charente.catholique.fr\/ouest-charente\/paroisses\/chateauneuf-saint-pierre-de-segonzac\/enfants-ados\/"},{"@type":"ListItem","position":4,"name":"Aum\u00f4nerie"}]},{"@type":"WebSite","@id":"https:\/\/charente.catholique.fr\/ouest-charente\/#website","url":"https:\/\/charente.catholique.fr\/ouest-charente\/","name":"Doyenn\u00e9 Ouest Charente - Dioc\u00e8se d'Angoul\u00eame","description":"Dioc\u00e8se d&#039;Angoul\u00eame","publisher":{"@id":"https:\/\/charente.catholique.fr\/ouest-charente\/#organization"},"potentialAction":[{"@type":"SearchAction","target":{"@type":"EntryPoint","urlTemplate":"https:\/\/charente.catholique.fr\/ouest-charente\/?s={search_term_string}"},"query-input":{"@type":"PropertyValueSpecification","valueRequired":true,"valueName":"search_term_string"}}],"inLanguage":"fr-FR"},{"@type":"Organization","@id":"https:\/\/charente.catholique.fr\/ouest-charente\/#organization","name":"Association dioc\u00e9saine d'Angoul\u00eame","url":"https:\/\/charente.catholique.fr\/ouest-charente\/","logo":{"@type":"ImageObject","inLanguage":"fr-FR","@id":"https:\/\/charente.catholique.fr\/ouest-charente\/#\/schema\/logo\/image\/","url":"https:\/\/charente.catholique.fr\/ouest-charente\/wp-content\/uploads\/sites\/6\/2020\/10\/logos.png","contentUrl":"https:\/\/charente.catholique.fr\/ouest-charente\/wp-content\/uploads\/sites\/6\/2020\/10\/logos.png","width":600,"height":257,"caption":"Association dioc\u00e9saine d'Angoul\u00eame"},"image":{"@id":"https:\/\/charente.catholique.fr\/ouest-charente\/#\/schema\/logo\/image\/"},"sameAs":["https:\/\/www.facebook.com\/EgliseCatholiqueCharente","https:\/\/x.com\/diocesecharente","https:\/\/www.instagram.com\/eglisecharente","https:\/\/www.youtube.com\/channel\/UCByyFWApZbw3gDTiADoiAaQ"]}]}},"_links":{"self":[{"href":"https:\/\/charente.catholique.fr\/ouest-charente\/wp-json\/wp\/v2\/paroisse\/30591","targetHints":{"allow":["GET"]}}],"collection":[{"href":"https:\/\/charente.catholique.fr\/ouest-charente\/wp-json\/wp\/v2\/paroisse"}],"about":[{"href":"https:\/\/charente.catholique.fr\/ouest-charente\/wp-json\/wp\/v2\/types\/paroisse"}],"author":[{"embeddable":true,"href":"https:\/\/charente.catholique.fr\/ouest-charente\/wp-json\/wp\/v2\/users\/82"}],"version-history":[{"count":6,"href":"https:\/\/charente.catholique.fr\/ouest-charente\/wp-json\/wp\/v2\/paroisse\/30591\/revisions"}],"predecessor-version":[{"id":35428,"href":"https:\/\/charente.catholique.fr\/ouest-charente\/wp-json\/wp\/v2\/paroisse\/30591\/revisions\/35428"}],"up":[{"embeddable":true,"href":"https:\/\/charente.catholique.fr\/ouest-charente\/wp-json\/wp\/v2\/paroisse\/30557"}],"wp:featuredmedia":[{"embeddable":true,"href":"https:\/\/charente.catholique.fr\/ouest-charente\/wp-json\/wp\/v2\/media\/30594"}],"wp:attachment":[{"href":"https:\/\/charente.catholique.fr\/ouest-charente\/wp-json\/wp\/v2\/media?parent=30591"}],"curies":[{"name":"wp","href":"https:\/\/api.w.org\/{rel}","templated":true}]}}