{"id":30567,"date":"2023-05-21T23:19:56","date_gmt":"2023-05-21T21:19:56","guid":{"rendered":"https:\/\/charente.catholique.fr\/ouest-charente\/?post_type=paroisse&#038;p=30567"},"modified":"2025-08-21T14:32:12","modified_gmt":"2025-08-21T12:32:12","slug":"catechisme","status":"publish","type":"paroisse","link":"https:\/\/charente.catholique.fr\/ouest-charente\/paroisses\/chateauneuf-saint-pierre-de-segonzac\/enfants-ados\/catechisme\/","title":{"rendered":"Cat\u00e9chisme"},"content":{"rendered":"\n<p class=\"has-ouest-charente-color has-text-color\" style=\"font-size:25px\">PAROISSE DE SEGONZAC<\/p>\n\n\n\n<p><\/p>\n\n\n\n<p class=\"has-sud-charente-color has-text-color\"><strong>Responsable&nbsp;: &nbsp;<\/strong>&nbsp;&nbsp;&nbsp;&nbsp;&nbsp;&nbsp;&nbsp;&nbsp;&nbsp;&nbsp;&nbsp;&nbsp;&nbsp;&nbsp;&nbsp;&nbsp;&nbsp;&nbsp;&nbsp;&nbsp;&nbsp;&nbsp;&nbsp;&nbsp;&nbsp;&nbsp;&nbsp;&nbsp;&nbsp;&nbsp;&nbsp;&nbsp;&nbsp;&nbsp;&nbsp;&nbsp;&nbsp;&nbsp;&nbsp;&nbsp;&nbsp;&nbsp;&nbsp;&nbsp;&nbsp;&nbsp;&nbsp;&nbsp;&nbsp;&nbsp;&nbsp;&nbsp;&nbsp;&nbsp;&nbsp;&nbsp;&nbsp;&nbsp;&nbsp;&nbsp;&nbsp;&nbsp;&nbsp;&nbsp;&nbsp;&nbsp;&nbsp;&nbsp;&nbsp;&nbsp;&nbsp;&nbsp;&nbsp;&nbsp;&nbsp;&nbsp;&nbsp;&nbsp;&nbsp;&nbsp;&nbsp;&nbsp;&nbsp;&nbsp;&nbsp;&nbsp;&nbsp;&nbsp;&nbsp;&nbsp;&nbsp;&nbsp;&nbsp;&nbsp;&nbsp;&nbsp;&nbsp;&nbsp;&nbsp;&nbsp;&nbsp;&nbsp;&nbsp;&nbsp;&nbsp;&nbsp;&nbsp;&nbsp;&nbsp;&nbsp;&nbsp;&nbsp;&nbsp;<\/p>\n\n\n\n<ul class=\"wp-block-list\">\n<li><strong>Annick TRIBOT<\/strong>&nbsp;&nbsp;&nbsp;&nbsp;&nbsp;&nbsp;&nbsp;&nbsp;&nbsp;&nbsp;&nbsp;&nbsp;&nbsp;&nbsp;&nbsp;&nbsp;&nbsp;&nbsp; 05 45 80 53 04 \/ 06 05 41 31 25 \/ annick.tribot@hotmail.fr<\/li>\n<\/ul>\n\n\n\n<p>Relais cat\u00e9chiste au niveau dioc\u00e9sain et responsable dioc\u00e9saine de la Cat\u00e9ch\u00e8se, &nbsp;&nbsp;&nbsp;&nbsp;&nbsp;<\/p>\n\n\n\n<p>Relais librairie SILOE et cat\u00e9chiste pour les CE2 sur la paroisse de Segonzac<\/p>\n\n\n\n<p class=\"has-sud-charente-color has-text-color\"><strong>L\u2019\u00e9quipe&nbsp;:<\/strong><\/p>\n\n\n\n<ul class=\"wp-block-list\">\n<li><strong>Annick TRIBOT<\/strong>&nbsp;: &nbsp;&nbsp;&nbsp;&nbsp;&nbsp;&nbsp;&nbsp;&nbsp;&nbsp;&nbsp;&nbsp;&nbsp;&nbsp;&nbsp;&nbsp;              \u00e9l\u00e8ves de CE2<\/li>\n\n\n\n<li><strong>Gilberte MASSUYAU<\/strong> : &nbsp;&nbsp;&nbsp;&nbsp;&nbsp;&nbsp; \u00e9l\u00e8ves de CM1&nbsp;<\/li>\n\n\n\n<li><strong>Laetitia BOURREAU<\/strong>&nbsp;:&nbsp;&nbsp;&nbsp;&nbsp;&nbsp;&nbsp;&nbsp;&nbsp;&nbsp;\u00e9l\u00e8ves de CM1&nbsp;<\/li>\n\n\n\n<li><strong>B\u00e9atrice GAUTHIER<\/strong>&nbsp;:&nbsp;&nbsp;&nbsp;&nbsp;&nbsp;&nbsp;&nbsp;&nbsp; \u00e9l\u00e8ves de CM2<\/li>\n<\/ul>\n\n\n\n<p class=\"has-sud-charente-color has-text-color\"><strong>P\u00e9riodicit\u00e9&nbsp;:<\/strong> <\/p>\n\n\n\n<p>un samedi matin ou 2 par mois au presbyt\u00e8re selon l\u2019agenda scolaire.<\/p>\n\n\n\n<p class=\"has-sud-charente-color has-text-color\"><strong>Support&nbsp;: <\/strong><\/p>\n\n\n\n<p>Parcours &nbsp;\u00ab&nbsp;Promesse de Dieu&nbsp;\u00bb<\/p>\n\n\n\n<div style=\"height:12px\" aria-hidden=\"true\" class=\"wp-block-spacer\"><\/div>\n\n\n\n<p class=\"has-grand-angouleme-color has-text-color has-medium-font-size\"><strong>AUTRES RENCONTRES&nbsp;:<\/strong><\/p>\n\n\n\n<p style=\"font-size:19px\"><strong>Messe des familles<\/strong> avec les enfants de la paroisse et de l\u2019\u00e9cole du Sacr\u00e9 C\u0153ur<\/p>\n\n\n\n<p class=\"has-est-charente-color has-text-color\"><strong>P\u00e9riodicit\u00e9&nbsp;:<\/strong> <\/p>\n\n\n\n<p>1 fois par mois&nbsp;<\/p>\n\n\n\n<p style=\"font-size:19px\"><strong>Dimanche autrement&nbsp;<\/strong>:<\/p>\n\n\n\n<p class=\"has-est-charente-color has-text-color\"><strong>P\u00e9riodicit\u00e9&nbsp;:<\/strong> <\/p>\n\n\n\n<p>2 fois dans l\u2019ann\u00e9e liturgique, 1<sup>er<\/sup> dimanche de l\u2019Avent et dimanche des Rameaux&nbsp;&nbsp;&nbsp;&nbsp;&nbsp;&nbsp; <\/p>\n\n\n\n<p>le dimanche matin de 9h \u00e0 10h30 \u00e0 l\u2019\u00e9glise avant la messe dominicale.<\/p>\n\n\n\n<p class=\"has-est-charente-color has-text-color\"><strong>Activit\u00e9&nbsp;:<\/strong> <\/p>\n\n\n\n<p>les enfants sont accompagn\u00e9s de leurs parents et se pr\u00e9parent \u00e0 No\u00ebl (confection d\u2019une couronne de l\u2019Avent) et \u00e0 la Semaine Sainte et P\u00e2ques (jardin fleuri).<\/p>\n\n\n\n<p style=\"font-size:19px\"><strong>Dimanche festif<\/strong>&nbsp;:<\/p>\n\n\n\n<p class=\"has-est-charente-color has-text-color\"><strong>P\u00e9riodicit\u00e9&nbsp;: <\/strong><\/p>\n\n\n\n<p>en juin pour cl\u00f4turer l\u2019ann\u00e9e de cat\u00e9chisme<\/p>\n\n\n\n<p class=\"has-est-charente-color has-text-color\"><strong>Activit\u00e9&nbsp;: <\/strong><\/p>\n\n\n\n<p>en pr\u00e9sence des parents, ouvert \u00e0 toute la communaut\u00e9 paroissiale. En 2021, suivi du chemin baptismal dans la rue du presbyt\u00e8re, la fontaine derri\u00e8re l\u2019\u00e9glise et le jardin public pr\u00e8s de la m\u00e9diath\u00e8que <\/p>\n\n\n\n<div style=\"height:36px\" aria-hidden=\"true\" class=\"wp-block-spacer\"><\/div>\n\n\n\n<p class=\"has-grand-angouleme-color has-text-color has-medium-font-size\"><strong>CALENDRIER 2025\/2026\u00a0:<\/strong><\/p>\n\n\n\n<div data-wp-interactive=\"core\/file\" class=\"wp-block-file\"><object data-wp-bind--hidden=\"!state.hasPdfPreview\" hidden class=\"wp-block-file__embed\" data=\"https:\/\/charente.catholique.fr\/ouest-charente\/wp-content\/uploads\/sites\/6\/2023\/05\/CALENDRIER-CATE-2025-2026-1.pdf\" type=\"application\/pdf\" style=\"width:100%;height:1149px\" aria-label=\"Contenu embarqu\u00e9 CALENDRIER CATE 2025-2026-1.\"><\/object><a id=\"wp-block-file--media-70069c6d-72b1-4ee1-b1d6-c90fb5b2b6c4\" href=\"https:\/\/charente.catholique.fr\/ouest-charente\/wp-content\/uploads\/sites\/6\/2023\/05\/CALENDRIER-CATE-2025-2026-1.pdf\">CALENDRIER CATE 2025-2026-1<\/a><a href=\"https:\/\/charente.catholique.fr\/ouest-charente\/wp-content\/uploads\/sites\/6\/2023\/05\/CALENDRIER-CATE-2025-2026-1.pdf\" class=\"wp-block-file__button wp-element-button\" download aria-describedby=\"wp-block-file--media-70069c6d-72b1-4ee1-b1d6-c90fb5b2b6c4\">T\u00e9l\u00e9charger<\/a><\/div>\n\n\n\n<div style=\"height:35px\" aria-hidden=\"true\" class=\"wp-block-spacer\"><\/div>\n\n\n\n<p class=\"has-grand-angouleme-color has-text-color has-link-color has-medium-font-size wp-elements-7ca3b180a8319b0aee9d309220cc3185\"><strong>COURRIER DE RENTREE 2024\/2025&nbsp;:<\/strong><\/p>\n\n\n\n<div data-wp-interactive=\"core\/file\" class=\"wp-block-file\"><object data-wp-bind--hidden=\"!state.hasPdfPreview\" hidden class=\"wp-block-file__embed\" data=\"https:\/\/charente.catholique.fr\/ouest-charente\/wp-content\/uploads\/sites\/6\/2023\/05\/RENTREE-2024-courrier-parents-CATe.pdf\" type=\"application\/pdf\" style=\"width:100%;height:2000px\" aria-label=\"Contenu embarqu\u00e9 RENTREE 2024 courrier parents CAT\u00e9.\"><\/object><a id=\"wp-block-file--media-bd639f0c-54a5-4e8b-a80c-87d6943d9401\" href=\"https:\/\/charente.catholique.fr\/ouest-charente\/wp-content\/uploads\/sites\/6\/2023\/05\/RENTREE-2024-courrier-parents-CATe.pdf\">RENTREE 2024 courrier parents CAT\u00e9<\/a><a href=\"https:\/\/charente.catholique.fr\/ouest-charente\/wp-content\/uploads\/sites\/6\/2023\/05\/RENTREE-2024-courrier-parents-CATe.pdf\" class=\"wp-block-file__button wp-element-button\" download aria-describedby=\"wp-block-file--media-bd639f0c-54a5-4e8b-a80c-87d6943d9401\">T\u00e9l\u00e9charger<\/a><\/div>\n","protected":false},"author":82,"featured_media":30568,"parent":30557,"menu_order":158,"template":"","meta":{"_acf_changed":false,"paroisse":["19"],"service":[],"footnotes":""},"class_list":["post-30567","paroisse","type-paroisse","status-publish","has-post-thumbnail","hentry"],"acf":[],"yoast_head":"<!-- This site is optimized with the Yoast SEO plugin v27.1.1 - https:\/\/yoast.com\/product\/yoast-seo-wordpress\/ -->\n<title>Cat\u00e9chisme - Doyenn\u00e9 Ouest Charente<\/title>\n<meta name=\"robots\" content=\"index, follow, max-snippet:-1, max-image-preview:large, max-video-preview:-1\" \/>\n<link rel=\"canonical\" href=\"https:\/\/charente.catholique.fr\/ouest-charente\/paroisses\/chateauneuf-saint-pierre-de-segonzac\/enfants-ados\/catechisme\/\" \/>\n<meta property=\"og:locale\" content=\"fr_FR\" \/>\n<meta property=\"og:type\" content=\"article\" \/>\n<meta property=\"og:title\" content=\"Cat\u00e9chisme - Doyenn\u00e9 Ouest Charente\" \/>\n<meta property=\"og:description\" content=\"PAROISSE DE SEGONZAC Responsable&nbsp;: &nbsp;&nbsp;&nbsp;&nbsp;&nbsp;&nbsp;&nbsp;&nbsp;&nbsp;&nbsp;&nbsp;&nbsp;&nbsp;&nbsp;&nbsp;&nbsp;&nbsp;&nbsp;&nbsp;&nbsp;&nbsp;&nbsp;&nbsp;&nbsp;&nbsp;&nbsp;&nbsp;&nbsp;&nbsp;&nbsp;&nbsp;&nbsp;&nbsp;&nbsp;&nbsp;&nbsp;&nbsp;&nbsp;&nbsp;&nbsp;&nbsp;&nbsp;&nbsp;&nbsp;&nbsp;&nbsp;&nbsp;&nbsp;&nbsp;&nbsp;&nbsp;&nbsp;&nbsp;&nbsp;&nbsp;&nbsp;&nbsp;&nbsp;&nbsp;&nbsp;&nbsp;&nbsp;&nbsp;&nbsp;&nbsp;&nbsp;&nbsp;&nbsp;&nbsp;&nbsp;&nbsp;&nbsp;&nbsp;&nbsp;&nbsp;&nbsp;&nbsp;&nbsp;&nbsp;&nbsp;&nbsp;&nbsp;&nbsp;&nbsp;&nbsp;&nbsp;&nbsp;&nbsp;&nbsp;&nbsp;&nbsp;&nbsp;&nbsp;&nbsp;&nbsp;&nbsp;&nbsp;&nbsp;&nbsp;&nbsp;&nbsp;&nbsp;&nbsp;&nbsp;&nbsp;&nbsp;&nbsp;&nbsp;&nbsp;&nbsp;&nbsp;&nbsp;&nbsp;&nbsp; Relais cat\u00e9chiste au niveau dioc\u00e9sain et responsable dioc\u00e9saine de la Cat\u00e9ch\u00e8se, &nbsp;&nbsp;&nbsp;&nbsp;&nbsp; Relais librairie SILOE et cat\u00e9chiste pour les CE2 sur la paroisse de Segonzac L\u2019\u00e9quipe&nbsp;: P\u00e9riodicit\u00e9&nbsp;: un samedi matin ou 2 par mois au presbyt\u00e8re selon l\u2019agenda scolaire. Support&nbsp;: Parcours &nbsp;\u00ab&nbsp;Promesse de Dieu&nbsp;\u00bb AUTRES RENCONTRES&nbsp;: Messe des familles avec [&hellip;]\" \/>\n<meta property=\"og:url\" content=\"https:\/\/charente.catholique.fr\/ouest-charente\/paroisses\/chateauneuf-saint-pierre-de-segonzac\/enfants-ados\/catechisme\/\" \/>\n<meta property=\"og:site_name\" content=\"Doyenn\u00e9 Ouest Charente\" \/>\n<meta property=\"article:publisher\" content=\"https:\/\/www.facebook.com\/EgliseCatholiqueCharente\" \/>\n<meta property=\"article:modified_time\" content=\"2025-08-21T12:32:12+00:00\" \/>\n<meta property=\"og:image\" content=\"https:\/\/charente.catholique.fr\/ouest-charente\/wp-content\/uploads\/sites\/6\/2023\/05\/cate.jpg\" \/>\n\t<meta property=\"og:image:width\" content=\"1280\" \/>\n\t<meta property=\"og:image:height\" content=\"853\" \/>\n\t<meta property=\"og:image:type\" content=\"image\/jpeg\" \/>\n<meta name=\"twitter:card\" content=\"summary_large_image\" \/>\n<meta name=\"twitter:site\" content=\"@diocesecharente\" \/>\n<meta name=\"twitter:label1\" content=\"Dur\u00e9e de lecture estim\u00e9e\" \/>\n\t<meta name=\"twitter:data1\" content=\"2 minutes\" \/>\n<script type=\"application\/ld+json\" class=\"yoast-schema-graph\">{\"@context\":\"https:\/\/schema.org\",\"@graph\":[{\"@type\":\"WebPage\",\"@id\":\"https:\/\/charente.catholique.fr\/ouest-charente\/paroisses\/chateauneuf-saint-pierre-de-segonzac\/enfants-ados\/catechisme\/\",\"url\":\"https:\/\/charente.catholique.fr\/ouest-charente\/paroisses\/chateauneuf-saint-pierre-de-segonzac\/enfants-ados\/catechisme\/\",\"name\":\"Cat\u00e9chisme - Doyenn\u00e9 Ouest Charente\",\"isPartOf\":{\"@id\":\"https:\/\/charente.catholique.fr\/ouest-charente\/#website\"},\"primaryImageOfPage\":{\"@id\":\"https:\/\/charente.catholique.fr\/ouest-charente\/paroisses\/chateauneuf-saint-pierre-de-segonzac\/enfants-ados\/catechisme\/#primaryimage\"},\"image\":{\"@id\":\"https:\/\/charente.catholique.fr\/ouest-charente\/paroisses\/chateauneuf-saint-pierre-de-segonzac\/enfants-ados\/catechisme\/#primaryimage\"},\"thumbnailUrl\":\"https:\/\/charente.catholique.fr\/ouest-charente\/wp-content\/uploads\/sites\/6\/2023\/05\/cate.jpg\",\"datePublished\":\"2023-05-21T21:19:56+00:00\",\"dateModified\":\"2025-08-21T12:32:12+00:00\",\"breadcrumb\":{\"@id\":\"https:\/\/charente.catholique.fr\/ouest-charente\/paroisses\/chateauneuf-saint-pierre-de-segonzac\/enfants-ados\/catechisme\/#breadcrumb\"},\"inLanguage\":\"fr-FR\",\"potentialAction\":[{\"@type\":\"ReadAction\",\"target\":[\"https:\/\/charente.catholique.fr\/ouest-charente\/paroisses\/chateauneuf-saint-pierre-de-segonzac\/enfants-ados\/catechisme\/\"]}]},{\"@type\":\"ImageObject\",\"inLanguage\":\"fr-FR\",\"@id\":\"https:\/\/charente.catholique.fr\/ouest-charente\/paroisses\/chateauneuf-saint-pierre-de-segonzac\/enfants-ados\/catechisme\/#primaryimage\",\"url\":\"https:\/\/charente.catholique.fr\/ouest-charente\/wp-content\/uploads\/sites\/6\/2023\/05\/cate.jpg\",\"contentUrl\":\"https:\/\/charente.catholique.fr\/ouest-charente\/wp-content\/uploads\/sites\/6\/2023\/05\/cate.jpg\",\"width\":1280,\"height\":853},{\"@type\":\"BreadcrumbList\",\"@id\":\"https:\/\/charente.catholique.fr\/ouest-charente\/paroisses\/chateauneuf-saint-pierre-de-segonzac\/enfants-ados\/catechisme\/#breadcrumb\",\"itemListElement\":[{\"@type\":\"ListItem\",\"position\":1,\"name\":\"Accueil\",\"item\":\"https:\/\/charente.catholique.fr\/ouest-charente\/\"},{\"@type\":\"ListItem\",\"position\":2,\"name\":\"Ch\u00e2teauneuf \u2013 Segonzac\",\"item\":\"https:\/\/charente.catholique.fr\/ouest-charente\/paroisses\/chateauneuf-saint-pierre-de-segonzac\/\"},{\"@type\":\"ListItem\",\"position\":3,\"name\":\"Enfants &amp; ados\",\"item\":\"https:\/\/charente.catholique.fr\/ouest-charente\/paroisses\/chateauneuf-saint-pierre-de-segonzac\/enfants-ados\/\"},{\"@type\":\"ListItem\",\"position\":4,\"name\":\"Cat\u00e9chisme\"}]},{\"@type\":\"WebSite\",\"@id\":\"https:\/\/charente.catholique.fr\/ouest-charente\/#website\",\"url\":\"https:\/\/charente.catholique.fr\/ouest-charente\/\",\"name\":\"Doyenn\u00e9 Ouest Charente - Dioc\u00e8se d'Angoul\u00eame\",\"description\":\"Dioc\u00e8se d&#039;Angoul\u00eame\",\"publisher\":{\"@id\":\"https:\/\/charente.catholique.fr\/ouest-charente\/#organization\"},\"potentialAction\":[{\"@type\":\"SearchAction\",\"target\":{\"@type\":\"EntryPoint\",\"urlTemplate\":\"https:\/\/charente.catholique.fr\/ouest-charente\/?s={search_term_string}\"},\"query-input\":{\"@type\":\"PropertyValueSpecification\",\"valueRequired\":true,\"valueName\":\"search_term_string\"}}],\"inLanguage\":\"fr-FR\"},{\"@type\":\"Organization\",\"@id\":\"https:\/\/charente.catholique.fr\/ouest-charente\/#organization\",\"name\":\"Association dioc\u00e9saine d'Angoul\u00eame\",\"url\":\"https:\/\/charente.catholique.fr\/ouest-charente\/\",\"logo\":{\"@type\":\"ImageObject\",\"inLanguage\":\"fr-FR\",\"@id\":\"https:\/\/charente.catholique.fr\/ouest-charente\/#\/schema\/logo\/image\/\",\"url\":\"https:\/\/charente.catholique.fr\/ouest-charente\/wp-content\/uploads\/sites\/6\/2020\/10\/logos.png\",\"contentUrl\":\"https:\/\/charente.catholique.fr\/ouest-charente\/wp-content\/uploads\/sites\/6\/2020\/10\/logos.png\",\"width\":600,\"height\":257,\"caption\":\"Association dioc\u00e9saine d'Angoul\u00eame\"},\"image\":{\"@id\":\"https:\/\/charente.catholique.fr\/ouest-charente\/#\/schema\/logo\/image\/\"},\"sameAs\":[\"https:\/\/www.facebook.com\/EgliseCatholiqueCharente\",\"https:\/\/x.com\/diocesecharente\",\"https:\/\/www.instagram.com\/eglisecharente\",\"https:\/\/www.youtube.com\/channel\/UCByyFWApZbw3gDTiADoiAaQ\"]}]}<\/script>\n<!-- \/ Yoast SEO plugin. -->","yoast_head_json":{"title":"Cat\u00e9chisme - Doyenn\u00e9 Ouest Charente","robots":{"index":"index","follow":"follow","max-snippet":"max-snippet:-1","max-image-preview":"max-image-preview:large","max-video-preview":"max-video-preview:-1"},"canonical":"https:\/\/charente.catholique.fr\/ouest-charente\/paroisses\/chateauneuf-saint-pierre-de-segonzac\/enfants-ados\/catechisme\/","og_locale":"fr_FR","og_type":"article","og_title":"Cat\u00e9chisme - Doyenn\u00e9 Ouest Charente","og_description":"PAROISSE DE SEGONZAC Responsable&nbsp;: &nbsp;&nbsp;&nbsp;&nbsp;&nbsp;&nbsp;&nbsp;&nbsp;&nbsp;&nbsp;&nbsp;&nbsp;&nbsp;&nbsp;&nbsp;&nbsp;&nbsp;&nbsp;&nbsp;&nbsp;&nbsp;&nbsp;&nbsp;&nbsp;&nbsp;&nbsp;&nbsp;&nbsp;&nbsp;&nbsp;&nbsp;&nbsp;&nbsp;&nbsp;&nbsp;&nbsp;&nbsp;&nbsp;&nbsp;&nbsp;&nbsp;&nbsp;&nbsp;&nbsp;&nbsp;&nbsp;&nbsp;&nbsp;&nbsp;&nbsp;&nbsp;&nbsp;&nbsp;&nbsp;&nbsp;&nbsp;&nbsp;&nbsp;&nbsp;&nbsp;&nbsp;&nbsp;&nbsp;&nbsp;&nbsp;&nbsp;&nbsp;&nbsp;&nbsp;&nbsp;&nbsp;&nbsp;&nbsp;&nbsp;&nbsp;&nbsp;&nbsp;&nbsp;&nbsp;&nbsp;&nbsp;&nbsp;&nbsp;&nbsp;&nbsp;&nbsp;&nbsp;&nbsp;&nbsp;&nbsp;&nbsp;&nbsp;&nbsp;&nbsp;&nbsp;&nbsp;&nbsp;&nbsp;&nbsp;&nbsp;&nbsp;&nbsp;&nbsp;&nbsp;&nbsp;&nbsp;&nbsp;&nbsp;&nbsp;&nbsp;&nbsp;&nbsp;&nbsp;&nbsp; Relais cat\u00e9chiste au niveau dioc\u00e9sain et responsable dioc\u00e9saine de la Cat\u00e9ch\u00e8se, &nbsp;&nbsp;&nbsp;&nbsp;&nbsp; Relais librairie SILOE et cat\u00e9chiste pour les CE2 sur la paroisse de Segonzac L\u2019\u00e9quipe&nbsp;: P\u00e9riodicit\u00e9&nbsp;: un samedi matin ou 2 par mois au presbyt\u00e8re selon l\u2019agenda scolaire. Support&nbsp;: Parcours &nbsp;\u00ab&nbsp;Promesse de Dieu&nbsp;\u00bb AUTRES RENCONTRES&nbsp;: Messe des familles avec [&hellip;]","og_url":"https:\/\/charente.catholique.fr\/ouest-charente\/paroisses\/chateauneuf-saint-pierre-de-segonzac\/enfants-ados\/catechisme\/","og_site_name":"Doyenn\u00e9 Ouest Charente","article_publisher":"https:\/\/www.facebook.com\/EgliseCatholiqueCharente","article_modified_time":"2025-08-21T12:32:12+00:00","og_image":[{"width":1280,"height":853,"url":"https:\/\/charente.catholique.fr\/ouest-charente\/wp-content\/uploads\/sites\/6\/2023\/05\/cate.jpg","type":"image\/jpeg"}],"twitter_card":"summary_large_image","twitter_site":"@diocesecharente","twitter_misc":{"Dur\u00e9e de lecture estim\u00e9e":"2 minutes"},"schema":{"@context":"https:\/\/schema.org","@graph":[{"@type":"WebPage","@id":"https:\/\/charente.catholique.fr\/ouest-charente\/paroisses\/chateauneuf-saint-pierre-de-segonzac\/enfants-ados\/catechisme\/","url":"https:\/\/charente.catholique.fr\/ouest-charente\/paroisses\/chateauneuf-saint-pierre-de-segonzac\/enfants-ados\/catechisme\/","name":"Cat\u00e9chisme - Doyenn\u00e9 Ouest Charente","isPartOf":{"@id":"https:\/\/charente.catholique.fr\/ouest-charente\/#website"},"primaryImageOfPage":{"@id":"https:\/\/charente.catholique.fr\/ouest-charente\/paroisses\/chateauneuf-saint-pierre-de-segonzac\/enfants-ados\/catechisme\/#primaryimage"},"image":{"@id":"https:\/\/charente.catholique.fr\/ouest-charente\/paroisses\/chateauneuf-saint-pierre-de-segonzac\/enfants-ados\/catechisme\/#primaryimage"},"thumbnailUrl":"https:\/\/charente.catholique.fr\/ouest-charente\/wp-content\/uploads\/sites\/6\/2023\/05\/cate.jpg","datePublished":"2023-05-21T21:19:56+00:00","dateModified":"2025-08-21T12:32:12+00:00","breadcrumb":{"@id":"https:\/\/charente.catholique.fr\/ouest-charente\/paroisses\/chateauneuf-saint-pierre-de-segonzac\/enfants-ados\/catechisme\/#breadcrumb"},"inLanguage":"fr-FR","potentialAction":[{"@type":"ReadAction","target":["https:\/\/charente.catholique.fr\/ouest-charente\/paroisses\/chateauneuf-saint-pierre-de-segonzac\/enfants-ados\/catechisme\/"]}]},{"@type":"ImageObject","inLanguage":"fr-FR","@id":"https:\/\/charente.catholique.fr\/ouest-charente\/paroisses\/chateauneuf-saint-pierre-de-segonzac\/enfants-ados\/catechisme\/#primaryimage","url":"https:\/\/charente.catholique.fr\/ouest-charente\/wp-content\/uploads\/sites\/6\/2023\/05\/cate.jpg","contentUrl":"https:\/\/charente.catholique.fr\/ouest-charente\/wp-content\/uploads\/sites\/6\/2023\/05\/cate.jpg","width":1280,"height":853},{"@type":"BreadcrumbList","@id":"https:\/\/charente.catholique.fr\/ouest-charente\/paroisses\/chateauneuf-saint-pierre-de-segonzac\/enfants-ados\/catechisme\/#breadcrumb","itemListElement":[{"@type":"ListItem","position":1,"name":"Accueil","item":"https:\/\/charente.catholique.fr\/ouest-charente\/"},{"@type":"ListItem","position":2,"name":"Ch\u00e2teauneuf \u2013 Segonzac","item":"https:\/\/charente.catholique.fr\/ouest-charente\/paroisses\/chateauneuf-saint-pierre-de-segonzac\/"},{"@type":"ListItem","position":3,"name":"Enfants &amp; ados","item":"https:\/\/charente.catholique.fr\/ouest-charente\/paroisses\/chateauneuf-saint-pierre-de-segonzac\/enfants-ados\/"},{"@type":"ListItem","position":4,"name":"Cat\u00e9chisme"}]},{"@type":"WebSite","@id":"https:\/\/charente.catholique.fr\/ouest-charente\/#website","url":"https:\/\/charente.catholique.fr\/ouest-charente\/","name":"Doyenn\u00e9 Ouest Charente - Dioc\u00e8se d'Angoul\u00eame","description":"Dioc\u00e8se d&#039;Angoul\u00eame","publisher":{"@id":"https:\/\/charente.catholique.fr\/ouest-charente\/#organization"},"potentialAction":[{"@type":"SearchAction","target":{"@type":"EntryPoint","urlTemplate":"https:\/\/charente.catholique.fr\/ouest-charente\/?s={search_term_string}"},"query-input":{"@type":"PropertyValueSpecification","valueRequired":true,"valueName":"search_term_string"}}],"inLanguage":"fr-FR"},{"@type":"Organization","@id":"https:\/\/charente.catholique.fr\/ouest-charente\/#organization","name":"Association dioc\u00e9saine d'Angoul\u00eame","url":"https:\/\/charente.catholique.fr\/ouest-charente\/","logo":{"@type":"ImageObject","inLanguage":"fr-FR","@id":"https:\/\/charente.catholique.fr\/ouest-charente\/#\/schema\/logo\/image\/","url":"https:\/\/charente.catholique.fr\/ouest-charente\/wp-content\/uploads\/sites\/6\/2020\/10\/logos.png","contentUrl":"https:\/\/charente.catholique.fr\/ouest-charente\/wp-content\/uploads\/sites\/6\/2020\/10\/logos.png","width":600,"height":257,"caption":"Association dioc\u00e9saine d'Angoul\u00eame"},"image":{"@id":"https:\/\/charente.catholique.fr\/ouest-charente\/#\/schema\/logo\/image\/"},"sameAs":["https:\/\/www.facebook.com\/EgliseCatholiqueCharente","https:\/\/x.com\/diocesecharente","https:\/\/www.instagram.com\/eglisecharente","https:\/\/www.youtube.com\/channel\/UCByyFWApZbw3gDTiADoiAaQ"]}]}},"_links":{"self":[{"href":"https:\/\/charente.catholique.fr\/ouest-charente\/wp-json\/wp\/v2\/paroisse\/30567","targetHints":{"allow":["GET"]}}],"collection":[{"href":"https:\/\/charente.catholique.fr\/ouest-charente\/wp-json\/wp\/v2\/paroisse"}],"about":[{"href":"https:\/\/charente.catholique.fr\/ouest-charente\/wp-json\/wp\/v2\/types\/paroisse"}],"author":[{"embeddable":true,"href":"https:\/\/charente.catholique.fr\/ouest-charente\/wp-json\/wp\/v2\/users\/82"}],"version-history":[{"count":10,"href":"https:\/\/charente.catholique.fr\/ouest-charente\/wp-json\/wp\/v2\/paroisse\/30567\/revisions"}],"predecessor-version":[{"id":37590,"href":"https:\/\/charente.catholique.fr\/ouest-charente\/wp-json\/wp\/v2\/paroisse\/30567\/revisions\/37590"}],"up":[{"embeddable":true,"href":"https:\/\/charente.catholique.fr\/ouest-charente\/wp-json\/wp\/v2\/paroisse\/30557"}],"wp:featuredmedia":[{"embeddable":true,"href":"https:\/\/charente.catholique.fr\/ouest-charente\/wp-json\/wp\/v2\/media\/30568"}],"wp:attachment":[{"href":"https:\/\/charente.catholique.fr\/ouest-charente\/wp-json\/wp\/v2\/media?parent=30567"}],"curies":[{"name":"wp","href":"https:\/\/api.w.org\/{rel}","templated":true}]}}