{"id":3001,"date":"2023-03-17T15:09:25","date_gmt":"2023-03-17T14:09:25","guid":{"rendered":"https:\/\/charente.catholique.fr\/ouest-charente\/?post_type=paroisse&#038;p=3001"},"modified":"2023-03-20T11:01:10","modified_gmt":"2023-03-20T10:01:10","slug":"homelie-du-dimanche-29-janvier-2023","status":"publish","type":"paroisse","link":"https:\/\/charente.catholique.fr\/ouest-charente\/paroisses\/cognac\/messes-prieres-et-homelies\/homelies\/homelie-du-dimanche-29-janvier-2023\/","title":{"rendered":"Hom\u00e9lie du dimanche 29 janvier 2023"},"content":{"rendered":"\n<p class=\"has-text-align-center has-large-font-size\"><strong>\u00c0 l\u2019occasion de la Semaine de l\u2019Unit\u00e9 des Chr\u00e9tiens<\/strong><\/p>\n\n\n\n<p class=\"has-text-align-center has-large-font-size\"><strong>Pr\u00e9dication en l\u2019\u00c9glise St-L\u00e9ger, Cognac<\/strong><\/p>\n\n\n<div class=\"wp-block-image is-style-rounded\">\n<figure class=\"aligncenter size-large is-resized\"><img loading=\"lazy\" decoding=\"async\" src=\"https:\/\/charente.catholique.fr\/ouest-charente\/wp-content\/uploads\/sites\/6\/2023\/03\/29012023-810x1080.jpg\" alt=\"\" class=\"wp-image-30034\" width=\"405\" height=\"540\" srcset=\"https:\/\/charente.catholique.fr\/ouest-charente\/wp-content\/uploads\/sites\/6\/2023\/03\/29012023-810x1080.jpg 810w, https:\/\/charente.catholique.fr\/ouest-charente\/wp-content\/uploads\/sites\/6\/2023\/03\/29012023-225x300.jpg 225w, https:\/\/charente.catholique.fr\/ouest-charente\/wp-content\/uploads\/sites\/6\/2023\/03\/29012023-768x1024.jpg 768w, https:\/\/charente.catholique.fr\/ouest-charente\/wp-content\/uploads\/sites\/6\/2023\/03\/29012023-1152x1536.jpg 1152w, https:\/\/charente.catholique.fr\/ouest-charente\/wp-content\/uploads\/sites\/6\/2023\/03\/29012023-1536x2048.jpg 1536w, https:\/\/charente.catholique.fr\/ouest-charente\/wp-content\/uploads\/sites\/6\/2023\/03\/29012023-scaled.jpg 1920w\" sizes=\"auto, (max-width: 405px) 100vw, 405px\" \/><\/figure>\n<\/div>\n\n\n<p><\/p>\n\n\n\n<p class=\"has-text-align-center\"><em>&nbsp;&nbsp;&nbsp;&nbsp;&nbsp;&nbsp;&nbsp;&nbsp;&nbsp;&nbsp;&nbsp;&nbsp;&nbsp;&nbsp;&nbsp;  <strong>Lecture de l\u2019\u00c9vangile selon Matthieu 5, 3-12, Texte du jour&nbsp;:<\/strong><\/em><\/p>\n\n\n\n<p>Heureux les pauvres en esprit,<br>car le Royaume des Cieux est \u00e0 eux.<br>Heureux les doux,<br>car ils recevront la terre en h\u00e9ritage.<br>Heureux les afflig\u00e9s,<br>car ils seront consol\u00e9s.<br>Heureux les affam\u00e9s et assoiff\u00e9s de la justice,<br>car ils seront rassasi\u00e9s.<br>Heureux les mis\u00e9ricordieux,<br>car ils obtiendront mis\u00e9ricorde.<br>Heureux les c\u0153urs purs,<br>car ils verront Dieu.<br>Heureux les artisans de paix,<br>car ils seront appel\u00e9s fils de Dieu.<br>Heureux les pers\u00e9cut\u00e9s pour la justice,<br>car le Royaume des Cieux est \u00e0 eux.<br>Heureux \u00eates-vous si l\u2019on vous insulte, si l\u2019on vous pers\u00e9cute et si l\u2019on vous calomnie de toutes mani\u00e8res \u00e0 cause de moi.<br>Soyez dans la joie et l\u2019all\u00e9gresse, car votre r\u00e9compense sera grande dans les cieux.<\/p>\n\n\n\n<p class=\"has-text-align-center\">&#8212;&#8212;&#8212;&#8212;&#8212;&#8212;&#8212;&#8212;&#8212;&#8212;&#8212;&#8212;&#8212;&#8212;&#8212;-<\/p>\n\n\n\n<p class=\"has-text-align-center\">              <strong><em>Pr\u00e9dication<\/em><\/strong><\/p>\n\n\n\n<p class=\"has-text-align-center\">Les \u00c9critures nous invitent aujourd\u2019hui \u00e0 m\u00e9diter ensemble sur la recherche du bonheur. Qu\u2019est-ce que le bonheur&nbsp;? Nous vivons sous la tyrannie de la recherche du bonheur&nbsp;: celui qui ne go\u00fbte pas au bonheur aujourd\u2019hui a rat\u00e9 sa vie&nbsp;! Notre monde a plac\u00e9 le bonheur personnel en premier. Non pas l\u2019amour du monde et des autres, mais d\u2019abord le bonheur personnel, familial. A priori, cela n\u2019a rien de n\u00e9gatif mais cela a des cons\u00e9quences sur des comportements qui font tendance&nbsp;: ainsi, 30 \u00e0 40 % des Fran\u00e7ais interrog\u00e9s, pratiquent le \u00ab&nbsp;Quiet quitting&nbsp;\u00bb, c\u2019est \u00e0 dire la \u00ab&nbsp;d\u00e9mission silencieuse&nbsp;\u00bb, l\u2019abandon non apparent de leur travail&nbsp;: ils continuent d\u2019aller au travail sans pour autant chercher \u00e0 s\u2019investir vraiment dans leur travail. De m\u00eame, on ne va plus se sacrifier pour une cause nationale, encore moins religieuse. Le sacr\u00e9 est d\u00e9sormais au sein de la famille, des proches. Le bonheur est \u00e0 vivre en dehors du travail, et de nos institutions civiles ou religieuses.<\/p>\n\n\n\n<p class=\"has-text-align-center\">Mais cette qu\u00eate du bonheur est trompeuse lorsqu\u2019on la confond avec un plaisir imm\u00e9diat, occupationnel, et totalement tourn\u00e9 vers soi. Prendre du plaisir pour passer du bon temps peut \u00eatre essentiel, mais nous savons bien que la somme des plaisirs imm\u00e9diats ne fait pas le bonheur&nbsp;! Le bonheur touche l\u2019\u00eatre en profondeur et dans la dur\u00e9e. Parce qu\u2019il nous change int\u00e9rieurement.<\/p>\n\n\n\n<p class=\"has-text-align-center\">Je ne sais pas ce qu\u2019est devenue l\u2019association La Moquette \u00e0 Paris que j\u2019ai c\u00f4toy\u00e9 lorsque j\u2019\u00e9tais \u00e9tudiant&nbsp;; un centre d\u2019accueil tenu par le p\u00e8re Pedro Meca au profit des personnes \u00e0 <\/p>\n\n\n\n<p class=\"has-text-align-center\">la rue. Il avait eu l\u2019id\u00e9e g\u00e9niale d\u2019ouvrir ses portes pour des activit\u00e9s la nuit, \u00e0 des heures o\u00f9 beaucoup de ces personnes \u00e0 la rue ne dorment pas. Un soir, Pedro s\u2019est mis \u00e0 lire les B\u00e9atitudes \u00e0 une jeune femme qui lui avait demand\u00e9 de lui raconter une jolie histoire sur J\u00e9sus\u2026 toutes les b\u00e9atitudes y passent, jusqu\u2019\u00e0 la derni\u00e8re. La femme \u00e9mue lui dit alors&nbsp;: \u00ab&nbsp;c\u2019est beau. Raconte-moi encore une b\u00e9atitude\u2026&nbsp;\u00bb Le p\u00e8re Pedro se tourne alors vers elle et lui dit&nbsp;: \u00ab&nbsp;La derni\u00e8re b\u00e9atitude, c\u2019est toi&nbsp;!&nbsp;\u00bb\u2026 Puis il rouvre la Bible et lui lit le verset qui suit les b\u00e9atitudes&nbsp;: \u00ab&nbsp;Vous \u00eates le sel de la terre et la lumi\u00e8re du monde&nbsp;\u00bb. Des larmes de joie se mettent alors \u00e0 couler sur les joues de cette femme, comme un rayon de b\u00e9atitude sur son visage&nbsp;: elle, qui avait v\u00e9cu la gal\u00e8re, d\u00e9couvre que toutes ces paroles sont aussi pour elle&nbsp;! Cette femme \u00e0 la rue n\u2019avait jamais acc\u00e8s au plaisir imm\u00e9diat&nbsp;; le Seigneur lui a offert un bonheur plus profond.<\/p>\n\n\n\n<p class=\"has-text-align-center\">Ces magnifiques paroles de b\u00e9atitudes sont d\u2019une telle force qu\u2019elles ne peuvent nous laisser indiff\u00e9rents lorsqu\u2019on les re\u00e7oit en profondeur. J\u00e9sus les prononce sur une montagne, pr\u00e9cise l\u2019Evangile\u2026 Oui, J\u00e9sus prend de la hauteur sur notre monde, pour voir en relief nos vies avec ses richesses et ses pauvret\u00e9s d\u2019\u00eatres humains. Il ne s\u2019enlise pas dans nos vallons pour ne jamais perdre de vue le bonheur qui nous est promis. Dieu accueille tous les versants de nos histoires comme des versets de nos vies, avec l\u2019adret et l\u2019ubac. Il y aurait de quoi \u00eatre pessimiste, et il est vrai que le pessimisme se vend bien dans notre monde&nbsp;; J\u00e9sus fait l\u2019inverse&nbsp;: il prend de la distance, et au lieu de juger le monde n\u00e9gativement, J\u00e9sus offre une parole de b\u00e9atitude&nbsp;; il nous montre le chemin pour faire de nous le \u00ab&nbsp;sel de la terre&nbsp;\u00bb. Dieu, en effet, a \u00ab&nbsp;tellement aim\u00e9 le monde&nbsp;\u00bb\u2026<\/p>\n\n\n\n<p class=\"has-text-align-center\">Chers fr\u00e8res et s\u0153urs, la parole du jour nous met au d\u00e9fi ce matin, de trouver une parole commune afin que nous devenions \u00ab&nbsp;sel de la terre&nbsp;\u00bb, une fa\u00e7on de tracer un chemin vers un certain bonheur\u2026<\/p>\n\n\n\n<p class=\"has-text-align-center\">Mais qu\u2019est-ce que le bonheur dans l\u2019\u00c9vangile&nbsp;?<\/p>\n\n\n\n<p class=\"has-text-align-center\">1\/ Il nous faut ici \u00e9carter un premier malentendu. Que serait un Dieu qui se r\u00e9jouirait que les pauvres restent pauvres, que les malades restent malades, comme si c\u2019\u00e9tait l\u00e0 Sa volont\u00e9. Comme l\u2019histoire de cette femme \u00e0 la rue, le premier des bonheurs, c\u2019est de relier chaque \u00eatre humain, quel qu\u2019il soit, \u00e0 un Dieu qui nous aime et nous appelle \u00e0 passer \u00e0 une autre \u00e9tape de notre vie&nbsp;: la personne afflig\u00e9e est dite \u00ab&nbsp;bienheureuse&nbsp;\u00bb non pas parce qu\u2019elle est afflig\u00e9e mais parce qu\u2019elle sera consol\u00e9e (au futur)&nbsp;! Il y a comme un \u00e9lan, un mouvement, un passage d\u2019un \u00e9tat \u00e0 un autre qui est ici c\u00e9l\u00e9br\u00e9, voulu, cherch\u00e9 par Dieu. Une lib\u00e9ration de notre situation vers une autre. Heureux celui qui ne s\u2019enlise pas, pourrait-on dire.<\/p>\n\n\n\n<p class=\"has-text-align-center\">Nous sommes loin ici d\u2019un dolorisme n\u00e9cessaire, d\u2019une souffrance bonne et voulue par Dieu, pour nous rapprocher de Lui&nbsp;; et encore moins d\u2019un fatalisme inscrit dans nos vies. D\u2019ailleurs les sciences humaines r\u00e9centes, nous apprennent (les chiffres sont \u00e9difiants) que 50 % de notre bonheur d\u00e9pend de nos origines, de ce que nous avons re\u00e7u, de notre racine, de notre bagage ant\u00e9rieur ; alors que 40 % de notre bonheur d\u00e9pend de nous, de nos choix de notre volont\u00e9, du sens que l\u2019on va donner \u00e0 notre vie, des rencontres qu\u2019on va faire. En revanche, les conditions ext\u00e9rieures, le pays dans lequel nous vivons, le contexte, dans une famille riche ou pauvre, d\u00e9terminent seulement 10 % de notre bonheur. Finalement c\u2019est assez peu.<\/p>\n\n\n\n<p class=\"has-text-align-center\">Et justement, le bonheur dans l\u2019\u00c9vangile, selon J\u00e9sus ici, commence par le fait que nous sommes appel\u00e9s \u00e0 passer d\u2019un \u00e9tat \u00e0 un autre, de l\u2019affliction \u00e0 la consolation, sans jamais \u00eatre destin\u00e9s \u00e0 rester dans la souffrance qui serait d\u00e9termin\u00e9e par notre contexte.<\/p>\n\n\n\n<p class=\"has-text-align-center\">Dieu nous donne cet \u00e9lan de vie pour nous mettre en marche vers un avenir autre, qu\u2019il croit toujours possible. Dieu nous rappelle que notre nature profonde, ce n\u2019est pas d\u2019\u00eatre dans la pauvret\u00e9, l\u2019affliction mais au contraire de passer d\u2019un \u00e9tat \u00e0 un autre, de nous d\u00e9couvrir autre, de r\u00e9aliser ce vers quoi nous sommes appel\u00e9s, de vivre notre P\u00e2que personnelle (\u00ab&nbsp;p\u00e2que&nbsp;\u00bb signifie en h\u00e9breu \u00ab&nbsp;sauter, passer, traverser&nbsp;\u00bb). Pour devenir le sel de la terre peut-\u00eatre faut-il avoir \u00e9t\u00e9 racl\u00e9 dans la mer, sorti des eaux, \u00eatre pass\u00e9 d\u2019un monde \u00e0 un autre sans jamais s\u2019y enliser. C\u2019est l\u00e0 notre b\u00e9atitude et celle de Dieu\u2026<\/p>\n\n\n\n<p class=\"has-text-align-center\">2\/ Mais J\u00e9sus va plus loin par ses paroles &#8211; et c\u2019est notre deuxi\u00e8me enseignement ce matin&nbsp;: on pensait \u00e0 l\u2019\u00e9poque de J\u00e9sus que le pauvre ou le malade se retrouvaient dans cette situation parce qu\u2019ils l\u2019avaient m\u00e9rit\u00e9 (eux ou leurs anc\u00eatres) et qu\u2019il s\u2019agissait d\u2019une punition de Dieu. Et voil\u00e0 que J\u00e9sus balaye cette pens\u00e9e n\u00e9gative&nbsp;: non&nbsp;! la tristesse n\u2019est pas le refuge de ceux qui d\u00e9faillent devant les probl\u00e8mes (on dit que ce sont \u00ab&nbsp;des faibles&nbsp;\u00bb). J\u00e9sus dit au contraire \u00ab&nbsp;heureux les afflig\u00e9s car ils seront consol\u00e9s&nbsp;\u00bb. De m\u00eame, nous sommes dans un monde qui consid\u00e8re que \u00ab&nbsp;la terre appartient \u00e0 ceux qui ont de l&#8217;ambition&nbsp;\u00bb, qui savent s\u2019imposer\u2026 J\u00e9sus d\u00e9clare au contraire \u00ab&nbsp;heureux les doux et les humili\u00e9s, car ils poss\u00e9deront la terre&nbsp;\u00bb. Que dire encore de l\u2019indigent dont on consid\u00e9rait qu\u2019il \u00e9tait coupable d\u2019oisivet\u00e9 et de n\u00e9gligence (\u00ab&nbsp;si on a rien \u00e0 manger, c\u2019est parce qu\u2019on l\u2019a bien m\u00e9rit\u00e9&nbsp;\u00bb)\u2026 au contraire, J\u00e9sus d\u00e9clare \u00ab&nbsp;heureux \u00eates-vous qui avez faim, car vous serez rassasi\u00e9s&nbsp;\u00bb. Que dire encore de la vengeance dont on consid\u00e8re que c\u2019est une n\u00e9cessit\u00e9 pour tous ceux qui ont \u00e9t\u00e9 offens\u00e9s et que c\u2019est par l\u00e0 que passe le bonheur\u2026 au contraire, J\u00e9sus proclame \u00ab&nbsp;bienheureux les mis\u00e9ricordieux car ils obtiendront mis\u00e9ricorde&nbsp;\u00bb&#8230;<\/p>\n\n\n\n<p class=\"has-text-align-center\">Chemin faisant, vous l\u2019aurez compris, J\u00e9sus commence par d\u00e9construire nos a-priori en r\u00e9habilitant la personne derri\u00e8re son \u00e9tiquette, pour ouvrir la voie (la voix!) du bonheur&nbsp;!<\/p>\n\n\n\n<p class=\"has-text-align-center\">Peut-\u00eatre que la cl\u00e9 du bonheur se trouve d\u2019abord l\u00e0&nbsp;: nommer dans notre for int\u00e9rieur celui ou celle que nous jugeons n\u00e9gativement, et prononcer \u00e0 son \u00e9gard une b\u00e9atitude. Alors je dirais, \u00e0 la suite du Christ&nbsp;: \u00ab&nbsp;Heureux les catholiques qui sont mal per\u00e7us par les protestants car ils h\u00e9riteront du Royaume&nbsp;\u00bb ou encore \u00ab&nbsp;heureux les protestants qui sont mal per\u00e7us par les catholiques, car ils h\u00e9riteront du Royaume&nbsp;\u00bb\u2026 Si J\u00e9sus commence par l\u00e0, pourquoi pas nous&nbsp;? Peut-\u00eatre alors que nous constaterons que derri\u00e8re le protestant ou derri\u00e8re le catholique se trouve d\u2019abord un Chr\u00e9tien authentique, un enfant de Dieu qui cherche \u00e0 \u00eatre sel de la terre pour le monde, \u00e0 sa fa\u00e7on, et que c\u2019est peut-\u00eatre cela qui compte. Si nous le faisons avec un \u00ab&nbsp;coeur pur&nbsp;\u00bb, qui ne contient aucune hypocrisie mais avec r\u00e9elle empathie\u2026 cela peut changer notre vie&nbsp;!<\/p>\n\n\n\n<p class=\"has-text-align-center\">3\/ Mais je ne voudrais pas que nous repartions laissant penser que le bonheur se construit en ne travaillant que sur soi. Nous sommes entour\u00e9s de marchands de bonheur ici et maintenant, orient\u00e9 vers un bonheur totalement personnel. On parlera de d\u00e9veloppement personnel, de th\u00e9rapies positives\u2026 pourquoi pas&nbsp;! Mais je voudrais faire une remarque en partant du texte des b\u00e9atitudes et des paroles prononc\u00e9es par J\u00e9sus &#8211; et je termine par ce point&nbsp;:<\/p>\n\n\n\n<p class=\"has-text-align-center\">Chaque situation de bonheur ne d\u00e9pend pas que de la personne elle-m\u00eame, mais aussi des autres qui l\u2019entourent, pour ne pas dire de l\u2019Autre avec un grand A. En effet, lorsque J\u00e9sus d\u00e9clare \u00ab&nbsp;heureux les afflig\u00e9s car ils seront consol\u00e9s&nbsp;\u00bb, il dit une chose essentielle car nous savons bien que l\u2019on ne se console jamais tout seul&nbsp;: lorsqu\u2019un enfant pleure, il a besoin d\u2019un parent pour le consoler. Il faut l\u2019aide des autres pour passer de l\u2019\u00e9tat d\u2019afflig\u00e9 \u00e0 l\u2019\u00e9tat de consol\u00e9&nbsp;! De m\u00eame pour \u00ab&nbsp;h\u00e9riter la terre en partage&nbsp;\u00bb, il faut quelqu\u2019un qui transmette cet h\u00e9ritage &#8211; un h\u00e9ritage se re\u00e7oit&nbsp;; il ne s\u2019accapare pas tout seul&nbsp;!<\/p>\n\n\n\n<p><\/p>\n\n\n\n<p class=\"has-text-align-right\"><em>\u00ab&nbsp;Qu\u2019est-ce que le bonheur&nbsp;?&nbsp;\u00bb- Sermon du pasteur Cyrille Payot<\/em><\/p>\n\n\n\n<p class=\"has-text-align-right\"><em>\u00c9glise Protestante Unie du Cogna\u00e7ais \u2013 Janvier 2023<\/em><\/p>\n\n\n\n<hr class=\"wp-block-separator has-alpha-channel-opacity\"\/>\n","protected":false},"author":80,"featured_media":27741,"parent":734,"menu_order":155,"template":"","meta":{"_acf_changed":false,"paroisse":["20"],"service":[],"footnotes":""},"class_list":["post-3001","paroisse","type-paroisse","status-publish","has-post-thumbnail","hentry"],"acf":[],"yoast_head":"<!-- This site is optimized with the Yoast SEO plugin v27.1.1 - https:\/\/yoast.com\/product\/yoast-seo-wordpress\/ -->\n<title>Hom\u00e9lie du dimanche 29 janvier 2023 - Doyenn\u00e9 Ouest Charente<\/title>\n<meta name=\"description\" content=\"Hom\u00e9lie du dimanche 29 janvier 2023\" \/>\n<meta name=\"robots\" content=\"index, follow, max-snippet:-1, max-image-preview:large, max-video-preview:-1\" \/>\n<link rel=\"canonical\" href=\"https:\/\/charente.catholique.fr\/ouest-charente\/paroisses\/cognac\/messes-prieres-et-homelies\/homelies\/homelie-du-dimanche-29-janvier-2023\/\" \/>\n<meta property=\"og:locale\" content=\"fr_FR\" \/>\n<meta property=\"og:type\" content=\"article\" \/>\n<meta property=\"og:title\" content=\"Hom\u00e9lie du dimanche 29 janvier 2023 - Doyenn\u00e9 Ouest Charente\" \/>\n<meta property=\"og:description\" content=\"Hom\u00e9lie du dimanche 29 janvier 2023\" \/>\n<meta property=\"og:url\" content=\"https:\/\/charente.catholique.fr\/ouest-charente\/paroisses\/cognac\/messes-prieres-et-homelies\/homelies\/homelie-du-dimanche-29-janvier-2023\/\" \/>\n<meta property=\"og:site_name\" content=\"Doyenn\u00e9 Ouest Charente\" \/>\n<meta property=\"article:publisher\" content=\"https:\/\/www.facebook.com\/EgliseCatholiqueCharente\" \/>\n<meta property=\"article:modified_time\" content=\"2023-03-20T10:01:10+00:00\" \/>\n<meta property=\"og:image\" content=\"https:\/\/charente.catholique.fr\/ouest-charente\/wp-content\/uploads\/sites\/6\/2022\/06\/Home\u0301lies-des-Pre\u0302tres.png\" \/>\n\t<meta property=\"og:image:width\" content=\"1243\" \/>\n\t<meta property=\"og:image:height\" content=\"621\" \/>\n\t<meta property=\"og:image:type\" content=\"image\/png\" \/>\n<meta name=\"twitter:card\" content=\"summary_large_image\" \/>\n<meta name=\"twitter:site\" content=\"@diocesecharente\" \/>\n<meta name=\"twitter:label1\" content=\"Dur\u00e9e de lecture estim\u00e9e\" \/>\n\t<meta name=\"twitter:data1\" content=\"10 minutes\" \/>\n<script type=\"application\/ld+json\" class=\"yoast-schema-graph\">{\"@context\":\"https:\/\/schema.org\",\"@graph\":[{\"@type\":\"WebPage\",\"@id\":\"https:\/\/charente.catholique.fr\/ouest-charente\/paroisses\/cognac\/messes-prieres-et-homelies\/homelies\/homelie-du-dimanche-29-janvier-2023\/\",\"url\":\"https:\/\/charente.catholique.fr\/ouest-charente\/paroisses\/cognac\/messes-prieres-et-homelies\/homelies\/homelie-du-dimanche-29-janvier-2023\/\",\"name\":\"Hom\u00e9lie du dimanche 29 janvier 2023 - Doyenn\u00e9 Ouest Charente\",\"isPartOf\":{\"@id\":\"https:\/\/charente.catholique.fr\/ouest-charente\/#website\"},\"primaryImageOfPage\":{\"@id\":\"https:\/\/charente.catholique.fr\/ouest-charente\/paroisses\/cognac\/messes-prieres-et-homelies\/homelies\/homelie-du-dimanche-29-janvier-2023\/#primaryimage\"},\"image\":{\"@id\":\"https:\/\/charente.catholique.fr\/ouest-charente\/paroisses\/cognac\/messes-prieres-et-homelies\/homelies\/homelie-du-dimanche-29-janvier-2023\/#primaryimage\"},\"thumbnailUrl\":\"https:\/\/charente.catholique.fr\/ouest-charente\/wp-content\/uploads\/sites\/6\/2022\/06\/Home\u0301lies-des-Pre\u0302tres.png\",\"datePublished\":\"2023-03-17T14:09:25+00:00\",\"dateModified\":\"2023-03-20T10:01:10+00:00\",\"description\":\"Hom\u00e9lie du dimanche 29 janvier 2023\",\"breadcrumb\":{\"@id\":\"https:\/\/charente.catholique.fr\/ouest-charente\/paroisses\/cognac\/messes-prieres-et-homelies\/homelies\/homelie-du-dimanche-29-janvier-2023\/#breadcrumb\"},\"inLanguage\":\"fr-FR\",\"potentialAction\":[{\"@type\":\"ReadAction\",\"target\":[\"https:\/\/charente.catholique.fr\/ouest-charente\/paroisses\/cognac\/messes-prieres-et-homelies\/homelies\/homelie-du-dimanche-29-janvier-2023\/\"]}]},{\"@type\":\"ImageObject\",\"inLanguage\":\"fr-FR\",\"@id\":\"https:\/\/charente.catholique.fr\/ouest-charente\/paroisses\/cognac\/messes-prieres-et-homelies\/homelies\/homelie-du-dimanche-29-janvier-2023\/#primaryimage\",\"url\":\"https:\/\/charente.catholique.fr\/ouest-charente\/wp-content\/uploads\/sites\/6\/2022\/06\/Home\u0301lies-des-Pre\u0302tres.png\",\"contentUrl\":\"https:\/\/charente.catholique.fr\/ouest-charente\/wp-content\/uploads\/sites\/6\/2022\/06\/Home\u0301lies-des-Pre\u0302tres.png\",\"width\":1243,\"height\":621},{\"@type\":\"BreadcrumbList\",\"@id\":\"https:\/\/charente.catholique.fr\/ouest-charente\/paroisses\/cognac\/messes-prieres-et-homelies\/homelies\/homelie-du-dimanche-29-janvier-2023\/#breadcrumb\",\"itemListElement\":[{\"@type\":\"ListItem\",\"position\":1,\"name\":\"Accueil\",\"item\":\"https:\/\/charente.catholique.fr\/ouest-charente\/\"},{\"@type\":\"ListItem\",\"position\":2,\"name\":\"St-Martin en val de cognac\",\"item\":\"https:\/\/charente.catholique.fr\/ouest-charente\/paroisses\/cognac\/\"},{\"@type\":\"ListItem\",\"position\":3,\"name\":\"pri\u00e8re\",\"item\":\"https:\/\/charente.catholique.fr\/ouest-charente\/paroisses\/cognac\/messes-prieres-et-homelies\/\"},{\"@type\":\"ListItem\",\"position\":4,\"name\":\"HOM\u00c9LIES\",\"item\":\"https:\/\/charente.catholique.fr\/ouest-charente\/paroisses\/cognac\/messes-prieres-et-homelies\/homelies\/\"},{\"@type\":\"ListItem\",\"position\":5,\"name\":\"Hom\u00e9lie du dimanche 29 janvier 2023\"}]},{\"@type\":\"WebSite\",\"@id\":\"https:\/\/charente.catholique.fr\/ouest-charente\/#website\",\"url\":\"https:\/\/charente.catholique.fr\/ouest-charente\/\",\"name\":\"Doyenn\u00e9 Ouest Charente - Dioc\u00e8se d'Angoul\u00eame\",\"description\":\"Dioc\u00e8se d&#039;Angoul\u00eame\",\"publisher\":{\"@id\":\"https:\/\/charente.catholique.fr\/ouest-charente\/#organization\"},\"potentialAction\":[{\"@type\":\"SearchAction\",\"target\":{\"@type\":\"EntryPoint\",\"urlTemplate\":\"https:\/\/charente.catholique.fr\/ouest-charente\/?s={search_term_string}\"},\"query-input\":{\"@type\":\"PropertyValueSpecification\",\"valueRequired\":true,\"valueName\":\"search_term_string\"}}],\"inLanguage\":\"fr-FR\"},{\"@type\":\"Organization\",\"@id\":\"https:\/\/charente.catholique.fr\/ouest-charente\/#organization\",\"name\":\"Association dioc\u00e9saine d'Angoul\u00eame\",\"url\":\"https:\/\/charente.catholique.fr\/ouest-charente\/\",\"logo\":{\"@type\":\"ImageObject\",\"inLanguage\":\"fr-FR\",\"@id\":\"https:\/\/charente.catholique.fr\/ouest-charente\/#\/schema\/logo\/image\/\",\"url\":\"https:\/\/charente.catholique.fr\/ouest-charente\/wp-content\/uploads\/sites\/6\/2020\/10\/logos.png\",\"contentUrl\":\"https:\/\/charente.catholique.fr\/ouest-charente\/wp-content\/uploads\/sites\/6\/2020\/10\/logos.png\",\"width\":600,\"height\":257,\"caption\":\"Association dioc\u00e9saine d'Angoul\u00eame\"},\"image\":{\"@id\":\"https:\/\/charente.catholique.fr\/ouest-charente\/#\/schema\/logo\/image\/\"},\"sameAs\":[\"https:\/\/www.facebook.com\/EgliseCatholiqueCharente\",\"https:\/\/x.com\/diocesecharente\",\"https:\/\/www.instagram.com\/eglisecharente\",\"https:\/\/www.youtube.com\/channel\/UCByyFWApZbw3gDTiADoiAaQ\"]}]}<\/script>\n<!-- \/ Yoast SEO plugin. -->","yoast_head_json":{"title":"Hom\u00e9lie du dimanche 29 janvier 2023 - Doyenn\u00e9 Ouest Charente","description":"Hom\u00e9lie du dimanche 29 janvier 2023","robots":{"index":"index","follow":"follow","max-snippet":"max-snippet:-1","max-image-preview":"max-image-preview:large","max-video-preview":"max-video-preview:-1"},"canonical":"https:\/\/charente.catholique.fr\/ouest-charente\/paroisses\/cognac\/messes-prieres-et-homelies\/homelies\/homelie-du-dimanche-29-janvier-2023\/","og_locale":"fr_FR","og_type":"article","og_title":"Hom\u00e9lie du dimanche 29 janvier 2023 - Doyenn\u00e9 Ouest Charente","og_description":"Hom\u00e9lie du dimanche 29 janvier 2023","og_url":"https:\/\/charente.catholique.fr\/ouest-charente\/paroisses\/cognac\/messes-prieres-et-homelies\/homelies\/homelie-du-dimanche-29-janvier-2023\/","og_site_name":"Doyenn\u00e9 Ouest Charente","article_publisher":"https:\/\/www.facebook.com\/EgliseCatholiqueCharente","article_modified_time":"2023-03-20T10:01:10+00:00","og_image":[{"width":1243,"height":621,"url":"https:\/\/charente.catholique.fr\/ouest-charente\/wp-content\/uploads\/sites\/6\/2022\/06\/Home\u0301lies-des-Pre\u0302tres.png","type":"image\/png"}],"twitter_card":"summary_large_image","twitter_site":"@diocesecharente","twitter_misc":{"Dur\u00e9e de lecture estim\u00e9e":"10 minutes"},"schema":{"@context":"https:\/\/schema.org","@graph":[{"@type":"WebPage","@id":"https:\/\/charente.catholique.fr\/ouest-charente\/paroisses\/cognac\/messes-prieres-et-homelies\/homelies\/homelie-du-dimanche-29-janvier-2023\/","url":"https:\/\/charente.catholique.fr\/ouest-charente\/paroisses\/cognac\/messes-prieres-et-homelies\/homelies\/homelie-du-dimanche-29-janvier-2023\/","name":"Hom\u00e9lie du dimanche 29 janvier 2023 - Doyenn\u00e9 Ouest Charente","isPartOf":{"@id":"https:\/\/charente.catholique.fr\/ouest-charente\/#website"},"primaryImageOfPage":{"@id":"https:\/\/charente.catholique.fr\/ouest-charente\/paroisses\/cognac\/messes-prieres-et-homelies\/homelies\/homelie-du-dimanche-29-janvier-2023\/#primaryimage"},"image":{"@id":"https:\/\/charente.catholique.fr\/ouest-charente\/paroisses\/cognac\/messes-prieres-et-homelies\/homelies\/homelie-du-dimanche-29-janvier-2023\/#primaryimage"},"thumbnailUrl":"https:\/\/charente.catholique.fr\/ouest-charente\/wp-content\/uploads\/sites\/6\/2022\/06\/Home\u0301lies-des-Pre\u0302tres.png","datePublished":"2023-03-17T14:09:25+00:00","dateModified":"2023-03-20T10:01:10+00:00","description":"Hom\u00e9lie du dimanche 29 janvier 2023","breadcrumb":{"@id":"https:\/\/charente.catholique.fr\/ouest-charente\/paroisses\/cognac\/messes-prieres-et-homelies\/homelies\/homelie-du-dimanche-29-janvier-2023\/#breadcrumb"},"inLanguage":"fr-FR","potentialAction":[{"@type":"ReadAction","target":["https:\/\/charente.catholique.fr\/ouest-charente\/paroisses\/cognac\/messes-prieres-et-homelies\/homelies\/homelie-du-dimanche-29-janvier-2023\/"]}]},{"@type":"ImageObject","inLanguage":"fr-FR","@id":"https:\/\/charente.catholique.fr\/ouest-charente\/paroisses\/cognac\/messes-prieres-et-homelies\/homelies\/homelie-du-dimanche-29-janvier-2023\/#primaryimage","url":"https:\/\/charente.catholique.fr\/ouest-charente\/wp-content\/uploads\/sites\/6\/2022\/06\/Home\u0301lies-des-Pre\u0302tres.png","contentUrl":"https:\/\/charente.catholique.fr\/ouest-charente\/wp-content\/uploads\/sites\/6\/2022\/06\/Home\u0301lies-des-Pre\u0302tres.png","width":1243,"height":621},{"@type":"BreadcrumbList","@id":"https:\/\/charente.catholique.fr\/ouest-charente\/paroisses\/cognac\/messes-prieres-et-homelies\/homelies\/homelie-du-dimanche-29-janvier-2023\/#breadcrumb","itemListElement":[{"@type":"ListItem","position":1,"name":"Accueil","item":"https:\/\/charente.catholique.fr\/ouest-charente\/"},{"@type":"ListItem","position":2,"name":"St-Martin en val de cognac","item":"https:\/\/charente.catholique.fr\/ouest-charente\/paroisses\/cognac\/"},{"@type":"ListItem","position":3,"name":"pri\u00e8re","item":"https:\/\/charente.catholique.fr\/ouest-charente\/paroisses\/cognac\/messes-prieres-et-homelies\/"},{"@type":"ListItem","position":4,"name":"HOM\u00c9LIES","item":"https:\/\/charente.catholique.fr\/ouest-charente\/paroisses\/cognac\/messes-prieres-et-homelies\/homelies\/"},{"@type":"ListItem","position":5,"name":"Hom\u00e9lie du dimanche 29 janvier 2023"}]},{"@type":"WebSite","@id":"https:\/\/charente.catholique.fr\/ouest-charente\/#website","url":"https:\/\/charente.catholique.fr\/ouest-charente\/","name":"Doyenn\u00e9 Ouest Charente - Dioc\u00e8se d'Angoul\u00eame","description":"Dioc\u00e8se d&#039;Angoul\u00eame","publisher":{"@id":"https:\/\/charente.catholique.fr\/ouest-charente\/#organization"},"potentialAction":[{"@type":"SearchAction","target":{"@type":"EntryPoint","urlTemplate":"https:\/\/charente.catholique.fr\/ouest-charente\/?s={search_term_string}"},"query-input":{"@type":"PropertyValueSpecification","valueRequired":true,"valueName":"search_term_string"}}],"inLanguage":"fr-FR"},{"@type":"Organization","@id":"https:\/\/charente.catholique.fr\/ouest-charente\/#organization","name":"Association dioc\u00e9saine d'Angoul\u00eame","url":"https:\/\/charente.catholique.fr\/ouest-charente\/","logo":{"@type":"ImageObject","inLanguage":"fr-FR","@id":"https:\/\/charente.catholique.fr\/ouest-charente\/#\/schema\/logo\/image\/","url":"https:\/\/charente.catholique.fr\/ouest-charente\/wp-content\/uploads\/sites\/6\/2020\/10\/logos.png","contentUrl":"https:\/\/charente.catholique.fr\/ouest-charente\/wp-content\/uploads\/sites\/6\/2020\/10\/logos.png","width":600,"height":257,"caption":"Association dioc\u00e9saine d'Angoul\u00eame"},"image":{"@id":"https:\/\/charente.catholique.fr\/ouest-charente\/#\/schema\/logo\/image\/"},"sameAs":["https:\/\/www.facebook.com\/EgliseCatholiqueCharente","https:\/\/x.com\/diocesecharente","https:\/\/www.instagram.com\/eglisecharente","https:\/\/www.youtube.com\/channel\/UCByyFWApZbw3gDTiADoiAaQ"]}]}},"_links":{"self":[{"href":"https:\/\/charente.catholique.fr\/ouest-charente\/wp-json\/wp\/v2\/paroisse\/3001","targetHints":{"allow":["GET"]}}],"collection":[{"href":"https:\/\/charente.catholique.fr\/ouest-charente\/wp-json\/wp\/v2\/paroisse"}],"about":[{"href":"https:\/\/charente.catholique.fr\/ouest-charente\/wp-json\/wp\/v2\/types\/paroisse"}],"author":[{"embeddable":true,"href":"https:\/\/charente.catholique.fr\/ouest-charente\/wp-json\/wp\/v2\/users\/80"}],"version-history":[{"count":6,"href":"https:\/\/charente.catholique.fr\/ouest-charente\/wp-json\/wp\/v2\/paroisse\/3001\/revisions"}],"predecessor-version":[{"id":30086,"href":"https:\/\/charente.catholique.fr\/ouest-charente\/wp-json\/wp\/v2\/paroisse\/3001\/revisions\/30086"}],"up":[{"embeddable":true,"href":"https:\/\/charente.catholique.fr\/ouest-charente\/wp-json\/wp\/v2\/paroisse\/734"}],"wp:featuredmedia":[{"embeddable":true,"href":"https:\/\/charente.catholique.fr\/ouest-charente\/wp-json\/wp\/v2\/media\/27741"}],"wp:attachment":[{"href":"https:\/\/charente.catholique.fr\/ouest-charente\/wp-json\/wp\/v2\/media?parent=3001"}],"curies":[{"name":"wp","href":"https:\/\/api.w.org\/{rel}","templated":true}]}}