{"id":175,"date":"2020-09-21T18:21:58","date_gmt":"2020-09-21T16:21:58","guid":{"rendered":"https:\/\/charente.catholique.fr\/ouest-charente\/?post_type=paroisse&#038;p=175"},"modified":"2020-10-01T16:26:39","modified_gmt":"2020-10-01T14:26:39","slug":"homelie-de-mgr-colomb-pour-les-1000-ans-de-la-consecration-de-labbaye-de-bassac","status":"publish","type":"paroisse","link":"https:\/\/charente.catholique.fr\/ouest-charente\/paroisses\/jarnac\/abbaye-de-bassac\/homelie-de-mgr-colomb-pour-les-1000-ans-de-la-consecration-de-labbaye-de-bassac\/","title":{"rendered":"Hom\u00e9lie de Mgr Colomb pour les 1000 ans de la cons\u00e9cration de l\u2019abbaye de Bassac"},"content":{"rendered":"\n<div class=\"wp-block-image\"><figure class=\"alignleft size-large\"><img loading=\"lazy\" decoding=\"async\" width=\"250\" height=\"250\" src=\"https:\/\/charente.catholique.fr\/ouest-charente\/wp-content\/uploads\/sites\/6\/2020\/09\/arton6583-24192.jpg\" alt=\"\" class=\"wp-image-176\" srcset=\"https:\/\/charente.catholique.fr\/ouest-charente\/wp-content\/uploads\/sites\/6\/2020\/09\/arton6583-24192.jpg 250w, https:\/\/charente.catholique.fr\/ouest-charente\/wp-content\/uploads\/sites\/6\/2020\/09\/arton6583-24192-150x150.jpg 150w\" sizes=\"auto, (max-width: 250px) 100vw, 250px\" \/><\/figure><\/div>\n\n\n\n<p><strong>Les 1000 ans de la cons\u00e9cration de l\u2019abbaye de Bassac (le 31 aout 1017) ont \u00e9t\u00e9 c\u00e9l\u00e9br\u00e9s le 12 novembre 2017 par les \u00e9v\u00eaques d\u2019Angoul\u00eame et Saintes.<\/strong><br><strong>Retrouvez ici l\u2019hom\u00e9lie de Mgr Colomb et les photos de la c\u00e9l\u00e9bration.<\/strong><\/p>\n\n\n\n<div style=\"height:100px\" aria-hidden=\"true\" class=\"wp-block-spacer\"><\/div>\n\n\n\n<p>Cher Monseigneur Gosselin, cher confr\u00e8re et ami, chers amis,<\/p>\n\n\n\n<p>La d\u00e9dicace d\u2019une \u00e9glise est une action liturgique solennelle qui unit le ciel \u00e0 la terre et qui transfigure un \u00e9difice, modeste ou grandiose, \u0153uvre des hommes, en temple de l\u2019Esprit. Elle exprime de mani\u00e8re toute particuli\u00e8re le myst\u00e8re m\u00eame de l\u2019Eglise, temple de pierre, communaut\u00e9 des croyants, envoy\u00e9e pour sauver et gu\u00e9rir le monde.<br>Temple de pierre Dieu, les cieux ne sauraient le contenir. Mais afin que son peuple puisse le rencontrer, le Tout puissant consent \u00e0 manifester sa Gloire au sein de la nu\u00e9e dans le Temple de J\u00e9rusalem. &#8220;Or, lorsque les pr\u00eatres furent sortis du lieu saint, la nu\u00e9e remplit la maison du Seigneur et les pr\u00eatres ne pouvaient pas s\u2019y tenir pour leur service \u00e0 cause de cette nu\u00e9e, car la Gloire du Seigneur remplissait la maison du Seigneur&#8221;(1 R 8, 1-11).<br>C\u2019est donc Dieu lui-m\u00eame qui consacre le Temple qui sera le centre du culte de Yahweh.<br>J\u00e9sus conna\u00eet, aime et respecte le Temple depuis l\u2019enfance. &#8220;Quand fut accompli le temps prescrit par la loi de Mo\u00efse pour la purification, les parents de J\u00e9sus l\u2019amen\u00e8rent \u00e0 J\u00e9rusalem pour le pr\u00e9senter au Seigneur&#8221; (Luc 2,22).<br>Plus tard &#8220;Dans le Temple, il trouva install\u00e9s les marchands de b\u0153ufs, de brebis et de colombes, et les changeurs. Il fit un fouet avec des cordes, et les chassa tous du Temple\u2026et dit aux marchands \u2026&#8221;Cessez de faire de la maison de mon P\u00e8re une maison de commerce&#8221;(Jn 2,14-16).<br>Les premiers disciples fid\u00e8les \u00e0 l\u2019enseignement et \u00e0 la pratique de J\u00e9sus se rassemblaient au Temple.<br>Mais on sait ce qu\u2019il advint du temple de pierres\u2026.<br>Car le seul vrai temple est un homme, J\u00e9sus de Nazareth, et \u00e0 sa suite tous ceux qui ont \u00e9t\u00e9 greff\u00e9s sur lui par le bapt\u00eame&nbsp;: &#8221; D\u00e9truisez ce sanctuaire, et en trois jours je le rel\u00e8verai. Les Juifs lui r\u00e9pliqu\u00e8rent&nbsp;: \u00ab&nbsp;Il a fallu quarante-six ans pour b\u00e2tir ce sanctuaire, et toi, en trois jours tu le rel\u00e8verais&nbsp;!&#8221; Mais lui parlait du sanctuaire de son corps&#8221; (Jn 2, 19-21).<br>Pers\u00e9cut\u00e9s, les chr\u00e9tiens se rassemblaient dans des maisons amies. Plus tard on am\u00e9nagea des chapelles pour y v\u00e9n\u00e9rer les reliques des martyrs. Malgr\u00e9 les pers\u00e9cutions qui s\u00e9virent jusqu\u2019\u00e0 la conversion de l\u2019empereur Constantin au IVe si\u00e8cle de nombreux \u00e9difices destin\u00e9s au culte furent \u00e9rig\u00e9s et le rituel de cons\u00e9cration se pr\u00e9cisa.<br>Jusqu\u2019au milieu du VI\u00b0 si\u00e8cle c\u2019est la c\u00e9l\u00e9bration de la premi\u00e8re eucharistie qui consacre l\u2019\u00e9difice.<br>Jean Chrysostome pr\u00e9cise&nbsp;: &#8220;L\u2019autel a ceci de merveilleux que, tout en \u00e9tant par sa simple nature une simple pierre, il est sanctifi\u00e9 par le fait qu\u2019il re\u00e7oit le corps du Christ&#8221;.<br>Ce que les sacrements de l\u2019initiation r\u00e9alisent pour une personne, la d\u00e9dicace l\u2019op\u00e8re pour l\u2019\u00e9glise consacr\u00e9e.<br>Pour Yves de Chartres, \u00e9v\u00eaque contemporain de l\u2019\u00e9dification de Bassac, la cons\u00e9cration de l\u2019\u00e9glise est la premi\u00e8re \u00e9tape d\u2019un processus n\u00e9cessaire&nbsp;:&#8221; il faut que le b\u00e2timent soit baptis\u00e9 pour que les fid\u00e8les puissent l\u2019\u00eatre \u00e0 leur tour et que les autres sacrements s\u2019accomplissent au sein de l\u2019espace fonctionnel qu\u2019est l\u2019\u00e9glise&#8221; (La maison de Dieu, une histoire monumentale par Dominique Iogna-Prat Ed Seuil 2006)<\/p>\n\n\n\n<p><strong>Communaut\u00e9 des croyants<\/strong><br>Voici ce que disait Bernard \u00e0 l\u2019occasion de la cons\u00e9cration de l\u2019\u00e9glise de Clairvaux&nbsp;:&#8221;Quelle saintet\u00e9 peuvent avoir ces pierres pour que nous fassions une f\u00eate pour elles&nbsp;? Si elles sont saintes ce n\u2019est qu\u2019\u00e0 cause de vos corps&#8221;.<br>L\u2019\u00e9glise est avant tout l\u2019assembl\u00e9e du peuple de Dieu r\u00e9unie pour entendre la Parole, prier ensemble et vivre les sacrements. La cons\u00e9cration du b\u00e2timent renvoie imm\u00e9diatement \u00e0 la communaut\u00e9 humaine qui s\u2019y rassemble.<br>Quand sous la mouvance de l\u2019Esprit Pierre est capable de confesser &#8220;Tu es le Messie, le Fils du Dieu vivant&nbsp;!&#8221; (Mt 16,16) J\u00e9sus l\u2019envoie aussit\u00f4t vers l\u2019Eglise \u00e0 na\u00eetre&nbsp;: &#8221; Tu es Pierre, et sur cette pierre je b\u00e2tirai mon Eglise&nbsp;; et la puissance de la mort ne l\u2019emportera pas sur elle&#8221; (Mt 16, 18).<br>Plus que nouveau temple de pierres fait de mains d\u2019hommes, l\u2019Eglise dont Pierre est le pilier et J\u00e9sus la pierre d\u2019angle rejet\u00e9e des b\u00e2tisseurs est d\u2019abord le rassemblement de celles et ceux qui, ouverts \u00e0 l\u2019action de l\u2019Esprit \u00e9coutent la Parole de Dieu et sont capables, non pas \u00e0 cause de leurs vertus propres, de leur courage ou de leur intelligence mais sous la mouvance de l\u2019Esprit, \u00e0 l\u2019image et \u00e0 la suite de Pierre, de proclamer J\u00e9sus vrai homme et vrai Dieu, fils du Dieu vivant.<br>Signe visible de la cons\u00e9cration baptismale des chr\u00e9tiens qui se r\u00e9unissent pour \u00e9couter la parole de Dieu et c\u00e9l\u00e9brer l\u2019eucharistique, le b\u00e2timent rappelle la pr\u00e9sence actuelle du Christ venu sauver les hommes de ce monde et de ce temps.<\/p>\n\n\n\n<p><strong>Pour le salut du monde<\/strong><br>L\u2019espace g\u00e9ographique consacr\u00e9 n\u2019est pas un lieu r\u00e9serv\u00e9 \u00e0 quelques-uns.<br>Pour employer une image contemporaine on pourrait dire que l\u2019ADN de l\u2019Eglise c\u2019est, d\u00e8s l\u2019origine, la mission. L\u2019Eglise est toujours &#8220;en sortie&#8221;, tourn\u00e9e vers les hommes qui ont soif de Dieu.<br>&#8220;Il faut que j\u2019aille demeurer dans ta maison&#8221; dit J\u00e9sus \u00e0 Zach\u00e9e (Luc 19,5). &#8220;Il faut&#8221;. Entendons cette urgence. Dieu cherche l\u2019homme. J\u00e9sus ne dit pas \u00e0 Zach\u00e9e &#8220;viens dans le Temple&#8221;, il se doute bien que cet homme serait mal accueilli&nbsp;! Non, il dit &#8220;il faut que j\u2019aille demeurer en ta maison.&#8221;<br>Le jour de la f\u00eate de la D\u00e9dicace J\u00e9sus est au Temple&nbsp;:&#8221; Alors arriva la f\u00eate de la d\u00e9dicace du Temple \u00e0 J\u00e9rusalem\u2026J\u00e9sus allait et venait dans le Temple, sous la colonnade de Salomon.&#8221; (Jn 10,22-23). Dans le Temple m\u00eame, Dieu attend les hommes. Il les cherche. On sait bien que le jour des grandes f\u00eates,<br>et la f\u00eate de la D\u00e9dicace en est une, beaucoup de curieux se m\u00ealent aux croyants. &#8220;J\u00e9sus allait et venait&#8221;, il y a l\u00e0 comme un \u00e9cho \u00e0 ce Dieu qui appelle l\u2019homme depuis l\u2019origine&nbsp;:&#8221; Le Seigneur Dieu appela l\u2019homme et lui dit&nbsp;: \u2019O\u00f9 es-tu donc&nbsp;?\u2019 &#8221; (Gn 3, 9).<br>Consacrant la nouvelle cath\u00e9drale de Cr\u00e9teil en septembre 2015, le Cardinal Andr\u00e9 Vingt Trois rappelait que les chr\u00e9tiens n\u2019ont pas le f\u00e9tichisme des choses. Leur pers\u00e9v\u00e9rance \u00e0 \u00e9difier des monuments que l\u2019on veut beaux et durables est avant tout reconnaissance des fruits de l\u2019action de l\u2019Esprit en ce monde. Consacrer une \u00e9glise, c\u2019est rendre visible dans les villes comme dans les campagnes la pr\u00e9sence du Dieu vivant qui cherche les hommes pour les faire entrer dans l\u2019Alliance \u00e9ternelle.<\/p>\n\n\n\n<p>En 1000 ans d\u2019une histoire qui unit le dioc\u00e8se de Saintes et celui d\u2019Angoul\u00eame, Bassac a connu si\u00e8ges, pillages et destructions. A chaque fois elle s\u2019est relev\u00e9e pour que l\u2019Evangile soit annonc\u00e9 au monde.<br>Elle vit aujourd\u2019hui une nouvelle \u00e9tape de sa longue histoire. Dieu est ma\u00eetre du temps. Il est aussi ma\u00eetre des moyens. Il vient habiter de mani\u00e8re sans cesse renouvel\u00e9e ce monde cr\u00e9\u00e9 par amour.<br>C\u2019est aujourd\u2019hui un couple de la\u00efcs qui a re\u00e7u mission de poursuivre l\u2019animation spirituelle de ce lieu.<br>Ici la Parole sera encore proclam\u00e9e et la Bonne Nouvelle annonc\u00e9e pour le salut du monde. Je ne doute pas que l\u2019esprit saint et les intuitions de mon confr\u00e8re Herv\u00e9 sauront redonner \u00e0 ce lieu sa vocation originelle\u00a0!<\/p>\n\n\n\n<p class=\"has-text-align-right\">+ Georges Colomb<br>Ev\u00eaque de La Rochelle et Saintes<\/p>\n\n\n\n<div class=\"wp-block-image\"><figure class=\"aligncenter size-large\"><img loading=\"lazy\" decoding=\"async\" width=\"500\" height=\"333\" src=\"https:\/\/charente.catholique.fr\/ouest-charente\/wp-content\/uploads\/sites\/6\/2020\/09\/38428215656_5375-63056.jpg\" alt=\"\" class=\"wp-image-178\" srcset=\"https:\/\/charente.catholique.fr\/ouest-charente\/wp-content\/uploads\/sites\/6\/2020\/09\/38428215656_5375-63056.jpg 500w, https:\/\/charente.catholique.fr\/ouest-charente\/wp-content\/uploads\/sites\/6\/2020\/09\/38428215656_5375-63056-300x200.jpg 300w\" sizes=\"auto, (max-width: 500px) 100vw, 500px\" \/><\/figure><\/div>\n","protected":false},"author":1,"featured_media":177,"parent":172,"menu_order":206,"template":"","meta":{"_acf_changed":false,"paroisse":["18"],"service":[],"footnotes":""},"class_list":["post-175","paroisse","type-paroisse","status-publish","has-post-thumbnail","hentry"],"acf":[],"yoast_head":"<!-- This site is optimized with the Yoast SEO plugin v27.1.1 - https:\/\/yoast.com\/product\/yoast-seo-wordpress\/ -->\n<title>Hom\u00e9lie de Mgr Colomb pour les 1000 ans de la cons\u00e9cration de l\u2019abbaye de Bassac - Doyenn\u00e9 Ouest Charente<\/title>\n<meta name=\"robots\" content=\"index, follow, max-snippet:-1, max-image-preview:large, max-video-preview:-1\" \/>\n<link rel=\"canonical\" href=\"https:\/\/charente.catholique.fr\/ouest-charente\/paroisses\/jarnac\/abbaye-de-bassac\/homelie-de-mgr-colomb-pour-les-1000-ans-de-la-consecration-de-labbaye-de-bassac\/\" \/>\n<meta property=\"og:locale\" content=\"fr_FR\" \/>\n<meta property=\"og:type\" content=\"article\" \/>\n<meta property=\"og:title\" content=\"Hom\u00e9lie de Mgr Colomb pour les 1000 ans de la cons\u00e9cration de l\u2019abbaye de Bassac - Doyenn\u00e9 Ouest Charente\" \/>\n<meta property=\"og:description\" content=\"Les 1000 ans de la cons\u00e9cration de l\u2019abbaye de Bassac (le 31 aout 1017) ont \u00e9t\u00e9 c\u00e9l\u00e9br\u00e9s le 12 novembre 2017 par les \u00e9v\u00eaques d\u2019Angoul\u00eame et Saintes.Retrouvez ici l\u2019hom\u00e9lie de Mgr Colomb et les photos de la c\u00e9l\u00e9bration. Cher Monseigneur Gosselin, cher confr\u00e8re et ami, chers amis, La d\u00e9dicace d\u2019une \u00e9glise est une action liturgique [&hellip;]\" \/>\n<meta property=\"og:url\" content=\"https:\/\/charente.catholique.fr\/ouest-charente\/paroisses\/jarnac\/abbaye-de-bassac\/homelie-de-mgr-colomb-pour-les-1000-ans-de-la-consecration-de-labbaye-de-bassac\/\" \/>\n<meta property=\"og:site_name\" content=\"Doyenn\u00e9 Ouest Charente\" \/>\n<meta property=\"article:publisher\" content=\"https:\/\/www.facebook.com\/EgliseCatholiqueCharente\" \/>\n<meta property=\"article:modified_time\" content=\"2020-10-01T14:26:39+00:00\" \/>\n<meta property=\"og:image\" content=\"https:\/\/charente.catholique.fr\/ouest-charente\/wp-content\/uploads\/sites\/6\/2020\/09\/arton6583-24192-1.jpg\" \/>\n\t<meta property=\"og:image:width\" content=\"250\" \/>\n\t<meta property=\"og:image:height\" content=\"250\" \/>\n\t<meta property=\"og:image:type\" content=\"image\/jpeg\" \/>\n<meta name=\"twitter:card\" content=\"summary_large_image\" \/>\n<meta name=\"twitter:site\" content=\"@diocesecharente\" \/>\n<meta name=\"twitter:label1\" content=\"Dur\u00e9e de lecture estim\u00e9e\" \/>\n\t<meta name=\"twitter:data1\" content=\"7 minutes\" \/>\n<script type=\"application\/ld+json\" class=\"yoast-schema-graph\">{\"@context\":\"https:\/\/schema.org\",\"@graph\":[{\"@type\":\"WebPage\",\"@id\":\"https:\/\/charente.catholique.fr\/ouest-charente\/paroisses\/jarnac\/abbaye-de-bassac\/homelie-de-mgr-colomb-pour-les-1000-ans-de-la-consecration-de-labbaye-de-bassac\/\",\"url\":\"https:\/\/charente.catholique.fr\/ouest-charente\/paroisses\/jarnac\/abbaye-de-bassac\/homelie-de-mgr-colomb-pour-les-1000-ans-de-la-consecration-de-labbaye-de-bassac\/\",\"name\":\"Hom\u00e9lie de Mgr Colomb pour les 1000 ans de la cons\u00e9cration de l\u2019abbaye de Bassac - Doyenn\u00e9 Ouest Charente\",\"isPartOf\":{\"@id\":\"https:\/\/charente.catholique.fr\/ouest-charente\/#website\"},\"primaryImageOfPage\":{\"@id\":\"https:\/\/charente.catholique.fr\/ouest-charente\/paroisses\/jarnac\/abbaye-de-bassac\/homelie-de-mgr-colomb-pour-les-1000-ans-de-la-consecration-de-labbaye-de-bassac\/#primaryimage\"},\"image\":{\"@id\":\"https:\/\/charente.catholique.fr\/ouest-charente\/paroisses\/jarnac\/abbaye-de-bassac\/homelie-de-mgr-colomb-pour-les-1000-ans-de-la-consecration-de-labbaye-de-bassac\/#primaryimage\"},\"thumbnailUrl\":\"https:\/\/charente.catholique.fr\/ouest-charente\/wp-content\/uploads\/sites\/6\/2020\/09\/arton6583-24192-1.jpg\",\"datePublished\":\"2020-09-21T16:21:58+00:00\",\"dateModified\":\"2020-10-01T14:26:39+00:00\",\"breadcrumb\":{\"@id\":\"https:\/\/charente.catholique.fr\/ouest-charente\/paroisses\/jarnac\/abbaye-de-bassac\/homelie-de-mgr-colomb-pour-les-1000-ans-de-la-consecration-de-labbaye-de-bassac\/#breadcrumb\"},\"inLanguage\":\"fr-FR\",\"potentialAction\":[{\"@type\":\"ReadAction\",\"target\":[\"https:\/\/charente.catholique.fr\/ouest-charente\/paroisses\/jarnac\/abbaye-de-bassac\/homelie-de-mgr-colomb-pour-les-1000-ans-de-la-consecration-de-labbaye-de-bassac\/\"]}]},{\"@type\":\"ImageObject\",\"inLanguage\":\"fr-FR\",\"@id\":\"https:\/\/charente.catholique.fr\/ouest-charente\/paroisses\/jarnac\/abbaye-de-bassac\/homelie-de-mgr-colomb-pour-les-1000-ans-de-la-consecration-de-labbaye-de-bassac\/#primaryimage\",\"url\":\"https:\/\/charente.catholique.fr\/ouest-charente\/wp-content\/uploads\/sites\/6\/2020\/09\/arton6583-24192-1.jpg\",\"contentUrl\":\"https:\/\/charente.catholique.fr\/ouest-charente\/wp-content\/uploads\/sites\/6\/2020\/09\/arton6583-24192-1.jpg\",\"width\":250,\"height\":250},{\"@type\":\"BreadcrumbList\",\"@id\":\"https:\/\/charente.catholique.fr\/ouest-charente\/paroisses\/jarnac\/abbaye-de-bassac\/homelie-de-mgr-colomb-pour-les-1000-ans-de-la-consecration-de-labbaye-de-bassac\/#breadcrumb\",\"itemListElement\":[{\"@type\":\"ListItem\",\"position\":1,\"name\":\"Accueil\",\"item\":\"https:\/\/charente.catholique.fr\/ouest-charente\/\"},{\"@type\":\"ListItem\",\"position\":2,\"name\":\"Pays de Jarnac\",\"item\":\"https:\/\/charente.catholique.fr\/ouest-charente\/paroisses\/jarnac\/\"},{\"@type\":\"ListItem\",\"position\":3,\"name\":\"Abbaye de Bassac\",\"item\":\"https:\/\/charente.catholique.fr\/ouest-charente\/paroisses\/jarnac\/abbaye-de-bassac\/\"},{\"@type\":\"ListItem\",\"position\":4,\"name\":\"Hom\u00e9lie de Mgr Colomb pour les 1000 ans de la cons\u00e9cration de l\u2019abbaye de Bassac\"}]},{\"@type\":\"WebSite\",\"@id\":\"https:\/\/charente.catholique.fr\/ouest-charente\/#website\",\"url\":\"https:\/\/charente.catholique.fr\/ouest-charente\/\",\"name\":\"Doyenn\u00e9 Ouest Charente - Dioc\u00e8se d'Angoul\u00eame\",\"description\":\"Dioc\u00e8se d&#039;Angoul\u00eame\",\"publisher\":{\"@id\":\"https:\/\/charente.catholique.fr\/ouest-charente\/#organization\"},\"potentialAction\":[{\"@type\":\"SearchAction\",\"target\":{\"@type\":\"EntryPoint\",\"urlTemplate\":\"https:\/\/charente.catholique.fr\/ouest-charente\/?s={search_term_string}\"},\"query-input\":{\"@type\":\"PropertyValueSpecification\",\"valueRequired\":true,\"valueName\":\"search_term_string\"}}],\"inLanguage\":\"fr-FR\"},{\"@type\":\"Organization\",\"@id\":\"https:\/\/charente.catholique.fr\/ouest-charente\/#organization\",\"name\":\"Association dioc\u00e9saine d'Angoul\u00eame\",\"url\":\"https:\/\/charente.catholique.fr\/ouest-charente\/\",\"logo\":{\"@type\":\"ImageObject\",\"inLanguage\":\"fr-FR\",\"@id\":\"https:\/\/charente.catholique.fr\/ouest-charente\/#\/schema\/logo\/image\/\",\"url\":\"https:\/\/charente.catholique.fr\/ouest-charente\/wp-content\/uploads\/sites\/6\/2020\/10\/logos.png\",\"contentUrl\":\"https:\/\/charente.catholique.fr\/ouest-charente\/wp-content\/uploads\/sites\/6\/2020\/10\/logos.png\",\"width\":600,\"height\":257,\"caption\":\"Association dioc\u00e9saine d'Angoul\u00eame\"},\"image\":{\"@id\":\"https:\/\/charente.catholique.fr\/ouest-charente\/#\/schema\/logo\/image\/\"},\"sameAs\":[\"https:\/\/www.facebook.com\/EgliseCatholiqueCharente\",\"https:\/\/x.com\/diocesecharente\",\"https:\/\/www.instagram.com\/eglisecharente\",\"https:\/\/www.youtube.com\/channel\/UCByyFWApZbw3gDTiADoiAaQ\"]}]}<\/script>\n<!-- \/ Yoast SEO plugin. -->","yoast_head_json":{"title":"Hom\u00e9lie de Mgr Colomb pour les 1000 ans de la cons\u00e9cration de l\u2019abbaye de Bassac - Doyenn\u00e9 Ouest Charente","robots":{"index":"index","follow":"follow","max-snippet":"max-snippet:-1","max-image-preview":"max-image-preview:large","max-video-preview":"max-video-preview:-1"},"canonical":"https:\/\/charente.catholique.fr\/ouest-charente\/paroisses\/jarnac\/abbaye-de-bassac\/homelie-de-mgr-colomb-pour-les-1000-ans-de-la-consecration-de-labbaye-de-bassac\/","og_locale":"fr_FR","og_type":"article","og_title":"Hom\u00e9lie de Mgr Colomb pour les 1000 ans de la cons\u00e9cration de l\u2019abbaye de Bassac - Doyenn\u00e9 Ouest Charente","og_description":"Les 1000 ans de la cons\u00e9cration de l\u2019abbaye de Bassac (le 31 aout 1017) ont \u00e9t\u00e9 c\u00e9l\u00e9br\u00e9s le 12 novembre 2017 par les \u00e9v\u00eaques d\u2019Angoul\u00eame et Saintes.Retrouvez ici l\u2019hom\u00e9lie de Mgr Colomb et les photos de la c\u00e9l\u00e9bration. Cher Monseigneur Gosselin, cher confr\u00e8re et ami, chers amis, La d\u00e9dicace d\u2019une \u00e9glise est une action liturgique [&hellip;]","og_url":"https:\/\/charente.catholique.fr\/ouest-charente\/paroisses\/jarnac\/abbaye-de-bassac\/homelie-de-mgr-colomb-pour-les-1000-ans-de-la-consecration-de-labbaye-de-bassac\/","og_site_name":"Doyenn\u00e9 Ouest Charente","article_publisher":"https:\/\/www.facebook.com\/EgliseCatholiqueCharente","article_modified_time":"2020-10-01T14:26:39+00:00","og_image":[{"width":250,"height":250,"url":"https:\/\/charente.catholique.fr\/ouest-charente\/wp-content\/uploads\/sites\/6\/2020\/09\/arton6583-24192-1.jpg","type":"image\/jpeg"}],"twitter_card":"summary_large_image","twitter_site":"@diocesecharente","twitter_misc":{"Dur\u00e9e de lecture estim\u00e9e":"7 minutes"},"schema":{"@context":"https:\/\/schema.org","@graph":[{"@type":"WebPage","@id":"https:\/\/charente.catholique.fr\/ouest-charente\/paroisses\/jarnac\/abbaye-de-bassac\/homelie-de-mgr-colomb-pour-les-1000-ans-de-la-consecration-de-labbaye-de-bassac\/","url":"https:\/\/charente.catholique.fr\/ouest-charente\/paroisses\/jarnac\/abbaye-de-bassac\/homelie-de-mgr-colomb-pour-les-1000-ans-de-la-consecration-de-labbaye-de-bassac\/","name":"Hom\u00e9lie de Mgr Colomb pour les 1000 ans de la cons\u00e9cration de l\u2019abbaye de Bassac - Doyenn\u00e9 Ouest Charente","isPartOf":{"@id":"https:\/\/charente.catholique.fr\/ouest-charente\/#website"},"primaryImageOfPage":{"@id":"https:\/\/charente.catholique.fr\/ouest-charente\/paroisses\/jarnac\/abbaye-de-bassac\/homelie-de-mgr-colomb-pour-les-1000-ans-de-la-consecration-de-labbaye-de-bassac\/#primaryimage"},"image":{"@id":"https:\/\/charente.catholique.fr\/ouest-charente\/paroisses\/jarnac\/abbaye-de-bassac\/homelie-de-mgr-colomb-pour-les-1000-ans-de-la-consecration-de-labbaye-de-bassac\/#primaryimage"},"thumbnailUrl":"https:\/\/charente.catholique.fr\/ouest-charente\/wp-content\/uploads\/sites\/6\/2020\/09\/arton6583-24192-1.jpg","datePublished":"2020-09-21T16:21:58+00:00","dateModified":"2020-10-01T14:26:39+00:00","breadcrumb":{"@id":"https:\/\/charente.catholique.fr\/ouest-charente\/paroisses\/jarnac\/abbaye-de-bassac\/homelie-de-mgr-colomb-pour-les-1000-ans-de-la-consecration-de-labbaye-de-bassac\/#breadcrumb"},"inLanguage":"fr-FR","potentialAction":[{"@type":"ReadAction","target":["https:\/\/charente.catholique.fr\/ouest-charente\/paroisses\/jarnac\/abbaye-de-bassac\/homelie-de-mgr-colomb-pour-les-1000-ans-de-la-consecration-de-labbaye-de-bassac\/"]}]},{"@type":"ImageObject","inLanguage":"fr-FR","@id":"https:\/\/charente.catholique.fr\/ouest-charente\/paroisses\/jarnac\/abbaye-de-bassac\/homelie-de-mgr-colomb-pour-les-1000-ans-de-la-consecration-de-labbaye-de-bassac\/#primaryimage","url":"https:\/\/charente.catholique.fr\/ouest-charente\/wp-content\/uploads\/sites\/6\/2020\/09\/arton6583-24192-1.jpg","contentUrl":"https:\/\/charente.catholique.fr\/ouest-charente\/wp-content\/uploads\/sites\/6\/2020\/09\/arton6583-24192-1.jpg","width":250,"height":250},{"@type":"BreadcrumbList","@id":"https:\/\/charente.catholique.fr\/ouest-charente\/paroisses\/jarnac\/abbaye-de-bassac\/homelie-de-mgr-colomb-pour-les-1000-ans-de-la-consecration-de-labbaye-de-bassac\/#breadcrumb","itemListElement":[{"@type":"ListItem","position":1,"name":"Accueil","item":"https:\/\/charente.catholique.fr\/ouest-charente\/"},{"@type":"ListItem","position":2,"name":"Pays de Jarnac","item":"https:\/\/charente.catholique.fr\/ouest-charente\/paroisses\/jarnac\/"},{"@type":"ListItem","position":3,"name":"Abbaye de Bassac","item":"https:\/\/charente.catholique.fr\/ouest-charente\/paroisses\/jarnac\/abbaye-de-bassac\/"},{"@type":"ListItem","position":4,"name":"Hom\u00e9lie de Mgr Colomb pour les 1000 ans de la cons\u00e9cration de l\u2019abbaye de Bassac"}]},{"@type":"WebSite","@id":"https:\/\/charente.catholique.fr\/ouest-charente\/#website","url":"https:\/\/charente.catholique.fr\/ouest-charente\/","name":"Doyenn\u00e9 Ouest Charente - Dioc\u00e8se d'Angoul\u00eame","description":"Dioc\u00e8se d&#039;Angoul\u00eame","publisher":{"@id":"https:\/\/charente.catholique.fr\/ouest-charente\/#organization"},"potentialAction":[{"@type":"SearchAction","target":{"@type":"EntryPoint","urlTemplate":"https:\/\/charente.catholique.fr\/ouest-charente\/?s={search_term_string}"},"query-input":{"@type":"PropertyValueSpecification","valueRequired":true,"valueName":"search_term_string"}}],"inLanguage":"fr-FR"},{"@type":"Organization","@id":"https:\/\/charente.catholique.fr\/ouest-charente\/#organization","name":"Association dioc\u00e9saine d'Angoul\u00eame","url":"https:\/\/charente.catholique.fr\/ouest-charente\/","logo":{"@type":"ImageObject","inLanguage":"fr-FR","@id":"https:\/\/charente.catholique.fr\/ouest-charente\/#\/schema\/logo\/image\/","url":"https:\/\/charente.catholique.fr\/ouest-charente\/wp-content\/uploads\/sites\/6\/2020\/10\/logos.png","contentUrl":"https:\/\/charente.catholique.fr\/ouest-charente\/wp-content\/uploads\/sites\/6\/2020\/10\/logos.png","width":600,"height":257,"caption":"Association dioc\u00e9saine d'Angoul\u00eame"},"image":{"@id":"https:\/\/charente.catholique.fr\/ouest-charente\/#\/schema\/logo\/image\/"},"sameAs":["https:\/\/www.facebook.com\/EgliseCatholiqueCharente","https:\/\/x.com\/diocesecharente","https:\/\/www.instagram.com\/eglisecharente","https:\/\/www.youtube.com\/channel\/UCByyFWApZbw3gDTiADoiAaQ"]}]}},"_links":{"self":[{"href":"https:\/\/charente.catholique.fr\/ouest-charente\/wp-json\/wp\/v2\/paroisse\/175","targetHints":{"allow":["GET"]}}],"collection":[{"href":"https:\/\/charente.catholique.fr\/ouest-charente\/wp-json\/wp\/v2\/paroisse"}],"about":[{"href":"https:\/\/charente.catholique.fr\/ouest-charente\/wp-json\/wp\/v2\/types\/paroisse"}],"author":[{"embeddable":true,"href":"https:\/\/charente.catholique.fr\/ouest-charente\/wp-json\/wp\/v2\/users\/1"}],"version-history":[{"count":0,"href":"https:\/\/charente.catholique.fr\/ouest-charente\/wp-json\/wp\/v2\/paroisse\/175\/revisions"}],"up":[{"embeddable":true,"href":"https:\/\/charente.catholique.fr\/ouest-charente\/wp-json\/wp\/v2\/paroisse\/172"}],"wp:featuredmedia":[{"embeddable":true,"href":"https:\/\/charente.catholique.fr\/ouest-charente\/wp-json\/wp\/v2\/media\/177"}],"wp:attachment":[{"href":"https:\/\/charente.catholique.fr\/ouest-charente\/wp-json\/wp\/v2\/media?parent=175"}],"curies":[{"name":"wp","href":"https:\/\/api.w.org\/{rel}","templated":true}]}}