{"id":165,"date":"2020-09-21T18:13:05","date_gmt":"2020-09-21T16:13:05","guid":{"rendered":"https:\/\/charente.catholique.fr\/ouest-charente\/?post_type=paroisse&#038;p=165"},"modified":"2024-12-12T16:01:39","modified_gmt":"2024-12-12T15:01:39","slug":"offrir-une-messe","status":"publish","type":"paroisse","link":"https:\/\/charente.catholique.fr\/ouest-charente\/paroisses\/jarnac\/echanger\/offrir-une-messe\/","title":{"rendered":"Offrir une messe"},"content":{"rendered":"\n<p>pour un d\u00e9funt, un proche<\/p>\n\n\n\n<p><strong>Pour remercier Dieu,&nbsp;prier pour une famille ou un d\u00e9funt,&nbsp;prier pour les vocations&nbsp;ou une intention particuli\u00e8re&#8230;<\/strong><\/p>\n\n\n\n<h3 class=\"wp-block-heading\">Offrir une messe&nbsp;?<\/h3>\n\n\n\n<p>Les fid\u00e8les peuvent apporter au sacrifice eucharistique une offrande personnelle afin d\u2019y participer plus \u00e9troitement. En effet, en donnant un peu d\u2019eux-m\u00eames (leur travail, leurs biens), ils prennent part \u00e0 l\u2019offrande que J\u00e9sus fait \u00e0 son P\u00e8re.<\/p>\n\n\n\n<p>Par leur offrande (financi\u00e8re ou en nature), ils n\u2019ach\u00e8tent donc pas la bienveillance de Dieu &#8211; elle nous est d\u00e9finitivement acquise en J\u00e9sus&nbsp;-, ni ne paient la messe, car son prix est infini.&nbsp;Cette offrande ne peut donner lieu \u00e0 un re\u00e7u fiscal.<\/p>\n\n\n\n<p>C\u00e9l\u00e9brer une messe \u00e0 une intention particuli\u00e8re est un service spirituel qui est accompli en conscience par le pr\u00eatre.<\/p>\n\n\n\n<h3 class=\"wp-block-heading\">A quelle intention offrir une messe&nbsp;?<\/h3>\n\n\n\n<p>Chaque fid\u00e8le peut l\u00e9gitimement demander que soit c\u00e9l\u00e9br\u00e9e, le dimanche ou en semaine, une messe pour une intention particuli\u00e8re&nbsp;:&nbsp;<br><img loading=\"lazy\" decoding=\"async\" src=\"https:\/\/angouleme.catholique.fr\/local\/cache-vignettes\/L8xH11\/mapuce_violet-e2898.gif?1588160629\" alt=\"-\" width=\"8\" height=\"11\">&nbsp;pour les vivants ou les d\u00e9funts de sa famille&nbsp;<br><img loading=\"lazy\" decoding=\"async\" src=\"https:\/\/angouleme.catholique.fr\/local\/cache-vignettes\/L8xH11\/mapuce_violet-e2898.gif?1588160629\" alt=\"-\" width=\"8\" height=\"11\">&nbsp;pour accompagner des proches dans tous les moments de leur vie (heureux ou difficiles)&nbsp;<br><img loading=\"lazy\" decoding=\"async\" src=\"https:\/\/angouleme.catholique.fr\/local\/cache-vignettes\/L8xH11\/mapuce_violet-e2898.gif?1588160629\" alt=\"-\" width=\"8\" height=\"11\">&nbsp;pour rendre gr\u00e2ce \u00e0 Dieu pour des jeunes mari\u00e9s, des anniversaires de mariage, un nouveau baptis\u00e9, des moments forts de la vie&#8230;<\/p>\n\n\n\n<h3 class=\"wp-block-heading\">Offrir une messe par ch\u00e8que<\/h3>\n\n\n\n<p>Le montant de l\u2019offrande est fix\u00e9 par l\u2019Assembl\u00e9e des \u00c9v\u00eaques de France, 18 \u20ac.<\/p>\n\n\n\n<p><img loading=\"lazy\" decoding=\"async\" src=\"https:\/\/angouleme.catholique.fr\/local\/cache-vignettes\/L8xH11\/mapuce_violet-e2898.gif?1588160629\" alt=\"-\" width=\"8\" height=\"11\">&nbsp;Pour une&nbsp;<strong>Neuvaine<\/strong>&nbsp;(correspond \u00e0 la c\u00e9l\u00e9bration de&nbsp;<strong>9 messes quotidiennes cons\u00e9cutives<\/strong>), le montant de l\u2019offrande est fix\u00e9 \u00e0 170 \u20ac, selon vos possibilit\u00e9s&nbsp;;&nbsp;<br><img loading=\"lazy\" decoding=\"async\" src=\"https:\/\/angouleme.catholique.fr\/local\/cache-vignettes\/L8xH11\/mapuce_violet-e2898.gif?1588160629\" alt=\"-\" width=\"8\" height=\"11\">&nbsp;Pour un&nbsp;<strong>Trentain<\/strong>&nbsp;(c\u00e9l\u00e9bration de&nbsp;<strong>30 messes quotidiennes cons\u00e9cutives \u00e0 la m\u00eame intention<\/strong>). le montant de l\u2019offrande est fix\u00e9 \u00e0 550 \u20ac, toujours selon vos possibilit\u00e9s.<\/p>\n\n\n\n<p>Vous pouvez adresser votre offrande de messe par ch\u00e8que libell\u00e9 \u00e0 l\u2019ordre de Paroisse o\u00f9 est c\u00e9l\u00e9br\u00e9e la messe.<br><\/p>\n","protected":false},"author":1,"featured_media":157,"parent":156,"menu_order":195,"template":"","meta":{"_acf_changed":false,"paroisse":["18"],"service":[],"footnotes":""},"class_list":["post-165","paroisse","type-paroisse","status-publish","has-post-thumbnail","hentry"],"acf":[],"yoast_head":"<!-- This site is optimized with the Yoast SEO plugin v27.1.1 - https:\/\/yoast.com\/product\/yoast-seo-wordpress\/ -->\n<title>Offrir une messe - Doyenn\u00e9 Ouest Charente<\/title>\n<meta name=\"robots\" content=\"index, follow, max-snippet:-1, max-image-preview:large, max-video-preview:-1\" \/>\n<link rel=\"canonical\" href=\"https:\/\/charente.catholique.fr\/ouest-charente\/paroisses\/jarnac\/echanger\/offrir-une-messe\/\" \/>\n<meta property=\"og:locale\" content=\"fr_FR\" \/>\n<meta property=\"og:type\" content=\"article\" \/>\n<meta property=\"og:title\" content=\"Offrir une messe - Doyenn\u00e9 Ouest Charente\" \/>\n<meta property=\"og:description\" content=\"pour un d\u00e9funt, un proche Pour remercier Dieu,&nbsp;prier pour une famille ou un d\u00e9funt,&nbsp;prier pour les vocations&nbsp;ou une intention particuli\u00e8re&#8230; Offrir une messe&nbsp;? Les fid\u00e8les peuvent apporter au sacrifice eucharistique une offrande personnelle afin d\u2019y participer plus \u00e9troitement. En effet, en donnant un peu d\u2019eux-m\u00eames (leur travail, leurs biens), ils prennent part \u00e0 l\u2019offrande que [&hellip;]\" \/>\n<meta property=\"og:url\" content=\"https:\/\/charente.catholique.fr\/ouest-charente\/paroisses\/jarnac\/echanger\/offrir-une-messe\/\" \/>\n<meta property=\"og:site_name\" content=\"Doyenn\u00e9 Ouest Charente\" \/>\n<meta property=\"article:publisher\" content=\"https:\/\/www.facebook.com\/EgliseCatholiqueCharente\" \/>\n<meta property=\"article:modified_time\" content=\"2024-12-12T15:01:39+00:00\" \/>\n<meta property=\"og:image\" content=\"https:\/\/charente.catholique.fr\/ouest-charente\/wp-content\/uploads\/sites\/6\/2020\/09\/rubon228-e3b25.jpg\" \/>\n\t<meta property=\"og:image:width\" content=\"140\" \/>\n\t<meta property=\"og:image:height\" content=\"140\" \/>\n\t<meta property=\"og:image:type\" content=\"image\/jpeg\" \/>\n<meta name=\"twitter:card\" content=\"summary_large_image\" \/>\n<meta name=\"twitter:site\" content=\"@diocesecharente\" \/>\n<meta name=\"twitter:label1\" content=\"Dur\u00e9e de lecture estim\u00e9e\" \/>\n\t<meta name=\"twitter:data1\" content=\"3 minutes\" \/>\n<script type=\"application\/ld+json\" class=\"yoast-schema-graph\">{\"@context\":\"https:\/\/schema.org\",\"@graph\":[{\"@type\":\"WebPage\",\"@id\":\"https:\/\/charente.catholique.fr\/ouest-charente\/paroisses\/jarnac\/echanger\/offrir-une-messe\/\",\"url\":\"https:\/\/charente.catholique.fr\/ouest-charente\/paroisses\/jarnac\/echanger\/offrir-une-messe\/\",\"name\":\"Offrir une messe - Doyenn\u00e9 Ouest Charente\",\"isPartOf\":{\"@id\":\"https:\/\/charente.catholique.fr\/ouest-charente\/#website\"},\"primaryImageOfPage\":{\"@id\":\"https:\/\/charente.catholique.fr\/ouest-charente\/paroisses\/jarnac\/echanger\/offrir-une-messe\/#primaryimage\"},\"image\":{\"@id\":\"https:\/\/charente.catholique.fr\/ouest-charente\/paroisses\/jarnac\/echanger\/offrir-une-messe\/#primaryimage\"},\"thumbnailUrl\":\"https:\/\/charente.catholique.fr\/ouest-charente\/wp-content\/uploads\/sites\/6\/2020\/09\/rubon228-e3b25.jpg\",\"datePublished\":\"2020-09-21T16:13:05+00:00\",\"dateModified\":\"2024-12-12T15:01:39+00:00\",\"breadcrumb\":{\"@id\":\"https:\/\/charente.catholique.fr\/ouest-charente\/paroisses\/jarnac\/echanger\/offrir-une-messe\/#breadcrumb\"},\"inLanguage\":\"fr-FR\",\"potentialAction\":[{\"@type\":\"ReadAction\",\"target\":[\"https:\/\/charente.catholique.fr\/ouest-charente\/paroisses\/jarnac\/echanger\/offrir-une-messe\/\"]}]},{\"@type\":\"ImageObject\",\"inLanguage\":\"fr-FR\",\"@id\":\"https:\/\/charente.catholique.fr\/ouest-charente\/paroisses\/jarnac\/echanger\/offrir-une-messe\/#primaryimage\",\"url\":\"https:\/\/charente.catholique.fr\/ouest-charente\/wp-content\/uploads\/sites\/6\/2020\/09\/rubon228-e3b25.jpg\",\"contentUrl\":\"https:\/\/charente.catholique.fr\/ouest-charente\/wp-content\/uploads\/sites\/6\/2020\/09\/rubon228-e3b25.jpg\",\"width\":140,\"height\":140},{\"@type\":\"BreadcrumbList\",\"@id\":\"https:\/\/charente.catholique.fr\/ouest-charente\/paroisses\/jarnac\/echanger\/offrir-une-messe\/#breadcrumb\",\"itemListElement\":[{\"@type\":\"ListItem\",\"position\":1,\"name\":\"Accueil\",\"item\":\"https:\/\/charente.catholique.fr\/ouest-charente\/\"},{\"@type\":\"ListItem\",\"position\":2,\"name\":\"Pays de Jarnac\",\"item\":\"https:\/\/charente.catholique.fr\/ouest-charente\/paroisses\/jarnac\/\"},{\"@type\":\"ListItem\",\"position\":3,\"name\":\"Echanger\",\"item\":\"https:\/\/charente.catholique.fr\/ouest-charente\/paroisses\/jarnac\/echanger\/\"},{\"@type\":\"ListItem\",\"position\":4,\"name\":\"Offrir une messe\"}]},{\"@type\":\"WebSite\",\"@id\":\"https:\/\/charente.catholique.fr\/ouest-charente\/#website\",\"url\":\"https:\/\/charente.catholique.fr\/ouest-charente\/\",\"name\":\"Doyenn\u00e9 Ouest Charente - Dioc\u00e8se d'Angoul\u00eame\",\"description\":\"Dioc\u00e8se d&#039;Angoul\u00eame\",\"publisher\":{\"@id\":\"https:\/\/charente.catholique.fr\/ouest-charente\/#organization\"},\"potentialAction\":[{\"@type\":\"SearchAction\",\"target\":{\"@type\":\"EntryPoint\",\"urlTemplate\":\"https:\/\/charente.catholique.fr\/ouest-charente\/?s={search_term_string}\"},\"query-input\":{\"@type\":\"PropertyValueSpecification\",\"valueRequired\":true,\"valueName\":\"search_term_string\"}}],\"inLanguage\":\"fr-FR\"},{\"@type\":\"Organization\",\"@id\":\"https:\/\/charente.catholique.fr\/ouest-charente\/#organization\",\"name\":\"Association dioc\u00e9saine d'Angoul\u00eame\",\"url\":\"https:\/\/charente.catholique.fr\/ouest-charente\/\",\"logo\":{\"@type\":\"ImageObject\",\"inLanguage\":\"fr-FR\",\"@id\":\"https:\/\/charente.catholique.fr\/ouest-charente\/#\/schema\/logo\/image\/\",\"url\":\"https:\/\/charente.catholique.fr\/ouest-charente\/wp-content\/uploads\/sites\/6\/2020\/10\/logos.png\",\"contentUrl\":\"https:\/\/charente.catholique.fr\/ouest-charente\/wp-content\/uploads\/sites\/6\/2020\/10\/logos.png\",\"width\":600,\"height\":257,\"caption\":\"Association dioc\u00e9saine d'Angoul\u00eame\"},\"image\":{\"@id\":\"https:\/\/charente.catholique.fr\/ouest-charente\/#\/schema\/logo\/image\/\"},\"sameAs\":[\"https:\/\/www.facebook.com\/EgliseCatholiqueCharente\",\"https:\/\/x.com\/diocesecharente\",\"https:\/\/www.instagram.com\/eglisecharente\",\"https:\/\/www.youtube.com\/channel\/UCByyFWApZbw3gDTiADoiAaQ\"]}]}<\/script>\n<!-- \/ Yoast SEO plugin. -->","yoast_head_json":{"title":"Offrir une messe - Doyenn\u00e9 Ouest Charente","robots":{"index":"index","follow":"follow","max-snippet":"max-snippet:-1","max-image-preview":"max-image-preview:large","max-video-preview":"max-video-preview:-1"},"canonical":"https:\/\/charente.catholique.fr\/ouest-charente\/paroisses\/jarnac\/echanger\/offrir-une-messe\/","og_locale":"fr_FR","og_type":"article","og_title":"Offrir une messe - Doyenn\u00e9 Ouest Charente","og_description":"pour un d\u00e9funt, un proche Pour remercier Dieu,&nbsp;prier pour une famille ou un d\u00e9funt,&nbsp;prier pour les vocations&nbsp;ou une intention particuli\u00e8re&#8230; Offrir une messe&nbsp;? Les fid\u00e8les peuvent apporter au sacrifice eucharistique une offrande personnelle afin d\u2019y participer plus \u00e9troitement. En effet, en donnant un peu d\u2019eux-m\u00eames (leur travail, leurs biens), ils prennent part \u00e0 l\u2019offrande que [&hellip;]","og_url":"https:\/\/charente.catholique.fr\/ouest-charente\/paroisses\/jarnac\/echanger\/offrir-une-messe\/","og_site_name":"Doyenn\u00e9 Ouest Charente","article_publisher":"https:\/\/www.facebook.com\/EgliseCatholiqueCharente","article_modified_time":"2024-12-12T15:01:39+00:00","og_image":[{"width":140,"height":140,"url":"https:\/\/charente.catholique.fr\/ouest-charente\/wp-content\/uploads\/sites\/6\/2020\/09\/rubon228-e3b25.jpg","type":"image\/jpeg"}],"twitter_card":"summary_large_image","twitter_site":"@diocesecharente","twitter_misc":{"Dur\u00e9e de lecture estim\u00e9e":"3 minutes"},"schema":{"@context":"https:\/\/schema.org","@graph":[{"@type":"WebPage","@id":"https:\/\/charente.catholique.fr\/ouest-charente\/paroisses\/jarnac\/echanger\/offrir-une-messe\/","url":"https:\/\/charente.catholique.fr\/ouest-charente\/paroisses\/jarnac\/echanger\/offrir-une-messe\/","name":"Offrir une messe - Doyenn\u00e9 Ouest Charente","isPartOf":{"@id":"https:\/\/charente.catholique.fr\/ouest-charente\/#website"},"primaryImageOfPage":{"@id":"https:\/\/charente.catholique.fr\/ouest-charente\/paroisses\/jarnac\/echanger\/offrir-une-messe\/#primaryimage"},"image":{"@id":"https:\/\/charente.catholique.fr\/ouest-charente\/paroisses\/jarnac\/echanger\/offrir-une-messe\/#primaryimage"},"thumbnailUrl":"https:\/\/charente.catholique.fr\/ouest-charente\/wp-content\/uploads\/sites\/6\/2020\/09\/rubon228-e3b25.jpg","datePublished":"2020-09-21T16:13:05+00:00","dateModified":"2024-12-12T15:01:39+00:00","breadcrumb":{"@id":"https:\/\/charente.catholique.fr\/ouest-charente\/paroisses\/jarnac\/echanger\/offrir-une-messe\/#breadcrumb"},"inLanguage":"fr-FR","potentialAction":[{"@type":"ReadAction","target":["https:\/\/charente.catholique.fr\/ouest-charente\/paroisses\/jarnac\/echanger\/offrir-une-messe\/"]}]},{"@type":"ImageObject","inLanguage":"fr-FR","@id":"https:\/\/charente.catholique.fr\/ouest-charente\/paroisses\/jarnac\/echanger\/offrir-une-messe\/#primaryimage","url":"https:\/\/charente.catholique.fr\/ouest-charente\/wp-content\/uploads\/sites\/6\/2020\/09\/rubon228-e3b25.jpg","contentUrl":"https:\/\/charente.catholique.fr\/ouest-charente\/wp-content\/uploads\/sites\/6\/2020\/09\/rubon228-e3b25.jpg","width":140,"height":140},{"@type":"BreadcrumbList","@id":"https:\/\/charente.catholique.fr\/ouest-charente\/paroisses\/jarnac\/echanger\/offrir-une-messe\/#breadcrumb","itemListElement":[{"@type":"ListItem","position":1,"name":"Accueil","item":"https:\/\/charente.catholique.fr\/ouest-charente\/"},{"@type":"ListItem","position":2,"name":"Pays de Jarnac","item":"https:\/\/charente.catholique.fr\/ouest-charente\/paroisses\/jarnac\/"},{"@type":"ListItem","position":3,"name":"Echanger","item":"https:\/\/charente.catholique.fr\/ouest-charente\/paroisses\/jarnac\/echanger\/"},{"@type":"ListItem","position":4,"name":"Offrir une messe"}]},{"@type":"WebSite","@id":"https:\/\/charente.catholique.fr\/ouest-charente\/#website","url":"https:\/\/charente.catholique.fr\/ouest-charente\/","name":"Doyenn\u00e9 Ouest Charente - Dioc\u00e8se d'Angoul\u00eame","description":"Dioc\u00e8se d&#039;Angoul\u00eame","publisher":{"@id":"https:\/\/charente.catholique.fr\/ouest-charente\/#organization"},"potentialAction":[{"@type":"SearchAction","target":{"@type":"EntryPoint","urlTemplate":"https:\/\/charente.catholique.fr\/ouest-charente\/?s={search_term_string}"},"query-input":{"@type":"PropertyValueSpecification","valueRequired":true,"valueName":"search_term_string"}}],"inLanguage":"fr-FR"},{"@type":"Organization","@id":"https:\/\/charente.catholique.fr\/ouest-charente\/#organization","name":"Association dioc\u00e9saine d'Angoul\u00eame","url":"https:\/\/charente.catholique.fr\/ouest-charente\/","logo":{"@type":"ImageObject","inLanguage":"fr-FR","@id":"https:\/\/charente.catholique.fr\/ouest-charente\/#\/schema\/logo\/image\/","url":"https:\/\/charente.catholique.fr\/ouest-charente\/wp-content\/uploads\/sites\/6\/2020\/10\/logos.png","contentUrl":"https:\/\/charente.catholique.fr\/ouest-charente\/wp-content\/uploads\/sites\/6\/2020\/10\/logos.png","width":600,"height":257,"caption":"Association dioc\u00e9saine d'Angoul\u00eame"},"image":{"@id":"https:\/\/charente.catholique.fr\/ouest-charente\/#\/schema\/logo\/image\/"},"sameAs":["https:\/\/www.facebook.com\/EgliseCatholiqueCharente","https:\/\/x.com\/diocesecharente","https:\/\/www.instagram.com\/eglisecharente","https:\/\/www.youtube.com\/channel\/UCByyFWApZbw3gDTiADoiAaQ"]}]}},"_links":{"self":[{"href":"https:\/\/charente.catholique.fr\/ouest-charente\/wp-json\/wp\/v2\/paroisse\/165","targetHints":{"allow":["GET"]}}],"collection":[{"href":"https:\/\/charente.catholique.fr\/ouest-charente\/wp-json\/wp\/v2\/paroisse"}],"about":[{"href":"https:\/\/charente.catholique.fr\/ouest-charente\/wp-json\/wp\/v2\/types\/paroisse"}],"author":[{"embeddable":true,"href":"https:\/\/charente.catholique.fr\/ouest-charente\/wp-json\/wp\/v2\/users\/1"}],"version-history":[{"count":1,"href":"https:\/\/charente.catholique.fr\/ouest-charente\/wp-json\/wp\/v2\/paroisse\/165\/revisions"}],"predecessor-version":[{"id":35655,"href":"https:\/\/charente.catholique.fr\/ouest-charente\/wp-json\/wp\/v2\/paroisse\/165\/revisions\/35655"}],"up":[{"embeddable":true,"href":"https:\/\/charente.catholique.fr\/ouest-charente\/wp-json\/wp\/v2\/paroisse\/156"}],"wp:featuredmedia":[{"embeddable":true,"href":"https:\/\/charente.catholique.fr\/ouest-charente\/wp-json\/wp\/v2\/media\/157"}],"wp:attachment":[{"href":"https:\/\/charente.catholique.fr\/ouest-charente\/wp-json\/wp\/v2\/media?parent=165"}],"curies":[{"name":"wp","href":"https:\/\/api.w.org\/{rel}","templated":true}]}}