{"id":28427,"date":"2022-07-12T17:59:03","date_gmt":"2022-07-12T15:59:03","guid":{"rendered":"https:\/\/charente.catholique.fr\/ouest-charente\/?page_id=28427"},"modified":"2022-07-12T18:00:27","modified_gmt":"2022-07-12T16:00:27","slug":"28427-2","status":"publish","type":"page","link":"https:\/\/charente.catholique.fr\/ouest-charente\/congregation-des-freres-missionnaires-de-sainte-therese\/les-homelies-de-fr-henri\/les-homelies\/28427-2\/","title":{"rendered":"Servir et Ecouter &#8211; Hom\u00e9lie du 17 juillet 2022"},"content":{"rendered":"\n<div class=\"wp-block-media-text alignwide is-stacked-on-mobile\" style=\"grid-template-columns:36% auto\"><figure class=\"wp-block-media-text__media\"><img loading=\"lazy\" decoding=\"async\" width=\"667\" height=\"351\" src=\"https:\/\/charente.catholique.fr\/ouest-charente\/wp-content\/uploads\/sites\/6\/2022\/07\/ssf1.jpg\" alt=\"\" class=\"wp-image-28434 size-full\" srcset=\"https:\/\/charente.catholique.fr\/ouest-charente\/wp-content\/uploads\/sites\/6\/2022\/07\/ssf1.jpg 667w, https:\/\/charente.catholique.fr\/ouest-charente\/wp-content\/uploads\/sites\/6\/2022\/07\/ssf1-300x158.jpg 300w\" sizes=\"auto, (max-width: 667px) 100vw, 667px\" \/><\/figure><div class=\"wp-block-media-text__content\">\n<p class=\"has-text-align-center\"><strong>&nbsp;DIMANCHE 17&nbsp; JUILLET 2022<\/strong><\/p>\n\n\n\n<p class=\"has-text-align-center\">16\u00b0 dimanche du temps ordinaire, ann\u00e9e C<\/p>\n\n\n\n<p class=\"has-text-align-center\"><strong>Saint Luc 10, 38-42<\/strong><\/p>\n<\/div><\/div>\n\n\n\n<p class=\"has-text-align-center has-medium-font-size\">SERVIR ET \u00c9COUTER<\/p>\n\n\n\n<p class=\"has-text-align-center\"><strong>Deux femmes&#8230; deux amies de J\u00e9sus<\/strong><\/p>\n\n\n\n<p>Elles s&#8217;appellent Marthe et Marie. Attentives chacune \u00e0 leur mani\u00e8re, elle se mette en quatre pour accueillir leur ami J\u00e9sus.<\/p>\n\n\n\n<p>N&#8217;est-ce pas une attitude qui nous est famili\u00e8re lorsque nous recevons la visite d&#8217;un membre de notre famille, d&#8217;un ami&nbsp;?<\/p>\n\n\n\n<p>L&#8217;\u00e9vangile nous montre J\u00e9sus bienveillant \u00e0 cet accueil. Il reconna\u00eet le tant de ces deux femmes.<\/p>\n\n\n\n<p>Loin de les opposer, J\u00e9sus reconna\u00eet ce que chacune d&#8217;elle fait pour servir&#8230; et \u00e9couter.<\/p>\n\n\n\n<p>Dans son sermon 104 Saint Augustin \u00e9crit&nbsp;:&nbsp;\u00ab&nbsp; Ma rie s&#8217;abandonnait tout enti\u00e8re \u00e0 la suavit\u00e9 de la parole divine. Marthe n&#8217;avait qu&#8217;un souci&nbsp;: comment nourrir le Ma\u00eetre&nbsp;; Marie n&#8217;en n&#8217;avait qu&#8217;un&nbsp;: comment \u00eatre nourrie par Lui. Marthe pr\u00e9parait un festin au Seigneur&nbsp;; un autre festin faisait d\u00e9j\u00e0 les d\u00e9lices de Marie. Si ravissante \u00e9tait pour elle la douceur de cette parole, si grande son avidit\u00e9 du pain c\u00e9leste, qu&#8217;elle se souciait peu de l\u2019interpellation de sa s\u0153ur&nbsp;: elle ne craignait pas que le Seigneur lui dise&nbsp;:&nbsp;\u00ab&nbsp;l\u00e8ve-toi et va l&#8217;aider&nbsp;\u00bb.<\/p>\n\n\n\n<p>\u00c9coute donc bien&nbsp;:&nbsp;\u00ab&nbsp; Tu t&#8217;inqui\u00e8tes de beaucoup de choses, quand une seule est n\u00e9cessaire&nbsp;: Marie a chois la meilleure part&nbsp;\u00bb. Ce n&#8217;est pas que la tienne soit mauvaise, mais la sienne est meilleure. Pourquoi meilleure&nbsp;? Parce tu t&#8217;occupe de beaucoup de choses et elle, elle est absorb\u00e9e par une seule&#8230;<\/p>\n\n\n\n<p>Ces deux femmes sont la figure de deux vies, la vie pr\u00e9sente et la vie future, la vie laborieuse et la vie tranquille, la vie de mis\u00e8re et la vie de bonheur, la vie temporelle et la vie \u00e9ternelle. Oui, ce sont deux distinctes&nbsp;: faites-y donc davantage attention.&nbsp;\u00bb<\/p>\n\n\n\n<p class=\"has-text-align-center\"><strong>Action et contemplation<\/strong><\/p>\n\n\n\n<p>Y-a-t-il opposition entre ces deux attitudes, servir et \u00e9couter&nbsp;? Dans la Bible, nous lisons, \u00ab&nbsp; il y a un temps pour tout, un temps pour rire et un temps pour pleurer, un temps pour travailler et un temps pour se reposer, un temps pour parler et un temps pour \u00e9couter&nbsp;\u00bb. Cet alternance du temps nous est proposer par cet \u00e9vangile&nbsp;: servir et \u00e9couter. Voici deux chemins \u00e0 pendre et \u00e0 suivre. Nous en faisons tus l&#8217;exp\u00e9rience. Chacun pourrait raconter comme il prend du temps pour \u00e9couter les autres et pour les servir, pour \u00e9couter le Seigneur et pour la servir.<\/p>\n\n\n\n<p>Je cueille ici une pens\u00e9e du Pape Fran\u00e7ois \u00e0 propos de la jeunesse&nbsp;:&nbsp;&#8221; Ce serait triste qu&#8217;un jeune garde sa jeunesse dans un coffre-fort. Cette jeunesse deviendrait alors vieille, dans le pire sens du mot. La jeunesse est faite pour \u00eatre donn\u00e9e, pour que les autres connaissent le Seigneur.&nbsp;&#8221; Cette pens\u00e9e peut s&#8217;appliquer \u00e0 notre fa\u00e7on de vivre le service et l&#8217;\u00e9coute du Seigneur et des autres. Dans un commentaire de cet \u00e9vangile je lis \u00ab&nbsp; ce que St.Luc oppose aux multiples occupations qui accaparent Marthe dans son service, c&#8217;est la seule chose indispensable, n\u00e9cessaire dont Marie se soucie&nbsp;: \u00e9couter la parole de J\u00e9sus pour la garder et la mettre en pratique. C&#8217;est cela qui fait le vrai disciple, le reste n&#8217;est certes pas importance&nbsp;\u00bb, car il faut faire la cuisine, les courses, le m\u00e9nage, toutes les t\u00e2ches m\u00e9nag\u00e8res&#8230; s&#8217;occuper des enfants etc&#8230;Cependant l&#8217;\u00e9vangile nous invite \u00e0 ne jamais nous agiter au point d&#8217;en oublier l&#8217;essentiel&nbsp;: Celui qui nous invite \u00e0 l&nbsp;&#8216;\u00e9couter, \u00e0 go\u00fbter la joie de sa pr\u00e9sence. C&#8217;est comme lorsque quelqu&#8217;un vient nous voir&nbsp;: ou bien on prend le temps de s\u2019asseoir et de de partager dans un dialogue fait d&#8217;\u00e9coute, on bien on continue de passer l&#8217;aspirateur&nbsp; dont le ronronnement nous emp\u00eache d&#8217;entendre et d&#8217;\u00e9couter. Que choisissons-nous&nbsp;?<\/p>\n\n\n\n<p class=\"has-text-align-center\"><strong>Le chemin de l&#8217;hospitalit\u00e9<\/strong><\/p>\n\n\n\n<p>Cet \u00e9vangile est celui de l&#8217;hospitalit\u00e9. Il nous montre deux mani\u00e8res d\u2019accueillir J\u00e9sus. Il y a la mani\u00e8re active, comme Marthe qui multiplie les attentions d\u00e9licates envers J\u00e9sus, ou bien comme Marie qui l&#8217;accueille en se mettant \u00e0 ses pieds pour l&#8217;\u00e9couter.<\/p>\n\n\n\n<p class=\"has-text-align-center\"><strong>Quel chemin choisir&nbsp;?<\/strong><\/p>\n\n\n\n<p>Concr\u00e8tement dans notre vie quotidienne, nous sommes devant ce choix . Les deux chemins ne s&#8217;opposent pas . Ils sont compl\u00e9mentaires, nous le savons, car nous le vivons .<\/p>\n\n\n\n<p>C&#8217;est pourquoi je vous propose de&nbsp;:<\/p>\n\n\n\n<ul class=\"wp-block-list\"><li>prendre les chemins de l&#8217;action et de la contemplation,par le service des autres,&nbsp; par la pri\u00e8re, l&#8217;\u00e9coute de la Parole de Dieu, la vie des sacrements,<\/li><li>prier l&#8217;Esprit Saint de nous inspirer les bonnes attitudes de service et d&#8217;\u00e9coute.<\/li><li>Rendre gr\u00e2ce \u00e0 Dieu pour celles et ceux qui nous aident \u00e0 \u00e9couter et \u00e0 servir.<\/li><\/ul>\n\n\n\n<pre class=\"wp-block-verse has-text-align-center\">Seigneur, \nami de Marthe et Marie, \naide-nous \n\u00e0 vivre dans l'\u00e9coute \nde ta Parole\net de la parole des autres. \nRends nous disponibles\naux plus humbles services\nde la vie quotidienne \n\nAvec Saint Fran\u00e7ois, \n\n\u00ab Seigneur fais de moi un instrument de paix.  \nL\u00e0 o\u00f9 se trouve la haine, que je mette l'amour. \nL\u00e0 o\u00f9 se trouve le doute, que je mette la foi. \nL\u00e0 o\u00f9 se trouve le d\u00e9sespoir, que je mette l'esp\u00e9rance\nL\u00e0 o\u00f9 sont les t\u00e9n\u00e8bres, que je mette la lumi\u00e8re. \nL\u00e0 o\u00f9 est la tristesse, que je mette la joie. \n\u00d4 Seigneur, que je ne cherche pas tant\n\u00e0 \u00eatre consol\u00e9 qu'\u00e0 consoler, \n\u00e0 \u00eatre compris qu'\u00e0 comprendre, \n\u00e0 \u00eatre aim\u00e9 qu'\u00e0 aimer. Car c 'est en se donnant qu'on re\u00e7oit, \nc'est en s'oubliant qu'on se retrouve, \nc'est en pardonnant qu'on est pardonn\u00e9, \nc'est en mourant qu'on ressuscite \u00e0 l' \u00e9ternelle vie. \u00bb\n\n\nEn fraternelle communion\n\n\nFr\u00e8re Henri Rev\u00e9reau, \nmissionnaire de Sainte Th\u00e9r\u00e8se \n\n\n<\/pre>\n\n\n\n<p><\/p>\n","protected":false},"excerpt":{"rendered":"<p>&nbsp;DIMANCHE 17&nbsp; JUILLET 2022 16\u00b0 dimanche du temps ordinaire, ann\u00e9e C Saint Luc 10, 38-42 SERVIR ET \u00c9COUTER Deux femmes&#8230; deux amies de J\u00e9sus Elles s&#8217;appellent Marthe et Marie. Attentives chacune \u00e0 leur mani\u00e8re, elle se mette en quatre pour accueillir leur ami J\u00e9sus. N&#8217;est-ce pas une attitude qui nous est famili\u00e8re lorsque nous recevons [&hellip;]<\/p>\n","protected":false},"author":26,"featured_media":28432,"parent":28301,"menu_order":4,"comment_status":"closed","ping_status":"closed","template":"","meta":{"_acf_changed":false,"paroisse":[],"service":[],"footnotes":""},"class_list":["post-28427","page","type-page","status-publish","has-post-thumbnail","hentry"],"acf":[],"yoast_head":"<!-- This site is optimized with the Yoast SEO plugin v27.1.1 - https:\/\/yoast.com\/product\/yoast-seo-wordpress\/ -->\n<title>Servir et Ecouter - Hom\u00e9lie du 17 juillet 2022 - Doyenn\u00e9 Ouest Charente<\/title>\n<meta name=\"robots\" content=\"index, follow, max-snippet:-1, max-image-preview:large, max-video-preview:-1\" \/>\n<link rel=\"canonical\" href=\"https:\/\/charente.catholique.fr\/ouest-charente\/congregation-des-freres-missionnaires-de-sainte-therese\/les-homelies-de-fr-henri\/les-homelies\/28427-2\/\" \/>\n<meta property=\"og:locale\" content=\"fr_FR\" \/>\n<meta property=\"og:type\" content=\"article\" \/>\n<meta property=\"og:title\" content=\"Servir et Ecouter - Hom\u00e9lie du 17 juillet 2022 - Doyenn\u00e9 Ouest Charente\" \/>\n<meta property=\"og:description\" content=\"&nbsp;DIMANCHE 17&nbsp; JUILLET 2022 16\u00b0 dimanche du temps ordinaire, ann\u00e9e C Saint Luc 10, 38-42 SERVIR ET \u00c9COUTER Deux femmes&#8230; deux amies de J\u00e9sus Elles s&#8217;appellent Marthe et Marie. Attentives chacune \u00e0 leur mani\u00e8re, elle se mette en quatre pour accueillir leur ami J\u00e9sus. N&#8217;est-ce pas une attitude qui nous est famili\u00e8re lorsque nous recevons [&hellip;]\" \/>\n<meta property=\"og:url\" content=\"https:\/\/charente.catholique.fr\/ouest-charente\/congregation-des-freres-missionnaires-de-sainte-therese\/les-homelies-de-fr-henri\/les-homelies\/28427-2\/\" \/>\n<meta property=\"og:site_name\" content=\"Doyenn\u00e9 Ouest Charente\" \/>\n<meta property=\"article:publisher\" content=\"https:\/\/www.facebook.com\/EgliseCatholiqueCharente\" \/>\n<meta property=\"article:modified_time\" content=\"2022-07-12T16:00:27+00:00\" \/>\n<meta property=\"og:image\" content=\"https:\/\/charente.catholique.fr\/ouest-charente\/wp-content\/uploads\/sites\/6\/2022\/07\/servir-ecouter.jpg\" \/>\n\t<meta property=\"og:image:width\" content=\"1920\" \/>\n\t<meta property=\"og:image:height\" content=\"560\" \/>\n\t<meta property=\"og:image:type\" content=\"image\/jpeg\" \/>\n<meta name=\"twitter:card\" content=\"summary_large_image\" \/>\n<meta name=\"twitter:site\" content=\"@diocesecharente\" \/>\n<meta name=\"twitter:label1\" content=\"Dur\u00e9e de lecture estim\u00e9e\" \/>\n\t<meta name=\"twitter:data1\" content=\"5 minutes\" \/>\n<script type=\"application\/ld+json\" class=\"yoast-schema-graph\">{\"@context\":\"https:\/\/schema.org\",\"@graph\":[{\"@type\":\"WebPage\",\"@id\":\"https:\/\/charente.catholique.fr\/ouest-charente\/congregation-des-freres-missionnaires-de-sainte-therese\/les-homelies-de-fr-henri\/les-homelies\/28427-2\/\",\"url\":\"https:\/\/charente.catholique.fr\/ouest-charente\/congregation-des-freres-missionnaires-de-sainte-therese\/les-homelies-de-fr-henri\/les-homelies\/28427-2\/\",\"name\":\"Servir et Ecouter - Hom\u00e9lie du 17 juillet 2022 - Doyenn\u00e9 Ouest Charente\",\"isPartOf\":{\"@id\":\"https:\/\/charente.catholique.fr\/ouest-charente\/#website\"},\"primaryImageOfPage\":{\"@id\":\"https:\/\/charente.catholique.fr\/ouest-charente\/congregation-des-freres-missionnaires-de-sainte-therese\/les-homelies-de-fr-henri\/les-homelies\/28427-2\/#primaryimage\"},\"image\":{\"@id\":\"https:\/\/charente.catholique.fr\/ouest-charente\/congregation-des-freres-missionnaires-de-sainte-therese\/les-homelies-de-fr-henri\/les-homelies\/28427-2\/#primaryimage\"},\"thumbnailUrl\":\"https:\/\/charente.catholique.fr\/ouest-charente\/wp-content\/uploads\/sites\/6\/2022\/07\/servir-ecouter.jpg\",\"datePublished\":\"2022-07-12T15:59:03+00:00\",\"dateModified\":\"2022-07-12T16:00:27+00:00\",\"breadcrumb\":{\"@id\":\"https:\/\/charente.catholique.fr\/ouest-charente\/congregation-des-freres-missionnaires-de-sainte-therese\/les-homelies-de-fr-henri\/les-homelies\/28427-2\/#breadcrumb\"},\"inLanguage\":\"fr-FR\",\"potentialAction\":[{\"@type\":\"ReadAction\",\"target\":[\"https:\/\/charente.catholique.fr\/ouest-charente\/congregation-des-freres-missionnaires-de-sainte-therese\/les-homelies-de-fr-henri\/les-homelies\/28427-2\/\"]}]},{\"@type\":\"ImageObject\",\"inLanguage\":\"fr-FR\",\"@id\":\"https:\/\/charente.catholique.fr\/ouest-charente\/congregation-des-freres-missionnaires-de-sainte-therese\/les-homelies-de-fr-henri\/les-homelies\/28427-2\/#primaryimage\",\"url\":\"https:\/\/charente.catholique.fr\/ouest-charente\/wp-content\/uploads\/sites\/6\/2022\/07\/servir-ecouter.jpg\",\"contentUrl\":\"https:\/\/charente.catholique.fr\/ouest-charente\/wp-content\/uploads\/sites\/6\/2022\/07\/servir-ecouter.jpg\",\"width\":1920,\"height\":560},{\"@type\":\"BreadcrumbList\",\"@id\":\"https:\/\/charente.catholique.fr\/ouest-charente\/congregation-des-freres-missionnaires-de-sainte-therese\/les-homelies-de-fr-henri\/les-homelies\/28427-2\/#breadcrumb\",\"itemListElement\":[{\"@type\":\"ListItem\",\"position\":1,\"name\":\"Accueil\",\"item\":\"https:\/\/charente.catholique.fr\/ouest-charente\/\"},{\"@type\":\"ListItem\",\"position\":2,\"name\":\"Les Fr\u00e8res Missionnaires de Sainte Th\u00e9r\u00e8se\",\"item\":\"https:\/\/charente.catholique.fr\/ouest-charente\/congregation-des-freres-missionnaires-de-sainte-therese\/\"},{\"@type\":\"ListItem\",\"position\":3,\"name\":\"Les hom\u00e9lies et les conf\u00e9rences de Fr. Henri\",\"item\":\"https:\/\/charente.catholique.fr\/ouest-charente\/congregation-des-freres-missionnaires-de-sainte-therese\/les-homelies-de-fr-henri\/\"},{\"@type\":\"ListItem\",\"position\":4,\"name\":\"Les hom\u00e9lies\",\"item\":\"https:\/\/charente.catholique.fr\/ouest-charente\/congregation-des-freres-missionnaires-de-sainte-therese\/les-homelies-de-fr-henri\/les-homelies\/\"},{\"@type\":\"ListItem\",\"position\":5,\"name\":\"Servir et Ecouter &#8211; Hom\u00e9lie du 17 juillet 2022\"}]},{\"@type\":\"WebSite\",\"@id\":\"https:\/\/charente.catholique.fr\/ouest-charente\/#website\",\"url\":\"https:\/\/charente.catholique.fr\/ouest-charente\/\",\"name\":\"Doyenn\u00e9 Ouest Charente - Dioc\u00e8se d'Angoul\u00eame\",\"description\":\"Dioc\u00e8se d&#039;Angoul\u00eame\",\"publisher\":{\"@id\":\"https:\/\/charente.catholique.fr\/ouest-charente\/#organization\"},\"potentialAction\":[{\"@type\":\"SearchAction\",\"target\":{\"@type\":\"EntryPoint\",\"urlTemplate\":\"https:\/\/charente.catholique.fr\/ouest-charente\/?s={search_term_string}\"},\"query-input\":{\"@type\":\"PropertyValueSpecification\",\"valueRequired\":true,\"valueName\":\"search_term_string\"}}],\"inLanguage\":\"fr-FR\"},{\"@type\":\"Organization\",\"@id\":\"https:\/\/charente.catholique.fr\/ouest-charente\/#organization\",\"name\":\"Association dioc\u00e9saine d'Angoul\u00eame\",\"url\":\"https:\/\/charente.catholique.fr\/ouest-charente\/\",\"logo\":{\"@type\":\"ImageObject\",\"inLanguage\":\"fr-FR\",\"@id\":\"https:\/\/charente.catholique.fr\/ouest-charente\/#\/schema\/logo\/image\/\",\"url\":\"https:\/\/charente.catholique.fr\/ouest-charente\/wp-content\/uploads\/sites\/6\/2020\/10\/logos.png\",\"contentUrl\":\"https:\/\/charente.catholique.fr\/ouest-charente\/wp-content\/uploads\/sites\/6\/2020\/10\/logos.png\",\"width\":600,\"height\":257,\"caption\":\"Association dioc\u00e9saine d'Angoul\u00eame\"},\"image\":{\"@id\":\"https:\/\/charente.catholique.fr\/ouest-charente\/#\/schema\/logo\/image\/\"},\"sameAs\":[\"https:\/\/www.facebook.com\/EgliseCatholiqueCharente\",\"https:\/\/x.com\/diocesecharente\",\"https:\/\/www.instagram.com\/eglisecharente\",\"https:\/\/www.youtube.com\/channel\/UCByyFWApZbw3gDTiADoiAaQ\"]}]}<\/script>\n<!-- \/ Yoast SEO plugin. -->","yoast_head_json":{"title":"Servir et Ecouter - Hom\u00e9lie du 17 juillet 2022 - Doyenn\u00e9 Ouest Charente","robots":{"index":"index","follow":"follow","max-snippet":"max-snippet:-1","max-image-preview":"max-image-preview:large","max-video-preview":"max-video-preview:-1"},"canonical":"https:\/\/charente.catholique.fr\/ouest-charente\/congregation-des-freres-missionnaires-de-sainte-therese\/les-homelies-de-fr-henri\/les-homelies\/28427-2\/","og_locale":"fr_FR","og_type":"article","og_title":"Servir et Ecouter - Hom\u00e9lie du 17 juillet 2022 - Doyenn\u00e9 Ouest Charente","og_description":"&nbsp;DIMANCHE 17&nbsp; JUILLET 2022 16\u00b0 dimanche du temps ordinaire, ann\u00e9e C Saint Luc 10, 38-42 SERVIR ET \u00c9COUTER Deux femmes&#8230; deux amies de J\u00e9sus Elles s&#8217;appellent Marthe et Marie. Attentives chacune \u00e0 leur mani\u00e8re, elle se mette en quatre pour accueillir leur ami J\u00e9sus. N&#8217;est-ce pas une attitude qui nous est famili\u00e8re lorsque nous recevons [&hellip;]","og_url":"https:\/\/charente.catholique.fr\/ouest-charente\/congregation-des-freres-missionnaires-de-sainte-therese\/les-homelies-de-fr-henri\/les-homelies\/28427-2\/","og_site_name":"Doyenn\u00e9 Ouest Charente","article_publisher":"https:\/\/www.facebook.com\/EgliseCatholiqueCharente","article_modified_time":"2022-07-12T16:00:27+00:00","og_image":[{"width":1920,"height":560,"url":"https:\/\/charente.catholique.fr\/ouest-charente\/wp-content\/uploads\/sites\/6\/2022\/07\/servir-ecouter.jpg","type":"image\/jpeg"}],"twitter_card":"summary_large_image","twitter_site":"@diocesecharente","twitter_misc":{"Dur\u00e9e de lecture estim\u00e9e":"5 minutes"},"schema":{"@context":"https:\/\/schema.org","@graph":[{"@type":"WebPage","@id":"https:\/\/charente.catholique.fr\/ouest-charente\/congregation-des-freres-missionnaires-de-sainte-therese\/les-homelies-de-fr-henri\/les-homelies\/28427-2\/","url":"https:\/\/charente.catholique.fr\/ouest-charente\/congregation-des-freres-missionnaires-de-sainte-therese\/les-homelies-de-fr-henri\/les-homelies\/28427-2\/","name":"Servir et Ecouter - Hom\u00e9lie du 17 juillet 2022 - Doyenn\u00e9 Ouest Charente","isPartOf":{"@id":"https:\/\/charente.catholique.fr\/ouest-charente\/#website"},"primaryImageOfPage":{"@id":"https:\/\/charente.catholique.fr\/ouest-charente\/congregation-des-freres-missionnaires-de-sainte-therese\/les-homelies-de-fr-henri\/les-homelies\/28427-2\/#primaryimage"},"image":{"@id":"https:\/\/charente.catholique.fr\/ouest-charente\/congregation-des-freres-missionnaires-de-sainte-therese\/les-homelies-de-fr-henri\/les-homelies\/28427-2\/#primaryimage"},"thumbnailUrl":"https:\/\/charente.catholique.fr\/ouest-charente\/wp-content\/uploads\/sites\/6\/2022\/07\/servir-ecouter.jpg","datePublished":"2022-07-12T15:59:03+00:00","dateModified":"2022-07-12T16:00:27+00:00","breadcrumb":{"@id":"https:\/\/charente.catholique.fr\/ouest-charente\/congregation-des-freres-missionnaires-de-sainte-therese\/les-homelies-de-fr-henri\/les-homelies\/28427-2\/#breadcrumb"},"inLanguage":"fr-FR","potentialAction":[{"@type":"ReadAction","target":["https:\/\/charente.catholique.fr\/ouest-charente\/congregation-des-freres-missionnaires-de-sainte-therese\/les-homelies-de-fr-henri\/les-homelies\/28427-2\/"]}]},{"@type":"ImageObject","inLanguage":"fr-FR","@id":"https:\/\/charente.catholique.fr\/ouest-charente\/congregation-des-freres-missionnaires-de-sainte-therese\/les-homelies-de-fr-henri\/les-homelies\/28427-2\/#primaryimage","url":"https:\/\/charente.catholique.fr\/ouest-charente\/wp-content\/uploads\/sites\/6\/2022\/07\/servir-ecouter.jpg","contentUrl":"https:\/\/charente.catholique.fr\/ouest-charente\/wp-content\/uploads\/sites\/6\/2022\/07\/servir-ecouter.jpg","width":1920,"height":560},{"@type":"BreadcrumbList","@id":"https:\/\/charente.catholique.fr\/ouest-charente\/congregation-des-freres-missionnaires-de-sainte-therese\/les-homelies-de-fr-henri\/les-homelies\/28427-2\/#breadcrumb","itemListElement":[{"@type":"ListItem","position":1,"name":"Accueil","item":"https:\/\/charente.catholique.fr\/ouest-charente\/"},{"@type":"ListItem","position":2,"name":"Les Fr\u00e8res Missionnaires de Sainte Th\u00e9r\u00e8se","item":"https:\/\/charente.catholique.fr\/ouest-charente\/congregation-des-freres-missionnaires-de-sainte-therese\/"},{"@type":"ListItem","position":3,"name":"Les hom\u00e9lies et les conf\u00e9rences de Fr. Henri","item":"https:\/\/charente.catholique.fr\/ouest-charente\/congregation-des-freres-missionnaires-de-sainte-therese\/les-homelies-de-fr-henri\/"},{"@type":"ListItem","position":4,"name":"Les hom\u00e9lies","item":"https:\/\/charente.catholique.fr\/ouest-charente\/congregation-des-freres-missionnaires-de-sainte-therese\/les-homelies-de-fr-henri\/les-homelies\/"},{"@type":"ListItem","position":5,"name":"Servir et Ecouter &#8211; Hom\u00e9lie du 17 juillet 2022"}]},{"@type":"WebSite","@id":"https:\/\/charente.catholique.fr\/ouest-charente\/#website","url":"https:\/\/charente.catholique.fr\/ouest-charente\/","name":"Doyenn\u00e9 Ouest Charente - Dioc\u00e8se d'Angoul\u00eame","description":"Dioc\u00e8se d&#039;Angoul\u00eame","publisher":{"@id":"https:\/\/charente.catholique.fr\/ouest-charente\/#organization"},"potentialAction":[{"@type":"SearchAction","target":{"@type":"EntryPoint","urlTemplate":"https:\/\/charente.catholique.fr\/ouest-charente\/?s={search_term_string}"},"query-input":{"@type":"PropertyValueSpecification","valueRequired":true,"valueName":"search_term_string"}}],"inLanguage":"fr-FR"},{"@type":"Organization","@id":"https:\/\/charente.catholique.fr\/ouest-charente\/#organization","name":"Association dioc\u00e9saine d'Angoul\u00eame","url":"https:\/\/charente.catholique.fr\/ouest-charente\/","logo":{"@type":"ImageObject","inLanguage":"fr-FR","@id":"https:\/\/charente.catholique.fr\/ouest-charente\/#\/schema\/logo\/image\/","url":"https:\/\/charente.catholique.fr\/ouest-charente\/wp-content\/uploads\/sites\/6\/2020\/10\/logos.png","contentUrl":"https:\/\/charente.catholique.fr\/ouest-charente\/wp-content\/uploads\/sites\/6\/2020\/10\/logos.png","width":600,"height":257,"caption":"Association dioc\u00e9saine d'Angoul\u00eame"},"image":{"@id":"https:\/\/charente.catholique.fr\/ouest-charente\/#\/schema\/logo\/image\/"},"sameAs":["https:\/\/www.facebook.com\/EgliseCatholiqueCharente","https:\/\/x.com\/diocesecharente","https:\/\/www.instagram.com\/eglisecharente","https:\/\/www.youtube.com\/channel\/UCByyFWApZbw3gDTiADoiAaQ"]}]}},"_links":{"self":[{"href":"https:\/\/charente.catholique.fr\/ouest-charente\/wp-json\/wp\/v2\/pages\/28427","targetHints":{"allow":["GET"]}}],"collection":[{"href":"https:\/\/charente.catholique.fr\/ouest-charente\/wp-json\/wp\/v2\/pages"}],"about":[{"href":"https:\/\/charente.catholique.fr\/ouest-charente\/wp-json\/wp\/v2\/types\/page"}],"author":[{"embeddable":true,"href":"https:\/\/charente.catholique.fr\/ouest-charente\/wp-json\/wp\/v2\/users\/26"}],"replies":[{"embeddable":true,"href":"https:\/\/charente.catholique.fr\/ouest-charente\/wp-json\/wp\/v2\/comments?post=28427"}],"version-history":[{"count":3,"href":"https:\/\/charente.catholique.fr\/ouest-charente\/wp-json\/wp\/v2\/pages\/28427\/revisions"}],"predecessor-version":[{"id":28440,"href":"https:\/\/charente.catholique.fr\/ouest-charente\/wp-json\/wp\/v2\/pages\/28427\/revisions\/28440"}],"up":[{"embeddable":true,"href":"https:\/\/charente.catholique.fr\/ouest-charente\/wp-json\/wp\/v2\/pages\/28301"}],"wp:featuredmedia":[{"embeddable":true,"href":"https:\/\/charente.catholique.fr\/ouest-charente\/wp-json\/wp\/v2\/media\/28432"}],"wp:attachment":[{"href":"https:\/\/charente.catholique.fr\/ouest-charente\/wp-json\/wp\/v2\/media?parent=28427"}],"curies":[{"name":"wp","href":"https:\/\/api.w.org\/{rel}","templated":true}]}}