{"id":7733,"date":"2022-05-18T16:45:49","date_gmt":"2022-05-18T14:45:49","guid":{"rendered":"https:\/\/charente.catholique.fr\/ouest-charente\/?post_type=evenement&#038;p=7733"},"modified":"2022-05-18T16:45:49","modified_gmt":"2022-05-18T14:45:49","slug":"journee-de-recollection-pour-toutes-les-femmes","status":"publish","type":"evenement","link":"https:\/\/charente.catholique.fr\/ouest-charente\/agenda\/journee-de-recollection-pour-toutes-les-femmes\/","title":{"rendered":"Journ\u00e9e de r\u00e9collection pour toutes les femmes"},"content":{"rendered":"\n<p class=\"has-medium-font-size\">&#8220;Femmes, je vous aime&#8221;<\/p>\n\n\n\n<p class=\"has-medium-font-size\">L&#8217;Abbaye de Bassac vous propose un temps  pour (re)d\u00e9couvrir &#8220;Le regard de Dieu sur les femmes&#8221; avec l&#8217;intervention du p\u00e8re Patrick Semp\u00e8re et la Communaut\u00e9, Arnaud Le Tanneur, praticien Vittoz<\/p>\n\n\n\n<div style=\"height:30px\" aria-hidden=\"true\" class=\"wp-block-spacer\"><\/div>\n\n\n\n<ul class=\"wp-block-list\"><li>Un temps pour Dieu<\/li><\/ul>\n\n\n\n<ul class=\"wp-block-list\"><li>Un temps pour soi<\/li><\/ul>\n\n\n\n<ul class=\"wp-block-list\"><li>Un temps pour les autres<\/li><\/ul>\n\n\n\n<div style=\"height:31px\" aria-hidden=\"true\" class=\"wp-block-spacer\"><\/div>\n\n\n\n<div class=\"wp-block-file\"><a id=\"wp-block-file--media-47a1c89f-1201-48db-bc6b-0d23ecf36ae7\" href=\"https:\/\/charente.catholique.fr\/ouest-charente\/wp-content\/uploads\/sites\/6\/2022\/05\/femmes-je-vous-aime-30mai2022.pdf\" target=\"_blank\" rel=\"noreferrer noopener\">&#8220;Affiche&#8221;<\/a><a href=\"https:\/\/charente.catholique.fr\/ouest-charente\/wp-content\/uploads\/sites\/6\/2022\/05\/femmes-je-vous-aime-30mai2022.pdf\" class=\"wp-block-file__button\" download aria-describedby=\"wp-block-file--media-47a1c89f-1201-48db-bc6b-0d23ecf36ae7\">T\u00e9l\u00e9charger<\/a><\/div>\n\n\n\n<div style=\"height:30px\" aria-hidden=\"true\" class=\"wp-block-spacer\"><\/div>\n\n\n\n<p class=\"has-nord-charente-background-color has-background has-medium-font-size\"><\/p>\n\n\n\n<div class=\"wp-block-columns is-layout-flex wp-container-core-columns-is-layout-28f84493 wp-block-columns-is-layout-flex\">\n<div class=\"wp-block-column is-layout-flow wp-block-column-is-layout-flow\" style=\"flex-basis:33.33%\">\n<p class=\"has-text-align-center\"><strong>Repas tir\u00e9 du sac (caf\u00e9 offert). <\/strong><\/p>\n<\/div>\n\n\n\n<div class=\"wp-block-column is-layout-flow wp-block-column-is-layout-flow\" style=\"flex-basis:33.33%\">\n<p class=\"has-text-align-center\"><strong>Participation aux frais souhait\u00e9e.<\/strong><\/p>\n<\/div>\n\n\n\n<div class=\"wp-block-column is-layout-flow wp-block-column-is-layout-flow\" style=\"flex-basis:33.33%\">\n<p class=\"has-text-align-center\"><strong>Inscriptions souhait\u00e9es sur :<\/strong><\/p>\n\n\n\n<p class=\"has-text-align-center\"><a href=\"mailto:communaute@abbaye-de-bassac.com\" target=\"_blank\" rel=\"noreferrer noopener\"><strong>communaute@abbaye-de-bassac.com<\/strong><\/a><\/p>\n<\/div>\n<\/div>\n","protected":false},"author":5,"featured_media":7833,"template":"","meta":{"_acf_changed":false,"paroisse":["18"],"service":["0"],"footnotes":""},"categories":[],"tags":[],"class_list":["post-7733","evenement","type-evenement","status-publish","has-post-thumbnail","hentry","validated"],"acf":{"start_date":"2022-05-30 10:00:00","end_date":"2022-05-30 15:30:00","location":"Abbaye de Bassac","address":{"address":"50 Route de Cond\u00e9, Bassac, France","lat":45.661977,"lng":-0.1043906,"zoom":14,"place_id":"ChIJT40GHZKGAEgR0nY0WrGMDzI","name":"50 Rte de Cond\u00e9","street_number":50,"street_name":"Route de Cond\u00e9","street_name_short":"Rte de Cond\u00e9","city":"Bassac","state":"Nouvelle-Aquitaine","post_code":16120,"country":"France","country_short":"FR"}},"yoast_head":"<!-- This site is optimized with the Yoast SEO plugin v27.1.1 - https:\/\/yoast.com\/product\/yoast-seo-wordpress\/ -->\n<title>Journ\u00e9e de r\u00e9collection pour toutes les femmes - Doyenn\u00e9 Ouest Charente<\/title>\n<meta name=\"robots\" content=\"index, follow, max-snippet:-1, max-image-preview:large, max-video-preview:-1\" \/>\n<link rel=\"canonical\" href=\"https:\/\/charente.catholique.fr\/ouest-charente\/agenda\/journee-de-recollection-pour-toutes-les-femmes\/\" \/>\n<meta property=\"og:locale\" content=\"fr_FR\" \/>\n<meta property=\"og:type\" content=\"article\" \/>\n<meta property=\"og:title\" content=\"Journ\u00e9e de r\u00e9collection pour toutes les femmes - Doyenn\u00e9 Ouest Charente\" \/>\n<meta property=\"og:description\" content=\"&#8220;Femmes, je vous aime&#8221; L&#8217;Abbaye de Bassac vous propose un temps pour (re)d\u00e9couvrir &#8220;Le regard de Dieu sur les femmes&#8221; avec l&#8217;intervention du p\u00e8re Patrick Semp\u00e8re et la Communaut\u00e9, Arnaud Le Tanneur, praticien Vittoz Un temps pour Dieu Un temps pour soi Un temps pour les autres Repas tir\u00e9 du sac (caf\u00e9 offert). Participation aux [&hellip;]\" \/>\n<meta property=\"og:url\" content=\"https:\/\/charente.catholique.fr\/ouest-charente\/agenda\/journee-de-recollection-pour-toutes-les-femmes\/\" \/>\n<meta property=\"og:site_name\" content=\"Doyenn\u00e9 Ouest Charente\" \/>\n<meta property=\"article:publisher\" content=\"https:\/\/www.facebook.com\/EgliseCatholiqueCharente\" \/>\n<meta property=\"og:image\" content=\"https:\/\/charente.catholique.fr\/ouest-charente\/wp-content\/uploads\/sites\/6\/2022\/05\/bassac.jpg\" \/>\n\t<meta property=\"og:image:width\" content=\"1200\" \/>\n\t<meta property=\"og:image:height\" content=\"799\" \/>\n\t<meta property=\"og:image:type\" content=\"image\/jpeg\" \/>\n<meta name=\"twitter:card\" content=\"summary_large_image\" \/>\n<meta name=\"twitter:site\" content=\"@diocesecharente\" \/>\n<meta name=\"twitter:label1\" content=\"Dur\u00e9e de lecture estim\u00e9e\" \/>\n\t<meta name=\"twitter:data1\" content=\"1 minute\" \/>\n<script type=\"application\/ld+json\" class=\"yoast-schema-graph\">{\"@context\":\"https:\/\/schema.org\",\"@graph\":[{\"@type\":\"WebPage\",\"@id\":\"https:\/\/charente.catholique.fr\/ouest-charente\/agenda\/journee-de-recollection-pour-toutes-les-femmes\/\",\"url\":\"https:\/\/charente.catholique.fr\/ouest-charente\/agenda\/journee-de-recollection-pour-toutes-les-femmes\/\",\"name\":\"Journ\u00e9e de r\u00e9collection pour toutes les femmes - Doyenn\u00e9 Ouest Charente\",\"isPartOf\":{\"@id\":\"https:\/\/charente.catholique.fr\/ouest-charente\/#website\"},\"primaryImageOfPage\":{\"@id\":\"https:\/\/charente.catholique.fr\/ouest-charente\/agenda\/journee-de-recollection-pour-toutes-les-femmes\/#primaryimage\"},\"image\":{\"@id\":\"https:\/\/charente.catholique.fr\/ouest-charente\/agenda\/journee-de-recollection-pour-toutes-les-femmes\/#primaryimage\"},\"thumbnailUrl\":\"https:\/\/charente.catholique.fr\/ouest-charente\/wp-content\/uploads\/sites\/6\/2022\/05\/bassac.jpg\",\"datePublished\":\"2022-05-18T14:45:49+00:00\",\"breadcrumb\":{\"@id\":\"https:\/\/charente.catholique.fr\/ouest-charente\/agenda\/journee-de-recollection-pour-toutes-les-femmes\/#breadcrumb\"},\"inLanguage\":\"fr-FR\",\"potentialAction\":[{\"@type\":\"ReadAction\",\"target\":[\"https:\/\/charente.catholique.fr\/ouest-charente\/agenda\/journee-de-recollection-pour-toutes-les-femmes\/\"]}]},{\"@type\":\"ImageObject\",\"inLanguage\":\"fr-FR\",\"@id\":\"https:\/\/charente.catholique.fr\/ouest-charente\/agenda\/journee-de-recollection-pour-toutes-les-femmes\/#primaryimage\",\"url\":\"https:\/\/charente.catholique.fr\/ouest-charente\/wp-content\/uploads\/sites\/6\/2022\/05\/bassac.jpg\",\"contentUrl\":\"https:\/\/charente.catholique.fr\/ouest-charente\/wp-content\/uploads\/sites\/6\/2022\/05\/bassac.jpg\",\"width\":1200,\"height\":799},{\"@type\":\"BreadcrumbList\",\"@id\":\"https:\/\/charente.catholique.fr\/ouest-charente\/agenda\/journee-de-recollection-pour-toutes-les-femmes\/#breadcrumb\",\"itemListElement\":[{\"@type\":\"ListItem\",\"position\":1,\"name\":\"Accueil\",\"item\":\"https:\/\/charente.catholique.fr\/ouest-charente\/\"},{\"@type\":\"ListItem\",\"position\":2,\"name\":\"Journ\u00e9e de r\u00e9collection pour toutes les femmes\"}]},{\"@type\":\"WebSite\",\"@id\":\"https:\/\/charente.catholique.fr\/ouest-charente\/#website\",\"url\":\"https:\/\/charente.catholique.fr\/ouest-charente\/\",\"name\":\"Doyenn\u00e9 Ouest Charente - Dioc\u00e8se d'Angoul\u00eame\",\"description\":\"Dioc\u00e8se d&#039;Angoul\u00eame\",\"publisher\":{\"@id\":\"https:\/\/charente.catholique.fr\/ouest-charente\/#organization\"},\"potentialAction\":[{\"@type\":\"SearchAction\",\"target\":{\"@type\":\"EntryPoint\",\"urlTemplate\":\"https:\/\/charente.catholique.fr\/ouest-charente\/?s={search_term_string}\"},\"query-input\":{\"@type\":\"PropertyValueSpecification\",\"valueRequired\":true,\"valueName\":\"search_term_string\"}}],\"inLanguage\":\"fr-FR\"},{\"@type\":\"Organization\",\"@id\":\"https:\/\/charente.catholique.fr\/ouest-charente\/#organization\",\"name\":\"Association dioc\u00e9saine d'Angoul\u00eame\",\"url\":\"https:\/\/charente.catholique.fr\/ouest-charente\/\",\"logo\":{\"@type\":\"ImageObject\",\"inLanguage\":\"fr-FR\",\"@id\":\"https:\/\/charente.catholique.fr\/ouest-charente\/#\/schema\/logo\/image\/\",\"url\":\"https:\/\/charente.catholique.fr\/ouest-charente\/wp-content\/uploads\/sites\/6\/2020\/10\/logos.png\",\"contentUrl\":\"https:\/\/charente.catholique.fr\/ouest-charente\/wp-content\/uploads\/sites\/6\/2020\/10\/logos.png\",\"width\":600,\"height\":257,\"caption\":\"Association dioc\u00e9saine d'Angoul\u00eame\"},\"image\":{\"@id\":\"https:\/\/charente.catholique.fr\/ouest-charente\/#\/schema\/logo\/image\/\"},\"sameAs\":[\"https:\/\/www.facebook.com\/EgliseCatholiqueCharente\",\"https:\/\/x.com\/diocesecharente\",\"https:\/\/www.instagram.com\/eglisecharente\",\"https:\/\/www.youtube.com\/channel\/UCByyFWApZbw3gDTiADoiAaQ\"]}]}<\/script>\n<!-- \/ Yoast SEO plugin. -->","yoast_head_json":{"title":"Journ\u00e9e de r\u00e9collection pour toutes les femmes - Doyenn\u00e9 Ouest Charente","robots":{"index":"index","follow":"follow","max-snippet":"max-snippet:-1","max-image-preview":"max-image-preview:large","max-video-preview":"max-video-preview:-1"},"canonical":"https:\/\/charente.catholique.fr\/ouest-charente\/agenda\/journee-de-recollection-pour-toutes-les-femmes\/","og_locale":"fr_FR","og_type":"article","og_title":"Journ\u00e9e de r\u00e9collection pour toutes les femmes - Doyenn\u00e9 Ouest Charente","og_description":"&#8220;Femmes, je vous aime&#8221; L&#8217;Abbaye de Bassac vous propose un temps pour (re)d\u00e9couvrir &#8220;Le regard de Dieu sur les femmes&#8221; avec l&#8217;intervention du p\u00e8re Patrick Semp\u00e8re et la Communaut\u00e9, Arnaud Le Tanneur, praticien Vittoz Un temps pour Dieu Un temps pour soi Un temps pour les autres Repas tir\u00e9 du sac (caf\u00e9 offert). Participation aux [&hellip;]","og_url":"https:\/\/charente.catholique.fr\/ouest-charente\/agenda\/journee-de-recollection-pour-toutes-les-femmes\/","og_site_name":"Doyenn\u00e9 Ouest Charente","article_publisher":"https:\/\/www.facebook.com\/EgliseCatholiqueCharente","og_image":[{"width":1200,"height":799,"url":"https:\/\/charente.catholique.fr\/ouest-charente\/wp-content\/uploads\/sites\/6\/2022\/05\/bassac.jpg","type":"image\/jpeg"}],"twitter_card":"summary_large_image","twitter_site":"@diocesecharente","twitter_misc":{"Dur\u00e9e de lecture estim\u00e9e":"1 minute"},"schema":{"@context":"https:\/\/schema.org","@graph":[{"@type":"WebPage","@id":"https:\/\/charente.catholique.fr\/ouest-charente\/agenda\/journee-de-recollection-pour-toutes-les-femmes\/","url":"https:\/\/charente.catholique.fr\/ouest-charente\/agenda\/journee-de-recollection-pour-toutes-les-femmes\/","name":"Journ\u00e9e de r\u00e9collection pour toutes les femmes - Doyenn\u00e9 Ouest Charente","isPartOf":{"@id":"https:\/\/charente.catholique.fr\/ouest-charente\/#website"},"primaryImageOfPage":{"@id":"https:\/\/charente.catholique.fr\/ouest-charente\/agenda\/journee-de-recollection-pour-toutes-les-femmes\/#primaryimage"},"image":{"@id":"https:\/\/charente.catholique.fr\/ouest-charente\/agenda\/journee-de-recollection-pour-toutes-les-femmes\/#primaryimage"},"thumbnailUrl":"https:\/\/charente.catholique.fr\/ouest-charente\/wp-content\/uploads\/sites\/6\/2022\/05\/bassac.jpg","datePublished":"2022-05-18T14:45:49+00:00","breadcrumb":{"@id":"https:\/\/charente.catholique.fr\/ouest-charente\/agenda\/journee-de-recollection-pour-toutes-les-femmes\/#breadcrumb"},"inLanguage":"fr-FR","potentialAction":[{"@type":"ReadAction","target":["https:\/\/charente.catholique.fr\/ouest-charente\/agenda\/journee-de-recollection-pour-toutes-les-femmes\/"]}]},{"@type":"ImageObject","inLanguage":"fr-FR","@id":"https:\/\/charente.catholique.fr\/ouest-charente\/agenda\/journee-de-recollection-pour-toutes-les-femmes\/#primaryimage","url":"https:\/\/charente.catholique.fr\/ouest-charente\/wp-content\/uploads\/sites\/6\/2022\/05\/bassac.jpg","contentUrl":"https:\/\/charente.catholique.fr\/ouest-charente\/wp-content\/uploads\/sites\/6\/2022\/05\/bassac.jpg","width":1200,"height":799},{"@type":"BreadcrumbList","@id":"https:\/\/charente.catholique.fr\/ouest-charente\/agenda\/journee-de-recollection-pour-toutes-les-femmes\/#breadcrumb","itemListElement":[{"@type":"ListItem","position":1,"name":"Accueil","item":"https:\/\/charente.catholique.fr\/ouest-charente\/"},{"@type":"ListItem","position":2,"name":"Journ\u00e9e de r\u00e9collection pour toutes les femmes"}]},{"@type":"WebSite","@id":"https:\/\/charente.catholique.fr\/ouest-charente\/#website","url":"https:\/\/charente.catholique.fr\/ouest-charente\/","name":"Doyenn\u00e9 Ouest Charente - Dioc\u00e8se d'Angoul\u00eame","description":"Dioc\u00e8se d&#039;Angoul\u00eame","publisher":{"@id":"https:\/\/charente.catholique.fr\/ouest-charente\/#organization"},"potentialAction":[{"@type":"SearchAction","target":{"@type":"EntryPoint","urlTemplate":"https:\/\/charente.catholique.fr\/ouest-charente\/?s={search_term_string}"},"query-input":{"@type":"PropertyValueSpecification","valueRequired":true,"valueName":"search_term_string"}}],"inLanguage":"fr-FR"},{"@type":"Organization","@id":"https:\/\/charente.catholique.fr\/ouest-charente\/#organization","name":"Association dioc\u00e9saine d'Angoul\u00eame","url":"https:\/\/charente.catholique.fr\/ouest-charente\/","logo":{"@type":"ImageObject","inLanguage":"fr-FR","@id":"https:\/\/charente.catholique.fr\/ouest-charente\/#\/schema\/logo\/image\/","url":"https:\/\/charente.catholique.fr\/ouest-charente\/wp-content\/uploads\/sites\/6\/2020\/10\/logos.png","contentUrl":"https:\/\/charente.catholique.fr\/ouest-charente\/wp-content\/uploads\/sites\/6\/2020\/10\/logos.png","width":600,"height":257,"caption":"Association dioc\u00e9saine d'Angoul\u00eame"},"image":{"@id":"https:\/\/charente.catholique.fr\/ouest-charente\/#\/schema\/logo\/image\/"},"sameAs":["https:\/\/www.facebook.com\/EgliseCatholiqueCharente","https:\/\/x.com\/diocesecharente","https:\/\/www.instagram.com\/eglisecharente","https:\/\/www.youtube.com\/channel\/UCByyFWApZbw3gDTiADoiAaQ"]}]}},"_links":{"self":[{"href":"https:\/\/charente.catholique.fr\/ouest-charente\/wp-json\/wp\/v2\/evenement\/7733","targetHints":{"allow":["GET"]}}],"collection":[{"href":"https:\/\/charente.catholique.fr\/ouest-charente\/wp-json\/wp\/v2\/evenement"}],"about":[{"href":"https:\/\/charente.catholique.fr\/ouest-charente\/wp-json\/wp\/v2\/types\/evenement"}],"author":[{"embeddable":true,"href":"https:\/\/charente.catholique.fr\/ouest-charente\/wp-json\/wp\/v2\/users\/5"}],"version-history":[{"count":10,"href":"https:\/\/charente.catholique.fr\/ouest-charente\/wp-json\/wp\/v2\/evenement\/7733\/revisions"}],"predecessor-version":[{"id":7840,"href":"https:\/\/charente.catholique.fr\/ouest-charente\/wp-json\/wp\/v2\/evenement\/7733\/revisions\/7840"}],"wp:featuredmedia":[{"embeddable":true,"href":"https:\/\/charente.catholique.fr\/ouest-charente\/wp-json\/wp\/v2\/media\/7833"}],"wp:attachment":[{"href":"https:\/\/charente.catholique.fr\/ouest-charente\/wp-json\/wp\/v2\/media?parent=7733"}],"wp:term":[{"taxonomy":"category","embeddable":true,"href":"https:\/\/charente.catholique.fr\/ouest-charente\/wp-json\/wp\/v2\/categories?post=7733"},{"taxonomy":"post_tag","embeddable":true,"href":"https:\/\/charente.catholique.fr\/ouest-charente\/wp-json\/wp\/v2\/tags?post=7733"}],"curies":[{"name":"wp","href":"https:\/\/api.w.org\/{rel}","templated":true}]}}