{"id":39410,"date":"2026-01-26T16:16:24","date_gmt":"2026-01-26T15:16:24","guid":{"rendered":"https:\/\/charente.catholique.fr\/ouest-charente\/?post_type=evenement&#038;p=39410"},"modified":"2026-02-06T08:52:55","modified_gmt":"2026-02-06T07:52:55","slug":"conference-de-careme-2026","status":"publish","type":"evenement","link":"https:\/\/charente.catholique.fr\/ouest-charente\/agenda\/conference-de-careme-2026\/","title":{"rendered":"Conf\u00e9rence de Car\u00eame 2026 : Avec Sainte Th\u00e9r\u00e8se de Lisieux"},"content":{"rendered":"\n<p><br>Accueillir, accompagner et int\u00e9grer les plus fragiles qui frappent \u00e0 la porte de nos communaut\u00e9s<\/p>\n\n\n\n<p><strong>22 f\u00e9vrier 2026 : <br><\/strong><em>P\u00e8re Patrick Sempere<\/em><br><strong>Avec Sainte Th\u00e9r\u00e8se de Lisieux : faire de sa pauvret\u00e9 un chemin de confiance<\/strong><\/p>\n\n\n\n<p>Nous percevons souvent nos pauvret\u00e9s et nos fragilit\u00e9s comme un frein pour marcher vers le Seigneur. Sainte Th\u00e9r\u00e8se de Lisieux, au contraire, y voit une voie royale pour aller \u00e0 sa rencontre.<\/p>\n\n\n\n<p>\u00c0 travers son t\u00e9moignage spirituel, cette conf\u00e9rence nous invite \u00e0 accueillir nos limites, \u00e0 les aimer m\u00eame, pour les transformer en un chemin de confiance et d\u2019abandon entre les mains de Dieu.<\/p>\n\n\n\n<blockquote class=\"wp-block-quote is-layout-flow wp-block-quote-is-layout-flow\">\n<p>\u00ab Ce qui pla\u00eet au Bon Dieu, c\u2019est de me voir aimer ma petitesse et ma pauvret\u00e9, c\u2019est l\u2019esp\u00e9rance aveugle que j\u2019ai en sa mis\u00e9ricorde. Voil\u00e0 mon seul tr\u00e9sor. \u00bb<br><em>Sainte Th\u00e9r\u00e8se de Lisieux<\/em><\/p>\n<\/blockquote>\n\n\n\n<div class=\"wp-block-group has-blanc-color has-ouest-charente-background-color has-text-color has-background has-link-color wp-elements-5e52a378213c7a4b8fb0241ca5c85f25\" style=\"margin-top:var(--wp--preset--spacing--40);margin-bottom:var(--wp--preset--spacing--40);padding-top:var(--wp--preset--spacing--30);padding-right:var(--wp--preset--spacing--30);padding-bottom:var(--wp--preset--spacing--30);padding-left:var(--wp--preset--spacing--30)\"><div class=\"wp-block-group__inner-container is-layout-constrained wp-container-core-group-is-layout-8d6f9a40 wp-block-group-is-layout-constrained\">\n<p><strong>Horaires  :<\/strong> 16h : conf\u00e9rence suivie d\u2019un temps d\u2019\u00e9change \/ 17h : adoration eucharistique et confessions<br><strong>Lieu :<\/strong> Chapelle du clo\u00eetre \u00e0 l&#8217;Abbaye de Bassac<br><strong>Participation financi\u00e8re :<\/strong> libre (don possible pour la communaut\u00e9)<br><strong>Contact :<\/strong> <a>communaute@abbaye-de-bassac.com<\/a><\/p>\n<\/div><\/div>\n\n\n<div class=\"wp-block-image\">\n<figure class=\"aligncenter size-large\"><img loading=\"lazy\" decoding=\"async\" width=\"764\" height=\"1080\" src=\"https:\/\/charente.catholique.fr\/ouest-charente\/wp-content\/uploads\/sites\/6\/2026\/01\/Conference-Careme-Bassac-2-764x1080.png\" alt=\"\" class=\"wp-image-39414\" srcset=\"https:\/\/charente.catholique.fr\/ouest-charente\/wp-content\/uploads\/sites\/6\/2026\/01\/Conference-Careme-Bassac-2-764x1080.png 764w, https:\/\/charente.catholique.fr\/ouest-charente\/wp-content\/uploads\/sites\/6\/2026\/01\/Conference-Careme-Bassac-2-212x300.png 212w, https:\/\/charente.catholique.fr\/ouest-charente\/wp-content\/uploads\/sites\/6\/2026\/01\/Conference-Careme-Bassac-2-768x1086.png 768w, https:\/\/charente.catholique.fr\/ouest-charente\/wp-content\/uploads\/sites\/6\/2026\/01\/Conference-Careme-Bassac-2-1086x1536.png 1086w, https:\/\/charente.catholique.fr\/ouest-charente\/wp-content\/uploads\/sites\/6\/2026\/01\/Conference-Careme-Bassac-2-1320x1867.png 1320w, https:\/\/charente.catholique.fr\/ouest-charente\/wp-content\/uploads\/sites\/6\/2026\/01\/Conference-Careme-Bassac-2.png 1414w\" sizes=\"auto, (max-width: 764px) 100vw, 764px\" \/><\/figure>\n<\/div>\n\n\n<p><\/p>\n","protected":false},"author":3,"featured_media":39405,"template":"","meta":{"_acf_changed":false,"paroisse":["18"],"service":["0"],"footnotes":""},"categories":[],"tags":[],"class_list":["post-39410","evenement","type-evenement","status-publish","has-post-thumbnail","hentry","validated"],"acf":{"start_date":"2026-02-22 16:00:00","end_date":"","location":"Abbaye de Bassac","address":null},"yoast_head":"<!-- This site is optimized with the Yoast SEO plugin v27.1.1 - https:\/\/yoast.com\/product\/yoast-seo-wordpress\/ -->\n<title>Conf\u00e9rence de Car\u00eame 2026 : Avec Sainte Th\u00e9r\u00e8se de Lisieux - Doyenn\u00e9 Ouest Charente<\/title>\n<meta name=\"robots\" content=\"index, follow, max-snippet:-1, max-image-preview:large, max-video-preview:-1\" \/>\n<link rel=\"canonical\" href=\"https:\/\/charente.catholique.fr\/ouest-charente\/agenda\/conference-de-careme-2026\/\" \/>\n<meta property=\"og:locale\" content=\"fr_FR\" \/>\n<meta property=\"og:type\" content=\"article\" \/>\n<meta property=\"og:title\" content=\"Conf\u00e9rence de Car\u00eame 2026 : Avec Sainte Th\u00e9r\u00e8se de Lisieux - Doyenn\u00e9 Ouest Charente\" \/>\n<meta property=\"og:description\" content=\"Accueillir, accompagner et int\u00e9grer les plus fragiles qui frappent \u00e0 la porte de nos communaut\u00e9s 22 f\u00e9vrier 2026 : P\u00e8re Patrick SempereAvec Sainte Th\u00e9r\u00e8se de Lisieux : faire de sa pauvret\u00e9 un chemin de confiance Nous percevons souvent nos pauvret\u00e9s et nos fragilit\u00e9s comme un frein pour marcher vers le Seigneur. Sainte Th\u00e9r\u00e8se de Lisieux, [&hellip;]\" \/>\n<meta property=\"og:url\" content=\"https:\/\/charente.catholique.fr\/ouest-charente\/agenda\/conference-de-careme-2026\/\" \/>\n<meta property=\"og:site_name\" content=\"Doyenn\u00e9 Ouest Charente\" \/>\n<meta property=\"article:publisher\" content=\"https:\/\/www.facebook.com\/EgliseCatholiqueCharente\" \/>\n<meta property=\"article:modified_time\" content=\"2026-02-06T07:52:55+00:00\" \/>\n<meta property=\"og:image\" content=\"https:\/\/charente.catholique.fr\/ouest-charente\/wp-content\/uploads\/sites\/6\/2026\/01\/conference-careme-bassac-1.png\" \/>\n\t<meta property=\"og:image:width\" content=\"851\" \/>\n\t<meta property=\"og:image:height\" content=\"250\" \/>\n\t<meta property=\"og:image:type\" content=\"image\/png\" \/>\n<meta name=\"twitter:card\" content=\"summary_large_image\" \/>\n<meta name=\"twitter:site\" content=\"@diocesecharente\" \/>\n<meta name=\"twitter:label1\" content=\"Dur\u00e9e de lecture estim\u00e9e\" \/>\n\t<meta name=\"twitter:data1\" content=\"2 minutes\" \/>\n<script type=\"application\/ld+json\" class=\"yoast-schema-graph\">{\"@context\":\"https:\/\/schema.org\",\"@graph\":[{\"@type\":\"WebPage\",\"@id\":\"https:\/\/charente.catholique.fr\/ouest-charente\/agenda\/conference-de-careme-2026\/\",\"url\":\"https:\/\/charente.catholique.fr\/ouest-charente\/agenda\/conference-de-careme-2026\/\",\"name\":\"Conf\u00e9rence de Car\u00eame 2026 : Avec Sainte Th\u00e9r\u00e8se de Lisieux - Doyenn\u00e9 Ouest Charente\",\"isPartOf\":{\"@id\":\"https:\/\/charente.catholique.fr\/ouest-charente\/#website\"},\"primaryImageOfPage\":{\"@id\":\"https:\/\/charente.catholique.fr\/ouest-charente\/agenda\/conference-de-careme-2026\/#primaryimage\"},\"image\":{\"@id\":\"https:\/\/charente.catholique.fr\/ouest-charente\/agenda\/conference-de-careme-2026\/#primaryimage\"},\"thumbnailUrl\":\"https:\/\/charente.catholique.fr\/ouest-charente\/wp-content\/uploads\/sites\/6\/2026\/01\/conference-careme-bassac-1.png\",\"datePublished\":\"2026-01-26T15:16:24+00:00\",\"dateModified\":\"2026-02-06T07:52:55+00:00\",\"breadcrumb\":{\"@id\":\"https:\/\/charente.catholique.fr\/ouest-charente\/agenda\/conference-de-careme-2026\/#breadcrumb\"},\"inLanguage\":\"fr-FR\",\"potentialAction\":[{\"@type\":\"ReadAction\",\"target\":[\"https:\/\/charente.catholique.fr\/ouest-charente\/agenda\/conference-de-careme-2026\/\"]}]},{\"@type\":\"ImageObject\",\"inLanguage\":\"fr-FR\",\"@id\":\"https:\/\/charente.catholique.fr\/ouest-charente\/agenda\/conference-de-careme-2026\/#primaryimage\",\"url\":\"https:\/\/charente.catholique.fr\/ouest-charente\/wp-content\/uploads\/sites\/6\/2026\/01\/conference-careme-bassac-1.png\",\"contentUrl\":\"https:\/\/charente.catholique.fr\/ouest-charente\/wp-content\/uploads\/sites\/6\/2026\/01\/conference-careme-bassac-1.png\",\"width\":851,\"height\":250},{\"@type\":\"BreadcrumbList\",\"@id\":\"https:\/\/charente.catholique.fr\/ouest-charente\/agenda\/conference-de-careme-2026\/#breadcrumb\",\"itemListElement\":[{\"@type\":\"ListItem\",\"position\":1,\"name\":\"Accueil\",\"item\":\"https:\/\/charente.catholique.fr\/ouest-charente\/\"},{\"@type\":\"ListItem\",\"position\":2,\"name\":\"Conf\u00e9rence de Car\u00eame 2026 : Avec Sainte Th\u00e9r\u00e8se de Lisieux\"}]},{\"@type\":\"WebSite\",\"@id\":\"https:\/\/charente.catholique.fr\/ouest-charente\/#website\",\"url\":\"https:\/\/charente.catholique.fr\/ouest-charente\/\",\"name\":\"Doyenn\u00e9 Ouest Charente - Dioc\u00e8se d'Angoul\u00eame\",\"description\":\"Dioc\u00e8se d&#039;Angoul\u00eame\",\"publisher\":{\"@id\":\"https:\/\/charente.catholique.fr\/ouest-charente\/#organization\"},\"potentialAction\":[{\"@type\":\"SearchAction\",\"target\":{\"@type\":\"EntryPoint\",\"urlTemplate\":\"https:\/\/charente.catholique.fr\/ouest-charente\/?s={search_term_string}\"},\"query-input\":{\"@type\":\"PropertyValueSpecification\",\"valueRequired\":true,\"valueName\":\"search_term_string\"}}],\"inLanguage\":\"fr-FR\"},{\"@type\":\"Organization\",\"@id\":\"https:\/\/charente.catholique.fr\/ouest-charente\/#organization\",\"name\":\"Association dioc\u00e9saine d'Angoul\u00eame\",\"url\":\"https:\/\/charente.catholique.fr\/ouest-charente\/\",\"logo\":{\"@type\":\"ImageObject\",\"inLanguage\":\"fr-FR\",\"@id\":\"https:\/\/charente.catholique.fr\/ouest-charente\/#\/schema\/logo\/image\/\",\"url\":\"https:\/\/charente.catholique.fr\/ouest-charente\/wp-content\/uploads\/sites\/6\/2020\/10\/logos.png\",\"contentUrl\":\"https:\/\/charente.catholique.fr\/ouest-charente\/wp-content\/uploads\/sites\/6\/2020\/10\/logos.png\",\"width\":600,\"height\":257,\"caption\":\"Association dioc\u00e9saine d'Angoul\u00eame\"},\"image\":{\"@id\":\"https:\/\/charente.catholique.fr\/ouest-charente\/#\/schema\/logo\/image\/\"},\"sameAs\":[\"https:\/\/www.facebook.com\/EgliseCatholiqueCharente\",\"https:\/\/x.com\/diocesecharente\",\"https:\/\/www.instagram.com\/eglisecharente\",\"https:\/\/www.youtube.com\/channel\/UCByyFWApZbw3gDTiADoiAaQ\"]}]}<\/script>\n<!-- \/ Yoast SEO plugin. -->","yoast_head_json":{"title":"Conf\u00e9rence de Car\u00eame 2026 : Avec Sainte Th\u00e9r\u00e8se de Lisieux - Doyenn\u00e9 Ouest Charente","robots":{"index":"index","follow":"follow","max-snippet":"max-snippet:-1","max-image-preview":"max-image-preview:large","max-video-preview":"max-video-preview:-1"},"canonical":"https:\/\/charente.catholique.fr\/ouest-charente\/agenda\/conference-de-careme-2026\/","og_locale":"fr_FR","og_type":"article","og_title":"Conf\u00e9rence de Car\u00eame 2026 : Avec Sainte Th\u00e9r\u00e8se de Lisieux - Doyenn\u00e9 Ouest Charente","og_description":"Accueillir, accompagner et int\u00e9grer les plus fragiles qui frappent \u00e0 la porte de nos communaut\u00e9s 22 f\u00e9vrier 2026 : P\u00e8re Patrick SempereAvec Sainte Th\u00e9r\u00e8se de Lisieux : faire de sa pauvret\u00e9 un chemin de confiance Nous percevons souvent nos pauvret\u00e9s et nos fragilit\u00e9s comme un frein pour marcher vers le Seigneur. Sainte Th\u00e9r\u00e8se de Lisieux, [&hellip;]","og_url":"https:\/\/charente.catholique.fr\/ouest-charente\/agenda\/conference-de-careme-2026\/","og_site_name":"Doyenn\u00e9 Ouest Charente","article_publisher":"https:\/\/www.facebook.com\/EgliseCatholiqueCharente","article_modified_time":"2026-02-06T07:52:55+00:00","og_image":[{"width":851,"height":250,"url":"https:\/\/charente.catholique.fr\/ouest-charente\/wp-content\/uploads\/sites\/6\/2026\/01\/conference-careme-bassac-1.png","type":"image\/png"}],"twitter_card":"summary_large_image","twitter_site":"@diocesecharente","twitter_misc":{"Dur\u00e9e de lecture estim\u00e9e":"2 minutes"},"schema":{"@context":"https:\/\/schema.org","@graph":[{"@type":"WebPage","@id":"https:\/\/charente.catholique.fr\/ouest-charente\/agenda\/conference-de-careme-2026\/","url":"https:\/\/charente.catholique.fr\/ouest-charente\/agenda\/conference-de-careme-2026\/","name":"Conf\u00e9rence de Car\u00eame 2026 : Avec Sainte Th\u00e9r\u00e8se de Lisieux - Doyenn\u00e9 Ouest Charente","isPartOf":{"@id":"https:\/\/charente.catholique.fr\/ouest-charente\/#website"},"primaryImageOfPage":{"@id":"https:\/\/charente.catholique.fr\/ouest-charente\/agenda\/conference-de-careme-2026\/#primaryimage"},"image":{"@id":"https:\/\/charente.catholique.fr\/ouest-charente\/agenda\/conference-de-careme-2026\/#primaryimage"},"thumbnailUrl":"https:\/\/charente.catholique.fr\/ouest-charente\/wp-content\/uploads\/sites\/6\/2026\/01\/conference-careme-bassac-1.png","datePublished":"2026-01-26T15:16:24+00:00","dateModified":"2026-02-06T07:52:55+00:00","breadcrumb":{"@id":"https:\/\/charente.catholique.fr\/ouest-charente\/agenda\/conference-de-careme-2026\/#breadcrumb"},"inLanguage":"fr-FR","potentialAction":[{"@type":"ReadAction","target":["https:\/\/charente.catholique.fr\/ouest-charente\/agenda\/conference-de-careme-2026\/"]}]},{"@type":"ImageObject","inLanguage":"fr-FR","@id":"https:\/\/charente.catholique.fr\/ouest-charente\/agenda\/conference-de-careme-2026\/#primaryimage","url":"https:\/\/charente.catholique.fr\/ouest-charente\/wp-content\/uploads\/sites\/6\/2026\/01\/conference-careme-bassac-1.png","contentUrl":"https:\/\/charente.catholique.fr\/ouest-charente\/wp-content\/uploads\/sites\/6\/2026\/01\/conference-careme-bassac-1.png","width":851,"height":250},{"@type":"BreadcrumbList","@id":"https:\/\/charente.catholique.fr\/ouest-charente\/agenda\/conference-de-careme-2026\/#breadcrumb","itemListElement":[{"@type":"ListItem","position":1,"name":"Accueil","item":"https:\/\/charente.catholique.fr\/ouest-charente\/"},{"@type":"ListItem","position":2,"name":"Conf\u00e9rence de Car\u00eame 2026 : Avec Sainte Th\u00e9r\u00e8se de Lisieux"}]},{"@type":"WebSite","@id":"https:\/\/charente.catholique.fr\/ouest-charente\/#website","url":"https:\/\/charente.catholique.fr\/ouest-charente\/","name":"Doyenn\u00e9 Ouest Charente - Dioc\u00e8se d'Angoul\u00eame","description":"Dioc\u00e8se d&#039;Angoul\u00eame","publisher":{"@id":"https:\/\/charente.catholique.fr\/ouest-charente\/#organization"},"potentialAction":[{"@type":"SearchAction","target":{"@type":"EntryPoint","urlTemplate":"https:\/\/charente.catholique.fr\/ouest-charente\/?s={search_term_string}"},"query-input":{"@type":"PropertyValueSpecification","valueRequired":true,"valueName":"search_term_string"}}],"inLanguage":"fr-FR"},{"@type":"Organization","@id":"https:\/\/charente.catholique.fr\/ouest-charente\/#organization","name":"Association dioc\u00e9saine d'Angoul\u00eame","url":"https:\/\/charente.catholique.fr\/ouest-charente\/","logo":{"@type":"ImageObject","inLanguage":"fr-FR","@id":"https:\/\/charente.catholique.fr\/ouest-charente\/#\/schema\/logo\/image\/","url":"https:\/\/charente.catholique.fr\/ouest-charente\/wp-content\/uploads\/sites\/6\/2020\/10\/logos.png","contentUrl":"https:\/\/charente.catholique.fr\/ouest-charente\/wp-content\/uploads\/sites\/6\/2020\/10\/logos.png","width":600,"height":257,"caption":"Association dioc\u00e9saine d'Angoul\u00eame"},"image":{"@id":"https:\/\/charente.catholique.fr\/ouest-charente\/#\/schema\/logo\/image\/"},"sameAs":["https:\/\/www.facebook.com\/EgliseCatholiqueCharente","https:\/\/x.com\/diocesecharente","https:\/\/www.instagram.com\/eglisecharente","https:\/\/www.youtube.com\/channel\/UCByyFWApZbw3gDTiADoiAaQ"]}]}},"_links":{"self":[{"href":"https:\/\/charente.catholique.fr\/ouest-charente\/wp-json\/wp\/v2\/evenement\/39410","targetHints":{"allow":["GET"]}}],"collection":[{"href":"https:\/\/charente.catholique.fr\/ouest-charente\/wp-json\/wp\/v2\/evenement"}],"about":[{"href":"https:\/\/charente.catholique.fr\/ouest-charente\/wp-json\/wp\/v2\/types\/evenement"}],"author":[{"embeddable":true,"href":"https:\/\/charente.catholique.fr\/ouest-charente\/wp-json\/wp\/v2\/users\/3"}],"version-history":[{"count":3,"href":"https:\/\/charente.catholique.fr\/ouest-charente\/wp-json\/wp\/v2\/evenement\/39410\/revisions"}],"predecessor-version":[{"id":39415,"href":"https:\/\/charente.catholique.fr\/ouest-charente\/wp-json\/wp\/v2\/evenement\/39410\/revisions\/39415"}],"wp:featuredmedia":[{"embeddable":true,"href":"https:\/\/charente.catholique.fr\/ouest-charente\/wp-json\/wp\/v2\/media\/39405"}],"wp:attachment":[{"href":"https:\/\/charente.catholique.fr\/ouest-charente\/wp-json\/wp\/v2\/media?parent=39410"}],"wp:term":[{"taxonomy":"category","embeddable":true,"href":"https:\/\/charente.catholique.fr\/ouest-charente\/wp-json\/wp\/v2\/categories?post=39410"},{"taxonomy":"post_tag","embeddable":true,"href":"https:\/\/charente.catholique.fr\/ouest-charente\/wp-json\/wp\/v2\/tags?post=39410"}],"curies":[{"name":"wp","href":"https:\/\/api.w.org\/{rel}","templated":true}]}}