{"id":39298,"date":"2026-01-15T20:47:39","date_gmt":"2026-01-15T19:47:39","guid":{"rendered":"https:\/\/charente.catholique.fr\/ouest-charente\/?post_type=evenement&#038;p=39298"},"modified":"2026-03-04T19:24:34","modified_gmt":"2026-03-04T18:24:34","slug":"soiree-louanges-pour-la-saint-vivien","status":"publish","type":"evenement","link":"https:\/\/charente.catholique.fr\/ouest-charente\/agenda\/soiree-louanges-pour-la-saint-vivien\/","title":{"rendered":"Soir\u00e9e Louanges Mardi 10 mars 2026"},"content":{"rendered":"\n<blockquote class=\"wp-block-quote is-layout-flow wp-block-quote-is-layout-flow\">\n<p>Car ta bont\u00e9 vaut mieux que la vie. Mes l\u00e8vres c\u00e9l\u00e8brent tes louanges. Ainsi je te b\u00e9nirai toute ma vie, je l\u00e8verai mes mains en faisant appel \u00e0 toi.<\/p>\n\n\n\n<p><a href=\"https:\/\/dailyverses.net\/fr\/psaumes\/63\/4-5\">Psaume 63:4-5<\/a><\/p>\n<\/blockquote>\n\n\n\n<p><strong><em>Les soir\u00e9es Louanges reprennent dans la paroisse&nbsp;sous la direction du P\u00e8re Pierre-Marie Robert.<\/em><\/strong><\/p>\n\n\n\n<p><strong><em>Pri\u00e8res &amp; chants dans la joie en faisant appel \u00e0 l\u2019Esprit Saint&nbsp;! Vous y \u00eates tous fraternellement invit\u00e9s.<\/em><\/strong><\/p>\n\n\n\n<p>Nous ferons appel \u00e0 tous les talents pour l\u2019organisation de ces soir\u00e9es. Nous comptons sur votre pr\u00e9sence d\u00e8s le mardi 10 mars \u00e020h30. Nous aurons l\u2019occasion d\u2019en reparler\u00a0! D\u00e8s maintenant, pensons \u00e0 l\u2019animation et au mat\u00e9riel comme les temps et pri\u00e8res rythmant la soir\u00e9e.<\/p>\n\n\n\n<p><\/p>\n\n\n\n<p><\/p>\n","protected":false},"author":64,"featured_media":30573,"template":"","meta":{"_acf_changed":false,"paroisse":["23"],"service":["0"],"footnotes":""},"categories":[68],"tags":[],"class_list":["post-39298","evenement","type-evenement","status-publish","has-post-thumbnail","hentry","category-notre-dame-des-borderies"],"acf":{"start_date":"2026-03-10 00:00:00","end_date":"","location":"Saint-Vivien de Cherves","address":{"address":"Val-de-Cognac, France","lat":45.7431968,"lng":-0.3514497,"zoom":14,"place_id":"ChIJyb3TnwryAEgRtnuxigL4COI","name":"Val-de-Cognac","city":"Val-de-Cognac","state":"Nouvelle-Aquitaine","post_code":16370,"country":"France","country_short":"FR"}},"yoast_head":"<!-- This site is optimized with the Yoast SEO plugin v27.1.1 - https:\/\/yoast.com\/product\/yoast-seo-wordpress\/ -->\n<title>Soir\u00e9e Louanges Mardi 10 mars 2026 - Doyenn\u00e9 Ouest Charente<\/title>\n<meta name=\"robots\" content=\"index, follow, max-snippet:-1, max-image-preview:large, max-video-preview:-1\" \/>\n<link rel=\"canonical\" href=\"https:\/\/charente.catholique.fr\/ouest-charente\/agenda\/soiree-louanges-pour-la-saint-vivien\/\" \/>\n<meta property=\"og:locale\" content=\"fr_FR\" \/>\n<meta property=\"og:type\" content=\"article\" \/>\n<meta property=\"og:title\" content=\"Soir\u00e9e Louanges Mardi 10 mars 2026 - Doyenn\u00e9 Ouest Charente\" \/>\n<meta property=\"og:description\" content=\"Car ta bont\u00e9 vaut mieux que la vie. Mes l\u00e8vres c\u00e9l\u00e8brent tes louanges. Ainsi je te b\u00e9nirai toute ma vie, je l\u00e8verai mes mains en faisant appel \u00e0 toi. Psaume 63:4-5 Les soir\u00e9es Louanges reprennent dans la paroisse&nbsp;sous la direction du P\u00e8re Pierre-Marie Robert. Pri\u00e8res &amp; chants dans la joie en faisant appel \u00e0 l\u2019Esprit [&hellip;]\" \/>\n<meta property=\"og:url\" content=\"https:\/\/charente.catholique.fr\/ouest-charente\/agenda\/soiree-louanges-pour-la-saint-vivien\/\" \/>\n<meta property=\"og:site_name\" content=\"Doyenn\u00e9 Ouest Charente\" \/>\n<meta property=\"article:publisher\" content=\"https:\/\/www.facebook.com\/EgliseCatholiqueCharente\" \/>\n<meta property=\"article:modified_time\" content=\"2026-03-04T18:24:34+00:00\" \/>\n<meta property=\"og:image\" content=\"https:\/\/charente.catholique.fr\/ouest-charente\/wp-content\/uploads\/sites\/6\/2023\/05\/esprit-saint.jpg\" \/>\n\t<meta property=\"og:image:width\" content=\"528\" \/>\n\t<meta property=\"og:image:height\" content=\"475\" \/>\n\t<meta property=\"og:image:type\" content=\"image\/jpeg\" \/>\n<meta name=\"twitter:card\" content=\"summary_large_image\" \/>\n<meta name=\"twitter:site\" content=\"@diocesecharente\" \/>\n<meta name=\"twitter:label1\" content=\"Dur\u00e9e de lecture estim\u00e9e\" \/>\n\t<meta name=\"twitter:data1\" content=\"1 minute\" \/>\n<script type=\"application\/ld+json\" class=\"yoast-schema-graph\">{\"@context\":\"https:\/\/schema.org\",\"@graph\":[{\"@type\":\"WebPage\",\"@id\":\"https:\/\/charente.catholique.fr\/ouest-charente\/agenda\/soiree-louanges-pour-la-saint-vivien\/\",\"url\":\"https:\/\/charente.catholique.fr\/ouest-charente\/agenda\/soiree-louanges-pour-la-saint-vivien\/\",\"name\":\"Soir\u00e9e Louanges Mardi 10 mars 2026 - Doyenn\u00e9 Ouest Charente\",\"isPartOf\":{\"@id\":\"https:\/\/charente.catholique.fr\/ouest-charente\/#website\"},\"primaryImageOfPage\":{\"@id\":\"https:\/\/charente.catholique.fr\/ouest-charente\/agenda\/soiree-louanges-pour-la-saint-vivien\/#primaryimage\"},\"image\":{\"@id\":\"https:\/\/charente.catholique.fr\/ouest-charente\/agenda\/soiree-louanges-pour-la-saint-vivien\/#primaryimage\"},\"thumbnailUrl\":\"https:\/\/charente.catholique.fr\/ouest-charente\/wp-content\/uploads\/sites\/6\/2023\/05\/esprit-saint.jpg\",\"datePublished\":\"2026-01-15T19:47:39+00:00\",\"dateModified\":\"2026-03-04T18:24:34+00:00\",\"breadcrumb\":{\"@id\":\"https:\/\/charente.catholique.fr\/ouest-charente\/agenda\/soiree-louanges-pour-la-saint-vivien\/#breadcrumb\"},\"inLanguage\":\"fr-FR\",\"potentialAction\":[{\"@type\":\"ReadAction\",\"target\":[\"https:\/\/charente.catholique.fr\/ouest-charente\/agenda\/soiree-louanges-pour-la-saint-vivien\/\"]}]},{\"@type\":\"ImageObject\",\"inLanguage\":\"fr-FR\",\"@id\":\"https:\/\/charente.catholique.fr\/ouest-charente\/agenda\/soiree-louanges-pour-la-saint-vivien\/#primaryimage\",\"url\":\"https:\/\/charente.catholique.fr\/ouest-charente\/wp-content\/uploads\/sites\/6\/2023\/05\/esprit-saint.jpg\",\"contentUrl\":\"https:\/\/charente.catholique.fr\/ouest-charente\/wp-content\/uploads\/sites\/6\/2023\/05\/esprit-saint.jpg\",\"width\":528,\"height\":475},{\"@type\":\"BreadcrumbList\",\"@id\":\"https:\/\/charente.catholique.fr\/ouest-charente\/agenda\/soiree-louanges-pour-la-saint-vivien\/#breadcrumb\",\"itemListElement\":[{\"@type\":\"ListItem\",\"position\":1,\"name\":\"Accueil\",\"item\":\"https:\/\/charente.catholique.fr\/ouest-charente\/\"},{\"@type\":\"ListItem\",\"position\":2,\"name\":\"Soir\u00e9e Louanges Mardi 10 mars 2026\"}]},{\"@type\":\"WebSite\",\"@id\":\"https:\/\/charente.catholique.fr\/ouest-charente\/#website\",\"url\":\"https:\/\/charente.catholique.fr\/ouest-charente\/\",\"name\":\"Doyenn\u00e9 Ouest Charente - Dioc\u00e8se d'Angoul\u00eame\",\"description\":\"Dioc\u00e8se d&#039;Angoul\u00eame\",\"publisher\":{\"@id\":\"https:\/\/charente.catholique.fr\/ouest-charente\/#organization\"},\"potentialAction\":[{\"@type\":\"SearchAction\",\"target\":{\"@type\":\"EntryPoint\",\"urlTemplate\":\"https:\/\/charente.catholique.fr\/ouest-charente\/?s={search_term_string}\"},\"query-input\":{\"@type\":\"PropertyValueSpecification\",\"valueRequired\":true,\"valueName\":\"search_term_string\"}}],\"inLanguage\":\"fr-FR\"},{\"@type\":\"Organization\",\"@id\":\"https:\/\/charente.catholique.fr\/ouest-charente\/#organization\",\"name\":\"Association dioc\u00e9saine d'Angoul\u00eame\",\"url\":\"https:\/\/charente.catholique.fr\/ouest-charente\/\",\"logo\":{\"@type\":\"ImageObject\",\"inLanguage\":\"fr-FR\",\"@id\":\"https:\/\/charente.catholique.fr\/ouest-charente\/#\/schema\/logo\/image\/\",\"url\":\"https:\/\/charente.catholique.fr\/ouest-charente\/wp-content\/uploads\/sites\/6\/2020\/10\/logos.png\",\"contentUrl\":\"https:\/\/charente.catholique.fr\/ouest-charente\/wp-content\/uploads\/sites\/6\/2020\/10\/logos.png\",\"width\":600,\"height\":257,\"caption\":\"Association dioc\u00e9saine d'Angoul\u00eame\"},\"image\":{\"@id\":\"https:\/\/charente.catholique.fr\/ouest-charente\/#\/schema\/logo\/image\/\"},\"sameAs\":[\"https:\/\/www.facebook.com\/EgliseCatholiqueCharente\",\"https:\/\/x.com\/diocesecharente\",\"https:\/\/www.instagram.com\/eglisecharente\",\"https:\/\/www.youtube.com\/channel\/UCByyFWApZbw3gDTiADoiAaQ\"]}]}<\/script>\n<!-- \/ Yoast SEO plugin. -->","yoast_head_json":{"title":"Soir\u00e9e Louanges Mardi 10 mars 2026 - Doyenn\u00e9 Ouest Charente","robots":{"index":"index","follow":"follow","max-snippet":"max-snippet:-1","max-image-preview":"max-image-preview:large","max-video-preview":"max-video-preview:-1"},"canonical":"https:\/\/charente.catholique.fr\/ouest-charente\/agenda\/soiree-louanges-pour-la-saint-vivien\/","og_locale":"fr_FR","og_type":"article","og_title":"Soir\u00e9e Louanges Mardi 10 mars 2026 - Doyenn\u00e9 Ouest Charente","og_description":"Car ta bont\u00e9 vaut mieux que la vie. Mes l\u00e8vres c\u00e9l\u00e8brent tes louanges. Ainsi je te b\u00e9nirai toute ma vie, je l\u00e8verai mes mains en faisant appel \u00e0 toi. Psaume 63:4-5 Les soir\u00e9es Louanges reprennent dans la paroisse&nbsp;sous la direction du P\u00e8re Pierre-Marie Robert. Pri\u00e8res &amp; chants dans la joie en faisant appel \u00e0 l\u2019Esprit [&hellip;]","og_url":"https:\/\/charente.catholique.fr\/ouest-charente\/agenda\/soiree-louanges-pour-la-saint-vivien\/","og_site_name":"Doyenn\u00e9 Ouest Charente","article_publisher":"https:\/\/www.facebook.com\/EgliseCatholiqueCharente","article_modified_time":"2026-03-04T18:24:34+00:00","og_image":[{"width":528,"height":475,"url":"https:\/\/charente.catholique.fr\/ouest-charente\/wp-content\/uploads\/sites\/6\/2023\/05\/esprit-saint.jpg","type":"image\/jpeg"}],"twitter_card":"summary_large_image","twitter_site":"@diocesecharente","twitter_misc":{"Dur\u00e9e de lecture estim\u00e9e":"1 minute"},"schema":{"@context":"https:\/\/schema.org","@graph":[{"@type":"WebPage","@id":"https:\/\/charente.catholique.fr\/ouest-charente\/agenda\/soiree-louanges-pour-la-saint-vivien\/","url":"https:\/\/charente.catholique.fr\/ouest-charente\/agenda\/soiree-louanges-pour-la-saint-vivien\/","name":"Soir\u00e9e Louanges Mardi 10 mars 2026 - Doyenn\u00e9 Ouest Charente","isPartOf":{"@id":"https:\/\/charente.catholique.fr\/ouest-charente\/#website"},"primaryImageOfPage":{"@id":"https:\/\/charente.catholique.fr\/ouest-charente\/agenda\/soiree-louanges-pour-la-saint-vivien\/#primaryimage"},"image":{"@id":"https:\/\/charente.catholique.fr\/ouest-charente\/agenda\/soiree-louanges-pour-la-saint-vivien\/#primaryimage"},"thumbnailUrl":"https:\/\/charente.catholique.fr\/ouest-charente\/wp-content\/uploads\/sites\/6\/2023\/05\/esprit-saint.jpg","datePublished":"2026-01-15T19:47:39+00:00","dateModified":"2026-03-04T18:24:34+00:00","breadcrumb":{"@id":"https:\/\/charente.catholique.fr\/ouest-charente\/agenda\/soiree-louanges-pour-la-saint-vivien\/#breadcrumb"},"inLanguage":"fr-FR","potentialAction":[{"@type":"ReadAction","target":["https:\/\/charente.catholique.fr\/ouest-charente\/agenda\/soiree-louanges-pour-la-saint-vivien\/"]}]},{"@type":"ImageObject","inLanguage":"fr-FR","@id":"https:\/\/charente.catholique.fr\/ouest-charente\/agenda\/soiree-louanges-pour-la-saint-vivien\/#primaryimage","url":"https:\/\/charente.catholique.fr\/ouest-charente\/wp-content\/uploads\/sites\/6\/2023\/05\/esprit-saint.jpg","contentUrl":"https:\/\/charente.catholique.fr\/ouest-charente\/wp-content\/uploads\/sites\/6\/2023\/05\/esprit-saint.jpg","width":528,"height":475},{"@type":"BreadcrumbList","@id":"https:\/\/charente.catholique.fr\/ouest-charente\/agenda\/soiree-louanges-pour-la-saint-vivien\/#breadcrumb","itemListElement":[{"@type":"ListItem","position":1,"name":"Accueil","item":"https:\/\/charente.catholique.fr\/ouest-charente\/"},{"@type":"ListItem","position":2,"name":"Soir\u00e9e Louanges Mardi 10 mars 2026"}]},{"@type":"WebSite","@id":"https:\/\/charente.catholique.fr\/ouest-charente\/#website","url":"https:\/\/charente.catholique.fr\/ouest-charente\/","name":"Doyenn\u00e9 Ouest Charente - Dioc\u00e8se d'Angoul\u00eame","description":"Dioc\u00e8se d&#039;Angoul\u00eame","publisher":{"@id":"https:\/\/charente.catholique.fr\/ouest-charente\/#organization"},"potentialAction":[{"@type":"SearchAction","target":{"@type":"EntryPoint","urlTemplate":"https:\/\/charente.catholique.fr\/ouest-charente\/?s={search_term_string}"},"query-input":{"@type":"PropertyValueSpecification","valueRequired":true,"valueName":"search_term_string"}}],"inLanguage":"fr-FR"},{"@type":"Organization","@id":"https:\/\/charente.catholique.fr\/ouest-charente\/#organization","name":"Association dioc\u00e9saine d'Angoul\u00eame","url":"https:\/\/charente.catholique.fr\/ouest-charente\/","logo":{"@type":"ImageObject","inLanguage":"fr-FR","@id":"https:\/\/charente.catholique.fr\/ouest-charente\/#\/schema\/logo\/image\/","url":"https:\/\/charente.catholique.fr\/ouest-charente\/wp-content\/uploads\/sites\/6\/2020\/10\/logos.png","contentUrl":"https:\/\/charente.catholique.fr\/ouest-charente\/wp-content\/uploads\/sites\/6\/2020\/10\/logos.png","width":600,"height":257,"caption":"Association dioc\u00e9saine d'Angoul\u00eame"},"image":{"@id":"https:\/\/charente.catholique.fr\/ouest-charente\/#\/schema\/logo\/image\/"},"sameAs":["https:\/\/www.facebook.com\/EgliseCatholiqueCharente","https:\/\/x.com\/diocesecharente","https:\/\/www.instagram.com\/eglisecharente","https:\/\/www.youtube.com\/channel\/UCByyFWApZbw3gDTiADoiAaQ"]}]}},"_links":{"self":[{"href":"https:\/\/charente.catholique.fr\/ouest-charente\/wp-json\/wp\/v2\/evenement\/39298","targetHints":{"allow":["GET"]}}],"collection":[{"href":"https:\/\/charente.catholique.fr\/ouest-charente\/wp-json\/wp\/v2\/evenement"}],"about":[{"href":"https:\/\/charente.catholique.fr\/ouest-charente\/wp-json\/wp\/v2\/types\/evenement"}],"author":[{"embeddable":true,"href":"https:\/\/charente.catholique.fr\/ouest-charente\/wp-json\/wp\/v2\/users\/64"}],"version-history":[{"count":4,"href":"https:\/\/charente.catholique.fr\/ouest-charente\/wp-json\/wp\/v2\/evenement\/39298\/revisions"}],"predecessor-version":[{"id":39744,"href":"https:\/\/charente.catholique.fr\/ouest-charente\/wp-json\/wp\/v2\/evenement\/39298\/revisions\/39744"}],"wp:featuredmedia":[{"embeddable":true,"href":"https:\/\/charente.catholique.fr\/ouest-charente\/wp-json\/wp\/v2\/media\/30573"}],"wp:attachment":[{"href":"https:\/\/charente.catholique.fr\/ouest-charente\/wp-json\/wp\/v2\/media?parent=39298"}],"wp:term":[{"taxonomy":"category","embeddable":true,"href":"https:\/\/charente.catholique.fr\/ouest-charente\/wp-json\/wp\/v2\/categories?post=39298"},{"taxonomy":"post_tag","embeddable":true,"href":"https:\/\/charente.catholique.fr\/ouest-charente\/wp-json\/wp\/v2\/tags?post=39298"}],"curies":[{"name":"wp","href":"https:\/\/api.w.org\/{rel}","templated":true}]}}