{"id":38454,"date":"2025-11-08T11:50:24","date_gmt":"2025-11-08T10:50:24","guid":{"rendered":"https:\/\/charente.catholique.fr\/ouest-charente\/?post_type=evenement&#038;p=38454"},"modified":"2025-11-08T11:50:25","modified_gmt":"2025-11-08T10:50:25","slug":"parcours-emmaus-2026-pourquoi-leglise","status":"publish","type":"evenement","link":"https:\/\/charente.catholique.fr\/ouest-charente\/agenda\/parcours-emmaus-2026-pourquoi-leglise\/","title":{"rendered":"Parcours Emma\u00fcs 2026 : \u00ab Pourquoi l\u2019\u00c9glise ? \u00bb"},"content":{"rendered":"\n<p>\u00ab Comme les disciples d\u2019Emma\u00fcs, marchons ensemble pour reconna\u00eetre le Christ vivant au c\u0153ur de l\u2019\u00c9glise. \u00bb<\/p>\n\n\n\n<p>Un nouveau parcours Emma\u00fcs est propos\u00e9 pour approfondir notre foi et d\u00e9couvrir le myst\u00e8re de l\u2019\u00c9glise.<br>Cinq samedis pour marcher ensemble, \u00e9couter, comprendre et \u00e9changer sur ce qui fonde notre communaut\u00e9 chr\u00e9tienne.<\/p>\n\n\n\n<p><strong>Salle Saint-Antoine \u2013 186 rue de la R\u00e9publique, Cognac<\/strong><br><strong>9h \u00e0 13h<\/strong> \u2013 suivi d\u2019un pique-nique tir\u00e9 du sac pour ceux qui le souhaitent<br><strong>Libre participation<\/strong><\/p>\n\n\n\n<h3 class=\"wp-block-heading\">Les rencontres :<\/h3>\n\n\n\n<ul class=\"wp-block-list\">\n<li><strong>Samedi 14 f\u00e9vrier<\/strong> \u2013 <em>Le myst\u00e8re de l\u2019\u00c9glise<\/em><br>P. Beno\u00eet Lecomte<\/li>\n\n\n\n<li><strong>Samedi 21 f\u00e9vrier<\/strong> \u2013 <em>D\u00e9couvrir l\u2019histoire des conciles<\/em><br>P. Laurent Maurin<\/li>\n\n\n\n<li><strong>Samedi 28 f\u00e9vrier<\/strong> \u2013 <em>Naissance d\u2019une chr\u00e9tient\u00e9 : fractures et r\u00e9conciliations<\/em><br>Jean-Yves Riou<\/li>\n\n\n\n<li><strong>Samedi 7 mars<\/strong> \u2013 <em>L\u2019\u00e9v\u00e8nement Vatican II<\/em><br>Catherine Joslet<\/li>\n\n\n\n<li><strong>Samedi 21 mars<\/strong> \u2013 <em>L\u2019\u00c9glise de Charente : du Synode de 1988 \u00e0 aujourd\u2019hui<\/em><br>Catherine Joslet et P. Michel Granger<\/li>\n<\/ul>\n\n\n<div class=\"wp-block-image\">\n<figure class=\"aligncenter size-large\"><img loading=\"lazy\" decoding=\"async\" width=\"764\" height=\"1080\" src=\"https:\/\/charente.catholique.fr\/ouest-charente\/wp-content\/uploads\/sites\/6\/2025\/11\/Parcours-Emmaus-2025-DO-764x1080.png\" alt=\"\" class=\"wp-image-38411\" srcset=\"https:\/\/charente.catholique.fr\/ouest-charente\/wp-content\/uploads\/sites\/6\/2025\/11\/Parcours-Emmaus-2025-DO-764x1080.png 764w, https:\/\/charente.catholique.fr\/ouest-charente\/wp-content\/uploads\/sites\/6\/2025\/11\/Parcours-Emmaus-2025-DO-212x300.png 212w, https:\/\/charente.catholique.fr\/ouest-charente\/wp-content\/uploads\/sites\/6\/2025\/11\/Parcours-Emmaus-2025-DO-768x1086.png 768w, https:\/\/charente.catholique.fr\/ouest-charente\/wp-content\/uploads\/sites\/6\/2025\/11\/Parcours-Emmaus-2025-DO-1086x1536.png 1086w, https:\/\/charente.catholique.fr\/ouest-charente\/wp-content\/uploads\/sites\/6\/2025\/11\/Parcours-Emmaus-2025-DO-1320x1867.png 1320w, https:\/\/charente.catholique.fr\/ouest-charente\/wp-content\/uploads\/sites\/6\/2025\/11\/Parcours-Emmaus-2025-DO.png 1414w\" sizes=\"auto, (max-width: 764px) 100vw, 764px\" \/><\/figure>\n<\/div>","protected":false},"author":64,"featured_media":38409,"template":"","meta":{"_acf_changed":false,"paroisse":["23"],"service":["0"],"footnotes":""},"categories":[1,68],"tags":[],"class_list":["post-38454","evenement","type-evenement","status-publish","has-post-thumbnail","hentry","category-actualites","category-notre-dame-des-borderies"],"acf":{"start_date":"2026-02-14 09:00:00","end_date":"2026-02-14 13:00:00","location":"Salle Saint-Antoine \u2013 186 rue de la R\u00e9publique, Cognac","address":null},"yoast_head":"<!-- This site is optimized with the Yoast SEO plugin v27.1.1 - https:\/\/yoast.com\/product\/yoast-seo-wordpress\/ -->\n<title>Parcours Emma\u00fcs 2026 : \u00ab Pourquoi l\u2019\u00c9glise ? \u00bb - Doyenn\u00e9 Ouest Charente<\/title>\n<meta name=\"robots\" content=\"index, follow, max-snippet:-1, max-image-preview:large, max-video-preview:-1\" \/>\n<link rel=\"canonical\" href=\"https:\/\/charente.catholique.fr\/ouest-charente\/agenda\/parcours-emmaus-2026-pourquoi-leglise\/\" \/>\n<meta property=\"og:locale\" content=\"fr_FR\" \/>\n<meta property=\"og:type\" content=\"article\" \/>\n<meta property=\"og:title\" content=\"Parcours Emma\u00fcs 2026 : \u00ab Pourquoi l\u2019\u00c9glise ? \u00bb - Doyenn\u00e9 Ouest Charente\" \/>\n<meta property=\"og:description\" content=\"\u00ab Comme les disciples d\u2019Emma\u00fcs, marchons ensemble pour reconna\u00eetre le Christ vivant au c\u0153ur de l\u2019\u00c9glise. \u00bb Un nouveau parcours Emma\u00fcs est propos\u00e9 pour approfondir notre foi et d\u00e9couvrir le myst\u00e8re de l\u2019\u00c9glise.Cinq samedis pour marcher ensemble, \u00e9couter, comprendre et \u00e9changer sur ce qui fonde notre communaut\u00e9 chr\u00e9tienne. Salle Saint-Antoine \u2013 186 rue de la [&hellip;]\" \/>\n<meta property=\"og:url\" content=\"https:\/\/charente.catholique.fr\/ouest-charente\/agenda\/parcours-emmaus-2026-pourquoi-leglise\/\" \/>\n<meta property=\"og:site_name\" content=\"Doyenn\u00e9 Ouest Charente\" \/>\n<meta property=\"article:publisher\" content=\"https:\/\/www.facebook.com\/EgliseCatholiqueCharente\" \/>\n<meta property=\"article:modified_time\" content=\"2025-11-08T10:50:25+00:00\" \/>\n<meta property=\"og:image\" content=\"https:\/\/charente.catholique.fr\/ouest-charente\/wp-content\/uploads\/sites\/6\/2025\/11\/parcours-emmaus-2025.png\" \/>\n\t<meta property=\"og:image:width\" content=\"851\" \/>\n\t<meta property=\"og:image:height\" content=\"315\" \/>\n\t<meta property=\"og:image:type\" content=\"image\/png\" \/>\n<meta name=\"twitter:card\" content=\"summary_large_image\" \/>\n<meta name=\"twitter:site\" content=\"@diocesecharente\" \/>\n<meta name=\"twitter:label1\" content=\"Dur\u00e9e de lecture estim\u00e9e\" \/>\n\t<meta name=\"twitter:data1\" content=\"2 minutes\" \/>\n<script type=\"application\/ld+json\" class=\"yoast-schema-graph\">{\"@context\":\"https:\/\/schema.org\",\"@graph\":[{\"@type\":\"WebPage\",\"@id\":\"https:\/\/charente.catholique.fr\/ouest-charente\/agenda\/parcours-emmaus-2026-pourquoi-leglise\/\",\"url\":\"https:\/\/charente.catholique.fr\/ouest-charente\/agenda\/parcours-emmaus-2026-pourquoi-leglise\/\",\"name\":\"Parcours Emma\u00fcs 2026 : \u00ab Pourquoi l\u2019\u00c9glise ? \u00bb - Doyenn\u00e9 Ouest Charente\",\"isPartOf\":{\"@id\":\"https:\/\/charente.catholique.fr\/ouest-charente\/#website\"},\"primaryImageOfPage\":{\"@id\":\"https:\/\/charente.catholique.fr\/ouest-charente\/agenda\/parcours-emmaus-2026-pourquoi-leglise\/#primaryimage\"},\"image\":{\"@id\":\"https:\/\/charente.catholique.fr\/ouest-charente\/agenda\/parcours-emmaus-2026-pourquoi-leglise\/#primaryimage\"},\"thumbnailUrl\":\"https:\/\/charente.catholique.fr\/ouest-charente\/wp-content\/uploads\/sites\/6\/2025\/11\/parcours-emmaus-2025.png\",\"datePublished\":\"2025-11-08T10:50:24+00:00\",\"dateModified\":\"2025-11-08T10:50:25+00:00\",\"breadcrumb\":{\"@id\":\"https:\/\/charente.catholique.fr\/ouest-charente\/agenda\/parcours-emmaus-2026-pourquoi-leglise\/#breadcrumb\"},\"inLanguage\":\"fr-FR\",\"potentialAction\":[{\"@type\":\"ReadAction\",\"target\":[\"https:\/\/charente.catholique.fr\/ouest-charente\/agenda\/parcours-emmaus-2026-pourquoi-leglise\/\"]}]},{\"@type\":\"ImageObject\",\"inLanguage\":\"fr-FR\",\"@id\":\"https:\/\/charente.catholique.fr\/ouest-charente\/agenda\/parcours-emmaus-2026-pourquoi-leglise\/#primaryimage\",\"url\":\"https:\/\/charente.catholique.fr\/ouest-charente\/wp-content\/uploads\/sites\/6\/2025\/11\/parcours-emmaus-2025.png\",\"contentUrl\":\"https:\/\/charente.catholique.fr\/ouest-charente\/wp-content\/uploads\/sites\/6\/2025\/11\/parcours-emmaus-2025.png\",\"width\":851,\"height\":315},{\"@type\":\"BreadcrumbList\",\"@id\":\"https:\/\/charente.catholique.fr\/ouest-charente\/agenda\/parcours-emmaus-2026-pourquoi-leglise\/#breadcrumb\",\"itemListElement\":[{\"@type\":\"ListItem\",\"position\":1,\"name\":\"Accueil\",\"item\":\"https:\/\/charente.catholique.fr\/ouest-charente\/\"},{\"@type\":\"ListItem\",\"position\":2,\"name\":\"Parcours Emma\u00fcs 2026 : \u00ab Pourquoi l\u2019\u00c9glise ? \u00bb\"}]},{\"@type\":\"WebSite\",\"@id\":\"https:\/\/charente.catholique.fr\/ouest-charente\/#website\",\"url\":\"https:\/\/charente.catholique.fr\/ouest-charente\/\",\"name\":\"Doyenn\u00e9 Ouest Charente - Dioc\u00e8se d'Angoul\u00eame\",\"description\":\"Dioc\u00e8se d&#039;Angoul\u00eame\",\"publisher\":{\"@id\":\"https:\/\/charente.catholique.fr\/ouest-charente\/#organization\"},\"potentialAction\":[{\"@type\":\"SearchAction\",\"target\":{\"@type\":\"EntryPoint\",\"urlTemplate\":\"https:\/\/charente.catholique.fr\/ouest-charente\/?s={search_term_string}\"},\"query-input\":{\"@type\":\"PropertyValueSpecification\",\"valueRequired\":true,\"valueName\":\"search_term_string\"}}],\"inLanguage\":\"fr-FR\"},{\"@type\":\"Organization\",\"@id\":\"https:\/\/charente.catholique.fr\/ouest-charente\/#organization\",\"name\":\"Association dioc\u00e9saine d'Angoul\u00eame\",\"url\":\"https:\/\/charente.catholique.fr\/ouest-charente\/\",\"logo\":{\"@type\":\"ImageObject\",\"inLanguage\":\"fr-FR\",\"@id\":\"https:\/\/charente.catholique.fr\/ouest-charente\/#\/schema\/logo\/image\/\",\"url\":\"https:\/\/charente.catholique.fr\/ouest-charente\/wp-content\/uploads\/sites\/6\/2020\/10\/logos.png\",\"contentUrl\":\"https:\/\/charente.catholique.fr\/ouest-charente\/wp-content\/uploads\/sites\/6\/2020\/10\/logos.png\",\"width\":600,\"height\":257,\"caption\":\"Association dioc\u00e9saine d'Angoul\u00eame\"},\"image\":{\"@id\":\"https:\/\/charente.catholique.fr\/ouest-charente\/#\/schema\/logo\/image\/\"},\"sameAs\":[\"https:\/\/www.facebook.com\/EgliseCatholiqueCharente\",\"https:\/\/x.com\/diocesecharente\",\"https:\/\/www.instagram.com\/eglisecharente\",\"https:\/\/www.youtube.com\/channel\/UCByyFWApZbw3gDTiADoiAaQ\"]}]}<\/script>\n<!-- \/ Yoast SEO plugin. -->","yoast_head_json":{"title":"Parcours Emma\u00fcs 2026 : \u00ab Pourquoi l\u2019\u00c9glise ? \u00bb - Doyenn\u00e9 Ouest Charente","robots":{"index":"index","follow":"follow","max-snippet":"max-snippet:-1","max-image-preview":"max-image-preview:large","max-video-preview":"max-video-preview:-1"},"canonical":"https:\/\/charente.catholique.fr\/ouest-charente\/agenda\/parcours-emmaus-2026-pourquoi-leglise\/","og_locale":"fr_FR","og_type":"article","og_title":"Parcours Emma\u00fcs 2026 : \u00ab Pourquoi l\u2019\u00c9glise ? \u00bb - Doyenn\u00e9 Ouest Charente","og_description":"\u00ab Comme les disciples d\u2019Emma\u00fcs, marchons ensemble pour reconna\u00eetre le Christ vivant au c\u0153ur de l\u2019\u00c9glise. \u00bb Un nouveau parcours Emma\u00fcs est propos\u00e9 pour approfondir notre foi et d\u00e9couvrir le myst\u00e8re de l\u2019\u00c9glise.Cinq samedis pour marcher ensemble, \u00e9couter, comprendre et \u00e9changer sur ce qui fonde notre communaut\u00e9 chr\u00e9tienne. Salle Saint-Antoine \u2013 186 rue de la [&hellip;]","og_url":"https:\/\/charente.catholique.fr\/ouest-charente\/agenda\/parcours-emmaus-2026-pourquoi-leglise\/","og_site_name":"Doyenn\u00e9 Ouest Charente","article_publisher":"https:\/\/www.facebook.com\/EgliseCatholiqueCharente","article_modified_time":"2025-11-08T10:50:25+00:00","og_image":[{"width":851,"height":315,"url":"https:\/\/charente.catholique.fr\/ouest-charente\/wp-content\/uploads\/sites\/6\/2025\/11\/parcours-emmaus-2025.png","type":"image\/png"}],"twitter_card":"summary_large_image","twitter_site":"@diocesecharente","twitter_misc":{"Dur\u00e9e de lecture estim\u00e9e":"2 minutes"},"schema":{"@context":"https:\/\/schema.org","@graph":[{"@type":"WebPage","@id":"https:\/\/charente.catholique.fr\/ouest-charente\/agenda\/parcours-emmaus-2026-pourquoi-leglise\/","url":"https:\/\/charente.catholique.fr\/ouest-charente\/agenda\/parcours-emmaus-2026-pourquoi-leglise\/","name":"Parcours Emma\u00fcs 2026 : \u00ab Pourquoi l\u2019\u00c9glise ? \u00bb - Doyenn\u00e9 Ouest Charente","isPartOf":{"@id":"https:\/\/charente.catholique.fr\/ouest-charente\/#website"},"primaryImageOfPage":{"@id":"https:\/\/charente.catholique.fr\/ouest-charente\/agenda\/parcours-emmaus-2026-pourquoi-leglise\/#primaryimage"},"image":{"@id":"https:\/\/charente.catholique.fr\/ouest-charente\/agenda\/parcours-emmaus-2026-pourquoi-leglise\/#primaryimage"},"thumbnailUrl":"https:\/\/charente.catholique.fr\/ouest-charente\/wp-content\/uploads\/sites\/6\/2025\/11\/parcours-emmaus-2025.png","datePublished":"2025-11-08T10:50:24+00:00","dateModified":"2025-11-08T10:50:25+00:00","breadcrumb":{"@id":"https:\/\/charente.catholique.fr\/ouest-charente\/agenda\/parcours-emmaus-2026-pourquoi-leglise\/#breadcrumb"},"inLanguage":"fr-FR","potentialAction":[{"@type":"ReadAction","target":["https:\/\/charente.catholique.fr\/ouest-charente\/agenda\/parcours-emmaus-2026-pourquoi-leglise\/"]}]},{"@type":"ImageObject","inLanguage":"fr-FR","@id":"https:\/\/charente.catholique.fr\/ouest-charente\/agenda\/parcours-emmaus-2026-pourquoi-leglise\/#primaryimage","url":"https:\/\/charente.catholique.fr\/ouest-charente\/wp-content\/uploads\/sites\/6\/2025\/11\/parcours-emmaus-2025.png","contentUrl":"https:\/\/charente.catholique.fr\/ouest-charente\/wp-content\/uploads\/sites\/6\/2025\/11\/parcours-emmaus-2025.png","width":851,"height":315},{"@type":"BreadcrumbList","@id":"https:\/\/charente.catholique.fr\/ouest-charente\/agenda\/parcours-emmaus-2026-pourquoi-leglise\/#breadcrumb","itemListElement":[{"@type":"ListItem","position":1,"name":"Accueil","item":"https:\/\/charente.catholique.fr\/ouest-charente\/"},{"@type":"ListItem","position":2,"name":"Parcours Emma\u00fcs 2026 : \u00ab Pourquoi l\u2019\u00c9glise ? \u00bb"}]},{"@type":"WebSite","@id":"https:\/\/charente.catholique.fr\/ouest-charente\/#website","url":"https:\/\/charente.catholique.fr\/ouest-charente\/","name":"Doyenn\u00e9 Ouest Charente - Dioc\u00e8se d'Angoul\u00eame","description":"Dioc\u00e8se d&#039;Angoul\u00eame","publisher":{"@id":"https:\/\/charente.catholique.fr\/ouest-charente\/#organization"},"potentialAction":[{"@type":"SearchAction","target":{"@type":"EntryPoint","urlTemplate":"https:\/\/charente.catholique.fr\/ouest-charente\/?s={search_term_string}"},"query-input":{"@type":"PropertyValueSpecification","valueRequired":true,"valueName":"search_term_string"}}],"inLanguage":"fr-FR"},{"@type":"Organization","@id":"https:\/\/charente.catholique.fr\/ouest-charente\/#organization","name":"Association dioc\u00e9saine d'Angoul\u00eame","url":"https:\/\/charente.catholique.fr\/ouest-charente\/","logo":{"@type":"ImageObject","inLanguage":"fr-FR","@id":"https:\/\/charente.catholique.fr\/ouest-charente\/#\/schema\/logo\/image\/","url":"https:\/\/charente.catholique.fr\/ouest-charente\/wp-content\/uploads\/sites\/6\/2020\/10\/logos.png","contentUrl":"https:\/\/charente.catholique.fr\/ouest-charente\/wp-content\/uploads\/sites\/6\/2020\/10\/logos.png","width":600,"height":257,"caption":"Association dioc\u00e9saine d'Angoul\u00eame"},"image":{"@id":"https:\/\/charente.catholique.fr\/ouest-charente\/#\/schema\/logo\/image\/"},"sameAs":["https:\/\/www.facebook.com\/EgliseCatholiqueCharente","https:\/\/x.com\/diocesecharente","https:\/\/www.instagram.com\/eglisecharente","https:\/\/www.youtube.com\/channel\/UCByyFWApZbw3gDTiADoiAaQ"]}]}},"_links":{"self":[{"href":"https:\/\/charente.catholique.fr\/ouest-charente\/wp-json\/wp\/v2\/evenement\/38454","targetHints":{"allow":["GET"]}}],"collection":[{"href":"https:\/\/charente.catholique.fr\/ouest-charente\/wp-json\/wp\/v2\/evenement"}],"about":[{"href":"https:\/\/charente.catholique.fr\/ouest-charente\/wp-json\/wp\/v2\/types\/evenement"}],"author":[{"embeddable":true,"href":"https:\/\/charente.catholique.fr\/ouest-charente\/wp-json\/wp\/v2\/users\/64"}],"version-history":[{"count":3,"href":"https:\/\/charente.catholique.fr\/ouest-charente\/wp-json\/wp\/v2\/evenement\/38454\/revisions"}],"predecessor-version":[{"id":38457,"href":"https:\/\/charente.catholique.fr\/ouest-charente\/wp-json\/wp\/v2\/evenement\/38454\/revisions\/38457"}],"wp:featuredmedia":[{"embeddable":true,"href":"https:\/\/charente.catholique.fr\/ouest-charente\/wp-json\/wp\/v2\/media\/38409"}],"wp:attachment":[{"href":"https:\/\/charente.catholique.fr\/ouest-charente\/wp-json\/wp\/v2\/media?parent=38454"}],"wp:term":[{"taxonomy":"category","embeddable":true,"href":"https:\/\/charente.catholique.fr\/ouest-charente\/wp-json\/wp\/v2\/categories?post=38454"},{"taxonomy":"post_tag","embeddable":true,"href":"https:\/\/charente.catholique.fr\/ouest-charente\/wp-json\/wp\/v2\/tags?post=38454"}],"curies":[{"name":"wp","href":"https:\/\/api.w.org\/{rel}","templated":true}]}}