{"id":37711,"date":"2025-09-10T10:21:56","date_gmt":"2025-09-10T08:21:56","guid":{"rendered":"https:\/\/charente.catholique.fr\/ouest-charente\/?post_type=evenement&#038;p=37711"},"modified":"2025-09-26T12:15:50","modified_gmt":"2025-09-26T10:15:50","slug":"fete-de-sainte-therese","status":"publish","type":"evenement","link":"https:\/\/charente.catholique.fr\/ouest-charente\/agenda\/fete-de-sainte-therese\/","title":{"rendered":"F\u00eate de Sainte Th\u00e9r\u00e8se"},"content":{"rendered":"\n<p><strong>Rassemblement du Doyenn\u00e9 Ouest Charente \u00e0 l&#8217;abbaye de Bassac pour la f\u00eate de Sainte Th\u00e9r\u00e8se<\/strong>.<\/p>\n\n\n\n<p>Centenaire de sa canonisation (1925-2025) &#8211; Ann\u00e9e jubilaire P\u00e8lerins d&#8217;Esp\u00e9rance<\/p>\n\n\n\n<p><strong>09h30<\/strong>&nbsp;: <strong>Confessions<\/strong> dans l&#8217;abbatiale<\/p>\n\n\n\n<p><strong>10h30&nbsp;<\/strong>: <strong>Messe<\/strong>, dans le clo\u00eetre, suivie d&#8217;une <strong>procession<\/strong> dans les rues de Bassac, en pr\u00e9sence du reliquaire de Ste Th\u00e9r\u00e8se. (repli dans l&#8217;\u00e9glise de Jarnac si les pr\u00e9visions m\u00e9t\u00e9orologiques sont \u00e0 la pluie).<\/p>\n\n\n\n<p>Apr\u00e8s la procession\u00a0: <strong>Ap\u00e9ritif<\/strong> et <strong>pique-nique<\/strong> tir\u00e9 du sac dans le clo\u00eetre (repli dans la salle des f\u00eates de Bassac si mauvais temps).<\/p>\n\n\n\n<p>16h00 : <strong>V\u00eapres<\/strong> anim\u00e9es par les religieuses de la Consolation.<\/p>\n\n\n\n<p>Cette journ\u00e9e est toujours un beau moment de communion, de pri\u00e8re, de retrouvailles apr\u00e8s l&#8217;\u00e9t\u00e9, de partage, de p\u00e8lerinage, pour toutes les communaut\u00e9s du doyenn\u00e9. Venez nombreux pour f\u00eater ensemble Sainte Th\u00e9r\u00e8se et renforcer les liens qui nous unissent !<\/p>\n\n\n<a href=\"https:\/\/charente.catholique.fr\/ouest-charente\/wp-content\/uploads\/sites\/6\/2025\/08\/rassemblement-doyenne-ouest-2025-affiche-def.pdf\" class=\"pdfemb-viewer\" style=\"\" data-width=\"max\" data-height=\"max\" data-toolbar=\"bottom\" data-toolbar-fixed=\"off\">rassemblement-doyenne-ouest-2025-affiche-def<\/a>","protected":false},"author":100,"featured_media":37854,"template":"","meta":{"_acf_changed":false,"paroisse":["18"],"service":["0"],"footnotes":""},"categories":[2,68],"tags":[],"class_list":["post-37711","evenement","type-evenement","status-publish","has-post-thumbnail","hentry","category-jarnac","category-notre-dame-des-borderies","validated"],"acf":{"start_date":"2025-09-28 09:30:00","end_date":"2025-09-28 17:00:00","location":"Abbaye de Bassac","address":{"address":"50 Route de Cond\u00e9, Bassac, France","lat":45.661773,"lng":-0.1052309,"zoom":14,"place_id":"ChIJOW3P-I2GAEgRLpeOhvvqdFs","name":"50 Rte de Cond\u00e9","street_number":50,"street_name":"Route de Cond\u00e9","street_name_short":"Rte de Cond\u00e9","city":"Bassac","state":"Nouvelle-Aquitaine","post_code":16120,"country":"France","country_short":"FR"}},"yoast_head":"<!-- This site is optimized with the Yoast SEO plugin v27.1.1 - https:\/\/yoast.com\/product\/yoast-seo-wordpress\/ -->\n<title>F\u00eate de Sainte Th\u00e9r\u00e8se - Doyenn\u00e9 Ouest Charente<\/title>\n<meta name=\"robots\" content=\"index, follow, max-snippet:-1, max-image-preview:large, max-video-preview:-1\" \/>\n<link rel=\"canonical\" href=\"https:\/\/charente.catholique.fr\/ouest-charente\/agenda\/fete-de-sainte-therese\/\" \/>\n<meta property=\"og:locale\" content=\"fr_FR\" \/>\n<meta property=\"og:type\" content=\"article\" \/>\n<meta property=\"og:title\" content=\"F\u00eate de Sainte Th\u00e9r\u00e8se - Doyenn\u00e9 Ouest Charente\" \/>\n<meta property=\"og:description\" content=\"Rassemblement du Doyenn\u00e9 Ouest Charente \u00e0 l&#8217;abbaye de Bassac pour la f\u00eate de Sainte Th\u00e9r\u00e8se. Centenaire de sa canonisation (1925-2025) &#8211; Ann\u00e9e jubilaire P\u00e8lerins d&#8217;Esp\u00e9rance 09h30&nbsp;: Confessions dans l&#8217;abbatiale 10h30&nbsp;: Messe, dans le clo\u00eetre, suivie d&#8217;une procession dans les rues de Bassac, en pr\u00e9sence du reliquaire de Ste Th\u00e9r\u00e8se. (repli dans l&#8217;\u00e9glise de Jarnac si [&hellip;]\" \/>\n<meta property=\"og:url\" content=\"https:\/\/charente.catholique.fr\/ouest-charente\/agenda\/fete-de-sainte-therese\/\" \/>\n<meta property=\"og:site_name\" content=\"Doyenn\u00e9 Ouest Charente\" \/>\n<meta property=\"article:publisher\" content=\"https:\/\/www.facebook.com\/EgliseCatholiqueCharente\" \/>\n<meta property=\"article:modified_time\" content=\"2025-09-26T10:15:50+00:00\" \/>\n<meta property=\"og:image\" content=\"https:\/\/charente.catholique.fr\/ouest-charente\/wp-content\/uploads\/sites\/6\/2025\/09\/bandeau-ste-therese-de-lisieux-d4097b47.png\" \/>\n\t<meta property=\"og:image:width\" content=\"970\" \/>\n\t<meta property=\"og:image:height\" content=\"250\" \/>\n\t<meta property=\"og:image:type\" content=\"image\/png\" \/>\n<meta name=\"twitter:card\" content=\"summary_large_image\" \/>\n<meta name=\"twitter:site\" content=\"@diocesecharente\" \/>\n<meta name=\"twitter:label1\" content=\"Dur\u00e9e de lecture estim\u00e9e\" \/>\n\t<meta name=\"twitter:data1\" content=\"1 minute\" \/>\n<script type=\"application\/ld+json\" class=\"yoast-schema-graph\">{\"@context\":\"https:\/\/schema.org\",\"@graph\":[{\"@type\":\"WebPage\",\"@id\":\"https:\/\/charente.catholique.fr\/ouest-charente\/agenda\/fete-de-sainte-therese\/\",\"url\":\"https:\/\/charente.catholique.fr\/ouest-charente\/agenda\/fete-de-sainte-therese\/\",\"name\":\"F\u00eate de Sainte Th\u00e9r\u00e8se - Doyenn\u00e9 Ouest Charente\",\"isPartOf\":{\"@id\":\"https:\/\/charente.catholique.fr\/ouest-charente\/#website\"},\"primaryImageOfPage\":{\"@id\":\"https:\/\/charente.catholique.fr\/ouest-charente\/agenda\/fete-de-sainte-therese\/#primaryimage\"},\"image\":{\"@id\":\"https:\/\/charente.catholique.fr\/ouest-charente\/agenda\/fete-de-sainte-therese\/#primaryimage\"},\"thumbnailUrl\":\"https:\/\/charente.catholique.fr\/ouest-charente\/wp-content\/uploads\/sites\/6\/2025\/09\/bandeau-ste-therese-de-lisieux-d4097b47.png\",\"datePublished\":\"2025-09-10T08:21:56+00:00\",\"dateModified\":\"2025-09-26T10:15:50+00:00\",\"breadcrumb\":{\"@id\":\"https:\/\/charente.catholique.fr\/ouest-charente\/agenda\/fete-de-sainte-therese\/#breadcrumb\"},\"inLanguage\":\"fr-FR\",\"potentialAction\":[{\"@type\":\"ReadAction\",\"target\":[\"https:\/\/charente.catholique.fr\/ouest-charente\/agenda\/fete-de-sainte-therese\/\"]}]},{\"@type\":\"ImageObject\",\"inLanguage\":\"fr-FR\",\"@id\":\"https:\/\/charente.catholique.fr\/ouest-charente\/agenda\/fete-de-sainte-therese\/#primaryimage\",\"url\":\"https:\/\/charente.catholique.fr\/ouest-charente\/wp-content\/uploads\/sites\/6\/2025\/09\/bandeau-ste-therese-de-lisieux-d4097b47.png\",\"contentUrl\":\"https:\/\/charente.catholique.fr\/ouest-charente\/wp-content\/uploads\/sites\/6\/2025\/09\/bandeau-ste-therese-de-lisieux-d4097b47.png\",\"width\":970,\"height\":250},{\"@type\":\"BreadcrumbList\",\"@id\":\"https:\/\/charente.catholique.fr\/ouest-charente\/agenda\/fete-de-sainte-therese\/#breadcrumb\",\"itemListElement\":[{\"@type\":\"ListItem\",\"position\":1,\"name\":\"Accueil\",\"item\":\"https:\/\/charente.catholique.fr\/ouest-charente\/\"},{\"@type\":\"ListItem\",\"position\":2,\"name\":\"F\u00eate de Sainte Th\u00e9r\u00e8se\"}]},{\"@type\":\"WebSite\",\"@id\":\"https:\/\/charente.catholique.fr\/ouest-charente\/#website\",\"url\":\"https:\/\/charente.catholique.fr\/ouest-charente\/\",\"name\":\"Doyenn\u00e9 Ouest Charente - Dioc\u00e8se d'Angoul\u00eame\",\"description\":\"Dioc\u00e8se d&#039;Angoul\u00eame\",\"publisher\":{\"@id\":\"https:\/\/charente.catholique.fr\/ouest-charente\/#organization\"},\"potentialAction\":[{\"@type\":\"SearchAction\",\"target\":{\"@type\":\"EntryPoint\",\"urlTemplate\":\"https:\/\/charente.catholique.fr\/ouest-charente\/?s={search_term_string}\"},\"query-input\":{\"@type\":\"PropertyValueSpecification\",\"valueRequired\":true,\"valueName\":\"search_term_string\"}}],\"inLanguage\":\"fr-FR\"},{\"@type\":\"Organization\",\"@id\":\"https:\/\/charente.catholique.fr\/ouest-charente\/#organization\",\"name\":\"Association dioc\u00e9saine d'Angoul\u00eame\",\"url\":\"https:\/\/charente.catholique.fr\/ouest-charente\/\",\"logo\":{\"@type\":\"ImageObject\",\"inLanguage\":\"fr-FR\",\"@id\":\"https:\/\/charente.catholique.fr\/ouest-charente\/#\/schema\/logo\/image\/\",\"url\":\"https:\/\/charente.catholique.fr\/ouest-charente\/wp-content\/uploads\/sites\/6\/2020\/10\/logos.png\",\"contentUrl\":\"https:\/\/charente.catholique.fr\/ouest-charente\/wp-content\/uploads\/sites\/6\/2020\/10\/logos.png\",\"width\":600,\"height\":257,\"caption\":\"Association dioc\u00e9saine d'Angoul\u00eame\"},\"image\":{\"@id\":\"https:\/\/charente.catholique.fr\/ouest-charente\/#\/schema\/logo\/image\/\"},\"sameAs\":[\"https:\/\/www.facebook.com\/EgliseCatholiqueCharente\",\"https:\/\/x.com\/diocesecharente\",\"https:\/\/www.instagram.com\/eglisecharente\",\"https:\/\/www.youtube.com\/channel\/UCByyFWApZbw3gDTiADoiAaQ\"]}]}<\/script>\n<!-- \/ Yoast SEO plugin. -->","yoast_head_json":{"title":"F\u00eate de Sainte Th\u00e9r\u00e8se - Doyenn\u00e9 Ouest Charente","robots":{"index":"index","follow":"follow","max-snippet":"max-snippet:-1","max-image-preview":"max-image-preview:large","max-video-preview":"max-video-preview:-1"},"canonical":"https:\/\/charente.catholique.fr\/ouest-charente\/agenda\/fete-de-sainte-therese\/","og_locale":"fr_FR","og_type":"article","og_title":"F\u00eate de Sainte Th\u00e9r\u00e8se - Doyenn\u00e9 Ouest Charente","og_description":"Rassemblement du Doyenn\u00e9 Ouest Charente \u00e0 l&#8217;abbaye de Bassac pour la f\u00eate de Sainte Th\u00e9r\u00e8se. Centenaire de sa canonisation (1925-2025) &#8211; Ann\u00e9e jubilaire P\u00e8lerins d&#8217;Esp\u00e9rance 09h30&nbsp;: Confessions dans l&#8217;abbatiale 10h30&nbsp;: Messe, dans le clo\u00eetre, suivie d&#8217;une procession dans les rues de Bassac, en pr\u00e9sence du reliquaire de Ste Th\u00e9r\u00e8se. (repli dans l&#8217;\u00e9glise de Jarnac si [&hellip;]","og_url":"https:\/\/charente.catholique.fr\/ouest-charente\/agenda\/fete-de-sainte-therese\/","og_site_name":"Doyenn\u00e9 Ouest Charente","article_publisher":"https:\/\/www.facebook.com\/EgliseCatholiqueCharente","article_modified_time":"2025-09-26T10:15:50+00:00","og_image":[{"width":970,"height":250,"url":"https:\/\/charente.catholique.fr\/ouest-charente\/wp-content\/uploads\/sites\/6\/2025\/09\/bandeau-ste-therese-de-lisieux-d4097b47.png","type":"image\/png"}],"twitter_card":"summary_large_image","twitter_site":"@diocesecharente","twitter_misc":{"Dur\u00e9e de lecture estim\u00e9e":"1 minute"},"schema":{"@context":"https:\/\/schema.org","@graph":[{"@type":"WebPage","@id":"https:\/\/charente.catholique.fr\/ouest-charente\/agenda\/fete-de-sainte-therese\/","url":"https:\/\/charente.catholique.fr\/ouest-charente\/agenda\/fete-de-sainte-therese\/","name":"F\u00eate de Sainte Th\u00e9r\u00e8se - Doyenn\u00e9 Ouest Charente","isPartOf":{"@id":"https:\/\/charente.catholique.fr\/ouest-charente\/#website"},"primaryImageOfPage":{"@id":"https:\/\/charente.catholique.fr\/ouest-charente\/agenda\/fete-de-sainte-therese\/#primaryimage"},"image":{"@id":"https:\/\/charente.catholique.fr\/ouest-charente\/agenda\/fete-de-sainte-therese\/#primaryimage"},"thumbnailUrl":"https:\/\/charente.catholique.fr\/ouest-charente\/wp-content\/uploads\/sites\/6\/2025\/09\/bandeau-ste-therese-de-lisieux-d4097b47.png","datePublished":"2025-09-10T08:21:56+00:00","dateModified":"2025-09-26T10:15:50+00:00","breadcrumb":{"@id":"https:\/\/charente.catholique.fr\/ouest-charente\/agenda\/fete-de-sainte-therese\/#breadcrumb"},"inLanguage":"fr-FR","potentialAction":[{"@type":"ReadAction","target":["https:\/\/charente.catholique.fr\/ouest-charente\/agenda\/fete-de-sainte-therese\/"]}]},{"@type":"ImageObject","inLanguage":"fr-FR","@id":"https:\/\/charente.catholique.fr\/ouest-charente\/agenda\/fete-de-sainte-therese\/#primaryimage","url":"https:\/\/charente.catholique.fr\/ouest-charente\/wp-content\/uploads\/sites\/6\/2025\/09\/bandeau-ste-therese-de-lisieux-d4097b47.png","contentUrl":"https:\/\/charente.catholique.fr\/ouest-charente\/wp-content\/uploads\/sites\/6\/2025\/09\/bandeau-ste-therese-de-lisieux-d4097b47.png","width":970,"height":250},{"@type":"BreadcrumbList","@id":"https:\/\/charente.catholique.fr\/ouest-charente\/agenda\/fete-de-sainte-therese\/#breadcrumb","itemListElement":[{"@type":"ListItem","position":1,"name":"Accueil","item":"https:\/\/charente.catholique.fr\/ouest-charente\/"},{"@type":"ListItem","position":2,"name":"F\u00eate de Sainte Th\u00e9r\u00e8se"}]},{"@type":"WebSite","@id":"https:\/\/charente.catholique.fr\/ouest-charente\/#website","url":"https:\/\/charente.catholique.fr\/ouest-charente\/","name":"Doyenn\u00e9 Ouest Charente - Dioc\u00e8se d'Angoul\u00eame","description":"Dioc\u00e8se d&#039;Angoul\u00eame","publisher":{"@id":"https:\/\/charente.catholique.fr\/ouest-charente\/#organization"},"potentialAction":[{"@type":"SearchAction","target":{"@type":"EntryPoint","urlTemplate":"https:\/\/charente.catholique.fr\/ouest-charente\/?s={search_term_string}"},"query-input":{"@type":"PropertyValueSpecification","valueRequired":true,"valueName":"search_term_string"}}],"inLanguage":"fr-FR"},{"@type":"Organization","@id":"https:\/\/charente.catholique.fr\/ouest-charente\/#organization","name":"Association dioc\u00e9saine d'Angoul\u00eame","url":"https:\/\/charente.catholique.fr\/ouest-charente\/","logo":{"@type":"ImageObject","inLanguage":"fr-FR","@id":"https:\/\/charente.catholique.fr\/ouest-charente\/#\/schema\/logo\/image\/","url":"https:\/\/charente.catholique.fr\/ouest-charente\/wp-content\/uploads\/sites\/6\/2020\/10\/logos.png","contentUrl":"https:\/\/charente.catholique.fr\/ouest-charente\/wp-content\/uploads\/sites\/6\/2020\/10\/logos.png","width":600,"height":257,"caption":"Association dioc\u00e9saine d'Angoul\u00eame"},"image":{"@id":"https:\/\/charente.catholique.fr\/ouest-charente\/#\/schema\/logo\/image\/"},"sameAs":["https:\/\/www.facebook.com\/EgliseCatholiqueCharente","https:\/\/x.com\/diocesecharente","https:\/\/www.instagram.com\/eglisecharente","https:\/\/www.youtube.com\/channel\/UCByyFWApZbw3gDTiADoiAaQ"]}]}},"_links":{"self":[{"href":"https:\/\/charente.catholique.fr\/ouest-charente\/wp-json\/wp\/v2\/evenement\/37711","targetHints":{"allow":["GET"]}}],"collection":[{"href":"https:\/\/charente.catholique.fr\/ouest-charente\/wp-json\/wp\/v2\/evenement"}],"about":[{"href":"https:\/\/charente.catholique.fr\/ouest-charente\/wp-json\/wp\/v2\/types\/evenement"}],"author":[{"embeddable":true,"href":"https:\/\/charente.catholique.fr\/ouest-charente\/wp-json\/wp\/v2\/users\/100"}],"version-history":[{"count":6,"href":"https:\/\/charente.catholique.fr\/ouest-charente\/wp-json\/wp\/v2\/evenement\/37711\/revisions"}],"predecessor-version":[{"id":37875,"href":"https:\/\/charente.catholique.fr\/ouest-charente\/wp-json\/wp\/v2\/evenement\/37711\/revisions\/37875"}],"wp:featuredmedia":[{"embeddable":true,"href":"https:\/\/charente.catholique.fr\/ouest-charente\/wp-json\/wp\/v2\/media\/37854"}],"wp:attachment":[{"href":"https:\/\/charente.catholique.fr\/ouest-charente\/wp-json\/wp\/v2\/media?parent=37711"}],"wp:term":[{"taxonomy":"category","embeddable":true,"href":"https:\/\/charente.catholique.fr\/ouest-charente\/wp-json\/wp\/v2\/categories?post=37711"},{"taxonomy":"post_tag","embeddable":true,"href":"https:\/\/charente.catholique.fr\/ouest-charente\/wp-json\/wp\/v2\/tags?post=37711"}],"curies":[{"name":"wp","href":"https:\/\/api.w.org\/{rel}","templated":true}]}}