{"id":36670,"date":"2025-04-01T15:45:34","date_gmt":"2025-04-01T13:45:34","guid":{"rendered":"https:\/\/charente.catholique.fr\/ouest-charente\/?post_type=evenement&#038;p=36670"},"modified":"2025-04-01T15:46:34","modified_gmt":"2025-04-01T13:46:34","slug":"31eme-festival-international-dorgue-en-charente","status":"publish","type":"evenement","link":"https:\/\/charente.catholique.fr\/ouest-charente\/agenda\/31eme-festival-international-dorgue-en-charente\/","title":{"rendered":"31\u00e8me Festival International d\u2019Orgue en Charente"},"content":{"rendered":"\n<p class=\"has-medium-font-size\">Samedi 12 avril \u00e0 21h dans l&#8217;\u00e9glise Saint L\u00e9ger de Cognac venez assister \u00e0 une repr\u00e9sentation avec orgue, danse, r\u00e9citant, sc\u00e9nographie et projection vid\u00e9o de tableau.<\/p>\n\n\n\n<h5 class=\"wp-block-heading\">Danseurs<\/h5>\n\n\n\n<p>Christine et Isabelle Braye, Cyril Vailly de la Compagnie Contes et Chim\u00e8res.<\/p>\n\n\n\n<h5 class=\"wp-block-heading\">Texte<\/h5>\n\n\n\n<p>Louis Pailloux<\/p>\n\n\n\n<h5 class=\"wp-block-heading\">Orgue<\/h5>\n\n\n\n<p><a href=\"https:\/\/fr.wikipedia.org\/wiki\/Fr%C3%A9d%C3%A9ric_Ledroit\" target=\"_blank\" rel=\"noreferrer noopener\">Fr\u00e9d\u00e9ric Ledroit<\/a>, tableaux de Lionel Catanzano<\/p>\n\n\n\n<p><strong>Avec retransmission vid\u00e9o<\/strong><\/p>\n\n\n\n<h5 class=\"wp-block-heading\">Au programme<\/h5>\n\n\n\n<p>Cr\u00e9ation mondiale de &#8220;<em>Rayonnement c\u00e9leste<\/em>&#8221; de <a href=\"https:\/\/fr.wikipedia.org\/wiki\/Guy-Claude_Luypaerts\" target=\"_blank\" rel=\"noreferrer noopener\">Guy-Claude Luypaerts<\/a> (en pr\u00e9sence du compositeur), po\u00e8me symphonique Odyss\u00e9e, opus 62 de Fr\u00e9d\u00e9ric Ledroit avec orgue, danse, r\u00e9citant, sc\u00e9nographie et projection vid\u00e9o de tableau.<\/p>\n\n\n\n<div style=\"height:32px\" aria-hidden=\"true\" class=\"wp-block-spacer\"><\/div>\n\n\n\n<p class=\"has-very-light-gray-to-cyan-bluish-gray-gradient-background has-background\"><strong>R\u00e9servations&nbsp;<\/strong>: 05 45 95 16 84 ou&nbsp;<a href=\"https:\/\/www.angouleme-tourisme.com\/fete-manifestation\/31eme-festival-international-dorgue-en-charente\/\" target=\"_blank\" rel=\"noreferrer noopener\">Office de Tourisme d\u2019Angoul\u00eame<\/a>&nbsp;ou&nbsp;<a href=\"https:\/\/www.librairiecosmopolite.com\/nous_contacter\/\" target=\"_blank\" rel=\"noreferrer noopener\">Cosmopolite<\/a><\/p>\n\n\n\n<p class=\"has-very-light-gray-to-cyan-bluish-gray-gradient-background has-background\"><strong>Tarifs<\/strong>&nbsp;: 10 euros ou Gratuit (enfants -12ans et demandeurs d\u2019emplois)<\/p>\n","protected":false},"author":5,"featured_media":36671,"template":"","meta":{"_acf_changed":false,"paroisse":["20"],"service":["0"],"footnotes":""},"categories":[],"tags":[],"class_list":["post-36670","evenement","type-evenement","status-publish","has-post-thumbnail","hentry","validated"],"acf":{"start_date":"2025-04-12 21:00:00","end_date":"","location":"Eglise Saint L\u00e9ger","address":{"address":"Cognac, France","lat":45.6902857,"lng":-0.3290863,"zoom":14,"place_id":"ChIJxbTAFw3zAEgRoLvuYJLTBQQ","name":"Cognac","city":"Cognac","state":"Nouvelle-Aquitaine","post_code":16100,"country":"France","country_short":"FR"}},"yoast_head":"<!-- This site is optimized with the Yoast SEO plugin v27.1.1 - https:\/\/yoast.com\/product\/yoast-seo-wordpress\/ -->\n<title>31\u00e8me Festival International d\u2019Orgue en Charente - Doyenn\u00e9 Ouest Charente<\/title>\n<meta name=\"robots\" content=\"index, follow, max-snippet:-1, max-image-preview:large, max-video-preview:-1\" \/>\n<link rel=\"canonical\" href=\"https:\/\/charente.catholique.fr\/ouest-charente\/agenda\/31eme-festival-international-dorgue-en-charente\/\" \/>\n<meta property=\"og:locale\" content=\"fr_FR\" \/>\n<meta property=\"og:type\" content=\"article\" \/>\n<meta property=\"og:title\" content=\"31\u00e8me Festival International d\u2019Orgue en Charente - Doyenn\u00e9 Ouest Charente\" \/>\n<meta property=\"og:description\" content=\"Samedi 12 avril \u00e0 21h dans l&#8217;\u00e9glise Saint L\u00e9ger de Cognac venez assister \u00e0 une repr\u00e9sentation avec orgue, danse, r\u00e9citant, sc\u00e9nographie et projection vid\u00e9o de tableau. Danseurs Christine et Isabelle Braye, Cyril Vailly de la Compagnie Contes et Chim\u00e8res. Texte Louis Pailloux Orgue Fr\u00e9d\u00e9ric Ledroit, tableaux de Lionel Catanzano Avec retransmission vid\u00e9o Au programme Cr\u00e9ation [&hellip;]\" \/>\n<meta property=\"og:url\" content=\"https:\/\/charente.catholique.fr\/ouest-charente\/agenda\/31eme-festival-international-dorgue-en-charente\/\" \/>\n<meta property=\"og:site_name\" content=\"Doyenn\u00e9 Ouest Charente\" \/>\n<meta property=\"article:publisher\" content=\"https:\/\/www.facebook.com\/EgliseCatholiqueCharente\" \/>\n<meta property=\"article:modified_time\" content=\"2025-04-01T13:46:34+00:00\" \/>\n<meta property=\"og:image\" content=\"https:\/\/charente.catholique.fr\/ouest-charente\/wp-content\/uploads\/sites\/6\/2025\/04\/organ-7103541_1920.jpg\" \/>\n\t<meta property=\"og:image:width\" content=\"1920\" \/>\n\t<meta property=\"og:image:height\" content=\"1280\" \/>\n\t<meta property=\"og:image:type\" content=\"image\/jpeg\" \/>\n<meta name=\"twitter:card\" content=\"summary_large_image\" \/>\n<meta name=\"twitter:site\" content=\"@diocesecharente\" \/>\n<meta name=\"twitter:label1\" content=\"Dur\u00e9e de lecture estim\u00e9e\" \/>\n\t<meta name=\"twitter:data1\" content=\"1 minute\" \/>\n<script type=\"application\/ld+json\" class=\"yoast-schema-graph\">{\"@context\":\"https:\/\/schema.org\",\"@graph\":[{\"@type\":\"WebPage\",\"@id\":\"https:\/\/charente.catholique.fr\/ouest-charente\/agenda\/31eme-festival-international-dorgue-en-charente\/\",\"url\":\"https:\/\/charente.catholique.fr\/ouest-charente\/agenda\/31eme-festival-international-dorgue-en-charente\/\",\"name\":\"31\u00e8me Festival International d\u2019Orgue en Charente - Doyenn\u00e9 Ouest Charente\",\"isPartOf\":{\"@id\":\"https:\/\/charente.catholique.fr\/ouest-charente\/#website\"},\"primaryImageOfPage\":{\"@id\":\"https:\/\/charente.catholique.fr\/ouest-charente\/agenda\/31eme-festival-international-dorgue-en-charente\/#primaryimage\"},\"image\":{\"@id\":\"https:\/\/charente.catholique.fr\/ouest-charente\/agenda\/31eme-festival-international-dorgue-en-charente\/#primaryimage\"},\"thumbnailUrl\":\"https:\/\/charente.catholique.fr\/ouest-charente\/wp-content\/uploads\/sites\/6\/2025\/04\/organ-7103541_1920.jpg\",\"datePublished\":\"2025-04-01T13:45:34+00:00\",\"dateModified\":\"2025-04-01T13:46:34+00:00\",\"breadcrumb\":{\"@id\":\"https:\/\/charente.catholique.fr\/ouest-charente\/agenda\/31eme-festival-international-dorgue-en-charente\/#breadcrumb\"},\"inLanguage\":\"fr-FR\",\"potentialAction\":[{\"@type\":\"ReadAction\",\"target\":[\"https:\/\/charente.catholique.fr\/ouest-charente\/agenda\/31eme-festival-international-dorgue-en-charente\/\"]}]},{\"@type\":\"ImageObject\",\"inLanguage\":\"fr-FR\",\"@id\":\"https:\/\/charente.catholique.fr\/ouest-charente\/agenda\/31eme-festival-international-dorgue-en-charente\/#primaryimage\",\"url\":\"https:\/\/charente.catholique.fr\/ouest-charente\/wp-content\/uploads\/sites\/6\/2025\/04\/organ-7103541_1920.jpg\",\"contentUrl\":\"https:\/\/charente.catholique.fr\/ouest-charente\/wp-content\/uploads\/sites\/6\/2025\/04\/organ-7103541_1920.jpg\",\"width\":1920,\"height\":1280},{\"@type\":\"BreadcrumbList\",\"@id\":\"https:\/\/charente.catholique.fr\/ouest-charente\/agenda\/31eme-festival-international-dorgue-en-charente\/#breadcrumb\",\"itemListElement\":[{\"@type\":\"ListItem\",\"position\":1,\"name\":\"Accueil\",\"item\":\"https:\/\/charente.catholique.fr\/ouest-charente\/\"},{\"@type\":\"ListItem\",\"position\":2,\"name\":\"31\u00e8me Festival International d\u2019Orgue en Charente\"}]},{\"@type\":\"WebSite\",\"@id\":\"https:\/\/charente.catholique.fr\/ouest-charente\/#website\",\"url\":\"https:\/\/charente.catholique.fr\/ouest-charente\/\",\"name\":\"Doyenn\u00e9 Ouest Charente - Dioc\u00e8se d'Angoul\u00eame\",\"description\":\"Dioc\u00e8se d&#039;Angoul\u00eame\",\"publisher\":{\"@id\":\"https:\/\/charente.catholique.fr\/ouest-charente\/#organization\"},\"potentialAction\":[{\"@type\":\"SearchAction\",\"target\":{\"@type\":\"EntryPoint\",\"urlTemplate\":\"https:\/\/charente.catholique.fr\/ouest-charente\/?s={search_term_string}\"},\"query-input\":{\"@type\":\"PropertyValueSpecification\",\"valueRequired\":true,\"valueName\":\"search_term_string\"}}],\"inLanguage\":\"fr-FR\"},{\"@type\":\"Organization\",\"@id\":\"https:\/\/charente.catholique.fr\/ouest-charente\/#organization\",\"name\":\"Association dioc\u00e9saine d'Angoul\u00eame\",\"url\":\"https:\/\/charente.catholique.fr\/ouest-charente\/\",\"logo\":{\"@type\":\"ImageObject\",\"inLanguage\":\"fr-FR\",\"@id\":\"https:\/\/charente.catholique.fr\/ouest-charente\/#\/schema\/logo\/image\/\",\"url\":\"https:\/\/charente.catholique.fr\/ouest-charente\/wp-content\/uploads\/sites\/6\/2020\/10\/logos.png\",\"contentUrl\":\"https:\/\/charente.catholique.fr\/ouest-charente\/wp-content\/uploads\/sites\/6\/2020\/10\/logos.png\",\"width\":600,\"height\":257,\"caption\":\"Association dioc\u00e9saine d'Angoul\u00eame\"},\"image\":{\"@id\":\"https:\/\/charente.catholique.fr\/ouest-charente\/#\/schema\/logo\/image\/\"},\"sameAs\":[\"https:\/\/www.facebook.com\/EgliseCatholiqueCharente\",\"https:\/\/x.com\/diocesecharente\",\"https:\/\/www.instagram.com\/eglisecharente\",\"https:\/\/www.youtube.com\/channel\/UCByyFWApZbw3gDTiADoiAaQ\"]}]}<\/script>\n<!-- \/ Yoast SEO plugin. -->","yoast_head_json":{"title":"31\u00e8me Festival International d\u2019Orgue en Charente - Doyenn\u00e9 Ouest Charente","robots":{"index":"index","follow":"follow","max-snippet":"max-snippet:-1","max-image-preview":"max-image-preview:large","max-video-preview":"max-video-preview:-1"},"canonical":"https:\/\/charente.catholique.fr\/ouest-charente\/agenda\/31eme-festival-international-dorgue-en-charente\/","og_locale":"fr_FR","og_type":"article","og_title":"31\u00e8me Festival International d\u2019Orgue en Charente - Doyenn\u00e9 Ouest Charente","og_description":"Samedi 12 avril \u00e0 21h dans l&#8217;\u00e9glise Saint L\u00e9ger de Cognac venez assister \u00e0 une repr\u00e9sentation avec orgue, danse, r\u00e9citant, sc\u00e9nographie et projection vid\u00e9o de tableau. Danseurs Christine et Isabelle Braye, Cyril Vailly de la Compagnie Contes et Chim\u00e8res. Texte Louis Pailloux Orgue Fr\u00e9d\u00e9ric Ledroit, tableaux de Lionel Catanzano Avec retransmission vid\u00e9o Au programme Cr\u00e9ation [&hellip;]","og_url":"https:\/\/charente.catholique.fr\/ouest-charente\/agenda\/31eme-festival-international-dorgue-en-charente\/","og_site_name":"Doyenn\u00e9 Ouest Charente","article_publisher":"https:\/\/www.facebook.com\/EgliseCatholiqueCharente","article_modified_time":"2025-04-01T13:46:34+00:00","og_image":[{"width":1920,"height":1280,"url":"https:\/\/charente.catholique.fr\/ouest-charente\/wp-content\/uploads\/sites\/6\/2025\/04\/organ-7103541_1920.jpg","type":"image\/jpeg"}],"twitter_card":"summary_large_image","twitter_site":"@diocesecharente","twitter_misc":{"Dur\u00e9e de lecture estim\u00e9e":"1 minute"},"schema":{"@context":"https:\/\/schema.org","@graph":[{"@type":"WebPage","@id":"https:\/\/charente.catholique.fr\/ouest-charente\/agenda\/31eme-festival-international-dorgue-en-charente\/","url":"https:\/\/charente.catholique.fr\/ouest-charente\/agenda\/31eme-festival-international-dorgue-en-charente\/","name":"31\u00e8me Festival International d\u2019Orgue en Charente - Doyenn\u00e9 Ouest Charente","isPartOf":{"@id":"https:\/\/charente.catholique.fr\/ouest-charente\/#website"},"primaryImageOfPage":{"@id":"https:\/\/charente.catholique.fr\/ouest-charente\/agenda\/31eme-festival-international-dorgue-en-charente\/#primaryimage"},"image":{"@id":"https:\/\/charente.catholique.fr\/ouest-charente\/agenda\/31eme-festival-international-dorgue-en-charente\/#primaryimage"},"thumbnailUrl":"https:\/\/charente.catholique.fr\/ouest-charente\/wp-content\/uploads\/sites\/6\/2025\/04\/organ-7103541_1920.jpg","datePublished":"2025-04-01T13:45:34+00:00","dateModified":"2025-04-01T13:46:34+00:00","breadcrumb":{"@id":"https:\/\/charente.catholique.fr\/ouest-charente\/agenda\/31eme-festival-international-dorgue-en-charente\/#breadcrumb"},"inLanguage":"fr-FR","potentialAction":[{"@type":"ReadAction","target":["https:\/\/charente.catholique.fr\/ouest-charente\/agenda\/31eme-festival-international-dorgue-en-charente\/"]}]},{"@type":"ImageObject","inLanguage":"fr-FR","@id":"https:\/\/charente.catholique.fr\/ouest-charente\/agenda\/31eme-festival-international-dorgue-en-charente\/#primaryimage","url":"https:\/\/charente.catholique.fr\/ouest-charente\/wp-content\/uploads\/sites\/6\/2025\/04\/organ-7103541_1920.jpg","contentUrl":"https:\/\/charente.catholique.fr\/ouest-charente\/wp-content\/uploads\/sites\/6\/2025\/04\/organ-7103541_1920.jpg","width":1920,"height":1280},{"@type":"BreadcrumbList","@id":"https:\/\/charente.catholique.fr\/ouest-charente\/agenda\/31eme-festival-international-dorgue-en-charente\/#breadcrumb","itemListElement":[{"@type":"ListItem","position":1,"name":"Accueil","item":"https:\/\/charente.catholique.fr\/ouest-charente\/"},{"@type":"ListItem","position":2,"name":"31\u00e8me Festival International d\u2019Orgue en Charente"}]},{"@type":"WebSite","@id":"https:\/\/charente.catholique.fr\/ouest-charente\/#website","url":"https:\/\/charente.catholique.fr\/ouest-charente\/","name":"Doyenn\u00e9 Ouest Charente - Dioc\u00e8se d'Angoul\u00eame","description":"Dioc\u00e8se d&#039;Angoul\u00eame","publisher":{"@id":"https:\/\/charente.catholique.fr\/ouest-charente\/#organization"},"potentialAction":[{"@type":"SearchAction","target":{"@type":"EntryPoint","urlTemplate":"https:\/\/charente.catholique.fr\/ouest-charente\/?s={search_term_string}"},"query-input":{"@type":"PropertyValueSpecification","valueRequired":true,"valueName":"search_term_string"}}],"inLanguage":"fr-FR"},{"@type":"Organization","@id":"https:\/\/charente.catholique.fr\/ouest-charente\/#organization","name":"Association dioc\u00e9saine d'Angoul\u00eame","url":"https:\/\/charente.catholique.fr\/ouest-charente\/","logo":{"@type":"ImageObject","inLanguage":"fr-FR","@id":"https:\/\/charente.catholique.fr\/ouest-charente\/#\/schema\/logo\/image\/","url":"https:\/\/charente.catholique.fr\/ouest-charente\/wp-content\/uploads\/sites\/6\/2020\/10\/logos.png","contentUrl":"https:\/\/charente.catholique.fr\/ouest-charente\/wp-content\/uploads\/sites\/6\/2020\/10\/logos.png","width":600,"height":257,"caption":"Association dioc\u00e9saine d'Angoul\u00eame"},"image":{"@id":"https:\/\/charente.catholique.fr\/ouest-charente\/#\/schema\/logo\/image\/"},"sameAs":["https:\/\/www.facebook.com\/EgliseCatholiqueCharente","https:\/\/x.com\/diocesecharente","https:\/\/www.instagram.com\/eglisecharente","https:\/\/www.youtube.com\/channel\/UCByyFWApZbw3gDTiADoiAaQ"]}]}},"_links":{"self":[{"href":"https:\/\/charente.catholique.fr\/ouest-charente\/wp-json\/wp\/v2\/evenement\/36670","targetHints":{"allow":["GET"]}}],"collection":[{"href":"https:\/\/charente.catholique.fr\/ouest-charente\/wp-json\/wp\/v2\/evenement"}],"about":[{"href":"https:\/\/charente.catholique.fr\/ouest-charente\/wp-json\/wp\/v2\/types\/evenement"}],"author":[{"embeddable":true,"href":"https:\/\/charente.catholique.fr\/ouest-charente\/wp-json\/wp\/v2\/users\/5"}],"version-history":[{"count":4,"href":"https:\/\/charente.catholique.fr\/ouest-charente\/wp-json\/wp\/v2\/evenement\/36670\/revisions"}],"predecessor-version":[{"id":36675,"href":"https:\/\/charente.catholique.fr\/ouest-charente\/wp-json\/wp\/v2\/evenement\/36670\/revisions\/36675"}],"wp:featuredmedia":[{"embeddable":true,"href":"https:\/\/charente.catholique.fr\/ouest-charente\/wp-json\/wp\/v2\/media\/36671"}],"wp:attachment":[{"href":"https:\/\/charente.catholique.fr\/ouest-charente\/wp-json\/wp\/v2\/media?parent=36670"}],"wp:term":[{"taxonomy":"category","embeddable":true,"href":"https:\/\/charente.catholique.fr\/ouest-charente\/wp-json\/wp\/v2\/categories?post=36670"},{"taxonomy":"post_tag","embeddable":true,"href":"https:\/\/charente.catholique.fr\/ouest-charente\/wp-json\/wp\/v2\/tags?post=36670"}],"curies":[{"name":"wp","href":"https:\/\/api.w.org\/{rel}","templated":true}]}}