{"id":36370,"date":"2025-03-05T16:10:13","date_gmt":"2025-03-05T15:10:13","guid":{"rendered":"https:\/\/charente.catholique.fr\/ouest-charente\/?post_type=evenement&#038;p=36370"},"modified":"2025-03-05T20:46:11","modified_gmt":"2025-03-05T19:46:11","slug":"formation-liturgique","status":"publish","type":"evenement","link":"https:\/\/charente.catholique.fr\/ouest-charente\/agenda\/formation-liturgique\/","title":{"rendered":"FORMATION LITURGIQUE"},"content":{"rendered":"\n<p class=\"has-grand-angouleme-color has-text-color has-link-color has-large-font-size wp-elements-7b19858bb55335af8493f25641cfed79\">VENDREDI 7 MARS DE 19H A 20H A L&#8217;EGLISE DE SEGONZAC<\/p>\n\n\n\n<p class=\"has-sud-charente-color has-text-color has-link-color wp-elements-748575fcb48fcea427ef8d377a44535e\" style=\"font-size:30px\">Le P\u00e8re St\u00e9phane-Jean et le P\u00e8re Dominique proposent \u00e0 l&#8217;ensemble des Paroissiens(es) une formation liturgique (conseils pratiques de la lecture de la Parole de Dieu\u2026). <\/p>\n\n\n\n<p class=\"has-est-charente-color has-text-color has-link-color wp-elements-6e0bbe5fff2068ebad12312531c70161\" style=\"font-size:30px\">Ceci pour une belle c\u00e9l\u00e9bration \u00e0 la Gloire de Dieu et pour notre Salut.<\/p>\n\n\n\n<p style=\"font-size:27px\">Vous \u00eates tous les bienvenu(es)<\/p>\n\n\n<div class=\"wp-block-image\">\n<figure class=\"aligncenter size-full is-resized\"><img loading=\"lazy\" decoding=\"async\" width=\"720\" height=\"400\" src=\"https:\/\/charente.catholique.fr\/ouest-charente\/wp-content\/uploads\/sites\/6\/2025\/03\/formacion-liturgica-para-laicos-carf-1.png\" alt=\"\" class=\"wp-image-36367\" style=\"width:857px;height:auto\" srcset=\"https:\/\/charente.catholique.fr\/ouest-charente\/wp-content\/uploads\/sites\/6\/2025\/03\/formacion-liturgica-para-laicos-carf-1.png 720w, https:\/\/charente.catholique.fr\/ouest-charente\/wp-content\/uploads\/sites\/6\/2025\/03\/formacion-liturgica-para-laicos-carf-1-300x167.png 300w\" sizes=\"auto, (max-width: 720px) 100vw, 720px\" \/><\/figure>\n<\/div>\n\n\n<div style=\"height:43px\" aria-hidden=\"true\" class=\"wp-block-spacer\"><\/div>\n","protected":false},"author":82,"featured_media":36367,"template":"","meta":{"_acf_changed":false,"paroisse":["19","19","19","19","19","19","19","19","19","19","19","19","19","19","19","19","19","19","19"],"service":["0"],"footnotes":""},"categories":[4,6],"tags":[],"class_list":["post-36370","evenement","type-evenement","status-publish","has-post-thumbnail","hentry","category-chateauneuf-sur-charente","category-saint-pierre-de-segonzac"],"acf":{"start_date":"2025-03-07 19:00:00","end_date":"2025-03-07 20:00:00","location":"Segonzac","address":{"address":"Segonzac, France","lat":45.617721,"lng":-0.218194,"zoom":15,"place_id":"ChIJUR29eOmJAEgREKzuYJLTBQQ","name":"Segonzac","city":"Segonzac","state":"Nouvelle-Aquitaine","post_code":16130,"country":"France","country_short":"FR"}},"yoast_head":"<!-- This site is optimized with the Yoast SEO plugin v27.1.1 - https:\/\/yoast.com\/product\/yoast-seo-wordpress\/ -->\n<title>FORMATION LITURGIQUE - Doyenn\u00e9 Ouest Charente<\/title>\n<meta name=\"robots\" content=\"index, follow, max-snippet:-1, max-image-preview:large, max-video-preview:-1\" \/>\n<link rel=\"canonical\" href=\"https:\/\/charente.catholique.fr\/ouest-charente\/agenda\/formation-liturgique\/\" \/>\n<meta property=\"og:locale\" content=\"fr_FR\" \/>\n<meta property=\"og:type\" content=\"article\" \/>\n<meta property=\"og:title\" content=\"FORMATION LITURGIQUE - Doyenn\u00e9 Ouest Charente\" \/>\n<meta property=\"og:description\" content=\"VENDREDI 7 MARS DE 19H A 20H A L&#8217;EGLISE DE SEGONZAC Le P\u00e8re St\u00e9phane-Jean et le P\u00e8re Dominique proposent \u00e0 l&#8217;ensemble des Paroissiens(es) une formation liturgique (conseils pratiques de la lecture de la Parole de Dieu\u2026). Ceci pour une belle c\u00e9l\u00e9bration \u00e0 la Gloire de Dieu et pour notre Salut. Vous \u00eates tous les bienvenu(es)\" \/>\n<meta property=\"og:url\" content=\"https:\/\/charente.catholique.fr\/ouest-charente\/agenda\/formation-liturgique\/\" \/>\n<meta property=\"og:site_name\" content=\"Doyenn\u00e9 Ouest Charente\" \/>\n<meta property=\"article:publisher\" content=\"https:\/\/www.facebook.com\/EgliseCatholiqueCharente\" \/>\n<meta property=\"article:modified_time\" content=\"2025-03-05T19:46:11+00:00\" \/>\n<meta property=\"og:image\" content=\"https:\/\/charente.catholique.fr\/ouest-charente\/wp-content\/uploads\/sites\/6\/2025\/03\/formacion-liturgica-para-laicos-carf-1.png\" \/>\n\t<meta property=\"og:image:width\" content=\"720\" \/>\n\t<meta property=\"og:image:height\" content=\"400\" \/>\n\t<meta property=\"og:image:type\" content=\"image\/png\" \/>\n<meta name=\"twitter:card\" content=\"summary_large_image\" \/>\n<meta name=\"twitter:site\" content=\"@diocesecharente\" \/>\n<meta name=\"twitter:label1\" content=\"Dur\u00e9e de lecture estim\u00e9e\" \/>\n\t<meta name=\"twitter:data1\" content=\"1 minute\" \/>\n<script type=\"application\/ld+json\" class=\"yoast-schema-graph\">{\"@context\":\"https:\/\/schema.org\",\"@graph\":[{\"@type\":\"WebPage\",\"@id\":\"https:\/\/charente.catholique.fr\/ouest-charente\/agenda\/formation-liturgique\/\",\"url\":\"https:\/\/charente.catholique.fr\/ouest-charente\/agenda\/formation-liturgique\/\",\"name\":\"FORMATION LITURGIQUE - Doyenn\u00e9 Ouest Charente\",\"isPartOf\":{\"@id\":\"https:\/\/charente.catholique.fr\/ouest-charente\/#website\"},\"primaryImageOfPage\":{\"@id\":\"https:\/\/charente.catholique.fr\/ouest-charente\/agenda\/formation-liturgique\/#primaryimage\"},\"image\":{\"@id\":\"https:\/\/charente.catholique.fr\/ouest-charente\/agenda\/formation-liturgique\/#primaryimage\"},\"thumbnailUrl\":\"https:\/\/charente.catholique.fr\/ouest-charente\/wp-content\/uploads\/sites\/6\/2025\/03\/formacion-liturgica-para-laicos-carf-1.png\",\"datePublished\":\"2025-03-05T15:10:13+00:00\",\"dateModified\":\"2025-03-05T19:46:11+00:00\",\"breadcrumb\":{\"@id\":\"https:\/\/charente.catholique.fr\/ouest-charente\/agenda\/formation-liturgique\/#breadcrumb\"},\"inLanguage\":\"fr-FR\",\"potentialAction\":[{\"@type\":\"ReadAction\",\"target\":[\"https:\/\/charente.catholique.fr\/ouest-charente\/agenda\/formation-liturgique\/\"]}]},{\"@type\":\"ImageObject\",\"inLanguage\":\"fr-FR\",\"@id\":\"https:\/\/charente.catholique.fr\/ouest-charente\/agenda\/formation-liturgique\/#primaryimage\",\"url\":\"https:\/\/charente.catholique.fr\/ouest-charente\/wp-content\/uploads\/sites\/6\/2025\/03\/formacion-liturgica-para-laicos-carf-1.png\",\"contentUrl\":\"https:\/\/charente.catholique.fr\/ouest-charente\/wp-content\/uploads\/sites\/6\/2025\/03\/formacion-liturgica-para-laicos-carf-1.png\",\"width\":720,\"height\":400},{\"@type\":\"BreadcrumbList\",\"@id\":\"https:\/\/charente.catholique.fr\/ouest-charente\/agenda\/formation-liturgique\/#breadcrumb\",\"itemListElement\":[{\"@type\":\"ListItem\",\"position\":1,\"name\":\"Accueil\",\"item\":\"https:\/\/charente.catholique.fr\/ouest-charente\/\"},{\"@type\":\"ListItem\",\"position\":2,\"name\":\"FORMATION LITURGIQUE\"}]},{\"@type\":\"WebSite\",\"@id\":\"https:\/\/charente.catholique.fr\/ouest-charente\/#website\",\"url\":\"https:\/\/charente.catholique.fr\/ouest-charente\/\",\"name\":\"Doyenn\u00e9 Ouest Charente - Dioc\u00e8se d'Angoul\u00eame\",\"description\":\"Dioc\u00e8se d&#039;Angoul\u00eame\",\"publisher\":{\"@id\":\"https:\/\/charente.catholique.fr\/ouest-charente\/#organization\"},\"potentialAction\":[{\"@type\":\"SearchAction\",\"target\":{\"@type\":\"EntryPoint\",\"urlTemplate\":\"https:\/\/charente.catholique.fr\/ouest-charente\/?s={search_term_string}\"},\"query-input\":{\"@type\":\"PropertyValueSpecification\",\"valueRequired\":true,\"valueName\":\"search_term_string\"}}],\"inLanguage\":\"fr-FR\"},{\"@type\":\"Organization\",\"@id\":\"https:\/\/charente.catholique.fr\/ouest-charente\/#organization\",\"name\":\"Association dioc\u00e9saine d'Angoul\u00eame\",\"url\":\"https:\/\/charente.catholique.fr\/ouest-charente\/\",\"logo\":{\"@type\":\"ImageObject\",\"inLanguage\":\"fr-FR\",\"@id\":\"https:\/\/charente.catholique.fr\/ouest-charente\/#\/schema\/logo\/image\/\",\"url\":\"https:\/\/charente.catholique.fr\/ouest-charente\/wp-content\/uploads\/sites\/6\/2020\/10\/logos.png\",\"contentUrl\":\"https:\/\/charente.catholique.fr\/ouest-charente\/wp-content\/uploads\/sites\/6\/2020\/10\/logos.png\",\"width\":600,\"height\":257,\"caption\":\"Association dioc\u00e9saine d'Angoul\u00eame\"},\"image\":{\"@id\":\"https:\/\/charente.catholique.fr\/ouest-charente\/#\/schema\/logo\/image\/\"},\"sameAs\":[\"https:\/\/www.facebook.com\/EgliseCatholiqueCharente\",\"https:\/\/x.com\/diocesecharente\",\"https:\/\/www.instagram.com\/eglisecharente\",\"https:\/\/www.youtube.com\/channel\/UCByyFWApZbw3gDTiADoiAaQ\"]}]}<\/script>\n<!-- \/ Yoast SEO plugin. -->","yoast_head_json":{"title":"FORMATION LITURGIQUE - Doyenn\u00e9 Ouest Charente","robots":{"index":"index","follow":"follow","max-snippet":"max-snippet:-1","max-image-preview":"max-image-preview:large","max-video-preview":"max-video-preview:-1"},"canonical":"https:\/\/charente.catholique.fr\/ouest-charente\/agenda\/formation-liturgique\/","og_locale":"fr_FR","og_type":"article","og_title":"FORMATION LITURGIQUE - Doyenn\u00e9 Ouest Charente","og_description":"VENDREDI 7 MARS DE 19H A 20H A L&#8217;EGLISE DE SEGONZAC Le P\u00e8re St\u00e9phane-Jean et le P\u00e8re Dominique proposent \u00e0 l&#8217;ensemble des Paroissiens(es) une formation liturgique (conseils pratiques de la lecture de la Parole de Dieu\u2026). Ceci pour une belle c\u00e9l\u00e9bration \u00e0 la Gloire de Dieu et pour notre Salut. Vous \u00eates tous les bienvenu(es)","og_url":"https:\/\/charente.catholique.fr\/ouest-charente\/agenda\/formation-liturgique\/","og_site_name":"Doyenn\u00e9 Ouest Charente","article_publisher":"https:\/\/www.facebook.com\/EgliseCatholiqueCharente","article_modified_time":"2025-03-05T19:46:11+00:00","og_image":[{"width":720,"height":400,"url":"https:\/\/charente.catholique.fr\/ouest-charente\/wp-content\/uploads\/sites\/6\/2025\/03\/formacion-liturgica-para-laicos-carf-1.png","type":"image\/png"}],"twitter_card":"summary_large_image","twitter_site":"@diocesecharente","twitter_misc":{"Dur\u00e9e de lecture estim\u00e9e":"1 minute"},"schema":{"@context":"https:\/\/schema.org","@graph":[{"@type":"WebPage","@id":"https:\/\/charente.catholique.fr\/ouest-charente\/agenda\/formation-liturgique\/","url":"https:\/\/charente.catholique.fr\/ouest-charente\/agenda\/formation-liturgique\/","name":"FORMATION LITURGIQUE - Doyenn\u00e9 Ouest Charente","isPartOf":{"@id":"https:\/\/charente.catholique.fr\/ouest-charente\/#website"},"primaryImageOfPage":{"@id":"https:\/\/charente.catholique.fr\/ouest-charente\/agenda\/formation-liturgique\/#primaryimage"},"image":{"@id":"https:\/\/charente.catholique.fr\/ouest-charente\/agenda\/formation-liturgique\/#primaryimage"},"thumbnailUrl":"https:\/\/charente.catholique.fr\/ouest-charente\/wp-content\/uploads\/sites\/6\/2025\/03\/formacion-liturgica-para-laicos-carf-1.png","datePublished":"2025-03-05T15:10:13+00:00","dateModified":"2025-03-05T19:46:11+00:00","breadcrumb":{"@id":"https:\/\/charente.catholique.fr\/ouest-charente\/agenda\/formation-liturgique\/#breadcrumb"},"inLanguage":"fr-FR","potentialAction":[{"@type":"ReadAction","target":["https:\/\/charente.catholique.fr\/ouest-charente\/agenda\/formation-liturgique\/"]}]},{"@type":"ImageObject","inLanguage":"fr-FR","@id":"https:\/\/charente.catholique.fr\/ouest-charente\/agenda\/formation-liturgique\/#primaryimage","url":"https:\/\/charente.catholique.fr\/ouest-charente\/wp-content\/uploads\/sites\/6\/2025\/03\/formacion-liturgica-para-laicos-carf-1.png","contentUrl":"https:\/\/charente.catholique.fr\/ouest-charente\/wp-content\/uploads\/sites\/6\/2025\/03\/formacion-liturgica-para-laicos-carf-1.png","width":720,"height":400},{"@type":"BreadcrumbList","@id":"https:\/\/charente.catholique.fr\/ouest-charente\/agenda\/formation-liturgique\/#breadcrumb","itemListElement":[{"@type":"ListItem","position":1,"name":"Accueil","item":"https:\/\/charente.catholique.fr\/ouest-charente\/"},{"@type":"ListItem","position":2,"name":"FORMATION LITURGIQUE"}]},{"@type":"WebSite","@id":"https:\/\/charente.catholique.fr\/ouest-charente\/#website","url":"https:\/\/charente.catholique.fr\/ouest-charente\/","name":"Doyenn\u00e9 Ouest Charente - Dioc\u00e8se d'Angoul\u00eame","description":"Dioc\u00e8se d&#039;Angoul\u00eame","publisher":{"@id":"https:\/\/charente.catholique.fr\/ouest-charente\/#organization"},"potentialAction":[{"@type":"SearchAction","target":{"@type":"EntryPoint","urlTemplate":"https:\/\/charente.catholique.fr\/ouest-charente\/?s={search_term_string}"},"query-input":{"@type":"PropertyValueSpecification","valueRequired":true,"valueName":"search_term_string"}}],"inLanguage":"fr-FR"},{"@type":"Organization","@id":"https:\/\/charente.catholique.fr\/ouest-charente\/#organization","name":"Association dioc\u00e9saine d'Angoul\u00eame","url":"https:\/\/charente.catholique.fr\/ouest-charente\/","logo":{"@type":"ImageObject","inLanguage":"fr-FR","@id":"https:\/\/charente.catholique.fr\/ouest-charente\/#\/schema\/logo\/image\/","url":"https:\/\/charente.catholique.fr\/ouest-charente\/wp-content\/uploads\/sites\/6\/2020\/10\/logos.png","contentUrl":"https:\/\/charente.catholique.fr\/ouest-charente\/wp-content\/uploads\/sites\/6\/2020\/10\/logos.png","width":600,"height":257,"caption":"Association dioc\u00e9saine d'Angoul\u00eame"},"image":{"@id":"https:\/\/charente.catholique.fr\/ouest-charente\/#\/schema\/logo\/image\/"},"sameAs":["https:\/\/www.facebook.com\/EgliseCatholiqueCharente","https:\/\/x.com\/diocesecharente","https:\/\/www.instagram.com\/eglisecharente","https:\/\/www.youtube.com\/channel\/UCByyFWApZbw3gDTiADoiAaQ"]}]}},"_links":{"self":[{"href":"https:\/\/charente.catholique.fr\/ouest-charente\/wp-json\/wp\/v2\/evenement\/36370","targetHints":{"allow":["GET"]}}],"collection":[{"href":"https:\/\/charente.catholique.fr\/ouest-charente\/wp-json\/wp\/v2\/evenement"}],"about":[{"href":"https:\/\/charente.catholique.fr\/ouest-charente\/wp-json\/wp\/v2\/types\/evenement"}],"author":[{"embeddable":true,"href":"https:\/\/charente.catholique.fr\/ouest-charente\/wp-json\/wp\/v2\/users\/82"}],"version-history":[{"count":1,"href":"https:\/\/charente.catholique.fr\/ouest-charente\/wp-json\/wp\/v2\/evenement\/36370\/revisions"}],"predecessor-version":[{"id":36371,"href":"https:\/\/charente.catholique.fr\/ouest-charente\/wp-json\/wp\/v2\/evenement\/36370\/revisions\/36371"}],"wp:featuredmedia":[{"embeddable":true,"href":"https:\/\/charente.catholique.fr\/ouest-charente\/wp-json\/wp\/v2\/media\/36367"}],"wp:attachment":[{"href":"https:\/\/charente.catholique.fr\/ouest-charente\/wp-json\/wp\/v2\/media?parent=36370"}],"wp:term":[{"taxonomy":"category","embeddable":true,"href":"https:\/\/charente.catholique.fr\/ouest-charente\/wp-json\/wp\/v2\/categories?post=36370"},{"taxonomy":"post_tag","embeddable":true,"href":"https:\/\/charente.catholique.fr\/ouest-charente\/wp-json\/wp\/v2\/tags?post=36370"}],"curies":[{"name":"wp","href":"https:\/\/api.w.org\/{rel}","templated":true}]}}